{"id":97560,"date":"2026-02-20T14:36:05","date_gmt":"2026-02-20T19:36:05","guid":{"rendered":"https:\/\/uninavarra.edu.co\/?page_id=97560"},"modified":"2026-04-29T14:13:16","modified_gmt":"2026-04-29T19:13:16","slug":"catedrauninavarra","status":"publish","type":"page","link":"https:\/\/uninavarra.edu.co\/en\/catedrauninavarra\/","title":{"rendered":"Uninavarra Chair 2026"},"content":{"rendered":"<div class=\"wpb-content-wrapper\"><div data-vc-full-width=\"true\" data-vc-full-width-init=\"false\" data-vc-parallax-image=\"https:\/\/www.youtube.com\/watch?v=bRAVKiJf0IY\" data-vc-video-bg=\"https:\/\/www.youtube.com\/watch?v=bRAVKiJf0IY\" class=\"wpb-container vc_custom_1680733678353 vc_row-o-full-height vc_video-bg-container\"><div class=\"container\"><div class=\"vc_row wpb_row vc_row-fluid row\"><div class=\"col-sm-12  vc_\">\n\t\t<div class=\"wpb_wrapper\">\n\t\t\t\n\t\t<\/div> \n\t<\/div><\/div><\/div><\/div><div class=\"vc_row-full-width\"><\/div><div data-vc-full-width=\"true\" data-vc-full-width-init=\"false\" class=\"wpb-container vc_custom_1587768969850\"><div class=\"container\"><div class=\"vc_row wpb_row vc_row-fluid row\"><div class=\"col-sm-12  vc_\">\n\t\t<div class=\"wpb_wrapper\">\n\t\t\t\n\t<div class=\"wpb_text_column wpb_content_element vc_custom_1708554373245\" >\n\t\t<div class=\"wpb_wrapper\">\n\t\t\t<p style=\"text-align: center;\">The UNINAVARRA Chair is the academic space designed for the development of entrepreneurial skills of Navarrista students, as part of the development of the institutional philosophy and their comprehensive training. An academic and training process that favors theoretical and practical learning through the philosophy of learning-by-doing and active pedagogies.<\/p>\n<p style=\"text-align: center;\">During the development of the UNINAVARRA Chair, students will have the opportunity to develop their entrepreneurial potential and thus dare to build entrepreneurial proposals designed from the concepts of innovation and sustainability.<\/p>\n\n\t\t<\/div>\n\t<\/div>\n\n\t\t<\/div> \n\t<\/div><\/div><\/div><\/div><div class=\"vc_row-full-width\"><\/div><div data-vc-full-width=\"true\" data-vc-full-width-init=\"false\" data-vc-stretch-content=\"true\" class=\"wpb-container vc_custom_1587771219994\"><div class=\"container-full\"><div class=\"vc_row wpb_row vc_row-fluid row\"><div class=\"col-sm-12  vc_\">\n\t\t<div class=\"wpb_wrapper\">\n\t\t\t<div class=\"wpb_single_image wpb_content_element vc_align_left\">\n\t\t<div class=\"wpb_wrapper\">\n\t\t\t\n\t\t\t<a href=\"#\" target=\"_self\"><img fetchpriority=\"high\" decoding=\"async\" width=\"2000\" height=\"242\" src=\"https:\/\/uninavarra.edu.co\/wp-content\/uploads\/2020\/04\/CatedraUninavarra_2020_IMG_1-Camilo-MacBook-Pro.jpg\" class=\"vc_box_border_grey attachment-full\" alt=\"\" title=\"CatedraUninavarra_2020_IMG_1-Camilo MacBook Pro\" srcset=\"https:\/\/uninavarra.edu.co\/wp-content\/uploads\/2020\/04\/CatedraUninavarra_2020_IMG_1-Camilo-MacBook-Pro.jpg 2000w, https:\/\/uninavarra.edu.co\/wp-content\/uploads\/2020\/04\/CatedraUninavarra_2020_IMG_1-Camilo-MacBook-Pro-150x18.jpg 150w, https:\/\/uninavarra.edu.co\/wp-content\/uploads\/2020\/04\/CatedraUninavarra_2020_IMG_1-Camilo-MacBook-Pro-300x36.jpg 300w, https:\/\/uninavarra.edu.co\/wp-content\/uploads\/2020\/04\/CatedraUninavarra_2020_IMG_1-Camilo-MacBook-Pro-768x93.jpg 768w, https:\/\/uninavarra.edu.co\/wp-content\/uploads\/2020\/04\/CatedraUninavarra_2020_IMG_1-Camilo-MacBook-Pro-1024x124.jpg 1024w, https:\/\/uninavarra.edu.co\/wp-content\/uploads\/2020\/04\/CatedraUninavarra_2020_IMG_1-Camilo-MacBook-Pro-1536x186.jpg 1536w\" sizes=\"(max-width: 2000px) 100vw, 2000px\" \/><\/a>\n\t\t<\/div> \n\t<\/div>\n\t\t<\/div> \n\t<\/div><\/div><\/div><\/div><div class=\"vc_row-full-width\"><\/div><div data-vc-full-width=\"true\" data-vc-full-width-init=\"false\" data-vc-stretch-content=\"true\" class=\"wpb-container vc_custom_1587770763382\"><div class=\"container\"><div class=\"vc_row wpb_row vc_row-fluid row\"><div class=\"col-sm-12  vc_\">\n\t\t<div class=\"wpb_wrapper\">\n\t\t\t\n\t<div class=\"wpb_text_column wpb_content_element vc_custom_1708554408345\" >\n\t\t<div class=\"wpb_wrapper\">\n\t\t\t<h3 style=\"text-align: center;\"><span style=\"color: #eea600;\"><strong><span lang=\"ES-CO\">Three major phases focused on the following concepts<br \/>\nof Inspiration, Creativity, Innovation, Competitiveness and Industry 4.0<\/span><\/strong><\/span><\/h3>\n\n\t\t<\/div>\n\t<\/div>\n\n\t\t<\/div> \n\t<\/div><\/div><\/div><\/div><div class=\"vc_row-full-width\"><\/div><div data-vc-full-width=\"true\" data-vc-full-width-init=\"false\" data-vc-stretch-content=\"true\" class=\"wpb-container vc_row-no-padding\"><div class=\"container-full\"><div class=\"vc_row wpb_row vc_row-fluid row\"><div class=\"col-sm-4  vc_\">\n\t\t<div class=\"wpb_wrapper  vc_custom_1588022190399\">\n\t\t\t<div class=\"wpb_single_image wpb_content_element vc_custom_1588024501141 vc_align_left\">\n\t\t<div class=\"wpb_wrapper\">\n\t\t\t\n\t\t\t<a href=\"#\" target=\"_self\"><img decoding=\"async\" width=\"1800\" height=\"1200\" src=\"https:\/\/uninavarra.edu.co\/wp-content\/uploads\/2020\/04\/CatedraUninavarra_2020_IMG_2.jpg\" class=\"vc_box_border_grey attachment-full\" alt=\"\" title=\"CatedraUninavarra_2020_IMG_2\" srcset=\"https:\/\/uninavarra.edu.co\/wp-content\/uploads\/2020\/04\/CatedraUninavarra_2020_IMG_2.jpg 1800w, https:\/\/uninavarra.edu.co\/wp-content\/uploads\/2020\/04\/CatedraUninavarra_2020_IMG_2-150x100.jpg 150w, https:\/\/uninavarra.edu.co\/wp-content\/uploads\/2020\/04\/CatedraUninavarra_2020_IMG_2-300x200.jpg 300w, https:\/\/uninavarra.edu.co\/wp-content\/uploads\/2020\/04\/CatedraUninavarra_2020_IMG_2-768x512.jpg 768w, https:\/\/uninavarra.edu.co\/wp-content\/uploads\/2020\/04\/CatedraUninavarra_2020_IMG_2-1024x683.jpg 1024w, https:\/\/uninavarra.edu.co\/wp-content\/uploads\/2020\/04\/CatedraUninavarra_2020_IMG_2-1536x1024.jpg 1536w\" sizes=\"(max-width: 1800px) 100vw, 1800px\" \/><\/a>\n\t\t<\/div> \n\t<\/div>\n\t<div class=\"wpb_text_column wpb_content_element vc_custom_1708554420413\" >\n\t\t<div class=\"wpb_wrapper\">\n\t\t\t<h4 style=\"text-align: center;\"><span style=\"color: #e02833;\"><b><span lang=\"ES-CO\">UNINAVARRA Congress<br \/>\nEmprende<\/span><\/b><\/span><\/h4>\n\n\t\t<\/div>\n\t<\/div>\n\n\t<div class=\"wpb_text_column wpb_content_element vc_custom_1588175241857\" >\n\t\t<div class=\"wpb_wrapper\">\n\t\t\t<p style=\"text-align: center;\"><span lang=\"ES-CO\">Trends and opportunities for entrepreneurship in the region<\/span><\/p>\n\n\t\t<\/div>\n\t<\/div>\n\n\t\t<\/div> \n\t<\/div><div class=\"col-sm-4  vc_\">\n\t\t<div class=\"wpb_wrapper  vc_custom_1588022207523\">\n\t\t\t<div class=\"wpb_single_image wpb_content_element vc_custom_1588024507757 vc_align_left\">\n\t\t<div class=\"wpb_wrapper\">\n\t\t\t\n\t\t\t<a href=\"#\" target=\"_self\"><img decoding=\"async\" width=\"1800\" height=\"1200\" src=\"https:\/\/uninavarra.edu.co\/wp-content\/uploads\/2020\/04\/CatedraUninavarra_2020_IMG_3.jpg\" class=\"vc_box_border_grey attachment-full\" alt=\"\" title=\"CatedraUninavarra_2020_IMG_3\" srcset=\"https:\/\/uninavarra.edu.co\/wp-content\/uploads\/2020\/04\/CatedraUninavarra_2020_IMG_3.jpg 1800w, https:\/\/uninavarra.edu.co\/wp-content\/uploads\/2020\/04\/CatedraUninavarra_2020_IMG_3-150x100.jpg 150w, https:\/\/uninavarra.edu.co\/wp-content\/uploads\/2020\/04\/CatedraUninavarra_2020_IMG_3-300x200.jpg 300w, https:\/\/uninavarra.edu.co\/wp-content\/uploads\/2020\/04\/CatedraUninavarra_2020_IMG_3-768x512.jpg 768w, https:\/\/uninavarra.edu.co\/wp-content\/uploads\/2020\/04\/CatedraUninavarra_2020_IMG_3-1024x683.jpg 1024w, https:\/\/uninavarra.edu.co\/wp-content\/uploads\/2020\/04\/CatedraUninavarra_2020_IMG_3-1536x1024.jpg 1536w\" sizes=\"(max-width: 1800px) 100vw, 1800px\" \/><\/a>\n\t\t<\/div> \n\t<\/div>\n\t<div class=\"wpb_text_column wpb_content_element vc_custom_1588024565140\" >\n\t\t<div class=\"wpb_wrapper\">\n\t\t\t<h4 style=\"text-align: center;\"><span style=\"color: #e02833;\"><b><span lang=\"ES-CO\">Bootcamps<br \/>\n<span style=\"color: #ffffff;\">-<\/span><\/span><\/b><\/span><\/h4>\n\n\t\t<\/div>\n\t<\/div>\n\n\t<div class=\"wpb_text_column wpb_content_element vc_custom_1588175256753\" >\n\t\t<div class=\"wpb_wrapper\">\n\t\t\t<p style=\"text-align: center;\">Dreaming, creating and building business proposals<\/p>\n\n\t\t<\/div>\n\t<\/div>\n\n\t\t<\/div> \n\t<\/div><div class=\"col-sm-4  vc_\">\n\t\t<div class=\"wpb_wrapper  vc_custom_1588022218823\">\n\t\t\t<div class=\"wpb_single_image wpb_content_element vc_custom_1588024513926 vc_align_left\">\n\t\t<div class=\"wpb_wrapper\">\n\t\t\t\n\t\t\t<a href=\"#\" target=\"_self\"><img loading=\"lazy\" decoding=\"async\" width=\"1800\" height=\"1200\" src=\"https:\/\/uninavarra.edu.co\/wp-content\/uploads\/2020\/04\/CatedraUninavarra_2020_IMG_4.jpg\" class=\"vc_box_border_grey attachment-full\" alt=\"\" title=\"CatedraUninavarra_2020_IMG_4\" srcset=\"https:\/\/uninavarra.edu.co\/wp-content\/uploads\/2020\/04\/CatedraUninavarra_2020_IMG_4.jpg 1800w, https:\/\/uninavarra.edu.co\/wp-content\/uploads\/2020\/04\/CatedraUninavarra_2020_IMG_4-150x100.jpg 150w, https:\/\/uninavarra.edu.co\/wp-content\/uploads\/2020\/04\/CatedraUninavarra_2020_IMG_4-300x200.jpg 300w, https:\/\/uninavarra.edu.co\/wp-content\/uploads\/2020\/04\/CatedraUninavarra_2020_IMG_4-768x512.jpg 768w, https:\/\/uninavarra.edu.co\/wp-content\/uploads\/2020\/04\/CatedraUninavarra_2020_IMG_4-1024x683.jpg 1024w, https:\/\/uninavarra.edu.co\/wp-content\/uploads\/2020\/04\/CatedraUninavarra_2020_IMG_4-1536x1024.jpg 1536w\" sizes=\"(max-width: 1800px) 100vw, 1800px\" \/><\/a>\n\t\t<\/div> \n\t<\/div>\n\t<div class=\"wpb_text_column wpb_content_element vc_custom_1772485156824\" >\n\t\t<div class=\"wpb_wrapper\">\n\t\t\t<h4 style=\"text-align: center;\"><span style=\"color: #e02833;\"><b><span lang=\"ES-CO\">LION HUB EVENT<br \/>\n<\/span><\/b><span lang=\"ES-CO\"><em>- Disruptive Minds<br \/>\n<\/em><\/span><\/span><\/h4>\n\n\t\t<\/div>\n\t<\/div>\n\n\t<div class=\"wpb_text_column wpb_content_element vc_custom_1588175270815\" >\n\t\t<div class=\"wpb_wrapper\">\n\t\t\t<p style=\"text-align: center;\">The challenge for the best entrepreneurs<\/p>\n\n\t\t<\/div>\n\t<\/div>\n\n\t\t<\/div> \n\t<\/div><\/div><\/div><\/div><div class=\"vc_row-full-width\"><\/div><div class=\"wpb-container\"><div class=\"container\"><div class=\"vc_row wpb_row vc_row-fluid row\"><div class=\"col-sm-12  vc_\">\n\t\t<div class=\"wpb_wrapper\">\n\t\t\t<div class=\"vc_empty_space\"   style=\"height: 50px\"><span class=\"vc_empty_space_inner\"><\/span><\/div>\n\t\t<\/div> \n\t<\/div><\/div><\/div><\/div><div data-vc-full-width=\"true\" data-vc-full-width-init=\"false\" data-vc-stretch-content=\"true\" class=\"wpb-container vc_row-no-padding\"><div class=\"container-full\"><div class=\"vc_row wpb_row vc_row-fluid row\"><div class=\"col-sm-6  vc_\">\n\t\t<div class=\"wpb_wrapper\">\n\t\t\t<div class=\"wpb_single_image wpb_content_element vc_align_left\">\n\t\t<div class=\"wpb_wrapper\">\n\t\t\t\n\t\t\t<a href=\"#\" target=\"_self\"><img loading=\"lazy\" decoding=\"async\" width=\"900\" height=\"800\" src=\"https:\/\/uninavarra.edu.co\/wp-content\/uploads\/2020\/04\/CatedraUninavarra_2020_IMG_5.jpg\" class=\"vc_box_border_grey attachment-full\" alt=\"\" title=\"CatedraUninavarra_2020_IMG_5\" srcset=\"https:\/\/uninavarra.edu.co\/wp-content\/uploads\/2020\/04\/CatedraUninavarra_2020_IMG_5.jpg 900w, https:\/\/uninavarra.edu.co\/wp-content\/uploads\/2020\/04\/CatedraUninavarra_2020_IMG_5-150x133.jpg 150w, https:\/\/uninavarra.edu.co\/wp-content\/uploads\/2020\/04\/CatedraUninavarra_2020_IMG_5-300x267.jpg 300w, https:\/\/uninavarra.edu.co\/wp-content\/uploads\/2020\/04\/CatedraUninavarra_2020_IMG_5-768x683.jpg 768w\" sizes=\"(max-width: 900px) 100vw, 900px\" \/><\/a>\n\t\t<\/div> \n\t<\/div><div class=\"vc_empty_space\"   style=\"height: 32px\"><span class=\"vc_empty_space_inner\"><\/span><\/div><div class=\"vc_btn3-container vc_btn3-center vc_do_btn\" ><a class=\"vc_general vc_btn3 vc_btn3-size-md vc_btn3-shape-rounded vc_btn3-style-modern vc_btn3-color-navarra\" href=\"https:\/\/uninavarra.edu-labs.co\/login\/index.php\" title=\"\" target=\"_blank\">etR Platform UNINAVARRA Chair<\/a><\/div>\n\t\t<\/div> \n\t<\/div><div class=\"col-sm-6  vc_\">\n\t\t<div class=\"wpb_wrapper  vc_custom_1588025968755\">\n\t\t\t\n\t<div class=\"wpb_text_column wpb_content_element\" >\n\t\t<div class=\"wpb_wrapper\">\n\t\t\t<h3><span style=\"color: #e02833;\"><b><span lang=\"ES-CO\">UNINAVARRA Emprende Congress<\/span><\/b><\/span><\/h3>\n\n\t\t<\/div>\n\t<\/div>\n<div class=\"vc_empty_space\"   style=\"height: 32px\"><span class=\"vc_empty_space_inner\"><\/span><\/div>\n\t<div class=\"wpb_text_column wpb_content_element vc_custom_1772653108127\" >\n\t\t<div class=\"wpb_wrapper\">\n\t\t\t<p>A space to learn about the main trends and opportunities for entrepreneurship in the region,<br \/>\nthis version of the congress will be held on Friday, March 6, 2026,<br \/>\nfrom 7:00 a.m. to 12:00 noon, and from 2:00 p.m. to 5:00 p.m. throughout the year.<br \/>\nof the following papers:<\/p>\n<p><strong>A. Structure and operation of UNINAVARRA.<\/strong><br \/>\nPhD. Sandra Liliana Navarro Parra, Rector and Founder of UNINAVARRA.<\/p>\n<p><strong>B. Entrepreneurship Made Real - Turning Social Problems into Sustainable Business Opportunities<\/strong><br \/>\nC\u00e9sar Augusto Mar\u00edn L\u00f3pez<\/p>\n<p><strong>C. Entrepreneurship with Impact and be an Agent of Change. Trends in Entrepreneurship, a Tool to Change the World - Build. Validate. Fund.<\/strong><br \/>\nM\u00f3nica Araceli Reyes Rodr\u00edguez<\/p>\n<p><strong>D. UNINAVARRA etR Platform Login Induction - Tips for the realization of a Video<\/strong><br \/>\n<strong>Pitch<\/strong><br \/>\nJohnny Sandoval Perdomo, ICT Leader - UNINAVARRA's Communications and Marketing Area.<\/p>\n<p><strong>E. Entrepreneur Panel<\/strong><br \/>\nModerator: Mg. Juan Carlos Camargo Cu\u00e9llar, Leader of the Technical Assistance and Support Subsystem UNINAVARRA - SAAT, Financial advisor and leader.<\/p>\n<h5><strong><span style=\"color: #0000ff;\"><a style=\"color: #0000ff;\" href=\"https:\/\/br.linkedin.com\/in\/sandralnavarrop5555\" target=\"_blank\" rel=\"noopener noreferrer\">Linkedin<\/a><\/span><\/strong><\/h5>\n<h5><strong><span style=\"color: #0000ff;\"><a style=\"color: #0000ff;\" href=\"https:\/\/uninavarra.edu.co\/EmpDucando\/\" target=\"_blank\" rel=\"noopener noreferrer\">EmpDucing<\/a><\/span><\/strong><\/h5>\n<h5><strong><span style=\"color: #0000ff;\"><a style=\"color: #0000ff;\" href=\"https:\/\/scienti.minciencias.gov.co\/cvlac\/visualizador\/generarCurriculoCv.do?cod_rh=0001440743\" target=\"_blank\" rel=\"noopener noreferrer\">CVLAC<\/a><\/span><\/strong><\/h5>\n\n\t\t<\/div>\n\t<\/div>\n\n\t\t<\/div> \n\t<\/div><\/div><\/div><\/div><div class=\"vc_row-full-width\"><\/div><div class=\"wpb-container\"><div class=\"container\"><div class=\"vc_row wpb_row vc_row-fluid row\"><div class=\"col-sm-12  vc_\">\n\t\t<div class=\"wpb_wrapper\">\n\t\t\t<div class=\"vc_empty_space\"   style=\"height: 50px\"><span class=\"vc_empty_space_inner\"><\/span><\/div>\n\t\t<\/div> \n\t<\/div><\/div><\/div><\/div><div data-vc-full-width=\"true\" data-vc-full-width-init=\"false\" data-vc-stretch-content=\"true\" class=\"wpb-container vc_row-no-padding\"><div class=\"container-full\"><div class=\"vc_row wpb_row vc_row-fluid row\"><div class=\"col-sm-6 hidden-lg hidden-md  vc_\">\n\t\t<div class=\"wpb_wrapper\">\n\t\t\t<div class=\"wpb_single_image wpb_content_element vc_align_left\">\n\t\t<div class=\"wpb_wrapper\">\n\t\t\t\n\t\t\t<a href=\"#\" target=\"_self\"><img loading=\"lazy\" decoding=\"async\" width=\"900\" height=\"800\" src=\"https:\/\/uninavarra.edu.co\/wp-content\/uploads\/2020\/04\/CatedraUninavarra_2020_IMG_6.jpg\" class=\"vc_box_border_grey attachment-full\" alt=\"\" title=\"CatedraUninavarra_2020_IMG_6\" srcset=\"https:\/\/uninavarra.edu.co\/wp-content\/uploads\/2020\/04\/CatedraUninavarra_2020_IMG_6.jpg 900w, https:\/\/uninavarra.edu.co\/wp-content\/uploads\/2020\/04\/CatedraUninavarra_2020_IMG_6-150x133.jpg 150w, https:\/\/uninavarra.edu.co\/wp-content\/uploads\/2020\/04\/CatedraUninavarra_2020_IMG_6-300x267.jpg 300w, https:\/\/uninavarra.edu.co\/wp-content\/uploads\/2020\/04\/CatedraUninavarra_2020_IMG_6-768x683.jpg 768w\" sizes=\"(max-width: 900px) 100vw, 900px\" \/><\/a>\n\t\t<\/div> \n\t<\/div>\n\t\t<\/div> \n\t<\/div><div class=\"col-sm-6  vc_\">\n\t\t<div class=\"wpb_wrapper  vc_custom_1588026140012\">\n\t\t\t\n\t<div class=\"wpb_text_column wpb_content_element\" >\n\t\t<div class=\"wpb_wrapper\">\n\t\t\t<h3 style=\"text-align: left;\"><span style=\"color: #e02833;\"><b><span lang=\"ES-CO\">Bootcamps<\/span><\/b><\/span><\/h3>\n\n\t\t<\/div>\n\t<\/div>\n<div class=\"vc_empty_space\"   style=\"height: 32px\"><span class=\"vc_empty_space_inner\"><\/span><\/div>\n\t<div class=\"wpb_text_column wpb_content_element vc_custom_1771595612827\" >\n\t\t<div class=\"wpb_wrapper\">\n\t\t\t<p>The scenario for the practical development of entrepreneurial skills, a process for dreaming, creating and building innovative, sustainable and world-changing business proposals.<\/p>\n<p>The <strong>BootCamps<\/strong> will be provided with a series of tutorials and guides that will enable the students,<br \/>\nwho will be previously linked to randomly organized teams of five participants,<br \/>\nthe process of building their entrepreneurial proposals by means of the<br \/>\ndevelopment of the following contents:<\/p>\n<p><strong>\u00a0 \u00a0 \u00a0 \u00a0 Ideation BootCamp (Root Cause Analysis)<\/strong> (From March 16 to March 27, 2026)<\/p>\n<p><strong>\u00a0 \u00a0 \u00a0 \u00a0 Validation BootCamp (Opportunity Analysis Matrix) <\/strong>(From March 30 to April 09, 2026)<\/p>\n<p><strong>\u00a0 \u00a0 \u00a0 \u00a0 Webinar on storytelling techniques and construction of investment pitches<\/strong><br \/>\n<strong>(elevator pitch)<\/strong>\u00a0(Friday, April 10, 2026)<\/p>\n<p><strong>\u00a0 \u00a0 \u00a0 \u00a0 Construction of the video pitch<\/strong>\u00a0 From April 11 to April 24, 2026<br \/>\nDuring the development of each of the Bootcamps, the teams of participating students will<br \/>\nmay have a mentoring session with the team of mentors linked to the chair.<\/p>\n<p>Parallel to the development of each of the bootcamps, students will deepen the development of the achievement motivation competency as part of the entrepreneurial development exercise.<\/p>\n<p>After the storytelling webinar, the participating teams must build a video pitch to sell their business idea and be able to participate in the 3rd phase of the chair, this video must be accompanied by the logo of their brand or name on the platform defined for this purpose.<strong>Programmatic Contents (syllabus)<\/strong> .<\/p>\n<p><strong>Links of interest:<\/strong><\/p>\n<ul>\n<li><strong><a style=\"color: #0000ff;\" href=\"https:\/\/uninavarra.edu.co\/wp-content\/uploads\/2026\/02\/DO-FO-01-CONTENIDO-PROGRAMATICO-V11_CATEDRA-UNINAVARRA-.pdf\" target=\"_blank\" rel=\"noopener noreferrer\">Programmatic Contents (syllabus)<\/a><\/strong><\/li>\n<li><strong><a style=\"color: #0000ff;\" href=\"https:\/\/uninavarra.edu.co\/wp-content\/uploads\/2026\/02\/Rubricas-Catedra-UNINAVARRA-2026-1.pdf\" target=\"_blank\" rel=\"noopener noreferrer\">Heading<\/a><\/strong><\/li>\n<\/ul>\n<h5><\/h5>\n\n\t\t<\/div>\n\t<\/div>\n\n\t\t<\/div> \n\t<\/div><div class=\"col-sm-6 hidden-sm hidden-xs  vc_\">\n\t\t<div class=\"wpb_wrapper\">\n\t\t\t<div class=\"wpb_single_image wpb_content_element vc_align_left\">\n\t\t<div class=\"wpb_wrapper\">\n\t\t\t\n\t\t\t<a href=\"#\" target=\"_self\"><img loading=\"lazy\" decoding=\"async\" width=\"900\" height=\"800\" src=\"https:\/\/uninavarra.edu.co\/wp-content\/uploads\/2020\/04\/CatedraUninavarra_2020_IMG_6.jpg\" class=\"vc_box_border_grey attachment-full\" alt=\"\" title=\"CatedraUninavarra_2020_IMG_6\" srcset=\"https:\/\/uninavarra.edu.co\/wp-content\/uploads\/2020\/04\/CatedraUninavarra_2020_IMG_6.jpg 900w, https:\/\/uninavarra.edu.co\/wp-content\/uploads\/2020\/04\/CatedraUninavarra_2020_IMG_6-150x133.jpg 150w, https:\/\/uninavarra.edu.co\/wp-content\/uploads\/2020\/04\/CatedraUninavarra_2020_IMG_6-300x267.jpg 300w, https:\/\/uninavarra.edu.co\/wp-content\/uploads\/2020\/04\/CatedraUninavarra_2020_IMG_6-768x683.jpg 768w\" sizes=\"(max-width: 900px) 100vw, 900px\" \/><\/a>\n\t\t<\/div> \n\t<\/div>\n\t\t<\/div> \n\t<\/div><\/div><\/div><\/div><div class=\"vc_row-full-width\"><\/div><div class=\"wpb-container\"><div class=\"container\"><div class=\"vc_row wpb_row vc_row-fluid row\"><div class=\"col-sm-12  vc_\">\n\t\t<div class=\"wpb_wrapper\">\n\t\t\t<div class=\"vc_empty_space\"   style=\"height: 50px\"><span class=\"vc_empty_space_inner\"><\/span><\/div>\n\t\t<\/div> \n\t<\/div><\/div><\/div><\/div><div id=\"lion-cage\" data-vc-full-width=\"true\" data-vc-full-width-init=\"false\" data-vc-stretch-content=\"true\" class=\"wpb-container vc_row-no-padding\"><div class=\"container-full\"><div class=\"vc_row wpb_row vc_row-fluid row\"><div class=\"col-sm-6  vc_\">\n\t\t<div class=\"wpb_wrapper\">\n\t\t\t<div class=\"wpb_single_image wpb_content_element vc_align_center\">\n\t\t<div class=\"wpb_wrapper\">\n\t\t\t\n\t\t\t<a href=\"#\" target=\"_self\"><img loading=\"lazy\" decoding=\"async\" width=\"1500\" height=\"574\" src=\"https:\/\/uninavarra.edu.co\/wp-content\/uploads\/2026\/02\/lion-hub-logotipo-2.png\" class=\"vc_box_border_grey attachment-full\" alt=\"\" title=\"lion-hub-logo-type-2\" srcset=\"https:\/\/uninavarra.edu.co\/wp-content\/uploads\/2026\/02\/lion-hub-logotipo-2.png 1500w, https:\/\/uninavarra.edu.co\/wp-content\/uploads\/2026\/02\/lion-hub-logotipo-2-300x115.png 300w, https:\/\/uninavarra.edu.co\/wp-content\/uploads\/2026\/02\/lion-hub-logotipo-2-1024x392.png 1024w, https:\/\/uninavarra.edu.co\/wp-content\/uploads\/2026\/02\/lion-hub-logotipo-2-150x57.png 150w, https:\/\/uninavarra.edu.co\/wp-content\/uploads\/2026\/02\/lion-hub-logotipo-2-768x294.png 768w, https:\/\/uninavarra.edu.co\/wp-content\/uploads\/2026\/02\/lion-hub-logotipo-2-18x7.png 18w\" sizes=\"(max-width: 1500px) 100vw, 1500px\" \/><\/a>\n\t\t<\/div> \n\t<\/div><div class=\"vc_empty_space\"   style=\"height: 22px\"><span class=\"vc_empty_space_inner\"><\/span><\/div><div class=\"vc_row wpb_row vc_inner vc_row-fluid\"><div class=\"vc_ col-sm-2\"><div class=\"vc_column-inner\"><div class=\"wpb_wrapper\"><\/div><\/div><\/div><div class=\"vc_ col-sm-8\"><div class=\"vc_column-inner\"><div class=\"wpb_wrapper\">\n\t<div class=\"wpb_video_widget wpb_content_element vc_clearfix   vc_video-aspect-ratio-43 vc_video-el-width-90 vc_video-align-center\" >\n\t\t<div class=\"wpb_wrapper\">\n\t\t\t\n\t\t\t<div class=\"wpb_video_wrapper\"><iframe title=\"LION HUB EVENT 2026-1\" width=\"174\" height=\"309\" src=\"https:\/\/www.youtube.com\/embed\/NrMQCuXJMDw?feature=oembed\" frameborder=\"0\" allow=\"accelerometer; autoplay; clipboard-write; encrypted-media; gyroscope; picture-in-picture; web-share\" referrerpolicy=\"strict-origin-when-cross-origin\" allowfullscreen><\/iframe><\/div>\n\t\t<\/div>\n\t<\/div>\n<\/div><\/div><\/div><div class=\"vc_ col-sm-2\"><div class=\"vc_column-inner\"><div class=\"wpb_wrapper\"><\/div><\/div><\/div><\/div>\n\t\t<\/div> \n\t<\/div><div class=\"col-sm-6  vc_\">\n\t\t<div class=\"wpb_wrapper  vc_custom_1588026155763\">\n\t\t\t\n\t<div class=\"wpb_text_column wpb_content_element\" >\n\t\t<div class=\"wpb_wrapper\">\n\t\t\t<h3><span style=\"color: #e02833;\"><b><span lang=\"ES-CO\">LION HUB EVENT<br \/>\n<\/span><\/b><\/span><em><span style=\"color: #e02833;\"><span lang=\"ES-CO\">- Disruptive Minds<br \/>\n<\/span><\/span><\/em><\/h3>\n\n\t\t<\/div>\n\t<\/div>\n<div class=\"vc_empty_space\"   style=\"height: 32px\"><span class=\"vc_empty_space_inner\"><\/span><\/div>\n\t<div class=\"wpb_text_column wpb_content_element vc_custom_1771595113115\" >\n\t\t<div class=\"wpb_wrapper\">\n\t\t\t<p>The challenge for the best Navarrese entrepreneurs, a decisive moment to sell their products.<br \/>\nentrepreneurial dreams and start on the road to making them a reality.<\/p>\n<p>All video pitches must be delivered to <strong>on Saturday, April 25, 2026 <\/strong> before<br \/>\nnoon and will be uploaded to a platform for the consultation of the entire Community.<br \/>\nNavarrista, as well as evaluated by a technical committee which will assess the concepts of<br \/>\nInnovation, Commercial Feasibility, Technical Feasibility, Projection and Sustainability of the<br \/>\nbusiness proposals.<\/p>\n<p>The Navarrista Community will be able to vote for their preferred proposals and the results of this<br \/>\n30% of the evaluation process, which, together with the committee's concept of the<br \/>\nThe 5 finalists of the LION HUB EVENT- Disruptive Minds will be identified.<\/p>\n<p>Saturday, <strong>May 9, 2026<\/strong> at 10 a.m. with all participating students<br \/>\nthe 5 finalists will be announced, who will then have to present the following in the grand finals<br \/>\nof the Reality show their business proposals to a <strong>JURY OF EXPERT INVESTORS<\/strong>, The jury's evaluation and the community's votes will define the winners of this thirteenth version of the Lion Hub Event. <\/p>\n\n\t\t<\/div>\n\t<\/div>\n<div class=\"vc_empty_space\"   style=\"height: 32px\"><span class=\"vc_empty_space_inner\"><\/span><\/div><div class=\"vc_btn3-container vc_btn3-center vc_do_btn\" ><a class=\"vc_general vc_btn3 vc_btn3-size-md vc_btn3-shape-rounded vc_btn3-style-modern vc_btn3-color-navarra\" href=\"https:\/\/uninavarra.edu.co\/portafolio-lion-hub-2026\/\" title=\"\" target=\"_blank\">Portafolio<\/a><\/div>\n\t\t<\/div> \n\t<\/div><\/div><\/div><\/div><div class=\"vc_row-full-width\"><\/div><div class=\"wpb-container\"><div class=\"container\"><div class=\"vc_row wpb_row vc_row-fluid row\"><div class=\"col-sm-12  vc_\">\n\t\t<div class=\"wpb_wrapper\">\n\t\t\t<div class=\"vc_empty_space\"   style=\"height: 50px\"><span class=\"vc_empty_space_inner\"><\/span><\/div>\n\t\t<\/div> \n\t<\/div><\/div><\/div><\/div><div data-vc-full-width=\"true\" data-vc-full-width-init=\"false\" class=\"wpb-container vc_custom_1588028611616\"><div class=\"container\"><div class=\"vc_row wpb_row vc_row-fluid row\"><div class=\"col-sm-12  vc_\">\n\t\t<div class=\"wpb_wrapper\">\n\t\t\t\n\t<div class=\"wpb_text_column wpb_content_element vc_custom_1588026494708\" >\n\t\t<div class=\"wpb_wrapper\">\n\t\t\t<h3 style=\"text-align: center;\"><b>SPEAKERS<\/b><\/h3>\n\n\t\t<\/div>\n\t<\/div>\n<div class=\"vc_row wpb_row vc_inner vc_row-fluid vc_custom_1588028502015\"><div class=\"vc_ col-sm-4\"><div class=\"vc_column-inner\"><div class=\"wpb_wrapper\">\n\t<div class=\"wpb_text_column wpb_content_element\" >\n\t\t<div class=\"wpb_wrapper\">\n\t\t\t<p style=\"text-align: center;\"><img loading=\"lazy\" decoding=\"async\" class=\"alignnone size-full wp-image-24680\" src=\"https:\/\/uninavarra.edu.co\/wp-content\/uploads\/2020\/04\/CatedraUninavarra_2020_PONENTE_01_SandraNavarro.png\" alt=\"\" width=\"200\" height=\"200\" srcset=\"https:\/\/uninavarra.edu.co\/wp-content\/uploads\/2020\/04\/CatedraUninavarra_2020_PONENTE_01_SandraNavarro.png 200w, https:\/\/uninavarra.edu.co\/wp-content\/uploads\/2020\/04\/CatedraUninavarra_2020_PONENTE_01_SandraNavarro-150x150.png 150w\" sizes=\"(max-width: 200px) 100vw, 200px\" \/><\/p>\n\n\t\t<\/div>\n\t<\/div>\n\n\t<div class=\"wpb_text_column wpb_content_element\" >\n\t\t<div class=\"wpb_wrapper\">\n\t\t\t<h5 style=\"text-align: center;\"><span style=\"color: #eda600;\">Sandra Navarro<\/span><\/h5>\n\n\t\t<\/div>\n\t<\/div>\n\n\t<div class=\"wpb_text_column wpb_content_element vc_custom_1633532013926\" >\n\t\t<div class=\"wpb_wrapper\">\n\t\t\t<p style=\"text-align: center;\"><a style=\"color: #999999;\" href=\"#spu-24512\">view profile<\/a><\/p>\n\n\t\t<\/div>\n\t<\/div>\n<\/div><\/div><\/div><div class=\"vc_ col-sm-4\"><div class=\"vc_column-inner\"><div class=\"wpb_wrapper\"><\/div><\/div><\/div><div class=\"vc_ col-sm-4\"><div class=\"vc_column-inner\"><div class=\"wpb_wrapper\">\n\t<div class=\"wpb_text_column wpb_content_element\" >\n\t\t<div class=\"wpb_wrapper\">\n\t\t\t<p style=\"text-align: center;\"><img loading=\"lazy\" decoding=\"async\" class=\"alignnone size-full wp-image-24680\" src=\"https:\/\/uninavarra.edu.co\/wp-content\/uploads\/2026\/03\/PONENTES-Cesar-Agusto.png\" alt=\"\" width=\"200\" height=\"200\" \/><\/p>\n\n\t\t<\/div>\n\t<\/div>\n\n\t<div class=\"wpb_text_column wpb_content_element\" >\n\t\t<div class=\"wpb_wrapper\">\n\t\t\t<h5 style=\"text-align: center;\"><span lang=\"ES\" style=\"color: #df2833;\"><span lang=\"ES-CO\"><span lang=\"ES\" style=\"color: #df2833;\">Cesar Agusto<\/span><\/span><\/span><\/h5>\n\n\t\t<\/div>\n\t<\/div>\n\n\t<div class=\"wpb_text_column wpb_content_element vc_custom_1772637266951\" >\n\t\t<div class=\"wpb_wrapper\">\n\t\t\t<p style=\"text-align: center;\"><a style=\"color: #999999;\" href=\"#spu-97848\">view profile<\/a><\/p>\n\n\t\t<\/div>\n\t<\/div>\n<\/div><\/div><\/div><\/div><div class=\"vc_row wpb_row vc_inner vc_row-fluid vc_custom_1588028502015\"><div class=\"vc_ col-sm-4\"><div class=\"vc_column-inner\"><div class=\"wpb_wrapper\"><\/div><\/div><\/div><div class=\"vc_ col-sm-4\"><div class=\"vc_column-inner\"><div class=\"wpb_wrapper\">\n\t<div class=\"wpb_text_column wpb_content_element\" >\n\t\t<div class=\"wpb_wrapper\">\n\t\t\t<p style=\"text-align: center;\"><img loading=\"lazy\" decoding=\"async\" class=\"alignnone wp-image-24680\" src=\"https:\/\/uninavarra.edu.co\/wp-content\/uploads\/2026\/03\/PONENTES-Monica-Araceli.png\" alt=\"\" width=\"200\" height=\"200\" \/><\/p>\n\n\t\t<\/div>\n\t<\/div>\n\n\t<div class=\"wpb_text_column wpb_content_element\" >\n\t\t<div class=\"wpb_wrapper\">\n\t\t\t<h5 style=\"text-align: center;\"><span lang=\"ES\" style=\"color: #df2833;\"><span lang=\"ES-CO\"><span lang=\"ES\" style=\"color: #df2833;\">Monica Rodriguez<\/span><\/span><\/span><\/h5>\n\n\t\t<\/div>\n\t<\/div>\n\n\t<div class=\"wpb_text_column wpb_content_element vc_custom_1772639476779\" >\n\t\t<div class=\"wpb_wrapper\">\n\t\t\t<p style=\"text-align: center;\"><a style=\"color: #999999;\" href=\"#spu-97850\">view profile<\/a><\/p>\n\n\t\t<\/div>\n\t<\/div>\n<\/div><\/div><\/div><div class=\"vc_ col-sm-4\"><div class=\"vc_column-inner\"><div class=\"wpb_wrapper\"><\/div><\/div><\/div><\/div><div class=\"vc_row wpb_row vc_inner vc_row-fluid vc_custom_1588028502015\"><div class=\"vc_ col-sm-4\"><div class=\"vc_column-inner\"><div class=\"wpb_wrapper\"><\/div><\/div><\/div><div class=\"vc_ col-sm-4\"><div class=\"vc_column-inner\"><div class=\"wpb_wrapper\">\n\t<div class=\"wpb_text_column wpb_content_element\" >\n\t\t<div class=\"wpb_wrapper\">\n\t\t\t<p style=\"text-align: center;\"><img loading=\"lazy\" decoding=\"async\" class=\"alignnone wp-image-24680\" src=\"https:\/\/uninavarra.edu.co\/wp-content\/uploads\/2024\/08\/Edna-Rocio-Ortiz-Morales.png\" alt=\"\" width=\"200\" height=\"200\" \/><\/p>\n\n\t\t<\/div>\n\t<\/div>\n\n\t<div class=\"wpb_text_column wpb_content_element\" >\n\t\t<div class=\"wpb_wrapper\">\n\t\t\t<h5 style=\"text-align: center;\"><span lang=\"ES\" style=\"color: #df2833;\"><span lang=\"ES-CO\"><span lang=\"ES\" style=\"color: #df2833;\">Edna Ortiz<\/span><\/span><\/span><\/h5>\n\n\t\t<\/div>\n\t<\/div>\n\n\t<div class=\"wpb_text_column wpb_content_element vc_custom_1771625023439\" >\n\t\t<div class=\"wpb_wrapper\">\n\t\t\t<p style=\"text-align: center;\"><a style=\"color: #999999;\" href=\"#spu-79139\">view profile<\/a><\/p>\n\n\t\t<\/div>\n\t<\/div>\n<\/div><\/div><\/div><div class=\"vc_ col-sm-4\"><div class=\"vc_column-inner\"><div class=\"wpb_wrapper\"><\/div><\/div><\/div><\/div>\n\t<div class=\"wpb_text_column wpb_content_element vc_custom_1756410233186\" >\n\t\t<div class=\"wpb_wrapper\">\n\t\t\t<h3 style=\"text-align: center;\">PANEL OF ENTREPRENEURS<\/h3>\n\n\t\t<\/div>\n\t<\/div>\n<div class=\"vc_row wpb_row vc_inner vc_row-fluid vc_custom_1588028502015\"><div class=\"vc_ col-sm-4\"><div class=\"vc_column-inner\"><div class=\"wpb_wrapper\"><\/div><\/div><\/div><div class=\"vc_ col-sm-4 col-xs-6\"><div class=\"vc_column-inner\"><div class=\"wpb_wrapper\">\n\t<div class=\"wpb_text_column wpb_content_element\" >\n\t\t<div class=\"wpb_wrapper\">\n\t\t\t<p style=\"text-align: center;\"><img loading=\"lazy\" decoding=\"async\" class=\"alignnone wp-image-24680\" src=\"https:\/\/uninavarra.edu.co\/wp-content\/uploads\/2025\/02\/PONENTES-JUAN-CARLOS.png\" alt=\"\" width=\"200\" height=\"200\" \/><\/p>\n\n\t\t<\/div>\n\t<\/div>\n\n\t<div class=\"wpb_text_column wpb_content_element\" >\n\t\t<div class=\"wpb_wrapper\">\n\t\t\t<h5 style=\"text-align: center;\"><span style=\"color: #7b97bd;\">Juan Camargo<\/span><\/h5>\n\n\t\t<\/div>\n\t<\/div>\n\n\t<div class=\"wpb_text_column wpb_content_element vc_custom_1663247479538\" >\n\t\t<div class=\"wpb_wrapper\">\n\t\t\t<p style=\"text-align: center;\"><a style=\"color: #999999;\" href=\"#spu-51589\">view profile<\/a><\/p>\n\n\t\t<\/div>\n\t<\/div>\n<\/div><\/div><\/div><div class=\"vc_ col-sm-4\"><div class=\"vc_column-inner\"><div class=\"wpb_wrapper\"><\/div><\/div><\/div><\/div>\n\t\t<\/div> \n\t<\/div><\/div><\/div><\/div><div class=\"vc_row-full-width\"><\/div><div data-vc-full-width=\"true\" data-vc-full-width-init=\"false\" class=\"wpb-container vc_custom_1588028621057\"><div class=\"container\"><div class=\"vc_row wpb_row vc_row-fluid row\"><div class=\"col-sm-12  vc_\">\n\t\t<div class=\"wpb_wrapper  vc_custom_1587837463501\">\n\t\t\t\n\t<div class=\"wpb_text_column wpb_content_element vc_custom_1588026544453\" >\n\t\t<div class=\"wpb_wrapper\">\n\t\t\t<h3 style=\"text-align: center;\"><span style=\"color: #333333;\">TEACHERS<\/span><\/h3>\n\n\t\t<\/div>\n\t<\/div>\n\n\t\t<\/div> \n\t<\/div><\/div><\/div><\/div><div class=\"vc_row-full-width\"><\/div><div data-vc-full-width=\"true\" data-vc-full-width-init=\"false\" class=\"wpb-container vc_custom_1588028621057\"><div class=\"container\"><div class=\"vc_row wpb_row vc_row-fluid row\"><div class=\"col-sm-4  vc_\">\n\t\t<div class=\"wpb_wrapper\">\n\t\t\t\n\t<div class=\"wpb_text_column wpb_content_element\" >\n\t\t<div class=\"wpb_wrapper\">\n\t\t\t<p style=\"text-align: center;\"><img loading=\"lazy\" decoding=\"async\" class=\"alignnone wp-image-24523 size-full\" src=\"https:\/\/uninavarra.edu.co\/wp-content\/uploads\/2026\/02\/imagen.png\" alt=\"\" width=\"200\" height=\"200\" \/><\/p>\n\n\t\t<\/div>\n\t<\/div>\n\n\t<div class=\"wpb_text_column wpb_content_element\" >\n\t\t<div class=\"wpb_wrapper\">\n\t\t\t<h5 style=\"text-align: center;\"><span lang=\"ES\" style=\"color: #df2833;\"><span lang=\"ES-CO\">Luis Rodriguez<\/span><\/span><\/h5>\n\n\t\t<\/div>\n\t<\/div>\n\n\t<div class=\"wpb_text_column wpb_content_element\" >\n\t\t<div class=\"wpb_wrapper\">\n\t\t\t<p style=\"text-align: center;\"><a style=\"color: #999999;\" href=\"#spu-24536\">view profile<\/a><\/p>\n\n\t\t<\/div>\n\t<\/div>\n<div class=\"vc_empty_space\"   style=\"height: 32px\"><span class=\"vc_empty_space_inner\"><\/span><\/div>\n\t<div class=\"wpb_text_column wpb_content_element\" >\n\t\t<div class=\"wpb_wrapper\">\n\t\t\t<p style=\"text-align: center;\"><a style=\"color: #999999;\" href=\"https:\/\/uninavarra.edu.co\/wp-content\/uploads\/2026\/03\/Luis-Humberto-1.pdf\">Group of Entrepreneurial Teams<\/a><\/p>\n\n\t\t<\/div>\n\t<\/div>\n\n\t\t<\/div> \n\t<\/div><div class=\"col-sm-4  vc_\">\n\t\t<div class=\"wpb_wrapper\">\n\t\t\t\n\t<div class=\"wpb_text_column wpb_content_element\" >\n\t\t<div class=\"wpb_wrapper\">\n\t\t\t<p style=\"text-align: center;\"><img loading=\"lazy\" decoding=\"async\" class=\"alignnone wp-image-24526 size-full\" src=\"https:\/\/uninavarra.edu.co\/wp-content\/uploads\/2024\/08\/PONENTES-36.png\" alt=\"\" width=\"200\" height=\"200\" \/><\/p>\n\n\t\t<\/div>\n\t<\/div>\n\n\t<div class=\"wpb_text_column wpb_content_element\" >\n\t\t<div class=\"wpb_wrapper\">\n\t\t\t<h5 style=\"text-align: center;\"><span style=\"color: #eda600;\">Magda Liliana Cu\u00e9llar Vel\u00e1squez<\/span><\/h5>\n\n\t\t<\/div>\n\t<\/div>\n\n\t<div class=\"wpb_text_column wpb_content_element\" >\n\t\t<div class=\"wpb_wrapper\">\n\t\t\t<p style=\"text-align: center;\"><a style=\"color: #999999;\" href=\"#spu-78818\">view profile<\/a><\/p>\n\n\t\t<\/div>\n\t<\/div>\n<div class=\"vc_empty_space\"   style=\"height: 32px\"><span class=\"vc_empty_space_inner\"><\/span><\/div>\n\t<div class=\"wpb_text_column wpb_content_element\" >\n\t\t<div class=\"wpb_wrapper\">\n\t\t\t<p style=\"text-align: center;\"><a style=\"color: #999999;\" href=\"https:\/\/uninavarra.edu.co\/wp-content\/uploads\/2026\/03\/Magda-Liliana-1.pdf\">Group of Entrepreneurial Teams<\/a><\/p>\n\n\t\t<\/div>\n\t<\/div>\n\n\t\t<\/div> \n\t<\/div><div class=\"col-sm-4  vc_\">\n\t\t<div class=\"wpb_wrapper\">\n\t\t\t\n\t<div class=\"wpb_text_column wpb_content_element\" >\n\t\t<div class=\"wpb_wrapper\">\n\t\t\t<p style=\"text-align: center;\"><img loading=\"lazy\" decoding=\"async\" class=\"alignnone wp-image-24523 size-full\" src=\"https:\/\/uninavarra.edu.co\/wp-content\/uploads\/2026\/02\/Arley-Gutierrez-Pinilla.png\" alt=\"\" width=\"200\" height=\"200\" \/><\/p>\n\n\t\t<\/div>\n\t<\/div>\n\n\t<div class=\"wpb_text_column wpb_content_element\" >\n\t\t<div class=\"wpb_wrapper\">\n\t\t\t<h5 style=\"text-align: center;\"><span lang=\"ES\" style=\"color: #df2833;\"><span lang=\"ES-CO\">Arley Gutierrez Pinilla <\/span><\/span><\/h5>\n\n\t\t<\/div>\n\t<\/div>\n\n\t<div class=\"wpb_text_column wpb_content_element\" >\n\t\t<div class=\"wpb_wrapper\">\n\t\t\t<p style=\"text-align: center;\"><a style=\"color: #999999;\" href=\"#spu-41125\">view profile<\/a><\/p>\n\n\t\t<\/div>\n\t<\/div>\n<div class=\"vc_empty_space\"   style=\"height: 32px\"><span class=\"vc_empty_space_inner\"><\/span><\/div>\n\t<div class=\"wpb_text_column wpb_content_element\" >\n\t\t<div class=\"wpb_wrapper\">\n\t\t\t<p style=\"text-align: center;\"><a style=\"color: #999999;\" href=\"https:\/\/uninavarra.edu.co\/wp-content\/uploads\/2026\/03\/Arley-Guierrez.pdf\">Group of Entrepreneurial Teams<\/a><\/p>\n\n\t\t<\/div>\n\t<\/div>\n\n\t\t<\/div> \n\t<\/div><\/div><\/div><\/div><div class=\"vc_row-full-width\"><\/div><div class=\"wpb-container\"><div class=\"container\"><div class=\"vc_row wpb_row vc_row-fluid row\"><div class=\"col-sm-4  vc_\">\n\t\t<div class=\"wpb_wrapper\">\n\t\t\t\n\t<div class=\"wpb_text_column wpb_content_element\" >\n\t\t<div class=\"wpb_wrapper\">\n\t\t\t<p style=\"text-align: center;\"><img loading=\"lazy\" decoding=\"async\" class=\"alignnone wp-image-60321\" src=\"https:\/\/uninavarra.edu.co\/wp-content\/uploads\/2024\/08\/PONENTES-33.png\" alt=\"\" width=\"200\" height=\"200\" \/><\/p>\n\n\t\t<\/div>\n\t<\/div>\n\n\t<div class=\"wpb_text_column wpb_content_element\" >\n\t\t<div class=\"wpb_wrapper\">\n\t\t\t<h5 style=\"text-align: center;\"><span lang=\"ES\" style=\"color: #df2833;\">Paola Tamayo<\/span><\/h5>\n\n\t\t<\/div>\n\t<\/div>\n\n\t<div class=\"wpb_text_column wpb_content_element vc_custom_1708604702219\" >\n\t\t<div class=\"wpb_wrapper\">\n\t\t\t<p style=\"text-align: center;\"><a style=\"color: #999999;\" href=\"#spu-70839\">view profile<\/a><\/p>\n\n\t\t<\/div>\n\t<\/div>\n\n\t<div class=\"wpb_text_column wpb_content_element\" >\n\t\t<div class=\"wpb_wrapper\">\n\t\t\t<p style=\"text-align: center;\"><a style=\"color: #999999;\" href=\"https:\/\/uninavarra.edu.co\/wp-content\/uploads\/2026\/03\/Paola-Tamayo.pdf\">Group of Entrepreneurial Teams<\/a><\/p>\n\n\t\t<\/div>\n\t<\/div>\n\n\t\t<\/div> \n\t<\/div><div class=\"col-sm-4  vc_\">\n\t\t<div class=\"wpb_wrapper\">\n\t\t\t\n\t<div class=\"wpb_text_column wpb_content_element\" >\n\t\t<div class=\"wpb_wrapper\">\n\t\t\t<p><img loading=\"lazy\" decoding=\"async\" class=\"wp-image-45473 aligncenter\" src=\"https:\/\/uninavarra.edu.co\/wp-content\/uploads\/2024\/08\/PONENTES-32.png\" alt=\"\" width=\"200\" height=\"200\" \/><\/p>\n\n\t\t<\/div>\n\t<\/div>\n\n\t<div class=\"wpb_text_column wpb_content_element\" >\n\t\t<div class=\"wpb_wrapper\">\n\t\t\t<h5 style=\"text-align: center;\"><span lang=\"ES\" style=\"color: #df2833;\"><span lang=\"ES-CO\">Marisol Moreno<\/span><\/span><\/h5>\n\n\t\t<\/div>\n\t<\/div>\n\n\t<div class=\"wpb_text_column wpb_content_element\" >\n\t\t<div class=\"wpb_wrapper\">\n\t\t\t<p style=\"text-align: center;\"><a style=\"color: #999999;\" href=\"#spu-64694\">view profile<\/a><\/p>\n\n\t\t<\/div>\n\t<\/div>\n<div class=\"vc_empty_space\"   style=\"height: 22px\"><span class=\"vc_empty_space_inner\"><\/span><\/div>\n\t<div class=\"wpb_text_column wpb_content_element\" >\n\t\t<div class=\"wpb_wrapper\">\n\t\t\t<p style=\"text-align: center;\"><a style=\"color: #999999;\" href=\"https:\/\/uninavarra.edu.co\/wp-content\/uploads\/2026\/03\/Mairsol-Moreno.pdf\">Group of Entrepreneurial Teams<\/a><\/p>\n\n\t\t<\/div>\n\t<\/div>\n\n\t\t<\/div> \n\t<\/div><div class=\"col-sm-4  vc_\">\n\t\t<div class=\"wpb_wrapper\">\n\t\t\t\n\t<div class=\"wpb_text_column wpb_content_element\" >\n\t\t<div class=\"wpb_wrapper\">\n\t\t\t<p style=\"text-align: center;\"><img loading=\"lazy\" decoding=\"async\" class=\"aligncenter wp-image-24526\" style=\"width: 200px: height: 200px;\" src=\"https:\/\/uninavarra.edu.co\/wp-content\/uploads\/2021\/03\/leidy.png\" alt=\"\" width=\"200\" height=\"200\" \/><\/p>\n\n\t\t<\/div>\n\t<\/div>\n\n\t<div class=\"wpb_text_column wpb_content_element\" >\n\t\t<div class=\"wpb_wrapper\">\n\t\t\t<h5 style=\"text-align: center;\"><span style=\"color: #eda600;\">Leidy Diaz<\/span><\/h5>\n\n\t\t<\/div>\n\t<\/div>\n\n\t<div class=\"wpb_text_column wpb_content_element vc_custom_1680727238684\" >\n\t\t<div class=\"wpb_wrapper\">\n\t\t\t<p style=\"text-align: center;\"><a style=\"color: #999999;\" href=\"#spu-41120\">view profile<\/a><\/p>\n\n\t\t<\/div>\n\t<\/div>\n\n\t<div class=\"wpb_text_column wpb_content_element\" >\n\t\t<div class=\"wpb_wrapper\">\n\t\t\t<p style=\"text-align: center;\"><a style=\"color: #999999;\" href=\"https:\/\/uninavarra.edu.co\/wp-content\/uploads\/2026\/03\/Leidy-Johana-1.pdf\">Group of Entrepreneurial Teams<\/a><\/p>\n\n\t\t<\/div>\n\t<\/div>\n\n\t\t<\/div> \n\t<\/div><\/div><\/div><\/div><div class=\"wpb-container\"><div class=\"container\"><div class=\"vc_row wpb_row vc_row-fluid row\"><div class=\"col-sm-4  vc_\">\n\t\t<div class=\"wpb_wrapper\">\n\t\t\t\n\t<div class=\"wpb_text_column wpb_content_element\" >\n\t\t<div class=\"wpb_wrapper\">\n\t\t\t<p style=\"text-align: center;\"><img loading=\"lazy\" decoding=\"async\" class=\"alignnone wp-image-24523 size-full\" src=\"https:\/\/uninavarra.edu.co\/wp-content\/uploads\/2020\/04\/CatedraUninavarra_2020_PROF_08_MariaHernandez.png\" alt=\"\" width=\"200\" height=\"200\" \/><\/p>\n\n\t\t<\/div>\n\t<\/div>\n\n\t<div class=\"wpb_text_column wpb_content_element\" >\n\t\t<div class=\"wpb_wrapper\">\n\t\t\t<h5 style=\"text-align: center;\"><span style=\"color: #eda600;\">Mar\u00eda Eugenia Hernandez Valenzuela<\/span><\/h5>\n\n\t\t<\/div>\n\t<\/div>\n\n\t<div class=\"wpb_text_column wpb_content_element\" >\n\t\t<div class=\"wpb_wrapper\">\n\t\t\t<p style=\"text-align: center;\"><a style=\"color: #999999;\" href=\"#spu-24537\">view profile<\/a><\/p>\n\n\t\t<\/div>\n\t<\/div>\n<div class=\"vc_empty_space\"   style=\"height: 22px\"><span class=\"vc_empty_space_inner\"><\/span><\/div>\n\t<div class=\"wpb_text_column wpb_content_element\" >\n\t\t<div class=\"wpb_wrapper\">\n\t\t\t<p style=\"text-align: center;\"><a style=\"color: #999999;\" href=\"https:\/\/uninavarra.edu.co\/wp-content\/uploads\/2026\/03\/Maria-Eugenia-2.pdf\">Group of Entrepreneurial Teams<\/a><\/p>\n\n\t\t<\/div>\n\t<\/div>\n\n\t\t<\/div> \n\t<\/div><div class=\"col-sm-4  vc_\">\n\t\t<div class=\"wpb_wrapper\">\n\t\t\t\n\t<div class=\"wpb_text_column wpb_content_element\" >\n\t\t<div class=\"wpb_wrapper\">\n\t\t\t<p style=\"text-align: center;\"><img loading=\"lazy\" decoding=\"async\" class=\"aligncenter wp-image-24521 size-full\" src=\"https:\/\/uninavarra.edu.co\/wp-content\/uploads\/2020\/04\/CatedraUninavarra_2020_PROF_05_SandraMesa.png\" alt=\"\" width=\"200\" height=\"200\" srcset=\"https:\/\/uninavarra.edu.co\/wp-content\/uploads\/2020\/04\/CatedraUninavarra_2020_PROF_05_SandraMesa.png 200w, https:\/\/uninavarra.edu.co\/wp-content\/uploads\/2020\/04\/CatedraUninavarra_2020_PROF_05_SandraMesa-150x150.png 150w\" sizes=\"(max-width: 200px) 100vw, 200px\" \/><\/p>\n\n\t\t<\/div>\n\t<\/div>\n\n\t<div class=\"wpb_text_column wpb_content_element\" >\n\t\t<div class=\"wpb_wrapper\">\n\t\t\t<h5 style=\"text-align: center;\"><span lang=\"ES\" style=\"color: #df2833;\">Sandra Mesa<\/span><\/h5>\n\n\t\t<\/div>\n\t<\/div>\n\n\t<div class=\"wpb_text_column wpb_content_element vc_custom_1633531869614\" >\n\t\t<div class=\"wpb_wrapper\">\n\t\t\t<p style=\"text-align: center;\"><a style=\"color: #999999;\" href=\"#spu-24533\">view profile<\/a><\/p>\n\n\t\t<\/div>\n\t<\/div>\n\n\t<div class=\"wpb_text_column wpb_content_element\" >\n\t\t<div class=\"wpb_wrapper\">\n\t\t\t<p style=\"text-align: center;\"><a style=\"color: #999999;\" href=\"https:\/\/uninavarra.edu.co\/wp-content\/uploads\/2026\/03\/Sandra-Milena-1.pdf\">Group of Entrepreneurial Teams<\/a><\/p>\n\n\t\t<\/div>\n\t<\/div>\n\n\t\t<\/div> \n\t<\/div><div class=\"col-sm-4  vc_\">\n\t\t<div class=\"wpb_wrapper\">\n\t\t\t\n\t<div class=\"wpb_text_column wpb_content_element\" >\n\t\t<div class=\"wpb_wrapper\">\n\t\t\t<p style=\"text-align: center;\"><img loading=\"lazy\" decoding=\"async\" class=\"alignnone wp-image-24526 size-full\" src=\"https:\/\/uninavarra.edu.co\/wp-content\/uploads\/2021\/03\/matilde.png\" alt=\"\" width=\"200\" height=\"200\" \/><\/p>\n\n\t\t<\/div>\n\t<\/div>\n\n\t<div class=\"wpb_text_column wpb_content_element\" >\n\t\t<div class=\"wpb_wrapper\">\n\t\t\t<h5 style=\"text-align: center;\"><span style=\"color: #eda600;\">Matilde Mosquera<\/span><\/h5>\n\n\t\t<\/div>\n\t<\/div>\n\n\t<div class=\"wpb_text_column wpb_content_element vc_custom_1692371265357\" >\n\t\t<div class=\"wpb_wrapper\">\n\t\t\t<p style=\"text-align: center;\"><a style=\"color: #999999;\" href=\"#spu-41121\">view profile<\/a><\/p>\n\n\t\t<\/div>\n\t<\/div>\n\n\t<div class=\"wpb_text_column wpb_content_element\" >\n\t\t<div class=\"wpb_wrapper\">\n\t\t\t<p style=\"text-align: center;\"><a style=\"color: #999999;\" href=\"https:\/\/uninavarra.edu.co\/wp-content\/uploads\/2026\/03\/Matilde-Mosquera-1.pdf\">Group of Entrepreneurial Teams<\/a><\/p>\n\n\t\t<\/div>\n\t<\/div>\n\n\t\t<\/div> \n\t<\/div><\/div><\/div><\/div><div data-vc-full-width=\"true\" data-vc-full-width-init=\"false\" class=\"wpb-container vc_custom_1590676709175\"><div class=\"container\"><div class=\"vc_row wpb_row vc_row-fluid row\"><div class=\"col-sm-12  vc_\">\n\t\t<div class=\"wpb_wrapper\">\n\t\t\t\n\t<div class=\"wpb_text_column wpb_content_element vc_custom_1590676733465\" >\n\t\t<div class=\"wpb_wrapper\">\n\t\t\t<h3 style=\"text-align: center; color: #efefef;\"><b>VIDEOS<\/b><\/h3>\n\n\t\t<\/div>\n\t<\/div>\n<div class=\"vc_row wpb_row vc_inner vc_row-fluid vc_custom_1588028502015\"><div class=\"vc_ col-sm-6 col-xs-6\"><div class=\"vc_column-inner\"><div class=\"wpb_wrapper\">\n\t<div class=\"wpb_raw_code wpb_raw_html wpb_content_element\" >\n\t\t<div class=\"wpb_wrapper\">\n\t\t\t<div class=\"video-container\">\n<video width=\"640\" height=\"360\" controls>\n        <source src=\"https:\/\/uninavarra.edu.co\/wp-content\/uploads\/2020\/05\/C\u00e1tedra-Uninavarra-Congreso-Emprende-2020-1.mp4\" type=\"video\/mp4\">\n        Your browser does not support the video format.\n    <\/video>\n<\/div>\n\t\t<\/div>\n\t<\/div>\n<\/div><\/div><\/div><div class=\"vc_ col-sm-6 col-xs-6\"><div class=\"vc_column-inner\"><div class=\"wpb_wrapper\">\n\t<div class=\"wpb_video_widget wpb_content_element vc_clearfix   vc_video-aspect-ratio-169 vc_video-el-width-100 vc_video-align-left\" >\n\t\t<div class=\"wpb_wrapper\">\n\t\t\t\n\t\t\t<div class=\"wpb_video_wrapper\"><iframe title=\"LION CAGE UNINAVARRA REALITY SHOW 2025-2\" width=\"500\" height=\"281\" src=\"https:\/\/www.youtube.com\/embed\/0r4d-hZam6I?feature=oembed\" frameborder=\"0\" allow=\"accelerometer; autoplay; clipboard-write; encrypted-media; gyroscope; picture-in-picture; web-share\" referrerpolicy=\"strict-origin-when-cross-origin\" allowfullscreen><\/iframe><\/div>\n\t\t<\/div>\n\t<\/div>\n<\/div><\/div><\/div><\/div>\n\t\t<\/div> \n\t<\/div><\/div><\/div><\/div><div class=\"vc_row-full-width\"><\/div><div data-vc-full-width=\"true\" data-vc-full-width-init=\"false\" class=\"wpb-container vc_custom_1588028621057\"><div class=\"container\"><div class=\"vc_row wpb_row vc_row-fluid row\"><div class=\"col-sm-12  vc_\">\n\t\t<div class=\"wpb_wrapper  vc_custom_1587837463501\">\n\t\t\t\n\t<div class=\"wpb_text_column wpb_content_element vc_custom_1758805343935\" >\n\t\t<div class=\"wpb_wrapper\">\n\t\t\t<h3 style=\"text-align: center;\"><span style=\"color: #333333;\">UNINAVARRA EMPRENDE 2025-2 International Congress <\/span><\/h3>\n\n\t\t<\/div>\n\t<\/div>\n\n\t\t<\/div> \n\t<\/div><\/div><\/div><\/div><div class=\"vc_row-full-width\"><\/div><div class=\"wpb-container\"><div class=\"container\"><div class=\"vc_row wpb_row vc_row-fluid row\"><div class=\"col-sm-6  vc_\">\n\t\t<div class=\"wpb_wrapper\">\n\t\t\t\n\t<div class=\"wpb_raw_code wpb_raw_html wpb_content_element\" >\n\t\t<div class=\"wpb_wrapper\">\n\t\t\t<div class=\"video-container\">\n<iframe width=\"560\" height=\"315\" src=\"https:\/\/www.youtube.com\/embed\/n61ryeULZAQ?si=0mL2jVrdJ2DzyWzz\" title=\"YouTube video player\" frameborder=\"0\" allow=\"accelerometer; autoplay; clipboard-write; encrypted-media; gyroscope; picture-in-picture; web-share\" referrerpolicy=\"strict-origin-when-cross-origin\" allowfullscreen><\/iframe>\n<\/div>\n\t\t<\/div>\n\t<\/div>\n\n\t\t<\/div> \n\t<\/div><div class=\"col-sm-6  vc_\">\n\t\t<div class=\"wpb_wrapper\">\n\t\t\t\n\t<div class=\"wpb_video_widget wpb_content_element vc_clearfix   vc_video-aspect-ratio-169 vc_video-el-width-100 vc_video-align-left\" >\n\t\t<div class=\"wpb_wrapper\">\n\t\t\t\n\t\t\t<div class=\"wpb_video_wrapper\"><iframe title=\"LION HUB EVENT 2026-1\" width=\"174\" height=\"309\" src=\"https:\/\/www.youtube.com\/embed\/iHlhB1OSQ4Q?feature=oembed\" frameborder=\"0\" allow=\"accelerometer; autoplay; clipboard-write; encrypted-media; gyroscope; picture-in-picture; web-share\" referrerpolicy=\"strict-origin-when-cross-origin\" allowfullscreen><\/iframe><\/div>\n\t\t<\/div>\n\t<\/div>\n\n\t\t<\/div> \n\t<\/div><\/div><\/div><\/div>\n<\/div>","protected":false},"excerpt":{"rendered":"La C\u00e1tedra UNINAVARRA es el espacio acad\u00e9mico concebido para el desarrollo de las competencias emprendedoras de los estudiantes Navarristas, c\u00f3mo parte del desarrollo de la filosof\u00eda institucional y de su [...]","protected":false},"author":13,"featured_media":24543,"parent":0,"menu_order":0,"comment_status":"closed","ping_status":"closed","template":"","meta":{"footnotes":""},"categories":[140,1],"tags":[],"class_list":["post-97560","page","type-page","status-publish","has-post-thumbnail","hentry","category-perfiles-catedra-uninavarra","category-uncategorized"],"yoast_head":"<!-- This site is optimized with the Yoast SEO plugin v27.4 - https:\/\/yoast.com\/product\/yoast-seo-wordpress\/ -->\n<title>C\u00e1tedra Uninavarra 2026 - Uninavarra<\/title>\n<meta name=\"description\" content=\"La C\u00e1tedra UNINAVARRA es el espacio acad\u00e9mico concebido para el desarrollo de las competencias emprendedoras de los estudiantes de la Universidad, c\u00f3mo parte del desarrollo de la filosof\u00eda institucional y de su formaci\u00f3n integral. Un proceso acad\u00e9mico y de formaci\u00f3n que privilegia el aprendizaje te\u00f3rico pr\u00e1ctico a trav\u00e9s de la filosof\u00eda del aprender \u2013 haciendo y las pedagog\u00edas activas.\" \/>\n<meta name=\"robots\" content=\"index, follow, max-snippet:-1, max-image-preview:large, max-video-preview:-1\" \/>\n<link rel=\"canonical\" href=\"https:\/\/uninavarra.edu.co\/en\/catedrauninavarra\/\" \/>\n<meta property=\"og:locale\" content=\"en_US\" \/>\n<meta property=\"og:type\" content=\"article\" \/>\n<meta property=\"og:title\" content=\"C\u00e1tedra Uninavarra 2026 - Uninavarra\" \/>\n<meta property=\"og:description\" content=\"La C\u00e1tedra UNINAVARRA es el espacio acad\u00e9mico concebido para el desarrollo de las competencias emprendedoras de los estudiantes de la Universidad, c\u00f3mo parte del desarrollo de la filosof\u00eda institucional y de su formaci\u00f3n integral. Un proceso acad\u00e9mico y de formaci\u00f3n que privilegia el aprendizaje te\u00f3rico pr\u00e1ctico a trav\u00e9s de la filosof\u00eda del aprender \u2013 haciendo y las pedagog\u00edas activas.\" \/>\n<meta property=\"og:url\" content=\"https:\/\/uninavarra.edu.co\/en\/catedrauninavarra\/\" \/>\n<meta property=\"og:site_name\" content=\"Uninavarra\" \/>\n<meta property=\"article:publisher\" content=\"https:\/\/www.facebook.com\/UninavarraEduca\" \/>\n<meta property=\"article:modified_time\" content=\"2026-04-29T19:13:16+00:00\" \/>\n<meta property=\"og:image\" content=\"https:\/\/uninavarra.edu.co\/wp-content\/uploads\/2020\/04\/CatedraUninavarra_2020_Logo.jpg\" \/>\n\t<meta property=\"og:image:width\" content=\"200\" \/>\n\t<meta property=\"og:image:height\" content=\"200\" \/>\n\t<meta property=\"og:image:type\" content=\"image\/jpeg\" \/>\n<meta name=\"twitter:card\" content=\"summary_large_image\" \/>\n<meta name=\"twitter:site\" content=\"@uninavarraeduca\" \/>\n<meta name=\"twitter:label1\" content=\"Est. reading time\" \/>\n\t<meta name=\"twitter:data1\" content=\"13 minutes\" \/>\n<script type=\"application\/ld+json\" class=\"yoast-schema-graph\">{\"@context\":\"https:\\\/\\\/schema.org\",\"@graph\":[{\"@type\":\"WebPage\",\"@id\":\"https:\\\/\\\/uninavarra.edu.co\\\/catedrauninavarra\\\/\",\"url\":\"https:\\\/\\\/uninavarra.edu.co\\\/catedrauninavarra\\\/\",\"name\":\"C\u00e1tedra Uninavarra 2026 - Uninavarra\",\"isPartOf\":{\"@id\":\"https:\\\/\\\/uninavarra.edu.co\\\/#website\"},\"primaryImageOfPage\":{\"@id\":\"https:\\\/\\\/uninavarra.edu.co\\\/catedrauninavarra\\\/#primaryimage\"},\"image\":{\"@id\":\"https:\\\/\\\/uninavarra.edu.co\\\/catedrauninavarra\\\/#primaryimage\"},\"thumbnailUrl\":\"https:\\\/\\\/uninavarra.edu.co\\\/wp-content\\\/uploads\\\/2020\\\/04\\\/CatedraUninavarra_2020_Logo.jpg\",\"datePublished\":\"2026-02-20T19:36:05+00:00\",\"dateModified\":\"2026-04-29T19:13:16+00:00\",\"description\":\"La C\u00e1tedra UNINAVARRA es el espacio acad\u00e9mico concebido para el desarrollo de las competencias emprendedoras de los estudiantes de la Universidad, c\u00f3mo parte del desarrollo de la filosof\u00eda institucional y de su formaci\u00f3n integral. Un proceso acad\u00e9mico y de formaci\u00f3n que privilegia el aprendizaje te\u00f3rico pr\u00e1ctico a trav\u00e9s de la filosof\u00eda del aprender \u2013 haciendo y las pedagog\u00edas activas.\",\"breadcrumb\":{\"@id\":\"https:\\\/\\\/uninavarra.edu.co\\\/catedrauninavarra\\\/#breadcrumb\"},\"inLanguage\":\"en-US\",\"potentialAction\":[{\"@type\":\"ReadAction\",\"target\":[\"https:\\\/\\\/uninavarra.edu.co\\\/catedrauninavarra\\\/\"]}]},{\"@type\":\"ImageObject\",\"inLanguage\":\"en-US\",\"@id\":\"https:\\\/\\\/uninavarra.edu.co\\\/catedrauninavarra\\\/#primaryimage\",\"url\":\"https:\\\/\\\/uninavarra.edu.co\\\/wp-content\\\/uploads\\\/2020\\\/04\\\/CatedraUninavarra_2020_Logo.jpg\",\"contentUrl\":\"https:\\\/\\\/uninavarra.edu.co\\\/wp-content\\\/uploads\\\/2020\\\/04\\\/CatedraUninavarra_2020_Logo.jpg\",\"width\":200,\"height\":200},{\"@type\":\"BreadcrumbList\",\"@id\":\"https:\\\/\\\/uninavarra.edu.co\\\/catedrauninavarra\\\/#breadcrumb\",\"itemListElement\":[{\"@type\":\"ListItem\",\"position\":1,\"name\":\"Home\",\"item\":\"https:\\\/\\\/uninavarra.edu.co\\\/\"},{\"@type\":\"ListItem\",\"position\":2,\"name\":\"C\u00e1tedra Uninavarra 2026\"}]},{\"@type\":\"WebSite\",\"@id\":\"https:\\\/\\\/uninavarra.edu.co\\\/#website\",\"url\":\"https:\\\/\\\/uninavarra.edu.co\\\/\",\"name\":\"UNINAVARRA\",\"description\":\"Haz realidad tu deseo de aprender\",\"publisher\":{\"@id\":\"https:\\\/\\\/uninavarra.edu.co\\\/#organization\"},\"potentialAction\":[{\"@type\":\"SearchAction\",\"target\":{\"@type\":\"EntryPoint\",\"urlTemplate\":\"https:\\\/\\\/uninavarra.edu.co\\\/?s={search_term_string}\"},\"query-input\":{\"@type\":\"PropertyValueSpecification\",\"valueRequired\":true,\"valueName\":\"search_term_string\"}}],\"inLanguage\":\"en-US\"},{\"@type\":\"Organization\",\"@id\":\"https:\\\/\\\/uninavarra.edu.co\\\/#organization\",\"name\":\"Fundaci\u00f3n Universitaria Navarra - UNINAVARRA\",\"url\":\"https:\\\/\\\/uninavarra.edu.co\\\/\",\"logo\":{\"@type\":\"ImageObject\",\"inLanguage\":\"en-US\",\"@id\":\"https:\\\/\\\/uninavarra.edu.co\\\/#\\\/schema\\\/logo\\\/image\\\/\",\"url\":\"https:\\\/\\\/uninavarra.edu.co\\\/wp-content\\\/uploads\\\/2024\\\/06\\\/Escudo-uninavarra-Solo.png\",\"contentUrl\":\"https:\\\/\\\/uninavarra.edu.co\\\/wp-content\\\/uploads\\\/2024\\\/06\\\/Escudo-uninavarra-Solo.png\",\"width\":1500,\"height\":1401,\"caption\":\"Fundaci\u00f3n Universitaria Navarra - UNINAVARRA\"},\"image\":{\"@id\":\"https:\\\/\\\/uninavarra.edu.co\\\/#\\\/schema\\\/logo\\\/image\\\/\"},\"sameAs\":[\"https:\\\/\\\/www.facebook.com\\\/UninavarraEduca\",\"https:\\\/\\\/x.com\\\/uninavarraeduca\",\"https:\\\/\\\/www.instagram.com\\\/uninavarra\\\/?hl=es\",\"https:\\\/\\\/www.linkedin.com\\\/in\\\/fundacin-universitaria-navarra-uninavarra-b41225222\\\/\"]}]}<\/script>\n<!-- \/ Yoast SEO plugin. -->","yoast_head_json":{"title":"C\u00e1tedra Uninavarra 2026 - Uninavarra","description":"La C\u00e1tedra UNINAVARRA es el espacio acad\u00e9mico concebido para el desarrollo de las competencias emprendedoras de los estudiantes de la Universidad, c\u00f3mo parte del desarrollo de la filosof\u00eda institucional y de su formaci\u00f3n integral. Un proceso acad\u00e9mico y de formaci\u00f3n que privilegia el aprendizaje te\u00f3rico pr\u00e1ctico a trav\u00e9s de la filosof\u00eda del aprender \u2013 haciendo y las pedagog\u00edas activas.","robots":{"index":"index","follow":"follow","max-snippet":"max-snippet:-1","max-image-preview":"max-image-preview:large","max-video-preview":"max-video-preview:-1"},"canonical":"https:\/\/uninavarra.edu.co\/en\/catedrauninavarra\/","og_locale":"en_US","og_type":"article","og_title":"C\u00e1tedra Uninavarra 2026 - Uninavarra","og_description":"La C\u00e1tedra UNINAVARRA es el espacio acad\u00e9mico concebido para el desarrollo de las competencias emprendedoras de los estudiantes de la Universidad, c\u00f3mo parte del desarrollo de la filosof\u00eda institucional y de su formaci\u00f3n integral. Un proceso acad\u00e9mico y de formaci\u00f3n que privilegia el aprendizaje te\u00f3rico pr\u00e1ctico a trav\u00e9s de la filosof\u00eda del aprender \u2013 haciendo y las pedagog\u00edas activas.","og_url":"https:\/\/uninavarra.edu.co\/en\/catedrauninavarra\/","og_site_name":"Uninavarra","article_publisher":"https:\/\/www.facebook.com\/UninavarraEduca","article_modified_time":"2026-04-29T19:13:16+00:00","og_image":[{"width":200,"height":200,"url":"https:\/\/uninavarra.edu.co\/wp-content\/uploads\/2020\/04\/CatedraUninavarra_2020_Logo.jpg","type":"image\/jpeg"}],"twitter_card":"summary_large_image","twitter_site":"@uninavarraeduca","twitter_misc":{"Est. reading time":"13 minutes"},"schema":{"@context":"https:\/\/schema.org","@graph":[{"@type":"WebPage","@id":"https:\/\/uninavarra.edu.co\/catedrauninavarra\/","url":"https:\/\/uninavarra.edu.co\/catedrauninavarra\/","name":"C\u00e1tedra Uninavarra 2026 - Uninavarra","isPartOf":{"@id":"https:\/\/uninavarra.edu.co\/#website"},"primaryImageOfPage":{"@id":"https:\/\/uninavarra.edu.co\/catedrauninavarra\/#primaryimage"},"image":{"@id":"https:\/\/uninavarra.edu.co\/catedrauninavarra\/#primaryimage"},"thumbnailUrl":"https:\/\/uninavarra.edu.co\/wp-content\/uploads\/2020\/04\/CatedraUninavarra_2020_Logo.jpg","datePublished":"2026-02-20T19:36:05+00:00","dateModified":"2026-04-29T19:13:16+00:00","description":"La C\u00e1tedra UNINAVARRA es el espacio acad\u00e9mico concebido para el desarrollo de las competencias emprendedoras de los estudiantes de la Universidad, c\u00f3mo parte del desarrollo de la filosof\u00eda institucional y de su formaci\u00f3n integral. Un proceso acad\u00e9mico y de formaci\u00f3n que privilegia el aprendizaje te\u00f3rico pr\u00e1ctico a trav\u00e9s de la filosof\u00eda del aprender \u2013 haciendo y las pedagog\u00edas activas.","breadcrumb":{"@id":"https:\/\/uninavarra.edu.co\/catedrauninavarra\/#breadcrumb"},"inLanguage":"en-US","potentialAction":[{"@type":"ReadAction","target":["https:\/\/uninavarra.edu.co\/catedrauninavarra\/"]}]},{"@type":"ImageObject","inLanguage":"en-US","@id":"https:\/\/uninavarra.edu.co\/catedrauninavarra\/#primaryimage","url":"https:\/\/uninavarra.edu.co\/wp-content\/uploads\/2020\/04\/CatedraUninavarra_2020_Logo.jpg","contentUrl":"https:\/\/uninavarra.edu.co\/wp-content\/uploads\/2020\/04\/CatedraUninavarra_2020_Logo.jpg","width":200,"height":200},{"@type":"BreadcrumbList","@id":"https:\/\/uninavarra.edu.co\/catedrauninavarra\/#breadcrumb","itemListElement":[{"@type":"ListItem","position":1,"name":"Home","item":"https:\/\/uninavarra.edu.co\/"},{"@type":"ListItem","position":2,"name":"C\u00e1tedra Uninavarra 2026"}]},{"@type":"WebSite","@id":"https:\/\/uninavarra.edu.co\/#website","url":"https:\/\/uninavarra.edu.co\/","name":"UNINAVARRA","description":"Make your desire to learn a reality","publisher":{"@id":"https:\/\/uninavarra.edu.co\/#organization"},"potentialAction":[{"@type":"SearchAction","target":{"@type":"EntryPoint","urlTemplate":"https:\/\/uninavarra.edu.co\/?s={search_term_string}"},"query-input":{"@type":"PropertyValueSpecification","valueRequired":true,"valueName":"search_term_string"}}],"inLanguage":"en-US"},{"@type":"Organization","@id":"https:\/\/uninavarra.edu.co\/#organization","name":"Navarre University Foundation - UNINAVARRA","url":"https:\/\/uninavarra.edu.co\/","logo":{"@type":"ImageObject","inLanguage":"en-US","@id":"https:\/\/uninavarra.edu.co\/#\/schema\/logo\/image\/","url":"https:\/\/uninavarra.edu.co\/wp-content\/uploads\/2024\/06\/Escudo-uninavarra-Solo.png","contentUrl":"https:\/\/uninavarra.edu.co\/wp-content\/uploads\/2024\/06\/Escudo-uninavarra-Solo.png","width":1500,"height":1401,"caption":"Fundaci\u00f3n Universitaria Navarra - UNINAVARRA"},"image":{"@id":"https:\/\/uninavarra.edu.co\/#\/schema\/logo\/image\/"},"sameAs":["https:\/\/www.facebook.com\/UninavarraEduca","https:\/\/x.com\/uninavarraeduca","https:\/\/www.instagram.com\/uninavarra\/?hl=es","https:\/\/www.linkedin.com\/in\/fundacin-universitaria-navarra-uninavarra-b41225222\/"]}]}},"_links":{"self":[{"href":"https:\/\/uninavarra.edu.co\/en\/wp-json\/wp\/v2\/pages\/97560","targetHints":{"allow":["GET"]}}],"collection":[{"href":"https:\/\/uninavarra.edu.co\/en\/wp-json\/wp\/v2\/pages"}],"about":[{"href":"https:\/\/uninavarra.edu.co\/en\/wp-json\/wp\/v2\/types\/page"}],"author":[{"embeddable":true,"href":"https:\/\/uninavarra.edu.co\/en\/wp-json\/wp\/v2\/users\/13"}],"replies":[{"embeddable":true,"href":"https:\/\/uninavarra.edu.co\/en\/wp-json\/wp\/v2\/comments?post=97560"}],"version-history":[{"count":4,"href":"https:\/\/uninavarra.edu.co\/en\/wp-json\/wp\/v2\/pages\/97560\/revisions"}],"predecessor-version":[{"id":99200,"href":"https:\/\/uninavarra.edu.co\/en\/wp-json\/wp\/v2\/pages\/97560\/revisions\/99200"}],"wp:featuredmedia":[{"embeddable":true,"href":"https:\/\/uninavarra.edu.co\/en\/wp-json\/wp\/v2\/media\/24543"}],"wp:attachment":[{"href":"https:\/\/uninavarra.edu.co\/en\/wp-json\/wp\/v2\/media?parent=97560"}],"wp:term":[{"taxonomy":"category","embeddable":true,"href":"https:\/\/uninavarra.edu.co\/en\/wp-json\/wp\/v2\/categories?post=97560"},{"taxonomy":"post_tag","embeddable":true,"href":"https:\/\/uninavarra.edu.co\/en\/wp-json\/wp\/v2\/tags?post=97560"}],"curies":[{"name":"wp","href":"https:\/\/api.w.org\/{rel}","templated":true}]}}