{"id":86295,"date":"2025-01-21T15:57:12","date_gmt":"2025-01-21T20:57:12","guid":{"rendered":"https:\/\/uninavarra.edu.co\/?page_id=86295"},"modified":"2025-12-10T17:38:26","modified_gmt":"2025-12-10T22:38:26","slug":"eventos-2025-ingenieria-industrial","status":"publish","type":"page","link":"https:\/\/uninavarra.edu.co\/en\/landing\/ingenieria-industrial\/eventos-ingenieria-industrial\/eventos-2025-ingenieria-industrial\/","title":{"rendered":"Events 2025 - Industrial Engineering"},"content":{"rendered":"<div class=\"wpb-content-wrapper\"><div class=\"wpb-container\"><div class=\"container\"><div class=\"vc_row wpb_row vc_row-fluid row\"><div class=\"col-sm-12  vc_\">\n\t\t<div class=\"wpb_wrapper\">\n\t\t\t<div class=\"vc_empty_space\"   style=\"height: 32px\"><span class=\"vc_empty_space_inner\"><\/span><\/div>\n\t<div class=\"wpb_raw_code wpb_raw_html wpb_content_element\" >\n\t\t<div class=\"wpb_wrapper\">\n\t\t\t <div class=\"container2 extension\" id=\"extension\">\n\n<!-- Targeta #27 -->\n                <a class=\"popmake-95893\">\n                    <div class='card exte'>\n                        <div class='card-header'>\n                            <img src='https:\/\/uninavarra.edu.co\/wp-content\/uploads\/2025\/12\/IA-en-la-industria-1.png' \/>\n                            <div class='card-body'>\n                                <p style='color:#393434'>Innovation that connects: Mirror Class between UNINAVARRA and Uniminuto strengthens training in Artificial Intelligence applied to Industry<\/p>\n                            <\/div>\n                        <\/div>\n                    <\/div>\n                <\/a>\n\n\n\n <!-- Targeta #26 -->\n                <a class=\"popmake-95564\">\n                    <div class='card exte'>\n                        <div class='card-header'>\n                            <img src='https:\/\/uninavarra.edu.co\/wp-content\/uploads\/2025\/11\/ENCUENTRO-INTERNACIONAL-DE-SEMILERO-3.jpg' \/>\n                            <div class='card-body'>\n                                <p style='color:#393434'>Third International Meeting of Research Seedbeds \u201cOpening Frontiers\u201d: a commitment to science without limits from UNINAVARRA<\/p>\n                            <\/div>\n                        <\/div>\n                    <\/div>\n                <\/a>\n\n <!-- Targeta #25 -->\n                <a class=\"popmake-95570\">\n                    <div class='card exte'>\n                        <div class='card-header'>\n                            <img src='https:\/\/uninavarra.edu.co\/wp-content\/uploads\/2025\/11\/Juan-Parra-1-scaled.png' \/>\n                            <div class='card-body'>\n                                <p style='color:#393434'>Professor Juan David Parra Quintero: Excellence that transforms from teaching<\/p>\n                            <\/div>\n                        <\/div>\n                    <\/div>\n                <\/a>\n\n             <!-- Targeta #24 -->\n                <a class=\"popmake-95572\">\n                    <div class='card exte'>\n                        <div class='card-header'>\n                            <img src='https:\/\/uninavarra.edu.co\/wp-content\/uploads\/2025\/11\/Investigacion-que-transforma-1-scaled.png' \/>\n                            <div class='card-body'>\n                                <p style='color:#393434'>Investigaci\u00f3n que transforma: destacada participaci\u00f3n del ingeniero Juan David Parra Quintero en el IV WCMS - VIII Congreso Internacional de Investigaci\u00f3n e Innovaci\u00f3n UNINAVARRA<\/p>\n                            <\/div>\n                        <\/div>\n                    <\/div>\n                <\/a>\n\n              <!-- Targeta #23 -->\n                <a class=\"popmake-94723\">\n                    <div class='card exte'>\n                        <div class='card-header'>\n                            <img src='https:\/\/uninavarra.edu.co\/wp-content\/uploads\/2025\/10\/HUSAC-1.jpg'alt='' \/>\n                            <div class='card-body'>\n                                <p style='color:#393434'>Ingenier\u00eda Industrial de UNINAVARRA fortalece competencias en el HUSAC<\/p>\n                            <\/div>\n                        <\/div>\n                    <\/div>\n                <\/a>\n\n              <!-- Targeta #22 -->\n                <a class=\"popmake-94721\">\n                    <div class='card exte'>\n                        <div class='card-header'>\n                            <img src='https:\/\/uninavarra.edu.co\/wp-content\/uploads\/2025\/10\/Ecopetrol-1.jpg'alt='' \/>\n                            <div class='card-body'>\n                                <p style='color:#393434'>UNINAVARRA fortalece la formaci\u00f3n pr\u00e1ctica con visita acad\u00e9mica al Centro de Atenci\u00f3n Local \u2013 Neiva<\/p>\n                            <\/div>\n                        <\/div>\n                    <\/div>\n                <\/a>\n\n              <!-- Targeta #21 -->\n                <a class=\"popmake-94232\">\n                    <div class='card exte'>\n                        <div class='card-header'>\n                            <img src='https:\/\/uninavarra.edu.co\/wp-content\/uploads\/2025\/09\/alcanos-1.jpg'alt='' \/>\n                            <div class='card-body'>\n                                <p style='color:#393434'>\nAlianzas que transforman el futuro<\/p>\n                            <\/div>\n                        <\/div>\n                    <\/div>\n                <\/a>\n\n                     <!-- Targeta #20 -->\n                <a class=\"popmake-95871\">\n                    <div class='card exte'>\n                        <div class='card-header'>\n                            <img src='https:\/\/uninavarra.edu.co\/wp-content\/uploads\/2025\/12\/foto-1-nueva-granada.png'alt='' \/>\n                            <div class='card-body'>\n                                <p style='color:#393434'>Un D\u00eda Como Ingeniero: Inspirando Vocaciones en el Colegio Nueva Granada<\/p>\n                            <\/div>\n                        <\/div>\n                    <\/div>\n                <\/a>\n\n                <!-- Targeta #19 -->\n                <a class=\"popmake-94229\">\n                    <div class='card exte'>\n                        <div class='card-header'>\n                            <img src='https:\/\/uninavarra.edu.co\/wp-content\/uploads\/2025\/09\/Concretos-1.jpg'alt='' \/>\n                            <div class='card-body'>\n                                <p style='color:#393434'>Aprendizaje en Acci\u00f3n<\/p>\n                            <\/div>\n                        <\/div>\n                    <\/div>\n                <\/a>\n\n                <!-- Targeta #18 -->\n                <a class=\"popmake-93735\">\n                    <div class='card exte'>\n                        <div class='card-header'>\n                            <img src='https:\/\/uninavarra.edu.co\/wp-content\/uploads\/2025\/08\/IMG_0166.jpg'alt='' \/>\n                            <div class='card-body'>\n                                <p style='color:#393434'>Reinducci\u00f3n 2025: Un compromiso renovado con la excelencia y el liderazgo estudiantil<\/p>\n                            <\/div>\n                        <\/div>\n                    <\/div>\n                <\/a>\n\n                <!-- Targeta #17 -->\n                <a class=\"popmake-93121\">\n                    <div class='card exte'>\n                        <div class='card-header'>\n                            <img src='https:\/\/uninavarra.edu.co\/wp-content\/uploads\/slider\/cache\/a675c9be7224a7292318f79e017f5c96\/IE-San-Juan-Bosco-1-1.jpg'alt='' \/>\n                            <div class='card-body'>\n                                <p style='color:#393434'>\u201cUn D\u00eda como Ingeniero\u201d: Inspirando vocaciones y construyendo futuros desde el colegio<\/p>\n                            <\/div>\n                        <\/div>\n                    <\/div>\n                <\/a>\n\n                <!-- Targeta #16 -->\n                <a class=\"popmake-91720\">\n                    <div class='card exte'>\n                        <div class='card-header'>\n                            <img src='https:\/\/uninavarra.edu.co\/wp-content\/uploads\/2025\/07\/Dialogos-Culturales-Cultura-de-Mexico3.jpg'alt='' \/>\n                            <div class='card-body'>\n                                <p style='color:#393434'>Cultural Dialogues: Culture of Mexico - Durango and Durango, a meeting to strengthen respect, inclusion and intercultural cooperation<\/p>\n                            <\/div>\n                        <\/div>\n                    <\/div>\n                <\/a>\n\n                <!-- Targeta #15 -->\n                <a class=\"popmake-91092\">\n                    <div class='card exte'>\n                        <div class='card-header'>\n                            <img src='https:\/\/uninavarra.edu.co\/wp-content\/uploads\/2025\/06\/IMG-20250506-WA0001.jpg'alt='' \/>\n                            <div class='card-body'>\n                                <p style='color:#393434'>Navegando con Seguridad: UNINAVARRA promotes the responsible use of social networks among young people from Huila<\/p>\n                            <\/div>\n                        <\/div>\n                    <\/div>\n                <\/a>\n\n                <!-- Targeta #14 -->\n\n                <a class=\"popmake-90895\">\n                    <div class='card exte'>\n                        <div class='card-header'>\n                            <img src='https:\/\/uninavarra.edu.co\/wp-content\/uploads\/2025\/06\/IMG_20250320_150321885_HDR.jpg'alt='' \/>\n                            <div class='card-body'>\n                                <p style='color:#393434'>Simulation for Excellence: Industrial Engineering students strengthen their training at HUSAC<\/p>\n                            <\/div>\n                        <\/div>\n                    <\/div>\n                <\/a>\n\n                <!-- Targeta #13 -->\n\n                <a class=\"popmake-90752\">\n                    <div class='card exte'>\n                        <div class='card-header'>\n                            <img src='https:\/\/uninavarra.edu.co\/wp-content\/uploads\/2025\/06\/ExpoTECH-2025-1.jpg'alt='' \/>\n                            <div class='card-body'>\n                                <p style='color:#393434'>UNINAVARRA at EXPOTECH 2025: Artificial Intelligence at the service of sustainable energy<\/p>\n                            <\/div>\n                        <\/div>\n                    <\/div>\n                <\/a>\n\n                <!-- Targeta #12 -->\n\n                <a class=\"popmake-90750\">\n                    <div class='card exte'>\n                        <div class='card-header'>\n                            <img src='https:\/\/uninavarra.edu.co\/wp-content\/uploads\/2025\/06\/Matematicas-3.jpg'alt='' \/>\n                            <div class='card-body'>\n                                <p style='color:#393434'>\"Mathematics in 3D: From Algebra to Reality\", a project that transforms education from engineering and technology.<\/p>\n                            <\/div>\n                        <\/div>\n                    <\/div>\n                <\/a>\n\n                <!-- Targeta #11 -->\n\n                <a class=\"popmake-90734\">\n                    <div class='card exte'>\n                        <div class='card-header'>\n                            <img src='https:\/\/uninavarra.edu.co\/wp-content\/uploads\/2025\/06\/UN-CAFFE-CON-EL-DECANO-5.jpg'alt='' \/>\n                            <div class='card-body'>\n                                <p style='color:#393434'>UN CAFFE CON EL DECANO <\/p>\n                            <\/div>\n                        <\/div>\n                    <\/div>\n                <\/a>\n\n                <!-- Targeta #10 -->\n\n                <a class=\"popmake-90680\">\n                    <div class='card exte'>\n                        <div class='card-header'>\n                            <img src='https:\/\/uninavarra.edu.co\/wp-content\/uploads\/2025\/06\/captura-1.jpg'alt='' \/>\n                            <div class='card-body'>\n                                <p style='color:#393434'>UNINAVARRA drives regional development with the project \"Transformational Leadership for MSMEs\" in Neiva<\/p>\n                            <\/div>\n                        <\/div>\n                    <\/div>\n                <\/a>\n\n                <!-- Targeta #9 -->\n\n                <a class=\"popmake-90605\">\n                    <div class='card exte'>\n                        <div class='card-header'>\n                            <img src='https:\/\/uninavarra.edu.co\/wp-content\/uploads\/2025\/06\/Liderazgo-Transformador-para-MIPYMES4.jpg'alt='' \/>\n                            <div class='card-body'>\n                                <p style='color:#393434'>UNINAVARRA drives regional development with the project \"Transformational Leadership for MSMEs\" in Neiva<\/p>\n                            <\/div>\n                        <\/div>\n                    <\/div>\n                <\/a>\n\n                <!-- Targeta #8 -->\n\n                <a class=\"popmake-89298\">\n                    <div class='card exte'>\n                        <div class='card-header'>\n                            <img src='https:\/\/uninavarra.edu.co\/wp-content\/uploads\/2025\/05\/LA-INGENIERIA-QUE-SE-VIVE-ESTUDIANTES-DE-UNINAVARRA-VISITAN-ESTUFAS-ECOEFICIENTES-METALCOF-S.A.S-4.jpg'alt='' \/>\n                            <div class='card-body'>\n                                <p style='color:#393434'>Engineering That Is Lived: Uninavarra Students Visit Metalcof S.A.S. Eco-efficient Stoves.<\/p>\n                            <\/div>\n                        <\/div>\n                    <\/div>\n                <\/a>\n\n                <!-- Targeta #7 -->\n\n                <a class=\"popmake-89299\">\n                    <div class='card exte'>\n                        <div class='card-header'>\n                            <img src='https:\/\/uninavarra.edu.co\/wp-content\/uploads\/2025\/05\/UNINAVARRA-impulsa-la-conversacion-global-sobre-Inteligencia-Artificial-2.png'alt='' \/>\n                            <div class='card-body'>\n                                <p style='color:#393434'>Uninavarra Promotes The Global Conversation On Artificial Intelligence In Its II International Seminar: Towards An Autonomous And Intelligent Future.<\/p>\n                            <\/div>\n                        <\/div>\n                    <\/div>\n                <\/a>\n\n                <!-- Targeta #6 -->\n\n                <a class=\"popmake-88355\">\n                    <div class='card exte'>\n                        <div class='card-header'>\n                            <img src='https:\/\/uninavarra.edu.co\/wp-content\/uploads\/2025\/04\/Innovacion-y-Estrategias-en-Seguridad-y-Salud-en-el-Trabajo-1.png'alt='' \/>\n                            <div class='card-body'>\n                                <p style='color:#393434'>Webinar on Innovation in Occupational Safety and Health: Beyond Minimum Standards<\/p>\n                            <\/div>\n                        <\/div>\n                    <\/div>\n                <\/a>\n\n                <!-- Targeta #5 -->\n\n                <a class=\"popmake-88356\">\n                    <div class='card exte'>\n                        <div class='card-header'>\n                            <img src='https:\/\/uninavarra.edu.co\/wp-content\/uploads\/2025\/04\/Investigacion-1.jpeg'alt='' \/>\n                            <div class='card-body'>\n                                <p style='color:#393434'>Artificial Intelligence Revolutionizing Academic Research in UNINAVARRA<\/p>\n                            <\/div>\n                        <\/div>\n                    <\/div>\n                <\/a>\n\n                <!-- Targeta #4 -->\n\n                <a class=\"popmake-87922\">\n                    <div class='card exte'>\n                        <div class='card-header'>\n                            <img src='https:\/\/uninavarra.edu.co\/wp-content\/uploads\/2025\/03\/Tolimax-1-scaled.jpeg'alt='' \/>\n                            <div class='card-body'>\n                                <p style='color:#393434'>Industrial Engineering Students Strengthen their Education with an Academic Visit to Tolimax S.A.<\/p>\n                            <\/div>\n                        <\/div>\n                    <\/div>\n                <\/a>\n\n                <!-- Targeta #3 -->\n\n                <a class=\"popmake-87921\">\n                    <div class='card exte'>\n                        <div class='card-header'>\n                            <img src='https:\/\/uninavarra.edu.co\/wp-content\/uploads\/2025\/03\/Cazadores-de-talento-1.png'alt='' \/>\n                            <div class='card-body'>\n                                <p style='color:#393434'>Talent Hunters: A Webinar to Transform Enterprise Recruitment Management<\/p>\n                            <\/div>\n                        <\/div>\n                    <\/div>\n                <\/a>\n\n                <!-- Targeta #2 -->\n\n                <a class=\"popmake-87687\">\n                    <div class='card exte'>\n                        <div class='card-header'>\n                            <img src='https:\/\/uninavarra.edu.co\/wp-content\/uploads\/2025\/03\/Induccion.jpg'alt='' \/>\n                            <div class='card-body'>\n                                <p style='color:#393434'>Reinduction of students and teachers<\/p>\n                            <\/div>\n                        <\/div>\n                    <\/div>\n                <\/a>\n\n                <!-- Targeta #1 -->\n\n                <a class=\"popmake-87688\">\n                    <div class='card exte'>\n                        <div class='card-header'>\n                            <img src='https:\/\/uninavarra.edu.co\/wp-content\/uploads\/2025\/03\/Webinar-1.png'alt='' \/>\n                            <div class='card-body'>\n                                <p style='color:#393434'>Deciphering the mind of the buyer: a webinar that transforms the way you do business<\/p>\n                            <\/div>\n                        <\/div>\n                    <\/div>\n                <\/a>\n\n             \n<\/div>\n\t\t<\/div>\n\t<\/div>\n\n\t<div class=\"wpb_raw_code wpb_raw_html wpb_content_element\" >\n\t\t<div class=\"wpb_wrapper\">\n\t\t\t<style>\n.container2 {\n    display: flex;\n    justify-content: space-evenly;\n    flex-wrap: wrap;\n    max-width: 100%;\n}\n\n.card {\n    margin: 10px;\n    background-color: #fff;\n    border-radius: 10px;\n    transition: transform 0.3s ease;\n    box-shadow: 0 2px 20px rgba(0, 0, 0, 0.2);\n    overflow: hidden;\n    width: 250px !important;\n    min-height: 270px;\n}\n\n.card:hover {\n    transform: scale(1.1);\n}\n\n.card-header img {\n    width: 100%;\n    height: 150px;\n    object-fit: cover;\n    object-position: center center;\n    image-rendering: auto;\n}\n\n.card-body {\n    display: flex;\n    flex-direction: column;\n    justify-content: center;\n    align-items: center; \/* Cambiado a 'center' para centrar el contenido *\/\n    padding: 17px;\n    min-height: 108px;\n    max-height: 126px;\n}\n\n.tag {\n    background: #cccccc;\n    border-radius: 50px;\n    font-size: 12px;\n    margin: 0;\n    padding: 20px;\n    color: #fff;\n    padding: 2px 10px;\n    text-transform: uppercase;\n    cursor: pointer;\n}\n\n.tag-teal {\n    background-color: #47bcd4;\n}\n\n.tag-purple {\n    background-color: #5e76bf;\n}\n\n.tag-pink {\n    background-color: #cd5b9f;\n}\n\n.card-body p {\n    font-size: 14px !important;\n    margin: 0 0 10px;\n    line-height: 1.2;\n    text-align: center;\n}\n\n.card-footer {\n    text-align: center;\n    margin-bottom: -5px;\n}\n\n.user {\n    display: flex;\n    margin-top: auto;\n}\n\n.user img {\n    border-radius: 50%;\n    width: 40px;\n    height: 40px;\n    margin-right: 10px;\n}\n\n.user-info h5 {\n    margin: 0;\n}\n\n.user-info small {\n    color: #545d7a;\n}\n\n.floating-menu {\n    display: none;\n}\n\na:hover, a:focus, a:active {\n    text-decoration: none;\n}\n<\/style>\n\n\t\t<\/div>\n\t<\/div>\n\n\t<div class=\"wpb_raw_code wpb_raw_html wpb_content_element\" >\n\t\t<div class=\"wpb_wrapper\">\n\t\t\t<link rel=\"preconnect\" href=\"https:\/\/fonts.gstatic.com\">\n<link href=\"https:\/\/fonts.googleapis.com\/css2?family=Raleway:ital,wght@0,400;0,700;1,400&display=swap\" rel=\"stylesheet\">\n<link href=\"https:\/\/fonts.googleapis.com\/css2?family=Lato:wght@400;700&display=swap\" rel=\"stylesheet\">\n<link href=\"https:\/\/fonts.googleapis.com\/icon?family=Material+Icons\" rel=\"stylesheet\">\n\n<style>\n\/* Arregla el tama\u00f1o de la letra del slider cina ya que esta en 'rem' *\/ html {font-size: 100%} .navbar-mega .navbar-nav > li .dropdown-menu li a {font-size: 14px !important;}\n\n\/* CAMBIO COLOR DE LA LETRA Y ESTILO *\/\n#wpo-mainbody, #wpo-mainbody h2, #wpo-mainbody h3, #wpo-mainbody h4, #wpo-mainbody p, #wpo-mainbody a, #wpo-mainbody strong, #wpo-mainbody em, #wpo-mainbody th, #wpo-mainbody tr, #wpo-mainbody td, #wpo-mainbody ol, #wpo-mainbody ul, #wpo-mainbody li, #wpo-mainbody :after {\n    font-family: 'Raleway', sans-serif\n}\n\n#wpo-mainbody p {\n    font-size: 18px;\n    line-height: 15px;\n}\n\n#wpo-mainbody li {\n    font-size: 18px;\n    line-height: 15px;\n}\n\n#wpo-mainbody a {\n    text-decoration: none;\n    \/*color: #555;*\/\n}\n\n#wpo-mainbody a:hover {\n    transition: 0.4s;\n    \/*color: rgb(239, 184, 16);*\/\n}\n\n#wpo-mainbody strong {\n    line-height: 15px\n}\n\n\/* Estilo Aplicado en Listas de Semilleros de los Grupos de Investigaci\u00f3n *\/\n#wpo-mainbody .lista_semilleros ul {\n    padding-inline-start: 35px;\n}\n\n#wpo-mainbody .lista_semilleros li {\n\tline-height: 20px\n}\n\n#wpo-mainbody .lista_semilleros ul li {\n\tfont-size: 15px;\n\tmargin-left: 20px;\n\tmargin-bottom: 15px\n}\n\n#wpo-mainbody .lista_semilleros li:last-child ul li {\n\tmargin-bottom: 0\n}\n\n#wpo-mainbody .lista_semilleros ul li:before {\n    position: absolute;\n    background: none;\n}\n<\/style>\n\t\t<\/div>\n\t<\/div>\n\n\t\t<\/div> \n\t<\/div><\/div><\/div><\/div>\n<\/div>","protected":false},"excerpt":{"rendered":"Innovaci\u00f3n que conecta: Clase espejo entre UNINAVARRA y Uniminuto fortalece la formaci\u00f3n en Inteligencia Artificial aplicada a la Industria Tercer Encuentro Internacional de Semilleros de Investigaci\u00f3n \u201cAbriendo Fronteras\u201d: una apuesta [...]","protected":false},"author":13,"featured_media":68058,"parent":82927,"menu_order":0,"comment_status":"closed","ping_status":"closed","template":"","meta":{"footnotes":""},"categories":[],"tags":[],"class_list":["post-86295","page","type-page","status-publish","has-post-thumbnail","hentry"],"yoast_head":"<!-- This site is optimized with the Yoast SEO plugin v27.4 - https:\/\/yoast.com\/product\/yoast-seo-wordpress\/ -->\n<title>Eventos 2025 - Ingenier\u00eda Industrial - Uninavarra<\/title>\n<meta name=\"robots\" content=\"index, follow, max-snippet:-1, max-image-preview:large, max-video-preview:-1\" \/>\n<link rel=\"canonical\" href=\"https:\/\/uninavarra.edu.co\/en\/landing\/ingenieria-industrial\/eventos-ingenieria-industrial\/eventos-2025-ingenieria-industrial\/\" \/>\n<meta property=\"og:locale\" content=\"en_US\" \/>\n<meta property=\"og:type\" content=\"article\" \/>\n<meta property=\"og:title\" content=\"Eventos 2025 - Ingenier\u00eda Industrial - Uninavarra\" \/>\n<meta property=\"og:url\" content=\"https:\/\/uninavarra.edu.co\/en\/landing\/ingenieria-industrial\/eventos-ingenieria-industrial\/eventos-2025-ingenieria-industrial\/\" \/>\n<meta property=\"og:site_name\" content=\"Uninavarra\" \/>\n<meta property=\"article:publisher\" content=\"https:\/\/www.facebook.com\/UninavarraEduca\" \/>\n<meta property=\"article:modified_time\" content=\"2025-12-10T22:38:26+00:00\" \/>\n<meta property=\"og:image\" content=\"https:\/\/uninavarra.edu.co\/wp-content\/uploads\/2023\/12\/banner-generico.png\" \/>\n\t<meta property=\"og:image:width\" content=\"2480\" \/>\n\t<meta property=\"og:image:height\" content=\"276\" \/>\n\t<meta property=\"og:image:type\" content=\"image\/png\" \/>\n<meta name=\"twitter:card\" content=\"summary_large_image\" \/>\n<meta name=\"twitter:site\" content=\"@uninavarraeduca\" \/>\n<meta name=\"twitter:label1\" content=\"Est. reading time\" \/>\n\t<meta name=\"twitter:data1\" content=\"1 minute\" \/>\n<script type=\"application\/ld+json\" class=\"yoast-schema-graph\">{\"@context\":\"https:\\\/\\\/schema.org\",\"@graph\":[{\"@type\":\"WebPage\",\"@id\":\"https:\\\/\\\/uninavarra.edu.co\\\/landing\\\/ingenieria-industrial\\\/eventos-ingenieria-industrial\\\/eventos-2025-ingenieria-industrial\\\/\",\"url\":\"https:\\\/\\\/uninavarra.edu.co\\\/landing\\\/ingenieria-industrial\\\/eventos-ingenieria-industrial\\\/eventos-2025-ingenieria-industrial\\\/\",\"name\":\"Eventos 2025 - Ingenier\u00eda Industrial - Uninavarra\",\"isPartOf\":{\"@id\":\"https:\\\/\\\/uninavarra.edu.co\\\/#website\"},\"primaryImageOfPage\":{\"@id\":\"https:\\\/\\\/uninavarra.edu.co\\\/landing\\\/ingenieria-industrial\\\/eventos-ingenieria-industrial\\\/eventos-2025-ingenieria-industrial\\\/#primaryimage\"},\"image\":{\"@id\":\"https:\\\/\\\/uninavarra.edu.co\\\/landing\\\/ingenieria-industrial\\\/eventos-ingenieria-industrial\\\/eventos-2025-ingenieria-industrial\\\/#primaryimage\"},\"thumbnailUrl\":\"https:\\\/\\\/uninavarra.edu.co\\\/wp-content\\\/uploads\\\/2023\\\/12\\\/banner-generico.png\",\"datePublished\":\"2025-01-21T20:57:12+00:00\",\"dateModified\":\"2025-12-10T22:38:26+00:00\",\"breadcrumb\":{\"@id\":\"https:\\\/\\\/uninavarra.edu.co\\\/landing\\\/ingenieria-industrial\\\/eventos-ingenieria-industrial\\\/eventos-2025-ingenieria-industrial\\\/#breadcrumb\"},\"inLanguage\":\"en-US\",\"potentialAction\":[{\"@type\":\"ReadAction\",\"target\":[\"https:\\\/\\\/uninavarra.edu.co\\\/landing\\\/ingenieria-industrial\\\/eventos-ingenieria-industrial\\\/eventos-2025-ingenieria-industrial\\\/\"]}]},{\"@type\":\"ImageObject\",\"inLanguage\":\"en-US\",\"@id\":\"https:\\\/\\\/uninavarra.edu.co\\\/landing\\\/ingenieria-industrial\\\/eventos-ingenieria-industrial\\\/eventos-2025-ingenieria-industrial\\\/#primaryimage\",\"url\":\"https:\\\/\\\/uninavarra.edu.co\\\/wp-content\\\/uploads\\\/2023\\\/12\\\/banner-generico.png\",\"contentUrl\":\"https:\\\/\\\/uninavarra.edu.co\\\/wp-content\\\/uploads\\\/2023\\\/12\\\/banner-generico.png\",\"width\":2480,\"height\":276,\"caption\":\"banner generico\"},{\"@type\":\"BreadcrumbList\",\"@id\":\"https:\\\/\\\/uninavarra.edu.co\\\/landing\\\/ingenieria-industrial\\\/eventos-ingenieria-industrial\\\/eventos-2025-ingenieria-industrial\\\/#breadcrumb\",\"itemListElement\":[{\"@type\":\"ListItem\",\"position\":1,\"name\":\"Home\",\"item\":\"https:\\\/\\\/uninavarra.edu.co\\\/\"},{\"@type\":\"ListItem\",\"position\":2,\"name\":\"Oferta acad\u00e9mica &#8211; Programas UNINAVARRA\",\"item\":\"https:\\\/\\\/uninavarra.edu.co\\\/landing\\\/\"},{\"@type\":\"ListItem\",\"position\":3,\"name\":\"Ingenier\u00eda Industrial\",\"item\":\"https:\\\/\\\/uninavarra.edu.co\\\/landing\\\/ingenieria-industrial\\\/\"},{\"@type\":\"ListItem\",\"position\":4,\"name\":\"Eventos Ingenier\u00eda Industrial\",\"item\":\"https:\\\/\\\/uninavarra.edu.co\\\/landing\\\/ingenieria-industrial\\\/eventos-ingenieria-industrial\\\/\"},{\"@type\":\"ListItem\",\"position\":5,\"name\":\"Eventos 2025 &#8211; Ingenier\u00eda Industrial\"}]},{\"@type\":\"WebSite\",\"@id\":\"https:\\\/\\\/uninavarra.edu.co\\\/#website\",\"url\":\"https:\\\/\\\/uninavarra.edu.co\\\/\",\"name\":\"UNINAVARRA\",\"description\":\"Haz realidad tu deseo de aprender\",\"publisher\":{\"@id\":\"https:\\\/\\\/uninavarra.edu.co\\\/#organization\"},\"potentialAction\":[{\"@type\":\"SearchAction\",\"target\":{\"@type\":\"EntryPoint\",\"urlTemplate\":\"https:\\\/\\\/uninavarra.edu.co\\\/?s={search_term_string}\"},\"query-input\":{\"@type\":\"PropertyValueSpecification\",\"valueRequired\":true,\"valueName\":\"search_term_string\"}}],\"inLanguage\":\"en-US\"},{\"@type\":\"Organization\",\"@id\":\"https:\\\/\\\/uninavarra.edu.co\\\/#organization\",\"name\":\"Fundaci\u00f3n Universitaria Navarra - UNINAVARRA\",\"url\":\"https:\\\/\\\/uninavarra.edu.co\\\/\",\"logo\":{\"@type\":\"ImageObject\",\"inLanguage\":\"en-US\",\"@id\":\"https:\\\/\\\/uninavarra.edu.co\\\/#\\\/schema\\\/logo\\\/image\\\/\",\"url\":\"https:\\\/\\\/uninavarra.edu.co\\\/wp-content\\\/uploads\\\/2024\\\/06\\\/Escudo-uninavarra-Solo.png\",\"contentUrl\":\"https:\\\/\\\/uninavarra.edu.co\\\/wp-content\\\/uploads\\\/2024\\\/06\\\/Escudo-uninavarra-Solo.png\",\"width\":1500,\"height\":1401,\"caption\":\"Fundaci\u00f3n Universitaria Navarra - UNINAVARRA\"},\"image\":{\"@id\":\"https:\\\/\\\/uninavarra.edu.co\\\/#\\\/schema\\\/logo\\\/image\\\/\"},\"sameAs\":[\"https:\\\/\\\/www.facebook.com\\\/UninavarraEduca\",\"https:\\\/\\\/x.com\\\/uninavarraeduca\",\"https:\\\/\\\/www.instagram.com\\\/uninavarra\\\/?hl=es\",\"https:\\\/\\\/www.linkedin.com\\\/in\\\/fundacin-universitaria-navarra-uninavarra-b41225222\\\/\"]}]}<\/script>\n<!-- \/ Yoast SEO plugin. -->","yoast_head_json":{"title":"Eventos 2025 - Ingenier\u00eda Industrial - Uninavarra","robots":{"index":"index","follow":"follow","max-snippet":"max-snippet:-1","max-image-preview":"max-image-preview:large","max-video-preview":"max-video-preview:-1"},"canonical":"https:\/\/uninavarra.edu.co\/en\/landing\/ingenieria-industrial\/eventos-ingenieria-industrial\/eventos-2025-ingenieria-industrial\/","og_locale":"en_US","og_type":"article","og_title":"Eventos 2025 - Ingenier\u00eda Industrial - Uninavarra","og_url":"https:\/\/uninavarra.edu.co\/en\/landing\/ingenieria-industrial\/eventos-ingenieria-industrial\/eventos-2025-ingenieria-industrial\/","og_site_name":"Uninavarra","article_publisher":"https:\/\/www.facebook.com\/UninavarraEduca","article_modified_time":"2025-12-10T22:38:26+00:00","og_image":[{"width":2480,"height":276,"url":"https:\/\/uninavarra.edu.co\/wp-content\/uploads\/2023\/12\/banner-generico.png","type":"image\/png"}],"twitter_card":"summary_large_image","twitter_site":"@uninavarraeduca","twitter_misc":{"Est. reading time":"1 minute"},"schema":{"@context":"https:\/\/schema.org","@graph":[{"@type":"WebPage","@id":"https:\/\/uninavarra.edu.co\/landing\/ingenieria-industrial\/eventos-ingenieria-industrial\/eventos-2025-ingenieria-industrial\/","url":"https:\/\/uninavarra.edu.co\/landing\/ingenieria-industrial\/eventos-ingenieria-industrial\/eventos-2025-ingenieria-industrial\/","name":"Eventos 2025 - Ingenier\u00eda Industrial - Uninavarra","isPartOf":{"@id":"https:\/\/uninavarra.edu.co\/#website"},"primaryImageOfPage":{"@id":"https:\/\/uninavarra.edu.co\/landing\/ingenieria-industrial\/eventos-ingenieria-industrial\/eventos-2025-ingenieria-industrial\/#primaryimage"},"image":{"@id":"https:\/\/uninavarra.edu.co\/landing\/ingenieria-industrial\/eventos-ingenieria-industrial\/eventos-2025-ingenieria-industrial\/#primaryimage"},"thumbnailUrl":"https:\/\/uninavarra.edu.co\/wp-content\/uploads\/2023\/12\/banner-generico.png","datePublished":"2025-01-21T20:57:12+00:00","dateModified":"2025-12-10T22:38:26+00:00","breadcrumb":{"@id":"https:\/\/uninavarra.edu.co\/landing\/ingenieria-industrial\/eventos-ingenieria-industrial\/eventos-2025-ingenieria-industrial\/#breadcrumb"},"inLanguage":"en-US","potentialAction":[{"@type":"ReadAction","target":["https:\/\/uninavarra.edu.co\/landing\/ingenieria-industrial\/eventos-ingenieria-industrial\/eventos-2025-ingenieria-industrial\/"]}]},{"@type":"ImageObject","inLanguage":"en-US","@id":"https:\/\/uninavarra.edu.co\/landing\/ingenieria-industrial\/eventos-ingenieria-industrial\/eventos-2025-ingenieria-industrial\/#primaryimage","url":"https:\/\/uninavarra.edu.co\/wp-content\/uploads\/2023\/12\/banner-generico.png","contentUrl":"https:\/\/uninavarra.edu.co\/wp-content\/uploads\/2023\/12\/banner-generico.png","width":2480,"height":276,"caption":"banner generico"},{"@type":"BreadcrumbList","@id":"https:\/\/uninavarra.edu.co\/landing\/ingenieria-industrial\/eventos-ingenieria-industrial\/eventos-2025-ingenieria-industrial\/#breadcrumb","itemListElement":[{"@type":"ListItem","position":1,"name":"Home","item":"https:\/\/uninavarra.edu.co\/"},{"@type":"ListItem","position":2,"name":"Oferta acad\u00e9mica &#8211; Programas UNINAVARRA","item":"https:\/\/uninavarra.edu.co\/landing\/"},{"@type":"ListItem","position":3,"name":"Ingenier\u00eda Industrial","item":"https:\/\/uninavarra.edu.co\/landing\/ingenieria-industrial\/"},{"@type":"ListItem","position":4,"name":"Eventos Ingenier\u00eda Industrial","item":"https:\/\/uninavarra.edu.co\/landing\/ingenieria-industrial\/eventos-ingenieria-industrial\/"},{"@type":"ListItem","position":5,"name":"Eventos 2025 &#8211; Ingenier\u00eda Industrial"}]},{"@type":"WebSite","@id":"https:\/\/uninavarra.edu.co\/#website","url":"https:\/\/uninavarra.edu.co\/","name":"UNINAVARRA","description":"Make your desire to learn a reality","publisher":{"@id":"https:\/\/uninavarra.edu.co\/#organization"},"potentialAction":[{"@type":"SearchAction","target":{"@type":"EntryPoint","urlTemplate":"https:\/\/uninavarra.edu.co\/?s={search_term_string}"},"query-input":{"@type":"PropertyValueSpecification","valueRequired":true,"valueName":"search_term_string"}}],"inLanguage":"en-US"},{"@type":"Organization","@id":"https:\/\/uninavarra.edu.co\/#organization","name":"Navarre University Foundation - UNINAVARRA","url":"https:\/\/uninavarra.edu.co\/","logo":{"@type":"ImageObject","inLanguage":"en-US","@id":"https:\/\/uninavarra.edu.co\/#\/schema\/logo\/image\/","url":"https:\/\/uninavarra.edu.co\/wp-content\/uploads\/2024\/06\/Escudo-uninavarra-Solo.png","contentUrl":"https:\/\/uninavarra.edu.co\/wp-content\/uploads\/2024\/06\/Escudo-uninavarra-Solo.png","width":1500,"height":1401,"caption":"Fundaci\u00f3n Universitaria Navarra - UNINAVARRA"},"image":{"@id":"https:\/\/uninavarra.edu.co\/#\/schema\/logo\/image\/"},"sameAs":["https:\/\/www.facebook.com\/UninavarraEduca","https:\/\/x.com\/uninavarraeduca","https:\/\/www.instagram.com\/uninavarra\/?hl=es","https:\/\/www.linkedin.com\/in\/fundacin-universitaria-navarra-uninavarra-b41225222\/"]}]}},"_links":{"self":[{"href":"https:\/\/uninavarra.edu.co\/en\/wp-json\/wp\/v2\/pages\/86295","targetHints":{"allow":["GET"]}}],"collection":[{"href":"https:\/\/uninavarra.edu.co\/en\/wp-json\/wp\/v2\/pages"}],"about":[{"href":"https:\/\/uninavarra.edu.co\/en\/wp-json\/wp\/v2\/types\/page"}],"author":[{"embeddable":true,"href":"https:\/\/uninavarra.edu.co\/en\/wp-json\/wp\/v2\/users\/13"}],"replies":[{"embeddable":true,"href":"https:\/\/uninavarra.edu.co\/en\/wp-json\/wp\/v2\/comments?post=86295"}],"version-history":[{"count":0,"href":"https:\/\/uninavarra.edu.co\/en\/wp-json\/wp\/v2\/pages\/86295\/revisions"}],"up":[{"embeddable":true,"href":"https:\/\/uninavarra.edu.co\/en\/wp-json\/wp\/v2\/pages\/82927"}],"wp:featuredmedia":[{"embeddable":true,"href":"https:\/\/uninavarra.edu.co\/en\/wp-json\/wp\/v2\/media\/68058"}],"wp:attachment":[{"href":"https:\/\/uninavarra.edu.co\/en\/wp-json\/wp\/v2\/media?parent=86295"}],"wp:term":[{"taxonomy":"category","embeddable":true,"href":"https:\/\/uninavarra.edu.co\/en\/wp-json\/wp\/v2\/categories?post=86295"},{"taxonomy":"post_tag","embeddable":true,"href":"https:\/\/uninavarra.edu.co\/en\/wp-json\/wp\/v2\/tags?post=86295"}],"curies":[{"name":"wp","href":"https:\/\/api.w.org\/{rel}","templated":true}]}}