{"id":86294,"date":"2025-01-21T15:57:10","date_gmt":"2025-01-21T20:57:10","guid":{"rendered":"https:\/\/uninavarra.edu.co\/?page_id=86294"},"modified":"2026-02-05T15:08:58","modified_gmt":"2026-02-05T20:08:58","slug":"eventos-2025-medicina-familiar","status":"publish","type":"page","link":"https:\/\/uninavarra.edu.co\/en\/especializacion-medicina-familiar\/eventos-medicina-familiar\/eventos-2025-medicina-familiar\/","title":{"rendered":"Events 2025 - Family Medicine"},"content":{"rendered":"<div class=\"wpb-content-wrapper\"><div class=\"wpb-container\"><div class=\"container\"><div class=\"vc_row wpb_row vc_row-fluid row\"><div class=\"col-sm-12  vc_\">\n\t\t<div class=\"wpb_wrapper\">\n\t\t\t<div class=\"vc_empty_space\"   style=\"height: 32px\"><span class=\"vc_empty_space_inner\"><\/span><\/div>\n\t<div class=\"wpb_raw_code wpb_raw_html wpb_content_element\" >\n\t\t<div class=\"wpb_wrapper\">\n\t\t\t<div class=\"container\">\n\n    <div class=\"container2 extension\" id=\"extension\">\n\n<!-- Targeta #58 -->\n\n\n        <a class=\"popmake-97297\">\n            <div class='card exte'>\n                <div class='card-header'>\n                    <img src='https:\/\/uninavarra.edu.co\/wp-content\/uploads\/2026\/02\/Aspectos-psicosociales-de-la-diabetes-mellitus-tipo-2-2.jpeg'alt='' \/>\n                    <div class='card-body'>\n                        <p style='color:#393434'>Aspectos psicosociales de la diabetes mellitus tipo 2: una mirada integral desde la Medicina Familiar <\/p>\n                    <\/div>\n                <\/div>\n            <\/div>\n        <\/a>\n\n\n\n\n\n<!-- Targeta #57 -->\n\n\n        <a class=\"popmake-97287\">\n            <div class='card exte'>\n                <div class='card-header'>\n                    <img src='https:\/\/uninavarra.edu.co\/wp-content\/uploads\/2026\/02\/ENCUEN1.jpe'alt='' \/>\n                    <div class='card-body'>\n                        <p style='color:#393434'>Encuentro Nacional de jefes de Residentes: UNINAVARRA destaca con la\nparticipaci\u00f3n de Mar\u00eda Araque <\/p>\n                    <\/div>\n                <\/div>\n            <\/div>\n        <\/a>\n\n\n\n\n\n<!-- Targeta #56 -->\n\n\n        <a class=\"popmake-97273\">\n            <div class='card exte'>\n                <div class='card-header'>\n                    <img src='https:\/\/uninavarra.edu.co\/wp-content\/uploads\/2026\/02\/Primer-Simposio-de-Dolor-basado-en-Medicina-Familiar-\u2013-Clinica-JUNICAL-1.jpeg'alt='' \/>\n                    <div class='card-body'>\n                        <p style='color:#393434'>Primer Simposio de Dolor basado en Medicina Familiar \u2013 Cl\u00ednica JUNICAL\nUn hito para la educaci\u00f3n m\u00e9dica continuada y la articulaci\u00f3n docencia-servicio\n<\/p>\n                    <\/div>\n                <\/div>\n            <\/div>\n        <\/a>\n\n\n\n\n<!-- Targeta #55 -->\n\n\n        <a class=\"popmake-95355\">\n            <div class='card exte'>\n                <div class='card-header'>\n                    <img src='https:\/\/uninavarra.edu.co\/wp-content\/uploads\/2025\/11\/Medicina-Familiar-UNINAVARRA-y-la-Fuerza-1.jpg'alt='' \/>\n                    <div class='card-body'>\n                        <p style='color:#393434'>Alianza de Servicio Comunitario: Medicina Familiar UNINAVARRA y la Fuerza\nAeroespacial de Colombia\n<\/p>\n                    <\/div>\n                <\/div>\n            <\/div>\n        <\/a>\n\n\n<!-- Targeta #54 -->\n\n<a class=\"popmake-95363\">\n            <div class='card exte'>\n                <div class='card-header'>\n                    <img src='https:\/\/uninavarra.edu.co\/wp-content\/uploads\/2025\/11\/Dia-de-los-Mejores-Medicina-Familiar-resplandece-con-merecidos-galardones-1.jpeg'alt='' \/>\n                    <div class='card-body'>\n                        <p style='color:#393434'>D\u00eda de los Mejores: Medicina Familiar resplandece con merecidos galardones\n<\/p>\n                    <\/div>\n                <\/div>\n            <\/div>\n        <\/a>\n\n        \n\n<!-- Targeta #53 -->\n\n        <a class=\"popmake-95282\">\n            <div class='card exte'>\n                <div class='card-header'>\n                    <img src='https:\/\/uninavarra.edu.co\/wp-content\/uploads\/2025\/11\/Residentes-y-docentes-de-la-especializacion-de-Medicina-1.png'alt='' \/>\n                    <div class='card-body'>\n                        <p style='color:#393434'>Residentes y docentes de la especializaci\u00f3n de Medicina Familiar publican en revista brasilera de ginecolog\u00eda y obstetricia\n<\/p>\n                    <\/div>\n                <\/div>\n            <\/div>\n        <\/a>\n\n\n<!-- Targeta #52 -->\n\n        <a class=\"popmake-95271\">\n            <div class='card exte'>\n                <div class='card-header'>\n                    <img src='https:\/\/uninavarra.edu.co\/wp-content\/uploads\/2025\/11\/Exponentes-Magistrales-en-el-Congreso-Internacional-1.jpeg'alt='' \/>\n                    <div class='card-body'>\n                        <p style='color:#393434'>Exponentes Magistrales en el Congreso Internacional - Tres  Ponencias sobre el Dolor<\/p>\n                    <\/div>\n                <\/div>\n            <\/div>\n        <\/a>\n\n<!-- EVENTO FALTANTE  -->\n\n        <a class=\"popmake-97237\">\n            <div class='card exte'>\n                <div class='card-header'>\n                    <img src='https:\/\/uninavarra.edu.co\/wp-content\/uploads\/2026\/02\/Medicina-Familiar-presente-en-el-Primer-Simposio-Surcolombiano-de-Cuidados-Paliativos-1.jpeg'alt='' \/>\n                    <div class='card-body'>\n                        <p style='color:#393434'>Medicina Familiar presente en el Primer Simposio Surcolombiano de\nCuidados Paliativos<\/p>\n                    <\/div>\n                <\/div>\n            <\/div>\n        <\/a>\n\n\n<!-- Targeta #51 -->\n\n        <a class=\"popmake-95308\">\n            <div class='card exte'>\n                <div class='card-header'>\n                    <img src='https:\/\/uninavarra.edu.co\/wp-content\/uploads\/2025\/11\/UNINAVARRA-y-su-impacto-social-Una-realidad-mediada-por-la-especializacion-en-Medicina-Familiar-1-scaled.jpg'alt='' \/>\n                    <div class='card-body'>\n                        <p style='color:#393434'>UNINAVARRA y su impacto social: Una realidad mediada por la especializaci\u00f3n en Medicina Familiar<\/p>\n                    <\/div>\n                <\/div>\n            <\/div>\n        <\/a>\n\n<!-- Targeta #50 -->\n\n        <a class=\"popmake-95298\">\n            <div class='card exte'>\n                <div class='card-header'>\n                    <img src='https:\/\/uninavarra.edu.co\/wp-content\/uploads\/2025\/11\/El-Hospital-de-Palermo-Huila-con-pasos-seguros-hacia-una-vida-sana-1.jpg'alt='' \/>\n                    <div class='card-body'>\n                        <p style='color:#393434'>El Hospital de Palermo, Huila: con pasos seguros hacia una vida sana<\/p>\n                    <\/div>\n                <\/div>\n            <\/div>\n        <\/a>\n\n\n<!-- Targeta #49 -->\n\n        <a class=\"popmake-95162\">\n            <div class='card exte'>\n                <div class='card-header'>\n                    <img src='https:\/\/uninavarra.edu.co\/wp-content\/uploads\/2025\/10\/Impacto-social-de-la-academia-Medicina-Familiar-educando-a-la-comunidad-1.jpg'alt='' \/>\n                    <div class='card-body'>\n                        <p style='color:#393434'>Impacto social de la academia Medicina Familiar educando a la comunidad<\/p>\n                    <\/div>\n                <\/div>\n            <\/div>\n        <\/a>\n\n\n\n<!-- Targeta #48 -->\n\n        <a class=\"popmake-95061\">\n            <div class='card exte'>\n                <div class='card-header'>\n                    <img src='https:\/\/uninavarra.edu.co\/wp-content\/uploads\/2025\/10\/Evento-congreso-MF-1.png'alt='' \/>\n                    <div class='card-body'>\n                        <p style='color:#393434'>Participaci\u00f3n destacada de residentes y docentes de Medicina Familiar UNINAVARRA en el XIV Congreso Nacional y VI Congreso Internacional de Medicina Familiar \u2013 Universidad El Bosque<\/p>\n                    <\/div>\n                <\/div>\n            <\/div>\n        <\/a>\n\n\n\n<!-- Targeta #47 -->\n\n        <a class=\"popmake-95060\">\n            <div class='card exte'>\n                <div class='card-header'>\n                    <img src='https:\/\/uninavarra.edu.co\/wp-content\/uploads\/2025\/10\/Evento-Universidad-el-bosque-1.png'alt='' \/>\n                    <div class='card-body'>\n                        <p style='color:#393434'>Un merecido primer puesto en el concurso de p\u00f3steres<\/p>\n                    <\/div>\n                <\/div>\n            <\/div>\n        <\/a>\n\n\n<!-- Targeta #46 -->\n\n        <a class=\"popmake-95072\">\n            <div class='card exte'>\n                <div class='card-header'>\n                    <img src='https:\/\/uninavarra.edu.co\/wp-content\/uploads\/2025\/10\/Residentes-UNINAVARRA-brillan-en-el-XIV-Congreso-Nacional-y-VI-Internacional-de-Medicina-Familiar-Universidad-del-Bosque-1.jpeg'alt='' \/>\n                    <div class='card-body'>\n                        <p style='color:#393434'>Residentes UNINAVARRA brillan en el XIV Congreso Nacional y VI Internacional de Medicina Familiar Universidad del Bosque<\/p>\n                    <\/div>\n                <\/div>\n            <\/div>\n        <\/a>\n\n\n<!-- Targeta #45 -->\n\n        <a class=\"popmake-95008\">\n            <div class='card exte'>\n                <div class='card-header'>\n                    <img src='https:\/\/uninavarra.edu.co\/wp-content\/uploads\/2025\/10\/Participacion-con-el-observatorio-de-Salud-del-Huila-2.jpeg'alt='' \/>\n                    <div class='card-body'>\n                        <p style='color:#393434'>Participaci\u00f3n con el observatorio de Salud del Huila<\/p>\n                    <\/div>\n                <\/div>\n            <\/div>\n        <\/a>\n\n\n\n<!-- Targeta #44 -->\n\n        <a class=\"popmake-94755\">\n            <div class='card exte'>\n                <div class='card-header'>\n                    <img src='https:\/\/uninavarra.edu.co\/wp-content\/uploads\/2025\/10\/Ponencias-extraordinarias-el-conocimiento-al-servicio-de-la-integralidad-del-ser-1-scaled.jpeg'alt='' \/>\n                    <div class='card-body'>\n                        <p style='color:#393434'>Ponencias extraordinarias: el conocimiento al servicio de la integralidad del ser<\/p>\n                    <\/div>\n                <\/div>\n            <\/div>\n        <\/a>\n\n<!-- Targeta #43 -->\n\n        <a class=\"popmake-94756\">\n            <div class='card exte'>\n                <div class='card-header'>\n                    <img src='https:\/\/uninavarra.edu.co\/wp-content\/uploads\/2025\/10\/2.o-Congreso-Surcolombiano-de-Medicina-Familiar-Templanza-conocimiento-y-compromiso-con-la-region-1.jpeg'alt='' \/>\n                    <div class='card-body'>\n                        <p style='color:#393434'>2.\u00ba Congreso Surcolombiano de Medicina Familiar: Templanza, conocimiento y compromiso con la regi\u00f3n<\/p>\n                    <\/div>\n                <\/div>\n            <\/div>\n        <\/a>\n\n<!-- Targeta #42 -->\n\n        <a class=\"popmake-94757\">\n            <div class='card exte'>\n                <div class='card-header'>\n                    <img src='https:\/\/uninavarra.edu.co\/wp-content\/uploads\/2025\/10\/La-representacion-mental-y-emocional-de-la-diabetes-un-viaje-al-interior-del-ser-1.jpeg'alt='' \/>\n                    <div class='card-body'>\n                        <p style='color:#393434'>La representaci\u00f3n mental y emocional de la diabetes: un viaje al interior del ser<\/p>\n                    <\/div>\n                <\/div>\n            <\/div>\n        <\/a>\n\n<!-- Targeta #41 -->\n\n        <a class=\"popmake-94697\">\n            <div class='card exte'>\n                <div class='card-header'>\n                    <img src='https:\/\/uninavarra.edu.co\/wp-content\/uploads\/2025\/10\/El-Camino-de-la-Sal.jpeg'alt='' \/>\n                    <div class='card-body'>\n                        <p style='color:#393434'>El Camino de la Sal: Mitos, Realidades y Sabores que Transforman la Salud<\/p>\n                    <\/div>\n                <\/div>\n            <\/div>\n        <\/a>\n\n<!-- Targeta #40 -->\n\n        <a class=\"popmake-94696\">\n            <div class='card exte'>\n                <div class='card-header'>\n                    <img src='https:\/\/uninavarra.edu.co\/wp-content\/uploads\/2025\/10\/Evento-medicina-familia-2.png'alt='' \/>\n                    <div class='card-body'>\n                        <p style='color:#393434'>Escuela para Padres: una alianza estrat\u00e9gica que conecta la Medicina Familiar con la comprensi\u00f3n del adolescente<\/p>\n                    <\/div>\n                <\/div>\n            <\/div>\n        <\/a>\n\n<!-- Targeta #39 -->\n\n        <a class=\"popmake-94648\">\n            <div class='card exte'>\n                <div class='card-header'>\n                    <img src='https:\/\/uninavarra.edu.co\/wp-content\/uploads\/2025\/10\/Actualizacion-en-tuberculosis-Secretaria-Departamental-del-Huila-1.jpeg'alt='' \/>\n                    <div class='card-body'>\n                        <p style='color:#393434'>Actualizaci\u00f3n en tuberculosis: Secretar\u00eda Departamental del Huila<\/p>\n                    <\/div>\n                <\/div>\n            <\/div>\n        <\/a>\n\n\n\n<!-- Targeta #37 -->\n\n        <a class=\"popmake-94613\">\n            <div class='card exte'>\n                <div class='card-header'>\n                    <img src='https:\/\/uninavarra.edu.co\/wp-content\/uploads\/2025\/09\/WhatsApp-Image-2025-09-27-at-12.04.06-PM.jpeg'alt='' \/>\n                    <div class='card-body'>\n                        <p style='color:#393434'>Pacientes reales en actividad simulada: un salto innovador en la formaci\u00f3n m\u00e9dica<\/p>\n                    <\/div>\n                <\/div>\n            <\/div>\n        <\/a>\n\n<!-- Targeta #36 -->\n\n        <a class=\"popmake-94512\">\n            <div class='card exte'>\n                <div class='card-header'>\n                    <img src='https:\/\/uninavarra.edu.co\/wp-content\/uploads\/2025\/09\/foto-oz.jpeg'alt='' \/>\n                    <div class='card-body'>\n                        <p style='color:#393434'>IV Entrega: Arte y Medicina Familiar \u2013 Un Encuentro que Transforma<\/p>\n                    <\/div>\n                <\/div>\n            <\/div>\n        <\/a>\n\n<!-- Targeta #35 -->\n\n        <a class=\"popmake-94514\">\n            <div class='card exte'>\n                <div class='card-header'>\n                    <img src='https:\/\/uninavarra.edu.co\/wp-content\/uploads\/2025\/09\/medicina-familia-1-1.png'alt='' \/>\n                    <div class='card-body'>\n                        <p style='color:#393434'>Medicina Familiar UNINAVARRA: Ampliando Redes de Participaci\u00f3n Intersectorial<\/p>\n                    <\/div>\n                <\/div>\n            <\/div>\n        <\/a>\n\n<!-- Targeta #34 -->\n\n        <a class=\"popmake-94354\">\n            <div class='card exte'>\n                <div class='card-header'>\n                    <img src='https:\/\/uninavarra.edu.co\/wp-content\/uploads\/2025\/09\/medicina-familiar-1.png'alt='' \/>\n                    <div class='card-body'>\n                        <p style='color:#393434'>Medicina Familiar UNINAVARRA en la Mesa de Di\u00e1logo por la Salud del Huila<\/p>\n                    <\/div>\n                <\/div>\n            <\/div>\n        <\/a>\n\n<!-- Targeta #33 -->\n\n        <a class=\"popmake-94157\">\n            <div class='card exte'>\n                <div class='card-header'>\n                    <img src='https:\/\/uninavarra.edu.co\/wp-content\/uploads\/2025\/09\/WhatsApp-Image-2025-09-09-at-2.35.58-PM.jpeg'alt='' \/>\n                    <div class='card-body'>\n                        <p style='color:#393434'>Diabetes Mellitus Tipo 2 desde el Enfoque de la Medicina Familiar<\/p>\n                    <\/div>\n                <\/div>\n            <\/div>\n        <\/a>\n\n<!-- Targeta #32 -->\n\n        <a class=\"popmake-94154\">\n            <div class='card exte'>\n                <div class='card-header'>\n                    <img src='https:\/\/uninavarra.edu.co\/wp-content\/uploads\/2025\/09\/WhatsApp-Image-2025-09-08-at-5.02.11-PM.jpg'alt='' \/>\n                    <div class='card-body'>\n                        <p style='color:#393434'>Innovaci\u00f3n en Acci\u00f3n: Los Residentes que Transforman la Salud<\/p>\n                    <\/div>\n                <\/div>\n            <\/div>\n        <\/a>\n\n<!-- Targeta #31 -->\n\n        <a class=\"popmake-94038\">\n            <div class='card exte'>\n                <div class='card-header'>\n                    <img src='https:\/\/uninavarra.edu.co\/wp-content\/uploads\/2025\/09\/foto-1.jpg'alt='' \/>\n                    <div class='card-body'>\n                        <p style='color:#393434'>Celebraci\u00f3n del D\u00eda del Residente de Medicina Familiar \u2013 UNINAVARRA<\/p>\n                    <\/div>\n                <\/div>\n            <\/div>\n        <\/a>\n\n<!-- Targeta #30 -->\n\n        <a class=\"popmake-93904\">\n            <div class='card exte'>\n                <div class='card-header'>\n                    <img src='https:\/\/uninavarra.edu.co\/wp-content\/uploads\/2025\/08\/WhatsApp-Image-2025-08-16-at-9.45.18-AM-scaled.jpeg'alt='' \/>\n                    <div class='card-body'>\n                        <p style='color:#393434'>Objetivos de Desarrollo Sostenible y Talento Humano en Salud<\/p>\n                    <\/div>\n                <\/div>\n            <\/div>\n        <\/a>\n\n<!-- Targeta #29 -->\n\n        <a class=\"popmake-93902\">\n            <div class='card exte'>\n                <div class='card-header'>\n                    <img src='https:\/\/uninavarra.edu.co\/wp-content\/uploads\/2025\/08\/WhatsApp-Image-2025-08-16-at-9.01.41-AM.jpg'alt='' \/>\n                    <div class='card-body'>\n                        <p style='color:#393434'>Formaci\u00f3n en \u00e9tica y marco legal en salud: residentes de Medicina Familiar frente a los dilemas contempor\u00e1neos<\/p>\n                    <\/div>\n                <\/div>\n            <\/div>\n        <\/a>\n\n<!-- Targeta #28 -->\n\n        <a class=\"popmake-93900\">\n            <div class='card exte'>\n                <div class='card-header'>\n                    <img src='https:\/\/uninavarra.edu.co\/wp-content\/uploads\/2025\/08\/WhatsApp-Image-2025-08-22-at-12.14.06-PM.jpg'alt='' \/>\n                    <div class='card-body'>\n                        <p style='color:#393434'>Residentes de Medicina Familiar dejan en alto el nombre de UNINAVARRA en el I Congreso Internacional de Medicina Familiar del Nororiente Colombiano<\/p>\n                    <\/div>\n                <\/div>\n            <\/div>\n        <\/a>\n\n\n<!-- Targeta #27 -->\n\n        <a class=\"popmake-92717\">\n            <div class='card exte'>\n                <div class='card-header'>\n                    <img src='https:\/\/uninavarra.edu.co\/wp-content\/uploads\/2025\/07\/obesidad-feed-1.jpg'alt='' \/>\n                    <div class='card-body'>\n                        <p style='color:#393434'>UNINAVARRA launches its first MOOC on childhood obesity: a transformative educational experience from the perspective of family medicine<\/p>\n                    <\/div>\n                <\/div>\n            <\/div>\n        <\/a>\n\n<!-- Targeta #26 -->\n\n        <a class=\"popmake-92700\">\n            <div class='card exte'>\n                <div class='card-header'>\n                    <img src='https:\/\/uninavarra.edu.co\/wp-content\/uploads\/2025\/07\/WhatsApp-Image-2025-06-11-at-5.34.23-PM.jpeg'alt='' \/>\n                    <div class='card-body'>\n                        <p style='color:#393434'>Family Medicine UNINAVARRA strengthens regional academic ties and contributes its expertise at the Eighth Family Physicians' Roundtable<\/p>\n                    <\/div>\n                <\/div>\n            <\/div>\n        <\/a>\n\n<!-- Targeta #25 -->\n\n        <a class=\"popmake-92692\">\n            <div class='card exte'>\n                <div class='card-header'>\n                    <img src='https:\/\/uninavarra.edu.co\/wp-content\/uploads\/2025\/07\/WhatsApp-Image-2025-07-15-at-4.39.40-PM-3.jpeg'alt='' \/>\n                    <div class='card-body'>\n                        <p style='color:#393434'>Reinduction of Family Medicine residents: a space to reconnect, update and strengthen commitments.<\/p>\n                    <\/div>\n                <\/div>\n            <\/div>\n        <\/a>\n\n<!-- Targeta #24 -->\n\n        <a class=\"popmake-92685\">\n            <div class='card exte'>\n                <div class='card-header'>\n                    <img src='https:\/\/uninavarra.edu.co\/wp-content\/uploads\/2025\/07\/WhatsApp-Image-2025-07-15-at-11.01.10-AM.jpeg'alt='' \/>\n                    <div class='card-body'>\n                        <p style='color:#393434'>The new university teacher and the new student Continuing education webinar on the contemporary challenges of university teaching<\/p>\n                    <\/div>\n                <\/div>\n            <\/div>\n        <\/a>\n\n        <!-- Targeta #23 -->\n\n        <a class=\"popmake-92659\">\n            <div class='card exte'>\n                <div class='card-header'>\n                    <img src='https:\/\/uninavarra.edu.co\/wp-content\/uploads\/2025\/07\/WhatsApp-Image-2025-07-15-at-4.41.10-PM-1.jpeg'alt='' \/>\n                    <div class='card-body'>\n                        <p style='color:#393434'>\u00a1Una gran familia que sigue creciendo! Bienvenidos los nuevos residentes de Medicina Familiar UNINAVARRA\u201d<\/p>\n                    <\/div>\n                <\/div>\n            <\/div>\n        <\/a>\n\n        <!-- Targeta #22 -->\n\n        <a class=\"popmake-91722\">\n            <div class='card exte'>\n                <div class='card-header'>\n                    <img src='https:\/\/uninavarra.edu.co\/wp-content\/uploads\/2025\/07\/3.jpg'alt='' \/>\n                    <div class='card-body'>\n                        <p style='color:#393434'>UNINAVARRA present at the \"Huila Grande Sin Miedo ni Violencia Forum\".<\/p>\n                    <\/div>\n                <\/div>\n            <\/div>\n        <\/a>\n\n        <!-- Targeta #21 -->\n\n        <a class=\"popmake-91681\">\n            <div class='card exte'>\n                <div class='card-header'>\n                    <img src='https:\/\/uninavarra.edu.co\/wp-content\/uploads\/slider\/cache\/ceb5e3ebeb4e383f90cf043d3f4f48bc\/daniela-1.jpg'alt='' \/>\n                    <div class='card-body'>\n                        <p style='color:#393434'>Outstanding academic participation in Family Medicine conference<\/p>\n                    <\/div>\n                <\/div>\n            <\/div>\n        <\/a>\n\n        <!-- Targeta #20 -->\n\n        <a class=\"popmake-91679\">\n            <div class='card exte'>\n                <div class='card-header'>\n                    <img src='https:\/\/uninavarra.edu.co\/wp-content\/uploads\/slider\/cache\/e507fda70eb26deab727b76ef5bb4d58\/Narra2.jpg'alt='' \/>\n                    <div class='card-body'>\n                        <p style='color:#393434'>Culminates academic cycle on emotional health promoted by UNINAVARRA<\/p>\n                    <\/div>\n                <\/div>\n            <\/div>\n        <\/a>\n\n        <!-- Targeta #19 -->\n\n        <a class=\"popmake-91677\">\n            <div class='card exte'>\n                <div class='card-header'>\n                    <img src='https:\/\/uninavarra.edu.co\/wp-content\/uploads\/slider\/cache\/778e759f6cfeb351bf7b3ec488a2c0f2\/simu.jpg'alt='' \/>\n                    <div class='card-body'>\n                        <p style='color:#393434'>Simulaci\u00f2n para residentes de medicina familiar<\/p>\n                    <\/div>\n                <\/div>\n            <\/div>\n        <\/a>\n\n\n        <!-- Targeta #18 -->\n\n        <a class=\"popmake-91675\">\n            <div class='card exte'>\n                <div class='card-header'>\n                    <img src='https:\/\/uninavarra.edu.co\/wp-content\/uploads\/slider\/cache\/145b61dd591f9ce95b3ad7fd7608d060\/2025-04-23-narrativa-tristeza-03.jpg'alt='' \/>\n                    <div class='card-body'>\n                        <p style='color:#393434'>Academic meeting on emotional health in university contexts<\/p>\n                    <\/div>\n                <\/div>\n            <\/div>\n        <\/a>\n\n        <!-- Targeta #17 -->\n\n        <a class=\"popmake-89436\">\n            <div class='card exte'>\n                <div class='card-header'>\n                    <img src='https:\/\/uninavarra.edu.co\/wp-content\/uploads\/2025\/05\/Medicina-Familiar-UNINAVARRA-presente-en-los-municipios-del-Huila6.jpg'alt='' \/>\n                    <div class='card-body'>\n                        <p style='color:#393434'>Family Medicine UNINAVARRA present in the municipalities of Huila\".<\/p>\n                    <\/div>\n                <\/div>\n            <\/div>\n        <\/a>\n\n        <!-- Targeta #16 -->\n\n        <a class=\"popmake-89427\">\n            <div class='card exte'>\n                <div class='card-header'>\n                    <img src='https:\/\/uninavarra.edu.co\/wp-content\/uploads\/2025\/05\/Participacion-de-UNINAVARRA-en-unidad-de-analisis2.jpg'alt='' \/>\n                    <div class='card-body'>\n                        <p style='color:#393434'>Participation of UNINAVARRA in the analysis unit on a case of visceral leishmaniasis in Huila\".<\/p>\n                    <\/div>\n                <\/div>\n            <\/div>\n        <\/a>\n\n        <!-- Targeta #15 -->\n\n        <a class=\"popmake-89420\">\n            <div class='card exte'>\n                <div class='card-header'>\n                    <img src='https:\/\/uninavarra.edu.co\/wp-content\/uploads\/2025\/05\/Fortaleciendo-la-cultura-de-bioseguridad-en-el-entorno-asistencial5.jpg'alt='' \/>\n                    <div class='card-body'>\n                        <p style='color:#393434'>Strengthening the biosafety culture in the healthcare environment\".<\/p>\n                    <\/div>\n                <\/div>\n            <\/div>\n        <\/a>\n\n        <!-- Targeta #14 -->\n\n        <a class=\"popmake-89396\">\n            <div class='card exte'>\n                <div class='card-header'>\n                    <img src='https:\/\/uninavarra.edu.co\/wp-content\/uploads\/2025\/05\/Todos-juntos-creando-conciencia6.jpg'alt='' \/>\n                    <div class='card-body'>\n                        <p style='color:#393434'>All together creating awareness and knowledge about cervical cancer.\"<\/p>\n                    <\/div>\n                <\/div>\n            <\/div>\n        <\/a>\n\n        <!-- Targeta #13 -->\n\n        <a class=\"popmake-89379\">\n            <div class='card exte'>\n                <div class='card-header'>\n                    <img src='https:\/\/uninavarra.edu.co\/wp-content\/uploads\/2025\/05\/La-educacion-en-salud-comienza-desde-casa.jpg'alt='' \/>\n                    <div class='card-body'>\n                        <p style='color:#393434'>Health education begins at home: a pedagogical experience with a preventive approach<\/p>\n                    <\/div>\n                <\/div>\n            <\/div>\n        <\/a>\n\n        <!-- Targeta #12 -->\n\n        <a class=\"popmake-88518\">\n            <div class='card exte'>\n                <div class='card-header'>\n                    <img src='https:\/\/uninavarra.edu.co\/wp-content\/uploads\/2025\/04\/La-educacion-en-salud-comienza-desde-casa-una-experiencia-pedagogica-con-enfoque-preventivo-6.jpg'alt='' \/>\n                    <div class='card-body'>\n                        <p style='color:#393434'>Health education starts at home: \"Traveling with Family Medicine\" fair<\/p>\n                    <\/div>\n                <\/div>\n            <\/div>\n        <\/a>\n\n        <!-- Targeta #11 -->\n\n        <a class=\"popmake-88517\">\n            <div class='card exte'>\n                <div class='card-header'>\n                    <img src='https:\/\/uninavarra.edu.co\/wp-content\/uploads\/2025\/04\/Todos-juntos-creando-conciencia-y-conocimiento-sobre-el-cancer-de-cuello-uterino-Programa-de-Medicina-Familiar-\u2013-UNINAVARRA-5.jpg'alt='' \/>\n                    <div class='card-body'>\n                        <p style='color:#393434'>All together raising awareness and knowledge about cervical cancer Family Medicine Program - UNINAVARRA<\/p>\n                    <\/div>\n                <\/div>\n            <\/div>\n        <\/a>\n\n        <!-- Targeta #10 -->\n\n        <a class=\"popmake-88516\">\n            <div class='card exte'>\n                <div class='card-header'>\n                    <img src='https:\/\/uninavarra.edu.co\/wp-content\/uploads\/2025\/04\/Fortaleciendo-la-cultura-de-bioseguridad-en-el-entorno-asistencial-2.jpg'alt='' \/>\n                    <div class='card-body'>\n                        <p style='color:#393434'>Strengthening biosafety culture in the healthcare environment<\/p>\n                    <\/div>\n                <\/div>\n            <\/div>\n        <\/a>\n\n        <!-- Targeta #9 -->\n\n        <a class=\"popmake-88005\">\n            <div class='card exte'>\n                <div class='card-header'>\n                    <img src='https:\/\/uninavarra.edu.co\/wp-content\/uploads\/2025\/03\/La-alegria-una-emocion-positiva-y-su-impacto-en-la-salud-2.jpg'alt='' \/>\n                    <div class='card-body'>\n                        <p style='color:#393434'>Joy: a positive emotion and its impact on health<\/p>\n                    <\/div>\n                <\/div>\n            <\/div>\n        <\/a>\n\n        <!-- Targeta #8 -->\n\n        <a class=\"popmake-87432\">\n            <div class='card exte'>\n                <div class='card-header'>\n                    <img src='https:\/\/uninavarra.edu.co\/wp-content\/uploads\/2025\/03\/Narrativa-de-las-emociones-un-exito-de-afluencia-3-scaled.jpg'alt='' \/>\n                    <div class='card-body'>\n                        <p style='color:#393434'>Narrative of emotions: a success of affluence<\/p>\n                    <\/div>\n                <\/div>\n            <\/div>\n        <\/a>\n\n        <!-- Targeta #7 -->\n\n        <a class=\"popmake-87099\">\n            <div class='card exte'>\n                <div class='card-header'>\n                    <img src='https:\/\/uninavarra.edu.co\/wp-content\/uploads\/2025\/02\/Encuentro-Academico-El-Medico-Familiar-en-Canada-y-su-Rol-en-la-Politica-y-la-Educacion-Medica.jpg'alt='' \/>\n                    <div class='card-body'>\n                        <p style='color:#393434'>Academic Meeting: Family Physicians in Canada and their Role in Medical Policy and Education<\/p>\n                    <\/div>\n                <\/div>\n            <\/div>\n        <\/a>\n        \n        <!-- Targeta #6 -->\n\n        <a class=\"popmake-87066\">\n            <div class='card exte'>\n                <div class='card-header'>\n                    <img src='https:\/\/uninavarra.edu.co\/wp-content\/uploads\/2025\/02\/Mayor-Numero-de-Sitios-de-Practica-para-la-Excelencia-Educativa-1.jpg'alt='' \/>\n                    <div class='card-body'>\n                        <p style='color:#393434'>Increased Number of Practice Sites for Educational Excellence<\/p>\n                    <\/div>\n                <\/div>\n            <\/div>\n        <\/a>\n\n        <!-- Targeta #5 -->\n\n        <a class=\"popmake-87067\">\n            <div class='card exte'>\n                <div class='card-header'>\n                    <img src='https:\/\/uninavarra.edu.co\/wp-content\/uploads\/2025\/02\/Interaccion-Academica-con-el-Sector-Municipal-y-Departamental-en-Salud-Publica-2.jpg'alt='' \/>\n                    <div class='card-body'>\n                        <p style='color:#393434'>Academic Interaction with the Municipal and Departmental Sector in Public Health<\/p>\n                    <\/div>\n                <\/div>\n            <\/div>\n        <\/a>\n\n        <!-- Targeta #4 -->\n\n        <a class=\"popmake-86361\">\n            <div class='card exte'>\n                <div class='card-header'>\n                    <img src='https:\/\/uninavarra.edu.co\/wp-content\/uploads\/2025\/01\/image-1.png'alt='' \/>\n                    <div class='card-body'>\n                        <p style='color:#393434'>Great Session: \"Light in the Dark: Recognizing Neurocognitive Impairment\".<\/p>\n                    <\/div>\n                <\/div>\n            <\/div>\n        <\/a>\n\n        <!-- Targeta #3 -->\n\n        <a class=\"popmake-86360\">\n            <div class='card exte'>\n                <div class='card-header'>\n                    <img src='https:\/\/uninavarra.edu.co\/wp-content\/uploads\/2025\/01\/Gran-Sesion-Luz-en-la-Oscuridad-Reconociendo-el-Deterioro-Neurocognitivo-6.jpg'alt='' \/>\n                    <div class='card-body'>\n                        <p style='color:#393434'>Journal Club: : \"Statin Use and Risk of Dementia or Alzheimer's Disease: A Systematic Review and Meta-analysis of Observational Studies\".<\/p>\n                    <\/div>\n                <\/div>\n            <\/div>\n        <\/a>\n\n        <!-- Targeta #2 -->\n\n        <a class=\"popmake-86304\">\n            <div class='card exte'>\n                <div class='card-header'>\n                    <img src='https:\/\/uninavarra.edu.co\/wp-content\/uploads\/2025\/01\/REINDUCCION-RESIDENTES-DE-MEDICINA-FAMILIAR-I-2025-4-scaled.jpg'alt='' \/>\n                    <div class='card-body'>\n                        <p style='color:#393434'>REINDUCTION OF FAMILY MEDICINE RESIDENTS I-2025<\/p>\n                    <\/div>\n                <\/div>\n            <\/div>\n        <\/a>\n\n        <!-- Targeta #1 -->\n\n        <a class=\"popmake-86305\">\n            <div class='card exte'>\n                <div class='card-header'>\n                    <img src='https:\/\/uninavarra.edu.co\/wp-content\/uploads\/2025\/01\/CUARTA-COHORTE-DE-RESIDENTES-DE-MEDICINA-FAMILIAR-10-DE-ENERO-DE-2025-5.jpg'alt='' \/>\n                    <div class='card-body'>\n                        <p style='color:#393434'>FOURTH COHORT OF FAMILY MEDICINE RESIDENTS - JANUARY 10, 2025<\/p>\n                    <\/div>\n                <\/div>\n            <\/div>\n        <\/a>\n\n\n\n\n\n        \n    <\/div>\n\n<\/div>\n\t\t<\/div>\n\t<\/div>\n\n\t<div class=\"wpb_raw_code wpb_raw_html wpb_content_element\" >\n\t\t<div class=\"wpb_wrapper\">\n\t\t\t<style>\n.container2 {\n    display: flex;\n    justify-content: space-evenly;\n    flex-wrap: wrap;\n    max-width: 100%;\n}\n\n.card {\n    margin: 10px;\n    background-color: #fff;\n    border-radius: 10px;\n    transition: transform 0.3s ease;\n    box-shadow: 0 2px 20px rgba(0, 0, 0, 0.2);\n    overflow: hidden;\n    width: 250px !important;\n    min-height: 270px;\n}\n\n.card:hover {\n    transform: scale(1.1);\n}\n\n.card-header img {\n    width: 100%;\n    height: 150px;\n    object-fit: cover;\n    object-position: center center;\n    image-rendering: auto;\n}\n\n.card-body {\n    display: flex;\n    flex-direction: column;\n    justify-content: center;\n    align-items: center; \/* Cambiado a 'center' para centrar el contenido *\/\n    padding: 17px;\n    min-height: 108px;\n    max-height: 126px;\n}\n\n.tag {\n    background: #cccccc;\n    border-radius: 50px;\n    font-size: 12px;\n    margin: 0;\n    padding: 20px;\n    color: #fff;\n    padding: 2px 10px;\n    text-transform: uppercase;\n    cursor: pointer;\n}\n\n.tag-teal {\n    background-color: #47bcd4;\n}\n\n.tag-purple {\n    background-color: #5e76bf;\n}\n\n.tag-pink {\n    background-color: #cd5b9f;\n}\n\n.card-body p {\n    font-size: 14px !important;\n    margin: 0 0 10px;\n    line-height: 1.2;\n    text-align: center;\n}\n\n.card-footer {\n    text-align: center;\n    margin-bottom: -5px;\n}\n\n.user {\n    display: flex;\n    margin-top: auto;\n}\n\n.user img {\n    border-radius: 50%;\n    width: 40px;\n    height: 40px;\n    margin-right: 10px;\n}\n\n.user-info h5 {\n    margin: 0;\n}\n\n.user-info small {\n    color: #545d7a;\n}\n\n.floating-menu {\n    display: none;\n}\n\na:hover, a:focus, a:active {\n    text-decoration: none;\n}\n<\/style>\n\n\t\t<\/div>\n\t<\/div>\n\n\t<div class=\"wpb_raw_code wpb_raw_html wpb_content_element\" >\n\t\t<div class=\"wpb_wrapper\">\n\t\t\t<link rel=\"preconnect\" href=\"https:\/\/fonts.gstatic.com\">\n<link href=\"https:\/\/fonts.googleapis.com\/css2?family=Raleway:ital,wght@0,400;0,700;1,400&display=swap\" rel=\"stylesheet\">\n<link href=\"https:\/\/fonts.googleapis.com\/css2?family=Lato:wght@400;700&display=swap\" rel=\"stylesheet\">\n<link href=\"https:\/\/fonts.googleapis.com\/icon?family=Material+Icons\" rel=\"stylesheet\">\n\n<style>\n\/* Arregla el tama\u00f1o de la letra del slider cina ya que esta en 'rem' *\/ html {font-size: 100%} .navbar-mega .navbar-nav > li .dropdown-menu li a {font-size: 14px !important;}\n\n\/* CAMBIO COLOR DE LA LETRA Y ESTILO *\/\n#wpo-mainbody, #wpo-mainbody h2, #wpo-mainbody h3, #wpo-mainbody h4, #wpo-mainbody p, #wpo-mainbody a, #wpo-mainbody strong, #wpo-mainbody em, #wpo-mainbody th, #wpo-mainbody tr, #wpo-mainbody td, #wpo-mainbody ol, #wpo-mainbody ul, #wpo-mainbody li, #wpo-mainbody :after {\n    font-family: 'Raleway', sans-serif\n}\n\n#wpo-mainbody p {\n    font-size: 18px;\n    line-height: 15px;\n}\n\n#wpo-mainbody li {\n    font-size: 18px;\n    line-height: 15px;\n}\n\n#wpo-mainbody a {\n    text-decoration: none;\n    \/*color: #555;*\/\n}\n\n#wpo-mainbody a:hover {\n    transition: 0.4s;\n    \/*color: rgb(239, 184, 16);*\/\n}\n\n#wpo-mainbody strong {\n    line-height: 15px\n}\n\n\/* Estilo Aplicado en Listas de Semilleros de los Grupos de Investigaci\u00f3n *\/\n#wpo-mainbody .lista_semilleros ul {\n    padding-inline-start: 35px;\n}\n\n#wpo-mainbody .lista_semilleros li {\n\tline-height: 20px\n}\n\n#wpo-mainbody .lista_semilleros ul li {\n\tfont-size: 15px;\n\tmargin-left: 20px;\n\tmargin-bottom: 15px\n}\n\n#wpo-mainbody .lista_semilleros li:last-child ul li {\n\tmargin-bottom: 0\n}\n\n#wpo-mainbody .lista_semilleros ul li:before {\n    position: absolute;\n    background: none;\n}\n<\/style>\n\t\t<\/div>\n\t<\/div>\n\n\t\t<\/div> \n\t<\/div><\/div><\/div><\/div>\n<\/div>","protected":false},"excerpt":{"rendered":"Aspectos psicosociales de la diabetes mellitus tipo 2: una mirada integral desde la Medicina Familiar Encuentro Nacional de jefes de Residentes: UNINAVARRA destaca con la participaci\u00f3n de Mar\u00eda Araque Primer [...]","protected":false},"author":13,"featured_media":68058,"parent":78186,"menu_order":0,"comment_status":"closed","ping_status":"closed","template":"","meta":{"footnotes":""},"categories":[],"tags":[],"class_list":["post-86294","page","type-page","status-publish","has-post-thumbnail","hentry"],"yoast_head":"<!-- This site is optimized with the Yoast SEO plugin v27.4 - https:\/\/yoast.com\/product\/yoast-seo-wordpress\/ -->\n<title>Eventos 2025 - Medicina Familiar - Uninavarra<\/title>\n<meta name=\"robots\" content=\"index, follow, max-snippet:-1, max-image-preview:large, max-video-preview:-1\" \/>\n<link rel=\"canonical\" href=\"https:\/\/uninavarra.edu.co\/en\/especializacion-medicina-familiar\/eventos-medicina-familiar\/eventos-2025-medicina-familiar\/\" \/>\n<meta property=\"og:locale\" content=\"en_US\" \/>\n<meta property=\"og:type\" content=\"article\" \/>\n<meta property=\"og:title\" content=\"Eventos 2025 - Medicina Familiar - Uninavarra\" \/>\n<meta property=\"og:url\" content=\"https:\/\/uninavarra.edu.co\/en\/especializacion-medicina-familiar\/eventos-medicina-familiar\/eventos-2025-medicina-familiar\/\" \/>\n<meta property=\"og:site_name\" content=\"Uninavarra\" \/>\n<meta property=\"article:publisher\" content=\"https:\/\/www.facebook.com\/UninavarraEduca\" \/>\n<meta property=\"article:modified_time\" content=\"2026-02-05T20:08:58+00:00\" \/>\n<meta property=\"og:image\" content=\"https:\/\/uninavarra.edu.co\/wp-content\/uploads\/2023\/12\/banner-generico.png\" \/>\n\t<meta property=\"og:image:width\" content=\"2480\" \/>\n\t<meta property=\"og:image:height\" content=\"276\" \/>\n\t<meta property=\"og:image:type\" content=\"image\/png\" \/>\n<meta name=\"twitter:card\" content=\"summary_large_image\" \/>\n<meta name=\"twitter:site\" content=\"@uninavarraeduca\" \/>\n<meta name=\"twitter:label1\" content=\"Est. reading time\" \/>\n\t<meta name=\"twitter:data1\" content=\"1 minute\" \/>\n<script type=\"application\/ld+json\" class=\"yoast-schema-graph\">{\"@context\":\"https:\\\/\\\/schema.org\",\"@graph\":[{\"@type\":\"WebPage\",\"@id\":\"https:\\\/\\\/uninavarra.edu.co\\\/especializacion-medicina-familiar\\\/eventos-medicina-familiar\\\/eventos-2025-medicina-familiar\\\/\",\"url\":\"https:\\\/\\\/uninavarra.edu.co\\\/especializacion-medicina-familiar\\\/eventos-medicina-familiar\\\/eventos-2025-medicina-familiar\\\/\",\"name\":\"Eventos 2025 - Medicina Familiar - Uninavarra\",\"isPartOf\":{\"@id\":\"https:\\\/\\\/uninavarra.edu.co\\\/#website\"},\"primaryImageOfPage\":{\"@id\":\"https:\\\/\\\/uninavarra.edu.co\\\/especializacion-medicina-familiar\\\/eventos-medicina-familiar\\\/eventos-2025-medicina-familiar\\\/#primaryimage\"},\"image\":{\"@id\":\"https:\\\/\\\/uninavarra.edu.co\\\/especializacion-medicina-familiar\\\/eventos-medicina-familiar\\\/eventos-2025-medicina-familiar\\\/#primaryimage\"},\"thumbnailUrl\":\"https:\\\/\\\/uninavarra.edu.co\\\/wp-content\\\/uploads\\\/2023\\\/12\\\/banner-generico.png\",\"datePublished\":\"2025-01-21T20:57:10+00:00\",\"dateModified\":\"2026-02-05T20:08:58+00:00\",\"breadcrumb\":{\"@id\":\"https:\\\/\\\/uninavarra.edu.co\\\/especializacion-medicina-familiar\\\/eventos-medicina-familiar\\\/eventos-2025-medicina-familiar\\\/#breadcrumb\"},\"inLanguage\":\"en-US\",\"potentialAction\":[{\"@type\":\"ReadAction\",\"target\":[\"https:\\\/\\\/uninavarra.edu.co\\\/especializacion-medicina-familiar\\\/eventos-medicina-familiar\\\/eventos-2025-medicina-familiar\\\/\"]}]},{\"@type\":\"ImageObject\",\"inLanguage\":\"en-US\",\"@id\":\"https:\\\/\\\/uninavarra.edu.co\\\/especializacion-medicina-familiar\\\/eventos-medicina-familiar\\\/eventos-2025-medicina-familiar\\\/#primaryimage\",\"url\":\"https:\\\/\\\/uninavarra.edu.co\\\/wp-content\\\/uploads\\\/2023\\\/12\\\/banner-generico.png\",\"contentUrl\":\"https:\\\/\\\/uninavarra.edu.co\\\/wp-content\\\/uploads\\\/2023\\\/12\\\/banner-generico.png\",\"width\":2480,\"height\":276,\"caption\":\"banner generico\"},{\"@type\":\"BreadcrumbList\",\"@id\":\"https:\\\/\\\/uninavarra.edu.co\\\/especializacion-medicina-familiar\\\/eventos-medicina-familiar\\\/eventos-2025-medicina-familiar\\\/#breadcrumb\",\"itemListElement\":[{\"@type\":\"ListItem\",\"position\":1,\"name\":\"Home\",\"item\":\"https:\\\/\\\/uninavarra.edu.co\\\/\"},{\"@type\":\"ListItem\",\"position\":2,\"name\":\"Especializaci\u00f3n Medicina Familiar \u00a0\",\"item\":\"https:\\\/\\\/uninavarra.edu.co\\\/especializacion-medicina-familiar\\\/\"},{\"@type\":\"ListItem\",\"position\":3,\"name\":\"Eventos Medicina Familiar\",\"item\":\"https:\\\/\\\/uninavarra.edu.co\\\/especializacion-medicina-familiar\\\/eventos-medicina-familiar\\\/\"},{\"@type\":\"ListItem\",\"position\":4,\"name\":\"Eventos 2025 &#8211; Medicina Familiar\"}]},{\"@type\":\"WebSite\",\"@id\":\"https:\\\/\\\/uninavarra.edu.co\\\/#website\",\"url\":\"https:\\\/\\\/uninavarra.edu.co\\\/\",\"name\":\"UNINAVARRA\",\"description\":\"Haz realidad tu deseo de aprender\",\"publisher\":{\"@id\":\"https:\\\/\\\/uninavarra.edu.co\\\/#organization\"},\"potentialAction\":[{\"@type\":\"SearchAction\",\"target\":{\"@type\":\"EntryPoint\",\"urlTemplate\":\"https:\\\/\\\/uninavarra.edu.co\\\/?s={search_term_string}\"},\"query-input\":{\"@type\":\"PropertyValueSpecification\",\"valueRequired\":true,\"valueName\":\"search_term_string\"}}],\"inLanguage\":\"en-US\"},{\"@type\":\"Organization\",\"@id\":\"https:\\\/\\\/uninavarra.edu.co\\\/#organization\",\"name\":\"Fundaci\u00f3n Universitaria Navarra - UNINAVARRA\",\"url\":\"https:\\\/\\\/uninavarra.edu.co\\\/\",\"logo\":{\"@type\":\"ImageObject\",\"inLanguage\":\"en-US\",\"@id\":\"https:\\\/\\\/uninavarra.edu.co\\\/#\\\/schema\\\/logo\\\/image\\\/\",\"url\":\"https:\\\/\\\/uninavarra.edu.co\\\/wp-content\\\/uploads\\\/2024\\\/06\\\/Escudo-uninavarra-Solo.png\",\"contentUrl\":\"https:\\\/\\\/uninavarra.edu.co\\\/wp-content\\\/uploads\\\/2024\\\/06\\\/Escudo-uninavarra-Solo.png\",\"width\":1500,\"height\":1401,\"caption\":\"Fundaci\u00f3n Universitaria Navarra - UNINAVARRA\"},\"image\":{\"@id\":\"https:\\\/\\\/uninavarra.edu.co\\\/#\\\/schema\\\/logo\\\/image\\\/\"},\"sameAs\":[\"https:\\\/\\\/www.facebook.com\\\/UninavarraEduca\",\"https:\\\/\\\/x.com\\\/uninavarraeduca\",\"https:\\\/\\\/www.instagram.com\\\/uninavarra\\\/?hl=es\",\"https:\\\/\\\/www.linkedin.com\\\/in\\\/fundacin-universitaria-navarra-uninavarra-b41225222\\\/\"]}]}<\/script>\n<!-- \/ Yoast SEO plugin. -->","yoast_head_json":{"title":"Eventos 2025 - Medicina Familiar - Uninavarra","robots":{"index":"index","follow":"follow","max-snippet":"max-snippet:-1","max-image-preview":"max-image-preview:large","max-video-preview":"max-video-preview:-1"},"canonical":"https:\/\/uninavarra.edu.co\/en\/especializacion-medicina-familiar\/eventos-medicina-familiar\/eventos-2025-medicina-familiar\/","og_locale":"en_US","og_type":"article","og_title":"Eventos 2025 - Medicina Familiar - Uninavarra","og_url":"https:\/\/uninavarra.edu.co\/en\/especializacion-medicina-familiar\/eventos-medicina-familiar\/eventos-2025-medicina-familiar\/","og_site_name":"Uninavarra","article_publisher":"https:\/\/www.facebook.com\/UninavarraEduca","article_modified_time":"2026-02-05T20:08:58+00:00","og_image":[{"width":2480,"height":276,"url":"https:\/\/uninavarra.edu.co\/wp-content\/uploads\/2023\/12\/banner-generico.png","type":"image\/png"}],"twitter_card":"summary_large_image","twitter_site":"@uninavarraeduca","twitter_misc":{"Est. reading time":"1 minute"},"schema":{"@context":"https:\/\/schema.org","@graph":[{"@type":"WebPage","@id":"https:\/\/uninavarra.edu.co\/especializacion-medicina-familiar\/eventos-medicina-familiar\/eventos-2025-medicina-familiar\/","url":"https:\/\/uninavarra.edu.co\/especializacion-medicina-familiar\/eventos-medicina-familiar\/eventos-2025-medicina-familiar\/","name":"Eventos 2025 - Medicina Familiar - Uninavarra","isPartOf":{"@id":"https:\/\/uninavarra.edu.co\/#website"},"primaryImageOfPage":{"@id":"https:\/\/uninavarra.edu.co\/especializacion-medicina-familiar\/eventos-medicina-familiar\/eventos-2025-medicina-familiar\/#primaryimage"},"image":{"@id":"https:\/\/uninavarra.edu.co\/especializacion-medicina-familiar\/eventos-medicina-familiar\/eventos-2025-medicina-familiar\/#primaryimage"},"thumbnailUrl":"https:\/\/uninavarra.edu.co\/wp-content\/uploads\/2023\/12\/banner-generico.png","datePublished":"2025-01-21T20:57:10+00:00","dateModified":"2026-02-05T20:08:58+00:00","breadcrumb":{"@id":"https:\/\/uninavarra.edu.co\/especializacion-medicina-familiar\/eventos-medicina-familiar\/eventos-2025-medicina-familiar\/#breadcrumb"},"inLanguage":"en-US","potentialAction":[{"@type":"ReadAction","target":["https:\/\/uninavarra.edu.co\/especializacion-medicina-familiar\/eventos-medicina-familiar\/eventos-2025-medicina-familiar\/"]}]},{"@type":"ImageObject","inLanguage":"en-US","@id":"https:\/\/uninavarra.edu.co\/especializacion-medicina-familiar\/eventos-medicina-familiar\/eventos-2025-medicina-familiar\/#primaryimage","url":"https:\/\/uninavarra.edu.co\/wp-content\/uploads\/2023\/12\/banner-generico.png","contentUrl":"https:\/\/uninavarra.edu.co\/wp-content\/uploads\/2023\/12\/banner-generico.png","width":2480,"height":276,"caption":"banner generico"},{"@type":"BreadcrumbList","@id":"https:\/\/uninavarra.edu.co\/especializacion-medicina-familiar\/eventos-medicina-familiar\/eventos-2025-medicina-familiar\/#breadcrumb","itemListElement":[{"@type":"ListItem","position":1,"name":"Home","item":"https:\/\/uninavarra.edu.co\/"},{"@type":"ListItem","position":2,"name":"Especializaci\u00f3n Medicina Familiar \u00a0","item":"https:\/\/uninavarra.edu.co\/especializacion-medicina-familiar\/"},{"@type":"ListItem","position":3,"name":"Eventos Medicina Familiar","item":"https:\/\/uninavarra.edu.co\/especializacion-medicina-familiar\/eventos-medicina-familiar\/"},{"@type":"ListItem","position":4,"name":"Eventos 2025 &#8211; Medicina Familiar"}]},{"@type":"WebSite","@id":"https:\/\/uninavarra.edu.co\/#website","url":"https:\/\/uninavarra.edu.co\/","name":"UNINAVARRA","description":"Make your desire to learn a reality","publisher":{"@id":"https:\/\/uninavarra.edu.co\/#organization"},"potentialAction":[{"@type":"SearchAction","target":{"@type":"EntryPoint","urlTemplate":"https:\/\/uninavarra.edu.co\/?s={search_term_string}"},"query-input":{"@type":"PropertyValueSpecification","valueRequired":true,"valueName":"search_term_string"}}],"inLanguage":"en-US"},{"@type":"Organization","@id":"https:\/\/uninavarra.edu.co\/#organization","name":"Navarre University Foundation - UNINAVARRA","url":"https:\/\/uninavarra.edu.co\/","logo":{"@type":"ImageObject","inLanguage":"en-US","@id":"https:\/\/uninavarra.edu.co\/#\/schema\/logo\/image\/","url":"https:\/\/uninavarra.edu.co\/wp-content\/uploads\/2024\/06\/Escudo-uninavarra-Solo.png","contentUrl":"https:\/\/uninavarra.edu.co\/wp-content\/uploads\/2024\/06\/Escudo-uninavarra-Solo.png","width":1500,"height":1401,"caption":"Fundaci\u00f3n Universitaria Navarra - UNINAVARRA"},"image":{"@id":"https:\/\/uninavarra.edu.co\/#\/schema\/logo\/image\/"},"sameAs":["https:\/\/www.facebook.com\/UninavarraEduca","https:\/\/x.com\/uninavarraeduca","https:\/\/www.instagram.com\/uninavarra\/?hl=es","https:\/\/www.linkedin.com\/in\/fundacin-universitaria-navarra-uninavarra-b41225222\/"]}]}},"_links":{"self":[{"href":"https:\/\/uninavarra.edu.co\/en\/wp-json\/wp\/v2\/pages\/86294","targetHints":{"allow":["GET"]}}],"collection":[{"href":"https:\/\/uninavarra.edu.co\/en\/wp-json\/wp\/v2\/pages"}],"about":[{"href":"https:\/\/uninavarra.edu.co\/en\/wp-json\/wp\/v2\/types\/page"}],"author":[{"embeddable":true,"href":"https:\/\/uninavarra.edu.co\/en\/wp-json\/wp\/v2\/users\/13"}],"replies":[{"embeddable":true,"href":"https:\/\/uninavarra.edu.co\/en\/wp-json\/wp\/v2\/comments?post=86294"}],"version-history":[{"count":0,"href":"https:\/\/uninavarra.edu.co\/en\/wp-json\/wp\/v2\/pages\/86294\/revisions"}],"up":[{"embeddable":true,"href":"https:\/\/uninavarra.edu.co\/en\/wp-json\/wp\/v2\/pages\/78186"}],"wp:featuredmedia":[{"embeddable":true,"href":"https:\/\/uninavarra.edu.co\/en\/wp-json\/wp\/v2\/media\/68058"}],"wp:attachment":[{"href":"https:\/\/uninavarra.edu.co\/en\/wp-json\/wp\/v2\/media?parent=86294"}],"wp:term":[{"taxonomy":"category","embeddable":true,"href":"https:\/\/uninavarra.edu.co\/en\/wp-json\/wp\/v2\/categories?post=86294"},{"taxonomy":"post_tag","embeddable":true,"href":"https:\/\/uninavarra.edu.co\/en\/wp-json\/wp\/v2\/tags?post=86294"}],"curies":[{"name":"wp","href":"https:\/\/api.w.org\/{rel}","templated":true}]}}