{"id":83420,"date":"2024-11-01T09:06:58","date_gmt":"2024-11-01T14:06:58","guid":{"rendered":"https:\/\/uninavarra.edu.co\/?page_id=83420"},"modified":"2024-11-19T10:57:21","modified_gmt":"2024-11-19T15:57:21","slug":"encuentro-internacional-de-semilleros-2024","status":"publish","type":"page","link":"https:\/\/uninavarra.edu.co\/en\/encuentro-internacional-de-semilleros-2024\/","title":{"rendered":"II INTERNATIONAL MEETING OF SEEDBEDS"},"content":{"rendered":"<div class=\"wpb-content-wrapper\"><section id=\"ivcii\" class=\"vc_section\"><div id=\"banner\" data-vc-full-width=\"true\" data-vc-full-width-init=\"false\" data-vc-stretch-content=\"true\" class=\"wpb-container vc_custom_1731079802415\"><div class=\"container-full\"><div class=\"vc_row wpb_row vc_row-fluid row\"><div class=\"col-sm-12  vc_\">\n\t\t<div class=\"wpb_wrapper\">\n\t\t\t\n\t<div class=\"wpb_raw_code wpb_raw_html wpb_content_element\" >\n\t\t<div class=\"wpb_wrapper\">\n\t\t\t<link rel=\"preconnect\" href=\"https:\/\/fonts.gstatic.com\">\n<link href=\"https:\/\/fonts.googleapis.com\/css2?family=Raleway:ital,wght@0,400;0,700;1,400&display=swap\" rel=\"stylesheet\">\n<link href=\"https:\/\/fonts.googleapis.com\/css2?family=Lato:wght@400;700&display=swap\" rel=\"stylesheet\">\n<link href=\"https:\/\/fonts.googleapis.com\/icon?family=Material+Icons\" rel=\"stylesheet\">\n\n<style>\n\/* Arregla el tama\u00f1o de la letra del slider cina ya que esta en 'rem' *\/ html {font-size: 100%} .navbar-mega .navbar-nav > li .dropdown-menu li a {font-size: 14px !important;}\n\n\/* CAMBIO COLOR DE LA LETRA Y ESTILO *\/\n#wpo-mainbody, #wpo-mainbody h2, #wpo-mainbody h3, #wpo-mainbody h4, #wpo-mainbody p, #wpo-mainbody a, #wpo-mainbody strong, #wpo-mainbody em, #wpo-mainbody th, #wpo-mainbody tr, #wpo-mainbody td, #wpo-mainbody ol, #wpo-mainbody ul, #wpo-mainbody li, #wpo-mainbody :after {\n    font-family: 'Raleway', sans-serif\n}\n\n#wpo-mainbody p {\n    font-size: 18px;\n    line-height: 30px;\n}\n\n#wpo-mainbody li {\n    font-size: 18px;\n    line-height: 30px;\n}\n\n#wpo-mainbody a {\n    text-decoration: none;\n    \/*color: #555;*\/\n}\n\n#wpo-mainbody a:hover {\n    transition: 0.4s;\n    \/*color: rgb(239, 184, 16);*\/\n}\n\n#wpo-mainbody strong {\n    line-height: 30px\n}\n\n\/* Estilo Aplicado en Listas de Semilleros de los Grupos de Investigaci\u00f3n *\/\n#wpo-mainbody .lista_semilleros ul {\n    padding-inline-start: 35px;\n}\n\n#wpo-mainbody .lista_semilleros li {\n\tline-height: 20px\n}\n\n#wpo-mainbody .lista_semilleros ul li {\n\tfont-size: 15px;\n\tmargin-left: 20px;\n\tmargin-bottom: 15px\n}\n\n#wpo-mainbody .lista_semilleros li:last-child ul li {\n\tmargin-bottom: 0\n}\n\n#wpo-mainbody .lista_semilleros ul li:before {\n    position: absolute;\n    background: none;\n}\n<\/style>\n\t\t<\/div>\n\t<\/div>\n<div class=\"wpb_single_image wpb_content_element vc_align_center\">\n\t\t<div class=\"wpb_wrapper\">\n\t\t\t\n\t\t\t<a href=\"https:\/\/forms.gle\/bMQLyYoAf6GHjFgw9\" target=\"_blank\"><img fetchpriority=\"high\" decoding=\"async\" width=\"2560\" height=\"627\" src=\"https:\/\/uninavarra.edu.co\/wp-content\/uploads\/2024\/11\/semillero-de-invstigracion-banner.jpg\" class=\"vc_box_border_grey attachment-full\" alt=\"semillero-de-invstigracio\u0301n-banner\" title=\"seed-banner-invstigration-banner\" srcset=\"https:\/\/uninavarra.edu.co\/wp-content\/uploads\/2024\/11\/semillero-de-invstigracion-banner.jpg 2560w, https:\/\/uninavarra.edu.co\/wp-content\/uploads\/2024\/11\/semillero-de-invstigracion-banner-300x73.jpg 300w, https:\/\/uninavarra.edu.co\/wp-content\/uploads\/2024\/11\/semillero-de-invstigracion-banner-1024x251.jpg 1024w, https:\/\/uninavarra.edu.co\/wp-content\/uploads\/2024\/11\/semillero-de-invstigracion-banner-150x37.jpg 150w, https:\/\/uninavarra.edu.co\/wp-content\/uploads\/2024\/11\/semillero-de-invstigracion-banner-768x188.jpg 768w, https:\/\/uninavarra.edu.co\/wp-content\/uploads\/2024\/11\/semillero-de-invstigracion-banner-1536x376.jpg 1536w, https:\/\/uninavarra.edu.co\/wp-content\/uploads\/2024\/11\/semillero-de-invstigracion-banner-2048x502.jpg 2048w, https:\/\/uninavarra.edu.co\/wp-content\/uploads\/2024\/11\/semillero-de-invstigracion-banner-18x4.jpg 18w\" sizes=\"(max-width: 2560px) 100vw, 2560px\" \/><\/a>\n\t\t<\/div> \n\t<\/div>\n\t\t<\/div> \n\t<\/div><\/div><\/div><\/div><div class=\"vc_row-full-width\"><\/div><div id=\"menu\" class=\"wpb-container vc_custom_1730467099065\"><div class=\"container\"><div class=\"vc_row wpb_row vc_row-fluid row  prueba\"><div class=\"col-sm-12  vc_\">\n\t\t<div class=\"wpb_wrapper\">\n\t\t\t\n\t<div class=\"wpb_raw_code wpb_raw_html wpb_content_element\" >\n\t\t<div class=\"wpb_wrapper\">\n\t\t\t<div class=\"topnav\" id=\"myTopnav\">\n<div id=\"fila-prueba\">\n<div class=\"menu_cina\">\n<nav class=\"nav_cina\">\n<ul>\n  <li class=\"item1\"><a href=\"#que\">WHAT IS IT?<\/a><\/li>\n  <li><a href=\"#convocatoria\">CALL FOR QUALIFICATIONS<\/a><\/li>\n  <li><a href=\"#comite\">ACADEMIC BOARD<\/a><\/li>\n  <li><a href=\"#preguntas\">FREQUENT QUESTIONS<\/a><\/li>\n<\/ul>\n<\/nav>\n<\/div>\n<\/div>\n  <a href=\"javascript:void(0);\" class=\"icon\" onclick=\"myFunction()\">\n    <i class=\"fa fa-bars\"><\/i>\n  <\/a>\n<\/div>\n\n\n<script>\nfunction myFunction() {\n  var x = document.getElementById(\"myTopnav\");\n  if (x.className === \"topnav\") {\n    x.className += \" responsive\";\n  } else {\n    x.className = \"topnav\";\n  }\n}\n<\/script>\n\t\t<\/div>\n\t<\/div>\n\n\t\t<\/div> \n\t<\/div><\/div><\/div><\/div><div id=\"que\" data-vc-full-width=\"true\" data-vc-full-width-init=\"false\" class=\"wpb-container\"><div class=\"container\"><div class=\"vc_row wpb_row vc_row-fluid row\"><div class=\"col-sm-12  vc_\">\n\t\t<div class=\"wpb_wrapper\">\n\t\t\t\n\t<div class=\"wpb_raw_code wpb_raw_html wpb_content_element\" >\n\t\t<div class=\"wpb_wrapper\">\n\t\t\t<h2 style=\"text-align: center;\">What is it?<\/h2>\n<p id=\"descripcion\">It is an event that seeks to foster collaboration and knowledge exchange between institutions and diverse disciplines, around research projects in the field of engineering and other related areas. Those interested may submit their abstracts and proposals in progress under the modality of oral - virtual presentation. Research papers may address topics of a practical, analytical, theoretical or experimental nature, with no restrictions on categories.<\/p>\n\n\t\t<\/div>\n\t<\/div>\n\n\t\t<\/div> \n\t<\/div><\/div><\/div><\/div><div class=\"vc_row-full-width\"><\/div><div data-vc-full-width=\"true\" data-vc-full-width-init=\"false\" class=\"wpb-container\"><div class=\"container\"><div class=\"vc_row wpb_row vc_row-fluid row\"><div class=\"col-sm-12  vc_\">\n\t\t<div class=\"wpb_wrapper\">\n\t\t\t\n\t<div class=\"wpb_raw_code wpb_raw_html wpb_content_element\" >\n\t\t<div class=\"wpb_wrapper\">\n\t\t\t<style>\n.modalidades-trabajo {\n  display: flex;\n  flex-wrap: wrap;\n  gap: 20px;\n  justify-content: center;\n}\n\n.card-mod {\n  background-color: #ffffff; \/* Fondo blanco *\/\n  border-radius: 20px;\n  box-shadow: 0px 4px 8px rgba(0, 0, 0, 0.1);\n  overflow: hidden;\n  width: 45%;\n  margin-bottom: 20px;\n  text-align: center;\n}\n\n.card-mod img {\n  width: 25%;  \/* Cambiado al 25% *\/\n  height: auto;\n  border-top-left-radius: 20px;\n  border-top-right-radius: 20px;\n  box-shadow: none; \/* Sin sombra para PNGs *\/\n  display: block; \/* Asegura que la imagen sea un bloque para centrarla *\/\n  margin: 10px auto 0;\n}\n\n.card-mod h4 {\n  margin: 20px 0 10px;\n  color: #e30613;\n}\n\n.card-mod p {\n  padding: 0 15px 20px;\n  color: #333333;\n  font-size: 14px;\n}\n\n.card-mod hr {\n  width: 80%;\n  border: 0.5px solid #e0e0e0;\n}\n<\/style>\n\t\t<\/div>\n\t<\/div>\n\n\t<div class=\"wpb_raw_code wpb_raw_html wpb_content_element\" >\n\t\t<div class=\"wpb_wrapper\">\n\t\t\t<h3 style=\"text-align: center;\"><strong>What are the modalities of the work?<\/strong><\/h3>\n<\/br>\n\n<div class=\"modalidades-trabajo\">\n<article class=\"card-mod\">\n<h4 class=\"ca_mbc\">1. RESEARCH AND DEVELOPMENT (R&amp;D) PROJECTS<\/h4>\n<hr>\n<p>In this modality, participants are invited to present their research at different stages of development. Participants may choose to share a proposal, an ongoing project or one that has already been completed. This allows to show the research process from the initial idea to its conclusions, fostering a space for feedback and collaborative learning.<\/p>\n<\/article>\n<article class=\"card-mod\">\n<h4 class=\"ca_mbc\">2. BUSINESS ENTREPRENEURSHIP PROJECTS<\/h4>\n<hr>\n<p>This category is designed for projects with a focus on the development of business ideas. Participants may submit business ideas, detailed business plans or projects that are already underway. The objective is to stimulate innovation in business, promoting solutions that respond to market and industry needs.<\/p>\n<\/article>\n<article class=\"card-mod\">\n<h4 class=\"ca_mbc\">3. INNOVATION AND DEVELOPMENT PROJECTS<\/h4>\n<hr>\n<p>This modality seeks to highlight projects that are implementing or developing new technologies, products or methodologies. The idea is for participants to share how their innovations can positively impact the industrial and academic sector, contributing to the advancement and improvement of existing processes.<\/p>\n<\/article>\n<article class=\"card-mod\">\n<h4 class=\"ca_mbc\">4. TEACHING OR GRADUATE RESEARCHER<\/h4>\n<hr>\n<p>This modality is intended for teachers or graduates who wish to present their research at any stage. The idea is to provide a space for experienced researchers to share their knowledge and findings with students, thus promoting interest and experience in research within the academic community.<\/p>\n<\/article>\n<\/div>\n\t\t<\/div>\n\t<\/div>\n\n\t\t<\/div> \n\t<\/div><\/div><\/div><\/div><div class=\"vc_row-full-width\"><\/div><div data-vc-full-width=\"true\" data-vc-full-width-init=\"false\" class=\"wpb-container\"><div class=\"container\"><div class=\"vc_row wpb_row vc_row-fluid row\"><div class=\"col-sm-12  vc_\">\n\t\t<div class=\"wpb_wrapper\">\n\t\t\t\n\t<div class=\"wpb_raw_code wpb_raw_html wpb_content_element\" >\n\t\t<div class=\"wpb_wrapper\">\n\t\t\t<h3 style=\"text-align: center;\"><strong>PARTICIPATION MECHANISM CHRONOGRAM<\/strong><\/h3>\n\t\t<\/div>\n\t<\/div>\n\n\t\t<\/div> \n\t<\/div><\/div><\/div><\/div><div class=\"vc_row-full-width\"><\/div><div data-vc-full-width=\"true\" data-vc-full-width-init=\"false\" class=\"wpb-container\"><div class=\"container\"><div class=\"vc_row wpb_row vc_row-fluid row\"><div class=\"col-sm-12  vc_\">\n\t\t<div class=\"wpb_wrapper\">\n\t\t\t\n\t<div class=\"wpb_raw_code wpb_raw_html wpb_content_element\" >\n\t\t<div class=\"wpb_wrapper\">\n\t\t\t<style>\n.cronograma {\n    width: 100%;\n    border-collapse: collapse; \/* Colapsa los bordes, pero no habr\u00e1 bordes visibles *\/\n    margin-top: 20px; \/* Espacio superior para separar la tabla del contenido anterior *\/\n    border: none; \/* Sin borde en la tabla *\/\n}\n\n.cronograma th, .cronograma td {\n    padding: 10px !important; \/* Aumentar el espaciado interno de las celdas *\/\n    margin: 10px 0; \/* Margen superior e inferior en las celdas *\/\n    border: none; \/* Sin bordes en las celdas *\/\n}\n\n.cronograma th {\n    background-color: #e30613; \/* Color de fondo para el encabezado *\/\n    color: white; \/* Color del texto en el encabezado *\/\n    font-weight: bold; \/* Negrita para el texto del encabezado *\/\n    text-align: center; \/* Centrar texto en los encabezados *\/\n}\n\n.cronograma td {\n    background-color: white; \/* Color de fondo blanco para las celdas *\/\n    text-align: left; \/* Alinear texto a la izquierda en contenido *\/\n    font-weight: bold; \/* Negrita para el texto de las celdas *\/\n}\n\n.cronograma td:nth-child(1) { \/* Centrar solo la columna de la etapa *\/\n    text-align: center; \/* Centrar texto en la columna de etapa *\/\n}\n\n.cronograma tr:nth-child(even) {\n    background-color: #f9f9f9; \/* Fondo alternativo para filas pares, opcional *\/\n}\n\n.cronograma tr:hover {\n    background-color: #f1f1f1; \/* Color al pasar el mouse por encima de las filas *\/\n}\n\n@media (max-width: 768px) {\n    .cronograma {\n        display: block; \/* Cambiar a bloque para m\u00f3viles *\/\n        overflow-x: auto; \/* Agregar desplazamiento horizontal *\/\n    }\n    \n    .cronograma th, .cronograma td {\n        display: block; \/* Convertir celdas en bloques para m\u00f3viles *\/\n        border: none; \/* Sin bordes en m\u00f3viles *\/\n        text-align: right; \/* Alinear texto a la derecha en m\u00f3viles *\/\n        padding: 20px; \/* Aumentar espaciado interno de las celdas en m\u00f3viles *\/\n        margin: 10px 0; \/* Margen superior e inferior en las celdas para m\u00f3viles *\/\n    }\n    \n    .cronograma td::before {\n        content: attr(data-label); \/* Mostrar la etiqueta del encabezado en m\u00f3viles *\/\n        float: left; \/* Flotar a la izquierda *\/\n        font-weight: bold; \/* Negrita para las etiquetas *\/\n    }\n}\n\n<\/style>\n\t\t<\/div>\n\t<\/div>\n\n\t<div class=\"wpb_raw_code wpb_raw_html wpb_content_element\" >\n\t\t<div class=\"wpb_wrapper\">\n\t\t\t<table class=\"cronograma\">\n<thead>\n<tr>\n  <th colspan=\"5\" style=\"text-align: center; font-size: 1.5em;\">Year 2024<\/th>\n<\/tr>\n<tr>\n<th>Stage<\/th>\n<th>Activity<\/th>\n<th>Start date<\/th>\n<th>Closing date<\/th>\n<th>Description<\/th>\n<\/tr>\n<\/thead>\n<tbody>\n<tr>\n<td>1<\/td>\n<td>Receipt of extended abstracts<\/td>\n<td>November 5<\/td>\n<td>November 15<\/td>\n<td>Opening for the reception of papers, abstracts and proposals for participation in the event.<\/td>\n<\/tr>\n<tr>\n<td>2<\/td>\n<td>Comments to authors after review by the academic committee<\/td>\n<td>November 16<\/td>\n<td>November 17th<\/td>\n<td>Authors will receive feedback from reviewers to make improvements or adjustments to their proposals.<\/td>\n<\/tr>\n<tr>\n<td>4<\/td>\n<td>Notification to Authors of the Decision taken by the Scientific Committee<\/td>\n<td colspan=\"2\" style=\"text-align:center\">November 17 (after 1:00 p.m.)<\/td>\n<td>Authors will be notified of the final decision of the Scientific Committee, informing them if their work has been accepted for presentation at the event.<\/td>\n<\/tr>\n<tr>\n<td>5<\/td>\n<td>Realization of the Event (Virtual Modality by Microsoft Teams)*.<\/td>\n<td>November 21, 2024 (16:00, local time)<\/td>\n<td>November 21, 2024 (20:00, local time)<\/td>\n<td>Day of the meeting, with presentations, poster sessions, panel discussions and other activities scheduled to encourage interaction among participants.<\/td>\n<\/tr>\n<\/tbody>\n<\/table>\n<p><em>*All participants are required to install and configure Microsoft Teams on their devices prior to the event to ensure a smooth and stable connection. We recommend testing connections and familiarizing yourself with the platform in advance to optimize the event participation experience.<\/em><\/p>\n\n\t\t<\/div>\n\t<\/div>\n\n\t\t<\/div> \n\t<\/div><\/div><\/div><\/div><div class=\"vc_row-full-width\"><\/div><div id=\"convocatoria\" data-vc-full-width=\"true\" data-vc-full-width-init=\"false\" class=\"wpb-container\"><div class=\"container\"><div class=\"vc_row wpb_row vc_row-fluid row\"><div class=\"col-sm-12  vc_\">\n\t\t<div class=\"wpb_wrapper\">\n\t\t\t\n\t<div class=\"wpb_raw_code wpb_raw_html wpb_content_element\" >\n\t\t<div class=\"wpb_wrapper\">\n\t\t\t<h2 style=\"text-align: center;\">Call for applications<\/h2>\n\t\t<\/div>\n\t<\/div>\n\n\t\t<\/div> \n\t<\/div><\/div><\/div><\/div><div class=\"vc_row-full-width\"><\/div><div data-vc-full-width=\"true\" data-vc-full-width-init=\"false\" class=\"wpb-container\"><div class=\"container\"><div class=\"vc_row wpb_row vc_row-fluid row\"><div class=\"col-sm-12  vc_\">\n\t\t<div class=\"wpb_wrapper\">\n\t\t\t\n\t<div class=\"wpb_raw_code wpb_raw_html wpb_content_element\" >\n\t\t<div class=\"wpb_wrapper\">\n\t\t\t<p id=\"descripcion\" style=\"line-height: 30px;\">The Fundaci\u00f3n Universitaria Navarra - UNINAVARRA invites students, teachers and researchers to participate in the II International Meeting of Research Workshops \"Opening Frontiers\", to be held on November 21 in virtual mode. This event seeks to foster collaboration and knowledge exchange among institutions and diverse disciplines, around research projects in the field of engineering and other related areas. Those interested may submit their abstracts and proposals under the modality of oral presentation. Research papers may address topics of a practical, analytical, theoretical or experimental nature, with no restrictions on categories. All papers will be subject to a review process. Papers will be accepted in extended abstract format in Spanish, English or another additional language. Once the papers have been accepted, the presenter will be notified and the presentation template will be sent to the presenter.<\/p>\n\t\t<\/div>\n\t<\/div>\n\n\t\t<\/div> \n\t<\/div><\/div><\/div><\/div><div class=\"vc_row-full-width\"><\/div><div data-vc-full-width=\"true\" data-vc-full-width-init=\"false\" class=\"wpb-container\"><div class=\"container\"><div class=\"vc_row wpb_row vc_row-fluid row\"><div class=\"col-sm-4  vc_\">\n\t\t<div class=\"wpb_wrapper\">\n\t\t\t<div class=\"vc_btn3-container vc_btn3-center vc_do_btn\" ><a class=\"vc_general vc_btn3 vc_btn3-size-md vc_btn3-shape-rounded vc_btn3-style-modern vc_btn3-color-default\" href=\"https:\/\/uninavarraeduco-my.sharepoint.com\/:p:\/g\/personal\/jd_parra_uninavarra_edu_co\/EXNKXMRreipOv6DsgBZyHc8Bs_kcS-E02qEwS4t5Ywk8Tg?e=kWo5Fq\" title=\"\" target=\"_blank\">Event template (PowerPoint)<\/a><\/div>\n\t\t<\/div> \n\t<\/div><div class=\"col-sm-4  vc_\">\n\t\t<div class=\"wpb_wrapper\">\n\t\t\t<div class=\"vc_btn3-container vc_btn3-center vc_do_btn\" ><a class=\"vc_general vc_btn3 vc_btn3-size-md vc_btn3-shape-rounded vc_btn3-style-modern vc_btn3-color-default\" href=\"https:\/\/uninavarraeduco-my.sharepoint.com\/:w:\/g\/personal\/jd_parra_uninavarra_edu_co\/EUYDrRhY_oJPtOaPLZQ_UnAB1oiyp4a9NnR1OaFrgfDtjw?e=tjIpoP&#038;wdLOR=cFEA3F199-48FA-4CE7-98D1-FCDA9558F6FD\" title=\"\" target=\"_blank\">Event Abstract Template (Abstracts)<\/a><\/div>\n\t\t<\/div> \n\t<\/div><div class=\"col-sm-4  vc_\">\n\t\t<div class=\"wpb_wrapper\">\n\t\t\t<div class=\"vc_btn3-container vc_btn3-center vc_do_btn\" ><a class=\"vc_general vc_btn3 vc_btn3-size-md vc_btn3-shape-rounded vc_btn3-style-modern vc_btn3-color-default\" href=\"https:\/\/forms.gle\/bMQLyYoAf6GHjFgw9\" title=\"\" target=\"_blank\">Registration Form (Attendees and Speakers)<\/a><\/div>\n\t\t<\/div> \n\t<\/div><\/div><\/div><\/div><div class=\"vc_row-full-width\"><\/div><div id=\"invitados\" data-vc-full-width=\"true\" data-vc-full-width-init=\"false\" class=\"wpb-container\"><div class=\"container\"><div class=\"vc_row wpb_row vc_row-fluid row\"><div class=\"col-sm-12  vc_\">\n\t\t<div class=\"wpb_wrapper\">\n\t\t\t\n\t<div class=\"wpb_raw_code wpb_raw_html wpb_content_element\" >\n\t\t<div class=\"wpb_wrapper\">\n\t\t\t<h2 style=\"text-align: center\">SPEAKERS<\/h2>\n<div class=\"gallery-invitados\">\n  <div class=\"card\" style=\"width: 400px\">\n    <div class=\"image-invitado\">\n      <img decoding=\"async\" src=\"https:\/\/uninavarra.edu.co\/wp-content\/uploads\/2024\/11\/Diseno-sin-titulo-30-1.png\" alt=\"Imagen de Efr\u00e9n Jim\u00e9nez Delgado\">\n    <\/div>\n    <div class=\"card-body\">\n      <h4 class=\"card-title\">Efren Jimenez Delgado<\/h4>\n      <p class=\"description\" style=\"text-align: justify;\">\n        <strong>Software Engineer<\/strong>with a <strong>bachelor's degree in Systems<\/strong>a <strong>master's degree in Databases<\/strong> and a <strong>specialization in Data Science<\/strong>. Currently, it is <strong>D. student in Computer Science and Informatics.<\/strong> and has <strong>more than 13 years of experience in software development and research<\/strong>.\n        <span id=\"more-text-efren\" style=\"display: none;\">\n          His career has been focused on areas such as the <strong>artificial intelligence<\/strong> and the <strong>computational vision<\/strong>His doctoral dissertation focuses on the following topics. His career includes the <strong>creation of advanced technological solutions<\/strong>integrating techniques of <strong>data processing<\/strong> y <strong>automatic learning<\/strong>.\n          At the university we are using Google Scholar: <a href=\"https:\/\/scholar.google.com\/citations?hl=es&user=9InWvN0AAAAJ\" target=\"_blank\">Browse publications<\/a>\n        <\/span>\n      <\/p>\n      <a href=\"javascript:void(0);\" onclick=\"toggleText('efren')\" id=\"read-more-efren\">Read more<\/a>\n    <\/div>\n  <\/div>\n\n  <div class=\"card\" style=\"width: 400px\">\n    <div class=\"image-invitado\">\n      <img decoding=\"async\" src=\"https:\/\/uninavarra.edu.co\/wp-content\/uploads\/2024\/11\/Diseno-sin-titulo-27.png\" alt=\"Imagen de Ana Eugenia Luna Adan\">\n    <\/div>\n    <div class=\"card-body\">\n      <h4 class=\"card-title\">Ph. D Ana Eugenia Luna Adan<\/h4>\n      <p class=\"description\" style=\"text-align: justify;\">\n        <strong>Vice-Dean of Business Engineering<\/strong>She is an associate professor of the Academic Department of Engineering of the Universidad del Pac\u00edfico and a researcher at CIUP. She is <strong>Ph.D. and Bachelor of Science in Physical Sciences<\/strong> by the <strong>University of Buenos Aires (UBA-Argentina)<\/strong>. \n        <span id=\"more-text-ana\" style=\"display: none;\">\n          He has extensive teaching experience and has taught several courses in the area of <strong>Superior Laboratories<\/strong> in the <strong>Department of Physics of the Faculty of Exact and Natural Sciences of the University of Buenos Aires.<\/strong>has been an interim professor in the <strong>Physics Department of the National School of Buenos Aires<\/strong>which depends on the UBA. He was also in charge of the teaching of the courses of <strong>Mathematics and Physics for the International Baccalaureate (IB)<\/strong> in the <strong>Bede's Grammar School (Buenos Aires)<\/strong> and in the <strong>Peruvian-British School (CPB-Lima)<\/strong>.\n          In the field of research, he has worked for several years in the <strong>Solid Lasers Division at the DEILAP, CONICET headquarters<\/strong>. Within the area of <strong>Photonics<\/strong>was dedicated to the study of the <strong>generation of structural color in a beetle species endemic to southern Argentina and Chile<\/strong>. It has been <strong>president of the UBA chapter of the International Society for Optical Engineering<\/strong>, <strong>vice-president of the UBA chapter of the Optical Society of America<\/strong> and member of the <strong>Argentine Physical Association<\/strong>. <br> <a style=\"text-align:center\" href=\"https:\/\/orcid.org\/0000-0002-1359-2469\" target=\"_blank\">ORCID<\/a>\n        <\/span>\n      <\/p>\n      <a href=\"javascript:void(0);\" onclick=\"toggleText('ana')\" id=\"read-more-ana\">Read more<\/a>\n    <\/div>\n  <\/div>\n<\/div>\n\n<script>\nfunction toggleText(conferencista) {\n    var moreText = document.getElementById(\"more-text-\" + conferencista);\n    var readMoreLink = document.getElementById(\"read-more-\" + conferencista);\n\n    if (moreText.style.display === \"none\") {\n        moreText.style.display = \"inline\";\n        readMoreLink.textContent = \"Leer menos\";\n    } else {\n        moreText.style.display = \"none\";\n        readMoreLink.textContent = \"Leer m\u00e1s\";\n    }\n}\n<\/script>\n\n\t\t<\/div>\n\t<\/div>\n\n\t\t<\/div> \n\t<\/div><\/div><\/div><\/div><div class=\"vc_row-full-width\"><\/div><div id=\"comite\" data-vc-full-width=\"true\" data-vc-full-width-init=\"false\" class=\"wpb-container vc_custom_1730477737509\"><div class=\"container\"><div class=\"vc_row wpb_row vc_row-fluid row\"><div class=\"col-sm-12  vc_\">\n\t\t<div class=\"wpb_wrapper\">\n\t\t\t\n\t<div class=\"wpb_raw_code wpb_raw_html wpb_content_element\" >\n\t\t<div class=\"wpb_wrapper\">\n\t\t\t<h2 style=\"text-align: center\">Academic Committee<\/h2>\n\n\t\t<\/div>\n\t<\/div>\n\n\t\t<\/div> \n\t<\/div><\/div><\/div><\/div><div class=\"vc_row-full-width\"><\/div><div data-vc-full-width=\"true\" data-vc-full-width-init=\"false\" class=\"wpb-container vc_custom_1730472446841\"><div class=\"container\"><div class=\"vc_row wpb_row vc_row-fluid row\"><div class=\"col-sm-12  vc_\">\n\t\t<div class=\"wpb_wrapper\">\n\t\t\t<div class=\"vc_row wpb_row vc_inner vc_row-fluid integrantes\"><div class=\"vc_ col-sm-2\"><div class=\"vc_column-inner\"><div class=\"wpb_wrapper\"><\/div><\/div><\/div><div class=\"vc_ col-sm-8\"><div class=\"vc_column-inner\"><div class=\"wpb_wrapper\">\n\t<div class=\"wpb_raw_code wpb_raw_html wpb_content_element\" >\n\t\t<div class=\"wpb_wrapper\">\n\t\t\t<p style=\"text-align: center;\"><strong>JUAN DAVID PARRA QUINTERO<\/strong> <em>Organizer<\/em><\/p>\n<p style=\"text-align: center;\"><strong>SERGIO ANDR\u00c9S CASTA\u00d1EDA M\u00c9NDEZ<\/strong> <em>Organizer<\/em><\/p>\n<p style=\"text-align: center;\"><strong>JHON SEBASTI\u00c1N PERDOMO GONZ\u00c1LEZ<\/strong> <em>Master of Ceremony<\/em><\/p>\n<p style=\"text-align: center;\"><strong>JOS\u00c9 ADEL BARRERA CARDOZO<\/strong> <em>Room 1 Coordinator<\/em><\/p>\n<p style=\"text-align: center;\"><strong>JORGE LUIS LEBRO BURGOS<\/strong> <em>Room 2 Coordinator<\/em><\/p>\n<p style=\"text-align: center;\"><strong>DANIEL ENRIQUE OVALLE CERQUERA<\/strong> <em>Room 3 Coordinator<\/em><\/p>\n\n\t\t<\/div>\n\t<\/div>\n<\/div><\/div><\/div><div class=\"vc_ col-sm-2\"><div class=\"vc_column-inner\"><div class=\"wpb_wrapper\"><\/div><\/div><\/div><\/div>\n\t\t<\/div> \n\t<\/div><\/div><\/div><\/div><div class=\"vc_row-full-width\"><\/div><div id=\"preguntas\" data-vc-full-width=\"true\" data-vc-full-width-init=\"false\" data-vc-stretch-content=\"true\" class=\"wpb-container\"><div class=\"container\"><div class=\"vc_row wpb_row vc_row-fluid row\"><div class=\"col-sm-12  vc_\">\n\t\t<div class=\"wpb_wrapper\">\n\t\t\t\n\t<div class=\"wpb_raw_code wpb_raw_html wpb_content_element\" >\n\t\t<div class=\"wpb_wrapper\">\n\t\t\t<h2 style=\"text-align: center\">Frequently Asked Questions<\/h2>\n\n\t\t<\/div>\n\t<\/div>\n\n\t\t<\/div> \n\t<\/div><\/div><\/div><\/div><div class=\"vc_row-full-width\"><\/div><div data-vc-full-width=\"true\" data-vc-full-width-init=\"false\" data-vc-stretch-content=\"true\" class=\"wpb-container\"><div class=\"container\"><div class=\"vc_row wpb_row vc_row-fluid row\"><div class=\"col-sm-12  vc_\">\n\t\t<div class=\"wpb_wrapper\">\n\t\t\t\n\t<div class=\"wpb_raw_code wpb_raw_html wpb_content_element\" >\n\t\t<div class=\"wpb_wrapper\">\n\t\t\t<style>\n.accordions {\n  width: 90%;\n  \/*max-width: 70ch;*\/\n  margin: 0 auto;\n}\n\n.accordion {\n  border: none; \/* Eliminar el borde por defecto *\/\n  margin-bottom: 1rem;\n  overflow: hidden;\n  background-color: #ffffff;;\n}\n\n.accordion:hover {\n  border-color: transparent; \/* Aseg\u00farate de que no haya borde al pasar el mouse *\/\n}\n\n.accordion__header {\n    cursor: pointer; \/* Cambia el cursor al pasar sobre el encabezado *\/\n    font-weight: 500; \/* Peso de la fuente *\/\n    font-size: 15px; \/* Tama\u00f1o de la fuente *\/\n    line-height: 30px; \/* Altura de l\u00ednea *\/\n    font-family: 'Raleway', sans-serif !important; \/* Fuente *\/\n    display: flex; \/* Muestra como un flex container *\/\n    align-items: center; \/* Alinea verticalmente los elementos *\/\n    position: relative; \/* Posicionamiento relativo *\/\n    padding: 1rem; \/* Relleno alrededor del texto *\/\n    color: #fff; \/* Cambiar el color del texto a blanco *\/\n    background-color: #e30613; \/* Color de fondo del encabezado *\/\n    margin-top: 10px; \/* Margen superior *\/\n    margin-bottom: 10px; \/* Margen inferior *\/\n    border-radius: 20px\n}\n\n.accordion__header:after,\n.accordion__header:before {\n  content: '';\n  position: absolute;\n  right: 1.5em;\n  width: 2px;\n  height: 0.75em;\n  background-color: #fff; \/* Cambiar el color de las flechas a blanco *\/\n  transition: all 0.2s;\n}\n\n.accordion__header:after {\n  transform: rotate(90deg);\n}\n\n.accordion:has(input:checked) .accordion__header {\n  color: #fff; \/* Aseg\u00farate de que el texto siga siendo blanco cuando est\u00e1 activado *\/\n}\n\n.accordion__content {\n  max-height: 0;\n  overflow: hidden;\n  transition: max-height 0.5s ease;\n}\n\n.accordion input {\n  display: none;\n}\n\n.accordion:has(input:checked) {\n  background-color: #fff; \/* Mantiene el fondo blanco cuando est\u00e1 activo *\/\n  box-shadow: rgba(33, 35, 38, 0.1) 0px 10px 10px -10px;\n  border-radius: 20px; \/* A\u00f1adir bordes redondeados al acorde\u00f3n activo *\/\n}\n\n.accordion input:checked ~ .accordion__header:before {\n  transform: rotate(270deg) !important;\n  background-color: #fff; \/* Cambia a blanco las flechas cuando est\u00e1 activo *\/\n}\n\n.accordion input:checked ~ .accordion__header:after {\n  transform: rotate(270deg) !important;\n  background-color: #fff; \/* Cambia a blanco las flechas cuando est\u00e1 activo *\/\n}\n\n.accordion input:checked ~ .accordion__content {\n  max-height: 1000px; \/* Ajusta seg\u00fan la longitud del contenido *\/\n}\n<\/style>\n\t\t<\/div>\n\t<\/div>\n\n\t<div class=\"wpb_raw_code wpb_raw_html wpb_content_element\" >\n\t\t<div class=\"wpb_wrapper\">\n\t\t\t<div class=\"accordions\">\n    <div class=\"accordion\">\n        <input type=\"checkbox\" id=\"question-1\">\n        <label for=\"question-1\" class=\"accordion__header\" id=\"question-1\">Who organizes the meeting?<\/label>\n        <div class=\"accordion__content\">\n            <p class=\"descripcion\" style=\"line-height: 30px;\">The event is organized by the Industrial Engineering program of Fundaci\u00f3n Universitaria Navarra - UNINAVARRA, as part of its internationalization and research activities.<\/p>\n        <\/div>\n    <\/div>\n\n    <div class=\"accordion\">\n        <input type=\"checkbox\" id=\"question-2\">\n        <label for=\"question-2\" class=\"accordion__header\">Where will the meeting be held?<\/label>\n        <div class=\"accordion__content\">\n            <p class=\"descripcion\" style=\"line-height: 30px;\">The event will be held in virtual mode through Microsoft Teams*, allowing the participation of institutions, teachers and students from different parts of the world.<br>*All participants are required to install and configure Microsoft Teams on their devices prior to the event to ensure a smooth and stable connection. We recommend testing connections and familiarizing yourself with the platform in advance to optimize the event participation experience.<\/p>\n        <\/div>\n    <\/div>\n\n    <div class=\"accordion\">\n        <input type=\"checkbox\" id=\"question-3\">\n        <label for=\"question-3\" class=\"accordion__header\">What is the date of the event?<\/label>\n        <div class=\"accordion__content\">\n            <p class=\"descripcion\" style=\"line-height: 30px;\">The II International Meeting of Research Seedbeds will take place on Thursday, November 21, 2024, from 16:00 to 20:00 (local time - Colombia).<\/p>\n            <p class=\"descripcion\" style=\"line-height: 30px;\">Agenda Time Zone (GMT- Colombia):<br>1st Keynote Speech - Costa Rica: 16:00 to 17:00<br>2nd Keynote Lecture - Peru: 17:00 to 18:00<br>Lectures Students, Teachers, Externals: 18:00 to 20:00<\/p>\n        <\/div>\n    <\/div>\n\n    <div class=\"accordion\">\n        <input type=\"checkbox\" id=\"question-4\">\n        <label for=\"question-4\" class=\"accordion__header\">What are the modalities of participation?<\/label>\n        <div class=\"accordion__content\">\n            <p class=\"descripcion\" style=\"line-height: 30px;\">The modality is virtual 100% through Microsoft Teams. Participation includes:<\/p>\n            <ul class=\"descripcion\" style=\"line-height: 30px;\">\n                <li>Research and Development (R&amp;D) Projects: To present research at various stages, from proposals to completed projects.<\/li>\n                <li>Business Entrepreneurship Projects: Focused on business ideas or innovative business projects.<\/li>\n                <li>Innovation and Development Projects: Presentation of technological innovations, products or methodologies.<\/li>\n                <li>Teacher or Graduate Researcher: Space for teachers or graduates who wish to share their findings at any stage of research.<\/li>\n            <\/ul>\n        <\/div>\n    <\/div>\n\n    <div class=\"accordion\">\n        <input type=\"checkbox\" id=\"question-5\">\n        <label for=\"question-5\" class=\"accordion__header\">Will a certificate of participation be issued?<\/label>\n        <div class=\"accordion__content\">\n            <p class=\"descripcion\" style=\"line-height: 30px;\">Yes, certificates will be given to the speakers whose presentations are accepted and correctly carried out during the event. Delivery of certificate: 15 working days after the event.<\/p>\n        <\/div>\n    <\/div>\n\n    <div class=\"accordion\">\n        <input type=\"checkbox\" id=\"question-6\">\n        <label for=\"question-6\" class=\"accordion__header\">Will memories of the event be made?<\/label>\n        <div class=\"accordion__content\">\n            <p class=\"descripcion\" style=\"line-height: 30px;\">Unfortunately, on this occasion, we will NOT be generating memories of the II International Meeting of Research Seedbeds. However, we are committed to provide an enriching experience and facilitate the exchange of knowledge during the event through the presentations and programmed activities.<\/p>\n        <\/div>\n    <\/div>\n\n    <div class=\"accordion\">\n        <input type=\"checkbox\" id=\"question-7\">\n        <label for=\"question-7\" class=\"accordion__header\">What are the requirements for registration?<\/label>\n        <div class=\"accordion__content\">\n            <p class=\"descripcion\" style=\"line-height: 30px;\">To register, those interested should complete the form in the registration link provided and prepare their presentation according to the modalities of the event.<\/p>\n        <\/div>\n    <\/div>\n\n    <div class=\"accordion\">\n        <input type=\"checkbox\" id=\"question-8\">\n        <label for=\"question-8\" class=\"accordion__header\">What is the registration fee?<\/label>\n        <div class=\"accordion__content\">\n            <p class=\"descripcion\" style=\"line-height: 30px;\">Participation in the event is free of charge for both attendees and speakers, facilitating access to the entire interested academic community.<\/p>\n        <\/div>\n    <\/div>\n\n    <div class=\"accordion\">\n        <input type=\"checkbox\" id=\"question-9\">\n        <label for=\"question-9\" class=\"accordion__header\">Until when can abstracts of papers be submitted?<\/label>\n        <div class=\"accordion__content\">\n            <p class=\"descripcion\" style=\"line-height: 30px;\">Extended abstracts should be submitted between November 5 and November 15, 2024 for review and feedback by the evaluating academic committee.<\/p>\n        <\/div>\n    <\/div>\n\n    <div class=\"accordion\">\n        <input type=\"checkbox\" id=\"question-10\">\n        <label for=\"question-10\" class=\"accordion__header\">How can I access the connection link for the event?<\/label>\n        <div class=\"accordion__content\">\n            <p class=\"descripcion\" style=\"line-height: 30px;\">The day before the event, participants will be sent the connection link via Microsoft Teams along with the meeting agenda.<\/p>\n        <\/div>\n    <\/div>\n\n    <div class=\"accordion\">\n        <input type=\"checkbox\" id=\"question-11\">\n        <label for=\"question-11\" class=\"accordion__header\">Who can I contact for more information?<\/label>\n        <div class=\"accordion__content\">\n            <p class=\"descripcion\" style=\"line-height: 30px;\">For additional information, you can contact us by e-mail: <a href=\"mailto:jd.parra@uninavarra.edu.co\">jd.parra@uninavarra.edu.co<\/a><\/p>\n        <\/div>\n    <\/div>\n<\/div>\n\n\t\t<\/div>\n\t<\/div>\n\n\t\t<\/div> \n\t<\/div><\/div><\/div><\/div><div class=\"vc_row-full-width\"><\/div><\/section>\n<\/div>","protected":false},"excerpt":{"rendered":"\u00bfQU\u00c9 ES? CONVOCATORIA COMIT\u00c9 ACAD\u00c9MICO PREGUNTAS FRECUENTES \u00bfQu\u00e9 es? Es un evento que busca fomentar la colaboraci\u00f3n y el intercambio de conocimientos entre instituciones y disciplinas diversas, en torno a [...]","protected":false},"author":13,"featured_media":83480,"parent":0,"menu_order":0,"comment_status":"closed","ping_status":"closed","template":"","meta":{"footnotes":""},"categories":[1],"tags":[],"class_list":["post-83420","page","type-page","status-publish","has-post-thumbnail","hentry","category-uncategorized"],"yoast_head":"<!-- This site is optimized with the Yoast SEO plugin v27.4 - https:\/\/yoast.com\/product\/yoast-seo-wordpress\/ -->\n<title>II ENCUENTRO INTERNACIONAL DE SEMILLEROS - Uninavarra<\/title>\n<meta name=\"robots\" content=\"index, follow, max-snippet:-1, max-image-preview:large, max-video-preview:-1\" \/>\n<link rel=\"canonical\" href=\"https:\/\/uninavarra.edu.co\/en\/encuentro-internacional-de-semilleros-2024\/\" \/>\n<meta property=\"og:locale\" content=\"en_US\" \/>\n<meta property=\"og:type\" content=\"article\" \/>\n<meta property=\"og:title\" content=\"II ENCUENTRO INTERNACIONAL DE SEMILLEROS - Uninavarra\" \/>\n<meta property=\"og:url\" content=\"https:\/\/uninavarra.edu.co\/en\/encuentro-internacional-de-semilleros-2024\/\" \/>\n<meta property=\"og:site_name\" content=\"Uninavarra\" \/>\n<meta property=\"article:publisher\" content=\"https:\/\/www.facebook.com\/UninavarraEduca\" \/>\n<meta property=\"article:modified_time\" content=\"2024-11-19T15:57:21+00:00\" \/>\n<meta property=\"og:image\" content=\"https:\/\/uninavarra.edu.co\/wp-content\/uploads\/2024\/11\/Banner-1er-Encuentro-Internacional-de-Semilleros-de-Investigacion-1.jpeg\" \/>\n\t<meta property=\"og:image:width\" content=\"1600\" \/>\n\t<meta property=\"og:image:height\" content=\"1600\" \/>\n\t<meta property=\"og:image:type\" content=\"image\/jpeg\" \/>\n<meta name=\"twitter:card\" content=\"summary_large_image\" \/>\n<meta name=\"twitter:site\" content=\"@uninavarraeduca\" \/>\n<meta name=\"twitter:label1\" content=\"Est. reading time\" \/>\n\t<meta name=\"twitter:data1\" content=\"19 minutes\" \/>\n<script type=\"application\/ld+json\" class=\"yoast-schema-graph\">{\"@context\":\"https:\\\/\\\/schema.org\",\"@graph\":[{\"@type\":\"WebPage\",\"@id\":\"https:\\\/\\\/uninavarra.edu.co\\\/encuentro-internacional-de-semilleros-2024\\\/\",\"url\":\"https:\\\/\\\/uninavarra.edu.co\\\/encuentro-internacional-de-semilleros-2024\\\/\",\"name\":\"II ENCUENTRO INTERNACIONAL DE SEMILLEROS - Uninavarra\",\"isPartOf\":{\"@id\":\"https:\\\/\\\/uninavarra.edu.co\\\/#website\"},\"primaryImageOfPage\":{\"@id\":\"https:\\\/\\\/uninavarra.edu.co\\\/encuentro-internacional-de-semilleros-2024\\\/#primaryimage\"},\"image\":{\"@id\":\"https:\\\/\\\/uninavarra.edu.co\\\/encuentro-internacional-de-semilleros-2024\\\/#primaryimage\"},\"thumbnailUrl\":\"https:\\\/\\\/uninavarra.edu.co\\\/wp-content\\\/uploads\\\/2024\\\/11\\\/Banner-1er-Encuentro-Internacional-de-Semilleros-de-Investigacion-1.jpeg\",\"datePublished\":\"2024-11-01T14:06:58+00:00\",\"dateModified\":\"2024-11-19T15:57:21+00:00\",\"breadcrumb\":{\"@id\":\"https:\\\/\\\/uninavarra.edu.co\\\/encuentro-internacional-de-semilleros-2024\\\/#breadcrumb\"},\"inLanguage\":\"en-US\",\"potentialAction\":[{\"@type\":\"ReadAction\",\"target\":[\"https:\\\/\\\/uninavarra.edu.co\\\/encuentro-internacional-de-semilleros-2024\\\/\"]}]},{\"@type\":\"ImageObject\",\"inLanguage\":\"en-US\",\"@id\":\"https:\\\/\\\/uninavarra.edu.co\\\/encuentro-internacional-de-semilleros-2024\\\/#primaryimage\",\"url\":\"https:\\\/\\\/uninavarra.edu.co\\\/wp-content\\\/uploads\\\/2024\\\/11\\\/Banner-1er-Encuentro-Internacional-de-Semilleros-de-Investigacion-1.jpeg\",\"contentUrl\":\"https:\\\/\\\/uninavarra.edu.co\\\/wp-content\\\/uploads\\\/2024\\\/11\\\/Banner-1er-Encuentro-Internacional-de-Semilleros-de-Investigacion-1.jpeg\",\"width\":1600,\"height\":1600,\"caption\":\"Banner 1er Encuentro Internacional de Semilleros de Investigaci\u00f3n (1)\"},{\"@type\":\"BreadcrumbList\",\"@id\":\"https:\\\/\\\/uninavarra.edu.co\\\/encuentro-internacional-de-semilleros-2024\\\/#breadcrumb\",\"itemListElement\":[{\"@type\":\"ListItem\",\"position\":1,\"name\":\"Home\",\"item\":\"https:\\\/\\\/uninavarra.edu.co\\\/\"},{\"@type\":\"ListItem\",\"position\":2,\"name\":\"II ENCUENTRO INTERNACIONAL DE SEMILLEROS\"}]},{\"@type\":\"WebSite\",\"@id\":\"https:\\\/\\\/uninavarra.edu.co\\\/#website\",\"url\":\"https:\\\/\\\/uninavarra.edu.co\\\/\",\"name\":\"UNINAVARRA\",\"description\":\"Haz realidad tu deseo de aprender\",\"publisher\":{\"@id\":\"https:\\\/\\\/uninavarra.edu.co\\\/#organization\"},\"potentialAction\":[{\"@type\":\"SearchAction\",\"target\":{\"@type\":\"EntryPoint\",\"urlTemplate\":\"https:\\\/\\\/uninavarra.edu.co\\\/?s={search_term_string}\"},\"query-input\":{\"@type\":\"PropertyValueSpecification\",\"valueRequired\":true,\"valueName\":\"search_term_string\"}}],\"inLanguage\":\"en-US\"},{\"@type\":\"Organization\",\"@id\":\"https:\\\/\\\/uninavarra.edu.co\\\/#organization\",\"name\":\"Fundaci\u00f3n Universitaria Navarra - UNINAVARRA\",\"url\":\"https:\\\/\\\/uninavarra.edu.co\\\/\",\"logo\":{\"@type\":\"ImageObject\",\"inLanguage\":\"en-US\",\"@id\":\"https:\\\/\\\/uninavarra.edu.co\\\/#\\\/schema\\\/logo\\\/image\\\/\",\"url\":\"https:\\\/\\\/uninavarra.edu.co\\\/wp-content\\\/uploads\\\/2024\\\/06\\\/Escudo-uninavarra-Solo.png\",\"contentUrl\":\"https:\\\/\\\/uninavarra.edu.co\\\/wp-content\\\/uploads\\\/2024\\\/06\\\/Escudo-uninavarra-Solo.png\",\"width\":1500,\"height\":1401,\"caption\":\"Fundaci\u00f3n Universitaria Navarra - UNINAVARRA\"},\"image\":{\"@id\":\"https:\\\/\\\/uninavarra.edu.co\\\/#\\\/schema\\\/logo\\\/image\\\/\"},\"sameAs\":[\"https:\\\/\\\/www.facebook.com\\\/UninavarraEduca\",\"https:\\\/\\\/x.com\\\/uninavarraeduca\",\"https:\\\/\\\/www.instagram.com\\\/uninavarra\\\/?hl=es\",\"https:\\\/\\\/www.linkedin.com\\\/in\\\/fundacin-universitaria-navarra-uninavarra-b41225222\\\/\"]}]}<\/script>\n<!-- \/ Yoast SEO plugin. -->","yoast_head_json":{"title":"II ENCUENTRO INTERNACIONAL DE SEMILLEROS - Uninavarra","robots":{"index":"index","follow":"follow","max-snippet":"max-snippet:-1","max-image-preview":"max-image-preview:large","max-video-preview":"max-video-preview:-1"},"canonical":"https:\/\/uninavarra.edu.co\/en\/encuentro-internacional-de-semilleros-2024\/","og_locale":"en_US","og_type":"article","og_title":"II ENCUENTRO INTERNACIONAL DE SEMILLEROS - Uninavarra","og_url":"https:\/\/uninavarra.edu.co\/en\/encuentro-internacional-de-semilleros-2024\/","og_site_name":"Uninavarra","article_publisher":"https:\/\/www.facebook.com\/UninavarraEduca","article_modified_time":"2024-11-19T15:57:21+00:00","og_image":[{"width":1600,"height":1600,"url":"https:\/\/uninavarra.edu.co\/wp-content\/uploads\/2024\/11\/Banner-1er-Encuentro-Internacional-de-Semilleros-de-Investigacion-1.jpeg","type":"image\/jpeg"}],"twitter_card":"summary_large_image","twitter_site":"@uninavarraeduca","twitter_misc":{"Est. reading time":"19 minutes"},"schema":{"@context":"https:\/\/schema.org","@graph":[{"@type":"WebPage","@id":"https:\/\/uninavarra.edu.co\/encuentro-internacional-de-semilleros-2024\/","url":"https:\/\/uninavarra.edu.co\/encuentro-internacional-de-semilleros-2024\/","name":"II ENCUENTRO INTERNACIONAL DE SEMILLEROS - Uninavarra","isPartOf":{"@id":"https:\/\/uninavarra.edu.co\/#website"},"primaryImageOfPage":{"@id":"https:\/\/uninavarra.edu.co\/encuentro-internacional-de-semilleros-2024\/#primaryimage"},"image":{"@id":"https:\/\/uninavarra.edu.co\/encuentro-internacional-de-semilleros-2024\/#primaryimage"},"thumbnailUrl":"https:\/\/uninavarra.edu.co\/wp-content\/uploads\/2024\/11\/Banner-1er-Encuentro-Internacional-de-Semilleros-de-Investigacion-1.jpeg","datePublished":"2024-11-01T14:06:58+00:00","dateModified":"2024-11-19T15:57:21+00:00","breadcrumb":{"@id":"https:\/\/uninavarra.edu.co\/encuentro-internacional-de-semilleros-2024\/#breadcrumb"},"inLanguage":"en-US","potentialAction":[{"@type":"ReadAction","target":["https:\/\/uninavarra.edu.co\/encuentro-internacional-de-semilleros-2024\/"]}]},{"@type":"ImageObject","inLanguage":"en-US","@id":"https:\/\/uninavarra.edu.co\/encuentro-internacional-de-semilleros-2024\/#primaryimage","url":"https:\/\/uninavarra.edu.co\/wp-content\/uploads\/2024\/11\/Banner-1er-Encuentro-Internacional-de-Semilleros-de-Investigacion-1.jpeg","contentUrl":"https:\/\/uninavarra.edu.co\/wp-content\/uploads\/2024\/11\/Banner-1er-Encuentro-Internacional-de-Semilleros-de-Investigacion-1.jpeg","width":1600,"height":1600,"caption":"Banner 1er Encuentro Internacional de Semilleros de Investigaci\u00f3n (1)"},{"@type":"BreadcrumbList","@id":"https:\/\/uninavarra.edu.co\/encuentro-internacional-de-semilleros-2024\/#breadcrumb","itemListElement":[{"@type":"ListItem","position":1,"name":"Home","item":"https:\/\/uninavarra.edu.co\/"},{"@type":"ListItem","position":2,"name":"II ENCUENTRO INTERNACIONAL DE SEMILLEROS"}]},{"@type":"WebSite","@id":"https:\/\/uninavarra.edu.co\/#website","url":"https:\/\/uninavarra.edu.co\/","name":"UNINAVARRA","description":"Make your desire to learn a reality","publisher":{"@id":"https:\/\/uninavarra.edu.co\/#organization"},"potentialAction":[{"@type":"SearchAction","target":{"@type":"EntryPoint","urlTemplate":"https:\/\/uninavarra.edu.co\/?s={search_term_string}"},"query-input":{"@type":"PropertyValueSpecification","valueRequired":true,"valueName":"search_term_string"}}],"inLanguage":"en-US"},{"@type":"Organization","@id":"https:\/\/uninavarra.edu.co\/#organization","name":"Navarre University Foundation - UNINAVARRA","url":"https:\/\/uninavarra.edu.co\/","logo":{"@type":"ImageObject","inLanguage":"en-US","@id":"https:\/\/uninavarra.edu.co\/#\/schema\/logo\/image\/","url":"https:\/\/uninavarra.edu.co\/wp-content\/uploads\/2024\/06\/Escudo-uninavarra-Solo.png","contentUrl":"https:\/\/uninavarra.edu.co\/wp-content\/uploads\/2024\/06\/Escudo-uninavarra-Solo.png","width":1500,"height":1401,"caption":"Fundaci\u00f3n Universitaria Navarra - UNINAVARRA"},"image":{"@id":"https:\/\/uninavarra.edu.co\/#\/schema\/logo\/image\/"},"sameAs":["https:\/\/www.facebook.com\/UninavarraEduca","https:\/\/x.com\/uninavarraeduca","https:\/\/www.instagram.com\/uninavarra\/?hl=es","https:\/\/www.linkedin.com\/in\/fundacin-universitaria-navarra-uninavarra-b41225222\/"]}]}},"_links":{"self":[{"href":"https:\/\/uninavarra.edu.co\/en\/wp-json\/wp\/v2\/pages\/83420","targetHints":{"allow":["GET"]}}],"collection":[{"href":"https:\/\/uninavarra.edu.co\/en\/wp-json\/wp\/v2\/pages"}],"about":[{"href":"https:\/\/uninavarra.edu.co\/en\/wp-json\/wp\/v2\/types\/page"}],"author":[{"embeddable":true,"href":"https:\/\/uninavarra.edu.co\/en\/wp-json\/wp\/v2\/users\/13"}],"replies":[{"embeddable":true,"href":"https:\/\/uninavarra.edu.co\/en\/wp-json\/wp\/v2\/comments?post=83420"}],"version-history":[{"count":0,"href":"https:\/\/uninavarra.edu.co\/en\/wp-json\/wp\/v2\/pages\/83420\/revisions"}],"wp:featuredmedia":[{"embeddable":true,"href":"https:\/\/uninavarra.edu.co\/en\/wp-json\/wp\/v2\/media\/83480"}],"wp:attachment":[{"href":"https:\/\/uninavarra.edu.co\/en\/wp-json\/wp\/v2\/media?parent=83420"}],"wp:term":[{"taxonomy":"category","embeddable":true,"href":"https:\/\/uninavarra.edu.co\/en\/wp-json\/wp\/v2\/categories?post=83420"},{"taxonomy":"post_tag","embeddable":true,"href":"https:\/\/uninavarra.edu.co\/en\/wp-json\/wp\/v2\/tags?post=83420"}],"curies":[{"name":"wp","href":"https:\/\/api.w.org\/{rel}","templated":true}]}}