{"id":77227,"date":"2024-07-12T10:53:49","date_gmt":"2024-07-12T15:53:49","guid":{"rendered":"https:\/\/uninavarra.edu.co\/?page_id=77227"},"modified":"2025-05-20T10:29:13","modified_gmt":"2025-05-20T15:29:13","slug":"jornada-actualizacion-enfermeria","status":"publish","type":"page","link":"https:\/\/uninavarra.edu.co\/en\/educacion-continua\/jornada-actualizacion-enfermeria\/","title":{"rendered":"Clinical Pharmacology: Caring for health at every stage of life"},"content":{"rendered":"<div class=\"wpb-content-wrapper\"><section id=\"educacion-continua\" class=\"vc_section\"><div data-vc-full-width=\"true\" data-vc-full-width-init=\"false\" data-vc-stretch-content=\"true\" class=\"wpb-container \"><div class=\"container-full\"><div class=\"vc_row wpb_row vc_row-fluid row \"><div class=\"col-sm-12  vc_\">\n\t\t<div class=\"wpb_wrapper \">\n\t\t\t<div class=\"wpb_single_image wpb_content_element vc_align_left\">\n\t\t<div class=\"wpb_wrapper\">\n\t\t\t\n\t\t\t<a href=\"#\" target=\"_self\"><img fetchpriority=\"high\" decoding=\"async\" width=\"1900\" height=\"335\" src=\"https:\/\/uninavarra.edu.co\/wp-content\/uploads\/2025\/05\/2-IV-Jornada-de-Actualizacion-del-Programa-de-Enfermeria-.jpg\" class=\" vc_box_border_grey attachment-full\" alt=\"2--IV-Jornada-de-Actualizacio\u0301n-del-Programa-de-Enfermeri\u0301a-\" title=\"2--IV-Jornada-de-Actualizacio\u0301n-del-Programa-de-Enfermeri\u0301a-\" srcset=\"https:\/\/uninavarra.edu.co\/wp-content\/uploads\/2025\/05\/2-IV-Jornada-de-Actualizacion-del-Programa-de-Enfermeria-.jpg 1900w, https:\/\/uninavarra.edu.co\/wp-content\/uploads\/2025\/05\/2-IV-Jornada-de-Actualizacion-del-Programa-de-Enfermeria--300x53.jpg 300w, https:\/\/uninavarra.edu.co\/wp-content\/uploads\/2025\/05\/2-IV-Jornada-de-Actualizacion-del-Programa-de-Enfermeria--1024x181.jpg 1024w, https:\/\/uninavarra.edu.co\/wp-content\/uploads\/2025\/05\/2-IV-Jornada-de-Actualizacion-del-Programa-de-Enfermeria--150x26.jpg 150w, https:\/\/uninavarra.edu.co\/wp-content\/uploads\/2025\/05\/2-IV-Jornada-de-Actualizacion-del-Programa-de-Enfermeria--768x135.jpg 768w, https:\/\/uninavarra.edu.co\/wp-content\/uploads\/2025\/05\/2-IV-Jornada-de-Actualizacion-del-Programa-de-Enfermeria--1536x271.jpg 1536w, https:\/\/uninavarra.edu.co\/wp-content\/uploads\/2025\/05\/2-IV-Jornada-de-Actualizacion-del-Programa-de-Enfermeria--18x3.jpg 18w\" sizes=\"(max-width: 1900px) 100vw, 1900px\" \/><\/a>\n\t\t<\/div> \n\t<\/div>\n\t\t<\/div> \n\t<\/div><\/div><\/div><\/div><div class=\"vc_row-full-width\"><\/div><div id=\"info-programa\" data-vc-full-width=\"true\" data-vc-full-width-init=\"false\" data-vc-stretch-content=\"true\" class=\"wpb-container \"><div class=\"container-full\"><div class=\"vc_row wpb_row vc_row-fluid row \"><div class=\"col-sm-8  vc_\">\n\t\t<div class=\"wpb_wrapper \">\n\t\t\t<div class=\"vc_row wpb_row vc_inner vc_row-fluid\"><div class=\"vc_ col-sm-12\"><div class=\"vc_column-inner\"><div class=\"wpb_wrapper\">\n\t<div class=\"wpb_raw_code wpb_raw_html wpb_content_element\" >\n\t\t<div class=\"wpb_wrapper\">\n\t\t\t<div id=\"programa\">\n\n    <h3 class='programa'>IV Jornada de Actualizaci\u00f3n en Enfermer\u00eda: \"Farmacolog\u00eda Cl\u00ednica: Cuidando la salud en cada etapa de la vida\"<\/h3>\n    <div class='row'>\n        <div class='col-sm-4'>\n            <br>\n\n            <div class='fecha-inicio'><strong>Inicio: <\/strong>16 de mayo 2025<\/div>\n            <div class='fecha-finalizaci\u00f3n'><strong>Finalizaci\u00f3n: <\/strong>16 de mayo 2025<\/div>\n            <hr>\n\n            <div class='modalidad'><strong>Modalidad: <\/strong>Presencial<\/div>\n            <div class='cupos'><strong>Cupos: <\/strong>Sujeto al n\u00famero de inscritos<\/div>\n            <hr>\n            <div class='certificacion'><strong>Certificaci\u00f3n: <\/strong>Culminado el 100% del curso (Se entrega en un t\u00e9rmino de 48 horas)<\/div>\n            <div class='facultad'><strong>Facultad: <\/strong>Facultad de Ciencias de la Salud y Ciencias B\u00e1sicas<\/div>\n            <hr>\n\n            <div class='matriculas'>\n                <strong>Matr\u00edculas:<\/strong><br>\n                <strong>General:<\/strong> $100.000 COP<br>\n                <strong>Convenios de Cooperaci\u00f3n (20% de descuento):<\/strong> $80.000 COP<br>\n                <strong>Docentes Colaboradores y Egresados (30% de descuento):<\/strong> $70.000 COP<br>\n                <strong>Estudiantes Uninavarra y Estudiantes de Pregrado Externos (40% de descuento):<\/strong> $60.000 COP\n            <\/div>\n\n            <hr>\n            <div class=\"folleto-div vc_btn3-container vc_btn3-center\">\n                <a class=\"folleto vc_general vc_btn3 vc_btn3-size-md vc_btn3-shape-rounded vc_btn3-style-modern vc_btn3-block vc_btn3-icon-left vc_btn3-color-navarra\" data-type=\"iframe\" data-preload=\"false\" data-width=\"50%\" data-height=\"50%\" href=\"https:\/\/uninavarra.edu.co\/wp-content\/uploads\/2025\/05\/Multimedia-scaled.jpg\" data-fancybox=\"\" target=\"_blank\" rel=\"noopener\">\n                    <i class=\"vc_btn3-icon fas fa-map\"><\/i>Ver Folleto\n                <\/a>\n            <\/div>\n            <div class=\"folleto-div vc_btn3-container vc_btn3-center\">\n                <a class=\"folleto vc_general vc_btn3 vc_btn3-size-md vc_btn3-shape-rounded vc_btn3-style-modern vc_btn3-block vc_btn3-icon-left vc_btn3-color-navarra\" data-type=\"iframe\" data-preload=\"false\" data-width=\"50%\" data-height=\"50%\" href=\"https:\/\/uninavarra.edu.co\/?p=79575\">\n                    <i class=\"vc_btn3-icon fas fa-sticky-note\"><\/i>Certificado III Jornada\n                <\/a>\n            <\/div>\n<div class=\"folleto-div vc_btn3-container vc_btn3-center\">\n                <a class=\"folleto vc_general vc_btn3 vc_btn3-size-md vc_btn3-shape-rounded vc_btn3-style-modern vc_btn3-block vc_btn3-icon-left vc_btn3-color-navarra\" data-type=\"iframe\" data-preload=\"false\" data-width=\"50%\" data-height=\"50%\" href=\"https:\/\/uninavarra.edu.co\/?p=89970\">\n                    <i class=\"vc_btn3-icon fas fa-sticky-note\"><\/i>Certificado IV Jornada\n                <\/a>\n            <\/div><br>\n\n        <\/div>\n        <div class='col-sm-8'>\n            <br>\n            <img decoding=\"async\" src=\"https:\/\/uninavarra.edu.co\/wp-content\/uploads\/2025\/05\/IV-Jornada-de-Actualizacion-del-Programa-de-Enfermeria-.jpg\"><br><br>\n            <div class='presentacion-programa'>\n                <a class=\"vc_general vc_btn3 vc_btn3-size-md vc_btn3-shape-rounded vc_btn3-style-modern vc_btn3-block vc_btn3-icon-left vc_btn3-color-navarra\">\n                    <i class=\"vc_btn3-icon fas fa-chalkboard-teacher\"><\/i><strong>Presentaci\u00f3n del Programa<\/strong>\n                <\/a><br>\n                En esta jornada de actualizaci\u00f3n se abordar\u00e1n tem\u00e1ticas clave sobre la farmacolog\u00eda cl\u00ednica aplicada en distintas etapas de la vida, brindando herramientas para un abordaje terap\u00e9utico m\u00e1s seguro, racional y efectivo en el ejercicio profesional de la enfermer\u00eda.\n            <\/div>\n\n            <br>\n            <div class='objetivo'>\n                <a class=\"vc_general vc_btn3 vc_btn3-size-md vc_btn3-shape-rounded vc_btn3-style-modern vc_btn3-block vc_btn3-icon-left vc_btn3-color-navarra\">\n                    <i class=\"vc_btn3-icon fas fa-map-marker-alt\"><\/i><strong>Objetivo<\/strong>\n                <\/a><br>\n                Fortalecer los conocimientos y habilidades del personal de enfermer\u00eda en el uso racional de medicamentos, permitiendo mejorar la calidad de atenci\u00f3n a los pacientes en las diferentes etapas del ciclo vital.\n            <\/div>\n\n            <br>\n            <div class='metodologia'>\n                <a class=\"vc_general vc_btn3 vc_btn3-size-md vc_btn3-shape-rounded vc_btn3-style-modern vc_btn3-block vc_btn3-icon-left vc_btn3-color-navarra\">\n                    <i class=\"vc_btn3-icon fas fa-project-diagram\"><\/i><strong>Metodolog\u00eda<\/strong>\n                <\/a><br>\n                La jornada se desarrollar\u00e1 de forma presencial en las instalaciones de UNINAVARRA. El evento se dividir\u00e1 en dos bloques: uno en la ma\u00f1ana (8:00 am a 12:00 m) y otro en la tarde (2:00 pm a 6:00 pm). Las ponencias estar\u00e1n a cargo de expertos nacionales en farmacolog\u00eda cl\u00ednica, con espacios de preguntas y discusi\u00f3n entre cada intervenci\u00f3n.\n            <\/div>\n        <\/div>\n    <\/div>\n\n<\/div>\n\n\t\t<\/div>\n\t<\/div>\n<\/div><\/div><\/div><\/div>\n\t\t<\/div> \n\t<\/div><div class=\"col-sm-4  vc_\">\n\t\t<div class=\"wpb_wrapper \">\n\t\t\t<div class=\"vc_row wpb_row vc_inner vc_row-fluid\"><div class=\"vc_ col-sm-12\"><div class=\"vc_column-inner\"><div class=\"wpb_wrapper\">\n\t<div class=\"wpb_raw_code wpb_raw_html wpb_content_element\" >\n\t\t<div class=\"wpb_wrapper\">\n\t\t\t<div class='vc_btn3-container vc_btn3-center'><a class=\"vc_general vc_btn3 vc_btn3-size-md vc_btn3-shape-rounded vc_btn3-style-modern vc_btn3-block vc_btn3-icon-left vc_btn3-color-navarra\" href=\"https:\/\/uninavarra.edu.co\/educacion-continua\" style=\"width: 80%;margin: auto\"><i class=\"vc_btn3-icon fas fa-search\"><\/i>Regresar cat\u00e1logo Extensi\u00f3n<\/a><\/div>\n\t\t<\/div>\n\t<\/div>\n\n\t<div class=\"wpb_raw_code wpb_raw_html wpb_content_element\" >\n\t\t<div class=\"wpb_wrapper\">\n\t\t\t<div class='vc_btn3-container vc_btn3-center'><a class=\"vc_general vc_btn3 vc_btn3-size-md vc_btn3-shape-rounded vc_btn3-style-modern vc_btn3-block vc_btn3-icon-left vc_btn3-color-navarra\" href=\"https:\/\/uninavarra.edu.co\/formulario-educacion-continua-uninavarra\/\" style=\"width: 80%;margin: auto\"><i class=\"vc_btn3-icon fas fa-pen-alt\"><\/i>\u00a1Inscr\u00edbete Ya!<\/a><\/div>\n\t\t<\/div>\n\t<\/div>\n<\/div><\/div><\/div><\/div><div class=\"vc_row wpb_row vc_inner vc_row-fluid\"><div class=\"vc_ col-sm-12\"><div class=\"vc_column-inner\"><div class=\"wpb_wrapper\">\n\t<div class=\"wpb_raw_code wpb_raw_html wpb_content_element\" >\n\t\t<div class=\"wpb_wrapper\">\n\t\t\t\n<div class=\"wpcf7 no-js\" id=\"wpcf7-f41703-o1\" lang=\"es-ES\" dir=\"ltr\" data-wpcf7-id=\"41703\">\n<div class=\"screen-reader-response\"><p role=\"status\" aria-live=\"polite\" aria-atomic=\"true\"><\/p> <ul><\/ul><\/div>\n<form action=\"\/en\/wp-json\/wp\/v2\/pages\/77227#wpcf7-f41703-o1\" method=\"post\" class=\"wpcf7-form init\" aria-label=\"Formulario de contacto\" novalidate=\"novalidate\" data-status=\"init\">\n<fieldset class=\"hidden-fields-container\"><input type=\"hidden\" name=\"_wpcf7\" value=\"41703\" \/><input type=\"hidden\" name=\"_wpcf7_version\" value=\"6.1.5\" \/><input type=\"hidden\" name=\"_wpcf7_locale\" value=\"es_ES\" \/><input type=\"hidden\" name=\"_wpcf7_unit_tag\" value=\"wpcf7-f41703-o1\" \/><input type=\"hidden\" name=\"_wpcf7_container_post\" value=\"0\" \/><input type=\"hidden\" name=\"_wpcf7_posted_data_hash\" value=\"\" \/><input type=\"hidden\" name=\"_wpcf7cf_hidden_group_fields\" value=\"[]\" \/><input type=\"hidden\" name=\"_wpcf7cf_hidden_groups\" value=\"[]\" \/><input type=\"hidden\" name=\"_wpcf7cf_visible_groups\" value=\"[]\" \/><input type=\"hidden\" name=\"_wpcf7cf_repeaters\" value=\"[]\" \/><input type=\"hidden\" name=\"_wpcf7cf_steps\" value=\"{}\" \/><input type=\"hidden\" name=\"_wpcf7cf_options\" value=\"{&quot;form_id&quot;:41703,&quot;conditions&quot;:[],&quot;settings&quot;:{&quot;animation&quot;:&quot;yes&quot;,&quot;animation_intime&quot;:200,&quot;animation_outtime&quot;:200,&quot;conditions_ui&quot;:&quot;normal&quot;,&quot;notice_dismissed&quot;:false,&quot;notice_dismissed_update-cf7-5.7.5.1&quot;:true,&quot;notice_dismissed_rollback-cf7-5.8.5&quot;:true,&quot;notice_dismissed_rollback-cf7-5.8.6&quot;:true,&quot;notice_dismissed_rollback-cf7-5.9.7&quot;:true,&quot;notice_dismissed_update-cf7-6.1.3&quot;:true}}\" \/>\n<\/fieldset>\n<div class=\"wpcf7-turnstile cf-turnstile\" data-sitekey=\"0x4AAAAAADFG0o3WuLsEvMUp\" data-response-field-name=\"_wpcf7_turnstile_response\"><\/div>\n\n<div id=\"form-container\">\n\t<div id=\"form-content\">\n\t\t<div id=\"form-head\">\n\t\t\t<h1 class=\"pre\">Deseo recibir m\u00e1s informaci\u00f3n\n\t\t\t<\/h1>\n\t\t\t<h1 class=\"post\">\u00a1Gracias por tu mensaje!\n\t\t\t<\/h1>\n\t\t\t<p class=\"post\">Ha sido enviado. Estaremos en contacto lo antes posible\n\t\t\t<\/p>\n\t\t<\/div>\n\t\t<div id=\"form\">\n\t\t\t<p><span class=\"wpcf7-form-control-wrap\" data-name=\"your-name\"><input size=\"40\" maxlength=\"400\" class=\"wpcf7-form-control wpcf7-text wpcf7-validates-as-required\" aria-required=\"true\" aria-invalid=\"false\" placeholder=\"Nombres y apellidos\" value=\"\" type=\"text\" name=\"your-name\" \/><\/span><span class=\"wpcf7-form-control-wrap\" data-name=\"your-email\"><input size=\"40\" maxlength=\"400\" class=\"wpcf7-form-control wpcf7-email wpcf7-validates-as-required wpcf7-text wpcf7-validates-as-email\" aria-required=\"true\" aria-invalid=\"false\" placeholder=\"Correo electr\u00f3nico\" value=\"\" type=\"email\" name=\"your-email\" \/><\/span><span class=\"wpcf7-form-control-wrap\" data-name=\"your-phone\"><input size=\"40\" maxlength=\"400\" class=\"wpcf7-form-control wpcf7-tel wpcf7-validates-as-required wpcf7-text wpcf7-validates-as-tel\" aria-required=\"true\" aria-invalid=\"false\" placeholder=\"Tel\u00e9fono de contacto\" value=\"\" type=\"tel\" name=\"your-phone\" \/><\/span><span class=\"wpcf7-form-control-wrap\" data-name=\"your-city\"><input size=\"40\" maxlength=\"400\" class=\"wpcf7-form-control wpcf7-text wpcf7-validates-as-required\" aria-required=\"true\" aria-invalid=\"false\" placeholder=\"Ciudad\" value=\"\" type=\"text\" name=\"your-city\" \/><\/span><span class=\"wpcf7-form-control-wrap\" data-name=\"your-asunt\"><input size=\"40\" maxlength=\"400\" class=\"wpcf7-form-control wpcf7-text wpcf7-validates-as-required\" aria-required=\"true\" aria-invalid=\"false\" placeholder=\"Asunto\" value=\"\" type=\"text\" name=\"your-asunt\" \/><\/span><span class=\"wpcf7-form-control-wrap\" data-name=\"aceptacion-tratamiento-datos\"><span class=\"wpcf7-form-control wpcf7-acceptance\"><span class=\"wpcf7-list-item\"><label><input type=\"checkbox\" name=\"aceptacion-tratamiento-datos\" value=\"1\" aria-invalid=\"false\" \/><span class=\"wpcf7-list-item-label\"><a href=\"https:\/\/uninavarra.edu.co\/wp-content\/uploads\/2019\/09\/ACUERDO-002-Manual-de-Pol%C3%ADticas-para-el-Tratamiento-de-Datos-Personales.pdf\">He le\u00eddo y acepto el tratamiento de datos personales. <\/a><\/span><\/label><\/span><\/span><\/span>\n\t\t\t<\/p>\n\t\t\t<p style=\"font-size: 12px; color: #666;\">Nota: Los datos recolectados ser\u00e1n utilizados con fines de contacto para dar tr\u00e1mite y respuesta a sus peticiones, quejas, reclamos y\/o sugerencias, as\u00ed como integrar las bases de datos de nuestra Instituci\u00f3n para efectos de llevar el registro, estad\u00edstica, indicadores y seguimiento a las peticiones, quejas, reclamos y\/o sugerencias recibidas. En caso de que su solicitud corresponda a un tr\u00e1mite espec\u00edfico ante alguna autoridad institucional o correspondan a alg\u00fan tr\u00e1mite regulado en los reglamentos institucionales, los datos ser\u00e1n utilizados y almacenados para llevar el soporte de la decisi\u00f3n adoptada. Igualmente, en caso de que su solicitud verse sobre el inter\u00e9s de conocer acerca de nuestra oferta de servicios, los datos ser\u00e1n tratados con fines de enviar informaci\u00f3n sobre los productos o servicios ofrecidos o que ofrecer\u00e1 UNINAVARRA., la realizaci\u00f3n de publicidad, mercadeo y promoci\u00f3n de todo tipo por UNINAVARRA.\n\t\t\t<\/p>\n\t\t\t<p><input class=\"wpcf7-form-control wpcf7-submit has-spinner\" type=\"submit\" value=\"Enviar\" \/>\n\t\t\t<\/p>\n\t\t<\/div>\n\t<\/div>\n<\/div><input type='hidden' class='wpcf7-pum' value='{\"closepopup\":false,\"closedelay\":0,\"openpopup\":false,\"openpopup_id\":0}' \/><div class=\"wpcf7-response-output\" aria-hidden=\"true\"><\/div>\n<\/form>\n<\/div>\n\n\t\t<\/div>\n\t<\/div>\n\n\t<div class=\"wpb_raw_code wpb_raw_js\" >\n\t\t<div class=\"wpb_wrapper\">\n\t\t\t<script> \n\njQuery(document).ready( function(){\n    jQuery('select option[value=\"\"]').attr('hidden',true);\n});\n\nvar formContainer = jQuery('#form-container');\n\n\/\/Form validation\njQuery('form').submit(function() {\n  var form = jQuery(this);\n  form.find('.form-error').removeClass('form-error');\n  var formError = false;\n  \n  form.find('.wpcf7-form-control').each(function() {\n    if (jQuery(this).hasClass('wpcf7-acceptance') && jQuery(this).val() == \"\") {\n        jQuery(this).removeClass('form-error');\n        formError = false;\n        return false;\n    }\n    else if (jQuery(this).val() == '') {\n      jQuery(this).addClass('form-error');\n      jQuery(this).select();\n      formError = true;\n      return false;\n    }\n    else if (jQuery(this).hasClass('wpcf7-email') && !isValidEmail(jQuery(this).val())) {\n      jQuery(this).addClass('form-error');\n      jQuery(this).select();\n      formError = true;\n      return false;\n    }\n   else if (jQuery(this).hasClass('wpcf7-tel') && !isValidPhone(jQuery(this).val())) {\n        jQuery(this).addClass('form-error');\n        jQuery(this).select();\n        formError = true;\n        return false;\n    }\n  });\n  \n  if (!formError) {\n    jQuery('body').addClass('form-submitted');\n    jQuery('#form-head').addClass('form-submitted'); \n    setTimeout(function(){\n      jQuery(form).trigger(\"reset\");\n    }, 1000);\n  }\n  return false;\n});\n\nfunction isValidEmail(email) {\n    var pattern = \/^([a-z\\d!#$%&'*+\\-\\\/=?^_`{|}~\\u00A0-\\uD7FF\\uF900-\\uFDCF\\uFDF0-\\uFFEF]+(\\.[a-z\\d!#$%&'*+\\-\\\/=?^_`{|}~\\u00A0-\\uD7FF\\uF900-\\uFDCF\\uFDF0-\\uFFEF]+)*|\"((([ \\t]*\\r\\n)?[ \\t]+)?([\\x01-\\x08\\x0b\\x0c\\x0e-\\x1f\\x7f\\x21\\x23-\\x5b\\x5d-\\x7e\\u00A0-\\uD7FF\\uF900-\\uFDCF\\uFDF0-\\uFFEF]|\\\\[\\x01-\\x09\\x0b\\x0c\\x0d-\\x7f\\u00A0-\\uD7FF\\uF900-\\uFDCF\\uFDF0-\\uFFEF]))*(([ \\t]*\\r\\n)?[ \\t]+)?\")@(([a-z\\d\\u00A0-\\uD7FF\\uF900-\\uFDCF\\uFDF0-\\uFFEF]|[a-z\\d\\u00A0-\\uD7FF\\uF900-\\uFDCF\\uFDF0-\\uFFEF][a-z\\d\\-._~\\u00A0-\\uD7FF\\uF900-\\uFDCF\\uFDF0-\\uFFEF]*[a-z\\d\\u00A0-\\uD7FF\\uF900-\\uFDCF\\uFDF0-\\uFFEF])\\.)+([a-z\\u00A0-\\uD7FF\\uF900-\\uFDCF\\uFDF0-\\uFFEF]|[a-z\\u00A0-\\uD7FF\\uF900-\\uFDCF\\uFDF0-\\uFFEF][a-z\\d\\-._~\\u00A0-\\uD7FF\\uF900-\\uFDCF\\uFDF0-\\uFFEF]*[a-z\\u00A0-\\uD7FF\\uF900-\\uFDCF\\uFDF0-\\uFFEF])\\.?$\/i;\n    return pattern.test(email);\n};\n\nfunction isValidPhone(phone) {\n    var pattern = \/^[\\+]?[(]?[0-9]{3}[)]?[-\\s\\.]?[0-9]{3}[-\\s\\.]?[0-9]{4,6}$\/im;\n    return pattern.test(phone);\n};\n\n<\/script>\n\t\t<\/div>\n\t<\/div>\n<\/div><\/div><\/div><\/div>\n\t\t<\/div> \n\t<\/div><\/div><\/div><\/div><div class=\"vc_row-full-width\"><\/div><div class=\"wpb-container \"><div class=\"container\"><div class=\"vc_row wpb_row vc_row-fluid row \"><div class=\"col-sm-12  vc_\">\n\t\t<div class=\"wpb_wrapper \">\n\t\t\t\n\t<div class=\"wpb_raw_code wpb_raw_html wpb_content_element\" >\n\t\t<div class=\"wpb_wrapper\">\n\t\t\t  <div id=\"whatsapp-edu-continua\">\n      <a href=\"https:\/\/wa.me\/573153918643?text=Hola,%20quisiera%20saber%20mas%20acerca%20del%20programa:\" target=\"_blank\" class=\"element\">\n        <div class=\"wa-icon\"><i class=\"fab fa-whatsapp\"><\/i><div class=\"wa-label\">Escr\u00edbenos a educaci\u00f3n continua! <\/div><\/div>\n      <\/a>\n  <\/div>\n\t\t<\/div>\n\t<\/div>\n\n\t\t<\/div> \n\t<\/div><\/div><\/div><\/div><\/section>\n<\/div>","protected":false},"excerpt":{"rendered":"IV Jornada de Actualizaci\u00f3n en Enfermer\u00eda: \"Farmacolog\u00eda Cl\u00ednica: Cuidando la salud en cada etapa de la vida\" Inicio: 16 de mayo 2025 Finalizaci\u00f3n: 16 de mayo 2025 Modalidad: Presencial Cupos: [...]","protected":false},"author":13,"featured_media":89694,"parent":54541,"menu_order":0,"comment_status":"closed","ping_status":"closed","template":"","meta":{"footnotes":""},"class_list":["post-77227","page","type-page","status-publish","has-post-thumbnail","hentry"],"yoast_head":"<!-- This site is optimized with the Yoast SEO plugin v27.4 - https:\/\/yoast.com\/product\/yoast-seo-wordpress\/ -->\n<title>Farmacolog\u00eda Cl\u00ednica: Cuidando la salud en cada etapa de la vida - Uninavarra<\/title>\n<meta name=\"robots\" content=\"index, follow, max-snippet:-1, max-image-preview:large, max-video-preview:-1\" \/>\n<link rel=\"canonical\" href=\"https:\/\/uninavarra.edu.co\/en\/educacion-continua\/jornada-actualizacion-enfermeria\/\" \/>\n<meta property=\"og:locale\" content=\"en_US\" \/>\n<meta property=\"og:type\" content=\"article\" \/>\n<meta property=\"og:title\" content=\"Farmacolog\u00eda Cl\u00ednica: Cuidando la salud en cada etapa de la vida - Uninavarra\" \/>\n<meta property=\"og:url\" content=\"https:\/\/uninavarra.edu.co\/en\/educacion-continua\/jornada-actualizacion-enfermeria\/\" \/>\n<meta property=\"og:site_name\" content=\"Uninavarra\" \/>\n<meta property=\"article:publisher\" content=\"https:\/\/www.facebook.com\/UninavarraEduca\" \/>\n<meta property=\"article:modified_time\" content=\"2025-05-20T15:29:13+00:00\" \/>\n<meta property=\"og:image\" content=\"https:\/\/uninavarra.edu.co\/wp-content\/uploads\/2025\/05\/2-IV-Jornada-de-Actualizacion-del-Programa-de-Enfermeria-.jpg\" \/>\n\t<meta property=\"og:image:width\" content=\"1900\" \/>\n\t<meta property=\"og:image:height\" content=\"335\" \/>\n\t<meta property=\"og:image:type\" content=\"image\/jpeg\" \/>\n<meta name=\"twitter:card\" content=\"summary_large_image\" \/>\n<meta name=\"twitter:site\" content=\"@uninavarraeduca\" \/>\n<meta name=\"twitter:label1\" content=\"Est. reading time\" \/>\n\t<meta name=\"twitter:data1\" content=\"1 minute\" \/>\n<script type=\"application\/ld+json\" class=\"yoast-schema-graph\">{\"@context\":\"https:\\\/\\\/schema.org\",\"@graph\":[{\"@type\":\"WebPage\",\"@id\":\"https:\\\/\\\/uninavarra.edu.co\\\/educacion-continua\\\/jornada-actualizacion-enfermeria\\\/\",\"url\":\"https:\\\/\\\/uninavarra.edu.co\\\/educacion-continua\\\/jornada-actualizacion-enfermeria\\\/\",\"name\":\"Farmacolog\u00eda Cl\u00ednica: Cuidando la salud en cada etapa de la vida - Uninavarra\",\"isPartOf\":{\"@id\":\"https:\\\/\\\/uninavarra.edu.co\\\/#website\"},\"primaryImageOfPage\":{\"@id\":\"https:\\\/\\\/uninavarra.edu.co\\\/educacion-continua\\\/jornada-actualizacion-enfermeria\\\/#primaryimage\"},\"image\":{\"@id\":\"https:\\\/\\\/uninavarra.edu.co\\\/educacion-continua\\\/jornada-actualizacion-enfermeria\\\/#primaryimage\"},\"thumbnailUrl\":\"https:\\\/\\\/uninavarra.edu.co\\\/wp-content\\\/uploads\\\/2025\\\/05\\\/2-IV-Jornada-de-Actualizacion-del-Programa-de-Enfermeria-.jpg\",\"datePublished\":\"2024-07-12T15:53:49+00:00\",\"dateModified\":\"2025-05-20T15:29:13+00:00\",\"breadcrumb\":{\"@id\":\"https:\\\/\\\/uninavarra.edu.co\\\/educacion-continua\\\/jornada-actualizacion-enfermeria\\\/#breadcrumb\"},\"inLanguage\":\"en-US\",\"potentialAction\":[{\"@type\":\"ReadAction\",\"target\":[\"https:\\\/\\\/uninavarra.edu.co\\\/educacion-continua\\\/jornada-actualizacion-enfermeria\\\/\"]}]},{\"@type\":\"ImageObject\",\"inLanguage\":\"en-US\",\"@id\":\"https:\\\/\\\/uninavarra.edu.co\\\/educacion-continua\\\/jornada-actualizacion-enfermeria\\\/#primaryimage\",\"url\":\"https:\\\/\\\/uninavarra.edu.co\\\/wp-content\\\/uploads\\\/2025\\\/05\\\/2-IV-Jornada-de-Actualizacion-del-Programa-de-Enfermeria-.jpg\",\"contentUrl\":\"https:\\\/\\\/uninavarra.edu.co\\\/wp-content\\\/uploads\\\/2025\\\/05\\\/2-IV-Jornada-de-Actualizacion-del-Programa-de-Enfermeria-.jpg\",\"width\":1900,\"height\":335,\"caption\":\"2--IV-Jornada-de-Actualizacio\u0301n-del-Programa-de-Enfermeri\u0301a-\"},{\"@type\":\"BreadcrumbList\",\"@id\":\"https:\\\/\\\/uninavarra.edu.co\\\/educacion-continua\\\/jornada-actualizacion-enfermeria\\\/#breadcrumb\",\"itemListElement\":[{\"@type\":\"ListItem\",\"position\":1,\"name\":\"Home\",\"item\":\"https:\\\/\\\/uninavarra.edu.co\\\/\"},{\"@type\":\"ListItem\",\"position\":2,\"name\":\"Educaci\u00f3n Continua\",\"item\":\"https:\\\/\\\/uninavarra.edu.co\\\/educacion-continua\\\/\"},{\"@type\":\"ListItem\",\"position\":3,\"name\":\"Farmacolog\u00eda Cl\u00ednica: Cuidando la salud en cada etapa de la vida\"}]},{\"@type\":\"WebSite\",\"@id\":\"https:\\\/\\\/uninavarra.edu.co\\\/#website\",\"url\":\"https:\\\/\\\/uninavarra.edu.co\\\/\",\"name\":\"UNINAVARRA\",\"description\":\"Haz realidad tu deseo de aprender\",\"publisher\":{\"@id\":\"https:\\\/\\\/uninavarra.edu.co\\\/#organization\"},\"potentialAction\":[{\"@type\":\"SearchAction\",\"target\":{\"@type\":\"EntryPoint\",\"urlTemplate\":\"https:\\\/\\\/uninavarra.edu.co\\\/?s={search_term_string}\"},\"query-input\":{\"@type\":\"PropertyValueSpecification\",\"valueRequired\":true,\"valueName\":\"search_term_string\"}}],\"inLanguage\":\"en-US\"},{\"@type\":\"Organization\",\"@id\":\"https:\\\/\\\/uninavarra.edu.co\\\/#organization\",\"name\":\"Fundaci\u00f3n Universitaria Navarra - UNINAVARRA\",\"url\":\"https:\\\/\\\/uninavarra.edu.co\\\/\",\"logo\":{\"@type\":\"ImageObject\",\"inLanguage\":\"en-US\",\"@id\":\"https:\\\/\\\/uninavarra.edu.co\\\/#\\\/schema\\\/logo\\\/image\\\/\",\"url\":\"https:\\\/\\\/uninavarra.edu.co\\\/wp-content\\\/uploads\\\/2024\\\/06\\\/Escudo-uninavarra-Solo.png\",\"contentUrl\":\"https:\\\/\\\/uninavarra.edu.co\\\/wp-content\\\/uploads\\\/2024\\\/06\\\/Escudo-uninavarra-Solo.png\",\"width\":1500,\"height\":1401,\"caption\":\"Fundaci\u00f3n Universitaria Navarra - UNINAVARRA\"},\"image\":{\"@id\":\"https:\\\/\\\/uninavarra.edu.co\\\/#\\\/schema\\\/logo\\\/image\\\/\"},\"sameAs\":[\"https:\\\/\\\/www.facebook.com\\\/UninavarraEduca\",\"https:\\\/\\\/x.com\\\/uninavarraeduca\",\"https:\\\/\\\/www.instagram.com\\\/uninavarra\\\/?hl=es\",\"https:\\\/\\\/www.linkedin.com\\\/in\\\/fundacin-universitaria-navarra-uninavarra-b41225222\\\/\"]}]}<\/script>\n<!-- \/ Yoast SEO plugin. -->","yoast_head_json":{"title":"Farmacolog\u00eda Cl\u00ednica: Cuidando la salud en cada etapa de la vida - Uninavarra","robots":{"index":"index","follow":"follow","max-snippet":"max-snippet:-1","max-image-preview":"max-image-preview:large","max-video-preview":"max-video-preview:-1"},"canonical":"https:\/\/uninavarra.edu.co\/en\/educacion-continua\/jornada-actualizacion-enfermeria\/","og_locale":"en_US","og_type":"article","og_title":"Farmacolog\u00eda Cl\u00ednica: Cuidando la salud en cada etapa de la vida - Uninavarra","og_url":"https:\/\/uninavarra.edu.co\/en\/educacion-continua\/jornada-actualizacion-enfermeria\/","og_site_name":"Uninavarra","article_publisher":"https:\/\/www.facebook.com\/UninavarraEduca","article_modified_time":"2025-05-20T15:29:13+00:00","og_image":[{"width":1900,"height":335,"url":"https:\/\/uninavarra.edu.co\/wp-content\/uploads\/2025\/05\/2-IV-Jornada-de-Actualizacion-del-Programa-de-Enfermeria-.jpg","type":"image\/jpeg"}],"twitter_card":"summary_large_image","twitter_site":"@uninavarraeduca","twitter_misc":{"Est. reading time":"1 minute"},"schema":{"@context":"https:\/\/schema.org","@graph":[{"@type":"WebPage","@id":"https:\/\/uninavarra.edu.co\/educacion-continua\/jornada-actualizacion-enfermeria\/","url":"https:\/\/uninavarra.edu.co\/educacion-continua\/jornada-actualizacion-enfermeria\/","name":"Farmacolog\u00eda Cl\u00ednica: Cuidando la salud en cada etapa de la vida - Uninavarra","isPartOf":{"@id":"https:\/\/uninavarra.edu.co\/#website"},"primaryImageOfPage":{"@id":"https:\/\/uninavarra.edu.co\/educacion-continua\/jornada-actualizacion-enfermeria\/#primaryimage"},"image":{"@id":"https:\/\/uninavarra.edu.co\/educacion-continua\/jornada-actualizacion-enfermeria\/#primaryimage"},"thumbnailUrl":"https:\/\/uninavarra.edu.co\/wp-content\/uploads\/2025\/05\/2-IV-Jornada-de-Actualizacion-del-Programa-de-Enfermeria-.jpg","datePublished":"2024-07-12T15:53:49+00:00","dateModified":"2025-05-20T15:29:13+00:00","breadcrumb":{"@id":"https:\/\/uninavarra.edu.co\/educacion-continua\/jornada-actualizacion-enfermeria\/#breadcrumb"},"inLanguage":"en-US","potentialAction":[{"@type":"ReadAction","target":["https:\/\/uninavarra.edu.co\/educacion-continua\/jornada-actualizacion-enfermeria\/"]}]},{"@type":"ImageObject","inLanguage":"en-US","@id":"https:\/\/uninavarra.edu.co\/educacion-continua\/jornada-actualizacion-enfermeria\/#primaryimage","url":"https:\/\/uninavarra.edu.co\/wp-content\/uploads\/2025\/05\/2-IV-Jornada-de-Actualizacion-del-Programa-de-Enfermeria-.jpg","contentUrl":"https:\/\/uninavarra.edu.co\/wp-content\/uploads\/2025\/05\/2-IV-Jornada-de-Actualizacion-del-Programa-de-Enfermeria-.jpg","width":1900,"height":335,"caption":"2--IV-Jornada-de-Actualizacio\u0301n-del-Programa-de-Enfermeri\u0301a-"},{"@type":"BreadcrumbList","@id":"https:\/\/uninavarra.edu.co\/educacion-continua\/jornada-actualizacion-enfermeria\/#breadcrumb","itemListElement":[{"@type":"ListItem","position":1,"name":"Home","item":"https:\/\/uninavarra.edu.co\/"},{"@type":"ListItem","position":2,"name":"Educaci\u00f3n Continua","item":"https:\/\/uninavarra.edu.co\/educacion-continua\/"},{"@type":"ListItem","position":3,"name":"Farmacolog\u00eda Cl\u00ednica: Cuidando la salud en cada etapa de la vida"}]},{"@type":"WebSite","@id":"https:\/\/uninavarra.edu.co\/#website","url":"https:\/\/uninavarra.edu.co\/","name":"UNINAVARRA","description":"Make your desire to learn a reality","publisher":{"@id":"https:\/\/uninavarra.edu.co\/#organization"},"potentialAction":[{"@type":"SearchAction","target":{"@type":"EntryPoint","urlTemplate":"https:\/\/uninavarra.edu.co\/?s={search_term_string}"},"query-input":{"@type":"PropertyValueSpecification","valueRequired":true,"valueName":"search_term_string"}}],"inLanguage":"en-US"},{"@type":"Organization","@id":"https:\/\/uninavarra.edu.co\/#organization","name":"Navarre University Foundation - UNINAVARRA","url":"https:\/\/uninavarra.edu.co\/","logo":{"@type":"ImageObject","inLanguage":"en-US","@id":"https:\/\/uninavarra.edu.co\/#\/schema\/logo\/image\/","url":"https:\/\/uninavarra.edu.co\/wp-content\/uploads\/2024\/06\/Escudo-uninavarra-Solo.png","contentUrl":"https:\/\/uninavarra.edu.co\/wp-content\/uploads\/2024\/06\/Escudo-uninavarra-Solo.png","width":1500,"height":1401,"caption":"Fundaci\u00f3n Universitaria Navarra - UNINAVARRA"},"image":{"@id":"https:\/\/uninavarra.edu.co\/#\/schema\/logo\/image\/"},"sameAs":["https:\/\/www.facebook.com\/UninavarraEduca","https:\/\/x.com\/uninavarraeduca","https:\/\/www.instagram.com\/uninavarra\/?hl=es","https:\/\/www.linkedin.com\/in\/fundacin-universitaria-navarra-uninavarra-b41225222\/"]}]}},"_links":{"self":[{"href":"https:\/\/uninavarra.edu.co\/en\/wp-json\/wp\/v2\/pages\/77227","targetHints":{"allow":["GET"]}}],"collection":[{"href":"https:\/\/uninavarra.edu.co\/en\/wp-json\/wp\/v2\/pages"}],"about":[{"href":"https:\/\/uninavarra.edu.co\/en\/wp-json\/wp\/v2\/types\/page"}],"author":[{"embeddable":true,"href":"https:\/\/uninavarra.edu.co\/en\/wp-json\/wp\/v2\/users\/13"}],"replies":[{"embeddable":true,"href":"https:\/\/uninavarra.edu.co\/en\/wp-json\/wp\/v2\/comments?post=77227"}],"version-history":[{"count":0,"href":"https:\/\/uninavarra.edu.co\/en\/wp-json\/wp\/v2\/pages\/77227\/revisions"}],"up":[{"embeddable":true,"href":"https:\/\/uninavarra.edu.co\/en\/wp-json\/wp\/v2\/pages\/54541"}],"wp:featuredmedia":[{"embeddable":true,"href":"https:\/\/uninavarra.edu.co\/en\/wp-json\/wp\/v2\/media\/89694"}],"wp:attachment":[{"href":"https:\/\/uninavarra.edu.co\/en\/wp-json\/wp\/v2\/media?parent=77227"}],"curies":[{"name":"wp","href":"https:\/\/api.w.org\/{rel}","templated":true}]}}