{"id":76584,"date":"2024-05-23T11:42:12","date_gmt":"2024-05-23T16:42:12","guid":{"rendered":"https:\/\/uninavarra.edu.co\/?page_id=76584"},"modified":"2024-10-30T09:25:28","modified_gmt":"2024-10-30T14:25:28","slug":"programa-de-uso-eficiente-y-ahorro-de-energia-publico","status":"publish","type":"page","link":"https:\/\/uninavarra.edu.co\/en\/sistema-gestion-calidad-publica\/sistema-de-gestion-ambiental-publico\/programa-de-uso-eficiente-y-ahorro-de-energia-publico\/","title":{"rendered":"Efficient Energy Use and Savings Program"},"content":{"rendered":"<div class=\"wpb-content-wrapper\"><div class=\"wpb-container\"><div class=\"container\"><div class=\"vc_row wpb_row vc_row-fluid row\"><div class=\"col-sm-3  vc_\">\n\t\t<div class=\"wpb_wrapper\">\n\t\t\t<div class=\"wpb_single_image wpb_content_element wpb_animate_when_almost_visible wpb_flipInX flipInX vc_align_center\">\n\t\t<div class=\"wpb_wrapper\">\n\t\t\t\n\t\t\t<a href=\"https:\/\/uninavarra.edu.co\/sistema-de-gestion-de-calidad\/sgc-quienes-somos\" target=\"_self\"><img fetchpriority=\"high\" decoding=\"async\" width=\"300\" height=\"282\" src=\"https:\/\/uninavarra.edu.co\/wp-content\/uploads\/2022\/06\/iconos-de-calidad-300x282.png\" class=\"vc_box_border_grey attachment-medium\" alt=\"\" title=\"quality-icons\" srcset=\"https:\/\/uninavarra.edu.co\/wp-content\/uploads\/2022\/06\/iconos-de-calidad-300x282.png 300w, https:\/\/uninavarra.edu.co\/wp-content\/uploads\/2022\/06\/iconos-de-calidad-150x141.png 150w, https:\/\/uninavarra.edu.co\/wp-content\/uploads\/2022\/06\/iconos-de-calidad-768x722.png 768w, https:\/\/uninavarra.edu.co\/wp-content\/uploads\/2022\/06\/iconos-de-calidad-1024x963.png 1024w, https:\/\/uninavarra.edu.co\/wp-content\/uploads\/2022\/06\/iconos-de-calidad.png 1200w\" sizes=\"(max-width: 300px) 100vw, 300px\" \/><\/a>\n\t\t<\/div> \n\t<\/div><div class=\"vc_btn3-container  wpb_animate_when_almost_visible wpb_flipInX flipInX vc_btn3-center vc_do_btn\" ><a class=\"vc_general vc_btn3 vc_btn3-size-md vc_btn3-shape-rounded vc_btn3-style-modern vc_btn3-color-navarra\" href=\"https:\/\/uninavarra.edu.co\/sistema-de-gestion-de-calidad\/sgc-quienes-somos\" title=\"\">Quality Management System UNINAVARRA<\/a><\/div><div class=\"wpb_single_image wpb_content_element wpb_animate_when_almost_visible wpb_flipInX flipInX vc_align_center\">\n\t\t<div class=\"wpb_wrapper\">\n\t\t\t\n\t\t\t<a href=\"https:\/\/uninavarra.edu.co\/sistema-gestion-calidad\/culturapaz\/\" target=\"_self\"><img decoding=\"async\" width=\"300\" height=\"300\" src=\"https:\/\/uninavarra.edu.co\/wp-content\/uploads\/2022\/06\/oficina-de-paz-1024x1024-1-300x300.png\" class=\"vc_box_border_grey attachment-medium\" alt=\"oficina-de-paz--1024x1024\" title=\"oficina-de-paz--1024x1024\" srcset=\"https:\/\/uninavarra.edu.co\/wp-content\/uploads\/2022\/06\/oficina-de-paz-1024x1024-1-300x300.png 300w, https:\/\/uninavarra.edu.co\/wp-content\/uploads\/2022\/06\/oficina-de-paz-1024x1024-1-150x150.png 150w, https:\/\/uninavarra.edu.co\/wp-content\/uploads\/2022\/06\/oficina-de-paz-1024x1024-1-768x768.png 768w, https:\/\/uninavarra.edu.co\/wp-content\/uploads\/2022\/06\/oficina-de-paz-1024x1024-1.png 1024w\" sizes=\"(max-width: 300px) 100vw, 300px\" \/><\/a>\n\t\t<\/div> \n\t<\/div><div class=\"vc_btn3-container  wpb_animate_when_almost_visible wpb_flipInX flipInX vc_btn3-center vc_do_btn\" ><a class=\"vc_general vc_btn3 vc_btn3-size-md vc_btn3-shape-rounded vc_btn3-style-modern vc_btn3-color-navarra\" href=\"https:\/\/uninavarra.edu.co\/sistema-gestion-calidad\/culturapaz\/\" title=\"\">Organizational Culture of Peace Management System<\/a><\/div><div class=\"wpb_single_image wpb_content_element wpb_animate_when_almost_visible wpb_flipInX flipInX vc_align_center\">\n\t\t<div class=\"wpb_wrapper\">\n\t\t\t\n\t\t\t<a href=\"https:\/\/uninavarra.edu.co\/sistema-gestion-calidad\/sgc-ciina\/\" target=\"_self\"><img decoding=\"async\" width=\"286\" height=\"300\" src=\"https:\/\/uninavarra.edu.co\/wp-content\/uploads\/2022\/06\/logo_CIINA-1-286x300.jpg\" class=\"vc_box_border_grey attachment-medium\" alt=\"\" title=\"logo_CIINA (1)\" srcset=\"https:\/\/uninavarra.edu.co\/wp-content\/uploads\/2022\/06\/logo_CIINA-1-286x300.jpg 286w, https:\/\/uninavarra.edu.co\/wp-content\/uploads\/2022\/06\/logo_CIINA-1-143x150.jpg 143w, https:\/\/uninavarra.edu.co\/wp-content\/uploads\/2022\/06\/logo_CIINA-1-768x805.jpg 768w, https:\/\/uninavarra.edu.co\/wp-content\/uploads\/2022\/06\/logo_CIINA-1-977x1024.jpg 977w, https:\/\/uninavarra.edu.co\/wp-content\/uploads\/2022\/06\/logo_CIINA-1-1465x1536.jpg 1465w, https:\/\/uninavarra.edu.co\/wp-content\/uploads\/2022\/06\/logo_CIINA-1-1954x2048.jpg 1954w\" sizes=\"(max-width: 286px) 100vw, 286px\" \/><\/a>\n\t\t<\/div> \n\t<\/div><div class=\"vc_btn3-container  wpb_animate_when_almost_visible wpb_flipInX flipInX vc_btn3-center vc_do_btn\" ><a class=\"vc_general vc_btn3 vc_btn3-size-md vc_btn3-shape-rounded vc_btn3-style-modern vc_btn3-color-navarra\" href=\"https:\/\/uninavarra.edu.co\/sistema-gestion-calidad\/sgc-ciina\/\" title=\"\">CIINA Quality Management System<\/a><\/div><div class=\"wpb_single_image wpb_content_element wpb_animate_when_almost_visible wpb_flipInX flipInX vc_align_center\">\n\t\t<div class=\"wpb_wrapper\">\n\t\t\t\n\t\t\t<a href=\"https:\/\/uninavarra.edu.co\/sistema-gestion-calidad\/inicio-gestion-de-seguridad-y-salud-en-el-trabajo\/\" target=\"_self\"><img loading=\"lazy\" decoding=\"async\" width=\"300\" height=\"233\" src=\"https:\/\/uninavarra.edu.co\/wp-content\/uploads\/2022\/06\/iconosSeguridad-300x233.png\" class=\"vc_box_border_grey attachment-medium\" alt=\"\" title=\"iconsSecurity\" srcset=\"https:\/\/uninavarra.edu.co\/wp-content\/uploads\/2022\/06\/iconosSeguridad-300x233.png 300w, https:\/\/uninavarra.edu.co\/wp-content\/uploads\/2022\/06\/iconosSeguridad-150x116.png 150w, https:\/\/uninavarra.edu.co\/wp-content\/uploads\/2022\/06\/iconosSeguridad-768x595.png 768w, https:\/\/uninavarra.edu.co\/wp-content\/uploads\/2022\/06\/iconosSeguridad-1024x794.png 1024w, https:\/\/uninavarra.edu.co\/wp-content\/uploads\/2022\/06\/iconosSeguridad.png 1200w\" sizes=\"(max-width: 300px) 100vw, 300px\" \/><\/a>\n\t\t<\/div> \n\t<\/div><div class=\"vc_btn3-container  wpb_animate_when_almost_visible wpb_flipInX flipInX vc_btn3-center vc_do_btn\" ><a class=\"vc_general vc_btn3 vc_btn3-size-md vc_btn3-shape-rounded vc_btn3-style-modern vc_btn3-color-navarra\" href=\"https:\/\/uninavarra.edu.co\/sistema-gestion-calidad\/inicio-gestion-de-seguridad-y-salud-en-el-trabajo\/\" title=\"\">Occupational Health and Safety Management System<\/a><\/div><div class=\"wpb_single_image wpb_content_element wpb_animate_when_almost_visible wpb_flipInX flipInX vc_align_center\">\n\t\t<div class=\"wpb_wrapper\">\n\t\t\t\n\t\t\t<a href=\"https:\/\/uninavarra.edu.co\/sistema-gestion-calidad-2\/sistema-de-gestion-ambiental\/\" target=\"_self\"><img loading=\"lazy\" decoding=\"async\" width=\"300\" height=\"300\" src=\"https:\/\/uninavarra.edu.co\/wp-content\/uploads\/2024\/05\/icono-ambiental-3-300x300.png\" class=\"vc_box_border_grey attachment-medium\" alt=\"\" title=\"icon-environmental-3\" srcset=\"https:\/\/uninavarra.edu.co\/wp-content\/uploads\/2024\/05\/icono-ambiental-3-300x300.png 300w, https:\/\/uninavarra.edu.co\/wp-content\/uploads\/2024\/05\/icono-ambiental-3-150x150.png 150w, https:\/\/uninavarra.edu.co\/wp-content\/uploads\/2024\/05\/icono-ambiental-3-768x768.png 768w, https:\/\/uninavarra.edu.co\/wp-content\/uploads\/2024\/05\/icono-ambiental-3-500x500.png 500w, https:\/\/uninavarra.edu.co\/wp-content\/uploads\/2024\/05\/icono-ambiental-3-800x800.png 800w, https:\/\/uninavarra.edu.co\/wp-content\/uploads\/2024\/05\/icono-ambiental-3.png 1000w\" sizes=\"(max-width: 300px) 100vw, 300px\" \/><\/a>\n\t\t<\/div> \n\t<\/div><div class=\"vc_btn3-container  wpb_animate_when_almost_visible wpb_flipInX flipInX vc_btn3-center vc_do_btn\" ><a class=\"vc_general vc_btn3 vc_btn3-size-md vc_btn3-shape-rounded vc_btn3-style-modern vc_btn3-color-navarra\" href=\"https:\/\/uninavarra.edu.co\/sistema-gestion-calidad-2\/sistema-de-gestion-ambiental\/\" title=\"\">Environmental Management System<\/a><\/div>\n\t\t<\/div> \n\t<\/div><div class=\"col-sm-9  vc_\">\n\t\t<div class=\"wpb_wrapper\">\n\t\t\t<div class=\"vc_row wpb_row vc_inner vc_row-fluid\"><div class=\"vc_ col-sm-6\"><div class=\"vc_column-inner\"><div class=\"wpb_wrapper\"><div class=\"wpb_single_image wpb_content_element vc_align_center\">\n\t\t<div class=\"wpb_wrapper\">\n\t\t\t\n\t\t\t<a href=\"#\" target=\"_self\"><img loading=\"lazy\" decoding=\"async\" width=\"200\" height=\"197\" src=\"https:\/\/uninavarra.edu.co\/wp-content\/uploads\/2024\/05\/200-ODS-07.gif\" class=\"vc_box_border_grey attachment-full\" alt=\"\" title=\"AFFORDABLE AND NON-POLLUTING ENERGY\" \/><\/a>\n\t\t<\/div> \n\t<\/div><\/div><\/div><\/div><div class=\"vc_ col-sm-6\"><div class=\"vc_column-inner\"><div class=\"wpb_wrapper\"><div class=\"wpb_single_image wpb_content_element vc_align_center\">\n\t\t<div class=\"wpb_wrapper\">\n\t\t\t\n\t\t\t<a href=\"#\" target=\"_self\"><img loading=\"lazy\" decoding=\"async\" width=\"200\" height=\"197\" src=\"https:\/\/uninavarra.edu.co\/wp-content\/uploads\/2024\/05\/200-ODS-12.gif\" class=\"vc_box_border_grey attachment-full\" alt=\"\" title=\"RESPONSIBLE PRODUCTION AND CONSUMPTION\" \/><\/a>\n\t\t<\/div> \n\t<\/div><\/div><\/div><\/div><\/div><div class=\"vc_row wpb_row vc_inner vc_row-fluid\"><div class=\"vc_ col-sm-12\"><div class=\"vc_column-inner\"><div class=\"wpb_wrapper\">\n\t<div class=\"wpb_text_column wpb_content_element\" >\n\t\t<div class=\"wpb_wrapper\">\n\t\t\t<p style=\"text-align: justify;\"><span style=\"font-size: 16px; color: #000000;\">The University Foundation of Navarra - UNINAVARRA is committed to the constant search for knowledge, academic excellence and integral development. However, this commitment to excellence cannot ignore the inherent responsibility towards our planet and future generations. This is where the Efficient Use and Energy Saving Program takes on vital importance.<\/span><\/p>\n\n\t\t<\/div>\n\t<\/div>\n<div class=\"vc_empty_space\"   style=\"height: 12px\"><span class=\"vc_empty_space_inner\"><\/span><\/div>\n\t<div class=\"wpb_text_column wpb_content_element\" >\n\t\t<div class=\"wpb_wrapper\">\n\t\t\t<p style=\"text-align: justify;\"><span style=\"font-size: 16px; color: #000000;\">First, the implementation of this program places us at the forefront of environmental responsibility. Reducing our energy consumption is not simply an option, but a moral imperative in today's era, where climate change threatens catastrophic consequences. By taking concrete steps to optimize energy use, we not only mitigate our environmental impact, but also lay the foundation for a more sustainable future.<\/span><\/p>\n\n\t\t<\/div>\n\t<\/div>\n<div class=\"vc_empty_space\"   style=\"height: 12px\"><span class=\"vc_empty_space_inner\"><\/span><\/div>\n\t<div class=\"wpb_text_column wpb_content_element\" >\n\t\t<div class=\"wpb_wrapper\">\n\t\t\t<p style=\"text-align: justify;\"><span style=\"font-size: 16px; color: #000000;\">But the impact goes beyond the numbers on a bill. The Energy Efficiency and Savings Program gives us the opportunity to educate and raise awareness among our UNINAVARRISTA community about the importance of conserving resources and adopting sustainable practices. By integrating these principles into our institutional culture, we are not only educating competent professionals, but also responsible citizens committed to the well-being of the planet.<\/span><\/p>\n\n\t\t<\/div>\n\t<\/div>\n<\/div><\/div><\/div><\/div><div class=\"vc_tta-container\" data-vc-action=\"collapse\"><div class=\"vc_general vc_tta vc_tta-tabs vc_tta-color-navarra vc_tta-style-classic vc_tta-shape-rounded vc_tta-spacing-1 vc_tta-o-no-fill vc_tta-tabs-position-top vc_tta-controls-align-center\"><div class=\"vc_tta-tabs-container\"><ul class=\"vc_tta-tabs-list\"><li class=\"vc_tta-tab vc_active\" data-vc-tab><a href=\"#1715373775855-00aaba77-4f23\" data-vc-tabs data-vc-container=\".vc_tta\"><span class=\"vc_tta-title-text\">EVENTS 2023<\/span><\/a><\/li><li class=\"vc_tta-tab\" data-vc-tab><a href=\"#1715373775867-68b0b7e8-c4b2\" data-vc-tabs data-vc-container=\".vc_tta\"><span class=\"vc_tta-title-text\">EVENTS 2024<\/span><\/a><\/li><\/ul><\/div><div class=\"vc_tta-panels-container\"><div class=\"vc_tta-panels\"><div class=\"vc_tta-panel vc_active\" id=\"1715373775855-00aaba77-4f23\" data-vc-content=\".vc_tta-panel-body\"><div class=\"vc_tta-panel-heading\"><h4 class=\"vc_tta-panel-title\"><a href=\"#1715373775855-00aaba77-4f23\" data-vc-accordion data-vc-container=\".vc_tta-container\"><span class=\"vc_tta-title-text\">EVENTS 2023<\/span><\/a><\/h4><\/div><div class=\"vc_tta-panel-body\"><div class=\"vc_row wpb_row vc_inner vc_row-fluid\"><div class=\"vc_ col-sm-12\"><div class=\"vc_column-inner\"><div class=\"wpb_wrapper\"><div class=\"vc_empty_space\"   style=\"height: 32px\"><span class=\"vc_empty_space_inner\"><\/span><\/div><h3 style=\"color: #e30613;text-align: center\" class=\"vc_custom_heading vc_do_custom_heading\" >Renewal of conventional luminaires to LED panels<\/h3><\/div><\/div><\/div><\/div><div class=\"vc_row wpb_row vc_inner vc_row-fluid\"><div class=\"vc_ col-sm-4\"><div class=\"vc_column-inner\"><div class=\"wpb_wrapper\"><div class=\"wpb_single_image wpb_content_element uno vc_align_center\">\n\t\t<div class=\"wpb_wrapper\">\n\t\t\t\n\t\t\t<a href=\"#\" target=\"_self\"><img loading=\"lazy\" decoding=\"async\" width=\"318\" height=\"565\" src=\"https:\/\/uninavarra.edu.co\/wp-content\/uploads\/2024\/05\/luminarias-convencionales.jpg\" class=\"vc_box_border_grey attachment-full\" alt=\"\" title=\"conventional luminaires\" srcset=\"https:\/\/uninavarra.edu.co\/wp-content\/uploads\/2024\/05\/luminarias-convencionales.jpg 318w, https:\/\/uninavarra.edu.co\/wp-content\/uploads\/2024\/05\/luminarias-convencionales-169x300.jpg 169w, https:\/\/uninavarra.edu.co\/wp-content\/uploads\/2024\/05\/luminarias-convencionales-84x150.jpg 84w\" sizes=\"(max-width: 318px) 100vw, 318px\" \/><\/a>\n\t\t<\/div> \n\t<\/div><\/div><\/div><\/div><div class=\"flecha vc_ col-sm-4\"><div class=\"vc_column-inner\"><div class=\"wpb_wrapper\"><div class=\"wpb_single_image wpb_content_element vc_align_center\">\n\t\t<div class=\"wpb_wrapper\">\n\t\t\t\n\t\t\t<a href=\"#\" target=\"_self\"><img loading=\"lazy\" decoding=\"async\" width=\"150\" height=\"150\" src=\"https:\/\/uninavarra.edu.co\/wp-content\/uploads\/2024\/05\/FLECHA-150x150.png\" class=\"vc_box_border_grey attachment-thumbnail\" alt=\"\" title=\"ARROW\" srcset=\"https:\/\/uninavarra.edu.co\/wp-content\/uploads\/2024\/05\/FLECHA-150x150.png 150w, https:\/\/uninavarra.edu.co\/wp-content\/uploads\/2024\/05\/FLECHA-300x300.png 300w, https:\/\/uninavarra.edu.co\/wp-content\/uploads\/2024\/05\/FLECHA-500x500.png 500w, https:\/\/uninavarra.edu.co\/wp-content\/uploads\/2024\/05\/FLECHA.png 512w\" sizes=\"(max-width: 150px) 100vw, 150px\" \/><\/a>\n\t\t<\/div> \n\t<\/div><\/div><\/div><\/div><div class=\"vc_ col-sm-4\"><div class=\"vc_column-inner\"><div class=\"wpb_wrapper\"><div class=\"wpb_single_image wpb_content_element uno vc_align_center\">\n\t\t<div class=\"wpb_wrapper\">\n\t\t\t\n\t\t\t<a href=\"#\" target=\"_self\"><img loading=\"lazy\" decoding=\"async\" width=\"321\" height=\"571\" src=\"https:\/\/uninavarra.edu.co\/wp-content\/uploads\/2024\/05\/paneles-led.jpg\" class=\"vc_box_border_grey attachment-full\" alt=\"\" title=\"led panels\" srcset=\"https:\/\/uninavarra.edu.co\/wp-content\/uploads\/2024\/05\/paneles-led.jpg 321w, https:\/\/uninavarra.edu.co\/wp-content\/uploads\/2024\/05\/paneles-led-169x300.jpg 169w, https:\/\/uninavarra.edu.co\/wp-content\/uploads\/2024\/05\/paneles-led-84x150.jpg 84w\" sizes=\"(max-width: 321px) 100vw, 321px\" \/><\/a>\n\t\t<\/div> \n\t<\/div><\/div><\/div><\/div><\/div><div class=\"vc_row wpb_row vc_inner vc_row-fluid\"><div class=\"vc_ col-sm-12\"><div class=\"vc_column-inner\"><div class=\"wpb_wrapper\">\n\t<div class=\"wpb_text_column wpb_content_element\" >\n\t\t<div class=\"wpb_wrapper\">\n\t\t\t<p style=\"text-align: justify;\"><span style=\"font-size: 16px; color: #000000;\">UNINAVARRA in 2023 carried out the transition of 196 conventional luminaires to LED panels. The renewal of conventional luminaires to LED panels is an important factor to reduce energy consumption. These LED panels are energy efficient and UNINAVARRA currently has 86% of energy efficient LED panels (lamps, bulbs and reflectors).<br \/>\n<\/span><\/p>\n\n\t\t<\/div>\n\t<\/div>\n<\/div><\/div><\/div><\/div><\/div><\/div><div class=\"vc_tta-panel\" id=\"1715373775867-68b0b7e8-c4b2\" data-vc-content=\".vc_tta-panel-body\"><div class=\"vc_tta-panel-heading\"><h4 class=\"vc_tta-panel-title\"><a href=\"#1715373775867-68b0b7e8-c4b2\" data-vc-accordion data-vc-container=\".vc_tta-container\"><span class=\"vc_tta-title-text\">EVENTS 2024<\/span><\/a><\/h4><\/div><div class=\"vc_tta-panel-body\"><div class=\"vc_row wpb_row vc_inner vc_row-fluid\"><div class=\"vc_ col-sm-12\"><div class=\"vc_column-inner\"><div class=\"wpb_wrapper\"><div class=\"vc_empty_space\"   style=\"height: 32px\"><span class=\"vc_empty_space_inner\"><\/span><\/div><h3 style=\"color: #e30613;text-align: center\" class=\"vc_custom_heading vc_do_custom_heading\" >Maintenance of air conditioners<\/h3><\/div><\/div><\/div><\/div><div class=\"vc_row wpb_row vc_inner vc_row-fluid\"><div class=\"vc_ col-sm-12\"><div class=\"vc_column-inner\"><div class=\"wpb_wrapper\">\n\t<div class=\"wpb_text_column wpb_content_element\" >\n\t\t<div class=\"wpb_wrapper\">\n\t\t\t<p style=\"text-align: justify;\"><span style=\"font-size: 16px; color: #000000;\">Preventive maintenance of air conditioners is performed to avoid high energy consumption due to high temperatures caused by dust, dirt, etc. Maintenance is performed on the evaporator and condenser (including all its components). This maintenance is performed every four months. The importance of preventive maintenance of air conditioners is emphasized to avoid increases in energy consumption.<br \/>\n<\/span><\/p>\n\n\t\t<\/div>\n\t<\/div>\n<\/div><\/div><\/div><\/div><div class=\"vc_row wpb_row vc_inner vc_row-fluid\"><div class=\"vc_ col-sm-12\"><div class=\"vc_column-inner\"><div class=\"wpb_wrapper\"><h3 style=\"color: #e30613;text-align: center\" class=\"vc_custom_heading vc_do_custom_heading\" >Renewal of conventional luminaires to LED<\/h3><\/div><\/div><\/div><\/div><div class=\"vc_row wpb_row vc_inner vc_row-fluid\"><div class=\"vc_ col-sm-12\"><div class=\"vc_column-inner\"><div class=\"wpb_wrapper\">\n\t<div class=\"wpb_text_column wpb_content_element\" >\n\t\t<div class=\"wpb_wrapper\">\n\t\t\t<p style=\"text-align: justify;\"><span style=\"font-size: 16px; color: #000000;\">As a strategy to reduce energy consumption, conventional lighting fixtures are being replaced with LED lights, which have low energy consumption and contribute to considerable energy savings.<br \/>\n<\/span><\/p>\n\n\t\t<\/div>\n\t<\/div>\n<\/div><\/div><\/div><\/div><div class=\"vc_row wpb_row vc_inner vc_row-fluid\"><div class=\"vc_ col-sm-12\"><div class=\"vc_column-inner\"><div class=\"wpb_wrapper\"><h3 style=\"color: #e30613;text-align: center\" class=\"vc_custom_heading vc_do_custom_heading\" >Strategy for the use of air conditioners<\/h3><\/div><\/div><\/div><\/div><div class=\"vc_row wpb_row vc_inner vc_row-fluid\"><div class=\"vc_ col-sm-12\"><div class=\"vc_column-inner\"><div class=\"wpb_wrapper\">\n\t<div class=\"wpb_text_column wpb_content_element\" >\n\t\t<div class=\"wpb_wrapper\">\n\t\t\t<p style=\"text-align: justify;\"><span style=\"font-size: 16px; color: #000000;\">As a measure to reduce energy consumption and reduce the economic cost reflected in electricity bills, UNINAVARRA, with the articulation of the Occupational Health and Safety and Environmental Management System, has established a strategy for the use of air conditioners at certain times of the day.<br \/>\n<\/span><\/p>\n\n\t\t<\/div>\n\t<\/div>\n<\/div><\/div><\/div><\/div><div class=\"vc_row wpb_row vc_inner vc_row-fluid\"><div class=\"vc_ col-sm-2\"><div class=\"vc_column-inner\"><div class=\"wpb_wrapper\"><\/div><\/div><\/div><div class=\"vc_ col-sm-8\"><div class=\"vc_column-inner\"><div class=\"wpb_wrapper\"><div class=\"wpb_single_image wpb_content_element vc_align_center\">\n\t\t<div class=\"wpb_wrapper\">\n\t\t\t\n\t\t\t<a href=\"#\" target=\"_self\"><img loading=\"lazy\" decoding=\"async\" width=\"3375\" height=\"6000\" src=\"https:\/\/uninavarra.edu.co\/wp-content\/uploads\/2024\/10\/Estreategia-Uso-de-aires-acondicionados.png\" class=\"vc_box_border_grey attachment-full\" alt=\"\" title=\"Air-conditioning use\" srcset=\"https:\/\/uninavarra.edu.co\/wp-content\/uploads\/2024\/10\/Estreategia-Uso-de-aires-acondicionados.png 3375w, https:\/\/uninavarra.edu.co\/wp-content\/uploads\/2024\/10\/Estreategia-Uso-de-aires-acondicionados-169x300.png 169w, https:\/\/uninavarra.edu.co\/wp-content\/uploads\/2024\/10\/Estreategia-Uso-de-aires-acondicionados-576x1024.png 576w, https:\/\/uninavarra.edu.co\/wp-content\/uploads\/2024\/10\/Estreategia-Uso-de-aires-acondicionados-84x150.png 84w, https:\/\/uninavarra.edu.co\/wp-content\/uploads\/2024\/10\/Estreategia-Uso-de-aires-acondicionados-768x1365.png 768w, https:\/\/uninavarra.edu.co\/wp-content\/uploads\/2024\/10\/Estreategia-Uso-de-aires-acondicionados-864x1536.png 864w, https:\/\/uninavarra.edu.co\/wp-content\/uploads\/2024\/10\/Estreategia-Uso-de-aires-acondicionados-1152x2048.png 1152w, https:\/\/uninavarra.edu.co\/wp-content\/uploads\/2024\/10\/Estreategia-Uso-de-aires-acondicionados-7x12.png 7w\" sizes=\"(max-width: 3375px) 100vw, 3375px\" \/><\/a>\n\t\t<\/div> \n\t<\/div><\/div><\/div><\/div><div class=\"vc_ col-sm-2\"><div class=\"vc_column-inner\"><div class=\"wpb_wrapper\"><\/div><\/div><\/div><\/div><div class=\"vc_row wpb_row vc_inner vc_row-fluid\"><div class=\"vc_ col-sm-12\"><div class=\"vc_column-inner\"><div class=\"wpb_wrapper\"><div class=\"vc_empty_space\"   style=\"height: 32px\"><span class=\"vc_empty_space_inner\"><\/span><\/div><h3 style=\"color: #e30613;text-align: center\" class=\"vc_custom_heading vc_do_custom_heading\" >Elevator maintenance<\/h3><\/div><\/div><\/div><\/div><div class=\"vc_row wpb_row vc_inner vc_row-fluid\"><div class=\"vc_ col-sm-12\"><div class=\"vc_column-inner\"><div class=\"wpb_wrapper\">\n\t<div class=\"wpb_text_column wpb_content_element\" >\n\t\t<div class=\"wpb_wrapper\">\n\t\t\t<p style=\"text-align: justify;\"><span style=\"font-size: 16px; color: #000000;\">Preventive maintenance of the elevator is performed on a monthly basis. And, like any machine that works with electrical energy, it must undergo periodic maintenance to ensure that it does not consume more electrical energy than necessary. On the other hand, it is necessary to ensure the safety of the community that uses the elevator.<br \/>\n<\/span><\/p>\n\n\t\t<\/div>\n\t<\/div>\n<\/div><\/div><\/div><\/div><div class=\"vc_row wpb_row vc_inner vc_row-fluid\"><div class=\"vc_ col-sm-12\"><div class=\"vc_column-inner\"><div class=\"wpb_wrapper\">\n\t<div class=\"wpb_text_column wpb_content_element\" >\n\t\t<div class=\"wpb_wrapper\">\n\t\t\t<p style=\"text-align: justify;\"><span style=\"font-size: 16px; color: #000000;\">The condition of pulleys, machine room, cabins, among other aspects to be taken into account to ensure optimum conditions.<br \/>\n<\/span><\/p>\n\n\t\t<\/div>\n\t<\/div>\n<\/div><\/div><\/div><\/div><\/div><\/div><\/div><\/div><\/div><\/div>\n\t\t<\/div> \n\t<\/div><\/div><\/div><\/div>\n<\/div>","protected":false},"excerpt":{"rendered":"Sistema de Gesti\u00f3n de Calidad UNINAVARRA Sistema de gesti\u00f3n Cultura de Paz Organizacional Sistema de Gesti\u00f3n de Calidad CIINA Sistema de Gesti\u00f3n de Seguridad y Salud en el Trabajo Sistema [...]","protected":false},"author":1174,"featured_media":55459,"parent":72412,"menu_order":0,"comment_status":"closed","ping_status":"closed","template":"","meta":{"footnotes":""},"categories":[139],"tags":[],"class_list":["post-76584","page","type-page","status-publish","has-post-thumbnail","hentry","category-sistema-calidad"],"yoast_head":"<!-- This site is optimized with the Yoast SEO plugin v27.4 - https:\/\/yoast.com\/product\/yoast-seo-wordpress\/ -->\n<title>Programa de Uso Eficiente y Ahorro de Energ\u00eda - Uninavarra<\/title>\n<meta name=\"robots\" content=\"index, follow, max-snippet:-1, max-image-preview:large, max-video-preview:-1\" \/>\n<link rel=\"canonical\" href=\"https:\/\/uninavarra.edu.co\/en\/sistema-gestion-calidad-publica\/sistema-de-gestion-ambiental-publico\/programa-de-uso-eficiente-y-ahorro-de-energia-publico\/\" \/>\n<meta property=\"og:locale\" content=\"en_US\" \/>\n<meta property=\"og:type\" content=\"article\" \/>\n<meta property=\"og:title\" content=\"Programa de Uso Eficiente y Ahorro de Energ\u00eda - Uninavarra\" \/>\n<meta property=\"og:url\" content=\"https:\/\/uninavarra.edu.co\/en\/sistema-gestion-calidad-publica\/sistema-de-gestion-ambiental-publico\/programa-de-uso-eficiente-y-ahorro-de-energia-publico\/\" \/>\n<meta property=\"og:site_name\" content=\"Uninavarra\" \/>\n<meta property=\"article:publisher\" content=\"https:\/\/www.facebook.com\/UninavarraEduca\" \/>\n<meta property=\"article:modified_time\" content=\"2024-10-30T14:25:28+00:00\" \/>\n<meta property=\"og:image\" content=\"https:\/\/uninavarra.edu.co\/wp-content\/uploads\/2022\/12\/sistema-de-gestio\u0301n-banner-2.jpg\" \/>\n\t<meta property=\"og:image:width\" content=\"2480\" \/>\n\t<meta property=\"og:image:height\" content=\"276\" \/>\n\t<meta property=\"og:image:type\" content=\"image\/jpeg\" \/>\n<meta name=\"twitter:card\" content=\"summary_large_image\" \/>\n<meta name=\"twitter:site\" content=\"@uninavarraeduca\" \/>\n<meta name=\"twitter:label1\" content=\"Est. reading time\" \/>\n\t<meta name=\"twitter:data1\" content=\"7 minutes\" \/>\n<script type=\"application\/ld+json\" class=\"yoast-schema-graph\">{\"@context\":\"https:\\\/\\\/schema.org\",\"@graph\":[{\"@type\":\"WebPage\",\"@id\":\"https:\\\/\\\/uninavarra.edu.co\\\/sistema-gestion-calidad-publica\\\/sistema-de-gestion-ambiental-publico\\\/programa-de-uso-eficiente-y-ahorro-de-energia-publico\\\/\",\"url\":\"https:\\\/\\\/uninavarra.edu.co\\\/sistema-gestion-calidad-publica\\\/sistema-de-gestion-ambiental-publico\\\/programa-de-uso-eficiente-y-ahorro-de-energia-publico\\\/\",\"name\":\"Programa de Uso Eficiente y Ahorro de Energ\u00eda - Uninavarra\",\"isPartOf\":{\"@id\":\"https:\\\/\\\/uninavarra.edu.co\\\/#website\"},\"primaryImageOfPage\":{\"@id\":\"https:\\\/\\\/uninavarra.edu.co\\\/sistema-gestion-calidad-publica\\\/sistema-de-gestion-ambiental-publico\\\/programa-de-uso-eficiente-y-ahorro-de-energia-publico\\\/#primaryimage\"},\"image\":{\"@id\":\"https:\\\/\\\/uninavarra.edu.co\\\/sistema-gestion-calidad-publica\\\/sistema-de-gestion-ambiental-publico\\\/programa-de-uso-eficiente-y-ahorro-de-energia-publico\\\/#primaryimage\"},\"thumbnailUrl\":\"https:\\\/\\\/uninavarra.edu.co\\\/wp-content\\\/uploads\\\/2022\\\/12\\\/sistema-de-gestio\u0301n-banner-2.jpg\",\"datePublished\":\"2024-05-23T16:42:12+00:00\",\"dateModified\":\"2024-10-30T14:25:28+00:00\",\"breadcrumb\":{\"@id\":\"https:\\\/\\\/uninavarra.edu.co\\\/sistema-gestion-calidad-publica\\\/sistema-de-gestion-ambiental-publico\\\/programa-de-uso-eficiente-y-ahorro-de-energia-publico\\\/#breadcrumb\"},\"inLanguage\":\"en-US\",\"potentialAction\":[{\"@type\":\"ReadAction\",\"target\":[\"https:\\\/\\\/uninavarra.edu.co\\\/sistema-gestion-calidad-publica\\\/sistema-de-gestion-ambiental-publico\\\/programa-de-uso-eficiente-y-ahorro-de-energia-publico\\\/\"]}]},{\"@type\":\"ImageObject\",\"inLanguage\":\"en-US\",\"@id\":\"https:\\\/\\\/uninavarra.edu.co\\\/sistema-gestion-calidad-publica\\\/sistema-de-gestion-ambiental-publico\\\/programa-de-uso-eficiente-y-ahorro-de-energia-publico\\\/#primaryimage\",\"url\":\"https:\\\/\\\/uninavarra.edu.co\\\/wp-content\\\/uploads\\\/2022\\\/12\\\/sistema-de-gestio\u0301n-banner-2.jpg\",\"contentUrl\":\"https:\\\/\\\/uninavarra.edu.co\\\/wp-content\\\/uploads\\\/2022\\\/12\\\/sistema-de-gestio\u0301n-banner-2.jpg\",\"width\":2480,\"height\":276,\"caption\":\"sistema-de-gestio\u0301n-banner-2\"},{\"@type\":\"BreadcrumbList\",\"@id\":\"https:\\\/\\\/uninavarra.edu.co\\\/sistema-gestion-calidad-publica\\\/sistema-de-gestion-ambiental-publico\\\/programa-de-uso-eficiente-y-ahorro-de-energia-publico\\\/#breadcrumb\",\"itemListElement\":[{\"@type\":\"ListItem\",\"position\":1,\"name\":\"Home\",\"item\":\"https:\\\/\\\/uninavarra.edu.co\\\/\"},{\"@type\":\"ListItem\",\"position\":2,\"name\":\"Sistemas de Gesti\u00f3n\",\"item\":\"https:\\\/\\\/uninavarra.edu.co\\\/sistema-gestion-calidad-publica\\\/\"},{\"@type\":\"ListItem\",\"position\":3,\"name\":\"Sistema de Gesti\u00f3n Ambiental\",\"item\":\"https:\\\/\\\/uninavarra.edu.co\\\/en\\\/sistema-gestion-calidad-publica\\\/sistema-de-gestion-ambiental-publico\\\/\"},{\"@type\":\"ListItem\",\"position\":4,\"name\":\"Programa de Uso Eficiente y Ahorro de Energ\u00eda\"}]},{\"@type\":\"WebSite\",\"@id\":\"https:\\\/\\\/uninavarra.edu.co\\\/#website\",\"url\":\"https:\\\/\\\/uninavarra.edu.co\\\/\",\"name\":\"UNINAVARRA\",\"description\":\"Haz realidad tu deseo de aprender\",\"publisher\":{\"@id\":\"https:\\\/\\\/uninavarra.edu.co\\\/#organization\"},\"potentialAction\":[{\"@type\":\"SearchAction\",\"target\":{\"@type\":\"EntryPoint\",\"urlTemplate\":\"https:\\\/\\\/uninavarra.edu.co\\\/?s={search_term_string}\"},\"query-input\":{\"@type\":\"PropertyValueSpecification\",\"valueRequired\":true,\"valueName\":\"search_term_string\"}}],\"inLanguage\":\"en-US\"},{\"@type\":\"Organization\",\"@id\":\"https:\\\/\\\/uninavarra.edu.co\\\/#organization\",\"name\":\"Fundaci\u00f3n Universitaria Navarra - UNINAVARRA\",\"url\":\"https:\\\/\\\/uninavarra.edu.co\\\/\",\"logo\":{\"@type\":\"ImageObject\",\"inLanguage\":\"en-US\",\"@id\":\"https:\\\/\\\/uninavarra.edu.co\\\/#\\\/schema\\\/logo\\\/image\\\/\",\"url\":\"https:\\\/\\\/uninavarra.edu.co\\\/wp-content\\\/uploads\\\/2024\\\/06\\\/Escudo-uninavarra-Solo.png\",\"contentUrl\":\"https:\\\/\\\/uninavarra.edu.co\\\/wp-content\\\/uploads\\\/2024\\\/06\\\/Escudo-uninavarra-Solo.png\",\"width\":1500,\"height\":1401,\"caption\":\"Fundaci\u00f3n Universitaria Navarra - UNINAVARRA\"},\"image\":{\"@id\":\"https:\\\/\\\/uninavarra.edu.co\\\/#\\\/schema\\\/logo\\\/image\\\/\"},\"sameAs\":[\"https:\\\/\\\/www.facebook.com\\\/UninavarraEduca\",\"https:\\\/\\\/x.com\\\/uninavarraeduca\",\"https:\\\/\\\/www.instagram.com\\\/uninavarra\\\/?hl=es\",\"https:\\\/\\\/www.linkedin.com\\\/in\\\/fundacin-universitaria-navarra-uninavarra-b41225222\\\/\"]}]}<\/script>\n<!-- \/ Yoast SEO plugin. -->","yoast_head_json":{"title":"Efficient Energy Use and Saving Program - Uninavarra","robots":{"index":"index","follow":"follow","max-snippet":"max-snippet:-1","max-image-preview":"max-image-preview:large","max-video-preview":"max-video-preview:-1"},"canonical":"https:\/\/uninavarra.edu.co\/en\/sistema-gestion-calidad-publica\/sistema-de-gestion-ambiental-publico\/programa-de-uso-eficiente-y-ahorro-de-energia-publico\/","og_locale":"en_US","og_type":"article","og_title":"Programa de Uso Eficiente y Ahorro de Energ\u00eda - Uninavarra","og_url":"https:\/\/uninavarra.edu.co\/en\/sistema-gestion-calidad-publica\/sistema-de-gestion-ambiental-publico\/programa-de-uso-eficiente-y-ahorro-de-energia-publico\/","og_site_name":"Uninavarra","article_publisher":"https:\/\/www.facebook.com\/UninavarraEduca","article_modified_time":"2024-10-30T14:25:28+00:00","og_image":[{"width":2480,"height":276,"url":"https:\/\/uninavarra.edu.co\/wp-content\/uploads\/2022\/12\/sistema-de-gestio\u0301n-banner-2.jpg","type":"image\/jpeg"}],"twitter_card":"summary_large_image","twitter_site":"@uninavarraeduca","twitter_misc":{"Est. reading time":"7 minutes"},"schema":{"@context":"https:\/\/schema.org","@graph":[{"@type":"WebPage","@id":"https:\/\/uninavarra.edu.co\/sistema-gestion-calidad-publica\/sistema-de-gestion-ambiental-publico\/programa-de-uso-eficiente-y-ahorro-de-energia-publico\/","url":"https:\/\/uninavarra.edu.co\/sistema-gestion-calidad-publica\/sistema-de-gestion-ambiental-publico\/programa-de-uso-eficiente-y-ahorro-de-energia-publico\/","name":"Efficient Energy Use and Saving Program - Uninavarra","isPartOf":{"@id":"https:\/\/uninavarra.edu.co\/#website"},"primaryImageOfPage":{"@id":"https:\/\/uninavarra.edu.co\/sistema-gestion-calidad-publica\/sistema-de-gestion-ambiental-publico\/programa-de-uso-eficiente-y-ahorro-de-energia-publico\/#primaryimage"},"image":{"@id":"https:\/\/uninavarra.edu.co\/sistema-gestion-calidad-publica\/sistema-de-gestion-ambiental-publico\/programa-de-uso-eficiente-y-ahorro-de-energia-publico\/#primaryimage"},"thumbnailUrl":"https:\/\/uninavarra.edu.co\/wp-content\/uploads\/2022\/12\/sistema-de-gestio\u0301n-banner-2.jpg","datePublished":"2024-05-23T16:42:12+00:00","dateModified":"2024-10-30T14:25:28+00:00","breadcrumb":{"@id":"https:\/\/uninavarra.edu.co\/sistema-gestion-calidad-publica\/sistema-de-gestion-ambiental-publico\/programa-de-uso-eficiente-y-ahorro-de-energia-publico\/#breadcrumb"},"inLanguage":"en-US","potentialAction":[{"@type":"ReadAction","target":["https:\/\/uninavarra.edu.co\/sistema-gestion-calidad-publica\/sistema-de-gestion-ambiental-publico\/programa-de-uso-eficiente-y-ahorro-de-energia-publico\/"]}]},{"@type":"ImageObject","inLanguage":"en-US","@id":"https:\/\/uninavarra.edu.co\/sistema-gestion-calidad-publica\/sistema-de-gestion-ambiental-publico\/programa-de-uso-eficiente-y-ahorro-de-energia-publico\/#primaryimage","url":"https:\/\/uninavarra.edu.co\/wp-content\/uploads\/2022\/12\/sistema-de-gestio\u0301n-banner-2.jpg","contentUrl":"https:\/\/uninavarra.edu.co\/wp-content\/uploads\/2022\/12\/sistema-de-gestio\u0301n-banner-2.jpg","width":2480,"height":276,"caption":"sistema-de-gestio\u0301n-banner-2"},{"@type":"BreadcrumbList","@id":"https:\/\/uninavarra.edu.co\/sistema-gestion-calidad-publica\/sistema-de-gestion-ambiental-publico\/programa-de-uso-eficiente-y-ahorro-de-energia-publico\/#breadcrumb","itemListElement":[{"@type":"ListItem","position":1,"name":"Home","item":"https:\/\/uninavarra.edu.co\/"},{"@type":"ListItem","position":2,"name":"Sistemas de Gesti\u00f3n","item":"https:\/\/uninavarra.edu.co\/sistema-gestion-calidad-publica\/"},{"@type":"ListItem","position":3,"name":"Sistema de Gesti\u00f3n Ambiental","item":"https:\/\/uninavarra.edu.co\/en\/sistema-gestion-calidad-publica\/sistema-de-gestion-ambiental-publico\/"},{"@type":"ListItem","position":4,"name":"Programa de Uso Eficiente y Ahorro de Energ\u00eda"}]},{"@type":"WebSite","@id":"https:\/\/uninavarra.edu.co\/#website","url":"https:\/\/uninavarra.edu.co\/","name":"UNINAVARRA","description":"Make your desire to learn a reality","publisher":{"@id":"https:\/\/uninavarra.edu.co\/#organization"},"potentialAction":[{"@type":"SearchAction","target":{"@type":"EntryPoint","urlTemplate":"https:\/\/uninavarra.edu.co\/?s={search_term_string}"},"query-input":{"@type":"PropertyValueSpecification","valueRequired":true,"valueName":"search_term_string"}}],"inLanguage":"en-US"},{"@type":"Organization","@id":"https:\/\/uninavarra.edu.co\/#organization","name":"Navarre University Foundation - UNINAVARRA","url":"https:\/\/uninavarra.edu.co\/","logo":{"@type":"ImageObject","inLanguage":"en-US","@id":"https:\/\/uninavarra.edu.co\/#\/schema\/logo\/image\/","url":"https:\/\/uninavarra.edu.co\/wp-content\/uploads\/2024\/06\/Escudo-uninavarra-Solo.png","contentUrl":"https:\/\/uninavarra.edu.co\/wp-content\/uploads\/2024\/06\/Escudo-uninavarra-Solo.png","width":1500,"height":1401,"caption":"Fundaci\u00f3n Universitaria Navarra - UNINAVARRA"},"image":{"@id":"https:\/\/uninavarra.edu.co\/#\/schema\/logo\/image\/"},"sameAs":["https:\/\/www.facebook.com\/UninavarraEduca","https:\/\/x.com\/uninavarraeduca","https:\/\/www.instagram.com\/uninavarra\/?hl=es","https:\/\/www.linkedin.com\/in\/fundacin-universitaria-navarra-uninavarra-b41225222\/"]}]}},"_links":{"self":[{"href":"https:\/\/uninavarra.edu.co\/en\/wp-json\/wp\/v2\/pages\/76584","targetHints":{"allow":["GET"]}}],"collection":[{"href":"https:\/\/uninavarra.edu.co\/en\/wp-json\/wp\/v2\/pages"}],"about":[{"href":"https:\/\/uninavarra.edu.co\/en\/wp-json\/wp\/v2\/types\/page"}],"author":[{"embeddable":true,"href":"https:\/\/uninavarra.edu.co\/en\/wp-json\/wp\/v2\/users\/1174"}],"replies":[{"embeddable":true,"href":"https:\/\/uninavarra.edu.co\/en\/wp-json\/wp\/v2\/comments?post=76584"}],"version-history":[{"count":0,"href":"https:\/\/uninavarra.edu.co\/en\/wp-json\/wp\/v2\/pages\/76584\/revisions"}],"up":[{"embeddable":true,"href":"https:\/\/uninavarra.edu.co\/en\/wp-json\/wp\/v2\/pages\/72412"}],"wp:featuredmedia":[{"embeddable":true,"href":"https:\/\/uninavarra.edu.co\/en\/wp-json\/wp\/v2\/media\/55459"}],"wp:attachment":[{"href":"https:\/\/uninavarra.edu.co\/en\/wp-json\/wp\/v2\/media?parent=76584"}],"wp:term":[{"taxonomy":"category","embeddable":true,"href":"https:\/\/uninavarra.edu.co\/en\/wp-json\/wp\/v2\/categories?post=76584"},{"taxonomy":"post_tag","embeddable":true,"href":"https:\/\/uninavarra.edu.co\/en\/wp-json\/wp\/v2\/tags?post=76584"}],"curies":[{"name":"wp","href":"https:\/\/api.w.org\/{rel}","templated":true}]}}