{"id":74774,"date":"2024-04-16T15:29:35","date_gmt":"2024-04-16T20:29:35","guid":{"rendered":"https:\/\/uninavarra.edu.co\/?page_id=74774"},"modified":"2024-05-09T15:01:19","modified_gmt":"2024-05-09T20:01:19","slug":"cobertura-en-el-exterior","status":"publish","type":"page","link":"https:\/\/uninavarra.edu.co\/en\/bienestar-universitario\/promocion-y-prevencion-en-salud-fisica-y-mental\/salud-y-seguridad-en-el-trabajo\/cobertura-en-el-exterior\/","title":{"rendered":"COVERAGE ABROAD"},"content":{"rendered":"<div class=\"wpb-content-wrapper\"><div class=\"wpb-container \"><div class=\"container\"><div class=\"vc_row wpb_row vc_row-fluid row \"><div class=\"col-sm-12  vc_\">\n\t\t<div class=\"wpb_wrapper \">\n\t\t\t\n\t<div class=\"wpb_raw_code wpb_raw_html wpb_content_element\" >\n\t\t<div class=\"wpb_wrapper\">\n\t\t\t<link rel=\"preconnect\" href=\"https:\/\/fonts.gstatic.com\">\n<link href=\"https:\/\/fonts.googleapis.com\/css2?family=Raleway:ital,wght@0,400;0,700;1,400&display=swap\" rel=\"stylesheet\">\n<link href=\"https:\/\/fonts.googleapis.com\/css2?family=Lato:wght@400;700&display=swap\" rel=\"stylesheet\">\n<link href=\"https:\/\/fonts.googleapis.com\/icon?family=Material+Icons\" rel=\"stylesheet\">\n\n<style>\n\/* Arregla el tama\u00f1o de la letra del slider cina ya que esta en 'rem' *\/ html {font-size: 100%} .navbar-mega .navbar-nav > li .dropdown-menu li a {font-size: 14px !important;}\n\n\/* CAMBIO COLOR DE LA LETRA Y ESTILO *\/\n#wpo-mainbody, #wpo-mainbody h2, #wpo-mainbody h3, #wpo-mainbody h4, #wpo-mainbody p, #wpo-mainbody a, #wpo-mainbody strong, #wpo-mainbody em, #wpo-mainbody th, #wpo-mainbody tr, #wpo-mainbody td, #wpo-mainbody ol, #wpo-mainbody ul, #wpo-mainbody li, #wpo-mainbody :after {\n    font-family: 'Raleway', sans-serif\n}\n\n#wpo-mainbody p {\n    font-size: 16px;\n    line-height: 20px;\n}\n\n#wpo-mainbody h4{\n        overflow: hidden;\n   text-overflow: ellipsis;\n   display: -webkit-box;\n   -webkit-line-clamp: 2; \/* number of lines to show *\/\n           line-clamp: 2; \n   -webkit-box-orient: vertical;\n    }\n\n#wpo-mainbody li {\n    font-size: 18px;\n    line-height: 30px;\n}\n\n\n\n#wpo-mainbody strong {\n    line-height: 30px\n}\n\n\/* Estilo Aplicado en Listas de Semilleros de los Grupos de Investigaci\u00f3n *\/\n#wpo-mainbody .lista_semilleros ul {\n    padding-inline-start: 35px;\n}\n\n#wpo-mainbody .lista_semilleros li {\n\tline-height: 20px\n}\n\n#wpo-mainbody .lista_semilleros ul li {\n\tfont-size: 15px;\n\tmargin-left: 20px;\n\tmargin-bottom: 15px\n}\n\n#wpo-mainbody .lista_semilleros li:last-child ul li {\n\tmargin-bottom: 0\n}\n\n#wpo-mainbody .lista_semilleros ul li:before {\n    position: absolute;\n    background: none;\n}\n<\/style>\n\t\t<\/div>\n\t<\/div>\n\n\t\t<\/div> \n\t<\/div><\/div><\/div><\/div><div class=\"wpb-container \"><div class=\"container\"><div class=\"vc_row wpb_row vc_row-fluid row \"><div class=\"col-sm-12  vc_\">\n\t\t<div class=\"wpb_wrapper \">\n\t\t\t\n\t<div class=\"wpb_text_column wpb_content_element\" >\n\t\t<div class=\"wpb_wrapper\">\n\t\t\t\n\t\t\t<!-- START COBERTURA REVOLUTION SLIDER 6.7.21 --><p class=\"rs-p-wp-fix\"><\/p>\n\t\t\t<rs-module-wrap id=\"rev_slider_65_1_wrapper\" data-source=\"gallery\" style=\"visibility:hidden;background:rgba(255,255,255,0);padding:0;margin:0px auto;margin-top:0;margin-bottom:0;\">\n\t\t\t\t<rs-module id=\"rev_slider_65_1\" style=\"\" data-version=\"6.7.21\">\n\t\t\t\t\t<rs-slides style=\"overflow: hidden; position: absolute;\">\n\t\t\t\t\t\t<rs-slide style=\"position: absolute;\" data-key=\"rs-645\" data-title=\"Pausas activas\" data-anim=\"adpr:false;ms:200;\" data-in=\"o:0;x:(100%);\" data-out=\"a:false;\">\n\t\t\t\t\t\t\t<img decoding=\"async\" src=\"\/\/uninavarra.edu.co\/wp-content\/plugins\/revslider\/sr6\/assets\/assets\/dummy.png\" alt=\"Pausas activas\" title=\"COBERTURA EN EL EXTERIOR\" class=\"rev-slidebg tp-rs-img rs-lazyload\" data-lazyload=\"\/\/uninavarra.edu.co\/wp-content\/plugins\/revslider\/sr6\/assets\/assets\/transparent.png\" data-bg=\"c:#E7E7E7;\" data-no-retina>\n<!--\n\t\t\t\t\t\t\t--><a\n\t\t\t\t\t\t\t\tid=\"slider-65-slide-645-layer-3\" \n\t\t\t\t\t\t\t\tclass=\"rs-layer\"\n\t\t\t\t\t\t\t\thref=\"http:\/\/campus.uninavarra.edu.co\/psc\/cs92prod_21\/EMPLOYEE\/SA\/c\/TYG_SAD_OLA_MENU.LC_CRL_FORMULARIO.GBL?&#038;\" target=\"_self\"\n\t\t\t\t\t\t\t\tdata-type=\"image\"\n\t\t\t\t\t\t\t\tdata-rsp_ch=\"on\"\n\t\t\t\t\t\t\t\tdata-xy=\"x:c;y:c;\"\n\t\t\t\t\t\t\t\tdata-text=\"l:22;a:inherit;\"\n\t\t\t\t\t\t\t\tdata-dim=\"w:100%;h:100%;\"\n\t\t\t\t\t\t\t\tdata-frame_0=\"sX:2;sY:2;\"\n\t\t\t\t\t\t\t\tdata-frame_0_mask=\"u:t;\"\n\t\t\t\t\t\t\t\tdata-frame_1=\"e:power2.out;sp:1000;\"\n\t\t\t\t\t\t\t\tdata-frame_1_mask=\"u:t;\"\n\t\t\t\t\t\t\t\tdata-frame_999=\"o:0;st:w;sR:5700;\"\n\t\t\t\t\t\t\t\tstyle=\"z-index:6;\"\n\t\t\t\t\t\t\t><img fetchpriority=\"high\" decoding=\"async\" src=\"\/\/uninavarra.edu.co\/wp-content\/plugins\/revslider\/sr6\/assets\/assets\/dummy.png\" alt=\"\" class=\"tp-rs-img rs-lazyload\" width=\"2048\" height=\"609\" data-lazyload=\"\/\/uninavarra.edu.co\/wp-content\/uploads\/2024\/04\/Banner-Bienestar-Universitario-3-1-2048x609.jpg\" data-c=\"cover\" data-no-retina> \n\t\t\t\t\t\t\t<\/a><!--\n-->\t\t\t\t\t<\/rs-slide>\n\t\t\t\t\t<\/rs-slides>\n\t\t\t\t<\/rs-module>\n\t\t\t\t<script>\n\t\t\t\t\tsetREVStartSize({c: 'rev_slider_65_1',rl:[1240,1024,778,480],el:[540],gw:[1920],gh:[540],type:'standard',justify:'',layout:'fullwidth',mh:\"100%\"});if (window.RS_MODULES!==undefined && window.RS_MODULES.modules!==undefined && window.RS_MODULES.modules[\"revslider651\"]!==undefined) {window.RS_MODULES.modules[\"revslider651\"].once = false;window.revapi65 = undefined;if (window.RS_MODULES.checkMinimal!==undefined) window.RS_MODULES.checkMinimal()}\n\t\t\t\t<\/script>\n\t\t\t<\/rs-module-wrap>\n\t\t\t<!-- END REVOLUTION SLIDER -->\n\n\n\t\t<\/div>\n\t<\/div>\n\n\t\t<\/div> \n\t<\/div><\/div><\/div><\/div><div class=\"wpb-container \"><div class=\"container\"><div class=\"vc_row wpb_row vc_row-fluid row \"><div class=\"col-sm-12  vc_\">\n\t\t<div class=\"wpb_wrapper \">\n\t\t\t\n\t<div class=\"wpb_text_column wpb_content_element\" >\n\t\t<div class=\"wpb_wrapper\">\n\t\t\t<h2 style=\"text-align: center;\">COBERTURA EN EL EXTERIOR<\/h2>\n<hr \/>\n\n\t\t<\/div>\n\t<\/div>\n\n\t<div class=\"wpb_text_column wpb_content_element\" >\n\t\t<div class=\"wpb_wrapper\">\n\t\t\t\t\t\t<!-- Flexy Breadcrumb -->\r\n\t\t\t<div class=\"fbc fbc-page\">\r\n\r\n\t\t\t\t<!-- Breadcrumb wrapper -->\r\n\t\t\t\t<div class=\"fbc-wrap\">\r\n\r\n\t\t\t\t\t<!-- Ordered list-->\r\n\t\t\t\t\t<ol class=\"fbc-items\" itemscope itemtype=\"https:\/\/schema.org\/BreadcrumbList\">\r\n\t\t\t\t\t\t            <li itemprop=\"itemListElement\" itemscope itemtype=\"https:\/\/schema.org\/ListItem\">\r\n                <span itemprop=\"name\">\r\n                    <!-- Home Link -->\r\n                    <a itemprop=\"item\" href=\"https:\/\/uninavarra.edu.co\">\r\n                    \r\n                                                    <i class=\"fa fa-home\" aria-hidden=\"true\"><\/i>Home                    <\/a>\r\n                <\/span>\r\n                <meta itemprop=\"position\" content=\"1\" \/><!-- Meta Position-->\r\n             <\/li><li><span class=\"fbc-separator\">\/<\/span><\/li><li class=\"active\" itemprop=\"itemListElement\" itemscope itemtype=\"https:\/\/schema.org\/ListItem\"><span itemprop=\"name\" title=\"COBERTURA EN EL EXTERIOR\">COBERTURA EN EL EXTERIOR<\/span><meta itemprop=\"position\" content=\"2\" \/><\/li>\t\t\t\t\t<\/ol>\r\n\t\t\t\t\t<div class=\"clearfix\"><\/div>\r\n\t\t\t\t<\/div>\r\n\t\t\t<\/div>\r\n\t\t\t\n\n\t\t<\/div>\n\t<\/div>\n\n\t\t<\/div> \n\t<\/div><\/div><\/div><\/div><div class=\"wpb-container \"><div class=\"container\"><div class=\"vc_row wpb_row vc_row-fluid row \"><div class=\"col-sm-4  vc_\">\n\t\t<div class=\"wpb_wrapper \">\n\t\t\t<div class=\"vc_btn3-container vc_btn3-center vc_do_btn\" ><a class=\"vc_general vc_btn3 vc_btn3-size-md vc_btn3-shape-rounded vc_btn3-style-modern vc_btn3-color-navarra\" href=\"https:\/\/www.arlsura.com\/index.php\/arl-asistencia-medica\" title=\"\" target=\"_blank\">Certificado de cobertura por empleado<\/a><\/div>\n\t\t<\/div> \n\t<\/div><div class=\"col-sm-4  vc_\">\n\t\t<div class=\"wpb_wrapper \">\n\t\t\t<div class=\"vc_btn3-container vc_btn3-center vc_do_btn\" ><a class=\"vc_general vc_btn3 vc_btn3-size-md vc_btn3-shape-rounded vc_btn3-style-modern vc_btn3-color-navarra\" href=\"https:\/\/www.arlsura.com\/index.php\/arl-carta-licencia\" title=\"\" target=\"_blank\">Certificado de cobertura por empresa<\/a><\/div>\n\t\t<\/div> \n\t<\/div><div class=\"col-sm-4  vc_\">\n\t\t<div class=\"wpb_wrapper \">\n\t\t\t<div class=\"vc_btn3-container vc_btn3-center vc_do_btn\" ><a class=\"vc_general vc_btn3 vc_btn3-size-md vc_btn3-shape-rounded vc_btn3-style-modern vc_btn3-color-navarra\" href=\"https:\/\/www.arlsura.com\/index.php\/cobertura-en-el-exterior\" title=\"\" target=\"_blank\">Imprimir carn\u00e9<\/a><\/div>\n\t\t<\/div> \n\t<\/div><\/div><\/div><\/div><div class=\"wpb-container \"><div class=\"container\"><div class=\"vc_row wpb_row vc_row-fluid row \"><div class=\"col-sm-12  vc_\">\n\t\t<div class=\"wpb_wrapper \">\n\t\t\t\n\t<div class=\"wpb_text_column wpb_content_element\" >\n\t\t<div class=\"wpb_wrapper\">\n\t\t\t<h2 class=\"divisor\" style=\"text-align: center;\"><span style=\"font-family: helvetica, arial, sans-serif;\">\u00bfC\u00f3mo tramitar un reembolso?<\/span><\/h2>\n<hr \/>\n\n\t\t<\/div>\n\t<\/div>\n\n\t\t<\/div> \n\t<\/div><\/div><\/div><\/div><div class=\"wpb-container \"><div class=\"container\"><div class=\"vc_row wpb_row vc_row-fluid row \"><div class=\"col-sm-12  vc_\">\n\t\t<div class=\"wpb_wrapper \">\n\t\t\t\n\t<div class=\"wpb_text_column wpb_content_element\" >\n\t\t<div class=\"wpb_wrapper\">\n\t\t\t<p>Para tramitar un reembolso por gastos en el exterior debe diligenciar el formato que encontrar\u00e1 a continuaci\u00f3n y enviarlo al correo electr\u00f3nico <span id=\"cloak772cfe40fcc66c9874485945919cd226\"><a href=\"mailto:gestiones.sura@grupomok.com\">gestiones.sura@grupomok.com<\/a><\/span>, con copia\u00a0<span id=\"cloak86b0b2841a9842a0f35bd9d75ab30967\"><a href=\"mailto:reembolsos@grupomok.com\">reembolsos@grupomok.com<\/a><\/span>, adjuntando los soportes solicitados<\/p>\n\n\t\t<\/div>\n\t<\/div>\n\n\t\t<\/div> \n\t<\/div><\/div><\/div><\/div><div class=\"wpb-container \"><div class=\"container\"><div class=\"vc_row wpb_row vc_row-fluid row \"><div class=\"col-sm-3  vc_\">\n\t\t<div class=\"wpb_wrapper \">\n\t\t\t\n\t\t<\/div> \n\t<\/div><div class=\"col-sm-6  vc_\">\n\t\t<div class=\"wpb_wrapper \">\n\t\t\t<div class=\"vc_btn3-container vc_btn3-center vc_do_btn\" ><a class=\"vc_general vc_btn3 vc_btn3-size-md vc_btn3-shape-rounded vc_btn3-style-modern vc_btn3-color-navarra\" href=\"https:\/\/www.arlsura.com\/files\/reembolso_formato_gm_sura.pdf\" title=\"\" target=\"_blank\">Formato de solicitud<\/a><\/div>\n\t\t<\/div> \n\t<\/div><div class=\"col-sm-3  vc_\">\n\t\t<div class=\"wpb_wrapper \">\n\t\t\t\n\t\t<\/div> \n\t<\/div><\/div><\/div><\/div><div class=\"wpb-container \"><div class=\"container\"><div class=\"vc_row wpb_row vc_row-fluid row \"><div class=\"col-sm-12  vc_\">\n\t\t<div class=\"wpb_wrapper \">\n\t\t\t\n\t<div class=\"wpb_text_column wpb_content_element\" >\n\t\t<div class=\"wpb_wrapper\">\n\t\t\t<h2 class=\"divisor\" style=\"text-align: center;\"><span style=\"font-family: helvetica, arial, sans-serif;\">Objetivo<\/span><\/h2>\n<hr \/>\n\n\t\t<\/div>\n\t<\/div>\n\n\t\t<\/div> \n\t<\/div><\/div><\/div><\/div><div class=\"wpb-container \"><div class=\"container\"><div class=\"vc_row wpb_row vc_row-fluid row \"><div class=\"col-sm-12  vc_\">\n\t\t<div class=\"wpb_wrapper \">\n\t\t\t\n\t<div class=\"wpb_text_column wpb_content_element\" >\n\t\t<div class=\"wpb_wrapper\">\n\t\t\t<p>Brindar asistencia m\u00e9dica a todos los clientes de ARL SURA cuando desarrollen su actividad laboral en el exterior.<\/p>\n\n\t\t<\/div>\n\t<\/div>\n\n\t\t<\/div> \n\t<\/div><\/div><\/div><\/div><div class=\"wpb-container \"><div class=\"container\"><div class=\"vc_row wpb_row vc_row-fluid row \"><div class=\"col-sm-12  vc_\">\n\t\t<div class=\"wpb_wrapper \">\n\t\t\t<div class=\"vc_tta-container\" data-vc-action=\"collapse\"><div class=\"vc_general vc_tta vc_tta-tabs vc_tta-color-navarra vc_tta-style-classic vc_tta-shape-rounded vc_tta-spacing-1 vc_tta-o-no-fill vc_tta-tabs-position-left vc_tta-controls-align-left \"><div class=\"vc_tta-tabs-container\"><ul class=\"vc_tta-tabs-list\"><li class=\"vc_tta-tab vc_active\" data-vc-tab><a href=\"#1712778265223-13fa6124-63ae\" data-vc-tabs data-vc-container=\".vc_tta\"><span class=\"vc_tta-title-text\">Beneficios<\/span><\/a><\/li><li class=\"vc_tta-tab\" data-vc-tab><a href=\"#1712778265233-bb3c3255-1b11\" data-vc-tabs data-vc-container=\".vc_tta\"><span class=\"vc_tta-title-text\">Coberturas<\/span><\/a><\/li><\/ul><\/div><div class=\"vc_tta-panels-container\"><div class=\"vc_tta-panels\"><div class=\"vc_tta-panel vc_active\" id=\"1712778265223-13fa6124-63ae\" data-vc-content=\".vc_tta-panel-body\"><div class=\"vc_tta-panel-heading\"><h4 class=\"vc_tta-panel-title\"><a href=\"#1712778265223-13fa6124-63ae\" data-vc-accordion data-vc-container=\".vc_tta-container\"><span class=\"vc_tta-title-text\">Beneficios<\/span><\/a><\/h4><\/div><div class=\"vc_tta-panel-body\"><div class=\"vc_row wpb_row vc_inner vc_row-fluid\"><div class=\"vc_ col-sm-4\"><div class=\"vc_column-inner\"><div class=\"wpb_wrapper\">\n\t<div class=\"wpb_raw_code wpb_raw_html wpb_content_element\" >\n\t\t<div class=\"wpb_wrapper\">\n\t\t\t<div>\n  <div class=\"beneficio\">1<\/div>\n  <div class=\"texto\">Cobertura en el exterior para los afiliados de ARL SURA cuando desarrollen su actividad laboral en el exterior.<\/div>\n<\/div>\n\t\t<\/div>\n\t<\/div>\n<\/div><\/div><\/div><div class=\"vc_ col-sm-4\"><div class=\"vc_column-inner\"><div class=\"wpb_wrapper\">\n\t<div class=\"wpb_raw_code wpb_raw_html wpb_content_element\" >\n\t\t<div class=\"wpb_wrapper\">\n\t\t\t<div>\n  <div class=\"beneficio\">2<\/div>\n  <div class=\"texto\">Disminuci\u00f3n en los tr\u00e1mites administrativos donde la empresa no tiene que reportar los viajes que vaya a realizar.<\/div>\n<\/div>\n\t\t<\/div>\n\t<\/div>\n<\/div><\/div><\/div><div class=\"vc_ col-sm-4\"><div class=\"vc_column-inner\"><div class=\"wpb_wrapper\">\n\t<div class=\"wpb_raw_code wpb_raw_html wpb_content_element\" >\n\t\t<div class=\"wpb_wrapper\">\n\t\t\t<div>\n  <div class=\"beneficio\">3<\/div>\n  <div class=\"texto\">Atenci\u00f3n a trav\u00e9s de un call center con operadores colombianos especializados en \u00e1reas de la salud.<\/div>\n<\/div>\n\t\t<\/div>\n\t<\/div>\n<\/div><\/div><\/div><\/div><\/div><\/div><div class=\"vc_tta-panel\" id=\"1712778265233-bb3c3255-1b11\" data-vc-content=\".vc_tta-panel-body\"><div class=\"vc_tta-panel-heading\"><h4 class=\"vc_tta-panel-title\"><a href=\"#1712778265233-bb3c3255-1b11\" data-vc-accordion data-vc-container=\".vc_tta-container\"><span class=\"vc_tta-title-text\">Coberturas<\/span><\/a><\/h4><\/div><div class=\"vc_tta-panel-body\">\n\t<div class=\"wpb_text_column wpb_content_element\" >\n\t\t<div class=\"wpb_wrapper\">\n\t\t\t<p style=\"text-align: center;\"><div id=\"accordions-76165\" class=\"accordions-76165 accordions\" data-accordions={&quot;lazyLoad&quot;:true,&quot;id&quot;:&quot;76165&quot;,&quot;event&quot;:&quot;click&quot;,&quot;collapsible&quot;:&quot;true&quot;,&quot;heightStyle&quot;:&quot;content&quot;,&quot;animateStyle&quot;:&quot;swing&quot;,&quot;animateDelay&quot;:1000,&quot;navigation&quot;:true,&quot;active&quot;:999,&quot;expandedOther&quot;:&quot;no&quot;}>\r\n                <div id=\"accordions-lazy-76165\" class=\"accordions-lazy\" accordionsId=\"76165\">\r\n                    <\/div>\r\n\r\n    <div class=\"items\"  style=\"display:none\" >\r\n    \r\n            <div post_id=\"76165\" itemcount=\"0\"  header_id=\"header-1715281570753\" id=\"header-1715281570753\" style=\"\" class=\"accordions-head head1715281570753 border-none\" toggle-text=\"\" main-text=\"Accidente o Enfermedad Laboral\">\r\n                                    <span id=\"accordion-icons-1715281570753\" class=\"accordion-icons\">\r\n                        <span class=\"accordion-icon-active accordion-plus\"><i class=\"fa-solid fa-folder-open\"><\/i><\/span>\r\n                        <span class=\"accordion-icon-inactive accordion-minus\"><i class=\"fas fa-chevron-right\"><\/i><\/span>\r\n                    <\/span>\r\n                    <span id=\"header-text-1715281570753\" class=\"accordions-head-title\">Accidente o Enfermedad Laboral<\/span>\r\n                            <\/div>\r\n            <div class=\"accordion-content content1715281570753 \">\r\n                <p>Gastos m\u00e9dicos por eventos de origen laboral ilimitados para el afiliado que est\u00e9 desarrollando su actividad laboral en el exterior.<\/p>\n            <\/div>\r\n    \r\n            <div post_id=\"76165\" itemcount=\"1\"  header_id=\"header-1715281632866\" id=\"header-1715281632866\" style=\"\" class=\"accordions-head head1715281632866 border-none\" toggle-text=\"\" main-text=\"Servicios Complementarios\">\r\n                                    <span id=\"accordion-icons-1715281632866\" class=\"accordion-icons\">\r\n                        <span class=\"accordion-icon-active accordion-plus\"><i class=\"fa-solid fa-folder-open\"><\/i><\/span>\r\n                        <span class=\"accordion-icon-inactive accordion-minus\"><i class=\"fas fa-chevron-right\"><\/i><\/span>\r\n                    <\/span>\r\n                    <span id=\"header-text-1715281632866\" class=\"accordions-head-title\">Servicios Complementarios<\/span>\r\n                            <\/div>\r\n            <div class=\"accordion-content content1715281632866 \">\r\n                <ol>\n<li>Gastos m\u00e9dicos por enfermedad de origen com\u00fan para el afiliado hasta\u00a0<b>USD $20.000<\/b>\u00a0para viajes hasta de 120 d\u00edas. Incluye servicios para c\u00f3nyuge e hijos menores de 23 a\u00f1os que viajen con el afiliado que est\u00e1 desarrollando su actividad laboral en el exterior hasta\u00a0<b>USD $15.000<\/b>.<\/li>\n<li>Las enfermedades, defectos y\/o lesiones derivadas de padecimientos cr\u00f3nicos o de las diagnosticadas con anterioridad a la iniciaci\u00f3n del viaje, preexistente o cong\u00e9nitas conocidas o no, la cobertura por los gastos iniciales de asistencia m\u00e9dica de emergencia es hasta por\u00a0<b>USD $3.000<\/b>.<\/li>\n<li>Gastos odontol\u00f3gicos por urgencias hasta\u00a0<b>USD $1.000<\/b>.<\/li>\n<li>Suministro por medicamentos Ambulatorios hasta\u00a0<b>USD $500<\/b>.<\/li>\n<li>Env\u00edo de medicamentos indispensables, de uso habitual del afiliado, siempre que no sea posible obtenerlos localmente o sustituirlos por otros, para lo cual se debe aportar la formula m\u00e9dica original del m\u00e9dico tratante en Colombia.<\/li>\n<li>Pr\u00f3tesis y \u00f3rtesis derivadas de la asistencia inicial de urgencias hasta\u00a0<b>USD $1000<\/b>.<\/li>\n<li>Traslados m\u00e9dicos en el exterior.<\/li>\n<li>Repatriaci\u00f3n sanitaria del trabajador afiliado.<\/li>\n<li>Gastos complementarios de ambulancia en caso de repatriaci\u00f3n.<\/li>\n<li>Gastos de hotel por convalecencia en el exterior hasta\u00a0<b>USD $1.200<\/b>.<\/li>\n<li>Desplazamiento de un familiar del trabajador afiliado cuando la hospitalizaci\u00f3n sea superior a 5 d\u00edas y \u00e9ste se encuentre solo. Incluye tiquete ida y regreso y estad\u00eda hasta por\u00a0<b>USD $1.200<\/b>.<\/li>\n<li>Desplazamiento del trabajador por fallecimiento en Colombia del c\u00f3nyuge o un familiar en primer grado de consanguinidad.<\/li>\n<li>Repatriaci\u00f3n de restos mortales en caso de fallecimiento de un trabajador afiliado durante el viaje.<\/li>\n<li>Localizaci\u00f3n y transporte de los equipajes y efectos personales por extrav\u00edo en vuelo regular de aerol\u00ednea comercial.<\/li>\n<li>Compensaci\u00f3n por demora o extrav\u00edo del equipaje en vuelo regular de aerol\u00ednea comercial hasta\u00a0<b>USD $200<\/b>\u00a0por compra de art\u00edculos de primera necesidad por parte del afiliado.<\/li>\n<li>Por la p\u00e9rdida definitiva del equipaje durante su transporte en aerol\u00ednea comercial en el exterior, se reconocer\u00e1 una suma complementaria del equivalente en pesos de\u00a0<b>USD $50<\/b>\u00a0por kilogramo hasta un m\u00e1ximo de\u00a0<b>USD $1.000<\/b>\u00a0a la fecha del siniestro, descontando de dicha suma lo reconocido por la l\u00ednea a\u00e9rea al afiliado.<\/li>\n<li>Cuando se interrumpa el desarrollo de su actividad laboral en el exterior debido a su hospitalizaci\u00f3n por lesi\u00f3n o enfermedad o a su fallecimiento, y no pudiendo posponerse la agenda de viaje. La Compa\u00f1\u00eda para la cual labora el trabajador -si as\u00ed lo requiere la actividad laboral-, soportar\u00e1 inmediatamente los gastos del tiquete de ida y regreso en aerol\u00ednea comercial en vuelo regular en clase econ\u00f3mica de un ejecutivo designado por la empresa para que reemplace al afiliado y cumplir la actividad laboral en el exterior.<\/li>\n<li>Anticipo para pago de fianzas legales en calidad de pr\u00e9stamo al afiliado hasta la suma de\u00a0<b>USD $10.000<\/b>, cuando el afiliado fuera detenido imput\u00e1ndosele una responsabilidad en un accidente, siempre que el mismo no se trate de cargos por tr\u00e1fico y\/o posesi\u00f3n de drogas, armas, estupefacientes, enervantes o cualquier otra acci\u00f3n criminal.<\/li>\n<li>Asistencia administrativa en caso de p\u00e9rdida o robo de un documento importante para la continuaci\u00f3n del viaje en el exterior.<\/li>\n<li>Transmisi\u00f3n de mensajes urgentes.<\/li>\n<\/ol>\n            <\/div>\r\n    <\/div>\r\n\r\n\r\n\r\n            <\/div>\n\n\t\t<\/div>\n\t<\/div>\n<\/div><\/div><\/div><\/div><\/div><\/div>\n\t\t<\/div> \n\t<\/div><\/div><\/div><\/div>\n<\/div>","protected":false},"excerpt":{"rendered":"COBERTURA EN EL EXTERIOR Home \/COBERTURA EN EL EXTERIOR Certificado de cobertura por empleado Certificado de cobertura por empresa Imprimir carn\u00e9 \u00bfC\u00f3mo tramitar un reembolso? Para tramitar un reembolso por [...]","protected":false},"author":1174,"featured_media":0,"parent":73758,"menu_order":0,"comment_status":"closed","ping_status":"closed","template":"","meta":{"footnotes":""},"categories":[],"tags":[],"class_list":["post-74774","page","type-page","status-publish","hentry"],"yoast_head":"<!-- This site is optimized with the Yoast SEO plugin v27.4 - https:\/\/yoast.com\/product\/yoast-seo-wordpress\/ -->\n<title>COBERTURA EN EL EXTERIOR - Uninavarra<\/title>\n<meta name=\"robots\" content=\"index, follow, max-snippet:-1, max-image-preview:large, max-video-preview:-1\" \/>\n<link rel=\"canonical\" href=\"https:\/\/uninavarra.edu.co\/en\/bienestar-universitario\/promocion-y-prevencion-en-salud-fisica-y-mental\/salud-y-seguridad-en-el-trabajo\/cobertura-en-el-exterior\/\" \/>\n<meta property=\"og:locale\" content=\"en_US\" \/>\n<meta property=\"og:type\" content=\"article\" \/>\n<meta property=\"og:title\" content=\"COBERTURA EN EL EXTERIOR - Uninavarra\" \/>\n<meta property=\"og:url\" content=\"https:\/\/uninavarra.edu.co\/en\/bienestar-universitario\/promocion-y-prevencion-en-salud-fisica-y-mental\/salud-y-seguridad-en-el-trabajo\/cobertura-en-el-exterior\/\" \/>\n<meta property=\"og:site_name\" content=\"Uninavarra\" \/>\n<meta property=\"article:publisher\" content=\"https:\/\/www.facebook.com\/UninavarraEduca\" \/>\n<meta property=\"article:modified_time\" content=\"2024-05-09T20:01:19+00:00\" \/>\n<meta name=\"twitter:card\" content=\"summary_large_image\" \/>\n<meta name=\"twitter:site\" content=\"@uninavarraeduca\" \/>\n<meta name=\"twitter:label1\" content=\"Est. reading time\" \/>\n\t<meta name=\"twitter:data1\" content=\"4 minutes\" \/>\n<script type=\"application\/ld+json\" class=\"yoast-schema-graph\">{\"@context\":\"https:\\\/\\\/schema.org\",\"@graph\":[{\"@type\":\"WebPage\",\"@id\":\"https:\\\/\\\/uninavarra.edu.co\\\/bienestar-universitario\\\/promocion-y-prevencion-en-salud-fisica-y-mental\\\/salud-y-seguridad-en-el-trabajo\\\/cobertura-en-el-exterior\\\/\",\"url\":\"https:\\\/\\\/uninavarra.edu.co\\\/bienestar-universitario\\\/promocion-y-prevencion-en-salud-fisica-y-mental\\\/salud-y-seguridad-en-el-trabajo\\\/cobertura-en-el-exterior\\\/\",\"name\":\"COBERTURA EN EL EXTERIOR - Uninavarra\",\"isPartOf\":{\"@id\":\"https:\\\/\\\/uninavarra.edu.co\\\/#website\"},\"datePublished\":\"2024-04-16T20:29:35+00:00\",\"dateModified\":\"2024-05-09T20:01:19+00:00\",\"breadcrumb\":{\"@id\":\"https:\\\/\\\/uninavarra.edu.co\\\/bienestar-universitario\\\/promocion-y-prevencion-en-salud-fisica-y-mental\\\/salud-y-seguridad-en-el-trabajo\\\/cobertura-en-el-exterior\\\/#breadcrumb\"},\"inLanguage\":\"en-US\",\"potentialAction\":[{\"@type\":\"ReadAction\",\"target\":[\"https:\\\/\\\/uninavarra.edu.co\\\/bienestar-universitario\\\/promocion-y-prevencion-en-salud-fisica-y-mental\\\/salud-y-seguridad-en-el-trabajo\\\/cobertura-en-el-exterior\\\/\"]}]},{\"@type\":\"BreadcrumbList\",\"@id\":\"https:\\\/\\\/uninavarra.edu.co\\\/bienestar-universitario\\\/promocion-y-prevencion-en-salud-fisica-y-mental\\\/salud-y-seguridad-en-el-trabajo\\\/cobertura-en-el-exterior\\\/#breadcrumb\",\"itemListElement\":[{\"@type\":\"ListItem\",\"position\":1,\"name\":\"Home\",\"item\":\"https:\\\/\\\/uninavarra.edu.co\\\/\"},{\"@type\":\"ListItem\",\"position\":2,\"name\":\"Bienestar Universitario\",\"item\":\"https:\\\/\\\/uninavarra.edu.co\\\/bienestar-universitario\\\/\"},{\"@type\":\"ListItem\",\"position\":3,\"name\":\"Promoci\u00f3n y Prevenci\u00f3n en Salud Fisica y Mental\",\"item\":\"https:\\\/\\\/uninavarra.edu.co\\\/bienestar-universitario\\\/promocion-y-prevencion-en-salud-fisica-y-mental\\\/\"},{\"@type\":\"ListItem\",\"position\":4,\"name\":\"Seguridad y Salud en el Trabajo\",\"item\":\"https:\\\/\\\/uninavarra.edu.co\\\/bienestar-universitario\\\/promocion-y-prevencion-en-salud-fisica-y-mental\\\/salud-y-seguridad-en-el-trabajo\\\/\"},{\"@type\":\"ListItem\",\"position\":5,\"name\":\"COBERTURA EN EL EXTERIOR\"}]},{\"@type\":\"WebSite\",\"@id\":\"https:\\\/\\\/uninavarra.edu.co\\\/#website\",\"url\":\"https:\\\/\\\/uninavarra.edu.co\\\/\",\"name\":\"UNINAVARRA\",\"description\":\"Haz realidad tu deseo de aprender\",\"publisher\":{\"@id\":\"https:\\\/\\\/uninavarra.edu.co\\\/#organization\"},\"potentialAction\":[{\"@type\":\"SearchAction\",\"target\":{\"@type\":\"EntryPoint\",\"urlTemplate\":\"https:\\\/\\\/uninavarra.edu.co\\\/?s={search_term_string}\"},\"query-input\":{\"@type\":\"PropertyValueSpecification\",\"valueRequired\":true,\"valueName\":\"search_term_string\"}}],\"inLanguage\":\"en-US\"},{\"@type\":\"Organization\",\"@id\":\"https:\\\/\\\/uninavarra.edu.co\\\/#organization\",\"name\":\"Fundaci\u00f3n Universitaria Navarra - UNINAVARRA\",\"url\":\"https:\\\/\\\/uninavarra.edu.co\\\/\",\"logo\":{\"@type\":\"ImageObject\",\"inLanguage\":\"en-US\",\"@id\":\"https:\\\/\\\/uninavarra.edu.co\\\/#\\\/schema\\\/logo\\\/image\\\/\",\"url\":\"https:\\\/\\\/uninavarra.edu.co\\\/wp-content\\\/uploads\\\/2024\\\/06\\\/Escudo-uninavarra-Solo.png\",\"contentUrl\":\"https:\\\/\\\/uninavarra.edu.co\\\/wp-content\\\/uploads\\\/2024\\\/06\\\/Escudo-uninavarra-Solo.png\",\"width\":1500,\"height\":1401,\"caption\":\"Fundaci\u00f3n Universitaria Navarra - UNINAVARRA\"},\"image\":{\"@id\":\"https:\\\/\\\/uninavarra.edu.co\\\/#\\\/schema\\\/logo\\\/image\\\/\"},\"sameAs\":[\"https:\\\/\\\/www.facebook.com\\\/UninavarraEduca\",\"https:\\\/\\\/x.com\\\/uninavarraeduca\",\"https:\\\/\\\/www.instagram.com\\\/uninavarra\\\/?hl=es\",\"https:\\\/\\\/www.linkedin.com\\\/in\\\/fundacin-universitaria-navarra-uninavarra-b41225222\\\/\"]}]}<\/script>\n<!-- \/ Yoast SEO plugin. -->","yoast_head_json":{"title":"COBERTURA EN EL EXTERIOR - Uninavarra","robots":{"index":"index","follow":"follow","max-snippet":"max-snippet:-1","max-image-preview":"max-image-preview:large","max-video-preview":"max-video-preview:-1"},"canonical":"https:\/\/uninavarra.edu.co\/en\/bienestar-universitario\/promocion-y-prevencion-en-salud-fisica-y-mental\/salud-y-seguridad-en-el-trabajo\/cobertura-en-el-exterior\/","og_locale":"en_US","og_type":"article","og_title":"COBERTURA EN EL EXTERIOR - Uninavarra","og_url":"https:\/\/uninavarra.edu.co\/en\/bienestar-universitario\/promocion-y-prevencion-en-salud-fisica-y-mental\/salud-y-seguridad-en-el-trabajo\/cobertura-en-el-exterior\/","og_site_name":"Uninavarra","article_publisher":"https:\/\/www.facebook.com\/UninavarraEduca","article_modified_time":"2024-05-09T20:01:19+00:00","twitter_card":"summary_large_image","twitter_site":"@uninavarraeduca","twitter_misc":{"Est. reading time":"4 minutes"},"schema":{"@context":"https:\/\/schema.org","@graph":[{"@type":"WebPage","@id":"https:\/\/uninavarra.edu.co\/bienestar-universitario\/promocion-y-prevencion-en-salud-fisica-y-mental\/salud-y-seguridad-en-el-trabajo\/cobertura-en-el-exterior\/","url":"https:\/\/uninavarra.edu.co\/bienestar-universitario\/promocion-y-prevencion-en-salud-fisica-y-mental\/salud-y-seguridad-en-el-trabajo\/cobertura-en-el-exterior\/","name":"COBERTURA EN EL EXTERIOR - Uninavarra","isPartOf":{"@id":"https:\/\/uninavarra.edu.co\/#website"},"datePublished":"2024-04-16T20:29:35+00:00","dateModified":"2024-05-09T20:01:19+00:00","breadcrumb":{"@id":"https:\/\/uninavarra.edu.co\/bienestar-universitario\/promocion-y-prevencion-en-salud-fisica-y-mental\/salud-y-seguridad-en-el-trabajo\/cobertura-en-el-exterior\/#breadcrumb"},"inLanguage":"en-US","potentialAction":[{"@type":"ReadAction","target":["https:\/\/uninavarra.edu.co\/bienestar-universitario\/promocion-y-prevencion-en-salud-fisica-y-mental\/salud-y-seguridad-en-el-trabajo\/cobertura-en-el-exterior\/"]}]},{"@type":"BreadcrumbList","@id":"https:\/\/uninavarra.edu.co\/bienestar-universitario\/promocion-y-prevencion-en-salud-fisica-y-mental\/salud-y-seguridad-en-el-trabajo\/cobertura-en-el-exterior\/#breadcrumb","itemListElement":[{"@type":"ListItem","position":1,"name":"Home","item":"https:\/\/uninavarra.edu.co\/"},{"@type":"ListItem","position":2,"name":"Bienestar Universitario","item":"https:\/\/uninavarra.edu.co\/bienestar-universitario\/"},{"@type":"ListItem","position":3,"name":"Promoci\u00f3n y Prevenci\u00f3n en Salud Fisica y Mental","item":"https:\/\/uninavarra.edu.co\/bienestar-universitario\/promocion-y-prevencion-en-salud-fisica-y-mental\/"},{"@type":"ListItem","position":4,"name":"Seguridad y Salud en el Trabajo","item":"https:\/\/uninavarra.edu.co\/bienestar-universitario\/promocion-y-prevencion-en-salud-fisica-y-mental\/salud-y-seguridad-en-el-trabajo\/"},{"@type":"ListItem","position":5,"name":"COBERTURA EN EL EXTERIOR"}]},{"@type":"WebSite","@id":"https:\/\/uninavarra.edu.co\/#website","url":"https:\/\/uninavarra.edu.co\/","name":"UNINAVARRA","description":"Make your desire to learn a reality","publisher":{"@id":"https:\/\/uninavarra.edu.co\/#organization"},"potentialAction":[{"@type":"SearchAction","target":{"@type":"EntryPoint","urlTemplate":"https:\/\/uninavarra.edu.co\/?s={search_term_string}"},"query-input":{"@type":"PropertyValueSpecification","valueRequired":true,"valueName":"search_term_string"}}],"inLanguage":"en-US"},{"@type":"Organization","@id":"https:\/\/uninavarra.edu.co\/#organization","name":"Navarre University Foundation - UNINAVARRA","url":"https:\/\/uninavarra.edu.co\/","logo":{"@type":"ImageObject","inLanguage":"en-US","@id":"https:\/\/uninavarra.edu.co\/#\/schema\/logo\/image\/","url":"https:\/\/uninavarra.edu.co\/wp-content\/uploads\/2024\/06\/Escudo-uninavarra-Solo.png","contentUrl":"https:\/\/uninavarra.edu.co\/wp-content\/uploads\/2024\/06\/Escudo-uninavarra-Solo.png","width":1500,"height":1401,"caption":"Fundaci\u00f3n Universitaria Navarra - UNINAVARRA"},"image":{"@id":"https:\/\/uninavarra.edu.co\/#\/schema\/logo\/image\/"},"sameAs":["https:\/\/www.facebook.com\/UninavarraEduca","https:\/\/x.com\/uninavarraeduca","https:\/\/www.instagram.com\/uninavarra\/?hl=es","https:\/\/www.linkedin.com\/in\/fundacin-universitaria-navarra-uninavarra-b41225222\/"]}]}},"_links":{"self":[{"href":"https:\/\/uninavarra.edu.co\/en\/wp-json\/wp\/v2\/pages\/74774","targetHints":{"allow":["GET"]}}],"collection":[{"href":"https:\/\/uninavarra.edu.co\/en\/wp-json\/wp\/v2\/pages"}],"about":[{"href":"https:\/\/uninavarra.edu.co\/en\/wp-json\/wp\/v2\/types\/page"}],"author":[{"embeddable":true,"href":"https:\/\/uninavarra.edu.co\/en\/wp-json\/wp\/v2\/users\/1174"}],"replies":[{"embeddable":true,"href":"https:\/\/uninavarra.edu.co\/en\/wp-json\/wp\/v2\/comments?post=74774"}],"version-history":[{"count":0,"href":"https:\/\/uninavarra.edu.co\/en\/wp-json\/wp\/v2\/pages\/74774\/revisions"}],"up":[{"embeddable":true,"href":"https:\/\/uninavarra.edu.co\/en\/wp-json\/wp\/v2\/pages\/73758"}],"wp:attachment":[{"href":"https:\/\/uninavarra.edu.co\/en\/wp-json\/wp\/v2\/media?parent=74774"}],"wp:term":[{"taxonomy":"category","embeddable":true,"href":"https:\/\/uninavarra.edu.co\/en\/wp-json\/wp\/v2\/categories?post=74774"},{"taxonomy":"post_tag","embeddable":true,"href":"https:\/\/uninavarra.edu.co\/en\/wp-json\/wp\/v2\/tags?post=74774"}],"curies":[{"name":"wp","href":"https:\/\/api.w.org\/{rel}","templated":true}]}}