{"id":73893,"date":"2024-04-04T15:28:45","date_gmt":"2024-04-04T20:28:45","guid":{"rendered":"https:\/\/uninavarra.edu.co\/?page_id=73893"},"modified":"2026-04-22T10:08:05","modified_gmt":"2026-04-22T15:08:05","slug":"fortalecimiento-de-programas-de-apoyo-economico","status":"publish","type":"page","link":"https:\/\/uninavarra.edu.co\/en\/bienestar-universitario\/desarrollo-humano\/plan-padrino\/fortalecimiento-de-programas-de-apoyo-economico\/","title":{"rendered":"Socioeconomic Promotion"},"content":{"rendered":"<div class=\"wpb-content-wrapper\"><div id=\"headder\" data-vc-full-width=\"true\" data-vc-full-width-init=\"false\" data-vc-stretch-content=\"true\" class=\"wpb-container \"><div class=\"container-full\"><div class=\"vc_row wpb_row vc_row-fluid row \"><div class=\"col-sm-12  vc_\">\n\t\t<div class=\"wpb_wrapper \">\n\t\t\t\n\t<div class=\"wpb_text_column wpb_content_element\" >\n\t\t<div class=\"wpb_wrapper\">\n\t\t\t\n\t\t\t<!-- START Plan Padrino  Fortalecimiento de programas de Apoyo Economico REVOLUTION SLIDER 6.7.21 --><p class=\"rs-p-wp-fix\"><\/p>\n\t\t\t<rs-module-wrap id=\"rev_slider_60_1_wrapper\" data-source=\"gallery\" style=\"visibility:hidden;background:rgba(255,255,255,0);padding:0;margin:0px auto;margin-top:0;margin-bottom:0;\">\n\t\t\t\t<rs-module id=\"rev_slider_60_1\" style=\"\" data-version=\"6.7.21\">\n\t\t\t\t\t<rs-slides style=\"overflow: hidden; position: absolute;\">\n\t\t\t\t\t\t<rs-slide style=\"position: absolute;\" data-key=\"rs-628\" data-title=\"Plan Padrino Ser Maestro\" data-anim=\"adpr:false;ms:200;\" data-in=\"o:0;x:(100%);\" data-out=\"a:false;\">\n\t\t\t\t\t\t\t<img decoding=\"async\" src=\"\/\/uninavarra.edu.co\/wp-content\/plugins\/revslider\/sr6\/assets\/assets\/dummy.png\" alt=\"Plan Padrino Ser Maestro\" title=\"Promoci\u00f3n Socioecon\u00f3mica\" class=\"rev-slidebg tp-rs-img rs-lazyload\" data-lazyload=\"\/\/uninavarra.edu.co\/wp-content\/plugins\/revslider\/sr6\/assets\/assets\/transparent.png\" data-bg=\"c:#E7E7E7;\" data-no-retina>\n<!--\n\t\t\t\t\t\t\t--><a\n\t\t\t\t\t\t\t\tid=\"slider-60-slide-628-layer-3\" \n\t\t\t\t\t\t\t\tclass=\"rs-layer\"\n\t\t\t\t\t\t\t\thref=\"http:\/\/campus.uninavarra.edu.co\/psc\/cs92prod_21\/EMPLOYEE\/SA\/c\/TYG_SAD_OLA_MENU.LC_CRL_FORMULARIO.GBL?&#038;\" target=\"_self\"\n\t\t\t\t\t\t\t\tdata-type=\"image\"\n\t\t\t\t\t\t\t\tdata-rsp_ch=\"on\"\n\t\t\t\t\t\t\t\tdata-xy=\"x:c;y:c;\"\n\t\t\t\t\t\t\t\tdata-text=\"l:22;a:inherit;\"\n\t\t\t\t\t\t\t\tdata-dim=\"w:100%;h:100%;\"\n\t\t\t\t\t\t\t\tdata-frame_0=\"sX:2;sY:2;\"\n\t\t\t\t\t\t\t\tdata-frame_0_mask=\"u:t;\"\n\t\t\t\t\t\t\t\tdata-frame_1=\"e:power2.out;sp:1000;\"\n\t\t\t\t\t\t\t\tdata-frame_1_mask=\"u:t;\"\n\t\t\t\t\t\t\t\tdata-frame_999=\"o:0;st:w;sR:5700;\"\n\t\t\t\t\t\t\t\tstyle=\"z-index:6;\"\n\t\t\t\t\t\t\t><img fetchpriority=\"high\" decoding=\"async\" src=\"\/\/uninavarra.edu.co\/wp-content\/plugins\/revslider\/sr6\/assets\/assets\/dummy.png\" alt=\"\" class=\"tp-rs-img rs-lazyload\" width=\"1600\" height=\"475\" data-lazyload=\"\/\/uninavarra.edu.co\/wp-content\/uploads\/2026\/03\/banner-socioeconomico.png\" data-c=\"cover\" data-no-retina> \n\t\t\t\t\t\t\t<\/a><!--\n-->\t\t\t\t\t<\/rs-slide>\n\t\t\t\t\t<\/rs-slides>\n\t\t\t\t<\/rs-module>\n\t\t\t\t<script>\n\t\t\t\t\tsetREVStartSize({c: 'rev_slider_60_1',rl:[1240,1024,778,480],el:[540],gw:[1920],gh:[540],type:'standard',justify:'',layout:'fullwidth',mh:\"100%\"});if (window.RS_MODULES!==undefined && window.RS_MODULES.modules!==undefined && window.RS_MODULES.modules[\"revslider601\"]!==undefined) {window.RS_MODULES.modules[\"revslider601\"].once = false;window.revapi60 = undefined;if (window.RS_MODULES.checkMinimal!==undefined) window.RS_MODULES.checkMinimal()}\n\t\t\t\t<\/script>\n\t\t\t<\/rs-module-wrap>\n\t\t\t<!-- END REVOLUTION SLIDER -->\n\n\n\t\t<\/div>\n\t<\/div>\n\n\t<div class=\"wpb_text_column wpb_content_element\" >\n\t\t<div class=\"wpb_wrapper\">\n\t\t\t<header id=\"nav-top-1\"><span class=\"abrir material-icons\">menu<\/span><\/header>\n<nav id=\"menu-plan-padrino\" class=\"topnav\">\n<header id=\"nav-top-2\"><span class=\"cerrar material-icons\">clear<\/span><\/header>\n<p><!-- Widget Shortcode --><div id=\"nav_menu-54\" class=\"widget widget_nav_menu widget-shortcode area-se507_4406urx \"><div class=\"menu-menu-plan-padrino-final-container\"><ul id=\"menu-menu-plan-padrino-final\" class=\"menu\"><li id=\"menu-item-63273\" class=\"menu-item menu-item-type-post_type menu-item-object-page menu-item-63273\"><a href=\"https:\/\/uninavarra.edu.co\/en\/bienestar-universitario\/desarrollo-humano\/plan-padrino\/\">Inicio<\/a><\/li>\n<li id=\"menu-item-40514\" class=\"menu-item menu-item-type-post_type menu-item-object-page menu-item-40514\"><a href=\"https:\/\/uninavarra.edu.co\/en\/bienestar-universitario\/desarrollo-humano\/plan-padrino\/madrinas-y-padrinos\/\">Madrinas y Padrinos<\/a><\/li>\n<li id=\"menu-item-40516\" class=\"menu-item menu-item-type-post_type menu-item-object-page menu-item-40516\"><a href=\"https:\/\/uninavarra.edu.co\/en\/bienestar-universitario\/desarrollo-humano\/plan-padrino\/nivelacion-academica\/\">Nivelaci\u00f3n Acad\u00e9mica<\/a><\/li>\n<li id=\"menu-item-40518\" class=\"menu-item menu-item-type-post_type menu-item-object-page menu-item-40518\"><a href=\"https:\/\/uninavarra.edu.co\/en\/bienestar-universitario\/desarrollo-humano\/plan-padrino\/asesorias-academicas\/\">Asesor\u00edas Acad\u00e9micas<\/a><\/li>\n<li id=\"menu-item-40531\" class=\"menu-item menu-item-type-post_type menu-item-object-page menu-item-40531\"><a href=\"https:\/\/uninavarra.edu.co\/en\/bienestar-universitario\/desarrollo-humano\/plan-padrino\/monitorias\/\">Monitorias<\/a><\/li>\n<li id=\"menu-item-67354\" class=\"menu-item menu-item-type-custom menu-item-object-custom menu-item-67354\"><a href=\"https:\/\/uninavarra.edu.co\/estudiantes\/bienestar-universitario\/plan-padrino\/fortalecimiento-academico\/\">Fortalecimiento Acad\u00e9mico<\/a><\/li>\n<li id=\"menu-item-74173\" class=\"menu-item menu-item-type-post_type menu-item-object-page menu-item-74173\"><a href=\"https:\/\/uninavarra.edu.co\/en\/bienestar-universitario\/desarrollo-humano\/plan-padrino\/fortalecimiento-de-programas-de-apoyo-economico\/\">Promoci\u00f3n Socioecon\u00f3mica<\/a><\/li>\n<\/ul><\/div><\/div><!-- \/Widget Shortcode --><br \/>\n<\/nav>\n\n\t\t<\/div>\n\t<\/div>\n\n\t\t<\/div> \n\t<\/div><\/div><\/div><\/div><div class=\"vc_row-full-width\"><\/div><div class=\"wpb-container \"><div class=\"container\"><div class=\"vc_row wpb_row vc_row-fluid row \"><div class=\"col-sm-12  vc_\">\n\t\t<div class=\"wpb_wrapper \">\n\t\t\t\n\t<div class=\"wpb_text_column wpb_content_element\" >\n\t\t<div class=\"wpb_wrapper\">\n\t\t\t<h2 class=\"divisor\" style=\"text-align: center;\"><span style=\"font-family: helvetica, arial, sans-serif;\">Fortalecimiento de Programas de Apoyo Econ\u00f3mico<\/span><\/h2>\n<hr \/>\n\n\t\t<\/div>\n\t<\/div>\n\n\t<div class=\"wpb_raw_code wpb_raw_html wpb_content_element\" >\n\t\t<div class=\"wpb_wrapper\">\n\t\t\t<link rel=\"preconnect\" href=\"https:\/\/fonts.gstatic.com\">\n<link href=\"https:\/\/fonts.googleapis.com\/css2?family=Raleway:ital,wght@0,400;0,700;1,400&display=swap\" rel=\"stylesheet\">\n<link href=\"https:\/\/fonts.googleapis.com\/css2?family=Lato:wght@400;700&display=swap\" rel=\"stylesheet\">\n<link href=\"https:\/\/fonts.googleapis.com\/icon?family=Material+Icons\" rel=\"stylesheet\">\n\n<style>\n\/* Arregla el tama\u00f1o de la letra del slider cina ya que esta en 'rem' *\/ html {font-size: 100%} .navbar-mega .navbar-nav > li .dropdown-menu li a {font-size: 14px !important;}\n\n\/* CAMBIO COLOR DE LA LETRA Y ESTILO *\/\n#wpo-mainbody, #wpo-mainbody h2, #wpo-mainbody h3, #wpo-mainbody h4, #wpo-mainbody p, #wpo-mainbody a, #wpo-mainbody strong, #wpo-mainbody em, #wpo-mainbody th, #wpo-mainbody tr, #wpo-mainbody td, #wpo-mainbody ol, #wpo-mainbody ul, #wpo-mainbody li, #wpo-mainbody :after {\n    font-family: 'Raleway', sans-serif\n}\n\n#wpo-mainbody p {\n    font-size: 16px;\n    line-height: 20px;\n}\n\n#wpo-mainbody h4{\n        overflow: hidden;\n   text-overflow: ellipsis;\n   display: -webkit-box;\n   -webkit-line-clamp: 2; \/* number of lines to show *\/\n           line-clamp: 2; \n   -webkit-box-orient: vertical;\n    }\n\n#wpo-mainbody li {\n    font-size: 18px;\n    line-height: 30px;\n}\n\n\n\n#wpo-mainbody strong {\n    line-height: 30px\n}\n\n\/* Estilo Aplicado en Listas de Semilleros de los Grupos de Investigaci\u00f3n *\/\n#wpo-mainbody .lista_semilleros ul {\n    padding-inline-start: 35px;\n}\n\n#wpo-mainbody .lista_semilleros li {\n\tline-height: 20px\n}\n\n#wpo-mainbody .lista_semilleros ul li {\n\tfont-size: 15px;\n\tmargin-left: 20px;\n\tmargin-bottom: 15px\n}\n\n#wpo-mainbody .lista_semilleros li:last-child ul li {\n\tmargin-bottom: 0\n}\n\n#wpo-mainbody .lista_semilleros ul li:before {\n    position: absolute;\n    background: none;\n}\n<\/style>\n\t\t<\/div>\n\t<\/div>\n\n\t<div class=\"wpb_text_column wpb_content_element\" >\n\t\t<div class=\"wpb_wrapper\">\n\t\t\t\t\t\t<!-- Flexy Breadcrumb -->\r\n\t\t\t<div class=\"fbc fbc-page\">\r\n\r\n\t\t\t\t<!-- Breadcrumb wrapper -->\r\n\t\t\t\t<div class=\"fbc-wrap\">\r\n\r\n\t\t\t\t\t<!-- Ordered list-->\r\n\t\t\t\t\t<ol class=\"fbc-items\" itemscope itemtype=\"https:\/\/schema.org\/BreadcrumbList\">\r\n\t\t\t\t\t\t            <li itemprop=\"itemListElement\" itemscope itemtype=\"https:\/\/schema.org\/ListItem\">\r\n                <span itemprop=\"name\">\r\n                    <!-- Home Link -->\r\n                    <a itemprop=\"item\" href=\"https:\/\/uninavarra.edu.co\">\r\n                    \r\n                                                    <i class=\"fa fa-home\" aria-hidden=\"true\"><\/i>Home                    <\/a>\r\n                <\/span>\r\n                <meta itemprop=\"position\" content=\"1\" \/><!-- Meta Position-->\r\n             <\/li><li><span class=\"fbc-separator\">\/<\/span><\/li><li class=\"active\" itemprop=\"itemListElement\" itemscope itemtype=\"https:\/\/schema.org\/ListItem\"><span itemprop=\"name\" title=\"Promoci\u00f3n Socioecon\u00f3mica\">Promoci\u00f3n Socioecon\u00f3mica<\/span><meta itemprop=\"position\" content=\"2\" \/><\/li>\t\t\t\t\t<\/ol>\r\n\t\t\t\t\t<div class=\"clearfix\"><\/div>\r\n\t\t\t\t<\/div>\r\n\t\t\t<\/div>\r\n\t\t\t\n\n\t\t<\/div>\n\t<\/div>\n\n\t\t<\/div> \n\t<\/div><\/div><\/div><\/div><div class=\"wpb-container \"><div class=\"container\"><div class=\"vc_row wpb_row vc_row-fluid row \"><div class=\"col-sm-12  vc_\">\n\t\t<div class=\"wpb_wrapper \">\n\t\t\t\n\t<div class=\"wpb_text_column wpb_content_element\" >\n\t\t<div class=\"wpb_wrapper\">\n\t\t\t<p style=\"text-align: justify;\">El \u00e1rea de Promoci\u00f3n Socioecon\u00f3mica hace parte del entramado transversal de Bienestar Universitario de la Fundaci\u00f3n Universitaria Navarra UNINAVARRA, y tiene como objetivo identificar factores de riesgo socioecon\u00f3micos en la poblaci\u00f3n estudiantil. De esta manera, el \u00e1rea genera estrategias que posibilitan el acceso de los estudiantes con mayor vulnerabilidad socioecon\u00f3mica a programas como el Programa la Cuchara UNINAVARRA, est\u00edmulos deportivos y culturales, adem\u00e1s de becas por m\u00e9ritos de excelencia y de honor de UNINAVARRA, los cuales est\u00e1n direccionados a promover la permanencia estudiantil de la poblaci\u00f3n vulnerable de estratos 1 y 2, etnias, v\u00edctimas del conflicto armado, madres cabeza de hogar, comunidades ind\u00edgenas y negras, con un criterio de inclusi\u00f3n, identidad institucional, respeto por los derechos humanos y la contribuci\u00f3n al mejoramiento de la calidad de vida de la comunidad estudiantil, promoviendo entornos favorables en el proceso de formaci\u00f3n profesional con apoyo en la construcci\u00f3n continua de proyectos de vida en el \u00e1mbito universitario.<\/p>\n\n\t\t<\/div>\n\t<\/div>\n\n\t\t<\/div> \n\t<\/div><\/div><\/div><\/div><div class=\"wpb-container \"><div class=\"container\"><div class=\"vc_row wpb_row vc_row-fluid row \"><div class=\"col-sm-12  vc_\">\n\t\t<div class=\"wpb_wrapper \">\n\t\t\t<div class=\"vc_tta-container\" data-vc-action=\"collapse\"><div class=\"vc_general vc_tta vc_tta-tabs vc_tta-color-navarra vc_tta-style-classic vc_tta-shape-rounded vc_tta-spacing-1 vc_tta-o-no-fill vc_tta-tabs-position-left vc_tta-controls-align-left \"><div class=\"vc_tta-tabs-container\"><ul class=\"vc_tta-tabs-list\"><li class=\"vc_tta-tab vc_active\" data-vc-tab><a href=\"#1712090324840-07432189-4c49\" data-vc-tabs data-vc-container=\".vc_tta\"><span class=\"vc_tta-title-text\">Becas de excelencia y honor<\/span><\/a><\/li><li class=\"vc_tta-tab\" data-vc-tab><a href=\"#1712090396960-48812383-a6ee\" data-vc-tabs data-vc-container=\".vc_tta\"><span class=\"vc_tta-title-text\">Est\u00edmulos deportivos y culturales<\/span><\/a><\/li><li class=\"vc_tta-tab\" data-vc-tab><a href=\"#1712090452436-36305075-9949\" data-vc-tabs data-vc-container=\".vc_tta\"><span class=\"vc_tta-title-text\">Monitorias<\/span><\/a><\/li><li class=\"vc_tta-tab\" data-vc-tab><a href=\"#1712090410764-46448656-ea96\" data-vc-tabs data-vc-container=\".vc_tta\"><span class=\"vc_tta-title-text\">Becas con instituciones externas<\/span><\/a><\/li><li class=\"vc_tta-tab\" data-vc-tab><a href=\"#1712090434171-761a1a57-f1ca\" data-vc-tabs data-vc-container=\".vc_tta\"><span class=\"vc_tta-title-text\">Programa La Cuchara UNINAVARRA<\/span><\/a><\/li><li class=\"vc_tta-tab\" data-vc-tab><a href=\"#1712262465042-6799599d-5c57\" data-vc-tabs data-vc-container=\".vc_tta\"><span class=\"vc_tta-title-text\">Feria del Cr\u00e9dito Educativo<\/span><\/a><\/li><li class=\"vc_tta-tab\" data-vc-tab><a href=\"#1712262480339-3aeffe0a-3d77\" data-vc-tabs data-vc-container=\".vc_tta\"><span class=\"vc_tta-title-text\">Convenios comerciales<\/span><\/a><\/li><\/ul><\/div><div class=\"vc_tta-panels-container\"><div class=\"vc_tta-panels\"><div class=\"vc_tta-panel vc_active\" id=\"1712090324840-07432189-4c49\" data-vc-content=\".vc_tta-panel-body\"><div class=\"vc_tta-panel-heading\"><h4 class=\"vc_tta-panel-title\"><a href=\"#1712090324840-07432189-4c49\" data-vc-accordion data-vc-container=\".vc_tta-container\"><span class=\"vc_tta-title-text\">Becas de excelencia y honor<\/span><\/a><\/h4><\/div><div class=\"vc_tta-panel-body\"><div class=\"vc_row wpb_row vc_inner vc_row-fluid\"><div class=\"vc_ col-sm-12\"><div class=\"vc_column-inner\"><div class=\"wpb_wrapper\">\n\t<div class=\"wpb_text_column wpb_content_element\" >\n\t\t<div class=\"wpb_wrapper\">\n\t\t\t<h3 class=\"divisor\" style=\"text-align: center;\"><span style=\"font-family: helvetica, arial, sans-serif; color: #e72e34;\">Becas de excelencia y honor<\/span><\/h3>\n\n\t\t<\/div>\n\t<\/div>\n<\/div><\/div><\/div><\/div><div class=\"vc_row wpb_row vc_inner vc_row-fluid\"><div class=\"vc_ col-sm-12\"><div class=\"vc_column-inner\"><div class=\"wpb_wrapper\">\n\t<div class=\"wpb_text_column wpb_content_element\" >\n\t\t<div class=\"wpb_wrapper\">\n\t\t\t<h4 class=\"divisor\" style=\"text-align: center;\"><span style=\"font-family: helvetica, arial, sans-serif; color: #e72e34;\">Resoluci\u00f3n No. 001 DE 2023 (24 DE MARZO) \u201cPor la cual se otorgan los est\u00edmulos: Beca de la Excelencia y Beca de Honor, para aplicar en el primer per\u00edodo acad\u00e9mico del a\u00f1o 2023\u201d<\/span><\/h4>\n<hr \/>\n\n\t\t<\/div>\n\t<\/div>\n<\/div><\/div><\/div><\/div><div class=\"vc_row wpb_row vc_inner vc_row-fluid\"><div class=\"vc_ col-sm-12\"><div class=\"vc_column-inner\"><div class=\"wpb_wrapper\"><div class=\"wpb_single_image wpb_content_element vc_align_center\">\n\t\t<div class=\"wpb_wrapper\">\n\t\t\t\n\t\t\t<a href=\"https:\/\/uninavarra.edu.co\/wp-content\/uploads\/2026\/03\/Becas-de-excelencia-y-honor-scaled.jpg\" target=\"_self\"><img decoding=\"async\" width=\"2560\" height=\"1440\" src=\"https:\/\/uninavarra.edu.co\/wp-content\/uploads\/2026\/03\/Becas-de-excelencia-y-honor-scaled.jpg\" class=\" vc_box_border_grey attachment-full\" alt=\"Becas de excelencia y honor\" title=\"Becas de excelencia y honor\" srcset=\"https:\/\/uninavarra.edu.co\/wp-content\/uploads\/2026\/03\/Becas-de-excelencia-y-honor-scaled.jpg 2560w, https:\/\/uninavarra.edu.co\/wp-content\/uploads\/2026\/03\/Becas-de-excelencia-y-honor-300x169.jpg 300w, https:\/\/uninavarra.edu.co\/wp-content\/uploads\/2026\/03\/Becas-de-excelencia-y-honor-1024x576.jpg 1024w, https:\/\/uninavarra.edu.co\/wp-content\/uploads\/2026\/03\/Becas-de-excelencia-y-honor-150x84.jpg 150w, https:\/\/uninavarra.edu.co\/wp-content\/uploads\/2026\/03\/Becas-de-excelencia-y-honor-768x432.jpg 768w, https:\/\/uninavarra.edu.co\/wp-content\/uploads\/2026\/03\/Becas-de-excelencia-y-honor-1536x864.jpg 1536w, https:\/\/uninavarra.edu.co\/wp-content\/uploads\/2026\/03\/Becas-de-excelencia-y-honor-2048x1152.jpg 2048w, https:\/\/uninavarra.edu.co\/wp-content\/uploads\/2026\/03\/Becas-de-excelencia-y-honor-18x10.jpg 18w\" sizes=\"(max-width: 2560px) 100vw, 2560px\" \/><\/a>\n\t\t<\/div> \n\t<\/div><\/div><\/div><\/div><\/div><div class=\"vc_row wpb_row vc_inner vc_row-fluid\"><div class=\"vc_ col-sm-12\"><div class=\"vc_column-inner\"><div class=\"wpb_wrapper\"><div class=\"vc_btn3-container vc_btn3-center vc_do_btn\" ><a class=\"vc_general vc_btn3 vc_btn3-size-md vc_btn3-shape-rounded vc_btn3-style-modern vc_btn3-color-navarra\" href=\"https:\/\/uninavarra.edu.co\/wp-content\/uploads\/2024\/04\/RESOLUCION-No.-001-DE-2023.pdf\" title=\"\">M\u00e1s informaci\u00f3n<\/a><\/div><\/div><\/div><\/div><\/div><div class=\"vc_row wpb_row vc_inner vc_row-fluid\"><div class=\"vc_ col-sm-12\"><div class=\"vc_column-inner\"><div class=\"wpb_wrapper\">\n\t<div class=\"wpb_text_column wpb_content_element\" >\n\t\t<div class=\"wpb_wrapper\">\n\t\t\t<h4 class=\"divisor\" style=\"text-align: center;\"><span style=\"font-family: helvetica, arial, sans-serif; color: #e72e34;\">Resoluci\u00f3n No. 026 DE 2023 (23 DE NOVIEMBRE) \u201cPor la cual se otorgan los est\u00edmulos: Beca de la Excelencia y Beca de Honor, para aplicar en el segundo per\u00edodo acad\u00e9mico del a\u00f1o 2023\u201d<\/span><\/h4>\n<hr \/>\n\n\t\t<\/div>\n\t<\/div>\n<\/div><\/div><\/div><\/div><div class=\"vc_row wpb_row vc_inner vc_row-fluid\"><div class=\"vc_ col-sm-12\"><div class=\"vc_column-inner\"><div class=\"wpb_wrapper\"><div class=\"vc_btn3-container vc_btn3-center vc_do_btn\" ><a class=\"vc_general vc_btn3 vc_btn3-size-md vc_btn3-shape-rounded vc_btn3-style-modern vc_btn3-color-navarra\" href=\"https:\/\/uninavarra.edu.co\/wp-content\/uploads\/2024\/04\/Resolucion-No.-026-BECAS-Promedios-2023-1.pdf\" title=\"\">M\u00e1s informaci\u00f3n<\/a><\/div><\/div><\/div><\/div><\/div><\/div><\/div><div class=\"vc_tta-panel\" id=\"1712090396960-48812383-a6ee\" data-vc-content=\".vc_tta-panel-body\"><div class=\"vc_tta-panel-heading\"><h4 class=\"vc_tta-panel-title\"><a href=\"#1712090396960-48812383-a6ee\" data-vc-accordion data-vc-container=\".vc_tta-container\"><span class=\"vc_tta-title-text\">Est\u00edmulos deportivos y culturales<\/span><\/a><\/h4><\/div><div class=\"vc_tta-panel-body\"><div class=\"vc_row wpb_row vc_inner vc_row-fluid\"><div class=\"vc_ col-sm-12\"><div class=\"vc_column-inner\"><div class=\"wpb_wrapper\">\n\t<div class=\"wpb_text_column wpb_content_element\" >\n\t\t<div class=\"wpb_wrapper\">\n\t\t\t<h3 class=\"divisor\" style=\"text-align: center;\"><span style=\"font-family: helvetica, arial, sans-serif; color: #e72e34;\">Est\u00edmulos deportivos y culturales<\/span><\/h3>\n\n\t\t<\/div>\n\t<\/div>\n<\/div><\/div><\/div><\/div><div class=\"vc_row wpb_row vc_inner vc_row-fluid\"><div class=\"vc_ col-sm-12\"><div class=\"vc_column-inner\"><div class=\"wpb_wrapper\"><div class=\"vc_btn3-container vc_btn3-center vc_do_btn\" ><a class=\"vc_general vc_btn3 vc_btn3-size-md vc_btn3-shape-rounded vc_btn3-style-modern vc_btn3-color-navarra\" href=\"https:\/\/uninavarra.edu.co\/wp-content\/uploads\/2024\/05\/Resolucion-No.-025-ESTIMULOS-DEPORTIVOS-CULTURALES-2023-1.pdf\" title=\"\">RESOLUCI\u00d3N N\u00daMERO 025 DE 2023 (23 DE NOVIEMBRE) M\u00e1s informaci\u00f3n<\/a><\/div><\/div><\/div><\/div><\/div><div class=\"vc_row wpb_row vc_inner vc_row-fluid\"><div class=\"vc_ col-sm-12\"><div class=\"vc_column-inner\"><div class=\"wpb_wrapper\"><div class=\"vc_btn3-container vc_btn3-center vc_do_btn\" ><a class=\"vc_general vc_btn3 vc_btn3-size-md vc_btn3-shape-rounded vc_btn3-style-modern vc_btn3-color-navarra\" href=\"https:\/\/uninavarra.edu.co\/wp-content\/uploads\/2024\/04\/RESOLUCION-No.-001-DE-2023.pdf\" title=\"\">RESOLUCI\u00d3N N\u00daMERO 001 DE 2023 (07 DE JUNIO) M\u00e1s informaci\u00f3n<\/a><\/div><\/div><\/div><\/div><\/div><\/div><\/div><div class=\"vc_tta-panel\" id=\"1712090452436-36305075-9949\" data-vc-content=\".vc_tta-panel-body\"><div class=\"vc_tta-panel-heading\"><h4 class=\"vc_tta-panel-title\"><a href=\"#1712090452436-36305075-9949\" data-vc-accordion data-vc-container=\".vc_tta-container\"><span class=\"vc_tta-title-text\">Monitorias<\/span><\/a><\/h4><\/div><div class=\"vc_tta-panel-body\"><div class=\"vc_row wpb_row vc_inner vc_row-fluid\"><div class=\"vc_ col-sm-12\"><div class=\"vc_column-inner\"><div class=\"wpb_wrapper\">\n\t<div class=\"wpb_text_column wpb_content_element\" >\n\t\t<div class=\"wpb_wrapper\">\n\t\t\t<h3 class=\"divisor\" style=\"text-align: center;\"><span style=\"font-family: helvetica, arial, sans-serif; color: #e72e34;\">Monitorias<\/span><\/h3>\n\n\t\t<\/div>\n\t<\/div>\n<\/div><\/div><\/div><\/div><div class=\"vc_row wpb_row vc_inner vc_row-fluid\"><div class=\"vc_ col-sm-12\"><div class=\"vc_column-inner\"><div class=\"wpb_wrapper\">\n\t<div class=\"wpb_text_column wpb_content_element\" >\n\t\t<div class=\"wpb_wrapper\">\n\t\t\t<p>El Programa de Monitorias es una estrategia del Programa Plan Padrino, donde los estudiantes con buen rendimiento acad\u00e9mico y con competencias que re\u00fanan de manera integral las referidas al ser, al saber y al hacer, pueden participar en alguna de las siguientes monitorias: i) Investigaci\u00f3n, ii)Proyecci\u00f3n Social, iii) Acad\u00e9micas, iv) Cooperaci\u00f3n Internacional, v) Biblioteca o vi) Maestros de Paz; mediante el desarrollo de proyectos, actividades de asesor\u00edas individuales o grupales que contribuyan a su formaci\u00f3n profesional y personal.<\/p>\n\n\t\t<\/div>\n\t<\/div>\n<\/div><\/div><\/div><\/div><div class=\"vc_row wpb_row vc_inner vc_row-fluid\"><div class=\"vc_ col-sm-12\"><div class=\"vc_column-inner\"><div class=\"wpb_wrapper\">\n\t<div class=\"wpb_text_column wpb_content_element\" >\n\t\t<div class=\"wpb_wrapper\">\n\t\t\t\n\n\t\t<\/div>\n\t<\/div>\n<\/div><\/div><\/div><\/div><div class=\"vc_row wpb_row vc_inner vc_row-fluid\"><div class=\"vc_ col-sm-12\"><div class=\"vc_column-inner\"><div class=\"wpb_wrapper\"><div class=\"vc_btn3-container vc_btn3-inline vc_do_btn\" ><a class=\"vc_general vc_btn3 vc_btn3-size-md vc_btn3-shape-rounded vc_btn3-style-modern vc_btn3-color-navarra\" href=\"https:\/\/uninavarra.edu.co\/wp-content\/uploads\/2024\/03\/Resolucion-No.-003-de-2024-SELECCION-MONITORES-2024-1.pdf\" title=\"\">Resoluci\u00f3n No. 003 DE 2024 (13 DE MARZO) \u201cPor la cual se efect\u00faa la designaci\u00f3n de los estudiantes en el Programa de Monitorias de la Fundaci\u00f3n Universitaria Navarra -UNINAVARRA del periodo 2024-1\u201d<\/a><\/div><\/div><\/div><\/div><\/div><\/div><\/div><div class=\"vc_tta-panel\" id=\"1712090410764-46448656-ea96\" data-vc-content=\".vc_tta-panel-body\"><div class=\"vc_tta-panel-heading\"><h4 class=\"vc_tta-panel-title\"><a href=\"#1712090410764-46448656-ea96\" data-vc-accordion data-vc-container=\".vc_tta-container\"><span class=\"vc_tta-title-text\">Becas con instituciones externas<\/span><\/a><\/h4><\/div><div class=\"vc_tta-panel-body\"><div class=\"vc_row wpb_row vc_inner vc_row-fluid\"><div class=\"vc_ col-sm-12\"><div class=\"vc_column-inner\"><div class=\"wpb_wrapper\">\n\t<div class=\"wpb_text_column wpb_content_element\" >\n\t\t<div class=\"wpb_wrapper\">\n\t\t\t<h3 class=\"divisor\" style=\"text-align: center;\"><span style=\"font-family: helvetica, arial, sans-serif; color: #e72e34;\">Becas con instituciones externas<\/span><\/h3>\n\n\t\t<\/div>\n\t<\/div>\n<\/div><\/div><\/div><\/div><div class=\"vc_row wpb_row vc_inner vc_row-fluid\"><div class=\"vc_ col-sm-12\"><div class=\"vc_column-inner\"><div class=\"wpb_wrapper\">\n\t<div class=\"wpb_text_column wpb_content_element\" >\n\t\t<div class=\"wpb_wrapper\">\n\t\t\t<p>A trav\u00e9s de estas actividades se pretende beneficiar y contribuir al bienestar social e igualdad mediante apoyos econ\u00f3micos para la permanencia y terminaci\u00f3n acad\u00e9mica de las estudiantes de la Fundaci\u00f3n Universitaria Uninavarra.<\/p>\n\n\t\t<\/div>\n\t<\/div>\n<\/div><\/div><\/div><\/div><div class=\"vc_row wpb_row vc_inner vc_row-fluid\"><div class=\"vc_ col-sm-12\"><div class=\"vc_column-inner\"><div class=\"wpb_wrapper\">\n\t<div class=\"wpb_text_column wpb_content_element\" >\n\t\t<div class=\"wpb_wrapper\">\n\t\t\t\n\n\t\t<\/div>\n\t<\/div>\n<\/div><\/div><\/div><\/div><div class=\"vc_row wpb_row vc_inner vc_row-fluid\"><div class=\"vc_ col-sm-12\"><div class=\"vc_column-inner\"><div class=\"wpb_wrapper\"><div class=\"vc_btn3-container vc_btn3-inline vc_do_btn\" ><a class=\"vc_general vc_btn3 vc_btn3-size-md vc_btn3-shape-rounded vc_btn3-style-modern vc_btn3-color-navarra\" href=\"https:\/\/uninavarra.edu.co\/wp-content\/uploads\/2026\/01\/LISTADO-SELECCIONADOS-2026-1-reinaldo-matiz.pdf\" title=\"\">LISTADO DE ESTUDIANTES SELECCIONADOS CONVOCATORIA APOYOS ECON\u00d3MICOS EXTERNOS PER\u00cdODO ACAD\u00c9MICO 2026-1<\/a><\/div><\/div><\/div><\/div><\/div><\/div><\/div><div class=\"vc_tta-panel\" id=\"1712090434171-761a1a57-f1ca\" data-vc-content=\".vc_tta-panel-body\"><div class=\"vc_tta-panel-heading\"><h4 class=\"vc_tta-panel-title\"><a href=\"#1712090434171-761a1a57-f1ca\" data-vc-accordion data-vc-container=\".vc_tta-container\"><span class=\"vc_tta-title-text\">Programa La Cuchara UNINAVARRA<\/span><\/a><\/h4><\/div><div class=\"vc_tta-panel-body\"><div class=\"vc_row wpb_row vc_inner vc_row-fluid\"><div class=\"vc_ col-sm-12\"><div class=\"vc_column-inner\"><div class=\"wpb_wrapper\">\n\t<div class=\"wpb_text_column wpb_content_element\" >\n\t\t<div class=\"wpb_wrapper\">\n\t\t\t<h3 class=\"divisor\" style=\"text-align: center;\"><span style=\"font-family: helvetica, arial, sans-serif; color: #e72e34;\">Programa La Cuchara UNINAVARRA<\/span><\/h3>\n\n\t\t<\/div>\n\t<\/div>\n<\/div><\/div><\/div><\/div><div class=\"vc_row wpb_row vc_inner vc_row-fluid\"><div class=\"vc_ col-sm-12\"><div class=\"vc_column-inner\"><div class=\"wpb_wrapper\"><div class=\"vc_btn3-container vc_btn3-center vc_do_btn\" ><a class=\"vc_general vc_btn3 vc_btn3-size-md vc_btn3-shape-rounded vc_btn3-style-modern vc_btn3-color-navarra\" href=\"https:\/\/uninavarra.edu.co\/wp-content\/uploads\/2024\/10\/BU-FO-23-FORMULARIO-VISITA-DOMICILIARIA-PROGRAMA-LA-CUCHARA-UNINAVARRA.xlsx\" title=\"\">Formulario visita domiciliaria<\/a><\/div><\/div><\/div><\/div><\/div><div class=\"vc_row wpb_row vc_inner vc_row-fluid\"><div class=\"vc_ col-sm-12\"><div class=\"vc_column-inner\"><div class=\"wpb_wrapper\">\n\t<div class=\"wpb_text_column wpb_content_element\" >\n\t\t<div class=\"wpb_wrapper\">\n\t\t\t<p>Este programa brinda apoyo a los estudiantes en condici\u00f3n de vulnerabilidad socioecon\u00f3mica, mediante apoyo en especie, que consiste en un subsidio o apoyo alimentario, con el objetivo de contribuir a la mejora continua de la calidad de vida de los estudiantes, as\u00ed como a su desempe\u00f1o acad\u00e9mico y formativo, favoreciendo procesos de permanencia estudiantil en el \u00e1mbito alimentario.<\/p>\n\n\t\t<\/div>\n\t<\/div>\n<\/div><\/div><\/div><\/div><div class=\"vc_row wpb_row vc_inner vc_row-fluid\"><div class=\"vc_ col-sm-12\"><div class=\"vc_column-inner\"><div class=\"wpb_wrapper\">\n\t<div class=\"wpb_text_column wpb_content_element\" >\n\t\t<div class=\"wpb_wrapper\">\n\t\t\t<h3 class=\"divisor\" style=\"text-align: center;\"><span style=\"font-family: helvetica, arial, sans-serif; color: #e72e34;\">Convocatoria Programa La Cuchara UNINAVARRA 2026-2<\/span><\/h3>\n\n\t\t<\/div>\n\t<\/div>\n<\/div><\/div><\/div><\/div><div class=\"vc_row wpb_row vc_inner vc_row-fluid\"><div class=\"vc_ col-sm-12\"><div class=\"vc_column-inner\"><div class=\"wpb_wrapper\"><div class=\"vc_btn3-container vc_btn3-center vc_do_btn\" ><a class=\"vc_general vc_btn3 vc_btn3-size-md vc_btn3-shape-rounded vc_btn3-style-modern vc_btn3-color-navarra\" href=\"https:\/\/uninavarra.edu.co\/wp-content\/uploads\/2026\/04\/CONVOCATORIA-2026-2.pdf\" title=\"\">M\u00e1s informaci\u00f3n<\/a><\/div><\/div><\/div><\/div><\/div><div class=\"vc_row wpb_row vc_inner vc_row-fluid\"><div class=\"vc_ col-sm-12\"><div class=\"vc_column-inner\"><div class=\"wpb_wrapper\">\n\t<div class=\"wpb_text_column wpb_content_element\" >\n\t\t<div class=\"wpb_wrapper\">\n\t\t\t<h3 class=\"divisor\" style=\"text-align: center;\"><span style=\"font-family: helvetica, arial, sans-serif; color: #e72e34;\">Listado de estudiantes seleccionados al programa de la cuchara UNINAVARRA 2026-1<\/span><\/h3>\n\n\t\t<\/div>\n\t<\/div>\n<\/div><\/div><\/div><\/div><div class=\"vc_row wpb_row vc_inner vc_row-fluid\"><div class=\"vc_ col-sm-12\"><div class=\"vc_column-inner\"><div class=\"wpb_wrapper\"><div class=\"vc_btn3-container vc_btn3-center vc_do_btn\" ><a class=\"vc_general vc_btn3 vc_btn3-size-md vc_btn3-shape-rounded vc_btn3-style-modern vc_btn3-color-navarra\" href=\"https:\/\/uninavarra.edu.co\/wp-content\/uploads\/2026\/01\/LISTADO-DE-ESTUDIANTES-PROGRAMA-LA-CUCHARA-UNINAVARRA-2026-1.pdf\" title=\"\">M\u00e1s informaci\u00f3n<\/a><\/div><\/div><\/div><\/div><\/div><div class=\"vc_row wpb_row vc_inner vc_row-fluid\"><div class=\"vc_ col-sm-12\"><div class=\"vc_column-inner\"><div class=\"wpb_wrapper\">\n\t<div class=\"wpb_text_column wpb_content_element\" >\n\t\t<div class=\"wpb_wrapper\">\n\t\t\t<h3 class=\"divisor\" style=\"text-align: center;\"><span style=\"font-family: helvetica, arial, sans-serif; color: #e72e34;\">Convocatoria Programa La Cuchara UNINAVARRA 2026-1<\/span><\/h3>\n\n\t\t<\/div>\n\t<\/div>\n<\/div><\/div><\/div><\/div><div class=\"vc_row wpb_row vc_inner vc_row-fluid\"><div class=\"vc_ col-sm-12\"><div class=\"vc_column-inner\"><div class=\"wpb_wrapper\"><div class=\"vc_btn3-container vc_btn3-center vc_do_btn\" ><a class=\"vc_general vc_btn3 vc_btn3-size-md vc_btn3-shape-rounded vc_btn3-style-modern vc_btn3-color-navarra\" href=\"https:\/\/uninavarra.edu.co\/wp-content\/uploads\/2025\/10\/CONVOCATORIA-2026-1.pdf\" title=\"\">M\u00e1s informaci\u00f3n<\/a><\/div><\/div><\/div><\/div><\/div><div class=\"vc_row wpb_row vc_inner vc_row-fluid\"><div class=\"vc_ col-sm-12\"><div class=\"vc_column-inner\"><div class=\"wpb_wrapper\">\n\t<div class=\"wpb_video_widget wpb_content_element vc_clearfix   vc_video-aspect-ratio-169 vc_video-el-width-100 vc_video-align-left\" >\n\t\t<div class=\"wpb_wrapper\">\n\t\t\t\n\t\t\t<div class=\"wpb_video_wrapper\"><iframe title=\"LA CUCHARA UNINAVARRA 2026-1\" width=\"174\" height=\"309\" src=\"https:\/\/www.youtube.com\/embed\/CyD6-uJhBpU?feature=oembed\" frameborder=\"0\" allow=\"accelerometer; autoplay; clipboard-write; encrypted-media; gyroscope; picture-in-picture; web-share\" referrerpolicy=\"strict-origin-when-cross-origin\" allowfullscreen><\/iframe><\/div>\n\t\t<\/div>\n\t<\/div>\n<\/div><\/div><\/div><\/div><\/div><\/div><div class=\"vc_tta-panel\" id=\"1712262465042-6799599d-5c57\" data-vc-content=\".vc_tta-panel-body\"><div class=\"vc_tta-panel-heading\"><h4 class=\"vc_tta-panel-title\"><a href=\"#1712262465042-6799599d-5c57\" data-vc-accordion data-vc-container=\".vc_tta-container\"><span class=\"vc_tta-title-text\">Feria del Cr\u00e9dito Educativo<\/span><\/a><\/h4><\/div><div class=\"vc_tta-panel-body\"><div class=\"vc_row wpb_row vc_inner vc_row-fluid\"><div class=\"vc_ col-sm-12\"><div class=\"vc_column-inner\"><div class=\"wpb_wrapper\">\n\t<div class=\"wpb_text_column wpb_content_element\" >\n\t\t<div class=\"wpb_wrapper\">\n\t\t\t<h3 class=\"divisor\" style=\"text-align: center;\"><span style=\"font-family: helvetica, arial, sans-serif; color: #e72e34;\">Feria del Cr\u00e9dito Educativo<\/span><\/h3>\n\n\t\t<\/div>\n\t<\/div>\n<\/div><\/div><\/div><\/div><div class=\"vc_row wpb_row vc_inner vc_row-fluid\"><div class=\"vc_ col-sm-12\"><div class=\"vc_column-inner\"><div class=\"wpb_wrapper\">\n\t<div class=\"wpb_text_column wpb_content_element\" >\n\t\t<div class=\"wpb_wrapper\">\n\t\t\t<p>Dentro de estas actividades se encuentra la Feria del Cr\u00e9dito Educativo UNINAVARRA, evento donde la comunidad navarrista, estudiantes, colaboradores, docentes y egresados conocen informaci\u00f3n importante sobre las diferentes entidades financieras con las que se puede acceder a cr\u00e9ditos educativos, tanto para pregrados como posgrados.<\/p>\n\n\t\t<\/div>\n\t<\/div>\n<\/div><\/div><\/div><\/div><div class=\"vc_row wpb_row vc_inner vc_row-fluid\"><div class=\"vc_ col-sm-3\"><div class=\"vc_column-inner\"><div class=\"wpb_wrapper\"><\/div><\/div><\/div><div class=\"vc_ col-sm-6\"><div class=\"vc_column-inner\"><div class=\"wpb_wrapper\"><div class=\"wpb_single_image wpb_content_element vc_align_center\">\n\t\t<div class=\"wpb_wrapper\">\n\t\t\t\n\t\t\t<a href=\"https:\/\/uninavarra.edu.co\/wp-content\/uploads\/2025\/10\/Feria-de-Credito-educativo-1-scaled.jpg\" target=\"_self\"><img decoding=\"async\" width=\"1440\" height=\"2560\" src=\"https:\/\/uninavarra.edu.co\/wp-content\/uploads\/2025\/10\/Feria-de-Credito-educativo-1-scaled.jpg\" class=\" vc_box_border_grey attachment-full\" alt=\"_Feria-de-Cre\u0301dito-educativo\" title=\"_Feria-de-Cre\u0301dito-educativo (1)\" srcset=\"https:\/\/uninavarra.edu.co\/wp-content\/uploads\/2025\/10\/Feria-de-Credito-educativo-1-scaled.jpg 1440w, https:\/\/uninavarra.edu.co\/wp-content\/uploads\/2025\/10\/Feria-de-Credito-educativo-1-169x300.jpg 169w, https:\/\/uninavarra.edu.co\/wp-content\/uploads\/2025\/10\/Feria-de-Credito-educativo-1-576x1024.jpg 576w, https:\/\/uninavarra.edu.co\/wp-content\/uploads\/2025\/10\/Feria-de-Credito-educativo-1-84x150.jpg 84w, https:\/\/uninavarra.edu.co\/wp-content\/uploads\/2025\/10\/Feria-de-Credito-educativo-1-768x1366.jpg 768w, https:\/\/uninavarra.edu.co\/wp-content\/uploads\/2025\/10\/Feria-de-Credito-educativo-1-864x1536.jpg 864w, https:\/\/uninavarra.edu.co\/wp-content\/uploads\/2025\/10\/Feria-de-Credito-educativo-1-1152x2048.jpg 1152w, https:\/\/uninavarra.edu.co\/wp-content\/uploads\/2025\/10\/Feria-de-Credito-educativo-1-7x12.jpg 7w\" sizes=\"(max-width: 1440px) 100vw, 1440px\" \/><\/a>\n\t\t<\/div> \n\t<\/div><\/div><\/div><\/div><div class=\"vc_ col-sm-3\"><div class=\"vc_column-inner\"><div class=\"wpb_wrapper\"><\/div><\/div><\/div><\/div><div class=\"vc_row wpb_row vc_inner vc_row-fluid\"><div class=\"vc_ col-sm-12\"><div class=\"vc_column-inner\"><div class=\"wpb_wrapper\">\n\t<div class=\"wpb_text_column wpb_content_element\" >\n\t\t<div class=\"wpb_wrapper\">\n\t\t\t\n\n\t\t<\/div>\n\t<\/div>\n<div class=\"vc_empty_space\"   style=\"height: 32px\"><span class=\"vc_empty_space_inner\"><\/span><\/div><\/div><\/div><\/div><\/div><\/div><\/div><div class=\"vc_tta-panel\" id=\"1712262480339-3aeffe0a-3d77\" data-vc-content=\".vc_tta-panel-body\"><div class=\"vc_tta-panel-heading\"><h4 class=\"vc_tta-panel-title\"><a href=\"#1712262480339-3aeffe0a-3d77\" data-vc-accordion data-vc-container=\".vc_tta-container\"><span class=\"vc_tta-title-text\">Convenios comerciales<\/span><\/a><\/h4><\/div><div class=\"vc_tta-panel-body\"><div class=\"vc_row wpb_row vc_inner vc_row-fluid\"><div class=\"vc_ col-sm-12\"><div class=\"vc_column-inner\"><div class=\"wpb_wrapper\">\n\t<div class=\"wpb_text_column wpb_content_element\" >\n\t\t<div class=\"wpb_wrapper\">\n\t\t\t<h3 class=\"divisor\" style=\"text-align: center;\"><span style=\"font-family: helvetica, arial, sans-serif; color: #e72e34;\">Convenios comerciales<\/span><\/h3>\n\n\t\t<\/div>\n\t<\/div>\n<\/div><\/div><\/div><\/div><div class=\"vc_row wpb_row vc_inner vc_row-fluid\"><div class=\"vc_ col-sm-6\"><div class=\"vc_column-inner\"><div class=\"wpb_wrapper\"><div class=\"vc_btn3-container vc_btn3-center vc_do_btn\" ><a class=\"vc_general vc_btn3 vc_btn3-size-md vc_btn3-shape-rounded vc_btn3-style-modern vc_btn3-block vc_btn3-color-navarra\" href=\"#popmake-88633\" title=\"\">Estudiantes<\/a><\/div><\/div><\/div><\/div><div class=\"vc_ col-sm-6\"><div class=\"vc_column-inner\"><div class=\"wpb_wrapper\"><div class=\"vc_btn3-container vc_btn3-center vc_do_btn\" ><a class=\"vc_general vc_btn3 vc_btn3-size-md vc_btn3-shape-rounded vc_btn3-style-modern vc_btn3-block vc_btn3-color-navarra\" href=\"#popmake-88634\" title=\"\">Graduados<\/a><\/div><\/div><\/div><\/div><\/div><div class=\"vc_row wpb_row vc_inner vc_row-fluid\"><div class=\"vc_ col-sm-6\"><div class=\"vc_column-inner\"><div class=\"wpb_wrapper\"><div class=\"vc_btn3-container vc_btn3-center vc_do_btn\" ><a class=\"vc_general vc_btn3 vc_btn3-size-md vc_btn3-shape-rounded vc_btn3-style-modern vc_btn3-block vc_btn3-color-navarra\" href=\"#popmake-88635\" title=\"\">Profesores<\/a><\/div><\/div><\/div><\/div><div class=\"vc_ col-sm-6\"><div class=\"vc_column-inner\"><div class=\"wpb_wrapper\"><div class=\"vc_btn3-container vc_btn3-center vc_do_btn\" ><a class=\"vc_general vc_btn3 vc_btn3-size-md vc_btn3-shape-rounded vc_btn3-style-modern vc_btn3-block vc_btn3-color-navarra\" href=\"#popmake-88636\" title=\"\">Profesores de Pr\u00e1cticas Cl\u00ednicas<\/a><\/div><\/div><\/div><\/div><\/div><div class=\"vc_row wpb_row vc_inner vc_row-fluid\"><div class=\"vc_ col-sm-2\"><div class=\"vc_column-inner\"><div class=\"wpb_wrapper\"><\/div><\/div><\/div><div class=\"vc_ col-sm-8\"><div class=\"vc_column-inner\"><div class=\"wpb_wrapper\"><div class=\"vc_btn3-container vc_btn3-center vc_do_btn\" ><a class=\"vc_general vc_btn3 vc_btn3-size-md vc_btn3-shape-rounded vc_btn3-style-modern vc_btn3-block vc_btn3-color-navarra\" href=\"#popmake-88637\" title=\"\">Colaboradores<\/a><\/div><\/div><\/div><\/div><div class=\"vc_ col-sm-2\"><div class=\"vc_column-inner\"><div class=\"wpb_wrapper\"><\/div><\/div><\/div><\/div><\/div><\/div><\/div><\/div><\/div><\/div>\n\t\t<\/div> \n\t<\/div><\/div><\/div><\/div>\n<\/div>","protected":false},"excerpt":{"rendered":"menu clear Inicio Madrinas y Padrinos Nivelaci\u00f3n Acad\u00e9mica Asesor\u00edas Acad\u00e9micas Monitorias Fortalecimiento Acad\u00e9mico Promoci\u00f3n Socioecon\u00f3mica Fortalecimiento de Programas de Apoyo Econ\u00f3mico Home \/Promoci\u00f3n Socioecon\u00f3mica El \u00e1rea de Promoci\u00f3n Socioecon\u00f3mica hace [...]","protected":false},"author":13,"featured_media":71302,"parent":5480,"menu_order":0,"comment_status":"closed","ping_status":"closed","template":"","meta":{"footnotes":""},"categories":[],"tags":[],"class_list":["post-73893","page","type-page","status-publish","has-post-thumbnail","hentry"],"yoast_head":"<!-- This site is optimized with the Yoast SEO plugin v27.4 - https:\/\/yoast.com\/product\/yoast-seo-wordpress\/ -->\n<title>Promoci\u00f3n Socioecon\u00f3mica - Uninavarra<\/title>\n<meta name=\"robots\" content=\"index, follow, max-snippet:-1, max-image-preview:large, max-video-preview:-1\" \/>\n<link rel=\"canonical\" href=\"https:\/\/uninavarra.edu.co\/en\/bienestar-universitario\/desarrollo-humano\/plan-padrino\/fortalecimiento-de-programas-de-apoyo-economico\/\" \/>\n<meta property=\"og:locale\" content=\"en_US\" \/>\n<meta property=\"og:type\" content=\"article\" \/>\n<meta property=\"og:title\" content=\"Promoci\u00f3n Socioecon\u00f3mica - Uninavarra\" \/>\n<meta property=\"og:url\" content=\"https:\/\/uninavarra.edu.co\/en\/bienestar-universitario\/desarrollo-humano\/plan-padrino\/fortalecimiento-de-programas-de-apoyo-economico\/\" \/>\n<meta property=\"og:site_name\" content=\"Uninavarra\" \/>\n<meta property=\"article:publisher\" content=\"https:\/\/www.facebook.com\/UninavarraEduca\" \/>\n<meta property=\"article:modified_time\" content=\"2026-04-22T15:08:05+00:00\" \/>\n<meta property=\"og:image\" content=\"https:\/\/uninavarra.edu.co\/wp-content\/uploads\/2024\/03\/SEGUNDA-CONVOCATORIA-LA-CUCHARA-UNINAVARRA-2024-1-2-scaled.jpg\" \/>\n\t<meta property=\"og:image:width\" content=\"1441\" \/>\n\t<meta property=\"og:image:height\" content=\"2560\" \/>\n\t<meta property=\"og:image:type\" content=\"image\/jpeg\" \/>\n<meta name=\"twitter:card\" content=\"summary_large_image\" \/>\n<meta name=\"twitter:site\" content=\"@uninavarraeduca\" \/>\n<meta name=\"twitter:label1\" content=\"Est. reading time\" \/>\n\t<meta name=\"twitter:data1\" content=\"5 minutes\" \/>\n<script type=\"application\/ld+json\" class=\"yoast-schema-graph\">{\"@context\":\"https:\\\/\\\/schema.org\",\"@graph\":[{\"@type\":\"WebPage\",\"@id\":\"https:\\\/\\\/uninavarra.edu.co\\\/bienestar-universitario\\\/desarrollo-humano\\\/plan-padrino\\\/fortalecimiento-de-programas-de-apoyo-economico\\\/\",\"url\":\"https:\\\/\\\/uninavarra.edu.co\\\/bienestar-universitario\\\/desarrollo-humano\\\/plan-padrino\\\/fortalecimiento-de-programas-de-apoyo-economico\\\/\",\"name\":\"Promoci\u00f3n Socioecon\u00f3mica - Uninavarra\",\"isPartOf\":{\"@id\":\"https:\\\/\\\/uninavarra.edu.co\\\/#website\"},\"primaryImageOfPage\":{\"@id\":\"https:\\\/\\\/uninavarra.edu.co\\\/bienestar-universitario\\\/desarrollo-humano\\\/plan-padrino\\\/fortalecimiento-de-programas-de-apoyo-economico\\\/#primaryimage\"},\"image\":{\"@id\":\"https:\\\/\\\/uninavarra.edu.co\\\/bienestar-universitario\\\/desarrollo-humano\\\/plan-padrino\\\/fortalecimiento-de-programas-de-apoyo-economico\\\/#primaryimage\"},\"thumbnailUrl\":\"https:\\\/\\\/uninavarra.edu.co\\\/wp-content\\\/uploads\\\/2024\\\/03\\\/SEGUNDA-CONVOCATORIA-LA-CUCHARA-UNINAVARRA-2024-1-2-scaled.jpg\",\"datePublished\":\"2024-04-04T20:28:45+00:00\",\"dateModified\":\"2026-04-22T15:08:05+00:00\",\"breadcrumb\":{\"@id\":\"https:\\\/\\\/uninavarra.edu.co\\\/bienestar-universitario\\\/desarrollo-humano\\\/plan-padrino\\\/fortalecimiento-de-programas-de-apoyo-economico\\\/#breadcrumb\"},\"inLanguage\":\"en-US\",\"potentialAction\":[{\"@type\":\"ReadAction\",\"target\":[\"https:\\\/\\\/uninavarra.edu.co\\\/bienestar-universitario\\\/desarrollo-humano\\\/plan-padrino\\\/fortalecimiento-de-programas-de-apoyo-economico\\\/\"]}]},{\"@type\":\"ImageObject\",\"inLanguage\":\"en-US\",\"@id\":\"https:\\\/\\\/uninavarra.edu.co\\\/bienestar-universitario\\\/desarrollo-humano\\\/plan-padrino\\\/fortalecimiento-de-programas-de-apoyo-economico\\\/#primaryimage\",\"url\":\"https:\\\/\\\/uninavarra.edu.co\\\/wp-content\\\/uploads\\\/2024\\\/03\\\/SEGUNDA-CONVOCATORIA-LA-CUCHARA-UNINAVARRA-2024-1-2-scaled.jpg\",\"contentUrl\":\"https:\\\/\\\/uninavarra.edu.co\\\/wp-content\\\/uploads\\\/2024\\\/03\\\/SEGUNDA-CONVOCATORIA-LA-CUCHARA-UNINAVARRA-2024-1-2-scaled.jpg\",\"width\":1441,\"height\":2560},{\"@type\":\"BreadcrumbList\",\"@id\":\"https:\\\/\\\/uninavarra.edu.co\\\/bienestar-universitario\\\/desarrollo-humano\\\/plan-padrino\\\/fortalecimiento-de-programas-de-apoyo-economico\\\/#breadcrumb\",\"itemListElement\":[{\"@type\":\"ListItem\",\"position\":1,\"name\":\"Home\",\"item\":\"https:\\\/\\\/uninavarra.edu.co\\\/\"},{\"@type\":\"ListItem\",\"position\":2,\"name\":\"Bienestar Universitario\",\"item\":\"https:\\\/\\\/uninavarra.edu.co\\\/bienestar-universitario\\\/\"},{\"@type\":\"ListItem\",\"position\":3,\"name\":\"Desarrollo Humano\",\"item\":\"https:\\\/\\\/uninavarra.edu.co\\\/bienestar-universitario\\\/desarrollo-humano\\\/\"},{\"@type\":\"ListItem\",\"position\":4,\"name\":\"Plan Padrino\",\"item\":\"https:\\\/\\\/uninavarra.edu.co\\\/bienestar-universitario\\\/desarrollo-humano\\\/plan-padrino\\\/\"},{\"@type\":\"ListItem\",\"position\":5,\"name\":\"Promoci\u00f3n Socioecon\u00f3mica\"}]},{\"@type\":\"WebSite\",\"@id\":\"https:\\\/\\\/uninavarra.edu.co\\\/#website\",\"url\":\"https:\\\/\\\/uninavarra.edu.co\\\/\",\"name\":\"UNINAVARRA\",\"description\":\"Haz realidad tu deseo de aprender\",\"publisher\":{\"@id\":\"https:\\\/\\\/uninavarra.edu.co\\\/#organization\"},\"potentialAction\":[{\"@type\":\"SearchAction\",\"target\":{\"@type\":\"EntryPoint\",\"urlTemplate\":\"https:\\\/\\\/uninavarra.edu.co\\\/?s={search_term_string}\"},\"query-input\":{\"@type\":\"PropertyValueSpecification\",\"valueRequired\":true,\"valueName\":\"search_term_string\"}}],\"inLanguage\":\"en-US\"},{\"@type\":\"Organization\",\"@id\":\"https:\\\/\\\/uninavarra.edu.co\\\/#organization\",\"name\":\"Fundaci\u00f3n Universitaria Navarra - UNINAVARRA\",\"url\":\"https:\\\/\\\/uninavarra.edu.co\\\/\",\"logo\":{\"@type\":\"ImageObject\",\"inLanguage\":\"en-US\",\"@id\":\"https:\\\/\\\/uninavarra.edu.co\\\/#\\\/schema\\\/logo\\\/image\\\/\",\"url\":\"https:\\\/\\\/uninavarra.edu.co\\\/wp-content\\\/uploads\\\/2024\\\/06\\\/Escudo-uninavarra-Solo.png\",\"contentUrl\":\"https:\\\/\\\/uninavarra.edu.co\\\/wp-content\\\/uploads\\\/2024\\\/06\\\/Escudo-uninavarra-Solo.png\",\"width\":1500,\"height\":1401,\"caption\":\"Fundaci\u00f3n Universitaria Navarra - UNINAVARRA\"},\"image\":{\"@id\":\"https:\\\/\\\/uninavarra.edu.co\\\/#\\\/schema\\\/logo\\\/image\\\/\"},\"sameAs\":[\"https:\\\/\\\/www.facebook.com\\\/UninavarraEduca\",\"https:\\\/\\\/x.com\\\/uninavarraeduca\",\"https:\\\/\\\/www.instagram.com\\\/uninavarra\\\/?hl=es\",\"https:\\\/\\\/www.linkedin.com\\\/in\\\/fundacin-universitaria-navarra-uninavarra-b41225222\\\/\"]}]}<\/script>\n<!-- \/ Yoast SEO plugin. -->","yoast_head_json":{"title":"Promoci\u00f3n Socioecon\u00f3mica - Uninavarra","robots":{"index":"index","follow":"follow","max-snippet":"max-snippet:-1","max-image-preview":"max-image-preview:large","max-video-preview":"max-video-preview:-1"},"canonical":"https:\/\/uninavarra.edu.co\/en\/bienestar-universitario\/desarrollo-humano\/plan-padrino\/fortalecimiento-de-programas-de-apoyo-economico\/","og_locale":"en_US","og_type":"article","og_title":"Promoci\u00f3n Socioecon\u00f3mica - Uninavarra","og_url":"https:\/\/uninavarra.edu.co\/en\/bienestar-universitario\/desarrollo-humano\/plan-padrino\/fortalecimiento-de-programas-de-apoyo-economico\/","og_site_name":"Uninavarra","article_publisher":"https:\/\/www.facebook.com\/UninavarraEduca","article_modified_time":"2026-04-22T15:08:05+00:00","og_image":[{"width":1441,"height":2560,"url":"https:\/\/uninavarra.edu.co\/wp-content\/uploads\/2024\/03\/SEGUNDA-CONVOCATORIA-LA-CUCHARA-UNINAVARRA-2024-1-2-scaled.jpg","type":"image\/jpeg"}],"twitter_card":"summary_large_image","twitter_site":"@uninavarraeduca","twitter_misc":{"Est. reading time":"5 minutes"},"schema":{"@context":"https:\/\/schema.org","@graph":[{"@type":"WebPage","@id":"https:\/\/uninavarra.edu.co\/bienestar-universitario\/desarrollo-humano\/plan-padrino\/fortalecimiento-de-programas-de-apoyo-economico\/","url":"https:\/\/uninavarra.edu.co\/bienestar-universitario\/desarrollo-humano\/plan-padrino\/fortalecimiento-de-programas-de-apoyo-economico\/","name":"Promoci\u00f3n Socioecon\u00f3mica - Uninavarra","isPartOf":{"@id":"https:\/\/uninavarra.edu.co\/#website"},"primaryImageOfPage":{"@id":"https:\/\/uninavarra.edu.co\/bienestar-universitario\/desarrollo-humano\/plan-padrino\/fortalecimiento-de-programas-de-apoyo-economico\/#primaryimage"},"image":{"@id":"https:\/\/uninavarra.edu.co\/bienestar-universitario\/desarrollo-humano\/plan-padrino\/fortalecimiento-de-programas-de-apoyo-economico\/#primaryimage"},"thumbnailUrl":"https:\/\/uninavarra.edu.co\/wp-content\/uploads\/2024\/03\/SEGUNDA-CONVOCATORIA-LA-CUCHARA-UNINAVARRA-2024-1-2-scaled.jpg","datePublished":"2024-04-04T20:28:45+00:00","dateModified":"2026-04-22T15:08:05+00:00","breadcrumb":{"@id":"https:\/\/uninavarra.edu.co\/bienestar-universitario\/desarrollo-humano\/plan-padrino\/fortalecimiento-de-programas-de-apoyo-economico\/#breadcrumb"},"inLanguage":"en-US","potentialAction":[{"@type":"ReadAction","target":["https:\/\/uninavarra.edu.co\/bienestar-universitario\/desarrollo-humano\/plan-padrino\/fortalecimiento-de-programas-de-apoyo-economico\/"]}]},{"@type":"ImageObject","inLanguage":"en-US","@id":"https:\/\/uninavarra.edu.co\/bienestar-universitario\/desarrollo-humano\/plan-padrino\/fortalecimiento-de-programas-de-apoyo-economico\/#primaryimage","url":"https:\/\/uninavarra.edu.co\/wp-content\/uploads\/2024\/03\/SEGUNDA-CONVOCATORIA-LA-CUCHARA-UNINAVARRA-2024-1-2-scaled.jpg","contentUrl":"https:\/\/uninavarra.edu.co\/wp-content\/uploads\/2024\/03\/SEGUNDA-CONVOCATORIA-LA-CUCHARA-UNINAVARRA-2024-1-2-scaled.jpg","width":1441,"height":2560},{"@type":"BreadcrumbList","@id":"https:\/\/uninavarra.edu.co\/bienestar-universitario\/desarrollo-humano\/plan-padrino\/fortalecimiento-de-programas-de-apoyo-economico\/#breadcrumb","itemListElement":[{"@type":"ListItem","position":1,"name":"Home","item":"https:\/\/uninavarra.edu.co\/"},{"@type":"ListItem","position":2,"name":"Bienestar Universitario","item":"https:\/\/uninavarra.edu.co\/bienestar-universitario\/"},{"@type":"ListItem","position":3,"name":"Desarrollo Humano","item":"https:\/\/uninavarra.edu.co\/bienestar-universitario\/desarrollo-humano\/"},{"@type":"ListItem","position":4,"name":"Plan Padrino","item":"https:\/\/uninavarra.edu.co\/bienestar-universitario\/desarrollo-humano\/plan-padrino\/"},{"@type":"ListItem","position":5,"name":"Promoci\u00f3n Socioecon\u00f3mica"}]},{"@type":"WebSite","@id":"https:\/\/uninavarra.edu.co\/#website","url":"https:\/\/uninavarra.edu.co\/","name":"UNINAVARRA","description":"Make your desire to learn a reality","publisher":{"@id":"https:\/\/uninavarra.edu.co\/#organization"},"potentialAction":[{"@type":"SearchAction","target":{"@type":"EntryPoint","urlTemplate":"https:\/\/uninavarra.edu.co\/?s={search_term_string}"},"query-input":{"@type":"PropertyValueSpecification","valueRequired":true,"valueName":"search_term_string"}}],"inLanguage":"en-US"},{"@type":"Organization","@id":"https:\/\/uninavarra.edu.co\/#organization","name":"Navarre University Foundation - UNINAVARRA","url":"https:\/\/uninavarra.edu.co\/","logo":{"@type":"ImageObject","inLanguage":"en-US","@id":"https:\/\/uninavarra.edu.co\/#\/schema\/logo\/image\/","url":"https:\/\/uninavarra.edu.co\/wp-content\/uploads\/2024\/06\/Escudo-uninavarra-Solo.png","contentUrl":"https:\/\/uninavarra.edu.co\/wp-content\/uploads\/2024\/06\/Escudo-uninavarra-Solo.png","width":1500,"height":1401,"caption":"Fundaci\u00f3n Universitaria Navarra - UNINAVARRA"},"image":{"@id":"https:\/\/uninavarra.edu.co\/#\/schema\/logo\/image\/"},"sameAs":["https:\/\/www.facebook.com\/UninavarraEduca","https:\/\/x.com\/uninavarraeduca","https:\/\/www.instagram.com\/uninavarra\/?hl=es","https:\/\/www.linkedin.com\/in\/fundacin-universitaria-navarra-uninavarra-b41225222\/"]}]}},"_links":{"self":[{"href":"https:\/\/uninavarra.edu.co\/en\/wp-json\/wp\/v2\/pages\/73893","targetHints":{"allow":["GET"]}}],"collection":[{"href":"https:\/\/uninavarra.edu.co\/en\/wp-json\/wp\/v2\/pages"}],"about":[{"href":"https:\/\/uninavarra.edu.co\/en\/wp-json\/wp\/v2\/types\/page"}],"author":[{"embeddable":true,"href":"https:\/\/uninavarra.edu.co\/en\/wp-json\/wp\/v2\/users\/13"}],"replies":[{"embeddable":true,"href":"https:\/\/uninavarra.edu.co\/en\/wp-json\/wp\/v2\/comments?post=73893"}],"version-history":[{"count":3,"href":"https:\/\/uninavarra.edu.co\/en\/wp-json\/wp\/v2\/pages\/73893\/revisions"}],"predecessor-version":[{"id":99062,"href":"https:\/\/uninavarra.edu.co\/en\/wp-json\/wp\/v2\/pages\/73893\/revisions\/99062"}],"up":[{"embeddable":true,"href":"https:\/\/uninavarra.edu.co\/en\/wp-json\/wp\/v2\/pages\/5480"}],"wp:featuredmedia":[{"embeddable":true,"href":"https:\/\/uninavarra.edu.co\/en\/wp-json\/wp\/v2\/media\/71302"}],"wp:attachment":[{"href":"https:\/\/uninavarra.edu.co\/en\/wp-json\/wp\/v2\/media?parent=73893"}],"wp:term":[{"taxonomy":"category","embeddable":true,"href":"https:\/\/uninavarra.edu.co\/en\/wp-json\/wp\/v2\/categories?post=73893"},{"taxonomy":"post_tag","embeddable":true,"href":"https:\/\/uninavarra.edu.co\/en\/wp-json\/wp\/v2\/tags?post=73893"}],"curies":[{"name":"wp","href":"https:\/\/api.w.org\/{rel}","templated":true}]}}