{"id":73761,"date":"2024-04-02T15:17:53","date_gmt":"2024-04-02T20:17:53","guid":{"rendered":"https:\/\/uninavarra.edu.co\/?page_id=73761"},"modified":"2026-04-21T11:09:45","modified_gmt":"2026-04-21T16:09:45","slug":"salud-mental","status":"publish","type":"page","link":"https:\/\/uninavarra.edu.co\/en\/bienestar-universitario\/promocion-y-prevencion-en-salud-fisica-y-mental\/salud-mental\/","title":{"rendered":"Mental Health"},"content":{"rendered":"<div class=\"wpb-content-wrapper\"><div class=\"wpb-container \"><div class=\"container\"><div class=\"vc_row wpb_row vc_row-fluid row \"><div class=\"col-sm-12  vc_\">\n\t\t<div class=\"wpb_wrapper \">\n\t\t\t\n\t<div class=\"wpb_text_column wpb_content_element\" >\n\t\t<div class=\"wpb_wrapper\">\n\t\t\t\n\t\t\t<!-- START salud mental REVOLUTION SLIDER 6.7.21 --><p class=\"rs-p-wp-fix\"><\/p>\n\t\t\t<rs-module-wrap id=\"rev_slider_52_1_wrapper\" data-source=\"gallery\" style=\"visibility:hidden;background:rgba(255,255,255,0);padding:0;margin:0px auto;margin-top:0;margin-bottom:0;\">\n\t\t\t\t<rs-module id=\"rev_slider_52_1\" style=\"\" data-version=\"6.7.21\">\n\t\t\t\t\t<rs-slides style=\"overflow: hidden; position: absolute;\">\n\t\t\t\t\t\t<rs-slide style=\"position: absolute;\" data-key=\"rs-605\" data-title=\"Bienestar Universitario News\" data-anim=\"adpr:false;ms:10;\" data-in=\"o:0;\" data-out=\"a:false;\">\n\t\t\t\t\t\t\t<img decoding=\"async\" src=\"\/\/uninavarra.edu.co\/wp-content\/plugins\/revslider\/sr6\/assets\/assets\/dummy.png\" alt=\"Banner INscripciones Abiertas 2023-1\" title=\"Salud Mental\" class=\"rev-slidebg tp-rs-img rs-lazyload\" data-lazyload=\"\/\/uninavarra.edu.co\/wp-content\/plugins\/revslider\/sr6\/assets\/assets\/transparent.png\" data-bg=\"c:#E7E7E7;\" data-no-retina>\n<!--\n\t\t\t\t\t\t\t--><a\n\t\t\t\t\t\t\t\tid=\"slider-52-slide-605-layer-11\" \n\t\t\t\t\t\t\t\tclass=\"rs-layer\"\n\t\t\t\t\t\t\t\thref=\"https:\/\/uninavarra.edu.co\/admisiones\/acceso-a-inscripciones\/\" target=\"_self\"\n\t\t\t\t\t\t\t\tdata-type=\"image\"\n\t\t\t\t\t\t\t\tdata-rsp_ch=\"on\"\n\t\t\t\t\t\t\t\tdata-xy=\"x:c;xo:-3px;y:c;\"\n\t\t\t\t\t\t\t\tdata-text=\"l:22;a:inherit;\"\n\t\t\t\t\t\t\t\tdata-dim=\"w:100%;h:100%;\"\n\t\t\t\t\t\t\t\tdata-frame_0=\"sX:2;sY:2;\"\n\t\t\t\t\t\t\t\tdata-frame_0_mask=\"u:t;\"\n\t\t\t\t\t\t\t\tdata-frame_1=\"e:power2.out;sp:1000;\"\n\t\t\t\t\t\t\t\tdata-frame_1_mask=\"u:t;\"\n\t\t\t\t\t\t\t\tdata-frame_999=\"o:0;e:nothing;st:w;sR:5000;\"\n\t\t\t\t\t\t\t\tstyle=\"z-index:5;\"\n\t\t\t\t\t\t\t><img fetchpriority=\"high\" decoding=\"async\" src=\"\/\/uninavarra.edu.co\/wp-content\/plugins\/revslider\/sr6\/assets\/assets\/dummy.png\" alt=\"\" class=\"tp-rs-img rs-lazyload\" width=\"2560\" height=\"761\" data-lazyload=\"\/\/uninavarra.edu.co\/wp-content\/uploads\/2025\/02\/BANNER-2-SALUD-MENTAL-1.jpg\" data-c=\"cover-proportional\" data-no-retina> \n\t\t\t\t\t\t\t<\/a><!--\n-->\t\t\t\t\t<\/rs-slide>\n\t\t\t\t\t<\/rs-slides>\n\t\t\t\t<\/rs-module>\n\t\t\t\t<script>\n\t\t\t\t\tsetREVStartSize({c: 'rev_slider_52_1',rl:[1240,1024,778,480],el:[540],gw:[1920],gh:[540],type:'standard',justify:'',layout:'fullwidth',mh:\"100%\"});if (window.RS_MODULES!==undefined && window.RS_MODULES.modules!==undefined && window.RS_MODULES.modules[\"revslider521\"]!==undefined) {window.RS_MODULES.modules[\"revslider521\"].once = false;window.revapi52 = undefined;if (window.RS_MODULES.checkMinimal!==undefined) window.RS_MODULES.checkMinimal()}\n\t\t\t\t<\/script>\n\t\t\t<\/rs-module-wrap>\n\t\t\t<!-- END REVOLUTION SLIDER -->\n\n\n\t\t<\/div>\n\t<\/div>\n\n\t\t<\/div> \n\t<\/div><\/div><\/div><\/div><div class=\"wpb-container \"><div class=\"container\"><div class=\"vc_row wpb_row vc_row-fluid row \"><div class=\"col-sm-12  vc_\">\n\t\t<div class=\"wpb_wrapper \">\n\t\t\t\n\t<div class=\"wpb_text_column wpb_content_element\" >\n\t\t<div class=\"wpb_wrapper\">\n\t\t\t<h2 class=\"divisor\" style=\"text-align: center;\"><span style=\"font-family: helvetica, arial, sans-serif;\">SALUD MENTAL<\/span><\/h2>\n<hr \/>\n\n\t\t<\/div>\n\t<\/div>\n\n\t<div class=\"wpb_raw_code wpb_raw_html wpb_content_element\" >\n\t\t<div class=\"wpb_wrapper\">\n\t\t\t<link rel=\"preconnect\" href=\"https:\/\/fonts.gstatic.com\">\n<link href=\"https:\/\/fonts.googleapis.com\/css2?family=Raleway:ital,wght@0,400;0,700;1,400&display=swap\" rel=\"stylesheet\">\n<link href=\"https:\/\/fonts.googleapis.com\/css2?family=Lato:wght@400;700&display=swap\" rel=\"stylesheet\">\n<link href=\"https:\/\/fonts.googleapis.com\/icon?family=Material+Icons\" rel=\"stylesheet\">\n\n<style>\n\/* Arregla el tama\u00f1o de la letra del slider cina ya que esta en 'rem' *\/ html {font-size: 100%} .navbar-mega .navbar-nav > li .dropdown-menu li a {font-size: 14px !important;}\n\n\/* CAMBIO COLOR DE LA LETRA Y ESTILO *\/\n#wpo-mainbody, #wpo-mainbody h2, #wpo-mainbody h3, #wpo-mainbody h4, #wpo-mainbody p, #wpo-mainbody a, #wpo-mainbody strong, #wpo-mainbody em, #wpo-mainbody th, #wpo-mainbody tr, #wpo-mainbody td, #wpo-mainbody ol, #wpo-mainbody ul, #wpo-mainbody li, #wpo-mainbody :after {\n    font-family: 'Raleway', sans-serif\n}\n\n#wpo-mainbody p {\n    font-size: 16px;\n    line-height: 20px;\n}\n\n#wpo-mainbody h4{\n        overflow: hidden;\n   text-overflow: ellipsis;\n   display: -webkit-box;\n   -webkit-line-clamp: 2; \/* number of lines to show *\/\n           line-clamp: 2; \n   -webkit-box-orient: vertical;\n    }\n\n#wpo-mainbody li {\n    font-size: 18px;\n    line-height: 30px;\n}\n\n\n\n#wpo-mainbody strong {\n    line-height: 30px\n}\n\n\/* Estilo Aplicado en Listas de Semilleros de los Grupos de Investigaci\u00f3n *\/\n#wpo-mainbody .lista_semilleros ul {\n    padding-inline-start: 35px;\n}\n\n#wpo-mainbody .lista_semilleros li {\n\tline-height: 20px\n}\n\n#wpo-mainbody .lista_semilleros ul li {\n\tfont-size: 15px;\n\tmargin-left: 20px;\n\tmargin-bottom: 15px\n}\n\n#wpo-mainbody .lista_semilleros li:last-child ul li {\n\tmargin-bottom: 0\n}\n\n#wpo-mainbody .lista_semilleros ul li:before {\n    position: absolute;\n    background: none;\n}\n<\/style>\n\t\t<\/div>\n\t<\/div>\n\n\t<div class=\"wpb_text_column wpb_content_element\" >\n\t\t<div class=\"wpb_wrapper\">\n\t\t\t\t\t\t<!-- Flexy Breadcrumb -->\r\n\t\t\t<div class=\"fbc fbc-page\">\r\n\r\n\t\t\t\t<!-- Breadcrumb wrapper -->\r\n\t\t\t\t<div class=\"fbc-wrap\">\r\n\r\n\t\t\t\t\t<!-- Ordered list-->\r\n\t\t\t\t\t<ol class=\"fbc-items\" itemscope itemtype=\"https:\/\/schema.org\/BreadcrumbList\">\r\n\t\t\t\t\t\t            <li itemprop=\"itemListElement\" itemscope itemtype=\"https:\/\/schema.org\/ListItem\">\r\n                <span itemprop=\"name\">\r\n                    <!-- Home Link -->\r\n                    <a itemprop=\"item\" href=\"https:\/\/uninavarra.edu.co\">\r\n                    \r\n                                                    <i class=\"fa fa-home\" aria-hidden=\"true\"><\/i>Home                    <\/a>\r\n                <\/span>\r\n                <meta itemprop=\"position\" content=\"1\" \/><!-- Meta Position-->\r\n             <\/li><li><span class=\"fbc-separator\">\/<\/span><\/li><li class=\"active\" itemprop=\"itemListElement\" itemscope itemtype=\"https:\/\/schema.org\/ListItem\"><span itemprop=\"name\" title=\"Salud Mental\">Salud Mental<\/span><meta itemprop=\"position\" content=\"2\" \/><\/li>\t\t\t\t\t<\/ol>\r\n\t\t\t\t\t<div class=\"clearfix\"><\/div>\r\n\t\t\t\t<\/div>\r\n\t\t\t<\/div>\r\n\t\t\t\n\n\t\t<\/div>\n\t<\/div>\n\n\t\t<\/div> \n\t<\/div><\/div><\/div><\/div><div class=\"wpb-container \"><div class=\"container\"><div class=\"vc_row wpb_row vc_row-fluid row \"><div class=\"col-sm-12  vc_\">\n\t\t<div class=\"wpb_wrapper \">\n\t\t\t<div class=\"vc_tta-container\" data-vc-action=\"collapse\"><div class=\"vc_general vc_tta vc_tta-tabs vc_tta-color-navarra vc_tta-style-classic vc_tta-shape-rounded vc_tta-spacing-1 vc_tta-o-no-fill vc_tta-tabs-position-left vc_tta-controls-align-left \"><div class=\"vc_tta-tabs-container\"><ul class=\"vc_tta-tabs-list\"><li class=\"vc_tta-tab vc_active\" data-vc-tab><a href=\"#1712090324854-f82b7943-362b\" data-vc-tabs data-vc-container=\".vc_tta\"><span class=\"vc_tta-title-text\">L\u00ednea con\u00e9ctate con la vida<\/span><\/a><\/li><li class=\"vc_tta-tab\" data-vc-tab><a href=\"#1712090324840-07432189-4c49\" data-vc-tabs data-vc-container=\".vc_tta\"><span class=\"vc_tta-title-text\">Promoci\u00f3n de la Vida<\/span><\/a><\/li><li class=\"vc_tta-tab\" data-vc-tab><a href=\"#1712093842265-327262cd-ac2e\" data-vc-tabs data-vc-container=\".vc_tta\"><span class=\"vc_tta-title-text\">Prevenci\u00f3n de consumo de sustancias psicoactivas<\/span><\/a><\/li><li class=\"vc_tta-tab\" data-vc-tab><a href=\"#1712090410764-46448656-ea96\" data-vc-tabs data-vc-container=\".vc_tta\"><span class=\"vc_tta-title-text\">Prevenci\u00f3n de la violencia basada en g\u00e9nero y violencia sexual<\/span><\/a><\/li><li class=\"vc_tta-tab\" data-vc-tab><a href=\"#1731433831478-6d35543a-212a\" data-vc-tabs data-vc-container=\".vc_tta\"><span class=\"vc_tta-title-text\">Casos de violencia basada en g\u00e9nero y violencia sexual<\/span><\/a><\/li><li class=\"vc_tta-tab\" data-vc-tab><a href=\"#1712090396960-48812383-a6ee\" data-vc-tabs data-vc-container=\".vc_tta\"><span class=\"vc_tta-title-text\">Arteterapia<\/span><\/a><\/li><\/ul><\/div><div class=\"vc_tta-panels-container\"><div class=\"vc_tta-panels\"><div class=\"vc_tta-panel vc_active\" id=\"1712090324854-f82b7943-362b\" data-vc-content=\".vc_tta-panel-body\"><div class=\"vc_tta-panel-heading\"><h4 class=\"vc_tta-panel-title\"><a href=\"#1712090324854-f82b7943-362b\" data-vc-accordion data-vc-container=\".vc_tta-container\"><span class=\"vc_tta-title-text\">L\u00ednea con\u00e9ctate con la vida<\/span><\/a><\/h4><\/div><div class=\"vc_tta-panel-body\"><div class=\"vc_row wpb_row vc_inner vc_row-fluid\"><div class=\"vc_ col-sm-12\"><div class=\"vc_column-inner\"><div class=\"wpb_wrapper\">\n\t<div class=\"wpb_text_column wpb_content_element\" >\n\t\t<div class=\"wpb_wrapper\">\n\t\t\t<h3 style=\"text-align: center;\"><span style=\"color: #e30613;\"><strong>L\u00ednea Con\u00e9ctate con la Vida<\/strong><\/span><\/h3>\n\n\t\t<\/div>\n\t<\/div>\n<\/div><\/div><\/div><\/div><div class=\"vc_row wpb_row vc_inner vc_row-fluid\"><div class=\"vc_ col-sm-12\"><div class=\"vc_column-inner\"><div class=\"wpb_wrapper\">\n\t<div class=\"wpb_text_column wpb_content_element\" >\n\t\t<div class=\"wpb_wrapper\">\n\t\t\t<p style=\"text-align: justify;\">La l\u00ednea de atenci\u00f3n en crisis \u00abCon\u00e9ctate con la Vida\u00bb brinda los primeros auxilios emocionales a estudiantes, profesores, egresados y colaboradores para abordar dificultades generadas por conflictos de pareja, depresi\u00f3n, ansiedad, bullying, consumo de sustancias psicoactivas, violencias basadas en g\u00e9nero, bajo rendimiento acad\u00e9mico, dif\u00edcil situaci\u00f3n econ\u00f3mica, entre otros aspectos, que requieren de una atenci\u00f3n integral.<\/p>\n<p style=\"text-align: justify;\">Este servicio de acompa\u00f1amiento psicosocial est\u00e1 disponible a trav\u00e9s de atenciones presenciales, llamadas telef\u00f3nicas, WhatsApp, mensajes de texto y correo electr\u00f3nico, brindando orientaci\u00f3n sobre temas relacionados con la promoci\u00f3n de la salud mental y la prevenci\u00f3n de problem\u00e1ticas psicosociales como el intento de suicidio, la violencia de g\u00e9nero y consumo de sustancias psicoactivas.<\/p>\n<p style=\"text-align: justify;\">Adem\u00e1s, se realiza la remisi\u00f3n pertinente a centros de servicios de salud y entidades gubernamentales como Fiscal\u00eda, URI, ICBF, hospitales; entre otros; seg\u00fan sea el caso.<\/p>\n\n\t\t<\/div>\n\t<\/div>\n<\/div><\/div><\/div><\/div><div class=\"vc_row wpb_row vc_inner vc_row-fluid\"><div class=\"vc_ col-sm-12\"><div class=\"vc_column-inner\"><div class=\"wpb_wrapper\"><div class=\"vc_btn3-container vc_btn3-center vc_do_btn\" ><a class=\"vc_general vc_btn3 vc_btn3-size-md vc_btn3-shape-rounded vc_btn3-style-modern vc_btn3-icon-left vc_btn3-color-navarra\" href=\"https:\/\/wa.me\/573173186289?text=Hola,%20quiero%20solicitar%20apoyo%20con%20%5Bdescribe%20tu%20solicitud%20o%20problema%5D.%20\u00bfPodr\u00edan%20ayudarme%20con%20esto?%20Gracias.\" title=\"\" target=\"_blank\"><i class=\"vc_btn3-icon fab fa-whatsapp\"><\/i> L\u00ednea de atenci\u00f3n Whatsapp<\/a><\/div><\/div><\/div><\/div><\/div><div class=\"vc_row wpb_row vc_inner vc_row-fluid\"><div class=\"vc_ col-sm-12\"><div class=\"vc_column-inner\"><div class=\"wpb_wrapper\">\n\t<div class=\"wpb_text_column wpb_content_element\" >\n\t\t<div class=\"wpb_wrapper\">\n\t\t\t<h3 style=\"text-align: center;\"><span style=\"color: #e30613;\"><strong>Horario<\/strong><\/span><\/h3>\n\n\t\t<\/div>\n\t<\/div>\n<\/div><\/div><\/div><\/div><div class=\"vc_row wpb_row vc_inner vc_row-fluid\"><div class=\"vc_ col-sm-2\"><div class=\"vc_column-inner\"><div class=\"wpb_wrapper\"><\/div><\/div><\/div><div class=\"vc_ col-sm-8\"><div class=\"vc_column-inner\"><div class=\"wpb_wrapper\"><div class=\"wpb_single_image wpb_content_element vc_align_left\">\n\t\t<div class=\"wpb_wrapper\">\n\t\t\t\n\t\t\t<a href=\"#\" target=\"_self\"><img decoding=\"async\" width=\"5906\" height=\"11812\" src=\"https:\/\/uninavarra.edu.co\/wp-content\/uploads\/2024\/05\/ARTE-CONECTATE.png\" class=\" vc_box_border_grey attachment-full\" alt=\"ARTE CON\u00c9CTATE\" title=\"ARTE CON\u00c9CTATE\" srcset=\"https:\/\/uninavarra.edu.co\/wp-content\/uploads\/2024\/05\/ARTE-CONECTATE.png 5906w, https:\/\/uninavarra.edu.co\/wp-content\/uploads\/2024\/05\/ARTE-CONECTATE-150x300.png 150w, https:\/\/uninavarra.edu.co\/wp-content\/uploads\/2024\/05\/ARTE-CONECTATE-512x1024.png 512w, https:\/\/uninavarra.edu.co\/wp-content\/uploads\/2024\/05\/ARTE-CONECTATE-75x150.png 75w, https:\/\/uninavarra.edu.co\/wp-content\/uploads\/2024\/05\/ARTE-CONECTATE-768x1536.png 768w, https:\/\/uninavarra.edu.co\/wp-content\/uploads\/2024\/05\/ARTE-CONECTATE-1024x2048.png 1024w\" sizes=\"(max-width: 5906px) 100vw, 5906px\" \/><\/a>\n\t\t<\/div> \n\t<\/div><\/div><\/div><\/div><div class=\"vc_ col-sm-2\"><div class=\"vc_column-inner\"><div class=\"wpb_wrapper\"><\/div><\/div><\/div><\/div><div class=\"vc_row wpb_row vc_inner vc_row-fluid\"><div class=\"vc_ col-sm-12\"><div class=\"vc_column-inner\"><div class=\"wpb_wrapper\">\n\t<div class=\"wpb_text_column wpb_content_element\" >\n\t\t<div class=\"wpb_wrapper\">\n\t\t\t<h3 style=\"text-align: center;\"><span style=\"color: #e30613;\"><strong>Equipo Interdisciplinario Psicosocial<\/strong><\/span><\/h3>\n\n\t\t<\/div>\n\t<\/div>\n<\/div><\/div><\/div><\/div><div class=\"vc_row wpb_row vc_inner vc_row-fluid\"><div class=\"vc_ col-sm-12\"><div class=\"vc_column-inner\"><div class=\"wpb_wrapper\">\n\t<div class=\"wpb_text_column wpb_content_element\" >\n\t\t<div class=\"wpb_wrapper\">\n\t\t\t<div class='rt-container-fluid rt-team-container rt-pos-r rt-team-container-93803' id='rt-team-container-2098854632'  data-layout='layout3' data-desktop-col='3'  data-tab-col='2'  data-mobile-col='1' data-sc-id='93803' data-popup-bg=''><div data-title='Loading ...' class='rt-row rt-content-loader layout3 ttp-even ttp-pre-loader'><div class=\"rt-col-md-4 rt-col-sm-6 rt-col-xs-12  even-grid-item rt-grid-item round-img\" data-id=\"93799\"><div class=\"single-team-area\"><figure><a class=\"\" data-id=\"93799\" target=\"_self\" href=\"https:\/\/uninavarra.edu.co\/en\/team\/yennifer-varon-ipuz\/\"><img decoding=\"async\" width=\"450\" height=\"450\" src=\"https:\/\/uninavarra.edu.co\/wp-content\/uploads\/2026\/04\/YENNIFER-VARON-IPUZ.jpg\" class=\"img-responsive rt-team-img\" alt=\"Yennifer Var\u00f3n Ipuz\" \/><\/a><\/figure><div class=\"tlp-content\"><h3><span class=\"team-name\"><a class=\"\" data-id=\"93799\" target=\"_self\" title=\"Yennifer Var\u00f3n Ipuz\" href=\"https:\/\/uninavarra.edu.co\/en\/team\/yennifer-varon-ipuz\/\">Yennifer Var\u00f3n Ipuz<\/a><\/span><\/h3><\/div><div class=\"short-bio\"><p>Coordinadora Salud y Bienestar<\/p>\n<\/div><\/div><\/div><div class=\"rt-col-md-4 rt-col-sm-6 rt-col-xs-12  even-grid-item rt-grid-item round-img\" data-id=\"93802\"><div class=\"single-team-area\"><figure><a class=\"\" data-id=\"93802\" target=\"_self\" href=\"https:\/\/uninavarra.edu.co\/en\/team\/maria-alejandra-morales-tique\/\"><img loading=\"lazy\" decoding=\"async\" width=\"450\" height=\"451\" src=\"https:\/\/uninavarra.edu.co\/wp-content\/uploads\/2026\/04\/MARIA-ALEJANDRA-MORALES.jpg\" class=\"img-responsive rt-team-img\" alt=\"Maria Alejandra Morales Tique\" \/><\/a><\/figure><div class=\"tlp-content\"><h3><span class=\"team-name\"><a class=\"\" data-id=\"93802\" target=\"_self\" title=\"Maria Alejandra Morales Tique\" href=\"https:\/\/uninavarra.edu.co\/en\/team\/maria-alejandra-morales-tique\/\">Maria Alejandra Morales Tique<\/a><\/span><\/h3><\/div><div class=\"short-bio\"><p>Psicologa<\/p>\n<\/div><\/div><\/div><div class=\"rt-col-md-4 rt-col-sm-6 rt-col-xs-12  even-grid-item rt-grid-item round-img\" data-id=\"93804\"><div class=\"single-team-area\"><figure><a class=\"\" data-id=\"93804\" target=\"_self\" href=\"https:\/\/uninavarra.edu.co\/en\/team\/juana-camila-avella-rincon\/\"><img loading=\"lazy\" decoding=\"async\" width=\"450\" height=\"451\" src=\"https:\/\/uninavarra.edu.co\/wp-content\/uploads\/2026\/04\/JUANA-CAMILA-AVELLA-RINCON.jpg\" class=\"img-responsive rt-team-img\" alt=\"Juana Camila Avella Rincon\" \/><\/a><\/figure><div class=\"tlp-content\"><h3><span class=\"team-name\"><a class=\"\" data-id=\"93804\" target=\"_self\" title=\"Juana Camila Avella Rincon\" href=\"https:\/\/uninavarra.edu.co\/en\/team\/juana-camila-avella-rincon\/\">Juana Camila Avella Rincon<\/a><\/span><\/h3><\/div><div class=\"short-bio\"><p>Psicologa<\/p>\n<\/div><\/div><\/div><div class=\"rt-col-md-4 rt-col-sm-6 rt-col-xs-12  even-grid-item rt-grid-item round-img\" data-id=\"98525\"><div class=\"single-team-area\"><figure><a class=\"\" data-id=\"98525\" target=\"_self\" href=\"https:\/\/uninavarra.edu.co\/en\/team\/maria-ximena-castillo-aldana\/\"><img loading=\"lazy\" decoding=\"async\" width=\"450\" height=\"450\" src=\"https:\/\/uninavarra.edu.co\/wp-content\/uploads\/2026\/03\/ximena.jpg\" class=\"img-responsive rt-team-img\" alt=\"Maria Ximena Castillo Aldana\" \/><\/a><\/figure><div class=\"tlp-content\"><h3><span class=\"team-name\"><a class=\"\" data-id=\"98525\" target=\"_self\" title=\"Maria Ximena Castillo Aldana\" href=\"https:\/\/uninavarra.edu.co\/en\/team\/maria-ximena-castillo-aldana\/\">Maria Ximena Castillo Aldana<\/a><\/span><\/h3><\/div><div class=\"short-bio\"><p>Psic\u00f3loga<\/p>\n<\/div><\/div><\/div><div class=\"rt-col-md-4 rt-col-sm-6 rt-col-xs-12  even-grid-item rt-grid-item round-img\" data-id=\"99017\"><div class=\"single-team-area\"><figure><a class=\"\" data-id=\"99017\" target=\"_self\" href=\"https:\/\/uninavarra.edu.co\/en\/team\/sandra-milena-uribe\/\"><img loading=\"lazy\" decoding=\"async\" width=\"450\" height=\"450\" src=\"https:\/\/uninavarra.edu.co\/wp-content\/uploads\/2026\/04\/SANDRA-MILENA-URIBE.jpg\" class=\"img-responsive rt-team-img\" alt=\"Sandra Milena Uribe\" \/><\/a><\/figure><div class=\"tlp-content\"><h3><span class=\"team-name\"><a class=\"\" data-id=\"99017\" target=\"_self\" title=\"Sandra Milena Uribe\" href=\"https:\/\/uninavarra.edu.co\/en\/team\/sandra-milena-uribe\/\">Sandra Milena Uribe<\/a><\/span><\/h3><\/div><div class=\"short-bio\"><p>Trabajadora Social<\/p>\n<\/div><\/div><\/div><div class=\"rt-col-md-4 rt-col-sm-6 rt-col-xs-12  even-grid-item rt-grid-item round-img\" data-id=\"93805\"><div class=\"single-team-area\"><figure><a class=\"\" data-id=\"93805\" target=\"_self\" href=\"https:\/\/uninavarra.edu.co\/en\/team\/laura-daniela-rincon-correa\/\"><img loading=\"lazy\" decoding=\"async\" width=\"450\" height=\"450\" src=\"https:\/\/uninavarra.edu.co\/wp-content\/uploads\/2026\/04\/LAURA-DANIELA-RINCON-CORREA.jpg\" class=\"img-responsive rt-team-img\" alt=\"Laura Daniela Rincon Correa\" \/><\/a><\/figure><div class=\"tlp-content\"><h3><span class=\"team-name\"><a class=\"\" data-id=\"93805\" target=\"_self\" title=\"Laura Daniela Rincon Correa\" href=\"https:\/\/uninavarra.edu.co\/en\/team\/laura-daniela-rincon-correa\/\">Laura Daniela Rincon Correa<\/a><\/span><\/h3><\/div><div class=\"short-bio\"><p>Enfermera<\/p>\n<\/div><\/div><\/div><div class=\"rt-col-md-4 rt-col-sm-6 rt-col-xs-12  even-grid-item rt-grid-item round-img\" data-id=\"98530\"><div class=\"single-team-area\"><figure><a class=\"\" data-id=\"98530\" target=\"_self\" href=\"https:\/\/uninavarra.edu.co\/en\/team\/paula-andrea-ardila\/\"><img loading=\"lazy\" decoding=\"async\" width=\"450\" height=\"450\" src=\"https:\/\/uninavarra.edu.co\/wp-content\/uploads\/2026\/03\/PAULA-ANDREA-ARDILA.jpg\" class=\"img-responsive rt-team-img\" alt=\"PAULA-ANDREA-ARDILA\" \/><\/a><\/figure><div class=\"tlp-content\"><h3><span class=\"team-name\"><a class=\"\" data-id=\"98530\" target=\"_self\" title=\"Paula Andrea Ardila\" href=\"https:\/\/uninavarra.edu.co\/en\/team\/paula-andrea-ardila\/\">Paula Andrea Ardila<\/a><\/span><\/h3><\/div><div class=\"short-bio\"><p>Enfermera<\/p>\n<\/div><\/div><\/div><div class=\"rt-col-md-4 rt-col-sm-6 rt-col-xs-12  even-grid-item rt-grid-item round-img\" data-id=\"98529\"><div class=\"single-team-area\"><figure><a class=\"\" data-id=\"98529\" target=\"_self\" href=\"https:\/\/uninavarra.edu.co\/en\/team\/angela-marcela-trujillo-moncaleano\/\"><img loading=\"lazy\" decoding=\"async\" width=\"450\" height=\"450\" src=\"https:\/\/uninavarra.edu.co\/wp-content\/uploads\/2026\/03\/ANGELA-MARCELA-TRUJILLO-MONCALEANO.jpg\" class=\"img-responsive rt-team-img\" alt=\"ANGELA-MARCELA-TRUJILLO-MONCALEANO\" \/><\/a><\/figure><div class=\"tlp-content\"><h3><span class=\"team-name\"><a class=\"\" data-id=\"98529\" target=\"_self\" title=\"Angela Marcela Trujillo Moncaleano\" href=\"https:\/\/uninavarra.edu.co\/en\/team\/angela-marcela-trujillo-moncaleano\/\">Angela Marcela Trujillo Moncaleano<\/a><\/span><\/h3><\/div><div class=\"short-bio\"><p>Auxiliar de enfermer\u00eda<\/p>\n<\/div><\/div><\/div><div class=\"rt-loading-overlay\"><\/div><div class=\"rt-loading rt-ball-clip-rotate\"><div><\/div><\/div><\/div><\/div>\n\n\t\t<\/div>\n\t<\/div>\n<\/div><\/div><\/div><\/div><\/div><\/div><div class=\"vc_tta-panel\" id=\"1712090324840-07432189-4c49\" data-vc-content=\".vc_tta-panel-body\"><div class=\"vc_tta-panel-heading\"><h4 class=\"vc_tta-panel-title\"><a href=\"#1712090324840-07432189-4c49\" data-vc-accordion data-vc-container=\".vc_tta-container\"><span class=\"vc_tta-title-text\">Promoci\u00f3n de la Vida<\/span><\/a><\/h4><\/div><div class=\"vc_tta-panel-body\"><div class=\"vc_row wpb_row vc_inner vc_row-fluid\"><div class=\"vc_ col-sm-12\"><div class=\"vc_column-inner\"><div class=\"wpb_wrapper\">\n\t<div class=\"wpb_text_column wpb_content_element\" >\n\t\t<div class=\"wpb_wrapper\">\n\t\t\t<h3 style=\"text-align: center;\"><span style=\"color: #e30613;\"><strong>Promoci\u00f3n de la Vida<\/strong><\/span><\/h3>\n\n\t\t<\/div>\n\t<\/div>\n<\/div><\/div><\/div><\/div><div class=\"vc_row wpb_row vc_inner vc_row-fluid\"><div class=\"vc_ col-sm-12\"><div class=\"vc_column-inner\"><div class=\"wpb_wrapper\">\n\t<div class=\"wpb_text_column wpb_content_element\" >\n\t\t<div class=\"wpb_wrapper\">\n\t\t\t<p style=\"text-align: justify;\">La Fundaci\u00f3n Universitaria Navarra \u2013 UNINAVARRA, te invita a descubrir razones para sonre\u00edr, adquirir o fortalecer herramientas de afrontamiento en situaciones complejas, que te permitan una toma de decisiones asertivas permitiendo la construcci\u00f3n de Bienestar Emocional y Psicol\u00f3gico.<\/p>\n<p style=\"text-align: justify;\">Tambi\u00e9n contamos con una ruta de atenci\u00f3n en caso de presentarse signos de advertencia de suicidio, por ello te invitamos a conocerla para pedir ayuda oportuna si consideras que tu salud mental o la de alg\u00fan compa\u00f1ero o colaborador pone en riesgo su propia vida.<\/p>\n\n\t\t<\/div>\n\t<\/div>\n<\/div><\/div><\/div><\/div>\n\t<div class=\"wpb_text_column wpb_content_element\" >\n\t\t<div class=\"wpb_wrapper\">\n\t\t\t<h3 style=\"text-align: center;\"><span style=\"color: #e30613;\"><strong>Ruta atenci\u00f3n intento de suicidio <\/strong><\/span><\/h3>\n\n\t\t<\/div>\n\t<\/div>\n<div class=\"vc_empty_space\"   style=\"height: 32px\"><span class=\"vc_empty_space_inner\"><\/span><\/div><div class=\"vc_row wpb_row vc_inner vc_row-fluid\"><div class=\"vc_ col-sm-2\"><div class=\"vc_column-inner\"><div class=\"wpb_wrapper\"><\/div><\/div><\/div><div class=\"vc_ col-sm-8\"><div class=\"vc_column-inner\"><div class=\"wpb_wrapper\"><div class=\"wpb_single_image wpb_content_element vc_align_left\">\n\t\t<div class=\"wpb_wrapper\">\n\t\t\t\n\t\t\t<a href=\"https:\/\/uninavarra.edu.co\/wp-content\/uploads\/2022\/09\/SIGNOS-DE-ALARMA-2019-ok2.jpg\" target=\"_self\"><img loading=\"lazy\" decoding=\"async\" width=\"1350\" height=\"1747\" src=\"https:\/\/uninavarra.edu.co\/wp-content\/uploads\/2022\/09\/SIGNOS-DE-ALARMA-2019-ok2.jpg\" class=\" vc_box_border_grey attachment-full\" alt=\"\" title=\"SIGNOS-DE-ALARMA-2019-ok2\" srcset=\"https:\/\/uninavarra.edu.co\/wp-content\/uploads\/2022\/09\/SIGNOS-DE-ALARMA-2019-ok2.jpg 1350w, https:\/\/uninavarra.edu.co\/wp-content\/uploads\/2022\/09\/SIGNOS-DE-ALARMA-2019-ok2-116x150.jpg 116w, https:\/\/uninavarra.edu.co\/wp-content\/uploads\/2022\/09\/SIGNOS-DE-ALARMA-2019-ok2-232x300.jpg 232w, https:\/\/uninavarra.edu.co\/wp-content\/uploads\/2022\/09\/SIGNOS-DE-ALARMA-2019-ok2-768x994.jpg 768w, https:\/\/uninavarra.edu.co\/wp-content\/uploads\/2022\/09\/SIGNOS-DE-ALARMA-2019-ok2-791x1024.jpg 791w, https:\/\/uninavarra.edu.co\/wp-content\/uploads\/2022\/09\/SIGNOS-DE-ALARMA-2019-ok2-1187x1536.jpg 1187w\" sizes=\"(max-width: 1350px) 100vw, 1350px\" \/><\/a>\n\t\t<\/div> \n\t<\/div><\/div><\/div><\/div><div class=\"vc_ col-sm-2\"><div class=\"vc_column-inner\"><div class=\"wpb_wrapper\"><\/div><\/div><\/div><\/div><div class=\"vc_row wpb_row vc_inner vc_row-fluid\"><div class=\"vc_ col-sm-12\"><div class=\"vc_column-inner\"><div class=\"wpb_wrapper\">\n\t<div class=\"wpb_video_widget wpb_content_element vc_clearfix   vc_video-aspect-ratio-169 vc_video-el-width-100 vc_video-align-left\" >\n\t\t<div class=\"wpb_wrapper\">\n\t\t\t\n\t\t\t<div class=\"wpb_video_wrapper\"><iframe title=\"\u00a1Un Abrazo a la Vez!\" width=\"500\" height=\"281\" src=\"https:\/\/www.youtube.com\/embed\/W2MKZ5mMoa0?feature=oembed&enablejsapi=1&origin=https:\/\/uninavarra.edu.co\" frameborder=\"0\" allow=\"accelerometer; autoplay; clipboard-write; encrypted-media; gyroscope; picture-in-picture; web-share\" referrerpolicy=\"strict-origin-when-cross-origin\" allowfullscreen><\/iframe><\/div>\n\t\t<\/div>\n\t<\/div>\n<\/div><\/div><\/div><\/div><\/div><\/div><div class=\"vc_tta-panel\" id=\"1712093842265-327262cd-ac2e\" data-vc-content=\".vc_tta-panel-body\"><div class=\"vc_tta-panel-heading\"><h4 class=\"vc_tta-panel-title\"><a href=\"#1712093842265-327262cd-ac2e\" data-vc-accordion data-vc-container=\".vc_tta-container\"><span class=\"vc_tta-title-text\">Prevenci\u00f3n de consumo de sustancias psicoactivas<\/span><\/a><\/h4><\/div><div class=\"vc_tta-panel-body\"><div class=\"vc_row wpb_row vc_inner vc_row-fluid\"><div class=\"vc_ col-sm-12\"><div class=\"vc_column-inner\"><div class=\"wpb_wrapper\">\n\t<div class=\"wpb_text_column wpb_content_element\" >\n\t\t<div class=\"wpb_wrapper\">\n\t\t\t<h3 style=\"text-align: center;\"><span style=\"color: #e30613;\"><strong>Prevenci\u00f3n de consumo de sustancias psicoactivas<\/strong><\/span><\/h3>\n\n\t\t<\/div>\n\t<\/div>\n<\/div><\/div><\/div><\/div><div class=\"vc_row wpb_row vc_inner vc_row-fluid\"><div class=\"vc_ col-sm-12\"><div class=\"vc_column-inner\"><div class=\"wpb_wrapper\">\n\t<div class=\"wpb_text_column wpb_content_element\" >\n\t\t<div class=\"wpb_wrapper\">\n\t\t\t<p style=\"text-align: justify;\">El consumo de otras sustancias psicoactivas, como los estimulantes (energizantes, coca\u00edna), los depresores (alcohol, benzodiacepinas) o los opioides, tienen efectos espec\u00edficos en la qu\u00edmica cerebral.<\/p>\n<p style=\"text-align: justify;\">Por ejemplo, el chocolate estimula la liberaci\u00f3n de dopamina y serotonina en el cerebro, produciendo sensaciones de placer y bienestar. En contraste, los alucin\u00f3genos como el LSD o los hongos psilocibios afectan la funci\u00f3n de neurotransmisores como la serotonina, provocando cambios en la percepci\u00f3n, el estado de \u00e1nimo y la cognici\u00f3n.<\/p>\n<p style=\"text-align: justify;\">El consumo de sustancias psicoactivas puede tener un impacto significativo en nuestra salud mental a corto y largo plazo. Es esencial educarnos sobre los riesgos asociados con estas sustancias y buscar ayuda si estamos experimentando dificultades relacionadas con su consumo. Al tomar medidas para cuidar nuestra salud mental, podemos mejorar nuestra calidad de vida y bienestar general.<\/p>\n<p>Conoce nuestra ruta de Atenci\u00f3n en casos de consumo de sustancias psicoactivas.<\/p>\n\n\t\t<\/div>\n\t<\/div>\n\n\t<div class=\"wpb_text_column wpb_content_element\" >\n\t\t<div class=\"wpb_wrapper\">\n\t\t\t<h3 style=\"text-align: center;\"><span style=\"color: #e30613;\"><strong>Ruta atenci\u00f3n consumo de sustancias psicoactivas<\/strong><\/span><\/h3>\n\n\t\t<\/div>\n\t<\/div>\n<\/div><\/div><\/div><\/div><div class=\"vc_row wpb_row vc_inner vc_row-fluid\"><div class=\"vc_ col-sm-2\"><div class=\"vc_column-inner\"><div class=\"wpb_wrapper\"><\/div><\/div><\/div><div class=\"vc_ col-sm-8\"><div class=\"vc_column-inner\"><div class=\"wpb_wrapper\"><div class=\"wpb_single_image wpb_content_element vc_align_center\">\n\t\t<div class=\"wpb_wrapper\">\n\t\t\t\n\t\t\t<a href=\"https:\/\/uninavarra.edu.co\/wp-content\/uploads\/2022\/09\/Ruta-de-Atencion-Consumo-de-sustancias-Psicoactivas.jpg\" target=\"_self\"><img loading=\"lazy\" decoding=\"async\" width=\"1750\" height=\"2000\" src=\"https:\/\/uninavarra.edu.co\/wp-content\/uploads\/2020\/04\/RUTA-ATENCION-DE-SUSTANCIAS-PSICOACTIVAS.jpg\" class=\" vc_box_border_grey attachment-full\" alt=\"\" title=\"RUTA ATENCION DE SUSTANCIAS PSICOACTIVAS\" srcset=\"https:\/\/uninavarra.edu.co\/wp-content\/uploads\/2020\/04\/RUTA-ATENCION-DE-SUSTANCIAS-PSICOACTIVAS.jpg 1750w, https:\/\/uninavarra.edu.co\/wp-content\/uploads\/2020\/04\/RUTA-ATENCION-DE-SUSTANCIAS-PSICOACTIVAS-131x150.jpg 131w, https:\/\/uninavarra.edu.co\/wp-content\/uploads\/2020\/04\/RUTA-ATENCION-DE-SUSTANCIAS-PSICOACTIVAS-263x300.jpg 263w, https:\/\/uninavarra.edu.co\/wp-content\/uploads\/2020\/04\/RUTA-ATENCION-DE-SUSTANCIAS-PSICOACTIVAS-768x878.jpg 768w, https:\/\/uninavarra.edu.co\/wp-content\/uploads\/2020\/04\/RUTA-ATENCION-DE-SUSTANCIAS-PSICOACTIVAS-896x1024.jpg 896w, https:\/\/uninavarra.edu.co\/wp-content\/uploads\/2020\/04\/RUTA-ATENCION-DE-SUSTANCIAS-PSICOACTIVAS-1344x1536.jpg 1344w\" sizes=\"(max-width: 1750px) 100vw, 1750px\" \/><\/a>\n\t\t<\/div> \n\t<\/div><\/div><\/div><\/div><div class=\"vc_ col-sm-2\"><div class=\"vc_column-inner\"><div class=\"wpb_wrapper\"><\/div><\/div><\/div><\/div><div class=\"vc_row wpb_row vc_inner vc_row-fluid\"><div class=\"vc_ col-sm-12\"><div class=\"vc_column-inner\"><div class=\"wpb_wrapper\">\n\t<div class=\"wpb_video_widget wpb_content_element vc_clearfix   vc_video-aspect-ratio-169 vc_video-el-width-100 vc_video-align-left\" >\n\t\t<div class=\"wpb_wrapper\">\n\t\t\t\n\t\t\t<div class=\"wpb_video_wrapper\"><iframe title=\"\u00a1Dame tu Pase a la Vida!\" width=\"500\" height=\"281\" src=\"https:\/\/www.youtube.com\/embed\/mCEAaXJYru4?feature=oembed&enablejsapi=1&origin=https:\/\/uninavarra.edu.co\" frameborder=\"0\" allow=\"accelerometer; autoplay; clipboard-write; encrypted-media; gyroscope; picture-in-picture; web-share\" referrerpolicy=\"strict-origin-when-cross-origin\" allowfullscreen><\/iframe><\/div>\n\t\t<\/div>\n\t<\/div>\n<\/div><\/div><\/div><\/div><\/div><\/div><div class=\"vc_tta-panel\" id=\"1712090410764-46448656-ea96\" data-vc-content=\".vc_tta-panel-body\"><div class=\"vc_tta-panel-heading\"><h4 class=\"vc_tta-panel-title\"><a href=\"#1712090410764-46448656-ea96\" data-vc-accordion data-vc-container=\".vc_tta-container\"><span class=\"vc_tta-title-text\">Prevenci\u00f3n de la violencia basada en g\u00e9nero y violencia sexual<\/span><\/a><\/h4><\/div><div class=\"vc_tta-panel-body\"><div class=\"vc_row wpb_row vc_inner vc_row-fluid\"><div class=\"vc_ col-sm-12\"><div class=\"vc_column-inner\"><div class=\"wpb_wrapper\">\n\t<div class=\"wpb_text_column wpb_content_element\" >\n\t\t<div class=\"wpb_wrapper\">\n\t\t\t<h3 style=\"text-align: center;\"><span style=\"color: #e30613;\"><strong>Prevenci\u00f3n de la violencia basada en g\u00e9nero y violencia sexual<\/strong><\/span><\/h3>\n\n\t\t<\/div>\n\t<\/div>\n<\/div><\/div><\/div><\/div><div class=\"vc_row wpb_row vc_inner vc_row-fluid\"><div class=\"vc_ col-sm-12\"><div class=\"vc_column-inner\"><div class=\"wpb_wrapper\">\n\t<div class=\"wpb_text_column wpb_content_element\" >\n\t\t<div class=\"wpb_wrapper\">\n\t\t\t\n\n\t\t<\/div>\n\t<\/div>\n<\/div><\/div><\/div><\/div><div class=\"vc_row wpb_row vc_inner vc_row-fluid\"><div class=\"vc_ col-sm-12\"><div class=\"vc_column-inner\"><div class=\"wpb_wrapper\">\n\t<div class=\"wpb_text_column wpb_content_element\" >\n\t\t<div class=\"wpb_wrapper\">\n\t\t\t<p style=\"text-align: justify;\">La prevenci\u00f3n de las violencias basadas en g\u00e9nero es decisiva para suscitar la igualdad y la seguridad en las colectividades, por ello, el 18 de noviembre de 2024 se derog\u00f3 el acuerdo 012 y se actualizo por el acuerdo 2013, por el cual La Fundaci\u00f3n Universitaria Navarra \u2013 UNINAVARRA, adopta el nuevo Protocolo para la prevenci\u00f3n, detecci\u00f3n, atenci\u00f3n y sanci\u00f3n en casos de Violencia Basada en G\u00e9nero y Violencia Sexual, en marcado en las acciones de equidad, inclusi\u00f3n, diversidad e interculturalidad de la Fundaci\u00f3n Universitaria Navarra -UNINAVARRA-.<\/p>\n<p style=\"text-align: justify;\">Bienestar Universitario y Egresados en articulaci\u00f3n con los Consejos de Facultad, Consultorio Jur\u00eddico y Centro de Conciliaci\u00f3n Martin Luther King y el \u00e1rea de Talento Humano, les apuesta a acciones efectivas desde la promoci\u00f3n de relaciones saludables y respetuosas, la capacitaci\u00f3n en habilidades de comunicaci\u00f3n y resoluci\u00f3n de conflictos, la implementaci\u00f3n de pol\u00edticas tales como protocolo institucional contra el acoso y la violencia, y el fortalecimiento de los sistemas de apoyo para las v\u00edctimas. Adem\u00e1s de las pr\u00e1cticas de no repetici\u00f3n, reconciliaci\u00f3n y perd\u00f3n.<\/p>\n<p style=\"text-align: justify;\">Te invitamos a que conozcas la Ruta para la Prevenci\u00f3n, Detecci\u00f3n, Atenci\u00f3n y Sanci\u00f3n en casos de Violencia Basada en Genero y Violencia Sexual del acuerdo 013, para que juntos fomentemos una cultura de paz, basada en el respeto, la tolerancia e igualdad.<\/p>\n<p style=\"text-align: justify;\">Denuncia tu caso, a apoya a las personas que experimentan violencia de g\u00e9nero, activando la ruta de atenci\u00f3n a trav\u00e9s de la l\u00ednea con\u00e9ctate con la vida 3173186289 o a trav\u00e9s del correo electr\u00f3nico <a href=\"mailto:botonpurpura@uninavarra.edu.co\" target=\"_blank\" rel=\"noopener\">botonpurpura@uninavarra.edu.co<\/a><\/p>\n\n\t\t<\/div>\n\t<\/div>\n<\/div><\/div><\/div><\/div><div class=\"vc_row wpb_row vc_inner vc_row-fluid\"><div class=\"vc_ col-sm-12\"><div class=\"vc_column-inner\"><div class=\"wpb_wrapper\"><div class=\"vc_btn3-container vc_btn3-center vc_do_btn\" ><a class=\"vc_general vc_btn3 vc_btn3-size-lg vc_btn3-shape-rounded vc_btn3-style-modern vc_btn3-icon-left vc_btn3-color-navarra\" href=\"https:\/\/uninavarra.edu.co\/wp-content\/uploads\/2025\/02\/Acuerdo-013-Actualizacion-Protocolo-Atencion-VBG-VSX.pdf\" title=\"\"><i class=\"vc_btn3-icon fas fa-gavel\"><\/i> Acuerdo 013: Protocolo de Violencia Sexual y de G\u00e9nero<\/a><\/div><\/div><\/div><\/div><\/div><div class=\"vc_row wpb_row vc_inner vc_row-fluid\"><div class=\"vc_ col-sm-2\"><div class=\"vc_column-inner\"><div class=\"wpb_wrapper\"><\/div><\/div><\/div><div class=\"vc_ col-sm-8\"><div class=\"vc_column-inner\"><div class=\"wpb_wrapper\"><div class=\"wpb_single_image wpb_content_element vc_align_center\">\n\t\t<div class=\"wpb_wrapper\">\n\t\t\t\n\t\t\t<a href=\"https:\/\/uninavarra.edu.co\/wp-content\/uploads\/2025\/03\/ruta-de-atencion-1-scaled.jpg\" target=\"_self\"><img loading=\"lazy\" decoding=\"async\" width=\"1768\" height=\"2560\" src=\"https:\/\/uninavarra.edu.co\/wp-content\/uploads\/2025\/03\/ruta-de-atencion-1-scaled.jpg\" class=\" vc_box_border_grey attachment-full\" alt=\"Ruta de atenci\u00f3n en casos de violencia basada genero y violencia sexual\" title=\"Ruta de atenci\u00f3n en casos de violencia basada genero y violencia sexual\" srcset=\"https:\/\/uninavarra.edu.co\/wp-content\/uploads\/2025\/03\/ruta-de-atencion-1-scaled.jpg 1768w, https:\/\/uninavarra.edu.co\/wp-content\/uploads\/2025\/03\/ruta-de-atencion-1-207x300.jpg 207w, https:\/\/uninavarra.edu.co\/wp-content\/uploads\/2025\/03\/ruta-de-atencion-1-707x1024.jpg 707w, https:\/\/uninavarra.edu.co\/wp-content\/uploads\/2025\/03\/ruta-de-atencion-1-104x150.jpg 104w, https:\/\/uninavarra.edu.co\/wp-content\/uploads\/2025\/03\/ruta-de-atencion-1-768x1112.jpg 768w, https:\/\/uninavarra.edu.co\/wp-content\/uploads\/2025\/03\/ruta-de-atencion-1-1061x1536.jpg 1061w, https:\/\/uninavarra.edu.co\/wp-content\/uploads\/2025\/03\/ruta-de-atencion-1-1414x2048.jpg 1414w, https:\/\/uninavarra.edu.co\/wp-content\/uploads\/2025\/03\/ruta-de-atencion-1-8x12.jpg 8w\" sizes=\"(max-width: 1768px) 100vw, 1768px\" \/><\/a>\n\t\t<\/div> \n\t<\/div><\/div><\/div><\/div><div class=\"vc_ col-sm-2\"><div class=\"vc_column-inner\"><div class=\"wpb_wrapper\"><\/div><\/div><\/div><\/div><div class=\"vc_row wpb_row vc_inner vc_row-fluid\"><div class=\"vc_ col-sm-12\"><div class=\"vc_column-inner\"><div class=\"wpb_wrapper\">\n\t<div class=\"wpb_text_column wpb_content_element\" >\n\t\t<div class=\"wpb_wrapper\">\n\t\t\t<h3 style=\"text-align: center;\"><span style=\"color: #e30613;\"><strong>P\u00edldoras prevenci\u00f3n de violencias basadas en g\u00e9nero<\/strong><\/span><\/h3>\n\n\t\t<\/div>\n\t<\/div>\n<\/div><\/div><\/div><\/div><div class=\"vc_row wpb_row vc_inner vc_row-fluid\"><div class=\"vc_ col-sm-2\"><div class=\"vc_column-inner\"><div class=\"wpb_wrapper\"><\/div><\/div><\/div><div class=\"vc_ col-sm-8\"><div class=\"vc_column-inner\"><div class=\"wpb_wrapper\"><div class=\"wpb_single_image wpb_content_element vc_align_center\">\n\t\t<div class=\"wpb_wrapper\">\n\t\t\t\n\t\t\t<a href=\"https:\/\/uninavarra.edu.co\/wp-content\/uploads\/2025\/09\/Pildora-violencia-de-genero-2025-2-scaled.png\" target=\"_self\"><img loading=\"lazy\" decoding=\"async\" width=\"1048\" height=\"2560\" src=\"https:\/\/uninavarra.edu.co\/wp-content\/uploads\/2025\/09\/Pildora-violencia-de-genero-2025-2-scaled.png\" class=\" vc_box_border_grey attachment-full\" alt=\"Pildora violencia de genero 2025-2\" title=\"Pildora violencia de genero 2025-2\" srcset=\"https:\/\/uninavarra.edu.co\/wp-content\/uploads\/2025\/09\/Pildora-violencia-de-genero-2025-2-scaled.png 1048w, https:\/\/uninavarra.edu.co\/wp-content\/uploads\/2025\/09\/Pildora-violencia-de-genero-2025-2-123x300.png 123w, https:\/\/uninavarra.edu.co\/wp-content\/uploads\/2025\/09\/Pildora-violencia-de-genero-2025-2-419x1024.png 419w, https:\/\/uninavarra.edu.co\/wp-content\/uploads\/2025\/09\/Pildora-violencia-de-genero-2025-2-61x150.png 61w, https:\/\/uninavarra.edu.co\/wp-content\/uploads\/2025\/09\/Pildora-violencia-de-genero-2025-2-768x1875.png 768w, https:\/\/uninavarra.edu.co\/wp-content\/uploads\/2025\/09\/Pildora-violencia-de-genero-2025-2-629x1536.png 629w, https:\/\/uninavarra.edu.co\/wp-content\/uploads\/2025\/09\/Pildora-violencia-de-genero-2025-2-839x2048.png 839w, https:\/\/uninavarra.edu.co\/wp-content\/uploads\/2025\/09\/Pildora-violencia-de-genero-2025-2-5x12.png 5w\" sizes=\"(max-width: 1048px) 100vw, 1048px\" \/><\/a>\n\t\t<\/div> \n\t<\/div><\/div><\/div><\/div><div class=\"vc_ col-sm-2\"><div class=\"vc_column-inner\"><div class=\"wpb_wrapper\"><\/div><\/div><\/div><\/div><\/div><\/div><div class=\"vc_tta-panel\" id=\"1731433831478-6d35543a-212a\" data-vc-content=\".vc_tta-panel-body\"><div class=\"vc_tta-panel-heading\"><h4 class=\"vc_tta-panel-title\"><a href=\"#1731433831478-6d35543a-212a\" data-vc-accordion data-vc-container=\".vc_tta-container\"><span class=\"vc_tta-title-text\">Casos de violencia basada en g\u00e9nero y violencia sexual<\/span><\/a><\/h4><\/div><div class=\"vc_tta-panel-body\"><div class=\"vc_row wpb_row vc_inner vc_row-fluid\"><div class=\"vc_ col-sm-12\"><div class=\"vc_column-inner\"><div class=\"wpb_wrapper\">\n\t<div class=\"wpb_text_column wpb_content_element\" >\n\t\t<div class=\"wpb_wrapper\">\n\t\t\t<h3 style=\"text-align: center;\"><span style=\"color: #e30613;\"><strong>Casos de\u00a0violencia basada en g\u00e9nero y violencia sexual<\/strong><\/span><\/h3>\n\n\t\t<\/div>\n\t<\/div>\n<\/div><\/div><\/div><\/div><div class=\"vc_row wpb_row vc_inner vc_row-fluid\"><div class=\"vc_ col-sm-12\"><div class=\"vc_column-inner\"><div class=\"wpb_wrapper\">\n\t<div class=\"wpb_raw_code wpb_raw_html wpb_content_element\" >\n\t\t<div class=\"wpb_wrapper\">\n\t\t\t<iframe width=\"800\" height=\"600\" src=\"https:\/\/lookerstudio.google.com\/embed\/reporting\/c3a876e7-ca1a-4872-b83d-d9a11f015352\/page\/G4HOE\" frameborder=\"0\" style=\"border:0\" allowfullscreen sandbox=\"allow-storage-access-by-user-activation allow-scripts allow-same-origin allow-popups allow-popups-to-escape-sandbox\"><\/iframe>\n\t\t<\/div>\n\t<\/div>\n<\/div><\/div><\/div><\/div><div class=\"vc_row wpb_row vc_inner vc_row-fluid\"><div class=\"vc_ col-sm-12\"><div class=\"vc_column-inner\"><div class=\"wpb_wrapper\"><div class=\"vc_btn3-container vc_btn3-center vc_do_btn\" ><a class=\"vc_general vc_btn3 vc_btn3-size-md vc_btn3-shape-rounded vc_btn3-style-modern vc_btn3-color-navarra\" href=\"https:\/\/lookerstudio.google.com\/reporting\/c3a876e7-ca1a-4872-b83d-d9a11f015352\" title=\"\" target=\"_blank\">Ver en pantalla completa<\/a><\/div><\/div><\/div><\/div><\/div><\/div><\/div><div class=\"vc_tta-panel\" id=\"1712090396960-48812383-a6ee\" data-vc-content=\".vc_tta-panel-body\"><div class=\"vc_tta-panel-heading\"><h4 class=\"vc_tta-panel-title\"><a href=\"#1712090396960-48812383-a6ee\" data-vc-accordion data-vc-container=\".vc_tta-container\"><span class=\"vc_tta-title-text\">Arteterapia<\/span><\/a><\/h4><\/div><div class=\"vc_tta-panel-body\"><div class=\"vc_row wpb_row vc_inner vc_row-fluid\"><div class=\"vc_ col-sm-12\"><div class=\"vc_column-inner\"><div class=\"wpb_wrapper\">\n\t<div class=\"wpb_text_column wpb_content_element\" >\n\t\t<div class=\"wpb_wrapper\">\n\t\t\t<h3 style=\"text-align: center;\"><span style=\"color: #e30613;\"><strong>\u00a1Bienvenidos a su espacio de Arte-Terapia!<\/strong><\/span><\/h3>\n\n\t\t<\/div>\n\t<\/div>\n<\/div><\/div><\/div><\/div><div class=\"vc_row wpb_row vc_inner vc_row-fluid\"><div class=\"vc_ col-sm-12\"><div class=\"vc_column-inner\"><div class=\"wpb_wrapper\">\n\t<div class=\"wpb_text_column wpb_content_element\" >\n\t\t<div class=\"wpb_wrapper\">\n\t\t\t\n\n\t\t<\/div>\n\t<\/div>\n<\/div><\/div><\/div><\/div><div class=\"vc_row wpb_row vc_inner vc_row-fluid\"><div class=\"vc_ col-sm-12\"><div class=\"vc_column-inner\"><div class=\"wpb_wrapper\">\n\t<div class=\"wpb_text_column wpb_content_element\" >\n\t\t<div class=\"wpb_wrapper\">\n\t\t\t<p style=\"text-align: justify;\">Te invitamos a mejorar la salud f\u00edsica, mental y emocional a trav\u00e9s de actividades creativas, en la que las personas pueden expresar y liberar sus emociones por medio de diferentes materiales, t\u00e9cnicas y procedimientos y disminuir sus niveles de ansiedad y estr\u00e9s, fortalecer las relaciones interpersonales, la autoestima, el proceso de aprendizaje, adaptarse a la vida universitaria, desarrollar la autoconfianza, la creatividad y las habilidades comunicativas, mediante el desarrollo de cuatro m\u00f3dulos:<\/p>\n<ul>\n<li style=\"font-size: 16px; text-align: justify;\"><strong>Pinturoterapia:<\/strong> permite gestionar las emociones y el autoconocimiento.<\/li>\n<li style=\"font-size: 16px; text-align: justify;\"><strong>Musicoterapia:<\/strong> ayuda a promover el desarrollo de funciones cognitivas, emocionales y f\u00edsicas.<\/li>\n<li style=\"font-size: 16px; text-align: justify;\"><strong>Danzaterapia:<\/strong> fortalece el desarrollo de una autoimagen positiva; permitiendo mejorar la autoestima y la seguridad personal.<\/li>\n<li style=\"font-size: 16px; text-align: justify;\"><strong>Teatroterapia:<\/strong> gestiona el desarrollo personal,\u00a0actuando como una herramienta de control de la ansiedad y logrando una desinhibici\u00f3n que aumenta la seguridad de uno mismo.<\/li>\n<\/ul>\n\n\t\t<\/div>\n\t<\/div>\n<\/div><\/div><\/div><\/div><div class=\"vc_row wpb_row vc_inner vc_row-fluid\"><div class=\"vc_ col-sm-12\"><div class=\"vc_column-inner\"><div class=\"wpb_wrapper\">\n\t<div class=\"wpb_text_column wpb_content_element\" >\n\t\t<div class=\"wpb_wrapper\">\n\t\t\t<h3 style=\"text-align: center;\"><span style=\"color: #e30613;\"><strong>Artes pl\u00e1sticas<\/strong><\/span><\/h3>\n\n\t\t<\/div>\n\t<\/div>\n<\/div><\/div><\/div><\/div><div class=\"vc_row wpb_row vc_inner vc_row-fluid\"><div class=\"vc_ col-sm-12\"><div class=\"vc_column-inner\"><div class=\"wpb_wrapper\"><div class=\"vc_btn3-container vc_btn3-center vc_do_btn\" ><a class=\"vc_general vc_btn3 vc_btn3-size-md vc_btn3-shape-rounded vc_btn3-style-modern vc_btn3-color-navarra\" href=\"https:\/\/uninavarra.edu.co\/wp-content\/uploads\/2026\/02\/Arteterapia.png\" title=\"\">M\u00e1s informaci\u00f3n<\/a><\/div><\/div><\/div><\/div><\/div><div class=\"vc_row wpb_row vc_inner vc_row-fluid\"><div class=\"vc_ col-sm-12\"><div class=\"vc_column-inner\"><div class=\"wpb_wrapper\">\n\t<div class=\"wpb_text_column wpb_content_element\" >\n\t\t<div class=\"wpb_wrapper\">\n\t\t\t<h3 style=\"text-align: center;\"><span style=\"color: #e30613;\"><strong>Teatro terapia<\/strong><\/span><\/h3>\n\n\t\t<\/div>\n\t<\/div>\n<\/div><\/div><\/div><\/div><div class=\"vc_row wpb_row vc_inner vc_row-fluid\"><div class=\"vc_ col-sm-12\"><div class=\"vc_column-inner\"><div class=\"wpb_wrapper\">\n\t<div class=\"wpb_text_column wpb_content_element\" >\n\t\t<div class=\"wpb_wrapper\">\n\t\t\t\n\n\t\t<\/div>\n\t<\/div>\n<\/div><\/div><\/div><\/div><div class=\"vc_row wpb_row vc_inner vc_row-fluid\"><div class=\"vc_ col-sm-12\"><div class=\"vc_column-inner\"><div class=\"wpb_wrapper\"><div class=\"vc_btn3-container vc_btn3-center vc_do_btn\" ><a class=\"vc_general vc_btn3 vc_btn3-size-md vc_btn3-shape-rounded vc_btn3-style-modern vc_btn3-color-navarra\" href=\"https:\/\/uninavarra.edu.co\/wp-content\/uploads\/2026\/02\/Teatroterapia.png\" title=\"\">M\u00e1s informaci\u00f3n<\/a><\/div><\/div><\/div><\/div><\/div><div class=\"vc_row wpb_row vc_inner vc_row-fluid\"><div class=\"vc_ col-sm-12\"><div class=\"vc_column-inner\"><div class=\"wpb_wrapper\">\n\t<div class=\"wpb_text_column wpb_content_element\" >\n\t\t<div class=\"wpb_wrapper\">\n\t\t\t<h3 style=\"text-align: center;\"><span style=\"color: #e30613;\"><strong>Danza terapia<\/strong><\/span><\/h3>\n\n\t\t<\/div>\n\t<\/div>\n<\/div><\/div><\/div><\/div><div class=\"vc_row wpb_row vc_inner vc_row-fluid\"><div class=\"vc_ col-sm-12\"><div class=\"vc_column-inner\"><div class=\"wpb_wrapper\">\n\t<div class=\"wpb_text_column wpb_content_element\" >\n\t\t<div class=\"wpb_wrapper\">\n\t\t\t\n\n\t\t<\/div>\n\t<\/div>\n<\/div><\/div><\/div><\/div><div class=\"vc_row wpb_row vc_inner vc_row-fluid\"><div class=\"vc_ col-sm-12\"><div class=\"vc_column-inner\"><div class=\"wpb_wrapper\"><div class=\"vc_btn3-container vc_btn3-center vc_do_btn\" ><a class=\"vc_general vc_btn3 vc_btn3-size-md vc_btn3-shape-rounded vc_btn3-style-modern vc_btn3-color-navarra\" href=\"https:\/\/uninavarra.edu.co\/wp-content\/uploads\/2026\/02\/Danzatarapia.png\" title=\"\">M\u00e1s informaci\u00f3n<\/a><\/div><\/div><\/div><\/div><\/div><div class=\"vc_row wpb_row vc_inner vc_row-fluid\"><div class=\"vc_ col-sm-12\"><div class=\"vc_column-inner\"><div class=\"wpb_wrapper\">\n\t<div class=\"wpb_text_column wpb_content_element\" >\n\t\t<div class=\"wpb_wrapper\">\n\t\t\t<h3 style=\"text-align: center;\"><span style=\"color: #e30613;\"><strong>M\u00fasico terapia<\/strong><\/span><\/h3>\n\n\t\t<\/div>\n\t<\/div>\n<\/div><\/div><\/div><\/div><div class=\"vc_row wpb_row vc_inner vc_row-fluid\"><div class=\"vc_ col-sm-12\"><div class=\"vc_column-inner\"><div class=\"wpb_wrapper\"><div class=\"vc_btn3-container vc_btn3-center vc_do_btn\" ><a class=\"vc_general vc_btn3 vc_btn3-size-md vc_btn3-shape-rounded vc_btn3-style-modern vc_btn3-color-navarra\" href=\"https:\/\/uninavarra.edu.co\/wp-content\/uploads\/2025\/08\/musicoterapa-2025-3.jpeg\" title=\"\">M\u00e1s informaci\u00f3n<\/a><\/div><\/div><\/div><\/div><\/div><div class=\"vc_row wpb_row vc_inner vc_row-fluid\"><div class=\"vc_ col-sm-6\"><div class=\"vc_column-inner\"><div class=\"wpb_wrapper\"><section ><div id=vc-pricing-table-69efb83733dfd class=\"vc_general wpb-pricing-table vc_custom_1770843703441 vc_do_pricing_table\"><h3 class=\"wpb-plan-title\">Artes pl\u00e1sticas<\/h2><p class=\"wpb-plan-description\"><\/p><div class=\"wpb-price-container\"><sup class=\"wpb-currency\"><\/sup><strong class=\"wpb-price\"><\/strong><sub class=\"wpb-period\"><\/sub><\/div><div class=\"vc_btn3-container vc_btn3-center vc_do_btn\" ><a class=\"vc_general vc_btn3 vc_btn3-size-md vc_btn3-shape-rounded vc_btn3-style-classic vc_btn3-block vc_btn3-color-navarra\" href=\"https:\/\/uninavarra.edu.co\/wp-content\/uploads\/2026\/02\/Arteterapia.png\" title=\"\">M\u00e1s informaci\u00f3n<\/a><\/div><p><img decoding=\"async\" src=\"https:\/\/uninavarra.edu.co\/wp-content\/uploads\/2026\/02\/Arteterapia.png\" \/><\/p>\n<\/div><\/section><style>#vc-pricing-table-69efb83733dfd .wpb-plan-features li::before {  content: \"\";  display: inline-block;  margin: 0 10px 0 0; width: 18px;  height: 18px;  vertical-align: middle;  background: url(\"data:image\/svg+xml,%3Csvg xmlns='http:\/\/www.w3.org\/2000\/svg' width='22px' height='22px' viewBox='0 0 22 22' version='1.1'%3E%3Cg id='Page-1' stroke='none' stroke-width='1' fill='none' fill-rule='evenodd'%3E%3Cg id='Artboard' transform='translate(-472.000000, -546.000000)' fill-rule='nonzero'%3E%3Cg id='wpb-pricing-table-element' transform='translate(445.000000, 222.000000)'%3E%3Cg id='bullet' transform='translate(27.000000, 324.000000)'%3E%3Cpath d='M22,10.9999756 C22,17.0751668 17.0751778,22 11,22 C4.92487111,22 0,17.0751668 0,10.9999756 C0,4.92488206 4.92487111,0 11,0 C17.0751778,0 22,4.92488206 22,10.9999756 Z' id='Path' fill='%23e30613'\/%3E%3Cpolygon id='Path' fill='%23FFFFFF' transform='translate(11.011123, 9.631788) rotate(-45.000000) translate(-11.011123, -9.631788) ' points='8.39375516 6.63178844 8.39375516 10.0231025 16.2371538 10.0231255 16.2371538 12.6317884 5.78509217 12.6317133 5.78509217 6.63178844'\/%3E%3C\/g%3E%3C\/g%3E%3C\/g%3E%3C\/g%3E%3C\/svg%3E\") center no-repeat;  background-size: 18px; }<\/style><\/div><\/div><\/div><div class=\"vc_ col-sm-6\"><div class=\"vc_column-inner\"><div class=\"wpb_wrapper\"><section ><div id=vc-pricing-table-69efb83734060 class=\"vc_general wpb-pricing-table vc_custom_1770844365430 vc_do_pricing_table\"><h3 class=\"wpb-plan-title\">Danza-terapia<\/h2><p class=\"wpb-plan-description\"><\/p><div class=\"wpb-price-container\"><sup class=\"wpb-currency\"><\/sup><strong class=\"wpb-price\"><\/strong><sub class=\"wpb-period\"><\/sub><\/div><div class=\"vc_btn3-container vc_btn3-center vc_do_btn\" ><a class=\"vc_general vc_btn3 vc_btn3-size-md vc_btn3-shape-rounded vc_btn3-style-classic vc_btn3-block vc_btn3-color-navarra\" href=\"https:\/\/uninavarra.edu.co\/wp-content\/uploads\/2026\/02\/Danzatarapia.png\" title=\"\">M\u00e1s informaci\u00f3n<\/a><\/div><p><img decoding=\"async\" style=\"max-height: 50%;\" src=\"https:\/\/uninavarra.edu.co\/wp-content\/uploads\/2026\/02\/Danzatarapia.png\" alt=\"Danzaterapia-1\" \/><\/p>\n<\/div><\/section><style>#vc-pricing-table-69efb83734060 .wpb-plan-features li::before {  content: \"\";  display: inline-block;  margin: 0 10px 0 0; width: 18px;  height: 18px;  vertical-align: middle;  background: url(\"data:image\/svg+xml,%3Csvg xmlns='http:\/\/www.w3.org\/2000\/svg' width='22px' height='22px' viewBox='0 0 22 22' version='1.1'%3E%3Cg id='Page-1' stroke='none' stroke-width='1' fill='none' fill-rule='evenodd'%3E%3Cg id='Artboard' transform='translate(-472.000000, -546.000000)' fill-rule='nonzero'%3E%3Cg id='wpb-pricing-table-element' transform='translate(445.000000, 222.000000)'%3E%3Cg id='bullet' transform='translate(27.000000, 324.000000)'%3E%3Cpath d='M22,10.9999756 C22,17.0751668 17.0751778,22 11,22 C4.92487111,22 0,17.0751668 0,10.9999756 C0,4.92488206 4.92487111,0 11,0 C17.0751778,0 22,4.92488206 22,10.9999756 Z' id='Path' fill='%23e30613'\/%3E%3Cpolygon id='Path' fill='%23FFFFFF' transform='translate(11.011123, 9.631788) rotate(-45.000000) translate(-11.011123, -9.631788) ' points='8.39375516 6.63178844 8.39375516 10.0231025 16.2371538 10.0231255 16.2371538 12.6317884 5.78509217 12.6317133 5.78509217 6.63178844'\/%3E%3C\/g%3E%3C\/g%3E%3C\/g%3E%3C\/g%3E%3C\/svg%3E\") center no-repeat;  background-size: 18px; }<\/style><\/div><\/div><\/div><\/div><div class=\"vc_row wpb_row vc_inner vc_row-fluid\"><div class=\"vc_ col-sm-6\"><div class=\"vc_column-inner\"><div class=\"wpb_wrapper\"><section ><div id=vc-pricing-table-69efb83734463 class=\"vc_general wpb-pricing-table vc_custom_1755293433510 vc_do_pricing_table\"><h3 class=\"wpb-plan-title\">Musico-terapia<\/h2><p class=\"wpb-plan-description\"><\/p><div class=\"wpb-price-container\"><sup class=\"wpb-currency\"><\/sup><strong class=\"wpb-price\"><\/strong><sub class=\"wpb-period\"><\/sub><\/div><div class=\"vc_btn3-container vc_btn3-center vc_do_btn\" ><a class=\"vc_general vc_btn3 vc_btn3-size-md vc_btn3-shape-rounded vc_btn3-style-classic vc_btn3-block vc_btn3-color-navarra\" href=\"https:\/\/uninavarra.edu.co\/wp-content\/uploads\/2025\/08\/musicoterapa-2025-3.jpeg\" title=\"\">M\u00e1s informaci\u00f3n<\/a><\/div><p><img decoding=\"async\" src=\"https:\/\/uninavarra.edu.co\/wp-content\/uploads\/2025\/08\/musicoterapa-2025-3.jpeg\" \/><\/p>\n<\/div><\/section><style>#vc-pricing-table-69efb83734463 .wpb-plan-features li::before {  content: \"\";  display: inline-block;  margin: 0 10px 0 0; width: 18px;  height: 18px;  vertical-align: middle;  background: url(\"data:image\/svg+xml,%3Csvg xmlns='http:\/\/www.w3.org\/2000\/svg' width='22px' height='22px' viewBox='0 0 22 22' version='1.1'%3E%3Cg id='Page-1' stroke='none' stroke-width='1' fill='none' fill-rule='evenodd'%3E%3Cg id='Artboard' transform='translate(-472.000000, -546.000000)' fill-rule='nonzero'%3E%3Cg id='wpb-pricing-table-element' transform='translate(445.000000, 222.000000)'%3E%3Cg id='bullet' transform='translate(27.000000, 324.000000)'%3E%3Cpath d='M22,10.9999756 C22,17.0751668 17.0751778,22 11,22 C4.92487111,22 0,17.0751668 0,10.9999756 C0,4.92488206 4.92487111,0 11,0 C17.0751778,0 22,4.92488206 22,10.9999756 Z' id='Path' fill='%23e30613'\/%3E%3Cpolygon id='Path' fill='%23FFFFFF' transform='translate(11.011123, 9.631788) rotate(-45.000000) translate(-11.011123, -9.631788) ' points='8.39375516 6.63178844 8.39375516 10.0231025 16.2371538 10.0231255 16.2371538 12.6317884 5.78509217 12.6317133 5.78509217 6.63178844'\/%3E%3C\/g%3E%3C\/g%3E%3C\/g%3E%3C\/g%3E%3C\/svg%3E\") center no-repeat;  background-size: 18px; }<\/style><\/div><\/div><\/div><div class=\"vc_ col-sm-6\"><div class=\"vc_column-inner\"><div class=\"wpb_wrapper\"><section ><div id=vc-pricing-table-69efb83734789 class=\"vc_general wpb-pricing-table vc_custom_1770845123767 vc_do_pricing_table\"><h3 class=\"wpb-plan-title\">Teatro-terapia<\/h2><p class=\"wpb-plan-description\"><\/p><div class=\"wpb-price-container\"><sup class=\"wpb-currency\"><\/sup><strong class=\"wpb-price\"><\/strong><sub class=\"wpb-period\"><\/sub><\/div><div class=\"vc_btn3-container vc_btn3-center vc_do_btn\" ><a class=\"vc_general vc_btn3 vc_btn3-size-md vc_btn3-shape-rounded vc_btn3-style-classic vc_btn3-block vc_btn3-color-navarra\" href=\"https:\/\/uninavarra.edu.co\/wp-content\/uploads\/2026\/02\/Teatroterapia.png\" title=\"\">M\u00e1s informaci\u00f3n<\/a><\/div><p><img decoding=\"async\" style=\"height: 650px;\" src=\"https:\/\/uninavarra.edu.co\/wp-content\/uploads\/2026\/02\/Teatroterapia.png\" alt=\"TEATROTERAPIA\" \/><\/p>\n<\/div><\/section><style>#vc-pricing-table-69efb83734789 .wpb-plan-features li::before {  content: \"\";  display: inline-block;  margin: 0 10px 0 0; width: 18px;  height: 18px;  vertical-align: middle;  background: url(\"data:image\/svg+xml,%3Csvg xmlns='http:\/\/www.w3.org\/2000\/svg' width='22px' height='22px' viewBox='0 0 22 22' version='1.1'%3E%3Cg id='Page-1' stroke='none' stroke-width='1' fill='none' fill-rule='evenodd'%3E%3Cg id='Artboard' transform='translate(-472.000000, -546.000000)' fill-rule='nonzero'%3E%3Cg id='wpb-pricing-table-element' transform='translate(445.000000, 222.000000)'%3E%3Cg id='bullet' transform='translate(27.000000, 324.000000)'%3E%3Cpath d='M22,10.9999756 C22,17.0751668 17.0751778,22 11,22 C4.92487111,22 0,17.0751668 0,10.9999756 C0,4.92488206 4.92487111,0 11,0 C17.0751778,0 22,4.92488206 22,10.9999756 Z' id='Path' fill='%23e30613'\/%3E%3Cpolygon id='Path' fill='%23FFFFFF' transform='translate(11.011123, 9.631788) rotate(-45.000000) translate(-11.011123, -9.631788) ' points='8.39375516 6.63178844 8.39375516 10.0231025 16.2371538 10.0231255 16.2371538 12.6317884 5.78509217 12.6317133 5.78509217 6.63178844'\/%3E%3C\/g%3E%3C\/g%3E%3C\/g%3E%3C\/g%3E%3C\/svg%3E\") center no-repeat;  background-size: 18px; }<\/style><\/div><\/div><\/div><\/div><\/div><\/div><\/div><\/div><\/div><\/div>\n\t\t<\/div> \n\t<\/div><\/div><\/div><\/div><div class=\"wpb-container \"><div class=\"container\"><div class=\"vc_row wpb_row vc_row-fluid row \"><div class=\"col-sm-12  vc_\">\n\t\t<div class=\"wpb_wrapper \">\n\t\t\t\n\t<div class=\"wpb_raw_code wpb_raw_html wpb_content_element\" >\n\t\t<div class=\"wpb_wrapper\">\n\t\t\t<style>\n\/****** Contenedor de botones (alineados en columna) *****\/\n#botones-flotantes {\n    position: fixed;\n    left: 10px;\n    top: 60%;\n    z-index: 10100;\n    display: flex;\n    flex-direction: column;\n    gap: 10px;\n}\n\n\/****** Estilos base para ambos botones *****\/\n.boton-flotante {\n    position: relative;\n    display: flex;\n    align-items: center;\n    text-decoration: none;\n    color: white;\n    border-radius: 25px;\n    padding: 0 12px 0 45px;\n    font-size: 12px;\n    line-height: 40px;\n    white-space: nowrap;\n    transition: all 0.3s ease;\n    box-shadow: 0 4px 15px rgba(0, 0, 0, 0.2);\n}\n\n.boton-flotante:hover {\n    transform: translateX(5px);\n    box-shadow: 0 6px 20px rgba(0, 0, 0, 0.25);\n}\n\n\/****** \u00cdconos (Circulares) ******\/\n.boton-icono {\n    width: 40px;\n    height: 40px;\n    border-radius: 50%;\n    display: flex;\n    align-items: center;\n    justify-content: center;\n    font-size: 20px;\n    position: absolute;\n    left: 0;\n    z-index: 2;\n    transition: all 0.3s ease;\n}\n\n.boton-icono i {\n    animation: pulsar 2s infinite;\n}\n\n@keyframes pulsar {\n    0% { transform: scale(1); }\n    50% { transform: scale(1.2); }\n    100% { transform: scale(1); }\n}\n\n\/****** Bot\u00f3n Verde (WhatsApp) ******\/\n#boton-whatsapp {\n    background: linear-gradient(45deg, #25d366, #128C7E);\n    color: #FFFFFF;\n}\n#boton-whatsapp .boton-icono {\n    background: linear-gradient(45deg, #25d366, #128C7E);\n    color: #FFFFFF;\n}\n#boton-whatsapp:hover {\n    background: linear-gradient(45deg, #128C7E, #25d366);\n}\n\n\/****** Bot\u00f3n P\u00farpura (Violencia de G\u00e9nero) ******\/\n#boton-vbg {\n    background: linear-gradient(45deg, #9b59b6, #8e44ad);\n    color: #FFFFFF;\n}\n#boton-vbg .boton-icono {\n    background: linear-gradient(45deg, #9b59b6, #8e44ad);\n    color: #FFFFFF;\n}\n#boton-vbg:hover {\n    background: linear-gradient(45deg, #8e44ad, #9b59b6);\n}\n\n\/****** Estilos para el popup y fondo oscuro ******\/\n#popup-fondo {\n    display: none;\n    position: fixed;\n    top: 0;\n    left: 0;\n    width: 100%;\n    height: 100%;\n    background-color: rgba(0, 0, 0, 0.7);\n    z-index: 10200;\n    backdrop-filter: blur(3px);\n}\n\n#popup {\n    display: none;\n    position: fixed;\n    top: 50%;\n    left: 50%;\n    transform: translate(-50%, -50%);\n    background-color: white;\n    padding: 20px;\n    border-radius: 15px;\n    z-index: 10300;\n    max-width: 90%;\n    text-align: center;\n    box-shadow: 0 10px 30px rgba(0, 0, 0, 0.3);\n}\n\n#popup img {\n    max-width: 100%;\n    height: auto;\n    margin-bottom: 15px;\n    border-radius: 10px;\n}\n\n#popup button {\n    background: linear-gradient(45deg, #9b59b6, #8e44ad);\n    color: white;\n    border: none;\n    padding: 10px 25px;\n    border-radius: 25px;\n    cursor: pointer;\n    font-size: 16px;\n    transition: all 0.3s ease;\n    box-shadow: 0 4px 15px rgba(142, 68, 173, 0.3);\n}\n\n#popup button:hover {\n    transform: translateY(-2px);\n    box-shadow: 0 6px 20px rgba(142, 68, 173, 0.4);\n}\n\n\/****** Ocultar el texto en m\u00f3viles (solo mostrar iconos) ******\/\n@media screen and (max-width: 1670px) {\n    .boton-flotante span {\n        display: none;\n    }\n    .boton-flotante {\n        padding: 0;\n        width: 40px;\n        height: 40px;\n    }\n    .boton-flotante:hover {\n        transform: scale(1.1);\n    }\n}\n\n<\/style>\n\t\t<\/div>\n\t<\/div>\n\n\t<div class=\"wpb_raw_code wpb_raw_html wpb_content_element\" >\n\t\t<div class=\"wpb_wrapper\">\n\t\t\t<div id=\"botones-flotantes\">\n    <!-- Bot\u00f3n WhatsApp -->\n    <a id=\"boton-whatsapp\" href=\"https:\/\/wa.me\/573173186289?text=Hola,%20me%20gustar\u00eda%20recibir%20apoyo.%20\u00bfPodr\u00edan%20ayudarme?\" target=\"_blank\" class=\"boton-flotante\">\n        <div class=\"boton-icono\"><i class=\"fas fa-heart\"><\/i><\/div>\n        <span>Chat L\u00ednea Con\u00e9ctate Con La Vida<\/span>\n    <\/a>\n    <!-- Bot\u00f3n P\u00farpura -->\n    <a id=\"boton-vbg\" href=\"javascript:void(0);\" class=\"boton-flotante\" onclick=\"mostrarPopup()\">\n        <div class=\"boton-icono\"><i class=\"fas fa-hand-paper\"><\/i><\/div>\n        <span>Prevenci\u00f3n en Violencia Basada en G\u00e9nero<\/span>\n    <\/a>\n<\/div>\n\n<!-- Fondo oscuro -->\n<div id=\"popup-fondo\" onclick=\"cerrarPopup()\"><\/div>\n\n<!-- Popup -->\n<div id=\"popup\">\n    <img decoding=\"async\" src=\"https:\/\/uninavarra.edu.co\/wp-content\/uploads\/2025\/02\/BOTON-PURPURA-2025-5.jpg\" alt=\"Prevenci\u00f3n Violencia de G\u00e9nero\" width=\"400px\">\n    <button onclick=\"enviarCorreo()\">Registrar Correo<\/button>\n<\/div>\n\t\t<\/div>\n\t<\/div>\n\n\t<div class=\"wpb_raw_code wpb_raw_js\" >\n\t\t<div class=\"wpb_wrapper\">\n\t\t\t<script>\nfunction mostrarPopup() {\n    document.getElementById(\"popup\").style.display = \"block\";\n    document.getElementById(\"popup-fondo\").style.display = \"block\";\n}\n\nfunction cerrarPopup() {\n    document.getElementById(\"popup\").style.display = \"none\";\n    document.getElementById(\"popup-fondo\").style.display = \"none\";\n}\n\nfunction enviarCorreo() {\n    window.location.href = \"mailto:botonpurpura@uninavarra.edu.co?subject=Reporte de un caso de violencia de G\u00e9nero\";\n}\n\n<\/script>\n\t\t<\/div>\n\t<\/div>\n\n\t\t<\/div> \n\t<\/div><\/div><\/div><\/div>\n<\/div>","protected":false},"excerpt":{"rendered":"Auxiliar de enfermer\u00eda","protected":false},"author":1174,"featured_media":41653,"parent":73485,"menu_order":0,"comment_status":"closed","ping_status":"closed","template":"","meta":{"footnotes":""},"categories":[],"tags":[],"class_list":["post-73761","page","type-page","status-publish","has-post-thumbnail","hentry"],"yoast_head":"<!-- This site is optimized with the Yoast SEO plugin v27.4 - https:\/\/yoast.com\/product\/yoast-seo-wordpress\/ -->\n<title>Salud Mental - Uninavarra<\/title>\n<meta name=\"robots\" content=\"index, follow, max-snippet:-1, max-image-preview:large, max-video-preview:-1\" \/>\n<link rel=\"canonical\" href=\"https:\/\/uninavarra.edu.co\/en\/bienestar-universitario\/promocion-y-prevencion-en-salud-fisica-y-mental\/salud-mental\/\" \/>\n<meta property=\"og:locale\" content=\"en_US\" \/>\n<meta property=\"og:type\" content=\"article\" \/>\n<meta property=\"og:title\" content=\"Salud Mental - Uninavarra\" \/>\n<meta property=\"og:url\" content=\"https:\/\/uninavarra.edu.co\/en\/bienestar-universitario\/promocion-y-prevencion-en-salud-fisica-y-mental\/salud-mental\/\" \/>\n<meta property=\"og:site_name\" content=\"Uninavarra\" \/>\n<meta property=\"article:publisher\" content=\"https:\/\/www.facebook.com\/UninavarraEduca\" \/>\n<meta property=\"article:modified_time\" content=\"2026-04-21T16:09:45+00:00\" \/>\n<meta property=\"og:image\" content=\"https:\/\/uninavarra.edu.co\/wp-content\/uploads\/2021\/10\/BANNER-promocion-y-prevencion-2019.jpg\" \/>\n\t<meta property=\"og:image:width\" content=\"2000\" \/>\n\t<meta property=\"og:image:height\" content=\"186\" \/>\n\t<meta property=\"og:image:type\" content=\"image\/jpeg\" \/>\n<meta name=\"twitter:card\" content=\"summary_large_image\" \/>\n<meta name=\"twitter:site\" content=\"@uninavarraeduca\" \/>\n<meta name=\"twitter:label1\" content=\"Est. reading time\" \/>\n\t<meta name=\"twitter:data1\" content=\"7 minutes\" \/>\n<script type=\"application\/ld+json\" class=\"yoast-schema-graph\">{\"@context\":\"https:\\\/\\\/schema.org\",\"@graph\":[{\"@type\":\"WebPage\",\"@id\":\"https:\\\/\\\/uninavarra.edu.co\\\/bienestar-universitario\\\/promocion-y-prevencion-en-salud-fisica-y-mental\\\/salud-mental\\\/\",\"url\":\"https:\\\/\\\/uninavarra.edu.co\\\/bienestar-universitario\\\/promocion-y-prevencion-en-salud-fisica-y-mental\\\/salud-mental\\\/\",\"name\":\"Salud Mental - Uninavarra\",\"isPartOf\":{\"@id\":\"https:\\\/\\\/uninavarra.edu.co\\\/#website\"},\"primaryImageOfPage\":{\"@id\":\"https:\\\/\\\/uninavarra.edu.co\\\/bienestar-universitario\\\/promocion-y-prevencion-en-salud-fisica-y-mental\\\/salud-mental\\\/#primaryimage\"},\"image\":{\"@id\":\"https:\\\/\\\/uninavarra.edu.co\\\/bienestar-universitario\\\/promocion-y-prevencion-en-salud-fisica-y-mental\\\/salud-mental\\\/#primaryimage\"},\"thumbnailUrl\":\"https:\\\/\\\/uninavarra.edu.co\\\/wp-content\\\/uploads\\\/2021\\\/10\\\/BANNER-promocion-y-prevencion-2019.jpg\",\"datePublished\":\"2024-04-02T20:17:53+00:00\",\"dateModified\":\"2026-04-21T16:09:45+00:00\",\"breadcrumb\":{\"@id\":\"https:\\\/\\\/uninavarra.edu.co\\\/bienestar-universitario\\\/promocion-y-prevencion-en-salud-fisica-y-mental\\\/salud-mental\\\/#breadcrumb\"},\"inLanguage\":\"en-US\",\"potentialAction\":[{\"@type\":\"ReadAction\",\"target\":[\"https:\\\/\\\/uninavarra.edu.co\\\/bienestar-universitario\\\/promocion-y-prevencion-en-salud-fisica-y-mental\\\/salud-mental\\\/\"]}]},{\"@type\":\"ImageObject\",\"inLanguage\":\"en-US\",\"@id\":\"https:\\\/\\\/uninavarra.edu.co\\\/bienestar-universitario\\\/promocion-y-prevencion-en-salud-fisica-y-mental\\\/salud-mental\\\/#primaryimage\",\"url\":\"https:\\\/\\\/uninavarra.edu.co\\\/wp-content\\\/uploads\\\/2021\\\/10\\\/BANNER-promocion-y-prevencion-2019.jpg\",\"contentUrl\":\"https:\\\/\\\/uninavarra.edu.co\\\/wp-content\\\/uploads\\\/2021\\\/10\\\/BANNER-promocion-y-prevencion-2019.jpg\",\"width\":2000,\"height\":186,\"caption\":\"banner salud y prevencion de enfermedades\"},{\"@type\":\"BreadcrumbList\",\"@id\":\"https:\\\/\\\/uninavarra.edu.co\\\/bienestar-universitario\\\/promocion-y-prevencion-en-salud-fisica-y-mental\\\/salud-mental\\\/#breadcrumb\",\"itemListElement\":[{\"@type\":\"ListItem\",\"position\":1,\"name\":\"Home\",\"item\":\"https:\\\/\\\/uninavarra.edu.co\\\/\"},{\"@type\":\"ListItem\",\"position\":2,\"name\":\"Bienestar Universitario\",\"item\":\"https:\\\/\\\/uninavarra.edu.co\\\/bienestar-universitario\\\/\"},{\"@type\":\"ListItem\",\"position\":3,\"name\":\"Promoci\u00f3n y Prevenci\u00f3n en Salud Fisica y Mental\",\"item\":\"https:\\\/\\\/uninavarra.edu.co\\\/bienestar-universitario\\\/promocion-y-prevencion-en-salud-fisica-y-mental\\\/\"},{\"@type\":\"ListItem\",\"position\":4,\"name\":\"Salud Mental\"}]},{\"@type\":\"WebSite\",\"@id\":\"https:\\\/\\\/uninavarra.edu.co\\\/#website\",\"url\":\"https:\\\/\\\/uninavarra.edu.co\\\/\",\"name\":\"UNINAVARRA\",\"description\":\"Haz realidad tu deseo de aprender\",\"publisher\":{\"@id\":\"https:\\\/\\\/uninavarra.edu.co\\\/#organization\"},\"potentialAction\":[{\"@type\":\"SearchAction\",\"target\":{\"@type\":\"EntryPoint\",\"urlTemplate\":\"https:\\\/\\\/uninavarra.edu.co\\\/?s={search_term_string}\"},\"query-input\":{\"@type\":\"PropertyValueSpecification\",\"valueRequired\":true,\"valueName\":\"search_term_string\"}}],\"inLanguage\":\"en-US\"},{\"@type\":\"Organization\",\"@id\":\"https:\\\/\\\/uninavarra.edu.co\\\/#organization\",\"name\":\"Fundaci\u00f3n Universitaria Navarra - UNINAVARRA\",\"url\":\"https:\\\/\\\/uninavarra.edu.co\\\/\",\"logo\":{\"@type\":\"ImageObject\",\"inLanguage\":\"en-US\",\"@id\":\"https:\\\/\\\/uninavarra.edu.co\\\/#\\\/schema\\\/logo\\\/image\\\/\",\"url\":\"https:\\\/\\\/uninavarra.edu.co\\\/wp-content\\\/uploads\\\/2024\\\/06\\\/Escudo-uninavarra-Solo.png\",\"contentUrl\":\"https:\\\/\\\/uninavarra.edu.co\\\/wp-content\\\/uploads\\\/2024\\\/06\\\/Escudo-uninavarra-Solo.png\",\"width\":1500,\"height\":1401,\"caption\":\"Fundaci\u00f3n Universitaria Navarra - UNINAVARRA\"},\"image\":{\"@id\":\"https:\\\/\\\/uninavarra.edu.co\\\/#\\\/schema\\\/logo\\\/image\\\/\"},\"sameAs\":[\"https:\\\/\\\/www.facebook.com\\\/UninavarraEduca\",\"https:\\\/\\\/x.com\\\/uninavarraeduca\",\"https:\\\/\\\/www.instagram.com\\\/uninavarra\\\/?hl=es\",\"https:\\\/\\\/www.linkedin.com\\\/in\\\/fundacin-universitaria-navarra-uninavarra-b41225222\\\/\"]}]}<\/script>\n<!-- \/ Yoast SEO plugin. -->","yoast_head_json":{"title":"Salud Mental - Uninavarra","robots":{"index":"index","follow":"follow","max-snippet":"max-snippet:-1","max-image-preview":"max-image-preview:large","max-video-preview":"max-video-preview:-1"},"canonical":"https:\/\/uninavarra.edu.co\/en\/bienestar-universitario\/promocion-y-prevencion-en-salud-fisica-y-mental\/salud-mental\/","og_locale":"en_US","og_type":"article","og_title":"Salud Mental - Uninavarra","og_url":"https:\/\/uninavarra.edu.co\/en\/bienestar-universitario\/promocion-y-prevencion-en-salud-fisica-y-mental\/salud-mental\/","og_site_name":"Uninavarra","article_publisher":"https:\/\/www.facebook.com\/UninavarraEduca","article_modified_time":"2026-04-21T16:09:45+00:00","og_image":[{"width":2000,"height":186,"url":"https:\/\/uninavarra.edu.co\/wp-content\/uploads\/2021\/10\/BANNER-promocion-y-prevencion-2019.jpg","type":"image\/jpeg"}],"twitter_card":"summary_large_image","twitter_site":"@uninavarraeduca","twitter_misc":{"Est. reading time":"7 minutes"},"schema":{"@context":"https:\/\/schema.org","@graph":[{"@type":"WebPage","@id":"https:\/\/uninavarra.edu.co\/bienestar-universitario\/promocion-y-prevencion-en-salud-fisica-y-mental\/salud-mental\/","url":"https:\/\/uninavarra.edu.co\/bienestar-universitario\/promocion-y-prevencion-en-salud-fisica-y-mental\/salud-mental\/","name":"Salud Mental - Uninavarra","isPartOf":{"@id":"https:\/\/uninavarra.edu.co\/#website"},"primaryImageOfPage":{"@id":"https:\/\/uninavarra.edu.co\/bienestar-universitario\/promocion-y-prevencion-en-salud-fisica-y-mental\/salud-mental\/#primaryimage"},"image":{"@id":"https:\/\/uninavarra.edu.co\/bienestar-universitario\/promocion-y-prevencion-en-salud-fisica-y-mental\/salud-mental\/#primaryimage"},"thumbnailUrl":"https:\/\/uninavarra.edu.co\/wp-content\/uploads\/2021\/10\/BANNER-promocion-y-prevencion-2019.jpg","datePublished":"2024-04-02T20:17:53+00:00","dateModified":"2026-04-21T16:09:45+00:00","breadcrumb":{"@id":"https:\/\/uninavarra.edu.co\/bienestar-universitario\/promocion-y-prevencion-en-salud-fisica-y-mental\/salud-mental\/#breadcrumb"},"inLanguage":"en-US","potentialAction":[{"@type":"ReadAction","target":["https:\/\/uninavarra.edu.co\/bienestar-universitario\/promocion-y-prevencion-en-salud-fisica-y-mental\/salud-mental\/"]}]},{"@type":"ImageObject","inLanguage":"en-US","@id":"https:\/\/uninavarra.edu.co\/bienestar-universitario\/promocion-y-prevencion-en-salud-fisica-y-mental\/salud-mental\/#primaryimage","url":"https:\/\/uninavarra.edu.co\/wp-content\/uploads\/2021\/10\/BANNER-promocion-y-prevencion-2019.jpg","contentUrl":"https:\/\/uninavarra.edu.co\/wp-content\/uploads\/2021\/10\/BANNER-promocion-y-prevencion-2019.jpg","width":2000,"height":186,"caption":"banner salud y prevencion de enfermedades"},{"@type":"BreadcrumbList","@id":"https:\/\/uninavarra.edu.co\/bienestar-universitario\/promocion-y-prevencion-en-salud-fisica-y-mental\/salud-mental\/#breadcrumb","itemListElement":[{"@type":"ListItem","position":1,"name":"Home","item":"https:\/\/uninavarra.edu.co\/"},{"@type":"ListItem","position":2,"name":"Bienestar Universitario","item":"https:\/\/uninavarra.edu.co\/bienestar-universitario\/"},{"@type":"ListItem","position":3,"name":"Promoci\u00f3n y Prevenci\u00f3n en Salud Fisica y Mental","item":"https:\/\/uninavarra.edu.co\/bienestar-universitario\/promocion-y-prevencion-en-salud-fisica-y-mental\/"},{"@type":"ListItem","position":4,"name":"Salud Mental"}]},{"@type":"WebSite","@id":"https:\/\/uninavarra.edu.co\/#website","url":"https:\/\/uninavarra.edu.co\/","name":"UNINAVARRA","description":"Make your desire to learn a reality","publisher":{"@id":"https:\/\/uninavarra.edu.co\/#organization"},"potentialAction":[{"@type":"SearchAction","target":{"@type":"EntryPoint","urlTemplate":"https:\/\/uninavarra.edu.co\/?s={search_term_string}"},"query-input":{"@type":"PropertyValueSpecification","valueRequired":true,"valueName":"search_term_string"}}],"inLanguage":"en-US"},{"@type":"Organization","@id":"https:\/\/uninavarra.edu.co\/#organization","name":"Navarre University Foundation - UNINAVARRA","url":"https:\/\/uninavarra.edu.co\/","logo":{"@type":"ImageObject","inLanguage":"en-US","@id":"https:\/\/uninavarra.edu.co\/#\/schema\/logo\/image\/","url":"https:\/\/uninavarra.edu.co\/wp-content\/uploads\/2024\/06\/Escudo-uninavarra-Solo.png","contentUrl":"https:\/\/uninavarra.edu.co\/wp-content\/uploads\/2024\/06\/Escudo-uninavarra-Solo.png","width":1500,"height":1401,"caption":"Fundaci\u00f3n Universitaria Navarra - UNINAVARRA"},"image":{"@id":"https:\/\/uninavarra.edu.co\/#\/schema\/logo\/image\/"},"sameAs":["https:\/\/www.facebook.com\/UninavarraEduca","https:\/\/x.com\/uninavarraeduca","https:\/\/www.instagram.com\/uninavarra\/?hl=es","https:\/\/www.linkedin.com\/in\/fundacin-universitaria-navarra-uninavarra-b41225222\/"]}]}},"_links":{"self":[{"href":"https:\/\/uninavarra.edu.co\/en\/wp-json\/wp\/v2\/pages\/73761","targetHints":{"allow":["GET"]}}],"collection":[{"href":"https:\/\/uninavarra.edu.co\/en\/wp-json\/wp\/v2\/pages"}],"about":[{"href":"https:\/\/uninavarra.edu.co\/en\/wp-json\/wp\/v2\/types\/page"}],"author":[{"embeddable":true,"href":"https:\/\/uninavarra.edu.co\/en\/wp-json\/wp\/v2\/users\/1174"}],"replies":[{"embeddable":true,"href":"https:\/\/uninavarra.edu.co\/en\/wp-json\/wp\/v2\/comments?post=73761"}],"version-history":[{"count":0,"href":"https:\/\/uninavarra.edu.co\/en\/wp-json\/wp\/v2\/pages\/73761\/revisions"}],"up":[{"embeddable":true,"href":"https:\/\/uninavarra.edu.co\/en\/wp-json\/wp\/v2\/pages\/73485"}],"wp:featuredmedia":[{"embeddable":true,"href":"https:\/\/uninavarra.edu.co\/en\/wp-json\/wp\/v2\/media\/41653"}],"wp:attachment":[{"href":"https:\/\/uninavarra.edu.co\/en\/wp-json\/wp\/v2\/media?parent=73761"}],"wp:term":[{"taxonomy":"category","embeddable":true,"href":"https:\/\/uninavarra.edu.co\/en\/wp-json\/wp\/v2\/categories?post=73761"},{"taxonomy":"post_tag","embeddable":true,"href":"https:\/\/uninavarra.edu.co\/en\/wp-json\/wp\/v2\/tags?post=73761"}],"curies":[{"name":"wp","href":"https:\/\/api.w.org\/{rel}","templated":true}]}}