{"id":73758,"date":"2024-04-02T15:15:36","date_gmt":"2024-04-02T20:15:36","guid":{"rendered":"https:\/\/uninavarra.edu.co\/?page_id=73758"},"modified":"2024-05-09T11:02:10","modified_gmt":"2024-05-09T16:02:10","slug":"salud-y-seguridad-en-el-trabajo","status":"publish","type":"page","link":"https:\/\/uninavarra.edu.co\/en\/bienestar-universitario\/promocion-y-prevencion-en-salud-fisica-y-mental\/salud-y-seguridad-en-el-trabajo\/","title":{"rendered":"Occupational Health and Safety"},"content":{"rendered":"<div class=\"wpb-content-wrapper\"><div class=\"wpb-container \"><div class=\"container\"><div class=\"vc_row wpb_row vc_row-fluid row \"><div class=\"col-sm-12  vc_\">\n\t\t<div class=\"wpb_wrapper \">\n\t\t\t\n\t<div class=\"wpb_raw_code wpb_raw_html wpb_content_element\" >\n\t\t<div class=\"wpb_wrapper\">\n\t\t\t<link rel=\"preconnect\" href=\"https:\/\/fonts.gstatic.com\">\n<link href=\"https:\/\/fonts.googleapis.com\/css2?family=Raleway:ital,wght@0,400;0,700;1,400&display=swap\" rel=\"stylesheet\">\n<link href=\"https:\/\/fonts.googleapis.com\/css2?family=Lato:wght@400;700&display=swap\" rel=\"stylesheet\">\n<link href=\"https:\/\/fonts.googleapis.com\/icon?family=Material+Icons\" rel=\"stylesheet\">\n\n<style>\n\/* Arregla el tama\u00f1o de la letra del slider cina ya que esta en 'rem' *\/ html {font-size: 100%} .navbar-mega .navbar-nav > li .dropdown-menu li a {font-size: 14px !important;}\n\n\/* CAMBIO COLOR DE LA LETRA Y ESTILO *\/\n#wpo-mainbody, #wpo-mainbody h2, #wpo-mainbody h3, #wpo-mainbody h4, #wpo-mainbody p, #wpo-mainbody a, #wpo-mainbody strong, #wpo-mainbody em, #wpo-mainbody th, #wpo-mainbody tr, #wpo-mainbody td, #wpo-mainbody ol, #wpo-mainbody ul, #wpo-mainbody li, #wpo-mainbody :after {\n    font-family: 'Raleway', sans-serif\n}\n\n#wpo-mainbody p {\n    font-size: 16px;\n    line-height: 20px;\n}\n\n#wpo-mainbody h4{\n        overflow: hidden;\n   text-overflow: ellipsis;\n   display: -webkit-box;\n   -webkit-line-clamp: 2; \/* number of lines to show *\/\n           line-clamp: 2; \n   -webkit-box-orient: vertical;\n    }\n\n#wpo-mainbody li {\n    font-size: 18px;\n    line-height: 30px;\n}\n\n\n\n#wpo-mainbody strong {\n    line-height: 30px\n}\n\n\/* Estilo Aplicado en Listas de Semilleros de los Grupos de Investigaci\u00f3n *\/\n#wpo-mainbody .lista_semilleros ul {\n    padding-inline-start: 35px;\n}\n\n#wpo-mainbody .lista_semilleros li {\n\tline-height: 20px\n}\n\n#wpo-mainbody .lista_semilleros ul li {\n\tfont-size: 15px;\n\tmargin-left: 20px;\n\tmargin-bottom: 15px\n}\n\n#wpo-mainbody .lista_semilleros li:last-child ul li {\n\tmargin-bottom: 0\n}\n\n#wpo-mainbody .lista_semilleros ul li:before {\n    position: absolute;\n    background: none;\n}\n<\/style>\n\t\t<\/div>\n\t<\/div>\n<div class=\"vc_row wpb_row vc_inner vc_row-fluid\"><div class=\"vc_ col-sm-12\"><div class=\"vc_column-inner\"><div class=\"wpb_wrapper\">\n\t<div class=\"wpb_text_column wpb_content_element\" >\n\t\t<div class=\"wpb_wrapper\">\n\t\t\t\n\t\t\t<!-- START SGSST REVOLUTION SLIDER 6.7.21 --><p class=\"rs-p-wp-fix\"><\/p>\n\t\t\t<rs-module-wrap id=\"rev_slider_53_1_wrapper\" data-source=\"gallery\" style=\"visibility:hidden;background:rgba(255,255,255,0);padding:0;margin:0px auto;margin-top:0;margin-bottom:0;\">\n\t\t\t\t<rs-module id=\"rev_slider_53_1\" style=\"\" data-version=\"6.7.21\">\n\t\t\t\t\t<rs-slides style=\"overflow: hidden; position: absolute;\">\n\t\t\t\t\t\t<rs-slide style=\"position: absolute;\" data-key=\"rs-608\" data-title=\"Bienestar Universitario News\" data-thumb=\"\/\/uninavarra.edu.co\/wp-content\/uploads\/2016\/05\/banner-web-nuevo-jefe-Yeime.jpg\" data-anim=\"adpr:false;ms:10;\" data-in=\"o:0;\" data-out=\"a:false;\">\n\t\t\t\t\t\t\t<img decoding=\"async\" src=\"\/\/uninavarra.edu.co\/wp-content\/plugins\/revslider\/sr6\/assets\/assets\/dummy.png\" alt=\"Banner INscripciones Abiertas 2023-1\" title=\"\u00bfSabes qu\u00e9 hacer en caso de un accidente laboral?\" class=\"rev-slidebg tp-rs-img rs-lazyload\" data-lazyload=\"\/\/uninavarra.edu.co\/wp-content\/plugins\/revslider\/sr6\/assets\/assets\/transparent.png\" data-bg=\"c:#E7E7E7;\" data-no-retina>\n<!--\n\t\t\t\t\t\t\t--><a\n\t\t\t\t\t\t\t\tid=\"slider-53-slide-608-layer-11\" \n\t\t\t\t\t\t\t\tclass=\"rs-layer\"\n\t\t\t\t\t\t\t\thref=\"https:\/\/uninavarra.edu.co\/admisiones\/acceso-a-inscripciones\/\" target=\"_self\"\n\t\t\t\t\t\t\t\tdata-type=\"image\"\n\t\t\t\t\t\t\t\tdata-rsp_ch=\"on\"\n\t\t\t\t\t\t\t\tdata-xy=\"x:c;xo:-3px;y:c;\"\n\t\t\t\t\t\t\t\tdata-text=\"l:22;a:inherit;\"\n\t\t\t\t\t\t\t\tdata-dim=\"w:100%;h:100%;\"\n\t\t\t\t\t\t\t\tdata-frame_0=\"sX:2;sY:2;\"\n\t\t\t\t\t\t\t\tdata-frame_0_mask=\"u:t;\"\n\t\t\t\t\t\t\t\tdata-frame_1=\"e:power2.out;sp:1000;\"\n\t\t\t\t\t\t\t\tdata-frame_1_mask=\"u:t;\"\n\t\t\t\t\t\t\t\tdata-frame_999=\"o:0;e:nothing;st:w;sR:5000;\"\n\t\t\t\t\t\t\t\tstyle=\"z-index:5;\"\n\t\t\t\t\t\t\t><img fetchpriority=\"high\" decoding=\"async\" src=\"\/\/uninavarra.edu.co\/wp-content\/plugins\/revslider\/sr6\/assets\/assets\/dummy.png\" alt=\"Banner bienestar universitario 3\" class=\"tp-rs-img rs-lazyload\" width=\"2560\" height=\"761\" data-lazyload=\"\/\/uninavarra.edu.co\/wp-content\/uploads\/2024\/04\/1-scaled.jpg\" data-c=\"cover-proportional\" data-no-retina> \n\t\t\t\t\t\t\t<\/a><!--\n-->\t\t\t\t\t<\/rs-slide>\n\t\t\t\t\t\t<rs-slide style=\"position: absolute;\" data-key=\"rs-607\" data-title=\"Plan Padrino Ser Maestro\" data-anim=\"adpr:false;ms:200;\" data-in=\"o:0;x:(100%);\" data-out=\"a:false;\">\n\t\t\t\t\t\t\t<img decoding=\"async\" src=\"\/\/uninavarra.edu.co\/wp-content\/plugins\/revslider\/sr6\/assets\/assets\/dummy.png\" alt=\"Plan Padrino Ser Maestro\" title=\"\u00bfSabes qu\u00e9 hacer en caso de un accidente laboral?\" class=\"rev-slidebg tp-rs-img rs-lazyload\" data-lazyload=\"\/\/uninavarra.edu.co\/wp-content\/plugins\/revslider\/sr6\/assets\/assets\/transparent.png\" data-bg=\"c:#E7E7E7;\" data-no-retina>\n<!--\n\t\t\t\t\t\t\t--><a\n\t\t\t\t\t\t\t\tid=\"slider-53-slide-607-layer-3\" \n\t\t\t\t\t\t\t\tclass=\"rs-layer\"\n\t\t\t\t\t\t\t\thref=\"http:\/\/campus.uninavarra.edu.co\/psc\/cs92prod_21\/EMPLOYEE\/SA\/c\/TYG_SAD_OLA_MENU.LC_CRL_FORMULARIO.GBL?&#038;\" target=\"_self\"\n\t\t\t\t\t\t\t\tdata-type=\"image\"\n\t\t\t\t\t\t\t\tdata-rsp_ch=\"on\"\n\t\t\t\t\t\t\t\tdata-xy=\"x:c;y:c;\"\n\t\t\t\t\t\t\t\tdata-text=\"l:22;a:inherit;\"\n\t\t\t\t\t\t\t\tdata-dim=\"w:100%;h:100%;\"\n\t\t\t\t\t\t\t\tdata-frame_0=\"sX:2;sY:2;\"\n\t\t\t\t\t\t\t\tdata-frame_0_mask=\"u:t;\"\n\t\t\t\t\t\t\t\tdata-frame_1=\"e:power2.out;sp:1000;\"\n\t\t\t\t\t\t\t\tdata-frame_1_mask=\"u:t;\"\n\t\t\t\t\t\t\t\tdata-frame_999=\"o:0;st:w;sR:5700;\"\n\t\t\t\t\t\t\t\tstyle=\"z-index:6;\"\n\t\t\t\t\t\t\t><img decoding=\"async\" src=\"\/\/uninavarra.edu.co\/wp-content\/plugins\/revslider\/sr6\/assets\/assets\/dummy.png\" alt=\"banner-padrino--2-2025\" class=\"tp-rs-img rs-lazyload\" width=\"2560\" height=\"761\" data-lazyload=\"\/\/uninavarra.edu.co\/wp-content\/uploads\/2025\/02\/banner-padrino-2-2025-scaled.jpg\" data-c=\"cover\" data-no-retina> \n\t\t\t\t\t\t\t<\/a><!--\n-->\t\t\t\t\t<\/rs-slide>\n\t\t\t\t\t\t<rs-slide style=\"position: absolute;\" data-key=\"rs-669\" data-title=\"Prevenci\u00f3n y promoci\u00f3n de la salud mental\" data-thumb=\"\/\/uninavarra.edu.co\/wp-content\/uploads\/2016\/05\/banner-web-nuevo-jefe-Yeime.jpg\" data-anim=\"adpr:false;ms:10;\" data-in=\"o:0;\" data-out=\"a:false;\">\n\t\t\t\t\t\t\t<img decoding=\"async\" src=\"\/\/uninavarra.edu.co\/wp-content\/plugins\/revslider\/sr6\/assets\/assets\/dummy.png\" alt=\"Prevenci\u00f3n y promoci\u00f3n de la salud mental\" title=\"\u00bfSabes qu\u00e9 hacer en caso de un accidente laboral?\" class=\"rev-slidebg tp-rs-img rs-lazyload\" data-lazyload=\"\/\/uninavarra.edu.co\/wp-content\/plugins\/revslider\/sr6\/assets\/assets\/transparent.png\" data-bg=\"c:#E7E7E7;\" data-no-retina>\n<!--\n\t\t\t\t\t\t\t--><a\n\t\t\t\t\t\t\t\tid=\"slider-53-slide-669-layer-11\" \n\t\t\t\t\t\t\t\tclass=\"rs-layer\"\n\t\t\t\t\t\t\t\thref=\"#\" target=\"_self\"\n\t\t\t\t\t\t\t\tdata-type=\"image\"\n\t\t\t\t\t\t\t\tdata-rsp_ch=\"on\"\n\t\t\t\t\t\t\t\tdata-xy=\"x:c;xo:-1px;y:c;\"\n\t\t\t\t\t\t\t\tdata-text=\"l:22;a:inherit;\"\n\t\t\t\t\t\t\t\tdata-dim=\"w:100%;h:100%;\"\n\t\t\t\t\t\t\t\tdata-frame_0=\"sX:2;sY:2;\"\n\t\t\t\t\t\t\t\tdata-frame_0_mask=\"u:t;\"\n\t\t\t\t\t\t\t\tdata-frame_1=\"e:power2.out;sp:1000;\"\n\t\t\t\t\t\t\t\tdata-frame_1_mask=\"u:t;\"\n\t\t\t\t\t\t\t\tdata-frame_999=\"o:0;e:nothing;st:w;sR:5000;\"\n\t\t\t\t\t\t\t\tstyle=\"z-index:5;\"\n\t\t\t\t\t\t\t><img decoding=\"async\" src=\"\/\/uninavarra.edu.co\/wp-content\/plugins\/revslider\/sr6\/assets\/assets\/dummy.png\" alt=\"\" class=\"tp-rs-img rs-lazyload\" width=\"2560\" height=\"761\" data-lazyload=\"\/\/uninavarra.edu.co\/wp-content\/uploads\/2025\/02\/BANNER-2-SALUD-MENTAL-1.jpg\" data-c=\"cover-proportional\" data-no-retina> \n\t\t\t\t\t\t\t<\/a><!--\n-->\t\t\t\t\t<\/rs-slide>\n\t\t\t\t\t\t<rs-slide style=\"position: absolute;\" data-key=\"rs-609\" data-title=\"Promoci\u00f3n art\u00edstica y cultural\" data-thumb=\"\/\/uninavarra.edu.co\/wp-content\/uploads\/2016\/05\/banner-web-nuevo-jefe-Yeime.jpg\" data-anim=\"adpr:false;ms:10;\" data-in=\"o:0;\" data-out=\"a:false;\">\n\t\t\t\t\t\t\t<img decoding=\"async\" src=\"\/\/uninavarra.edu.co\/wp-content\/plugins\/revslider\/sr6\/assets\/assets\/dummy.png\" alt=\"Promoci\u00f3n art\u00edstica y cultural\" title=\"\u00bfSabes qu\u00e9 hacer en caso de un accidente laboral?\" class=\"rev-slidebg tp-rs-img rs-lazyload\" data-lazyload=\"\/\/uninavarra.edu.co\/wp-content\/plugins\/revslider\/sr6\/assets\/assets\/transparent.png\" data-bg=\"c:#E7E7E7;\" data-no-retina>\n<!--\n\t\t\t\t\t\t\t--><a\n\t\t\t\t\t\t\t\tid=\"slider-53-slide-609-layer-11\" \n\t\t\t\t\t\t\t\tclass=\"rs-layer\"\n\t\t\t\t\t\t\t\thref=\"#\" target=\"_self\"\n\t\t\t\t\t\t\t\tdata-type=\"image\"\n\t\t\t\t\t\t\t\tdata-rsp_ch=\"on\"\n\t\t\t\t\t\t\t\tdata-xy=\"x:c;xo:-1px;y:c;\"\n\t\t\t\t\t\t\t\tdata-text=\"l:22;a:inherit;\"\n\t\t\t\t\t\t\t\tdata-dim=\"w:100%;h:100%;\"\n\t\t\t\t\t\t\t\tdata-frame_0=\"sX:2;sY:2;\"\n\t\t\t\t\t\t\t\tdata-frame_0_mask=\"u:t;\"\n\t\t\t\t\t\t\t\tdata-frame_1=\"e:power2.out;sp:1000;\"\n\t\t\t\t\t\t\t\tdata-frame_1_mask=\"u:t;\"\n\t\t\t\t\t\t\t\tdata-frame_999=\"o:0;e:nothing;st:w;sR:5000;\"\n\t\t\t\t\t\t\t\tstyle=\"z-index:5;\"\n\t\t\t\t\t\t\t><img loading=\"lazy\" decoding=\"async\" src=\"\/\/uninavarra.edu.co\/wp-content\/plugins\/revslider\/sr6\/assets\/assets\/dummy.png\" alt=\"Banner bienestar universitario 1\" class=\"tp-rs-img rs-lazyload\" width=\"2560\" height=\"761\" data-lazyload=\"\/\/uninavarra.edu.co\/wp-content\/uploads\/2024\/04\/3-scaled.jpg\" data-c=\"cover-proportional\" data-no-retina> \n\t\t\t\t\t\t\t<\/a><!--\n-->\t\t\t\t\t<\/rs-slide>\n\t\t\t\t\t<\/rs-slides>\n\t\t\t\t<\/rs-module>\n\t\t\t\t<script>\n\t\t\t\t\tsetREVStartSize({c: 'rev_slider_53_1',rl:[1240,1024,778,480],el:[540],gw:[1920],gh:[540],type:'standard',justify:'',layout:'fullwidth',mh:\"100%\"});if (window.RS_MODULES!==undefined && window.RS_MODULES.modules!==undefined && window.RS_MODULES.modules[\"revslider531\"]!==undefined) {window.RS_MODULES.modules[\"revslider531\"].once = false;window.revapi53 = undefined;if (window.RS_MODULES.checkMinimal!==undefined) window.RS_MODULES.checkMinimal()}\n\t\t\t\t<\/script>\n\t\t\t<\/rs-module-wrap>\n\t\t\t<!-- END REVOLUTION SLIDER -->\n\n\n\t\t<\/div>\n\t<\/div>\n<div class=\"vc_empty_space\"   style=\"height: 32px\"><span class=\"vc_empty_space_inner\"><\/span><\/div><\/div><\/div><\/div><\/div>\n\t<div class=\"wpb_text_column wpb_content_element\" >\n\t\t<div class=\"wpb_wrapper\">\n\t\t\t<h2 style=\"text-align: center;\">SEGURIDAD Y SALUD EN EL TRABAJO<\/h2>\n<hr \/>\n\n\t\t<\/div>\n\t<\/div>\n\n\t<div class=\"wpb_text_column wpb_content_element\" >\n\t\t<div class=\"wpb_wrapper\">\n\t\t\t\t\t\t<!-- Flexy Breadcrumb -->\r\n\t\t\t<div class=\"fbc fbc-page\">\r\n\r\n\t\t\t\t<!-- Breadcrumb wrapper -->\r\n\t\t\t\t<div class=\"fbc-wrap\">\r\n\r\n\t\t\t\t\t<!-- Ordered list-->\r\n\t\t\t\t\t<ol class=\"fbc-items\" itemscope itemtype=\"https:\/\/schema.org\/BreadcrumbList\">\r\n\t\t\t\t\t\t            <li itemprop=\"itemListElement\" itemscope itemtype=\"https:\/\/schema.org\/ListItem\">\r\n                <span itemprop=\"name\">\r\n                    <!-- Home Link -->\r\n                    <a itemprop=\"item\" href=\"https:\/\/uninavarra.edu.co\">\r\n                    \r\n                                                    <i class=\"fa fa-home\" aria-hidden=\"true\"><\/i>Home                    <\/a>\r\n                <\/span>\r\n                <meta itemprop=\"position\" content=\"1\" \/><!-- Meta Position-->\r\n             <\/li><li><span class=\"fbc-separator\">\/<\/span><\/li><li class=\"active\" itemprop=\"itemListElement\" itemscope itemtype=\"https:\/\/schema.org\/ListItem\"><span itemprop=\"name\" title=\"Seguridad y Salud en el Trabajo\">Seguridad y Salud en...<\/span><meta itemprop=\"position\" content=\"2\" \/><\/li>\t\t\t\t\t<\/ol>\r\n\t\t\t\t\t<div class=\"clearfix\"><\/div>\r\n\t\t\t\t<\/div>\r\n\t\t\t<\/div>\r\n\t\t\t\n\n\t\t<\/div>\n\t<\/div>\n\n\t<div class=\"wpb_text_column wpb_content_element\" >\n\t\t<div class=\"wpb_wrapper\">\n\t\t\t<p>En UNINAVARRA cuidamos de ti, Bienvenidos a nuestra p\u00e1gina dedicada a la seguridad y salud en el trabajo. En un mundo donde la protecci\u00f3n y el bienestar de los trabajadores son aspectos fundamentales, es crucial comprender los principios y pr\u00e1cticas que garantizan un entorno laboral seguro y saludable para todos.<br \/>\nLa seguridad y salud en el trabajo abarca una amplia gama de temas, desde la prevenci\u00f3n de accidentes y lesiones hasta la promoci\u00f3n del bienestar f\u00edsico y mental de los empleados. Este campo interdisciplinario integra conocimientos de la salud ocupacional, la ergonom\u00eda, la psicolog\u00eda laboral, la gesti\u00f3n de riesgos y la legislaci\u00f3n laboral, entre otros.<br \/>\nEn esta p\u00e1gina, exploraremos los conceptos clave de seguridad y salud en el trabajo, ofreciendo recursos, herramientas y consejos pr\u00e1cticos para estudiantes y colaboradores en mejorar sus pr\u00e1cticas y pol\u00edticas laborales.<br \/>\nNuestro objetivo es fomentar una cultura de seguridad y bienestar en el entorno laboral, donde cada individuo se sienta valorado, protegido y capacitado para contribuir al \u00e9xito organizacional de manera saludable y sostenible.<br \/>\nTe invitamos a explorar nuestros contenidos, participar en nuestros eventos y compartir tus experiencias e inquietudes. Juntos, podemos trabajar hacia un futuro donde el trabajo sea seguro, saludable y gratificante para todos.<\/p>\n<p>\u00a1\u00danete a nosotros en este importante viaje hacia la seguridad y salud en el trabajo!<\/p>\n\n\t\t<\/div>\n\t<\/div>\n<div class=\"vc_row wpb_row vc_inner vc_row-fluid\"><div class=\"vc_ col-sm-2\"><div class=\"vc_column-inner\"><div class=\"wpb_wrapper\"><\/div><\/div><\/div><div class=\"vc_ col-sm-8\"><div class=\"vc_column-inner\"><div class=\"wpb_wrapper\">\n\t<div class=\"wpb_text_column wpb_content_element\" >\n\t\t<div class=\"wpb_wrapper\">\n\t\t\t\n\n\t\t<\/div>\n\t<\/div>\n<\/div><\/div><\/div><div class=\"vc_ col-sm-2\"><div class=\"vc_column-inner\"><div class=\"wpb_wrapper\"><\/div><\/div><\/div><\/div>\n\t\t<\/div> \n\t<\/div><\/div><\/div><\/div><div class=\"wpb-container \"><div class=\"container\"><div class=\"vc_row wpb_row vc_row-fluid row \"><div class=\"col-sm-12  vc_\">\n\t\t<div class=\"wpb_wrapper \">\n\t\t\t<div class=\"vc_btn3-container vc_btn3-center vc_do_btn\" ><button class=\"vc_general vc_btn3 vc_btn3-size-md vc_btn3-shape-rounded vc_btn3-style-modern vc_btn3-color-navarra\">POL\u00cdTICAS SST<\/button><\/div>\n\t\t<\/div> \n\t<\/div><\/div><\/div><\/div><div class=\"wpb-container \"><div class=\"container\"><div class=\"vc_row wpb_row vc_row-fluid row \"><div class=\"col-sm-4  vc_\">\n\t\t<div class=\"wpb_wrapper \">\n\t\t\t<div class=\"wpb_single_image wpb_content_element vc_align_left\">\n\t\t<div class=\"wpb_wrapper\">\n\t\t\t\n\t\t\t<a href=\"https:\/\/uninavarra.edu.co\/bienestar-universitario-dev\/promocion-y-prevencion-en-salud-fisica-y-mental\/salud-y-seguridad-en-el-trabajo\/cobertura-en-el-exterior\/\" target=\"_self\"><img loading=\"lazy\" decoding=\"async\" width=\"740\" height=\"516\" src=\"https:\/\/uninavarra.edu.co\/wp-content\/uploads\/2024\/04\/24-1.jpg\" class=\" vc_box_border_grey attachment-full\" alt=\"COBERTURA EN EL EXTERIOR\" title=\"COBERTURA EN EL EXTERIOR\" srcset=\"https:\/\/uninavarra.edu.co\/wp-content\/uploads\/2024\/04\/24-1.jpg 740w, https:\/\/uninavarra.edu.co\/wp-content\/uploads\/2024\/04\/24-1-300x209.jpg 300w, https:\/\/uninavarra.edu.co\/wp-content\/uploads\/2024\/04\/24-1-150x105.jpg 150w\" sizes=\"(max-width: 740px) 100vw, 740px\" \/><\/a>\n\t\t<\/div> \n\t<\/div>\n\t\t<\/div> \n\t<\/div><div class=\"col-sm-4  vc_\">\n\t\t<div class=\"wpb_wrapper \">\n\t\t\t<div class=\"wpb_single_image wpb_content_element vc_align_left\">\n\t\t<div class=\"wpb_wrapper\">\n\t\t\t\n\t\t\t<a href=\"https:\/\/uninavarra.edu.co\/bienestar-universitario-dev\/promocion-y-prevencion-en-salud-fisica-y-mental\/salud-y-seguridad-en-el-trabajo\/copasst\/\" target=\"_self\"><img loading=\"lazy\" decoding=\"async\" width=\"740\" height=\"516\" src=\"https:\/\/uninavarra.edu.co\/wp-content\/uploads\/2024\/04\/26.jpg\" class=\" vc_box_border_grey attachment-full\" alt=\"COPASST\" title=\"COPASST\" srcset=\"https:\/\/uninavarra.edu.co\/wp-content\/uploads\/2024\/04\/26.jpg 740w, https:\/\/uninavarra.edu.co\/wp-content\/uploads\/2024\/04\/26-300x209.jpg 300w, https:\/\/uninavarra.edu.co\/wp-content\/uploads\/2024\/04\/26-150x105.jpg 150w\" sizes=\"(max-width: 740px) 100vw, 740px\" \/><\/a>\n\t\t<\/div> \n\t<\/div>\n\t\t<\/div> \n\t<\/div><div class=\"col-sm-4  vc_\">\n\t\t<div class=\"wpb_wrapper \">\n\t\t\t<div class=\"wpb_single_image wpb_content_element vc_align_left\">\n\t\t<div class=\"wpb_wrapper\">\n\t\t\t\n\t\t\t<a href=\"https:\/\/uninavarra.edu.co\/bienestar-universitario-dev\/promocion-y-prevencion-en-salud-fisica-y-mental\/salud-y-seguridad-en-el-trabajo\/convilab\/\" target=\"_self\"><img loading=\"lazy\" decoding=\"async\" width=\"740\" height=\"516\" src=\"https:\/\/uninavarra.edu.co\/wp-content\/uploads\/2024\/04\/27.jpg\" class=\" vc_box_border_grey attachment-full\" alt=\"CONVILAB\" title=\"CONVILAB\" srcset=\"https:\/\/uninavarra.edu.co\/wp-content\/uploads\/2024\/04\/27.jpg 740w, https:\/\/uninavarra.edu.co\/wp-content\/uploads\/2024\/04\/27-300x209.jpg 300w, https:\/\/uninavarra.edu.co\/wp-content\/uploads\/2024\/04\/27-150x105.jpg 150w\" sizes=\"(max-width: 740px) 100vw, 740px\" \/><\/a>\n\t\t<\/div> \n\t<\/div>\n\t\t<\/div> \n\t<\/div><\/div><\/div><\/div><div class=\"wpb-container \"><div class=\"container\"><div class=\"vc_row wpb_row vc_row-fluid row \"><div class=\"col-sm-4  vc_\">\n\t\t<div class=\"wpb_wrapper \">\n\t\t\t<div class=\"wpb_single_image wpb_content_element vc_align_left\">\n\t\t<div class=\"wpb_wrapper\">\n\t\t\t\n\t\t\t<a href=\"https:\/\/uninavarra.edu.co\/bienestar-universitario-dev\/promocion-y-prevencion-en-salud-fisica-y-mental\/salud-y-seguridad-en-el-trabajo\/pausas-activas\/\" target=\"_self\"><img loading=\"lazy\" decoding=\"async\" width=\"740\" height=\"516\" src=\"https:\/\/uninavarra.edu.co\/wp-content\/uploads\/2024\/04\/21-1.jpg\" class=\" vc_box_border_grey attachment-full\" alt=\"PAUSAS ACTIVAS\" title=\"PAUSAS ACTIVAS\" srcset=\"https:\/\/uninavarra.edu.co\/wp-content\/uploads\/2024\/04\/21-1.jpg 740w, https:\/\/uninavarra.edu.co\/wp-content\/uploads\/2024\/04\/21-1-300x209.jpg 300w, https:\/\/uninavarra.edu.co\/wp-content\/uploads\/2024\/04\/21-1-150x105.jpg 150w\" sizes=\"(max-width: 740px) 100vw, 740px\" \/><\/a>\n\t\t<\/div> \n\t<\/div>\n\t\t<\/div> \n\t<\/div><div class=\"col-sm-4  vc_\">\n\t\t<div class=\"wpb_wrapper \">\n\t\t\t<div class=\"wpb_single_image wpb_content_element vc_align_left\">\n\t\t<div class=\"wpb_wrapper\">\n\t\t\t\n\t\t\t<a href=\"https:\/\/uninavarra.edu.co\/bienestar-universitario-dev\/promocion-y-prevencion-en-salud-fisica-y-mental\/salud-y-seguridad-en-el-trabajo\/capacitaciones\/\" target=\"_self\"><img loading=\"lazy\" decoding=\"async\" width=\"740\" height=\"516\" src=\"https:\/\/uninavarra.edu.co\/wp-content\/uploads\/2024\/04\/25.jpg\" class=\" vc_box_border_grey attachment-full\" alt=\"CAPACITACIONES\" title=\"CAPACITACIONES\" srcset=\"https:\/\/uninavarra.edu.co\/wp-content\/uploads\/2024\/04\/25.jpg 740w, https:\/\/uninavarra.edu.co\/wp-content\/uploads\/2024\/04\/25-300x209.jpg 300w, https:\/\/uninavarra.edu.co\/wp-content\/uploads\/2024\/04\/25-150x105.jpg 150w\" sizes=\"(max-width: 740px) 100vw, 740px\" \/><\/a>\n\t\t<\/div> \n\t<\/div>\n\t\t<\/div> \n\t<\/div><div class=\"col-sm-4  vc_\">\n\t\t<div class=\"wpb_wrapper \">\n\t\t\t<div class=\"wpb_single_image wpb_content_element vc_align_left\">\n\t\t<div class=\"wpb_wrapper\">\n\t\t\t\n\t\t\t<a href=\"https:\/\/uninavarra.edu.co\/bienestar-universitario-dev\/promocion-y-prevencion-en-salud-fisica-y-mental\/salud-y-seguridad-en-el-trabajo\/brigadas-y-simulacros\/\" target=\"_self\"><img loading=\"lazy\" decoding=\"async\" width=\"740\" height=\"516\" src=\"https:\/\/uninavarra.edu.co\/wp-content\/uploads\/2024\/04\/22-1.jpg\" class=\" vc_box_border_grey attachment-full\" alt=\"BRIGADAS Y SIMULACROS\" title=\"BRIGADAS Y SIMULACROS\" srcset=\"https:\/\/uninavarra.edu.co\/wp-content\/uploads\/2024\/04\/22-1.jpg 740w, https:\/\/uninavarra.edu.co\/wp-content\/uploads\/2024\/04\/22-1-300x209.jpg 300w, https:\/\/uninavarra.edu.co\/wp-content\/uploads\/2024\/04\/22-1-150x105.jpg 150w\" sizes=\"(max-width: 740px) 100vw, 740px\" \/><\/a>\n\t\t<\/div> \n\t<\/div>\n\t\t<\/div> \n\t<\/div><\/div><\/div><\/div><div class=\"wpb-container \"><div class=\"container\"><div class=\"vc_row wpb_row vc_row-fluid row \"><div class=\"col-sm-4  vc_\">\n\t\t<div class=\"wpb_wrapper \">\n\t\t\t\n\t\t<\/div> \n\t<\/div><div class=\"col-sm-4  vc_\">\n\t\t<div class=\"wpb_wrapper \">\n\t\t\t<div class=\"wpb_single_image wpb_content_element vc_align_left\">\n\t\t<div class=\"wpb_wrapper\">\n\t\t\t\n\t\t\t<a href=\"https:\/\/uninavarra.edu.co\/bienestar-universitario-dev\/promocion-y-prevencion-en-salud-fisica-y-mental\/salud-y-seguridad-en-el-trabajo\/incapacidades-3\/\" target=\"_self\"><img loading=\"lazy\" decoding=\"async\" width=\"740\" height=\"516\" src=\"https:\/\/uninavarra.edu.co\/wp-content\/uploads\/2024\/04\/23-1.jpg\" class=\" vc_box_border_grey attachment-full\" alt=\"INCAPACIDADES\" title=\"INCAPACIDADES\" srcset=\"https:\/\/uninavarra.edu.co\/wp-content\/uploads\/2024\/04\/23-1.jpg 740w, https:\/\/uninavarra.edu.co\/wp-content\/uploads\/2024\/04\/23-1-300x209.jpg 300w, https:\/\/uninavarra.edu.co\/wp-content\/uploads\/2024\/04\/23-1-150x105.jpg 150w\" sizes=\"(max-width: 740px) 100vw, 740px\" \/><\/a>\n\t\t<\/div> \n\t<\/div>\n\t\t<\/div> \n\t<\/div><div class=\"col-sm-4  vc_\">\n\t\t<div class=\"wpb_wrapper \">\n\t\t\t\n\t\t<\/div> \n\t<\/div><\/div><\/div><\/div><div class=\"wpb-container \"><div class=\"container\"><div class=\"vc_row wpb_row vc_row-fluid row \"><div class=\"col-sm-12  vc_\">\n\t\t<div class=\"wpb_wrapper \">\n\t\t\t<div class=\"vc_btn3-container vc_btn3-center vc_do_btn\" ><a class=\"vc_general vc_btn3 vc_btn3-size-md vc_btn3-shape-rounded vc_btn3-style-modern vc_btn3-color-navarra\" href=\"https:\/\/uninavarra.edu.co\/bienestar-universitario-dev\/sabes-que-hacer-en-caso-de-un-accidente-laboral\/\" title=\"\">\u00bfSabes qu\u00e9 hacer en caso de un accidente laboral?<\/a><\/div>\n\t\t<\/div> \n\t<\/div><\/div><\/div><\/div><div class=\"wpb-container \"><div class=\"container\"><div class=\"vc_row wpb_row vc_row-fluid row \"><div class=\"col-sm-3  vc_\">\n\t\t<div class=\"wpb_wrapper \">\n\t\t\t\n\t\t<\/div> \n\t<\/div><div class=\"col-sm-6  vc_\">\n\t\t<div class=\"wpb_wrapper \">\n\t\t\t<div class=\"vc_empty_space\"   style=\"height: 32px\"><span class=\"vc_empty_space_inner\"><\/span><\/div><div class=\"wpb_images_carousel wpb_content_element vc_clearfix wpb_content_element\"><div class=\"wpb_wrapper\"><div id=\"vc_images-carousel-1-1777307014\" data-ride=\"vc_carousel\" data-wrap=\"true\" style=\"width: 100%;\" data-interval=\"3000\" data-auto-height=\"yes\" data-mode=\"horizontal\" data-partial=\"false\" data-per-view=\"2\" data-hide-on-end=\"false\" class=\"vc_slide vc_images_carousel\"><ol class=\"vc_carousel-indicators\"><li data-target=\"#vc_images-carousel-1-1777307014\" data-slide-to=\"0\"><\/li><li data-target=\"#vc_images-carousel-1-1777307014\" data-slide-to=\"1\"><\/li><li data-target=\"#vc_images-carousel-1-1777307014\" data-slide-to=\"2\"><\/li><li data-target=\"#vc_images-carousel-1-1777307014\" data-slide-to=\"3\"><\/li><li data-target=\"#vc_images-carousel-1-1777307014\" data-slide-to=\"4\"><\/li><\/ol><div class=\"vc_carousel-inner\"><div class=\"vc_carousel-slideline\"><div class=\"vc_carousel-slideline-inner\"><div class=\"vc_item\"><div class=\"vc_inner\"><a class=\"\" href=\"https:\/\/uninavarra.edu.co\/wp-content\/uploads\/2024\/04\/EVITA-RESBALONES-TROPIEZOS-Y-CAIDAS-576x1024.jpg\" data-lightbox=\"lightbox[rel-73758-239233008]\"><img loading=\"lazy\" decoding=\"async\" width=\"1152\" height=\"2048\" src=\"https:\/\/uninavarra.edu.co\/wp-content\/uploads\/2024\/04\/EVITA-RESBALONES-TROPIEZOS-Y-CAIDAS.jpg\" class=\"attachment-full\" alt=\"\" title=\"EVITA RESBALONES, TROPIEZOS Y CAIDAS\" srcset=\"https:\/\/uninavarra.edu.co\/wp-content\/uploads\/2024\/04\/EVITA-RESBALONES-TROPIEZOS-Y-CAIDAS.jpg 1152w, https:\/\/uninavarra.edu.co\/wp-content\/uploads\/2024\/04\/EVITA-RESBALONES-TROPIEZOS-Y-CAIDAS-169x300.jpg 169w, https:\/\/uninavarra.edu.co\/wp-content\/uploads\/2024\/04\/EVITA-RESBALONES-TROPIEZOS-Y-CAIDAS-576x1024.jpg 576w, https:\/\/uninavarra.edu.co\/wp-content\/uploads\/2024\/04\/EVITA-RESBALONES-TROPIEZOS-Y-CAIDAS-84x150.jpg 84w, https:\/\/uninavarra.edu.co\/wp-content\/uploads\/2024\/04\/EVITA-RESBALONES-TROPIEZOS-Y-CAIDAS-768x1365.jpg 768w, https:\/\/uninavarra.edu.co\/wp-content\/uploads\/2024\/04\/EVITA-RESBALONES-TROPIEZOS-Y-CAIDAS-864x1536.jpg 864w\" sizes=\"(max-width: 1152px) 100vw, 1152px\" \/><\/a><\/div><\/div><div class=\"vc_item\"><div class=\"vc_inner\"><a class=\"\" href=\"https:\/\/uninavarra.edu.co\/wp-content\/uploads\/2024\/04\/RIESGO-ELECTRICO-576x1024.jpg\" data-lightbox=\"lightbox[rel-73758-239233008]\"><img loading=\"lazy\" decoding=\"async\" width=\"1152\" height=\"2048\" src=\"https:\/\/uninavarra.edu.co\/wp-content\/uploads\/2024\/04\/RIESGO-ELECTRICO.jpg\" class=\"attachment-full\" alt=\"\" title=\"RIESGO ELECTRICO\" srcset=\"https:\/\/uninavarra.edu.co\/wp-content\/uploads\/2024\/04\/RIESGO-ELECTRICO.jpg 1152w, https:\/\/uninavarra.edu.co\/wp-content\/uploads\/2024\/04\/RIESGO-ELECTRICO-169x300.jpg 169w, https:\/\/uninavarra.edu.co\/wp-content\/uploads\/2024\/04\/RIESGO-ELECTRICO-576x1024.jpg 576w, https:\/\/uninavarra.edu.co\/wp-content\/uploads\/2024\/04\/RIESGO-ELECTRICO-84x150.jpg 84w, https:\/\/uninavarra.edu.co\/wp-content\/uploads\/2024\/04\/RIESGO-ELECTRICO-768x1365.jpg 768w, https:\/\/uninavarra.edu.co\/wp-content\/uploads\/2024\/04\/RIESGO-ELECTRICO-864x1536.jpg 864w\" sizes=\"(max-width: 1152px) 100vw, 1152px\" \/><\/a><\/div><\/div><div class=\"vc_item\"><div class=\"vc_inner\"><a class=\"\" href=\"https:\/\/uninavarra.edu.co\/wp-content\/uploads\/2024\/04\/NORMA-ISO-45001-483x1024.jpg\" data-lightbox=\"lightbox[rel-73758-239233008]\"><img loading=\"lazy\" decoding=\"async\" width=\"1207\" height=\"2560\" src=\"https:\/\/uninavarra.edu.co\/wp-content\/uploads\/2024\/04\/NORMA-ISO-45001-scaled.jpg\" class=\"attachment-full\" alt=\"\" title=\"NORMA ISO 45001\" srcset=\"https:\/\/uninavarra.edu.co\/wp-content\/uploads\/2024\/04\/NORMA-ISO-45001-scaled.jpg 1207w, https:\/\/uninavarra.edu.co\/wp-content\/uploads\/2024\/04\/NORMA-ISO-45001-141x300.jpg 141w, https:\/\/uninavarra.edu.co\/wp-content\/uploads\/2024\/04\/NORMA-ISO-45001-483x1024.jpg 483w, https:\/\/uninavarra.edu.co\/wp-content\/uploads\/2024\/04\/NORMA-ISO-45001-71x150.jpg 71w, https:\/\/uninavarra.edu.co\/wp-content\/uploads\/2024\/04\/NORMA-ISO-45001-768x1629.jpg 768w, https:\/\/uninavarra.edu.co\/wp-content\/uploads\/2024\/04\/NORMA-ISO-45001-724x1536.jpg 724w, https:\/\/uninavarra.edu.co\/wp-content\/uploads\/2024\/04\/NORMA-ISO-45001-966x2048.jpg 966w\" sizes=\"(max-width: 1207px) 100vw, 1207px\" \/><\/a><\/div><\/div><div class=\"vc_item\"><div class=\"vc_inner\"><a class=\"\" href=\"https:\/\/uninavarra.edu.co\/wp-content\/uploads\/2024\/04\/RIESGO-BIOMECANICO-576x1024.jpg\" data-lightbox=\"lightbox[rel-73758-239233008]\"><img loading=\"lazy\" decoding=\"async\" width=\"1152\" height=\"2048\" src=\"https:\/\/uninavarra.edu.co\/wp-content\/uploads\/2024\/04\/RIESGO-BIOMECANICO.jpg\" class=\"attachment-full\" alt=\"\" title=\"RIESGO BIOMECANICO\" srcset=\"https:\/\/uninavarra.edu.co\/wp-content\/uploads\/2024\/04\/RIESGO-BIOMECANICO.jpg 1152w, https:\/\/uninavarra.edu.co\/wp-content\/uploads\/2024\/04\/RIESGO-BIOMECANICO-169x300.jpg 169w, https:\/\/uninavarra.edu.co\/wp-content\/uploads\/2024\/04\/RIESGO-BIOMECANICO-576x1024.jpg 576w, https:\/\/uninavarra.edu.co\/wp-content\/uploads\/2024\/04\/RIESGO-BIOMECANICO-84x150.jpg 84w, https:\/\/uninavarra.edu.co\/wp-content\/uploads\/2024\/04\/RIESGO-BIOMECANICO-768x1365.jpg 768w, https:\/\/uninavarra.edu.co\/wp-content\/uploads\/2024\/04\/RIESGO-BIOMECANICO-864x1536.jpg 864w\" sizes=\"(max-width: 1152px) 100vw, 1152px\" \/><\/a><\/div><\/div><div class=\"vc_item\"><div class=\"vc_inner\"><a class=\"\" href=\"https:\/\/uninavarra.edu.co\/wp-content\/uploads\/2024\/04\/TIPS-PARA-PREVENIR-CAIDAS-A-DESNIVEL-576x1024.jpg\" data-lightbox=\"lightbox[rel-73758-239233008]\"><img loading=\"lazy\" decoding=\"async\" width=\"1152\" height=\"2048\" src=\"https:\/\/uninavarra.edu.co\/wp-content\/uploads\/2024\/04\/TIPS-PARA-PREVENIR-CAIDAS-A-DESNIVEL.jpg\" class=\"attachment-full\" alt=\"\" title=\"TIPS PARA PREVENIR CAIDAS A DESNIVEL\" srcset=\"https:\/\/uninavarra.edu.co\/wp-content\/uploads\/2024\/04\/TIPS-PARA-PREVENIR-CAIDAS-A-DESNIVEL.jpg 1152w, https:\/\/uninavarra.edu.co\/wp-content\/uploads\/2024\/04\/TIPS-PARA-PREVENIR-CAIDAS-A-DESNIVEL-169x300.jpg 169w, https:\/\/uninavarra.edu.co\/wp-content\/uploads\/2024\/04\/TIPS-PARA-PREVENIR-CAIDAS-A-DESNIVEL-576x1024.jpg 576w, https:\/\/uninavarra.edu.co\/wp-content\/uploads\/2024\/04\/TIPS-PARA-PREVENIR-CAIDAS-A-DESNIVEL-84x150.jpg 84w, https:\/\/uninavarra.edu.co\/wp-content\/uploads\/2024\/04\/TIPS-PARA-PREVENIR-CAIDAS-A-DESNIVEL-768x1365.jpg 768w, https:\/\/uninavarra.edu.co\/wp-content\/uploads\/2024\/04\/TIPS-PARA-PREVENIR-CAIDAS-A-DESNIVEL-864x1536.jpg 864w\" sizes=\"(max-width: 1152px) 100vw, 1152px\" \/><\/a><\/div><\/div><\/div><\/div><\/div><a class=\"vc_left vc_carousel-control\" href=\"#vc_images-carousel-1-1777307014\" data-slide=\"prev\"><span class=\"icon-prev\"><\/span><\/a><a class=\"vc_right vc_carousel-control\" href=\"#vc_images-carousel-1-1777307014\" data-slide=\"next\"><span class=\"icon-next\"><\/span><\/a><\/div><\/div><\/div>\n\t\t<\/div> \n\t<\/div><div class=\"col-sm-3  vc_\">\n\t\t<div class=\"wpb_wrapper \">\n\t\t\t\n\t\t<\/div> \n\t<\/div><\/div><\/div><\/div>\n<\/div>","protected":false},"excerpt":{"rendered":"SEGURIDAD Y SALUD EN EL TRABAJO Home \/Seguridad y Salud en... En UNINAVARRA cuidamos de ti, Bienvenidos a nuestra p\u00e1gina dedicada a la seguridad y salud en el trabajo. En [...]","protected":false},"author":1174,"featured_media":41653,"parent":73485,"menu_order":0,"comment_status":"closed","ping_status":"closed","template":"","meta":{"footnotes":""},"categories":[],"tags":[],"class_list":["post-73758","page","type-page","status-publish","has-post-thumbnail","hentry"],"yoast_head":"<!-- This site is optimized with the Yoast SEO plugin v27.4 - https:\/\/yoast.com\/product\/yoast-seo-wordpress\/ -->\n<title>Seguridad y Salud en el Trabajo - Uninavarra<\/title>\n<meta name=\"robots\" content=\"index, follow, max-snippet:-1, max-image-preview:large, max-video-preview:-1\" \/>\n<link rel=\"canonical\" href=\"https:\/\/uninavarra.edu.co\/en\/bienestar-universitario\/promocion-y-prevencion-en-salud-fisica-y-mental\/salud-y-seguridad-en-el-trabajo\/\" \/>\n<meta property=\"og:locale\" content=\"en_US\" \/>\n<meta property=\"og:type\" content=\"article\" \/>\n<meta property=\"og:title\" content=\"Seguridad y Salud en el Trabajo - Uninavarra\" \/>\n<meta property=\"og:url\" content=\"https:\/\/uninavarra.edu.co\/en\/bienestar-universitario\/promocion-y-prevencion-en-salud-fisica-y-mental\/salud-y-seguridad-en-el-trabajo\/\" \/>\n<meta property=\"og:site_name\" content=\"Uninavarra\" \/>\n<meta property=\"article:publisher\" content=\"https:\/\/www.facebook.com\/UninavarraEduca\" \/>\n<meta property=\"article:modified_time\" content=\"2024-05-09T16:02:10+00:00\" \/>\n<meta property=\"og:image\" content=\"https:\/\/uninavarra.edu.co\/wp-content\/uploads\/2021\/10\/BANNER-promocion-y-prevencion-2019.jpg\" \/>\n\t<meta property=\"og:image:width\" content=\"2000\" \/>\n\t<meta property=\"og:image:height\" content=\"186\" \/>\n\t<meta property=\"og:image:type\" content=\"image\/jpeg\" \/>\n<meta name=\"twitter:card\" content=\"summary_large_image\" \/>\n<meta name=\"twitter:site\" content=\"@uninavarraeduca\" \/>\n<meta name=\"twitter:label1\" content=\"Est. reading time\" \/>\n\t<meta name=\"twitter:data1\" content=\"5 minutes\" \/>\n<script type=\"application\/ld+json\" class=\"yoast-schema-graph\">{\"@context\":\"https:\\\/\\\/schema.org\",\"@graph\":[{\"@type\":\"WebPage\",\"@id\":\"https:\\\/\\\/uninavarra.edu.co\\\/bienestar-universitario\\\/promocion-y-prevencion-en-salud-fisica-y-mental\\\/salud-y-seguridad-en-el-trabajo\\\/\",\"url\":\"https:\\\/\\\/uninavarra.edu.co\\\/bienestar-universitario\\\/promocion-y-prevencion-en-salud-fisica-y-mental\\\/salud-y-seguridad-en-el-trabajo\\\/\",\"name\":\"Seguridad y Salud en el Trabajo - Uninavarra\",\"isPartOf\":{\"@id\":\"https:\\\/\\\/uninavarra.edu.co\\\/#website\"},\"primaryImageOfPage\":{\"@id\":\"https:\\\/\\\/uninavarra.edu.co\\\/bienestar-universitario\\\/promocion-y-prevencion-en-salud-fisica-y-mental\\\/salud-y-seguridad-en-el-trabajo\\\/#primaryimage\"},\"image\":{\"@id\":\"https:\\\/\\\/uninavarra.edu.co\\\/bienestar-universitario\\\/promocion-y-prevencion-en-salud-fisica-y-mental\\\/salud-y-seguridad-en-el-trabajo\\\/#primaryimage\"},\"thumbnailUrl\":\"https:\\\/\\\/uninavarra.edu.co\\\/wp-content\\\/uploads\\\/2021\\\/10\\\/BANNER-promocion-y-prevencion-2019.jpg\",\"datePublished\":\"2024-04-02T20:15:36+00:00\",\"dateModified\":\"2024-05-09T16:02:10+00:00\",\"breadcrumb\":{\"@id\":\"https:\\\/\\\/uninavarra.edu.co\\\/bienestar-universitario\\\/promocion-y-prevencion-en-salud-fisica-y-mental\\\/salud-y-seguridad-en-el-trabajo\\\/#breadcrumb\"},\"inLanguage\":\"en-US\",\"potentialAction\":[{\"@type\":\"ReadAction\",\"target\":[\"https:\\\/\\\/uninavarra.edu.co\\\/bienestar-universitario\\\/promocion-y-prevencion-en-salud-fisica-y-mental\\\/salud-y-seguridad-en-el-trabajo\\\/\"]}]},{\"@type\":\"ImageObject\",\"inLanguage\":\"en-US\",\"@id\":\"https:\\\/\\\/uninavarra.edu.co\\\/bienestar-universitario\\\/promocion-y-prevencion-en-salud-fisica-y-mental\\\/salud-y-seguridad-en-el-trabajo\\\/#primaryimage\",\"url\":\"https:\\\/\\\/uninavarra.edu.co\\\/wp-content\\\/uploads\\\/2021\\\/10\\\/BANNER-promocion-y-prevencion-2019.jpg\",\"contentUrl\":\"https:\\\/\\\/uninavarra.edu.co\\\/wp-content\\\/uploads\\\/2021\\\/10\\\/BANNER-promocion-y-prevencion-2019.jpg\",\"width\":2000,\"height\":186,\"caption\":\"banner salud y prevencion de enfermedades\"},{\"@type\":\"BreadcrumbList\",\"@id\":\"https:\\\/\\\/uninavarra.edu.co\\\/bienestar-universitario\\\/promocion-y-prevencion-en-salud-fisica-y-mental\\\/salud-y-seguridad-en-el-trabajo\\\/#breadcrumb\",\"itemListElement\":[{\"@type\":\"ListItem\",\"position\":1,\"name\":\"Home\",\"item\":\"https:\\\/\\\/uninavarra.edu.co\\\/\"},{\"@type\":\"ListItem\",\"position\":2,\"name\":\"Bienestar Universitario\",\"item\":\"https:\\\/\\\/uninavarra.edu.co\\\/bienestar-universitario\\\/\"},{\"@type\":\"ListItem\",\"position\":3,\"name\":\"Promoci\u00f3n y Prevenci\u00f3n en Salud Fisica y Mental\",\"item\":\"https:\\\/\\\/uninavarra.edu.co\\\/bienestar-universitario\\\/promocion-y-prevencion-en-salud-fisica-y-mental\\\/\"},{\"@type\":\"ListItem\",\"position\":4,\"name\":\"Seguridad y Salud en el Trabajo\"}]},{\"@type\":\"WebSite\",\"@id\":\"https:\\\/\\\/uninavarra.edu.co\\\/#website\",\"url\":\"https:\\\/\\\/uninavarra.edu.co\\\/\",\"name\":\"UNINAVARRA\",\"description\":\"Haz realidad tu deseo de aprender\",\"publisher\":{\"@id\":\"https:\\\/\\\/uninavarra.edu.co\\\/#organization\"},\"potentialAction\":[{\"@type\":\"SearchAction\",\"target\":{\"@type\":\"EntryPoint\",\"urlTemplate\":\"https:\\\/\\\/uninavarra.edu.co\\\/?s={search_term_string}\"},\"query-input\":{\"@type\":\"PropertyValueSpecification\",\"valueRequired\":true,\"valueName\":\"search_term_string\"}}],\"inLanguage\":\"en-US\"},{\"@type\":\"Organization\",\"@id\":\"https:\\\/\\\/uninavarra.edu.co\\\/#organization\",\"name\":\"Fundaci\u00f3n Universitaria Navarra - UNINAVARRA\",\"url\":\"https:\\\/\\\/uninavarra.edu.co\\\/\",\"logo\":{\"@type\":\"ImageObject\",\"inLanguage\":\"en-US\",\"@id\":\"https:\\\/\\\/uninavarra.edu.co\\\/#\\\/schema\\\/logo\\\/image\\\/\",\"url\":\"https:\\\/\\\/uninavarra.edu.co\\\/wp-content\\\/uploads\\\/2024\\\/06\\\/Escudo-uninavarra-Solo.png\",\"contentUrl\":\"https:\\\/\\\/uninavarra.edu.co\\\/wp-content\\\/uploads\\\/2024\\\/06\\\/Escudo-uninavarra-Solo.png\",\"width\":1500,\"height\":1401,\"caption\":\"Fundaci\u00f3n Universitaria Navarra - UNINAVARRA\"},\"image\":{\"@id\":\"https:\\\/\\\/uninavarra.edu.co\\\/#\\\/schema\\\/logo\\\/image\\\/\"},\"sameAs\":[\"https:\\\/\\\/www.facebook.com\\\/UninavarraEduca\",\"https:\\\/\\\/x.com\\\/uninavarraeduca\",\"https:\\\/\\\/www.instagram.com\\\/uninavarra\\\/?hl=es\",\"https:\\\/\\\/www.linkedin.com\\\/in\\\/fundacin-universitaria-navarra-uninavarra-b41225222\\\/\"]}]}<\/script>\n<!-- \/ Yoast SEO plugin. -->","yoast_head_json":{"title":"Seguridad y Salud en el Trabajo - Uninavarra","robots":{"index":"index","follow":"follow","max-snippet":"max-snippet:-1","max-image-preview":"max-image-preview:large","max-video-preview":"max-video-preview:-1"},"canonical":"https:\/\/uninavarra.edu.co\/en\/bienestar-universitario\/promocion-y-prevencion-en-salud-fisica-y-mental\/salud-y-seguridad-en-el-trabajo\/","og_locale":"en_US","og_type":"article","og_title":"Seguridad y Salud en el Trabajo - Uninavarra","og_url":"https:\/\/uninavarra.edu.co\/en\/bienestar-universitario\/promocion-y-prevencion-en-salud-fisica-y-mental\/salud-y-seguridad-en-el-trabajo\/","og_site_name":"Uninavarra","article_publisher":"https:\/\/www.facebook.com\/UninavarraEduca","article_modified_time":"2024-05-09T16:02:10+00:00","og_image":[{"width":2000,"height":186,"url":"https:\/\/uninavarra.edu.co\/wp-content\/uploads\/2021\/10\/BANNER-promocion-y-prevencion-2019.jpg","type":"image\/jpeg"}],"twitter_card":"summary_large_image","twitter_site":"@uninavarraeduca","twitter_misc":{"Est. reading time":"5 minutes"},"schema":{"@context":"https:\/\/schema.org","@graph":[{"@type":"WebPage","@id":"https:\/\/uninavarra.edu.co\/bienestar-universitario\/promocion-y-prevencion-en-salud-fisica-y-mental\/salud-y-seguridad-en-el-trabajo\/","url":"https:\/\/uninavarra.edu.co\/bienestar-universitario\/promocion-y-prevencion-en-salud-fisica-y-mental\/salud-y-seguridad-en-el-trabajo\/","name":"Seguridad y Salud en el Trabajo - Uninavarra","isPartOf":{"@id":"https:\/\/uninavarra.edu.co\/#website"},"primaryImageOfPage":{"@id":"https:\/\/uninavarra.edu.co\/bienestar-universitario\/promocion-y-prevencion-en-salud-fisica-y-mental\/salud-y-seguridad-en-el-trabajo\/#primaryimage"},"image":{"@id":"https:\/\/uninavarra.edu.co\/bienestar-universitario\/promocion-y-prevencion-en-salud-fisica-y-mental\/salud-y-seguridad-en-el-trabajo\/#primaryimage"},"thumbnailUrl":"https:\/\/uninavarra.edu.co\/wp-content\/uploads\/2021\/10\/BANNER-promocion-y-prevencion-2019.jpg","datePublished":"2024-04-02T20:15:36+00:00","dateModified":"2024-05-09T16:02:10+00:00","breadcrumb":{"@id":"https:\/\/uninavarra.edu.co\/bienestar-universitario\/promocion-y-prevencion-en-salud-fisica-y-mental\/salud-y-seguridad-en-el-trabajo\/#breadcrumb"},"inLanguage":"en-US","potentialAction":[{"@type":"ReadAction","target":["https:\/\/uninavarra.edu.co\/bienestar-universitario\/promocion-y-prevencion-en-salud-fisica-y-mental\/salud-y-seguridad-en-el-trabajo\/"]}]},{"@type":"ImageObject","inLanguage":"en-US","@id":"https:\/\/uninavarra.edu.co\/bienestar-universitario\/promocion-y-prevencion-en-salud-fisica-y-mental\/salud-y-seguridad-en-el-trabajo\/#primaryimage","url":"https:\/\/uninavarra.edu.co\/wp-content\/uploads\/2021\/10\/BANNER-promocion-y-prevencion-2019.jpg","contentUrl":"https:\/\/uninavarra.edu.co\/wp-content\/uploads\/2021\/10\/BANNER-promocion-y-prevencion-2019.jpg","width":2000,"height":186,"caption":"banner salud y prevencion de enfermedades"},{"@type":"BreadcrumbList","@id":"https:\/\/uninavarra.edu.co\/bienestar-universitario\/promocion-y-prevencion-en-salud-fisica-y-mental\/salud-y-seguridad-en-el-trabajo\/#breadcrumb","itemListElement":[{"@type":"ListItem","position":1,"name":"Home","item":"https:\/\/uninavarra.edu.co\/"},{"@type":"ListItem","position":2,"name":"Bienestar Universitario","item":"https:\/\/uninavarra.edu.co\/bienestar-universitario\/"},{"@type":"ListItem","position":3,"name":"Promoci\u00f3n y Prevenci\u00f3n en Salud Fisica y Mental","item":"https:\/\/uninavarra.edu.co\/bienestar-universitario\/promocion-y-prevencion-en-salud-fisica-y-mental\/"},{"@type":"ListItem","position":4,"name":"Seguridad y Salud en el Trabajo"}]},{"@type":"WebSite","@id":"https:\/\/uninavarra.edu.co\/#website","url":"https:\/\/uninavarra.edu.co\/","name":"UNINAVARRA","description":"Make your desire to learn a reality","publisher":{"@id":"https:\/\/uninavarra.edu.co\/#organization"},"potentialAction":[{"@type":"SearchAction","target":{"@type":"EntryPoint","urlTemplate":"https:\/\/uninavarra.edu.co\/?s={search_term_string}"},"query-input":{"@type":"PropertyValueSpecification","valueRequired":true,"valueName":"search_term_string"}}],"inLanguage":"en-US"},{"@type":"Organization","@id":"https:\/\/uninavarra.edu.co\/#organization","name":"Navarre University Foundation - UNINAVARRA","url":"https:\/\/uninavarra.edu.co\/","logo":{"@type":"ImageObject","inLanguage":"en-US","@id":"https:\/\/uninavarra.edu.co\/#\/schema\/logo\/image\/","url":"https:\/\/uninavarra.edu.co\/wp-content\/uploads\/2024\/06\/Escudo-uninavarra-Solo.png","contentUrl":"https:\/\/uninavarra.edu.co\/wp-content\/uploads\/2024\/06\/Escudo-uninavarra-Solo.png","width":1500,"height":1401,"caption":"Fundaci\u00f3n Universitaria Navarra - UNINAVARRA"},"image":{"@id":"https:\/\/uninavarra.edu.co\/#\/schema\/logo\/image\/"},"sameAs":["https:\/\/www.facebook.com\/UninavarraEduca","https:\/\/x.com\/uninavarraeduca","https:\/\/www.instagram.com\/uninavarra\/?hl=es","https:\/\/www.linkedin.com\/in\/fundacin-universitaria-navarra-uninavarra-b41225222\/"]}]}},"_links":{"self":[{"href":"https:\/\/uninavarra.edu.co\/en\/wp-json\/wp\/v2\/pages\/73758","targetHints":{"allow":["GET"]}}],"collection":[{"href":"https:\/\/uninavarra.edu.co\/en\/wp-json\/wp\/v2\/pages"}],"about":[{"href":"https:\/\/uninavarra.edu.co\/en\/wp-json\/wp\/v2\/types\/page"}],"author":[{"embeddable":true,"href":"https:\/\/uninavarra.edu.co\/en\/wp-json\/wp\/v2\/users\/1174"}],"replies":[{"embeddable":true,"href":"https:\/\/uninavarra.edu.co\/en\/wp-json\/wp\/v2\/comments?post=73758"}],"version-history":[{"count":0,"href":"https:\/\/uninavarra.edu.co\/en\/wp-json\/wp\/v2\/pages\/73758\/revisions"}],"up":[{"embeddable":true,"href":"https:\/\/uninavarra.edu.co\/en\/wp-json\/wp\/v2\/pages\/73485"}],"wp:featuredmedia":[{"embeddable":true,"href":"https:\/\/uninavarra.edu.co\/en\/wp-json\/wp\/v2\/media\/41653"}],"wp:attachment":[{"href":"https:\/\/uninavarra.edu.co\/en\/wp-json\/wp\/v2\/media?parent=73758"}],"wp:term":[{"taxonomy":"category","embeddable":true,"href":"https:\/\/uninavarra.edu.co\/en\/wp-json\/wp\/v2\/categories?post=73758"},{"taxonomy":"post_tag","embeddable":true,"href":"https:\/\/uninavarra.edu.co\/en\/wp-json\/wp\/v2\/tags?post=73758"}],"curies":[{"name":"wp","href":"https:\/\/api.w.org\/{rel}","templated":true}]}}