{"id":71755,"date":"2024-03-08T07:41:39","date_gmt":"2024-03-08T12:41:39","guid":{"rendered":"https:\/\/uninavarra.edu.co\/?page_id=71755"},"modified":"2024-03-14T07:30:22","modified_gmt":"2024-03-14T12:30:22","slug":"proyeccion-social-dev","status":"publish","type":"page","link":"https:\/\/uninavarra.edu.co\/en\/proyeccion-social-dev\/","title":{"rendered":"Social projection-dev"},"content":{"rendered":"<div class=\"wpb-content-wrapper\"><section id=\"contenido_cina\" class=\"vc_section\"><div id=\"quienes_somos\" data-vc-full-width=\"true\" data-vc-full-width-init=\"false\" data-vc-stretch-content=\"true\" class=\"wpb-container\"><div class=\"container\"><div class=\"vc_row wpb_row vc_row-fluid row  div-home-cina\"><div class=\"col-sm-12  vc_\">\n\t\t<div class=\"wpb_wrapper\">\n\t\t\t\n\t<div class=\"wpb_text_column wpb_content_element\" >\n\t\t<div class=\"wpb_wrapper\">\n\t\t\t<p><span class=\"ui-provider a b c d e f g h i j k l m n o p q r s t u v w x y z ab ac ae af ag ah ai aj ak\" dir=\"ltr\"><\/span><\/p>\n\n\t\t<\/div>\n\t<\/div>\n\n\t<div class=\"wpb_raw_code wpb_raw_html wpb_content_element\" >\n\t\t<div class=\"wpb_wrapper\">\n\t\t\t<link rel=\"preconnect\" href=\"https:\/\/fonts.gstatic.com\">\n<link href=\"https:\/\/fonts.googleapis.com\/css2?family=Raleway:ital,wght@0,400;0,700;1,400&display=swap\" rel=\"stylesheet\">\n<link href=\"https:\/\/fonts.googleapis.com\/css2?family=Lato:wght@400;700&display=swap\" rel=\"stylesheet\">\n<link href=\"https:\/\/fonts.googleapis.com\/icon?family=Material+Icons\" rel=\"stylesheet\">\n\n<style>\n\/* Arregla el tama\u00f1o de la letra del slider cina ya que esta en 'rem' *\/ html {font-size: 100%} .navbar-mega .navbar-nav > li .dropdown-menu li a {font-size: 14px !important;}\n\n\/* CAMBIO COLOR DE LA LETRA Y ESTILO *\/\n#wpo-mainbody, #wpo-mainbody h2, #wpo-mainbody h3, #wpo-mainbody h4, #wpo-mainbody p, #wpo-mainbody a, #wpo-mainbody strong, #wpo-mainbody em, #wpo-mainbody th, #wpo-mainbody tr, #wpo-mainbody td, #wpo-mainbody ol, #wpo-mainbody ul, #wpo-mainbody li, #wpo-mainbody :after {\n    font-family: 'Raleway', sans-serif\n}\n\n#wpo-mainbody p {\n    font-size: 18px;\n    line-height: 30px;\n}\n\n#wpo-mainbody li {\n    font-size: 18px;\n    line-height: 30px;\n}\n\n#wpo-mainbody a {\n    text-decoration: none;\n    color: #555;\n}\n\n#wpo-mainbody a:hover {\n    transition: 0.4s;\n    color: rgb(239, 184, 16);\n}\n\n#wpo-mainbody strong {\n    line-height: 30px\n}\n\n\/* Estilo Aplicado en Listas de Semilleros de los Grupos de Investigaci\u00f3n *\/\n#wpo-mainbody .lista_semilleros ul {\n    padding-inline-start: 35px;\n}\n\n#wpo-mainbody .lista_semilleros li {\n\tline-height: 20px\n}\n\n#wpo-mainbody .lista_semilleros ul li {\n\tfont-size: 15px;\n\tmargin-left: 20px;\n\tmargin-bottom: 15px\n}\n\n#wpo-mainbody .lista_semilleros li:last-child ul li {\n\tmargin-bottom: 0\n}\n\n#wpo-mainbody .lista_semilleros ul li:before {\n    position: absolute;\n    background: none;\n}\n<\/style>\n\n\t\t<\/div>\n\t<\/div>\n\n\t\t<\/div> \n\t<\/div><\/div><\/div><\/div><div class=\"vc_row-full-width\"><\/div><div id=\"quienes-somos\" data-vc-full-width=\"true\" data-vc-full-width-init=\"false\" data-vc-stretch-content=\"true\" class=\"wpb-container\"><div class=\"container\"><div class=\"vc_row wpb_row vc_row-fluid row  div-home-cina\"><div class=\"col-sm-12  vc_\">\n\t\t<div class=\"wpb_wrapper\">\n\t\t\t\n\t<div class=\"wpb_text_column wpb_content_element\" >\n\t\t<div class=\"wpb_wrapper\">\n\t\t\t<h2 style=\"text-align: center;\">Who are we?<\/h2>\n<p style=\"text-align: justify;\">Inspired by gratitude and love for its region, in its mission to train integral professionals with human sense and with the ability to lead processes of social transformation that ensure the development of its territory, as well as in its policy of Social Responsibility and in life, The Navarre University Foundation has created the G Moscati Humanization Group, defining four axes of intervention and support to the communities.<\/p>\n\n\t\t<\/div>\n\t<\/div>\n\n\t\t<\/div> \n\t<\/div><\/div><\/div><\/div><div class=\"vc_row-full-width\"><\/div><div id=\"mision-vision\" data-vc-full-width=\"true\" data-vc-full-width-init=\"false\" data-vc-stretch-content=\"true\" class=\"wpb-container vc_custom_1606837516772\"><div class=\"container\"><div class=\"vc_row wpb_row vc_row-fluid row  div-home-cina\"><div class=\"col-sm-12  vc_\">\n\t\t<div class=\"wpb_wrapper\">\n\t\t\t<div class=\"vc_empty_space\"   style=\"height: 56px\"><span class=\"vc_empty_space_inner\"><\/span><\/div><div class=\"vc_tta-container\" data-vc-action=\"collapse\"><div class=\"vc_general vc_tta vc_tta-tabs vc_tta-color-grey vc_tta-style-classic vc_tta-shape-rounded vc_tta-spacing-1 vc_tta-tabs-position-left vc_tta-controls-align-left\"><div class=\"vc_tta-tabs-container\"><ul class=\"vc_tta-tabs-list\"><li class=\"vc_tta-tab vc_active\" data-vc-tab><a href=\"#mision\" data-vc-tabs data-vc-container=\".vc_tta\"><span class=\"vc_tta-title-text\">Mission<\/span><\/a><\/li><li class=\"vc_tta-tab\" data-vc-tab><a href=\"#vision\" data-vc-tabs data-vc-container=\".vc_tta\"><span class=\"vc_tta-title-text\">Vision<\/span><\/a><\/li><li class=\"vc_tta-tab\" data-vc-tab><a href=\"#1710364641333-20b00a58-cfd2\" data-vc-tabs data-vc-container=\".vc_tta\"><span class=\"vc_tta-title-text\">Target<\/span><\/a><\/li><\/ul><\/div><div class=\"vc_tta-panels-container\"><div class=\"vc_tta-panels\"><div class=\"vc_tta-panel vc_active\" id=\"mision\" data-vc-content=\".vc_tta-panel-body\"><div class=\"vc_tta-panel-heading\"><h4 class=\"vc_tta-panel-title\"><a href=\"#mision\" data-vc-accordion data-vc-container=\".vc_tta-container\"><span class=\"vc_tta-title-text\">Mission<\/span><\/a><\/h4><\/div><div class=\"vc_tta-panel-body\">\n\t<div class=\"wpb_text_column wpb_content_element\" >\n\t\t<div class=\"wpb_wrapper\">\n\t\t\t<p style=\"text-align: justify;\">Promote the study of the problems and needs of the community, and in the same way manage to obtain solutions.<\/p>\n\n\t\t<\/div>\n\t<\/div>\n<\/div><\/div><div class=\"vc_tta-panel\" id=\"vision\" data-vc-content=\".vc_tta-panel-body\"><div class=\"vc_tta-panel-heading\"><h4 class=\"vc_tta-panel-title\"><a href=\"#vision\" data-vc-accordion data-vc-container=\".vc_tta-container\"><span class=\"vc_tta-title-text\">Vision<\/span><\/a><\/h4><\/div><div class=\"vc_tta-panel-body\">\n\t<div class=\"wpb_text_column wpb_content_element\" >\n\t\t<div class=\"wpb_wrapper\">\n\t\t\t<p style=\"text-align: justify;\">To lead a process of integration with the surrounding community in order to establish a long-term relationship through cooperation for social development with participation from a critical and autonomous perspective in the organizations and entities that have an impact on local and regional development.<\/p>\n\n\t\t<\/div>\n\t<\/div>\n<\/div><\/div><div class=\"vc_tta-panel\" id=\"1710364641333-20b00a58-cfd2\" data-vc-content=\".vc_tta-panel-body\"><div class=\"vc_tta-panel-heading\"><h4 class=\"vc_tta-panel-title\"><a href=\"#1710364641333-20b00a58-cfd2\" data-vc-accordion data-vc-container=\".vc_tta-container\"><span class=\"vc_tta-title-text\">Target<\/span><\/a><\/h4><\/div><div class=\"vc_tta-panel-body\">\n\t<div class=\"wpb_text_column wpb_content_element\" >\n\t\t<div class=\"wpb_wrapper\">\n\t\t\t<p style=\"text-align: justify;\">To make visible and articulate the management and development of initiatives executed from the area of social projection.<\/p>\n\n\t\t<\/div>\n\t<\/div>\n<\/div><\/div><\/div><\/div><\/div><\/div>\n\t\t<\/div> \n\t<\/div><\/div><\/div><\/div><div class=\"vc_row-full-width\"><\/div><\/section><div id=\"ejes-de-intervecion\" data-vc-full-width=\"true\" data-vc-full-width-init=\"false\" class=\"wpb-container vc_custom_1710370204714\"><div class=\"container\"><div class=\"vc_row wpb_row vc_row-fluid row\"><div class=\"col-sm-12  vc_\">\n\t\t<div class=\"wpb_wrapper\">\n\t\t\t\n\t<div class=\"wpb_text_column wpb_content_element\" >\n\t\t<div class=\"wpb_wrapper\">\n\t\t\t<h2 style=\"text-align: center; color: #ffffff !important;\">Learn more about our main areas of intervention<\/h2>\n\n\t\t<\/div>\n\t<\/div>\n<div class=\"vc_empty_space\"   style=\"height: 16px\"><span class=\"vc_empty_space_inner\"><\/span><\/div><div class=\"vc_row wpb_row vc_inner vc_row-fluid\"><div class=\"vc_ col-sm-6 col-lg-3\"><div class=\"vc_column-inner vc_custom_1505773869334\"><div class=\"wpb_wrapper\"><div class=\"wpb_single_image wpb_content_element vc_align_center\">\n\t\t<div class=\"wpb_wrapper\">\n\t\t\t\n\t\t\t<a href=\"https:\/\/uninavarra.edu.co\/uninavarra-mayor-dev\/\" target=\"_self\"><img fetchpriority=\"high\" decoding=\"async\" width=\"1080\" height=\"1080\" src=\"https:\/\/uninavarra.edu.co\/wp-content\/uploads\/2023\/01\/foto-proyeccio\u0301n-social-1-1.png\" class=\"vc_box_border_grey attachment-full\" alt=\"uninavarra mayor\" title=\"photo-projection-social-1 (1)\" srcset=\"https:\/\/uninavarra.edu.co\/wp-content\/uploads\/2023\/01\/foto-proyeccio\u0301n-social-1-1.png 1080w, https:\/\/uninavarra.edu.co\/wp-content\/uploads\/2023\/01\/foto-proyeccio\u0301n-social-1-1-150x150.png 150w, https:\/\/uninavarra.edu.co\/wp-content\/uploads\/2023\/01\/foto-proyeccio\u0301n-social-1-1-300x300.png 300w, https:\/\/uninavarra.edu.co\/wp-content\/uploads\/2023\/01\/foto-proyeccio\u0301n-social-1-1-768x768.png 768w, https:\/\/uninavarra.edu.co\/wp-content\/uploads\/2023\/01\/foto-proyeccio\u0301n-social-1-1-1024x1024.png 1024w, https:\/\/uninavarra.edu.co\/wp-content\/uploads\/2023\/01\/elementor\/thumbs\/foto-proyeccio\u0301n-social-1-1-q08fvtjctf356bdbwvep3ig3zovk6cj15j1xc8cats.png 200w\" sizes=\"(max-width: 1080px) 100vw, 1080px\" \/><\/a>\n\t\t<\/div> \n\t<\/div><\/div><\/div><\/div><div class=\"vc_ col-sm-6 col-lg-3\"><div class=\"vc_column-inner vc_custom_1489071295683\"><div class=\"wpb_wrapper\"><div class=\"wpb_single_image wpb_content_element vc_align_center\">\n\t\t<div class=\"wpb_wrapper\">\n\t\t\t\n\t\t\t<a href=\"https:\/\/uninavarra.edu.co\/apoyo-a-paciente-hospitalizado\/\" target=\"_self\"><img decoding=\"async\" width=\"1080\" height=\"1080\" src=\"https:\/\/uninavarra.edu.co\/wp-content\/uploads\/2023\/01\/foto-proyeccio\u0301n-social-2-1.png\" class=\"vc_box_border_grey attachment-full\" alt=\"Apoyo al paciente hospitalizado\" title=\"photo-projection-social-2 (1)\" srcset=\"https:\/\/uninavarra.edu.co\/wp-content\/uploads\/2023\/01\/foto-proyeccio\u0301n-social-2-1.png 1080w, https:\/\/uninavarra.edu.co\/wp-content\/uploads\/2023\/01\/foto-proyeccio\u0301n-social-2-1-150x150.png 150w, https:\/\/uninavarra.edu.co\/wp-content\/uploads\/2023\/01\/elementor\/thumbs\/foto-proyeccio\u0301n-social-2-1-q08fuhlmcq1yc7gp3pjw6fdyqdngxjgfuqdc0islo8.png 300w, https:\/\/uninavarra.edu.co\/wp-content\/uploads\/2023\/01\/foto-proyeccio\u0301n-social-2-1-768x768.png 768w, https:\/\/uninavarra.edu.co\/wp-content\/uploads\/2023\/01\/foto-proyeccio\u0301n-social-2-1-1024x1024.png 1024w, https:\/\/uninavarra.edu.co\/wp-content\/uploads\/2023\/01\/elementor\/thumbs\/foto-proyeccio\u0301n-social-2-1-q08fuhllqsnqj7dtw94b4dys7pjnlnukwu2qxtjzno.png 250w, https:\/\/uninavarra.edu.co\/wp-content\/uploads\/2023\/01\/elementor\/thumbs\/foto-proyeccio\u0301n-social-2-1-q08fuhll4v9iq7ayosoq2cjlp1fu9s8pyxs5v4bdn4.png 200w\" sizes=\"(max-width: 1080px) 100vw, 1080px\" \/><\/a>\n\t\t<\/div> \n\t<\/div><\/div><\/div><\/div><div class=\"vc_ col-sm-6 col-lg-3\"><div class=\"vc_column-inner vc_custom_1489071304051\"><div class=\"wpb_wrapper\"><div class=\"wpb_single_image wpb_content_element vc_align_center\">\n\t\t<div class=\"wpb_wrapper\">\n\t\t\t\n\t\t\t<a href=\"https:\/\/uninavarra.edu.co\/apoyo-a-primera-infancia-2\/\" target=\"_self\"><img decoding=\"async\" width=\"1080\" height=\"1080\" src=\"https:\/\/uninavarra.edu.co\/wp-content\/uploads\/2023\/01\/foto-proyeccio\u0301n-social-3-1.png\" class=\"vc_box_border_grey attachment-full\" alt=\"apoyo a primera infancia\" title=\"photo-projection-social-3 (1)\" srcset=\"https:\/\/uninavarra.edu.co\/wp-content\/uploads\/2023\/01\/foto-proyeccio\u0301n-social-3-1.png 1080w, https:\/\/uninavarra.edu.co\/wp-content\/uploads\/2023\/01\/foto-proyeccio\u0301n-social-3-1-150x150.png 150w, https:\/\/uninavarra.edu.co\/wp-content\/uploads\/2023\/01\/foto-proyeccio\u0301n-social-3-1-300x300.png 300w, https:\/\/uninavarra.edu.co\/wp-content\/uploads\/2023\/01\/foto-proyeccio\u0301n-social-3-1-768x768.png 768w, https:\/\/uninavarra.edu.co\/wp-content\/uploads\/2023\/01\/foto-proyeccio\u0301n-social-3-1-1024x1024.png 1024w, https:\/\/uninavarra.edu.co\/wp-content\/uploads\/2023\/01\/elementor\/thumbs\/foto-proyeccio\u0301n-social-3-1-q08fzh4re83abq26kgagsl8n5muy3z1gbmdwiyx6mo.png 200w\" sizes=\"(max-width: 1080px) 100vw, 1080px\" \/><\/a>\n\t\t<\/div> \n\t<\/div><\/div><\/div><\/div><div class=\"vc_ col-sm-6 col-lg-3\"><div class=\"vc_column-inner vc_custom_1489071449216\"><div class=\"wpb_wrapper\"><div class=\"wpb_single_image wpb_content_element vc_align_center\">\n\t\t<div class=\"wpb_wrapper\">\n\t\t\t\n\t\t\t<a href=\"https:\/\/uninavarra.edu.co\/mi-biblioteca-es-tu-biblioteca-2\/\" target=\"_self\"><img loading=\"lazy\" decoding=\"async\" width=\"1080\" height=\"1080\" src=\"https:\/\/uninavarra.edu.co\/wp-content\/uploads\/2024\/02\/foto-proyeccio\u0301n-social-1.png\" class=\"vc_box_border_grey attachment-full\" alt=\"\" title=\"photo-projection-social (1)\" srcset=\"https:\/\/uninavarra.edu.co\/wp-content\/uploads\/2024\/02\/foto-proyeccio\u0301n-social-1.png 1080w, https:\/\/uninavarra.edu.co\/wp-content\/uploads\/2024\/02\/foto-proyeccio\u0301n-social-1-300x300.png 300w, https:\/\/uninavarra.edu.co\/wp-content\/uploads\/2024\/02\/foto-proyeccio\u0301n-social-1-1024x1024.png 1024w, https:\/\/uninavarra.edu.co\/wp-content\/uploads\/2024\/02\/foto-proyeccio\u0301n-social-1-150x150.png 150w, https:\/\/uninavarra.edu.co\/wp-content\/uploads\/2024\/02\/foto-proyeccio\u0301n-social-1-768x768.png 768w, https:\/\/uninavarra.edu.co\/wp-content\/uploads\/2024\/02\/foto-proyeccio\u0301n-social-1-500x500.png 500w, https:\/\/uninavarra.edu.co\/wp-content\/uploads\/2024\/02\/foto-proyeccio\u0301n-social-1-800x800.png 800w, https:\/\/uninavarra.edu.co\/wp-content\/uploads\/2024\/02\/elementor\/thumbs\/foto-proyeccio\u0301n-social-1-qk3gog3duykskhhjzhfw6wucwh60igqpldwbevj5jk.png 200w\" sizes=\"(max-width: 1080px) 100vw, 1080px\" \/><\/a>\n\t\t<\/div> \n\t<\/div><\/div><\/div><\/div><\/div>\n\t\t<\/div> \n\t<\/div><\/div><\/div><\/div><div class=\"vc_row-full-width\"><\/div><div class=\"col-sm-2  vc_\">\n\t\t<div class=\"wpb_wrapper\">\n\t\t\t\n\t\t<\/div> \n\t<\/div><div class=\"col-sm-2  vc_\">\n\t\t<div class=\"wpb_wrapper\">\n\t\t\t\n\t\t<\/div> \n\t<\/div><div class=\"col-sm-2  vc_\">\n\t\t<div class=\"wpb_wrapper\">\n\t\t\t\n\t\t<\/div> \n\t<\/div>\n<\/div>","protected":false},"excerpt":{"rendered":"\u00bfQui\u00e9nes somos? Inspirada en la gratitud y en el amor por su regi\u00f3n, en su misi\u00f3n de formar profesionales integrales con sentido humano y con la capacidad de liderar procesos [...]","protected":false},"author":13,"featured_media":70807,"parent":0,"menu_order":0,"comment_status":"closed","ping_status":"closed","template":"","meta":{"footnotes":""},"categories":[],"tags":[],"class_list":["post-71755","page","type-page","status-publish","has-post-thumbnail","hentry"],"yoast_head":"<!-- This site is optimized with the Yoast SEO plugin v27.4 - https:\/\/yoast.com\/product\/yoast-seo-wordpress\/ -->\n<title>Proyecci\u00f3n social-dev - Uninavarra<\/title>\n<meta name=\"robots\" content=\"index, follow, max-snippet:-1, max-image-preview:large, max-video-preview:-1\" \/>\n<link rel=\"canonical\" href=\"https:\/\/uninavarra.edu.co\/en\/proyeccion-social-dev\/\" \/>\n<meta property=\"og:locale\" content=\"en_US\" \/>\n<meta property=\"og:type\" content=\"article\" \/>\n<meta property=\"og:title\" content=\"Proyecci\u00f3n social-dev - Uninavarra\" \/>\n<meta property=\"og:url\" content=\"https:\/\/uninavarra.edu.co\/en\/proyeccion-social-dev\/\" \/>\n<meta property=\"og:site_name\" content=\"Uninavarra\" \/>\n<meta property=\"article:publisher\" content=\"https:\/\/www.facebook.com\/UninavarraEduca\" \/>\n<meta property=\"article:modified_time\" content=\"2024-03-14T12:30:22+00:00\" \/>\n<meta property=\"og:image\" content=\"https:\/\/uninavarra.edu.co\/wp-content\/uploads\/2024\/02\/Banner-Proyeccio\u0301n-Social-2024.jpg\" \/>\n\t<meta property=\"og:image:width\" content=\"2048\" \/>\n\t<meta property=\"og:image:height\" content=\"609\" \/>\n\t<meta property=\"og:image:type\" content=\"image\/jpeg\" \/>\n<meta name=\"twitter:card\" content=\"summary_large_image\" \/>\n<meta name=\"twitter:site\" content=\"@uninavarraeduca\" \/>\n<meta name=\"twitter:label1\" content=\"Est. reading time\" \/>\n\t<meta name=\"twitter:data1\" content=\"4 minutes\" \/>\n<script type=\"application\/ld+json\" class=\"yoast-schema-graph\">{\"@context\":\"https:\\\/\\\/schema.org\",\"@graph\":[{\"@type\":\"WebPage\",\"@id\":\"https:\\\/\\\/uninavarra.edu.co\\\/proyeccion-social-dev\\\/\",\"url\":\"https:\\\/\\\/uninavarra.edu.co\\\/proyeccion-social-dev\\\/\",\"name\":\"Proyecci\u00f3n social-dev - Uninavarra\",\"isPartOf\":{\"@id\":\"https:\\\/\\\/uninavarra.edu.co\\\/#website\"},\"primaryImageOfPage\":{\"@id\":\"https:\\\/\\\/uninavarra.edu.co\\\/proyeccion-social-dev\\\/#primaryimage\"},\"image\":{\"@id\":\"https:\\\/\\\/uninavarra.edu.co\\\/proyeccion-social-dev\\\/#primaryimage\"},\"thumbnailUrl\":\"https:\\\/\\\/uninavarra.edu.co\\\/wp-content\\\/uploads\\\/2024\\\/02\\\/Banner-Proyeccio\u0301n-Social-2024.jpg\",\"datePublished\":\"2024-03-08T12:41:39+00:00\",\"dateModified\":\"2024-03-14T12:30:22+00:00\",\"breadcrumb\":{\"@id\":\"https:\\\/\\\/uninavarra.edu.co\\\/proyeccion-social-dev\\\/#breadcrumb\"},\"inLanguage\":\"en-US\",\"potentialAction\":[{\"@type\":\"ReadAction\",\"target\":[\"https:\\\/\\\/uninavarra.edu.co\\\/proyeccion-social-dev\\\/\"]}]},{\"@type\":\"ImageObject\",\"inLanguage\":\"en-US\",\"@id\":\"https:\\\/\\\/uninavarra.edu.co\\\/proyeccion-social-dev\\\/#primaryimage\",\"url\":\"https:\\\/\\\/uninavarra.edu.co\\\/wp-content\\\/uploads\\\/2024\\\/02\\\/Banner-Proyeccio\u0301n-Social-2024.jpg\",\"contentUrl\":\"https:\\\/\\\/uninavarra.edu.co\\\/wp-content\\\/uploads\\\/2024\\\/02\\\/Banner-Proyeccio\u0301n-Social-2024.jpg\",\"width\":2048,\"height\":609},{\"@type\":\"BreadcrumbList\",\"@id\":\"https:\\\/\\\/uninavarra.edu.co\\\/proyeccion-social-dev\\\/#breadcrumb\",\"itemListElement\":[{\"@type\":\"ListItem\",\"position\":1,\"name\":\"Home\",\"item\":\"https:\\\/\\\/uninavarra.edu.co\\\/\"},{\"@type\":\"ListItem\",\"position\":2,\"name\":\"Proyecci\u00f3n social-dev\"}]},{\"@type\":\"WebSite\",\"@id\":\"https:\\\/\\\/uninavarra.edu.co\\\/#website\",\"url\":\"https:\\\/\\\/uninavarra.edu.co\\\/\",\"name\":\"UNINAVARRA\",\"description\":\"Haz realidad tu deseo de aprender\",\"publisher\":{\"@id\":\"https:\\\/\\\/uninavarra.edu.co\\\/#organization\"},\"potentialAction\":[{\"@type\":\"SearchAction\",\"target\":{\"@type\":\"EntryPoint\",\"urlTemplate\":\"https:\\\/\\\/uninavarra.edu.co\\\/?s={search_term_string}\"},\"query-input\":{\"@type\":\"PropertyValueSpecification\",\"valueRequired\":true,\"valueName\":\"search_term_string\"}}],\"inLanguage\":\"en-US\"},{\"@type\":\"Organization\",\"@id\":\"https:\\\/\\\/uninavarra.edu.co\\\/#organization\",\"name\":\"Fundaci\u00f3n Universitaria Navarra - UNINAVARRA\",\"url\":\"https:\\\/\\\/uninavarra.edu.co\\\/\",\"logo\":{\"@type\":\"ImageObject\",\"inLanguage\":\"en-US\",\"@id\":\"https:\\\/\\\/uninavarra.edu.co\\\/#\\\/schema\\\/logo\\\/image\\\/\",\"url\":\"https:\\\/\\\/uninavarra.edu.co\\\/wp-content\\\/uploads\\\/2024\\\/06\\\/Escudo-uninavarra-Solo.png\",\"contentUrl\":\"https:\\\/\\\/uninavarra.edu.co\\\/wp-content\\\/uploads\\\/2024\\\/06\\\/Escudo-uninavarra-Solo.png\",\"width\":1500,\"height\":1401,\"caption\":\"Fundaci\u00f3n Universitaria Navarra - UNINAVARRA\"},\"image\":{\"@id\":\"https:\\\/\\\/uninavarra.edu.co\\\/#\\\/schema\\\/logo\\\/image\\\/\"},\"sameAs\":[\"https:\\\/\\\/www.facebook.com\\\/UninavarraEduca\",\"https:\\\/\\\/x.com\\\/uninavarraeduca\",\"https:\\\/\\\/www.instagram.com\\\/uninavarra\\\/?hl=es\",\"https:\\\/\\\/www.linkedin.com\\\/in\\\/fundacin-universitaria-navarra-uninavarra-b41225222\\\/\"]}]}<\/script>\n<!-- \/ Yoast SEO plugin. -->","yoast_head_json":{"title":"Proyecci\u00f3n social-dev - Uninavarra","robots":{"index":"index","follow":"follow","max-snippet":"max-snippet:-1","max-image-preview":"max-image-preview:large","max-video-preview":"max-video-preview:-1"},"canonical":"https:\/\/uninavarra.edu.co\/en\/proyeccion-social-dev\/","og_locale":"en_US","og_type":"article","og_title":"Proyecci\u00f3n social-dev - Uninavarra","og_url":"https:\/\/uninavarra.edu.co\/en\/proyeccion-social-dev\/","og_site_name":"Uninavarra","article_publisher":"https:\/\/www.facebook.com\/UninavarraEduca","article_modified_time":"2024-03-14T12:30:22+00:00","og_image":[{"width":2048,"height":609,"url":"https:\/\/uninavarra.edu.co\/wp-content\/uploads\/2024\/02\/Banner-Proyeccio\u0301n-Social-2024.jpg","type":"image\/jpeg"}],"twitter_card":"summary_large_image","twitter_site":"@uninavarraeduca","twitter_misc":{"Est. reading time":"4 minutes"},"schema":{"@context":"https:\/\/schema.org","@graph":[{"@type":"WebPage","@id":"https:\/\/uninavarra.edu.co\/proyeccion-social-dev\/","url":"https:\/\/uninavarra.edu.co\/proyeccion-social-dev\/","name":"Proyecci\u00f3n social-dev - Uninavarra","isPartOf":{"@id":"https:\/\/uninavarra.edu.co\/#website"},"primaryImageOfPage":{"@id":"https:\/\/uninavarra.edu.co\/proyeccion-social-dev\/#primaryimage"},"image":{"@id":"https:\/\/uninavarra.edu.co\/proyeccion-social-dev\/#primaryimage"},"thumbnailUrl":"https:\/\/uninavarra.edu.co\/wp-content\/uploads\/2024\/02\/Banner-Proyeccio\u0301n-Social-2024.jpg","datePublished":"2024-03-08T12:41:39+00:00","dateModified":"2024-03-14T12:30:22+00:00","breadcrumb":{"@id":"https:\/\/uninavarra.edu.co\/proyeccion-social-dev\/#breadcrumb"},"inLanguage":"en-US","potentialAction":[{"@type":"ReadAction","target":["https:\/\/uninavarra.edu.co\/proyeccion-social-dev\/"]}]},{"@type":"ImageObject","inLanguage":"en-US","@id":"https:\/\/uninavarra.edu.co\/proyeccion-social-dev\/#primaryimage","url":"https:\/\/uninavarra.edu.co\/wp-content\/uploads\/2024\/02\/Banner-Proyeccio\u0301n-Social-2024.jpg","contentUrl":"https:\/\/uninavarra.edu.co\/wp-content\/uploads\/2024\/02\/Banner-Proyeccio\u0301n-Social-2024.jpg","width":2048,"height":609},{"@type":"BreadcrumbList","@id":"https:\/\/uninavarra.edu.co\/proyeccion-social-dev\/#breadcrumb","itemListElement":[{"@type":"ListItem","position":1,"name":"Home","item":"https:\/\/uninavarra.edu.co\/"},{"@type":"ListItem","position":2,"name":"Proyecci\u00f3n social-dev"}]},{"@type":"WebSite","@id":"https:\/\/uninavarra.edu.co\/#website","url":"https:\/\/uninavarra.edu.co\/","name":"UNINAVARRA","description":"Make your desire to learn a reality","publisher":{"@id":"https:\/\/uninavarra.edu.co\/#organization"},"potentialAction":[{"@type":"SearchAction","target":{"@type":"EntryPoint","urlTemplate":"https:\/\/uninavarra.edu.co\/?s={search_term_string}"},"query-input":{"@type":"PropertyValueSpecification","valueRequired":true,"valueName":"search_term_string"}}],"inLanguage":"en-US"},{"@type":"Organization","@id":"https:\/\/uninavarra.edu.co\/#organization","name":"Navarre University Foundation - UNINAVARRA","url":"https:\/\/uninavarra.edu.co\/","logo":{"@type":"ImageObject","inLanguage":"en-US","@id":"https:\/\/uninavarra.edu.co\/#\/schema\/logo\/image\/","url":"https:\/\/uninavarra.edu.co\/wp-content\/uploads\/2024\/06\/Escudo-uninavarra-Solo.png","contentUrl":"https:\/\/uninavarra.edu.co\/wp-content\/uploads\/2024\/06\/Escudo-uninavarra-Solo.png","width":1500,"height":1401,"caption":"Fundaci\u00f3n Universitaria Navarra - UNINAVARRA"},"image":{"@id":"https:\/\/uninavarra.edu.co\/#\/schema\/logo\/image\/"},"sameAs":["https:\/\/www.facebook.com\/UninavarraEduca","https:\/\/x.com\/uninavarraeduca","https:\/\/www.instagram.com\/uninavarra\/?hl=es","https:\/\/www.linkedin.com\/in\/fundacin-universitaria-navarra-uninavarra-b41225222\/"]}]}},"_links":{"self":[{"href":"https:\/\/uninavarra.edu.co\/en\/wp-json\/wp\/v2\/pages\/71755","targetHints":{"allow":["GET"]}}],"collection":[{"href":"https:\/\/uninavarra.edu.co\/en\/wp-json\/wp\/v2\/pages"}],"about":[{"href":"https:\/\/uninavarra.edu.co\/en\/wp-json\/wp\/v2\/types\/page"}],"author":[{"embeddable":true,"href":"https:\/\/uninavarra.edu.co\/en\/wp-json\/wp\/v2\/users\/13"}],"replies":[{"embeddable":true,"href":"https:\/\/uninavarra.edu.co\/en\/wp-json\/wp\/v2\/comments?post=71755"}],"version-history":[{"count":0,"href":"https:\/\/uninavarra.edu.co\/en\/wp-json\/wp\/v2\/pages\/71755\/revisions"}],"wp:featuredmedia":[{"embeddable":true,"href":"https:\/\/uninavarra.edu.co\/en\/wp-json\/wp\/v2\/media\/70807"}],"wp:attachment":[{"href":"https:\/\/uninavarra.edu.co\/en\/wp-json\/wp\/v2\/media?parent=71755"}],"wp:term":[{"taxonomy":"category","embeddable":true,"href":"https:\/\/uninavarra.edu.co\/en\/wp-json\/wp\/v2\/categories?post=71755"},{"taxonomy":"post_tag","embeddable":true,"href":"https:\/\/uninavarra.edu.co\/en\/wp-json\/wp\/v2\/tags?post=71755"}],"curies":[{"name":"wp","href":"https:\/\/api.w.org\/{rel}","templated":true}]}}