{"id":70815,"date":"2024-02-21T17:22:28","date_gmt":"2024-02-21T22:22:28","guid":{"rendered":"https:\/\/uninavarra.edu.co\/?page_id=70815"},"modified":"2024-08-17T11:32:26","modified_gmt":"2024-08-17T16:32:26","slug":"catedrauninavarra-2024-1","status":"publish","type":"page","link":"https:\/\/uninavarra.edu.co\/en\/catedrauninavarra-2024-1\/","title":{"rendered":"Uninavarra Chair 2024-1"},"content":{"rendered":"<div class=\"wpb-content-wrapper\"><div data-vc-full-width=\"true\" data-vc-full-width-init=\"false\" data-vc-parallax-image=\"https:\/\/www.youtube.com\/watch?v=bRAVKiJf0IY\" data-vc-video-bg=\"https:\/\/www.youtube.com\/watch?v=bRAVKiJf0IY\" class=\"wpb-container vc_custom_1680733678353 vc_row-o-full-height vc_video-bg-container\"><div class=\"container\"><div class=\"vc_row wpb_row vc_row-fluid row \"><div class=\"col-sm-12  vc_\">\n\t\t<div class=\"wpb_wrapper \">\n\t\t\t\n\t\t<\/div> \n\t<\/div><\/div><\/div><\/div><div class=\"vc_row-full-width\"><\/div><div data-vc-full-width=\"true\" data-vc-full-width-init=\"false\" class=\"wpb-container vc_custom_1587768969850\"><div class=\"container\"><div class=\"vc_row wpb_row vc_row-fluid row \"><div class=\"col-sm-12  vc_\">\n\t\t<div class=\"wpb_wrapper \">\n\t\t\t\n\t<div class=\"wpb_text_column wpb_content_element vc_custom_1708554373245\" >\n\t\t<div class=\"wpb_wrapper\">\n\t\t\t<p style=\"text-align: center;\">La C\u00e1tedra UNINAVARRA es el espacio acad\u00e9mico concebido para el desarrollo de las competencias emprendedoras de los estudiantes Navarristas, c\u00f3mo parte del desarrollo de la filosof\u00eda institucional y de su formaci\u00f3n integral. Un proceso acad\u00e9mico y de formaci\u00f3n que privilegia el aprendizaje te\u00f3rico pr\u00e1ctico a trav\u00e9s de la filosof\u00eda del aprender \u2013 haciendo y las pedagog\u00edas activas.<\/p>\n<p style=\"text-align: center;\">Durante el desarrollo de la c\u00e1tedra UNINAVARRA los estudiantes tendr\u00e1n la posibilidad de desarrollar su potencial emprendedor y de esta manera atreverse a construir propuestas emprendedoras dise\u00f1adas a partir de los conceptos de innovaci\u00f3n y sostenibilidad.<\/p>\n\n\t\t<\/div>\n\t<\/div>\n\n\t\t<\/div> \n\t<\/div><\/div><\/div><\/div><div class=\"vc_row-full-width\"><\/div><div data-vc-full-width=\"true\" data-vc-full-width-init=\"false\" data-vc-stretch-content=\"true\" class=\"wpb-container vc_custom_1587771219994\"><div class=\"container-full\"><div class=\"vc_row wpb_row vc_row-fluid row \"><div class=\"col-sm-12  vc_\">\n\t\t<div class=\"wpb_wrapper \">\n\t\t\t<div class=\"wpb_single_image wpb_content_element vc_align_left\">\n\t\t<div class=\"wpb_wrapper\">\n\t\t\t\n\t\t\t<a href=\"#\" target=\"_self\"><img fetchpriority=\"high\" decoding=\"async\" width=\"2000\" height=\"242\" src=\"https:\/\/uninavarra.edu.co\/wp-content\/uploads\/2020\/04\/CatedraUninavarra_2020_IMG_1-Camilo-MacBook-Pro.jpg\" class=\" vc_box_border_grey attachment-full\" alt=\"\" title=\"CatedraUninavarra_2020_IMG_1-Camilo MacBook Pro\" srcset=\"https:\/\/uninavarra.edu.co\/wp-content\/uploads\/2020\/04\/CatedraUninavarra_2020_IMG_1-Camilo-MacBook-Pro.jpg 2000w, https:\/\/uninavarra.edu.co\/wp-content\/uploads\/2020\/04\/CatedraUninavarra_2020_IMG_1-Camilo-MacBook-Pro-150x18.jpg 150w, https:\/\/uninavarra.edu.co\/wp-content\/uploads\/2020\/04\/CatedraUninavarra_2020_IMG_1-Camilo-MacBook-Pro-300x36.jpg 300w, https:\/\/uninavarra.edu.co\/wp-content\/uploads\/2020\/04\/CatedraUninavarra_2020_IMG_1-Camilo-MacBook-Pro-768x93.jpg 768w, https:\/\/uninavarra.edu.co\/wp-content\/uploads\/2020\/04\/CatedraUninavarra_2020_IMG_1-Camilo-MacBook-Pro-1024x124.jpg 1024w, https:\/\/uninavarra.edu.co\/wp-content\/uploads\/2020\/04\/CatedraUninavarra_2020_IMG_1-Camilo-MacBook-Pro-1536x186.jpg 1536w\" sizes=\"(max-width: 2000px) 100vw, 2000px\" \/><\/a>\n\t\t<\/div> \n\t<\/div>\n\t\t<\/div> \n\t<\/div><\/div><\/div><\/div><div class=\"vc_row-full-width\"><\/div><div data-vc-full-width=\"true\" data-vc-full-width-init=\"false\" data-vc-stretch-content=\"true\" class=\"wpb-container vc_custom_1587770763382\"><div class=\"container\"><div class=\"vc_row wpb_row vc_row-fluid row \"><div class=\"col-sm-12  vc_\">\n\t\t<div class=\"wpb_wrapper \">\n\t\t\t\n\t<div class=\"wpb_text_column wpb_content_element vc_custom_1708554408345\" >\n\t\t<div class=\"wpb_wrapper\">\n\t\t\t<h3 style=\"text-align: center;\"><span style=\"color: #eea600;\"><strong><span lang=\"ES-CO\">Tres grandes fases enfocadas bajo los conceptos<br \/>\nde la Inspiraci\u00f3n, Creatividad, Innovaci\u00f3n, Competitividad y la Industria 4.0<\/span><\/strong><\/span><\/h3>\n\n\t\t<\/div>\n\t<\/div>\n\n\t\t<\/div> \n\t<\/div><\/div><\/div><\/div><div class=\"vc_row-full-width\"><\/div><div data-vc-full-width=\"true\" data-vc-full-width-init=\"false\" data-vc-stretch-content=\"true\" class=\"wpb-container vc_row-no-padding\"><div class=\"container-full\"><div class=\"vc_row wpb_row vc_row-fluid row \"><div class=\"col-sm-4  vc_\">\n\t\t<div class=\"wpb_wrapper  vc_custom_1588022190399\">\n\t\t\t<div class=\"wpb_single_image wpb_content_element vc_custom_1588024501141 vc_align_left\">\n\t\t<div class=\"wpb_wrapper\">\n\t\t\t\n\t\t\t<a href=\"#\" target=\"_self\"><img decoding=\"async\" width=\"1800\" height=\"1200\" src=\"https:\/\/uninavarra.edu.co\/wp-content\/uploads\/2020\/04\/CatedraUninavarra_2020_IMG_2.jpg\" class=\" vc_box_border_grey attachment-full\" alt=\"\" title=\"CatedraUninavarra_2020_IMG_2\" srcset=\"https:\/\/uninavarra.edu.co\/wp-content\/uploads\/2020\/04\/CatedraUninavarra_2020_IMG_2.jpg 1800w, https:\/\/uninavarra.edu.co\/wp-content\/uploads\/2020\/04\/CatedraUninavarra_2020_IMG_2-150x100.jpg 150w, https:\/\/uninavarra.edu.co\/wp-content\/uploads\/2020\/04\/CatedraUninavarra_2020_IMG_2-300x200.jpg 300w, https:\/\/uninavarra.edu.co\/wp-content\/uploads\/2020\/04\/CatedraUninavarra_2020_IMG_2-768x512.jpg 768w, https:\/\/uninavarra.edu.co\/wp-content\/uploads\/2020\/04\/CatedraUninavarra_2020_IMG_2-1024x683.jpg 1024w, https:\/\/uninavarra.edu.co\/wp-content\/uploads\/2020\/04\/CatedraUninavarra_2020_IMG_2-1536x1024.jpg 1536w\" sizes=\"(max-width: 1800px) 100vw, 1800px\" \/><\/a>\n\t\t<\/div> \n\t<\/div>\n\t<div class=\"wpb_text_column wpb_content_element vc_custom_1708554420413\" >\n\t\t<div class=\"wpb_wrapper\">\n\t\t\t<h4 style=\"text-align: center;\"><span style=\"color: #e02833;\"><b><span lang=\"ES-CO\">Congreso UNINAVARRA<br \/>\nEmprende<\/span><\/b><\/span><\/h4>\n\n\t\t<\/div>\n\t<\/div>\n\n\t<div class=\"wpb_text_column wpb_content_element vc_custom_1588175241857\" >\n\t\t<div class=\"wpb_wrapper\">\n\t\t\t<p style=\"text-align: center;\"><span lang=\"ES-CO\">Tendencias y las oportunidades para emprender en la regi\u00f3n<\/span><\/p>\n\n\t\t<\/div>\n\t<\/div>\n\n\t\t<\/div> \n\t<\/div><div class=\"col-sm-4  vc_\">\n\t\t<div class=\"wpb_wrapper  vc_custom_1588022207523\">\n\t\t\t<div class=\"wpb_single_image wpb_content_element vc_custom_1588024507757 vc_align_left\">\n\t\t<div class=\"wpb_wrapper\">\n\t\t\t\n\t\t\t<a href=\"#\" target=\"_self\"><img decoding=\"async\" width=\"1800\" height=\"1200\" src=\"https:\/\/uninavarra.edu.co\/wp-content\/uploads\/2020\/04\/CatedraUninavarra_2020_IMG_3.jpg\" class=\" vc_box_border_grey attachment-full\" alt=\"\" title=\"CatedraUninavarra_2020_IMG_3\" srcset=\"https:\/\/uninavarra.edu.co\/wp-content\/uploads\/2020\/04\/CatedraUninavarra_2020_IMG_3.jpg 1800w, https:\/\/uninavarra.edu.co\/wp-content\/uploads\/2020\/04\/CatedraUninavarra_2020_IMG_3-150x100.jpg 150w, https:\/\/uninavarra.edu.co\/wp-content\/uploads\/2020\/04\/CatedraUninavarra_2020_IMG_3-300x200.jpg 300w, https:\/\/uninavarra.edu.co\/wp-content\/uploads\/2020\/04\/CatedraUninavarra_2020_IMG_3-768x512.jpg 768w, https:\/\/uninavarra.edu.co\/wp-content\/uploads\/2020\/04\/CatedraUninavarra_2020_IMG_3-1024x683.jpg 1024w, https:\/\/uninavarra.edu.co\/wp-content\/uploads\/2020\/04\/CatedraUninavarra_2020_IMG_3-1536x1024.jpg 1536w\" sizes=\"(max-width: 1800px) 100vw, 1800px\" \/><\/a>\n\t\t<\/div> \n\t<\/div>\n\t<div class=\"wpb_text_column wpb_content_element vc_custom_1588024565140\" >\n\t\t<div class=\"wpb_wrapper\">\n\t\t\t<h4 style=\"text-align: center;\"><span style=\"color: #e02833;\"><b><span lang=\"ES-CO\">Bootcamps<br \/>\n<span style=\"color: #ffffff;\">&#8211;<\/span><\/span><\/b><\/span><\/h4>\n\n\t\t<\/div>\n\t<\/div>\n\n\t<div class=\"wpb_text_column wpb_content_element vc_custom_1588175256753\" >\n\t\t<div class=\"wpb_wrapper\">\n\t\t\t<p style=\"text-align: center;\">So\u00f1ar, crear y construir propuestas de negocio<\/p>\n\n\t\t<\/div>\n\t<\/div>\n\n\t\t<\/div> \n\t<\/div><div class=\"col-sm-4  vc_\">\n\t\t<div class=\"wpb_wrapper  vc_custom_1588022218823\">\n\t\t\t<div class=\"wpb_single_image wpb_content_element vc_custom_1588024513926 vc_align_left\">\n\t\t<div class=\"wpb_wrapper\">\n\t\t\t\n\t\t\t<a href=\"#\" target=\"_self\"><img loading=\"lazy\" decoding=\"async\" width=\"1800\" height=\"1200\" src=\"https:\/\/uninavarra.edu.co\/wp-content\/uploads\/2020\/04\/CatedraUninavarra_2020_IMG_4.jpg\" class=\" vc_box_border_grey attachment-full\" alt=\"\" title=\"CatedraUninavarra_2020_IMG_4\" srcset=\"https:\/\/uninavarra.edu.co\/wp-content\/uploads\/2020\/04\/CatedraUninavarra_2020_IMG_4.jpg 1800w, https:\/\/uninavarra.edu.co\/wp-content\/uploads\/2020\/04\/CatedraUninavarra_2020_IMG_4-150x100.jpg 150w, https:\/\/uninavarra.edu.co\/wp-content\/uploads\/2020\/04\/CatedraUninavarra_2020_IMG_4-300x200.jpg 300w, https:\/\/uninavarra.edu.co\/wp-content\/uploads\/2020\/04\/CatedraUninavarra_2020_IMG_4-768x512.jpg 768w, https:\/\/uninavarra.edu.co\/wp-content\/uploads\/2020\/04\/CatedraUninavarra_2020_IMG_4-1024x683.jpg 1024w, https:\/\/uninavarra.edu.co\/wp-content\/uploads\/2020\/04\/CatedraUninavarra_2020_IMG_4-1536x1024.jpg 1536w\" sizes=\"(max-width: 1800px) 100vw, 1800px\" \/><\/a>\n\t\t<\/div> \n\t<\/div>\n\t<div class=\"wpb_text_column wpb_content_element vc_custom_1708554430125\" >\n\t\t<div class=\"wpb_wrapper\">\n\t\t\t<h4 style=\"text-align: center;\"><span style=\"color: #e02833;\"><b><span lang=\"ES-CO\">Lion Cage<br \/>\n<\/span><\/b><span lang=\"ES-CO\"><em>UNINAVARRA Reality Show<br \/>\n<\/em><\/span><\/span><\/h4>\n\n\t\t<\/div>\n\t<\/div>\n\n\t<div class=\"wpb_text_column wpb_content_element vc_custom_1588175270815\" >\n\t\t<div class=\"wpb_wrapper\">\n\t\t\t<p style=\"text-align: center;\">El reto para los mejores emprendedores<\/p>\n\n\t\t<\/div>\n\t<\/div>\n\n\t\t<\/div> \n\t<\/div><\/div><\/div><\/div><div class=\"vc_row-full-width\"><\/div><div class=\"wpb-container \"><div class=\"container\"><div class=\"vc_row wpb_row vc_row-fluid row \"><div class=\"col-sm-12  vc_\">\n\t\t<div class=\"wpb_wrapper \">\n\t\t\t<div class=\"vc_empty_space\"   style=\"height: 50px\"><span class=\"vc_empty_space_inner\"><\/span><\/div>\n\t\t<\/div> \n\t<\/div><\/div><\/div><\/div><div data-vc-full-width=\"true\" data-vc-full-width-init=\"false\" data-vc-stretch-content=\"true\" class=\"wpb-container vc_row-no-padding\"><div class=\"container-full\"><div class=\"vc_row wpb_row vc_row-fluid row \"><div class=\"col-sm-6  vc_\">\n\t\t<div class=\"wpb_wrapper \">\n\t\t\t<div class=\"wpb_single_image wpb_content_element vc_align_left\">\n\t\t<div class=\"wpb_wrapper\">\n\t\t\t\n\t\t\t<a href=\"#\" target=\"_self\"><img loading=\"lazy\" decoding=\"async\" width=\"900\" height=\"800\" src=\"https:\/\/uninavarra.edu.co\/wp-content\/uploads\/2020\/04\/CatedraUninavarra_2020_IMG_5.jpg\" class=\" vc_box_border_grey attachment-full\" alt=\"\" title=\"CatedraUninavarra_2020_IMG_5\" srcset=\"https:\/\/uninavarra.edu.co\/wp-content\/uploads\/2020\/04\/CatedraUninavarra_2020_IMG_5.jpg 900w, https:\/\/uninavarra.edu.co\/wp-content\/uploads\/2020\/04\/CatedraUninavarra_2020_IMG_5-150x133.jpg 150w, https:\/\/uninavarra.edu.co\/wp-content\/uploads\/2020\/04\/CatedraUninavarra_2020_IMG_5-300x267.jpg 300w, https:\/\/uninavarra.edu.co\/wp-content\/uploads\/2020\/04\/CatedraUninavarra_2020_IMG_5-768x683.jpg 768w\" sizes=\"(max-width: 900px) 100vw, 900px\" \/><\/a>\n\t\t<\/div> \n\t<\/div>\n\t\t<\/div> \n\t<\/div><div class=\"col-sm-6  vc_\">\n\t\t<div class=\"wpb_wrapper  vc_custom_1588025968755\">\n\t\t\t\n\t<div class=\"wpb_text_column wpb_content_element\" >\n\t\t<div class=\"wpb_wrapper\">\n\t\t\t<h3><span style=\"color: #e02833;\"><b><span lang=\"ES-CO\">Congreso UNINAVARRA Emprende<\/span><\/b><\/span><\/h3>\n\n\t\t<\/div>\n\t<\/div>\n\n\t<div class=\"wpb_text_column wpb_content_element vc_custom_1708554828417\" >\n\t\t<div class=\"wpb_wrapper\">\n\t\t\t<p>Un espacio para conocer las principales tendencias y las oportunidades para emprender en la Regi\u00f3n, en esta versi\u00f3n el congreso se desarrollar\u00e1 el d\u00eda 12 de abril de 2024, desde las 7:00 a.m. a 12 del medio d\u00eda, y de 2:00 p.m. a 5:30 p.m. a trav\u00e9s de las siguientes ponencias:<\/p>\n<p><strong>a. Estructura y funcionamiento UNINAVARRA.<br \/>\n<\/strong>PhD. Sandra Liliana Navarro Parra, Rectora y Fundadora de UNINAVARRA.<\/p>\n<p><strong><span lang=\"ES-CO\">b. Emprende con Impacto y s\u00e9 un Agente de Cambio (Tendencias del Emprendimiento. Una Herramienta para Cambiar el Mundo- La Inteligencia Artificial como estrategia visionaria para el emprendimiento &#8211; GPT3).<\/span><br \/>\n<\/strong><span lang=\"ES-CO\">PhD. Sandra Liliana Navarro Parra, Rectora y Fundadora de UNINAVARRA<br \/>\nMg. Antonio Gonz\u00e1lez Grez, Coordinator en el IFE Living Lab del Instituto para el Futuro de la Educaci\u00f3n del Tecnol\u00f3gico de Monterrey<\/span><\/p>\n<p><strong><span lang=\"ES-CO\">c. El Esp\u00edritu Profesional Hecho Realidad<\/span><br \/>\n<\/strong><\/p>\n<p><strong><span lang=\"ES-CO\">d. La Financiaci\u00f3n de Emprendimientos Universitarios, el Caso del Fondo Emprender.<\/span><br \/>\n<\/strong><\/p>\n<p><strong><span lang=\"ES-CO\">e. WEBINAR T\u00e9cnicas de Storytelling y construcci\u00f3n de discursos de inversi\u00f3n (elevator pitch)<\/span><br \/>\n<\/strong>Mg. Luis Miguel P\u00e9rez G\u00f3mez \u2013 Director Programa Administraci\u00f3n de Empresas UNINAVARRA<\/p>\n<p><strong><span lang=\"ES-CO\">f. Panel de Empresarios \u2013 3 casos<\/span><br \/>\n<\/strong>Modera: Mg. Juan Carlos Camargo Cu\u00e9llar, L\u00edder Administrativo y Financiero de UNINAVARRA<\/p>\n<p>&nbsp;<\/p>\n<h5><strong><span style=\"color: #0000ff;\"><a style=\"color: #0000ff;\" href=\"https:\/\/br.linkedin.com\/in\/sandralnavarrop5555\" target=\"_blank\" rel=\"noopener noreferrer\">Linkedin<\/a><\/span><\/strong><\/h5>\n<h5><strong><span style=\"color: #0000ff;\"><a style=\"color: #0000ff;\" href=\"https:\/\/uninavarra.edu.co\/EmpDucando\/\" target=\"_blank\" rel=\"noopener noreferrer\">EmpDucando<\/a><\/span><\/strong><\/h5>\n<h5><strong><span style=\"color: #0000ff;\"><a style=\"color: #0000ff;\" href=\"https:\/\/scienti.minciencias.gov.co\/cvlac\/visualizador\/generarCurriculoCv.do?cod_rh=0001440743\" target=\"_blank\" rel=\"noopener noreferrer\">CVLAC<\/a><\/span><\/strong><\/h5>\n<h3><strong>Plataforma etR C\u00e1tedra UNINAVARRA<\/strong><\/h3>\n\n\t\t<\/div>\n\t<\/div>\n\n\t\t<\/div> \n\t<\/div><\/div><\/div><\/div><div class=\"vc_row-full-width\"><\/div><div class=\"wpb-container \"><div class=\"container\"><div class=\"vc_row wpb_row vc_row-fluid row \"><div class=\"col-sm-12  vc_\">\n\t\t<div class=\"wpb_wrapper \">\n\t\t\t<div class=\"vc_empty_space\"   style=\"height: 50px\"><span class=\"vc_empty_space_inner\"><\/span><\/div>\n\t\t<\/div> \n\t<\/div><\/div><\/div><\/div><div data-vc-full-width=\"true\" data-vc-full-width-init=\"false\" data-vc-stretch-content=\"true\" class=\"wpb-container vc_row-no-padding\"><div class=\"container-full\"><div class=\"vc_row wpb_row vc_row-fluid row \"><div class=\"col-sm-6 hidden-lg hidden-md  vc_\">\n\t\t<div class=\"wpb_wrapper \">\n\t\t\t<div class=\"wpb_single_image wpb_content_element vc_align_left\">\n\t\t<div class=\"wpb_wrapper\">\n\t\t\t\n\t\t\t<a href=\"#\" target=\"_self\"><img loading=\"lazy\" decoding=\"async\" width=\"900\" height=\"800\" src=\"https:\/\/uninavarra.edu.co\/wp-content\/uploads\/2020\/04\/CatedraUninavarra_2020_IMG_6.jpg\" class=\" vc_box_border_grey attachment-full\" alt=\"\" title=\"CatedraUninavarra_2020_IMG_6\" srcset=\"https:\/\/uninavarra.edu.co\/wp-content\/uploads\/2020\/04\/CatedraUninavarra_2020_IMG_6.jpg 900w, https:\/\/uninavarra.edu.co\/wp-content\/uploads\/2020\/04\/CatedraUninavarra_2020_IMG_6-150x133.jpg 150w, https:\/\/uninavarra.edu.co\/wp-content\/uploads\/2020\/04\/CatedraUninavarra_2020_IMG_6-300x267.jpg 300w, https:\/\/uninavarra.edu.co\/wp-content\/uploads\/2020\/04\/CatedraUninavarra_2020_IMG_6-768x683.jpg 768w\" sizes=\"(max-width: 900px) 100vw, 900px\" \/><\/a>\n\t\t<\/div> \n\t<\/div>\n\t\t<\/div> \n\t<\/div><div class=\"col-sm-6  vc_\">\n\t\t<div class=\"wpb_wrapper  vc_custom_1588026140012\">\n\t\t\t\n\t<div class=\"wpb_text_column wpb_content_element\" >\n\t\t<div class=\"wpb_wrapper\">\n\t\t\t<h3 style=\"text-align: left;\"><span style=\"color: #e02833;\"><b><span lang=\"ES-CO\">Bootcamps<\/span><\/b><\/span><\/h3>\n\n\t\t<\/div>\n\t<\/div>\n\n\t<div class=\"wpb_text_column wpb_content_element vc_custom_1708722928978\" >\n\t\t<div class=\"wpb_wrapper\">\n\t\t\t<p>El escenario para el desarrollo pr\u00e1ctico de las competencias emprendedoras, un proceso para so\u00f1ar, crear y construir propuestas de negocio innovadoras, sostenibles y capaces de cambiar al mundo.<\/p>\n<p>Los bootcamps contar\u00e1n con una serie de tutoriales y gu\u00edas que permitir\u00e1n a los estudiantes, que previamente ser\u00e1n vinculados a equipos de cinco participantes organizados al azar, adelantar el proceso de construcci\u00f3n de sus propuestas emprendedoras mediante el desarrollo de los siguientes contenidos:<\/p>\n<p style=\"text-align: left; padding-left: 30px;\"><strong>Bootcamp de Ideaci\u00f3n<\/strong> (Del 24 de febrero al 15 de marzo de 2024)<\/p>\n<p style=\"padding-left: 30px;\"><strong>Bootcamp de Validaci\u00f3n<\/strong> (Del 15 de marzo al 11 de abril de 2024)<\/p>\n<p style=\"padding-left: 30px;\"><strong>Webinar sobre t\u00e9cnicas de storytelling y construcci\u00f3n de discursos de inversi\u00f3n (elevator pitch)<\/strong> (viernes, 12 de abril de 2024)<\/p>\n<p style=\"text-align: left; padding-left: 30px;\"><strong>Construcci\u00f3n del video pitch<\/strong> (Del 13 de abril al 26 de abril de 2024)<\/p>\n<p>Durante el desarrollo de cada uno de los Bootcamps los equipos de estudiantes participantes podr\u00e1n tener una tutor\u00eda con el equipo de mentores vinculados a la c\u00e1tedra.<\/p>\n<p>Paralelo al desarrollo de cada uno de los bootcamps, los estudiantes profundizar\u00e1n en el desarrollo de la competencia de motivaci\u00f3n al logro como parte del ejercicio del desarrollo emprendedor.<\/p>\n<p>Luego del webinar de storytelling, los equipos participantes deber\u00e1n construir un video pitch para vender su idea de negocio y poder participar en la 3 fase de la c\u00e1tedra, este video deber\u00e1 ir acompa\u00f1ado por el logo de su marca o nombre en la plataforma definida para tal efecto.<strong><span style=\"color: #0000ff;\"><a style=\"color: #0000ff;\" href=\"https:\/\/uninavarra.edu.co\/wp-content\/uploads\/2024\/02\/DO-FO-02-Socializacion-de-Contenidos-Programaticos-CATEDRA-UNINAVARRA-2024-1.pdf\">Contenidos Program\u00e1ticos (syllabus)<\/a><\/span><\/strong><\/p>\n<h5><strong><span style=\"color: #0000ff;\"><a style=\"color: #0000ff;\" href=\"https:\/\/uninavarra.edu.co\/wp-content\/uploads\/2023\/04\/Rubricas-Catedra-UNINAVARRA-2023-1.pdf\">R\u00fabrica<\/a><\/span><\/strong><\/h5>\n\n\t\t<\/div>\n\t<\/div>\n\n\t\t<\/div> \n\t<\/div><div class=\"col-sm-6 hidden-sm hidden-xs  vc_\">\n\t\t<div class=\"wpb_wrapper \">\n\t\t\t<div class=\"wpb_single_image wpb_content_element vc_align_left\">\n\t\t<div class=\"wpb_wrapper\">\n\t\t\t\n\t\t\t<a href=\"#\" target=\"_self\"><img loading=\"lazy\" decoding=\"async\" width=\"900\" height=\"800\" src=\"https:\/\/uninavarra.edu.co\/wp-content\/uploads\/2020\/04\/CatedraUninavarra_2020_IMG_6.jpg\" class=\" vc_box_border_grey attachment-full\" alt=\"\" title=\"CatedraUninavarra_2020_IMG_6\" srcset=\"https:\/\/uninavarra.edu.co\/wp-content\/uploads\/2020\/04\/CatedraUninavarra_2020_IMG_6.jpg 900w, https:\/\/uninavarra.edu.co\/wp-content\/uploads\/2020\/04\/CatedraUninavarra_2020_IMG_6-150x133.jpg 150w, https:\/\/uninavarra.edu.co\/wp-content\/uploads\/2020\/04\/CatedraUninavarra_2020_IMG_6-300x267.jpg 300w, https:\/\/uninavarra.edu.co\/wp-content\/uploads\/2020\/04\/CatedraUninavarra_2020_IMG_6-768x683.jpg 768w\" sizes=\"(max-width: 900px) 100vw, 900px\" \/><\/a>\n\t\t<\/div> \n\t<\/div>\n\t\t<\/div> \n\t<\/div><\/div><\/div><\/div><div class=\"vc_row-full-width\"><\/div><div class=\"wpb-container \"><div class=\"container\"><div class=\"vc_row wpb_row vc_row-fluid row \"><div class=\"col-sm-12  vc_\">\n\t\t<div class=\"wpb_wrapper \">\n\t\t\t<div class=\"vc_empty_space\"   style=\"height: 50px\"><span class=\"vc_empty_space_inner\"><\/span><\/div>\n\t\t<\/div> \n\t<\/div><\/div><\/div><\/div><div id=\"lion-cage\" data-vc-full-width=\"true\" data-vc-full-width-init=\"false\" data-vc-stretch-content=\"true\" class=\"wpb-container vc_row-no-padding\"><div class=\"container-full\"><div class=\"vc_row wpb_row vc_row-fluid row \"><div class=\"col-sm-6  vc_\">\n\t\t<div class=\"wpb_wrapper \">\n\t\t\t<div class=\"wpb_single_image wpb_content_element vc_align_center\">\n\t\t<div class=\"wpb_wrapper\">\n\t\t\t\n\t\t\t<a href=\"#\" target=\"_self\"><img loading=\"lazy\" decoding=\"async\" width=\"1955\" height=\"2346\" src=\"https:\/\/uninavarra.edu.co\/wp-content\/uploads\/2024\/02\/lion-cage2023-2-scaled-1.jpg\" class=\" vc_box_border_grey attachment-full\" alt=\"lion-cage2024-1\" title=\"lion-cage2024-1\" srcset=\"https:\/\/uninavarra.edu.co\/wp-content\/uploads\/2024\/02\/lion-cage2023-2-scaled-1.jpg 1955w, https:\/\/uninavarra.edu.co\/wp-content\/uploads\/2024\/02\/lion-cage2023-2-scaled-1-250x300.jpg 250w, https:\/\/uninavarra.edu.co\/wp-content\/uploads\/2024\/02\/lion-cage2023-2-scaled-1-853x1024.jpg 853w, https:\/\/uninavarra.edu.co\/wp-content\/uploads\/2024\/02\/lion-cage2023-2-scaled-1-125x150.jpg 125w, https:\/\/uninavarra.edu.co\/wp-content\/uploads\/2024\/02\/lion-cage2023-2-scaled-1-768x922.jpg 768w, https:\/\/uninavarra.edu.co\/wp-content\/uploads\/2024\/02\/lion-cage2023-2-scaled-1-1280x1536.jpg 1280w, https:\/\/uninavarra.edu.co\/wp-content\/uploads\/2024\/02\/lion-cage2023-2-scaled-1-1707x2048.jpg 1707w\" sizes=\"(max-width: 1955px) 100vw, 1955px\" \/><\/a>\n\t\t<\/div> \n\t<\/div>\n\t\t<\/div> \n\t<\/div><div class=\"col-sm-6  vc_\">\n\t\t<div class=\"wpb_wrapper  vc_custom_1588026155763\">\n\t\t\t\n\t<div class=\"wpb_text_column wpb_content_element\" >\n\t\t<div class=\"wpb_wrapper\">\n\t\t\t<h3><span style=\"color: #e02833;\"><b><span lang=\"ES-CO\">Lion Cage<br \/>\n<\/span><\/b><\/span><em><span style=\"color: #e02833;\"><span lang=\"ES-CO\">UNINAVARRA Reality Show<br \/>\n<\/span><\/span><\/em><\/h3>\n\n\t\t<\/div>\n\t<\/div>\n\n\t<div class=\"wpb_text_column wpb_content_element vc_custom_1708555395293\" >\n\t\t<div class=\"wpb_wrapper\">\n\t\t\t<p>El reto para los mejores emprendedores Navarristas, un momento decisivo para vender sus sue\u00f1os empresariales y empezar el camino de hacerlos realidad.<\/p>\n<p>La totalidad de video pitchs deben ser entregados el s\u00e1bado 27 de abril antes del mediod\u00eda y ser\u00e1n cargados a una plataforma para la consulta de la totalidad de la Comunidad Navarrista, as\u00ed como evaluados por un comit\u00e9 t\u00e9cnico que valorar\u00e1 los conceptos de Innovaci\u00f3n, Viabilidad Comercial, Viabilidad T\u00e9cnica, Proyecci\u00f3n y Sostenibilidad de las propuestas de negocio.<\/p>\n<p>La Comunidad Navarrista podr\u00e1 votar por sus propuestas preferidas y los resultados de esta votaci\u00f3n aportar\u00e1n el 30% del proceso de evaluaci\u00f3n que sumado al concepto del comit\u00e9 t\u00e9cnico identificar\u00e1n a los 5 emprendimientos finalistas del Lion Cage UNINAVARRA Reality Show.<\/p>\n<p>El s\u00e1bado, 11 de mayo de 2024 a las 10 a.m. con la totalidad de estudiantes participantes se dar\u00e1n a conocer los 5 finalistas, quienes en ese momento deber\u00e1n sustentar en la gran final del Reality sus propuestas empresariales ante un jurado de expertos, la evaluaci\u00f3n del jurado y las votaciones de la comunidad, definir\u00e1n los ganadores de esta Octava versi\u00f3n del Lion Cage UNINAVARRA Reality Show.<\/p>\n\n\t\t<\/div>\n\t<\/div>\n\n\t\t<\/div> \n\t<\/div><\/div><\/div><\/div><div class=\"vc_row-full-width\"><\/div><div class=\"wpb-container \"><div class=\"container\"><div class=\"vc_row wpb_row vc_row-fluid row \"><div class=\"col-sm-12  vc_\">\n\t\t<div class=\"wpb_wrapper \">\n\t\t\t<div class=\"vc_empty_space\"   style=\"height: 50px\"><span class=\"vc_empty_space_inner\"><\/span><\/div>\n\t\t<\/div> \n\t<\/div><\/div><\/div><\/div><div data-vc-full-width=\"true\" data-vc-full-width-init=\"false\" class=\"wpb-container vc_custom_1588028611616\"><div class=\"container\"><div class=\"vc_row wpb_row vc_row-fluid row \"><div class=\"col-sm-12  vc_\">\n\t\t<div class=\"wpb_wrapper \">\n\t\t\t\n\t<div class=\"wpb_text_column wpb_content_element vc_custom_1588026494708\" >\n\t\t<div class=\"wpb_wrapper\">\n\t\t\t<h3 style=\"text-align: center;\"><b>PONENTES<\/b><\/h3>\n\n\t\t<\/div>\n\t<\/div>\n<div class=\"vc_row wpb_row vc_inner vc_row-fluid vc_custom_1588028502015\"><div class=\"vc_ col-sm-4 col-xs-6\"><div class=\"vc_column-inner\"><div class=\"wpb_wrapper\">\n\t<div class=\"wpb_text_column wpb_content_element\" >\n\t\t<div class=\"wpb_wrapper\">\n\t\t\t<p style=\"text-align: center;\"><img loading=\"lazy\" decoding=\"async\" class=\"alignnone size-full wp-image-24680\" src=\"https:\/\/uninavarra.edu.co\/wp-content\/uploads\/2020\/04\/CatedraUninavarra_2020_PONENTE_01_SandraNavarro.png\" alt=\"\" width=\"200\" height=\"200\" srcset=\"https:\/\/uninavarra.edu.co\/wp-content\/uploads\/2020\/04\/CatedraUninavarra_2020_PONENTE_01_SandraNavarro.png 200w, https:\/\/uninavarra.edu.co\/wp-content\/uploads\/2020\/04\/CatedraUninavarra_2020_PONENTE_01_SandraNavarro-150x150.png 150w\" sizes=\"(max-width: 200px) 100vw, 200px\" \/><\/p>\n\n\t\t<\/div>\n\t<\/div>\n\n\t<div class=\"wpb_text_column wpb_content_element\" >\n\t\t<div class=\"wpb_wrapper\">\n\t\t\t<h5 style=\"text-align: center;\"><span style=\"color: #eda600;\">Sandra Navarro<\/span><\/h5>\n\n\t\t<\/div>\n\t<\/div>\n\n\t<div class=\"wpb_text_column wpb_content_element vc_custom_1633532013926\" >\n\t\t<div class=\"wpb_wrapper\">\n\t\t\t<p style=\"text-align: center;\"><a style=\"color: #999999;\" href=\"#spu-24512\">ver perfil<\/a><\/p>\n\n\t\t<\/div>\n\t<\/div>\n<\/div><\/div><\/div><div class=\"vc_ col-sm-4 col-xs-6\"><div class=\"vc_column-inner\"><div class=\"wpb_wrapper\">\n\t<div class=\"wpb_text_column wpb_content_element\" >\n\t\t<div class=\"wpb_wrapper\">\n\t\t\t<p style=\"text-align: center;\"><img loading=\"lazy\" decoding=\"async\" class=\"alignnone wp-image-64685 size-medium\" src=\"https:\/\/uninavarra.edu.co\/wp-content\/uploads\/2024\/02\/Antonio-Gonzalez-PONENTE.png\" alt=\"Jos\u00e9 Carlos V\u00e1zquez Parra\" width=\"200\" height=\"200\" \/><\/p>\n\n\t\t<\/div>\n\t<\/div>\n\n\t<div class=\"wpb_text_column wpb_content_element\" >\n\t\t<div class=\"wpb_wrapper\">\n\t\t\t<h5 style=\"text-align: center;\"><span lang=\"ES\" style=\"color: #df2833;\">Antonio Gonz\u00e1lez<\/span><\/h5>\n\n\t\t<\/div>\n\t<\/div>\n\n\t<div class=\"wpb_text_column wpb_content_element vc_custom_1708604682891\" >\n\t\t<div class=\"wpb_wrapper\">\n\t\t\t<p style=\"text-align: center;\"><a style=\"color: #999999;\" href=\"#spu-70840\">ver perfil<\/a><\/p>\n\n\t\t<\/div>\n\t<\/div>\n<\/div><\/div><\/div><div class=\"vc_ col-sm-4 col-xs-6\"><div class=\"vc_column-inner\"><div class=\"wpb_wrapper\">\n\t<div class=\"wpb_text_column wpb_content_element\" >\n\t\t<div class=\"wpb_wrapper\">\n\t\t\t<p style=\"text-align: center;\"><img loading=\"lazy\" decoding=\"async\" class=\"alignnone wp-image-24680\" src=\"https:\/\/uninavarra.edu.co\/wp-content\/uploads\/2022\/09\/Imagen2-e1663245902329.png\" alt=\"\" width=\"257\" height=\"269\" \/><\/p>\n\n\t\t<\/div>\n\t<\/div>\n\n\t<div class=\"wpb_text_column wpb_content_element\" >\n\t\t<div class=\"wpb_wrapper\">\n\t\t\t<h5 style=\"text-align: center;\"><span style=\"color: #7b97bd;\">Juan Camargo<\/span><\/h5>\n\n\t\t<\/div>\n\t<\/div>\n\n\t<div class=\"wpb_text_column wpb_content_element vc_custom_1663247479538\" >\n\t\t<div class=\"wpb_wrapper\">\n\t\t\t<p style=\"text-align: center;\"><a style=\"color: #999999;\" href=\"#spu-51589\">ver perfil<\/a><\/p>\n\n\t\t<\/div>\n\t<\/div>\n<\/div><\/div><\/div><\/div><div class=\"vc_row wpb_row vc_inner vc_row-fluid vc_custom_1588028502015\"><div class=\"vc_ col-sm-3 col-xs-6\"><div class=\"vc_column-inner\"><div class=\"wpb_wrapper\"><\/div><\/div><\/div><div class=\"vc_ col-sm-6 col-xs-6\"><div class=\"vc_column-inner\"><div class=\"wpb_wrapper\"><\/div><\/div><\/div><div class=\"vc_ col-sm-3\"><div class=\"vc_column-inner\"><div class=\"wpb_wrapper\"><\/div><\/div><\/div><\/div>\n\t\t<\/div> \n\t<\/div><\/div><\/div><\/div><div class=\"vc_row-full-width\"><\/div><div data-vc-full-width=\"true\" data-vc-full-width-init=\"false\" class=\"wpb-container vc_custom_1588028621057\"><div class=\"container\"><div class=\"vc_row wpb_row vc_row-fluid row \"><div class=\"col-sm-12  vc_\">\n\t\t<div class=\"wpb_wrapper  vc_custom_1587837463501\">\n\t\t\t\n\t<div class=\"wpb_text_column wpb_content_element vc_custom_1588026544453\" >\n\t\t<div class=\"wpb_wrapper\">\n\t\t\t<h3 style=\"text-align: center;\"><span style=\"color: #333333;\">PROFESORES<\/span><\/h3>\n\n\t\t<\/div>\n\t<\/div>\n<div class=\"vc_tta-container vc_tta-o-non-responsive\" data-vc-action=\"collapse\" data-vc-tta-autoplay=\"{&quot;delay&quot;:5000}\"><div class=\"vc_general vc_tta vc_tta-tabs vc_tta-o-shape-group vc_tta-has-pagination vc_tta-o-no-fill vc_tta-tabs-position-top  vc_tta-pageable vc_custom_1615041943448\"><div class=\"vc_tta-panels-container\"><ul class=\"vc_general vc_pagination vc_pagination-style-outline vc_pagination-shape-round vc_pagination-color-grey\"><li class=\"vc_pagination-item vc_active\" data-vc-tab><a href=\"#1587836680597-e2c35f9a-f520\" class=\"vc_pagination-trigger\" data-vc-tabs data-vc-container=\".vc_tta\"><\/a><\/li><li class=\"vc_pagination-item\" data-vc-tab><a href=\"#1587935201275-00121548-93b4\" class=\"vc_pagination-trigger\" data-vc-tabs data-vc-container=\".vc_tta\"><\/a><\/li><li class=\"vc_pagination-item\" data-vc-tab><a href=\"#1587934911385-6c38dc4f-a480\" class=\"vc_pagination-trigger\" data-vc-tabs data-vc-container=\".vc_tta\"><\/a><\/li><li class=\"vc_pagination-item\" data-vc-tab><a href=\"#1680706994220-5305b216-9145\" class=\"vc_pagination-trigger\" data-vc-tabs data-vc-container=\".vc_tta\"><\/a><\/li><\/ul><div class=\"vc_tta-panels\"><div  class=\"vc_tta-panel vc_active\" id=\"1587836680597-e2c35f9a-f520\" data-vc-content=\".vc_tta-panel-body\"><div class=\"vc_tta-panel-body\">\n\t\t\t<span class=\"vc_tta-panel-title\">\n\t\t\t\t<a  data-vc-container=\".vc_tta-container\" data-vc-accordion=\"\" data-vc-target=\"#1587836680597-e2c35f9a-f520\"><\/a>\n\t\t\t<\/span>\n\t\t<div class=\"vc_row wpb_row vc_inner vc_row-fluid\"><div class=\"vc_ col-sm-3 col-xs-6\"><div class=\"vc_column-inner\"><div class=\"wpb_wrapper\">\n\t<div class=\"wpb_text_column wpb_content_element\" >\n\t\t<div class=\"wpb_wrapper\">\n\t\t\t<p style=\"text-align: center;\"><img loading=\"lazy\" decoding=\"async\" class=\"alignnone wp-image-45475 \" src=\"https:\/\/uninavarra.edu.co\/wp-content\/uploads\/2022\/09\/Imagen1.png\" alt=\"\" width=\"212\" height=\"206\" \/><\/p>\n\n\t\t<\/div>\n\t<\/div>\n\n\t<div class=\"wpb_text_column wpb_content_element\" >\n\t\t<div class=\"wpb_wrapper\">\n\t\t\t<h5 style=\"text-align: center;\"><span lang=\"ES\" style=\"color: #df2833;\">Miguel P\u00e9rez\u00a0<\/span><\/h5>\n\n\t\t<\/div>\n\t<\/div>\n\n\t<div class=\"wpb_text_column wpb_content_element vc_custom_1663247461810\" >\n\t\t<div class=\"wpb_wrapper\">\n\t\t\t<p style=\"text-align: center;\"><a style=\"color: #999999;\" href=\"#spu-51588\">ver perfil<\/a><\/p>\n\n\t\t<\/div>\n\t<\/div>\n\n\t<div class=\"wpb_text_column wpb_content_element\" >\n\t\t<div class=\"wpb_wrapper\">\n\t\t\t<p style=\"text-align: center;\"><a style=\"color: #999999;\" href=\"#\">Grupo de Equipos de Emprendedores<\/a><\/p>\n\n\t\t<\/div>\n\t<\/div>\n<\/div><\/div><\/div><div class=\"vc_ col-sm-3 col-xs-6\"><div class=\"vc_column-inner\"><div class=\"wpb_wrapper\">\n\t<div class=\"wpb_text_column wpb_content_element\" >\n\t\t<div class=\"wpb_wrapper\">\n\t\t\t<p style=\"text-align: center;\"><img loading=\"lazy\" decoding=\"async\" class=\"alignnone wp-image-24518 size-full\" src=\"https:\/\/uninavarra.edu.co\/wp-content\/uploads\/2020\/04\/CatedraUninavarra_2020_PROF_02_AlfonsoLaverde.png\" alt=\"\" width=\"200\" height=\"200\" srcset=\"https:\/\/uninavarra.edu.co\/wp-content\/uploads\/2020\/04\/CatedraUninavarra_2020_PROF_02_AlfonsoLaverde.png 200w, https:\/\/uninavarra.edu.co\/wp-content\/uploads\/2020\/04\/CatedraUninavarra_2020_PROF_02_AlfonsoLaverde-150x150.png 150w\" sizes=\"(max-width: 200px) 100vw, 200px\" \/><\/p>\n\n\t\t<\/div>\n\t<\/div>\n\n\t<div class=\"wpb_text_column wpb_content_element\" >\n\t\t<div class=\"wpb_wrapper\">\n\t\t\t<h5 style=\"text-align: center;\"><span lang=\"ES\" style=\"color: #df2833;\">Alfonso Laverde<\/span><\/h5>\n\n\t\t<\/div>\n\t<\/div>\n\n\t<div class=\"wpb_text_column wpb_content_element vc_custom_1633531325543\" >\n\t\t<div class=\"wpb_wrapper\">\n\t\t\t<p style=\"text-align: center;\"><a style=\"color: #999999;\" href=\"#spu-24531\">ver perfil<\/a><\/p>\n\n\t\t<\/div>\n\t<\/div>\n\n\t<div class=\"wpb_text_column wpb_content_element\" >\n\t\t<div class=\"wpb_wrapper\">\n\t\t\t<p style=\"text-align: center;\"><a style=\"color: #999999;\" href=\"#\">Grupo de Equipos de Emprendedores<\/a><\/p>\n\n\t\t<\/div>\n\t<\/div>\n<\/div><\/div><\/div><div class=\"vc_ col-sm-3 col-xs-6\"><div class=\"vc_column-inner\"><div class=\"wpb_wrapper\">\n\t<div class=\"wpb_text_column wpb_content_element\" >\n\t\t<div class=\"wpb_wrapper\">\n\t\t\t<p style=\"text-align: center;\"><img loading=\"lazy\" decoding=\"async\" class=\"alignnone wp-image-24524 size-full\" src=\"https:\/\/uninavarra.edu.co\/wp-content\/uploads\/2020\/04\/CatedraUninavarra_2020_PROF_08_MariaHernandez.png\" alt=\"\" width=\"200\" height=\"200\" srcset=\"https:\/\/uninavarra.edu.co\/wp-content\/uploads\/2020\/04\/CatedraUninavarra_2020_PROF_08_MariaHernandez.png 200w, https:\/\/uninavarra.edu.co\/wp-content\/uploads\/2020\/04\/CatedraUninavarra_2020_PROF_08_MariaHernandez-150x150.png 150w\" sizes=\"(max-width: 200px) 100vw, 200px\" \/><\/p>\n\n\t\t<\/div>\n\t<\/div>\n\n\t<div class=\"wpb_text_column wpb_content_element\" >\n\t\t<div class=\"wpb_wrapper\">\n\t\t\t<h5 style=\"text-align: center;\"><span style=\"color: #eda600;\">Mar\u00eda Hern\u00e1ndez<\/span><\/h5>\n\n\t\t<\/div>\n\t<\/div>\n\n\t<div class=\"wpb_text_column wpb_content_element vc_custom_1633531402823\" >\n\t\t<div class=\"wpb_wrapper\">\n\t\t\t<p style=\"text-align: center;\"><a style=\"color: #999999;\" href=\"#spu-24537\">ver perfil<\/a><\/p>\n\n\t\t<\/div>\n\t<\/div>\n\n\t<div class=\"wpb_text_column wpb_content_element\" >\n\t\t<div class=\"wpb_wrapper\">\n\t\t\t<p style=\"text-align: center;\"><a style=\"color: #999999;\" href=\"#\">Grupo de Equipos de Emprendedores<\/a><\/p>\n\n\t\t<\/div>\n\t<\/div>\n<\/div><\/div><\/div><div class=\"vc_ col-sm-3 col-xs-6\"><div class=\"vc_column-inner\"><div class=\"wpb_wrapper\">\n\t<div class=\"wpb_text_column wpb_content_element\" >\n\t\t<div class=\"wpb_wrapper\">\n\t\t\t<p style=\"text-align: center;\"><img loading=\"lazy\" decoding=\"async\" class=\"alignnone wp-image-24523 size-full\" src=\"https:\/\/uninavarra.edu.co\/wp-content\/uploads\/2020\/04\/CatedraUninavarra_2020_PROF_07_LuisRodriguez.png\" alt=\"\" width=\"200\" height=\"200\" srcset=\"https:\/\/uninavarra.edu.co\/wp-content\/uploads\/2020\/04\/CatedraUninavarra_2020_PROF_07_LuisRodriguez.png 200w, https:\/\/uninavarra.edu.co\/wp-content\/uploads\/2020\/04\/CatedraUninavarra_2020_PROF_07_LuisRodriguez-150x150.png 150w\" sizes=\"(max-width: 200px) 100vw, 200px\" \/><\/p>\n\n\t\t<\/div>\n\t<\/div>\n\n\t<div class=\"wpb_text_column wpb_content_element\" >\n\t\t<div class=\"wpb_wrapper\">\n\t\t\t<h5 style=\"text-align: center;\"><span lang=\"ES\" style=\"color: #df2833;\"><span lang=\"ES-CO\">Luis Rodr\u00edguez<\/span><\/span><\/h5>\n\n\t\t<\/div>\n\t<\/div>\n\n\t<div class=\"wpb_text_column wpb_content_element\" >\n\t\t<div class=\"wpb_wrapper\">\n\t\t\t<p style=\"text-align: center;\"><a style=\"color: #999999;\" href=\"#spu-24536\">ver perfil<\/a><\/p>\n\n\t\t<\/div>\n\t<\/div>\n\n\t<div class=\"wpb_text_column wpb_content_element\" >\n\t\t<div class=\"wpb_wrapper\">\n\t\t\t<p style=\"text-align: center;\"><a style=\"color: #999999;\" href=\"#\">Grupo de Equipos de Emprendedores<\/a><\/p>\n\n\t\t<\/div>\n\t<\/div>\n<\/div><\/div><\/div><\/div><\/div><\/div><div  class=\"vc_tta-panel\" id=\"1587935201275-00121548-93b4\" data-vc-content=\".vc_tta-panel-body\"><div class=\"vc_tta-panel-body\">\n\t\t\t<span class=\"vc_tta-panel-title\">\n\t\t\t\t<a  data-vc-container=\".vc_tta-container\" data-vc-accordion=\"\" data-vc-target=\"#1587935201275-00121548-93b4\"><\/a>\n\t\t\t<\/span>\n\t\t<div class=\"vc_row wpb_row vc_inner vc_row-fluid\"><div class=\"vc_ col-sm-3 col-xs-6\"><div class=\"vc_column-inner\"><div class=\"wpb_wrapper\">\n\t<div class=\"wpb_text_column wpb_content_element\" >\n\t\t<div class=\"wpb_wrapper\">\n\t\t\t<p style=\"text-align: center;\"><img loading=\"lazy\" decoding=\"async\" class=\"alignnone wp-image-60321 \" src=\"https:\/\/uninavarra.edu.co\/wp-content\/uploads\/2024\/02\/Paola-Tamayo-Profesora-Mentora.png\" alt=\"\" width=\"190\" height=\"190\" \/><\/p>\n\n\t\t<\/div>\n\t<\/div>\n\n\t<div class=\"wpb_text_column wpb_content_element\" >\n\t\t<div class=\"wpb_wrapper\">\n\t\t\t<h5 style=\"text-align: center;\"><span lang=\"ES\" style=\"color: #df2833;\">Paola Tamayo<\/span><\/h5>\n\n\t\t<\/div>\n\t<\/div>\n\n\t<div class=\"wpb_text_column wpb_content_element vc_custom_1708604702219\" >\n\t\t<div class=\"wpb_wrapper\">\n\t\t\t<p style=\"text-align: center;\"><a style=\"color: #999999;\" href=\"#spu-70839\">ver perfil<\/a><\/p>\n\n\t\t<\/div>\n\t<\/div>\n\n\t<div class=\"wpb_text_column wpb_content_element vc_custom_1708555759326\" >\n\t\t<div class=\"wpb_wrapper\">\n\t\t\t<p style=\"text-align: center;\"><a style=\"color: #999999;\" href=\"#\">Grupo de Equipos de Emprendedores<\/a><\/p>\n\n\t\t<\/div>\n\t<\/div>\n<\/div><\/div><\/div><div class=\"vc_ col-sm-3 col-xs-6\"><div class=\"vc_column-inner\"><div class=\"wpb_wrapper\">\n\t<div class=\"wpb_text_column wpb_content_element\" >\n\t\t<div class=\"wpb_wrapper\">\n\t\t\t<p style=\"text-align: center;\"><img loading=\"lazy\" decoding=\"async\" class=\"alignnone wp-image-24540 size-full\" src=\"https:\/\/uninavarra.edu.co\/wp-content\/uploads\/2020\/04\/CatedraUninavarra_2020_PROF_10_MarthaAbella.png\" alt=\"\" width=\"200\" height=\"200\" srcset=\"https:\/\/uninavarra.edu.co\/wp-content\/uploads\/2020\/04\/CatedraUninavarra_2020_PROF_10_MarthaAbella.png 200w, https:\/\/uninavarra.edu.co\/wp-content\/uploads\/2020\/04\/CatedraUninavarra_2020_PROF_10_MarthaAbella-150x150.png 150w\" sizes=\"(max-width: 200px) 100vw, 200px\" \/><\/p>\n\n\t\t<\/div>\n\t<\/div>\n\n\t<div class=\"wpb_text_column wpb_content_element\" >\n\t\t<div class=\"wpb_wrapper\">\n\t\t\t<h5 style=\"text-align: center;\"><span lang=\"ES\" style=\"color: #df2833;\">Martha Abella<\/span><\/h5>\n\n\t\t<\/div>\n\t<\/div>\n\n\t<div class=\"wpb_text_column wpb_content_element vc_custom_1692371257317\" >\n\t\t<div class=\"wpb_wrapper\">\n\t\t\t<p style=\"text-align: center;\"><a style=\"color: #999999;\" href=\"#spu-24496\">ver perfil<\/a><\/p>\n\n\t\t<\/div>\n\t<\/div>\n\n\t<div class=\"wpb_text_column wpb_content_element vc_custom_1708555771303\" >\n\t\t<div class=\"wpb_wrapper\">\n\t\t\t<p style=\"text-align: center;\"><a style=\"color: #999999;\" href=\"#\">Grupo de Equipos de Emprendedores<\/a><\/p>\n\n\t\t<\/div>\n\t<\/div>\n<\/div><\/div><\/div><div class=\"vc_ col-sm-3 col-xs-6\"><div class=\"vc_column-inner\"><div class=\"wpb_wrapper\">\n\t<div class=\"wpb_text_column wpb_content_element\" >\n\t\t<div class=\"wpb_wrapper\">\n\t\t\t<p style=\"text-align: center;\"><img loading=\"lazy\" decoding=\"async\" class=\"alignnone wp-image-24526 size-full\" src=\"https:\/\/uninavarra.edu.co\/wp-content\/uploads\/2021\/03\/matilde.png\" alt=\"\" width=\"200\" height=\"200\" \/><\/p>\n\n\t\t<\/div>\n\t<\/div>\n\n\t<div class=\"wpb_text_column wpb_content_element\" >\n\t\t<div class=\"wpb_wrapper\">\n\t\t\t<h5 style=\"text-align: center;\"><span style=\"color: #eda600;\">Matilde Mosquera<\/span><\/h5>\n\n\t\t<\/div>\n\t<\/div>\n\n\t<div class=\"wpb_text_column wpb_content_element vc_custom_1692371265357\" >\n\t\t<div class=\"wpb_wrapper\">\n\t\t\t<p style=\"text-align: center;\"><a style=\"color: #999999;\" href=\"#spu-41121\">ver perfil<\/a><\/p>\n\n\t\t<\/div>\n\t<\/div>\n\n\t<div class=\"wpb_text_column wpb_content_element vc_custom_1708555777662\" >\n\t\t<div class=\"wpb_wrapper\">\n\t\t\t<p style=\"text-align: center;\"><a style=\"color: #999999;\" href=\"#\">Grupo de Equipos de Emprendedores<\/a><\/p>\n\n\t\t<\/div>\n\t<\/div>\n<\/div><\/div><\/div><div class=\"vc_ col-sm-3\"><div class=\"vc_column-inner\"><div class=\"wpb_wrapper\">\n\t<div class=\"wpb_text_column wpb_content_element\" >\n\t\t<div class=\"wpb_wrapper\">\n\t\t\t<p style=\"text-align: center;\"><img loading=\"lazy\" decoding=\"async\" class=\"alignnone wp-image-24526 size-full\" src=\"https:\/\/uninavarra.edu.co\/wp-content\/uploads\/2021\/03\/leidy.png\" alt=\"\" width=\"200\" height=\"200\" \/><\/p>\n\n\t\t<\/div>\n\t<\/div>\n\n\t<div class=\"wpb_text_column wpb_content_element\" >\n\t\t<div class=\"wpb_wrapper\">\n\t\t\t<h5 style=\"text-align: center;\"><span style=\"color: #eda600;\">Leidy D\u00edaz<\/span><\/h5>\n\n\t\t<\/div>\n\t<\/div>\n\n\t<div class=\"wpb_text_column wpb_content_element vc_custom_1680727238684\" >\n\t\t<div class=\"wpb_wrapper\">\n\t\t\t<p style=\"text-align: center;\"><a style=\"color: #999999;\" href=\"#spu-41120\">ver perfil<\/a><\/p>\n\n\t\t<\/div>\n\t<\/div>\n\n\t<div class=\"wpb_text_column wpb_content_element vc_custom_1708555784470\" >\n\t\t<div class=\"wpb_wrapper\">\n\t\t\t<p style=\"text-align: center;\"><a style=\"color: #999999;\" href=\"#\">Grupo de Equipos de Emprendedores<\/a><\/p>\n\n\t\t<\/div>\n\t<\/div>\n<\/div><\/div><\/div><\/div><\/div><\/div><div  class=\"vc_tta-panel\" id=\"1587934911385-6c38dc4f-a480\" data-vc-content=\".vc_tta-panel-body\"><div class=\"vc_tta-panel-body\">\n\t\t\t<span class=\"vc_tta-panel-title\">\n\t\t\t\t<a  data-vc-container=\".vc_tta-container\" data-vc-accordion=\"\" data-vc-target=\"#1587934911385-6c38dc4f-a480\"><\/a>\n\t\t\t<\/span>\n\t\t<div class=\"vc_row wpb_row vc_inner vc_row-fluid\"><div class=\"vc_ col-sm-4 col-xs-6\"><div class=\"vc_column-inner\"><div class=\"wpb_wrapper\">\n\t<div class=\"wpb_text_column wpb_content_element\" >\n\t\t<div class=\"wpb_wrapper\">\n\t\t\t<p style=\"text-align: center;\"><img loading=\"lazy\" decoding=\"async\" class=\"alignnone wp-image-24521 size-full\" src=\"https:\/\/uninavarra.edu.co\/wp-content\/uploads\/2020\/04\/CatedraUninavarra_2020_PROF_05_SandraMesa.png\" alt=\"\" width=\"200\" height=\"200\" srcset=\"https:\/\/uninavarra.edu.co\/wp-content\/uploads\/2020\/04\/CatedraUninavarra_2020_PROF_05_SandraMesa.png 200w, https:\/\/uninavarra.edu.co\/wp-content\/uploads\/2020\/04\/CatedraUninavarra_2020_PROF_05_SandraMesa-150x150.png 150w\" sizes=\"(max-width: 200px) 100vw, 200px\" \/><\/p>\n\n\t\t<\/div>\n\t<\/div>\n\n\t<div class=\"wpb_text_column wpb_content_element\" >\n\t\t<div class=\"wpb_wrapper\">\n\t\t\t<h5 style=\"text-align: center;\"><span lang=\"ES\" style=\"color: #df2833;\">Sandra Mesa<\/span><\/h5>\n\n\t\t<\/div>\n\t<\/div>\n\n\t<div class=\"wpb_text_column wpb_content_element vc_custom_1633531869614\" >\n\t\t<div class=\"wpb_wrapper\">\n\t\t\t<p style=\"text-align: center;\"><a style=\"color: #999999;\" href=\"#spu-24533\">ver perfil<\/a><\/p>\n\n\t\t<\/div>\n\t<\/div>\n\n\t<div class=\"wpb_text_column wpb_content_element\" >\n\t\t<div class=\"wpb_wrapper\">\n\t\t\t<p style=\"text-align: center;\"><a style=\"color: #999999;\" href=\"#\">Grupo de Equipos de Emprendedores<\/a><\/p>\n\n\t\t<\/div>\n\t<\/div>\n<\/div><\/div><\/div><div class=\"vc_ col-sm-4 col-xs-6\"><div class=\"vc_column-inner\"><div class=\"wpb_wrapper\">\n\t<div class=\"wpb_text_column wpb_content_element\" >\n\t\t<div class=\"wpb_wrapper\">\n\t\t\t<p style=\"text-align: center;\"><img loading=\"lazy\" decoding=\"async\" class=\"alignnone wp-image-24520 size-full\" src=\"https:\/\/uninavarra.edu.co\/wp-content\/uploads\/2021\/03\/arley.png\" alt=\"\" width=\"200\" height=\"200\" \/><\/p>\n\n\t\t<\/div>\n\t<\/div>\n\n\t<div class=\"wpb_text_column wpb_content_element\" >\n\t\t<div class=\"wpb_wrapper\">\n\t\t\t<h5 style=\"text-align: center;\"><span lang=\"ES\" style=\"color: #df2833;\"><span lang=\"ES-CO\">Arley Guti\u00e9rrez<\/span><\/span><\/h5>\n\n\t\t<\/div>\n\t<\/div>\n\n\t<div class=\"wpb_text_column wpb_content_element\" >\n\t\t<div class=\"wpb_wrapper\">\n\t\t\t<p style=\"text-align: center;\"><a style=\"color: #999999;\" href=\"#spu-41125\">ver perfil<\/a><\/p>\n\n\t\t<\/div>\n\t<\/div>\n\n\t<div class=\"wpb_text_column wpb_content_element\" >\n\t\t<div class=\"wpb_wrapper\">\n\t\t\t<p style=\"text-align: center;\"><a style=\"color: #999999;\" href=\"#\">Grupo de Equipos de Emprendedores<\/a><\/p>\n\n\t\t<\/div>\n\t<\/div>\n<\/div><\/div><\/div><div class=\"vc_ col-sm-4 col-xs-6\"><div class=\"vc_column-inner\"><div class=\"wpb_wrapper\">\n\t<div class=\"wpb_text_column wpb_content_element\" >\n\t\t<div class=\"wpb_wrapper\">\n\t\t\t<p><img loading=\"lazy\" decoding=\"async\" class=\"wp-image-45473 aligncenter\" src=\"https:\/\/uninavarra.edu.co\/wp-content\/uploads\/2023\/08\/Marisol-Moreno-Hernandez.png\" alt=\"\" width=\"200\" height=\"200\" \/><\/p>\n\n\t\t<\/div>\n\t<\/div>\n\n\t<div class=\"wpb_text_column wpb_content_element\" >\n\t\t<div class=\"wpb_wrapper\">\n\t\t\t<h5 style=\"text-align: center;\"><span lang=\"ES\" style=\"color: #df2833;\"><span lang=\"ES-CO\">Marisol Moreno<\/span><\/span><\/h5>\n\n\t\t<\/div>\n\t<\/div>\n\n\t<div class=\"wpb_text_column wpb_content_element\" >\n\t\t<div class=\"wpb_wrapper\">\n\t\t\t<p style=\"text-align: center;\"><a style=\"color: #999999;\" href=\"#spu-64694\">ver perfil<\/a><\/p>\n\n\t\t<\/div>\n\t<\/div>\n\n\t<div class=\"wpb_text_column wpb_content_element\" >\n\t\t<div class=\"wpb_wrapper\">\n\t\t\t<p style=\"text-align: center;\"><a style=\"color: #999999;\" href=\"#\">Grupo de Equipos de Emprendedores<\/a><\/p>\n\n\t\t<\/div>\n\t<\/div>\n<\/div><\/div><\/div><\/div><\/div><\/div><div  class=\"vc_tta-panel\" id=\"1680706994220-5305b216-9145\" data-vc-content=\".vc_tta-panel-body\"><div class=\"vc_tta-panel-body\">\n\t\t\t<span class=\"vc_tta-panel-title\">\n\t\t\t\t<a  data-vc-container=\".vc_tta-container\" data-vc-accordion=\"\" data-vc-target=\"#1680706994220-5305b216-9145\"><\/a>\n\t\t\t<\/span>\n\t\t<div class=\"vc_row wpb_row vc_inner vc_row-fluid\"><div class=\"vc_ col-sm-4 col-xs-6\"><div class=\"vc_column-inner\"><div class=\"wpb_wrapper\">\n\t<div class=\"wpb_text_column wpb_content_element\" >\n\t\t<div class=\"wpb_wrapper\">\n\t\t\t<p style=\"text-align: center;\"><img loading=\"lazy\" decoding=\"async\" class=\"alignnone wp-image-60326 \" src=\"https:\/\/uninavarra.edu.co\/wp-content\/uploads\/2023\/08\/Jose-Eduardo-Martinez-Orrego.png\" alt=\"gloria gonzalez\" width=\"200\" height=\"200\" \/><\/p>\n\n\t\t<\/div>\n\t<\/div>\n\n\t<div class=\"wpb_text_column wpb_content_element\" >\n\t\t<div class=\"wpb_wrapper\">\n\t\t\t<h5 style=\"text-align: center;\"><span lang=\"ES\" style=\"color: #df2833;\"><span lang=\"ES-CO\">Jos\u00e9 Eduardo Mart\u00ednez Orrego<\/span><\/span><\/h5>\n\n\t\t<\/div>\n\t<\/div>\n\n\t<div class=\"wpb_text_column wpb_content_element\" >\n\t\t<div class=\"wpb_wrapper\">\n\t\t\t<p style=\"text-align: center;\"><a style=\"color: #999999;\" href=\"#spu-64711\">ver perfil<\/a><\/p>\n\n\t\t<\/div>\n\t<\/div>\n\n\t<div class=\"wpb_text_column wpb_content_element\" >\n\t\t<div class=\"wpb_wrapper\">\n\t\t\t<p style=\"text-align: center;\"><a style=\"color: #999999;\" href=\"#\">Grupo de Equipos de Emprendedores<\/a><\/p>\n\n\t\t<\/div>\n\t<\/div>\n<\/div><\/div><\/div><div class=\"vc_ col-sm-4 col-xs-6\"><div class=\"vc_column-inner\"><div class=\"wpb_wrapper\">\n\t<div class=\"wpb_text_column wpb_content_element\" >\n\t\t<div class=\"wpb_wrapper\">\n\t\t\t<p style=\"text-align: center;\"><img loading=\"lazy\" decoding=\"async\" class=\"alignnone wp-image-60326 \" src=\"https:\/\/uninavarra.edu.co\/wp-content\/uploads\/2023\/08\/Juan-Pablo-Mosquera.png\" alt=\"gloria gonzalez\" width=\"200\" height=\"200\" \/><\/p>\n\n\t\t<\/div>\n\t<\/div>\n\n\t<div class=\"wpb_text_column wpb_content_element\" >\n\t\t<div class=\"wpb_wrapper\">\n\t\t\t<h5 style=\"text-align: center;\"><span lang=\"ES\" style=\"color: #df2833;\"><span lang=\"ES-CO\">Juan Pablo Mosquera<\/span><\/span><\/h5>\n\n\t\t<\/div>\n\t<\/div>\n\n\t<div class=\"wpb_text_column wpb_content_element\" >\n\t\t<div class=\"wpb_wrapper\">\n\t\t\t<p style=\"text-align: center;\"><a style=\"color: #999999;\" href=\"#spu-64696\">ver perfil<\/a><\/p>\n\n\t\t<\/div>\n\t<\/div>\n\n\t<div class=\"wpb_text_column wpb_content_element\" >\n\t\t<div class=\"wpb_wrapper\">\n\t\t\t<p style=\"text-align: center;\"><a style=\"color: #999999;\" href=\"#\">Grupo de Equipos de Emprendedores<\/a><\/p>\n\n\t\t<\/div>\n\t<\/div>\n<\/div><\/div><\/div><div class=\"vc_ col-sm-4\"><div class=\"vc_column-inner\"><div class=\"wpb_wrapper\">\n\t<div class=\"wpb_text_column wpb_content_element\" >\n\t\t<div class=\"wpb_wrapper\">\n\t\t\t<p style=\"text-align: center;\"><img loading=\"lazy\" decoding=\"async\" class=\"alignnone wp-image-60325 \" src=\"https:\/\/uninavarra.edu.co\/wp-content\/uploads\/2023\/08\/Natalia-Torres-Forero.png\" alt=\"hernan palomo\" width=\"200\" height=\"200\" \/><\/p>\n\n\t\t<\/div>\n\t<\/div>\n\n\t<div class=\"wpb_text_column wpb_content_element\" >\n\t\t<div class=\"wpb_wrapper\">\n\t\t\t<h5 style=\"text-align: center;\"><span lang=\"ES\" style=\"color: #df2833;\">Natalia Torres<\/span><\/h5>\n\n\t\t<\/div>\n\t<\/div>\n\n\t<div class=\"wpb_text_column wpb_content_element vc_custom_1692371054582\" >\n\t\t<div class=\"wpb_wrapper\">\n\t\t\t<p style=\"text-align: center;\"><a style=\"color: #999999;\" href=\"#spu-64695\">ver perfil<\/a><\/p>\n\n\t\t<\/div>\n\t<\/div>\n\n\t<div class=\"wpb_text_column wpb_content_element\" >\n\t\t<div class=\"wpb_wrapper\">\n\t\t\t<p style=\"text-align: center;\"><a style=\"color: #999999;\" href=\"#\">Grupo de Equipos de Emprendedores<\/a><\/p>\n\n\t\t<\/div>\n\t<\/div>\n<\/div><\/div><\/div><\/div><\/div><\/div><\/div><\/div><\/div><\/div>\n\t\t<\/div> \n\t<\/div><\/div><\/div><\/div><div class=\"vc_row-full-width\"><\/div><div data-vc-full-width=\"true\" data-vc-full-width-init=\"false\" class=\"wpb-container vc_custom_1590676709175\"><div class=\"container\"><div class=\"vc_row wpb_row vc_row-fluid row \"><div class=\"col-sm-12  vc_\">\n\t\t<div class=\"wpb_wrapper \">\n\t\t\t\n\t<div class=\"wpb_text_column wpb_content_element vc_custom_1590676733465\" >\n\t\t<div class=\"wpb_wrapper\">\n\t\t\t<h3 style=\"text-align: center; color: #efefef;\"><b>VIDEOS<\/b><\/h3>\n\n\t\t<\/div>\n\t<\/div>\n<div class=\"vc_row wpb_row vc_inner vc_row-fluid vc_custom_1588028502015\"><div class=\"vc_ col-sm-4 col-xs-6\"><div class=\"vc_column-inner\"><div class=\"wpb_wrapper\">\n\t<div class=\"wpb_raw_code wpb_raw_html wpb_content_element\" >\n\t\t<div class=\"wpb_wrapper\">\n\t\t\t[videojs_video url=\"https:\/\/uninavarra.edu.co\/wp-content\/uploads\/2020\/05\/C\u00e1tedra-Uninavarra-Congreso-Emprende-2020-1.mp4\"]\n\t\t<\/div>\n\t<\/div>\n<\/div><\/div><\/div><div class=\"vc_ col-sm-4 col-xs-6\"><div class=\"vc_column-inner\"><div class=\"wpb_wrapper\">\n\t<div class=\"wpb_raw_code wpb_raw_html wpb_content_element\" >\n\t\t<div class=\"wpb_wrapper\">\n\t\t\t[videojs_video url=\"https:\/\/uninavarra.edu.co\/wp-content\/uploads\/2020\/05\/Lion-Cage-Uninavarra-Reality-Show.mp4\"]\n\t\t<\/div>\n\t<\/div>\n<\/div><\/div><\/div><div class=\"vc_ col-sm-4 col-xs-6\"><div class=\"vc_column-inner\"><div class=\"wpb_wrapper\">\n\t<div class=\"wpb_raw_code wpb_raw_html wpb_content_element\" >\n\t\t<div class=\"wpb_wrapper\">\n\t\t\t[videojs_video url=\"https:\/\/uninavarra.edu.co\/wp-content\/uploads\/2020\/05\/Intro-Neiva-Lion-Cage-Paulina-Vega-720p.mp4\"]\n\t\t<\/div>\n\t<\/div>\n<\/div><\/div><\/div><\/div>\n\t\t<\/div> \n\t<\/div><\/div><\/div><\/div><div class=\"vc_row-full-width\"><\/div>\n<\/div>","protected":false},"excerpt":{"rendered":"La C\u00e1tedra UNINAVARRA es el espacio acad\u00e9mico concebido para el desarrollo de las competencias emprendedoras de los estudiantes Navarristas, c\u00f3mo parte del desarrollo de la filosof\u00eda institucional y de su [...]","protected":false},"author":13,"featured_media":24543,"parent":0,"menu_order":0,"comment_status":"closed","ping_status":"closed","template":"","meta":{"footnotes":""},"categories":[140,1],"tags":[],"class_list":["post-70815","page","type-page","status-publish","has-post-thumbnail","hentry","category-perfiles-catedra-uninavarra","category-uncategorized"],"yoast_head":"<!-- This site is optimized with the Yoast SEO plugin v27.4 - https:\/\/yoast.com\/product\/yoast-seo-wordpress\/ -->\n<title>C\u00e1tedra Uninavarra 2024-1 - Uninavarra<\/title>\n<meta name=\"description\" content=\"La C\u00e1tedra UNINAVARRA es el espacio acad\u00e9mico concebido para el desarrollo de las competencias emprendedoras de los estudiantes de la Universidad, c\u00f3mo parte del desarrollo de la filosof\u00eda institucional y de su formaci\u00f3n integral. Un proceso acad\u00e9mico y de formaci\u00f3n que privilegia el aprendizaje te\u00f3rico pr\u00e1ctico a trav\u00e9s de la filosof\u00eda del aprender \u2013 haciendo y las pedagog\u00edas activas.\" \/>\n<meta name=\"robots\" content=\"index, follow, max-snippet:-1, max-image-preview:large, max-video-preview:-1\" \/>\n<link rel=\"canonical\" href=\"https:\/\/uninavarra.edu.co\/en\/catedrauninavarra-2024-1\/\" \/>\n<meta property=\"og:locale\" content=\"en_US\" \/>\n<meta property=\"og:type\" content=\"article\" \/>\n<meta property=\"og:title\" content=\"C\u00e1tedra Uninavarra 2024-1 - Uninavarra\" \/>\n<meta property=\"og:description\" content=\"La C\u00e1tedra UNINAVARRA es el espacio acad\u00e9mico concebido para el desarrollo de las competencias emprendedoras de los estudiantes de la Universidad, c\u00f3mo parte del desarrollo de la filosof\u00eda institucional y de su formaci\u00f3n integral. Un proceso acad\u00e9mico y de formaci\u00f3n que privilegia el aprendizaje te\u00f3rico pr\u00e1ctico a trav\u00e9s de la filosof\u00eda del aprender \u2013 haciendo y las pedagog\u00edas activas.\" \/>\n<meta property=\"og:url\" content=\"https:\/\/uninavarra.edu.co\/en\/catedrauninavarra-2024-1\/\" \/>\n<meta property=\"og:site_name\" content=\"Uninavarra\" \/>\n<meta property=\"article:publisher\" content=\"https:\/\/www.facebook.com\/UninavarraEduca\" \/>\n<meta property=\"article:modified_time\" content=\"2024-08-17T16:32:26+00:00\" \/>\n<meta property=\"og:image\" content=\"https:\/\/uninavarra.edu.co\/wp-content\/uploads\/2020\/04\/CatedraUninavarra_2020_Logo.jpg\" \/>\n\t<meta property=\"og:image:width\" content=\"200\" \/>\n\t<meta property=\"og:image:height\" content=\"200\" \/>\n\t<meta property=\"og:image:type\" content=\"image\/jpeg\" \/>\n<meta name=\"twitter:card\" content=\"summary_large_image\" \/>\n<meta name=\"twitter:site\" content=\"@uninavarraeduca\" \/>\n<meta name=\"twitter:label1\" content=\"Est. reading time\" \/>\n\t<meta name=\"twitter:data1\" content=\"10 minutes\" \/>\n<script type=\"application\/ld+json\" class=\"yoast-schema-graph\">{\"@context\":\"https:\\\/\\\/schema.org\",\"@graph\":[{\"@type\":\"WebPage\",\"@id\":\"https:\\\/\\\/uninavarra.edu.co\\\/catedrauninavarra-2024-1\\\/\",\"url\":\"https:\\\/\\\/uninavarra.edu.co\\\/catedrauninavarra-2024-1\\\/\",\"name\":\"C\u00e1tedra Uninavarra 2024-1 - Uninavarra\",\"isPartOf\":{\"@id\":\"https:\\\/\\\/uninavarra.edu.co\\\/#website\"},\"primaryImageOfPage\":{\"@id\":\"https:\\\/\\\/uninavarra.edu.co\\\/catedrauninavarra-2024-1\\\/#primaryimage\"},\"image\":{\"@id\":\"https:\\\/\\\/uninavarra.edu.co\\\/catedrauninavarra-2024-1\\\/#primaryimage\"},\"thumbnailUrl\":\"https:\\\/\\\/uninavarra.edu.co\\\/wp-content\\\/uploads\\\/2020\\\/04\\\/CatedraUninavarra_2020_Logo.jpg\",\"datePublished\":\"2024-02-21T22:22:28+00:00\",\"dateModified\":\"2024-08-17T16:32:26+00:00\",\"description\":\"La C\u00e1tedra UNINAVARRA es el espacio acad\u00e9mico concebido para el desarrollo de las competencias emprendedoras de los estudiantes de la Universidad, c\u00f3mo parte del desarrollo de la filosof\u00eda institucional y de su formaci\u00f3n integral. Un proceso acad\u00e9mico y de formaci\u00f3n que privilegia el aprendizaje te\u00f3rico pr\u00e1ctico a trav\u00e9s de la filosof\u00eda del aprender \u2013 haciendo y las pedagog\u00edas activas.\",\"breadcrumb\":{\"@id\":\"https:\\\/\\\/uninavarra.edu.co\\\/catedrauninavarra-2024-1\\\/#breadcrumb\"},\"inLanguage\":\"en-US\",\"potentialAction\":[{\"@type\":\"ReadAction\",\"target\":[\"https:\\\/\\\/uninavarra.edu.co\\\/catedrauninavarra-2024-1\\\/\"]}]},{\"@type\":\"ImageObject\",\"inLanguage\":\"en-US\",\"@id\":\"https:\\\/\\\/uninavarra.edu.co\\\/catedrauninavarra-2024-1\\\/#primaryimage\",\"url\":\"https:\\\/\\\/uninavarra.edu.co\\\/wp-content\\\/uploads\\\/2020\\\/04\\\/CatedraUninavarra_2020_Logo.jpg\",\"contentUrl\":\"https:\\\/\\\/uninavarra.edu.co\\\/wp-content\\\/uploads\\\/2020\\\/04\\\/CatedraUninavarra_2020_Logo.jpg\",\"width\":200,\"height\":200},{\"@type\":\"BreadcrumbList\",\"@id\":\"https:\\\/\\\/uninavarra.edu.co\\\/catedrauninavarra-2024-1\\\/#breadcrumb\",\"itemListElement\":[{\"@type\":\"ListItem\",\"position\":1,\"name\":\"Home\",\"item\":\"https:\\\/\\\/uninavarra.edu.co\\\/\"},{\"@type\":\"ListItem\",\"position\":2,\"name\":\"C\u00e1tedra Uninavarra 2024-1\"}]},{\"@type\":\"WebSite\",\"@id\":\"https:\\\/\\\/uninavarra.edu.co\\\/#website\",\"url\":\"https:\\\/\\\/uninavarra.edu.co\\\/\",\"name\":\"UNINAVARRA\",\"description\":\"Haz realidad tu deseo de aprender\",\"publisher\":{\"@id\":\"https:\\\/\\\/uninavarra.edu.co\\\/#organization\"},\"potentialAction\":[{\"@type\":\"SearchAction\",\"target\":{\"@type\":\"EntryPoint\",\"urlTemplate\":\"https:\\\/\\\/uninavarra.edu.co\\\/?s={search_term_string}\"},\"query-input\":{\"@type\":\"PropertyValueSpecification\",\"valueRequired\":true,\"valueName\":\"search_term_string\"}}],\"inLanguage\":\"en-US\"},{\"@type\":\"Organization\",\"@id\":\"https:\\\/\\\/uninavarra.edu.co\\\/#organization\",\"name\":\"Fundaci\u00f3n Universitaria Navarra - UNINAVARRA\",\"url\":\"https:\\\/\\\/uninavarra.edu.co\\\/\",\"logo\":{\"@type\":\"ImageObject\",\"inLanguage\":\"en-US\",\"@id\":\"https:\\\/\\\/uninavarra.edu.co\\\/#\\\/schema\\\/logo\\\/image\\\/\",\"url\":\"https:\\\/\\\/uninavarra.edu.co\\\/wp-content\\\/uploads\\\/2024\\\/06\\\/Escudo-uninavarra-Solo.png\",\"contentUrl\":\"https:\\\/\\\/uninavarra.edu.co\\\/wp-content\\\/uploads\\\/2024\\\/06\\\/Escudo-uninavarra-Solo.png\",\"width\":1500,\"height\":1401,\"caption\":\"Fundaci\u00f3n Universitaria Navarra - UNINAVARRA\"},\"image\":{\"@id\":\"https:\\\/\\\/uninavarra.edu.co\\\/#\\\/schema\\\/logo\\\/image\\\/\"},\"sameAs\":[\"https:\\\/\\\/www.facebook.com\\\/UninavarraEduca\",\"https:\\\/\\\/x.com\\\/uninavarraeduca\",\"https:\\\/\\\/www.instagram.com\\\/uninavarra\\\/?hl=es\",\"https:\\\/\\\/www.linkedin.com\\\/in\\\/fundacin-universitaria-navarra-uninavarra-b41225222\\\/\"]}]}<\/script>\n<!-- \/ Yoast SEO plugin. -->","yoast_head_json":{"title":"C\u00e1tedra Uninavarra 2024-1 - Uninavarra","description":"La C\u00e1tedra UNINAVARRA es el espacio acad\u00e9mico concebido para el desarrollo de las competencias emprendedoras de los estudiantes de la Universidad, c\u00f3mo parte del desarrollo de la filosof\u00eda institucional y de su formaci\u00f3n integral. Un proceso acad\u00e9mico y de formaci\u00f3n que privilegia el aprendizaje te\u00f3rico pr\u00e1ctico a trav\u00e9s de la filosof\u00eda del aprender \u2013 haciendo y las pedagog\u00edas activas.","robots":{"index":"index","follow":"follow","max-snippet":"max-snippet:-1","max-image-preview":"max-image-preview:large","max-video-preview":"max-video-preview:-1"},"canonical":"https:\/\/uninavarra.edu.co\/en\/catedrauninavarra-2024-1\/","og_locale":"en_US","og_type":"article","og_title":"C\u00e1tedra Uninavarra 2024-1 - Uninavarra","og_description":"La C\u00e1tedra UNINAVARRA es el espacio acad\u00e9mico concebido para el desarrollo de las competencias emprendedoras de los estudiantes de la Universidad, c\u00f3mo parte del desarrollo de la filosof\u00eda institucional y de su formaci\u00f3n integral. Un proceso acad\u00e9mico y de formaci\u00f3n que privilegia el aprendizaje te\u00f3rico pr\u00e1ctico a trav\u00e9s de la filosof\u00eda del aprender \u2013 haciendo y las pedagog\u00edas activas.","og_url":"https:\/\/uninavarra.edu.co\/en\/catedrauninavarra-2024-1\/","og_site_name":"Uninavarra","article_publisher":"https:\/\/www.facebook.com\/UninavarraEduca","article_modified_time":"2024-08-17T16:32:26+00:00","og_image":[{"width":200,"height":200,"url":"https:\/\/uninavarra.edu.co\/wp-content\/uploads\/2020\/04\/CatedraUninavarra_2020_Logo.jpg","type":"image\/jpeg"}],"twitter_card":"summary_large_image","twitter_site":"@uninavarraeduca","twitter_misc":{"Est. reading time":"10 minutes"},"schema":{"@context":"https:\/\/schema.org","@graph":[{"@type":"WebPage","@id":"https:\/\/uninavarra.edu.co\/catedrauninavarra-2024-1\/","url":"https:\/\/uninavarra.edu.co\/catedrauninavarra-2024-1\/","name":"C\u00e1tedra Uninavarra 2024-1 - Uninavarra","isPartOf":{"@id":"https:\/\/uninavarra.edu.co\/#website"},"primaryImageOfPage":{"@id":"https:\/\/uninavarra.edu.co\/catedrauninavarra-2024-1\/#primaryimage"},"image":{"@id":"https:\/\/uninavarra.edu.co\/catedrauninavarra-2024-1\/#primaryimage"},"thumbnailUrl":"https:\/\/uninavarra.edu.co\/wp-content\/uploads\/2020\/04\/CatedraUninavarra_2020_Logo.jpg","datePublished":"2024-02-21T22:22:28+00:00","dateModified":"2024-08-17T16:32:26+00:00","description":"La C\u00e1tedra UNINAVARRA es el espacio acad\u00e9mico concebido para el desarrollo de las competencias emprendedoras de los estudiantes de la Universidad, c\u00f3mo parte del desarrollo de la filosof\u00eda institucional y de su formaci\u00f3n integral. Un proceso acad\u00e9mico y de formaci\u00f3n que privilegia el aprendizaje te\u00f3rico pr\u00e1ctico a trav\u00e9s de la filosof\u00eda del aprender \u2013 haciendo y las pedagog\u00edas activas.","breadcrumb":{"@id":"https:\/\/uninavarra.edu.co\/catedrauninavarra-2024-1\/#breadcrumb"},"inLanguage":"en-US","potentialAction":[{"@type":"ReadAction","target":["https:\/\/uninavarra.edu.co\/catedrauninavarra-2024-1\/"]}]},{"@type":"ImageObject","inLanguage":"en-US","@id":"https:\/\/uninavarra.edu.co\/catedrauninavarra-2024-1\/#primaryimage","url":"https:\/\/uninavarra.edu.co\/wp-content\/uploads\/2020\/04\/CatedraUninavarra_2020_Logo.jpg","contentUrl":"https:\/\/uninavarra.edu.co\/wp-content\/uploads\/2020\/04\/CatedraUninavarra_2020_Logo.jpg","width":200,"height":200},{"@type":"BreadcrumbList","@id":"https:\/\/uninavarra.edu.co\/catedrauninavarra-2024-1\/#breadcrumb","itemListElement":[{"@type":"ListItem","position":1,"name":"Home","item":"https:\/\/uninavarra.edu.co\/"},{"@type":"ListItem","position":2,"name":"C\u00e1tedra Uninavarra 2024-1"}]},{"@type":"WebSite","@id":"https:\/\/uninavarra.edu.co\/#website","url":"https:\/\/uninavarra.edu.co\/","name":"UNINAVARRA","description":"Make your desire to learn a reality","publisher":{"@id":"https:\/\/uninavarra.edu.co\/#organization"},"potentialAction":[{"@type":"SearchAction","target":{"@type":"EntryPoint","urlTemplate":"https:\/\/uninavarra.edu.co\/?s={search_term_string}"},"query-input":{"@type":"PropertyValueSpecification","valueRequired":true,"valueName":"search_term_string"}}],"inLanguage":"en-US"},{"@type":"Organization","@id":"https:\/\/uninavarra.edu.co\/#organization","name":"Navarre University Foundation - UNINAVARRA","url":"https:\/\/uninavarra.edu.co\/","logo":{"@type":"ImageObject","inLanguage":"en-US","@id":"https:\/\/uninavarra.edu.co\/#\/schema\/logo\/image\/","url":"https:\/\/uninavarra.edu.co\/wp-content\/uploads\/2024\/06\/Escudo-uninavarra-Solo.png","contentUrl":"https:\/\/uninavarra.edu.co\/wp-content\/uploads\/2024\/06\/Escudo-uninavarra-Solo.png","width":1500,"height":1401,"caption":"Fundaci\u00f3n Universitaria Navarra - UNINAVARRA"},"image":{"@id":"https:\/\/uninavarra.edu.co\/#\/schema\/logo\/image\/"},"sameAs":["https:\/\/www.facebook.com\/UninavarraEduca","https:\/\/x.com\/uninavarraeduca","https:\/\/www.instagram.com\/uninavarra\/?hl=es","https:\/\/www.linkedin.com\/in\/fundacin-universitaria-navarra-uninavarra-b41225222\/"]}]}},"_links":{"self":[{"href":"https:\/\/uninavarra.edu.co\/en\/wp-json\/wp\/v2\/pages\/70815","targetHints":{"allow":["GET"]}}],"collection":[{"href":"https:\/\/uninavarra.edu.co\/en\/wp-json\/wp\/v2\/pages"}],"about":[{"href":"https:\/\/uninavarra.edu.co\/en\/wp-json\/wp\/v2\/types\/page"}],"author":[{"embeddable":true,"href":"https:\/\/uninavarra.edu.co\/en\/wp-json\/wp\/v2\/users\/13"}],"replies":[{"embeddable":true,"href":"https:\/\/uninavarra.edu.co\/en\/wp-json\/wp\/v2\/comments?post=70815"}],"version-history":[{"count":0,"href":"https:\/\/uninavarra.edu.co\/en\/wp-json\/wp\/v2\/pages\/70815\/revisions"}],"wp:featuredmedia":[{"embeddable":true,"href":"https:\/\/uninavarra.edu.co\/en\/wp-json\/wp\/v2\/media\/24543"}],"wp:attachment":[{"href":"https:\/\/uninavarra.edu.co\/en\/wp-json\/wp\/v2\/media?parent=70815"}],"wp:term":[{"taxonomy":"category","embeddable":true,"href":"https:\/\/uninavarra.edu.co\/en\/wp-json\/wp\/v2\/categories?post=70815"},{"taxonomy":"post_tag","embeddable":true,"href":"https:\/\/uninavarra.edu.co\/en\/wp-json\/wp\/v2\/tags?post=70815"}],"curies":[{"name":"wp","href":"https:\/\/api.w.org\/{rel}","templated":true}]}}