{"id":67351,"date":"2023-11-10T16:05:45","date_gmt":"2023-11-10T21:05:45","guid":{"rendered":"https:\/\/uninavarra.edu.co\/?page_id=67351"},"modified":"2026-02-26T14:07:14","modified_gmt":"2026-02-26T19:07:14","slug":"fortalecimiento-academico","status":"publish","type":"page","link":"https:\/\/uninavarra.edu.co\/en\/bienestar-universitario\/desarrollo-humano\/plan-padrino\/fortalecimiento-academico\/","title":{"rendered":"Academic Strengthening"},"content":{"rendered":"<div class=\"wpb-content-wrapper\"><div id=\"headder\" data-vc-full-width=\"true\" data-vc-full-width-init=\"false\" data-vc-stretch-content=\"true\" class=\"wpb-container \"><div class=\"container-full\"><div class=\"vc_row wpb_row vc_row-fluid row \"><div class=\"col-sm-12  vc_\">\n\t\t<div class=\"wpb_wrapper \">\n\t\t\t\n\t<div class=\"wpb_text_column wpb_content_element\" >\n\t\t<div class=\"wpb_wrapper\">\n\t\t\t\n\t\t\t<!-- START Plan Padrino  Fortalecimiento Acad\u00e9mico REVOLUTION SLIDER 6.7.21 --><p class=\"rs-p-wp-fix\"><\/p>\n\t\t\t<rs-module-wrap id=\"rev_slider_59_1_wrapper\" data-source=\"gallery\" style=\"visibility:hidden;background:rgba(255,255,255,0);padding:0;margin:0px auto;margin-top:0;margin-bottom:0;\">\n\t\t\t\t<rs-module id=\"rev_slider_59_1\" style=\"\" data-version=\"6.7.21\">\n\t\t\t\t\t<rs-slides style=\"overflow: hidden; position: absolute;\">\n\t\t\t\t\t\t<rs-slide style=\"position: absolute;\" data-key=\"rs-625\" data-title=\"Plan Padrino Ser Maestro\" data-anim=\"adpr:false;ms:200;\" data-in=\"o:0;x:(100%);\" data-out=\"a:false;\">\n\t\t\t\t\t\t\t<img decoding=\"async\" src=\"\/\/uninavarra.edu.co\/wp-content\/plugins\/revslider\/sr6\/assets\/assets\/dummy.png\" alt=\"Plan Padrino Ser Maestro\" title=\"Fortalecimiento Acad\u00e9mico\" class=\"rev-slidebg tp-rs-img rs-lazyload\" data-lazyload=\"\/\/uninavarra.edu.co\/wp-content\/plugins\/revslider\/sr6\/assets\/assets\/transparent.png\" data-bg=\"c:#E7E7E7;\" data-no-retina>\n<!--\n\t\t\t\t\t\t\t--><a\n\t\t\t\t\t\t\t\tid=\"slider-59-slide-625-layer-3\" \n\t\t\t\t\t\t\t\tclass=\"rs-layer\"\n\t\t\t\t\t\t\t\thref=\"http:\/\/campus.uninavarra.edu.co\/psc\/cs92prod_21\/EMPLOYEE\/SA\/c\/TYG_SAD_OLA_MENU.LC_CRL_FORMULARIO.GBL?&#038;\" target=\"_self\"\n\t\t\t\t\t\t\t\tdata-type=\"image\"\n\t\t\t\t\t\t\t\tdata-rsp_ch=\"on\"\n\t\t\t\t\t\t\t\tdata-xy=\"x:c;y:c;\"\n\t\t\t\t\t\t\t\tdata-text=\"l:22;a:inherit;\"\n\t\t\t\t\t\t\t\tdata-dim=\"w:100%;h:100%;\"\n\t\t\t\t\t\t\t\tdata-frame_0=\"sX:2;sY:2;\"\n\t\t\t\t\t\t\t\tdata-frame_0_mask=\"u:t;\"\n\t\t\t\t\t\t\t\tdata-frame_1=\"e:power2.out;sp:1000;\"\n\t\t\t\t\t\t\t\tdata-frame_1_mask=\"u:t;\"\n\t\t\t\t\t\t\t\tdata-frame_999=\"o:0;st:w;sR:5700;\"\n\t\t\t\t\t\t\t\tstyle=\"z-index:6;\"\n\t\t\t\t\t\t\t><img fetchpriority=\"high\" decoding=\"async\" src=\"\/\/uninavarra.edu.co\/wp-content\/plugins\/revslider\/sr6\/assets\/assets\/dummy.png\" alt=\"\" class=\"tp-rs-img rs-lazyload\" width=\"1280\" height=\"381\" data-lazyload=\"\/\/uninavarra.edu.co\/wp-content\/uploads\/2026\/03\/BANNER-PLAN-PADRINO-2.jpg\" data-c=\"cover\" data-no-retina> \n\t\t\t\t\t\t\t<\/a><!--\n-->\t\t\t\t\t<\/rs-slide>\n\t\t\t\t\t<\/rs-slides>\n\t\t\t\t<\/rs-module>\n\t\t\t\t<script>\n\t\t\t\t\tsetREVStartSize({c: 'rev_slider_59_1',rl:[1240,1024,778,480],el:[540],gw:[1920],gh:[540],type:'standard',justify:'',layout:'fullwidth',mh:\"100%\"});if (window.RS_MODULES!==undefined && window.RS_MODULES.modules!==undefined && window.RS_MODULES.modules[\"revslider591\"]!==undefined) {window.RS_MODULES.modules[\"revslider591\"].once = false;window.revapi59 = undefined;if (window.RS_MODULES.checkMinimal!==undefined) window.RS_MODULES.checkMinimal()}\n\t\t\t\t<\/script>\n\t\t\t<\/rs-module-wrap>\n\t\t\t<!-- END REVOLUTION SLIDER -->\n\n\n\t\t<\/div>\n\t<\/div>\n\n\t<div class=\"wpb_text_column wpb_content_element\" >\n\t\t<div class=\"wpb_wrapper\">\n\t\t\t<header id=\"nav-top-1\"><span class=\"abrir material-icons\">menu<\/span><\/header>\n<nav id=\"menu-plan-padrino\" class=\"topnav\">\n<header id=\"nav-top-2\"><span class=\"cerrar material-icons\">clear<\/span><\/header>\n<p><!-- Widget Shortcode --><div id=\"nav_menu-54\" class=\"widget widget_nav_menu widget-shortcode area-se507_4406urx \"><div class=\"menu-menu-plan-padrino-final-container\"><ul id=\"menu-menu-plan-padrino-final\" class=\"menu\"><li id=\"menu-item-63273\" class=\"menu-item menu-item-type-post_type menu-item-object-page menu-item-63273\"><a href=\"https:\/\/uninavarra.edu.co\/en\/bienestar-universitario\/desarrollo-humano\/plan-padrino\/\">Inicio<\/a><\/li>\n<li id=\"menu-item-40514\" class=\"menu-item menu-item-type-post_type menu-item-object-page menu-item-40514\"><a href=\"https:\/\/uninavarra.edu.co\/en\/bienestar-universitario\/desarrollo-humano\/plan-padrino\/madrinas-y-padrinos\/\">Madrinas y Padrinos<\/a><\/li>\n<li id=\"menu-item-40516\" class=\"menu-item menu-item-type-post_type menu-item-object-page menu-item-40516\"><a href=\"https:\/\/uninavarra.edu.co\/en\/bienestar-universitario\/desarrollo-humano\/plan-padrino\/nivelacion-academica\/\">Nivelaci\u00f3n Acad\u00e9mica<\/a><\/li>\n<li id=\"menu-item-40518\" class=\"menu-item menu-item-type-post_type menu-item-object-page menu-item-40518\"><a href=\"https:\/\/uninavarra.edu.co\/en\/bienestar-universitario\/desarrollo-humano\/plan-padrino\/asesorias-academicas\/\">Asesor\u00edas Acad\u00e9micas<\/a><\/li>\n<li id=\"menu-item-40531\" class=\"menu-item menu-item-type-post_type menu-item-object-page menu-item-40531\"><a href=\"https:\/\/uninavarra.edu.co\/en\/bienestar-universitario\/desarrollo-humano\/plan-padrino\/monitorias\/\">Monitorias<\/a><\/li>\n<li id=\"menu-item-67354\" class=\"menu-item menu-item-type-custom menu-item-object-custom menu-item-67354\"><a href=\"https:\/\/uninavarra.edu.co\/estudiantes\/bienestar-universitario\/plan-padrino\/fortalecimiento-academico\/\">Fortalecimiento Acad\u00e9mico<\/a><\/li>\n<li id=\"menu-item-74173\" class=\"menu-item menu-item-type-post_type menu-item-object-page menu-item-74173\"><a href=\"https:\/\/uninavarra.edu.co\/en\/bienestar-universitario\/desarrollo-humano\/plan-padrino\/fortalecimiento-de-programas-de-apoyo-economico\/\">Promoci\u00f3n Socioecon\u00f3mica<\/a><\/li>\n<\/ul><\/div><\/div><!-- \/Widget Shortcode --><br \/>\n<\/nav>\n\n\t\t<\/div>\n\t<\/div>\n\n\t\t<\/div> \n\t<\/div><\/div><\/div><\/div><div class=\"vc_row-full-width\"><\/div><div class=\"wpb-container \"><div class=\"container\"><div class=\"vc_row wpb_row vc_row-fluid row \"><div class=\"col-sm-12  vc_\">\n\t\t<div class=\"wpb_wrapper \">\n\t\t\t\n\t<div class=\"wpb_text_column wpb_content_element\" >\n\t\t<div class=\"wpb_wrapper\">\n\t\t\t<h2 class=\"divisor\" style=\"text-align: center;\"><span style=\"font-family: helvetica, arial, sans-serif;\">Fortalecimiento Acad\u00e9mico<\/span><\/h2>\n<hr \/>\n\n\t\t<\/div>\n\t<\/div>\n\n\t<div class=\"wpb_raw_code wpb_raw_html wpb_content_element\" >\n\t\t<div class=\"wpb_wrapper\">\n\t\t\t<link rel=\"preconnect\" href=\"https:\/\/fonts.gstatic.com\">\n<link href=\"https:\/\/fonts.googleapis.com\/css2?family=Raleway:ital,wght@0,400;0,700;1,400&display=swap\" rel=\"stylesheet\">\n<link href=\"https:\/\/fonts.googleapis.com\/css2?family=Lato:wght@400;700&display=swap\" rel=\"stylesheet\">\n<link href=\"https:\/\/fonts.googleapis.com\/icon?family=Material+Icons\" rel=\"stylesheet\">\n\n<style>\n\/* Arregla el tama\u00f1o de la letra del slider cina ya que esta en 'rem' *\/ html {font-size: 100%} .navbar-mega .navbar-nav > li .dropdown-menu li a {font-size: 14px !important;}\n\n\/* CAMBIO COLOR DE LA LETRA Y ESTILO *\/\n#wpo-mainbody, #wpo-mainbody h2, #wpo-mainbody h3, #wpo-mainbody h4, #wpo-mainbody p, #wpo-mainbody a, #wpo-mainbody strong, #wpo-mainbody em, #wpo-mainbody th, #wpo-mainbody tr, #wpo-mainbody td, #wpo-mainbody ol, #wpo-mainbody ul, #wpo-mainbody li, #wpo-mainbody :after {\n    font-family: 'Raleway', sans-serif\n}\n\n#wpo-mainbody p {\n    font-size: 16px;\n    line-height: 20px;\n}\n\n#wpo-mainbody h4{\n        overflow: hidden;\n   text-overflow: ellipsis;\n   display: -webkit-box;\n   -webkit-line-clamp: 2; \/* number of lines to show *\/\n           line-clamp: 2; \n   -webkit-box-orient: vertical;\n    }\n\n#wpo-mainbody li {\n    font-size: 18px;\n    line-height: 30px;\n}\n\n\n\n#wpo-mainbody strong {\n    line-height: 30px\n}\n\n\/* Estilo Aplicado en Listas de Semilleros de los Grupos de Investigaci\u00f3n *\/\n#wpo-mainbody .lista_semilleros ul {\n    padding-inline-start: 35px;\n}\n\n#wpo-mainbody .lista_semilleros li {\n\tline-height: 20px\n}\n\n#wpo-mainbody .lista_semilleros ul li {\n\tfont-size: 15px;\n\tmargin-left: 20px;\n\tmargin-bottom: 15px\n}\n\n#wpo-mainbody .lista_semilleros li:last-child ul li {\n\tmargin-bottom: 0\n}\n\n#wpo-mainbody .lista_semilleros ul li:before {\n    position: absolute;\n    background: none;\n}\n<\/style>\n\t\t<\/div>\n\t<\/div>\n\n\t<div class=\"wpb_text_column wpb_content_element\" >\n\t\t<div class=\"wpb_wrapper\">\n\t\t\t\t\t\t<!-- Flexy Breadcrumb -->\r\n\t\t\t<div class=\"fbc fbc-page\">\r\n\r\n\t\t\t\t<!-- Breadcrumb wrapper -->\r\n\t\t\t\t<div class=\"fbc-wrap\">\r\n\r\n\t\t\t\t\t<!-- Ordered list-->\r\n\t\t\t\t\t<ol class=\"fbc-items\" itemscope itemtype=\"https:\/\/schema.org\/BreadcrumbList\">\r\n\t\t\t\t\t\t            <li itemprop=\"itemListElement\" itemscope itemtype=\"https:\/\/schema.org\/ListItem\">\r\n                <span itemprop=\"name\">\r\n                    <!-- Home Link -->\r\n                    <a itemprop=\"item\" href=\"https:\/\/uninavarra.edu.co\">\r\n                    \r\n                                                    <i class=\"fa fa-home\" aria-hidden=\"true\"><\/i>Home                    <\/a>\r\n                <\/span>\r\n                <meta itemprop=\"position\" content=\"1\" \/><!-- Meta Position-->\r\n             <\/li><li><span class=\"fbc-separator\">\/<\/span><\/li><li class=\"active\" itemprop=\"itemListElement\" itemscope itemtype=\"https:\/\/schema.org\/ListItem\"><span itemprop=\"name\" title=\"Fortalecimiento Acad\u00e9mico\">Fortalecimiento Acad\u00e9mico<\/span><meta itemprop=\"position\" content=\"2\" \/><\/li>\t\t\t\t\t<\/ol>\r\n\t\t\t\t\t<div class=\"clearfix\"><\/div>\r\n\t\t\t\t<\/div>\r\n\t\t\t<\/div>\r\n\t\t\t\n\n\t\t<\/div>\n\t<\/div>\n\n\t\t<\/div> \n\t<\/div><\/div><\/div><\/div><div class=\"wpb-container \"><div class=\"container\"><div class=\"vc_row wpb_row vc_row-fluid row \"><div class=\"col-sm-12  vc_\">\n\t\t<div class=\"wpb_wrapper \">\n\t\t\t<div class=\"vc_tta-container\" data-vc-action=\"collapse\"><div class=\"vc_general vc_tta vc_tta-tabs vc_tta-color-navarra vc_tta-style-classic vc_tta-shape-rounded vc_tta-spacing-1 vc_tta-tabs-position-left vc_tta-controls-align-left \"><div class=\"vc_tta-tabs-container\"><ul class=\"vc_tta-tabs-list\"><li class=\"vc_tta-tab vc_active\" data-vc-tab><a href=\"#1682716680251-760ceea4-b0e7\" data-vc-tabs data-vc-container=\".vc_tta\"><span class=\"vc_tta-title-text\">Fortalecimiento acad\u00e9mico<\/span><\/a><\/li><li class=\"vc_tta-tab\" data-vc-tab><a href=\"#medicina\" data-vc-tabs data-vc-container=\".vc_tta\"><span class=\"vc_tta-title-text\">Talleres de \u00e9xito acad\u00e9mico<\/span><\/a><\/li><li class=\"vc_tta-tab\" data-vc-tab><a href=\"#Enfermer\u00eda\" data-vc-tabs data-vc-container=\".vc_tta\"><span class=\"vc_tta-title-text\">Talleres para la superaci\u00f3n de per\u00edodo de prueba<\/span><\/a><\/li><\/ul><\/div><div class=\"vc_tta-panels-container\"><div class=\"vc_tta-panels\"><div class=\"vc_tta-panel vc_active\" id=\"1682716680251-760ceea4-b0e7\" data-vc-content=\".vc_tta-panel-body\"><div class=\"vc_tta-panel-heading\"><h4 class=\"vc_tta-panel-title\"><a href=\"#1682716680251-760ceea4-b0e7\" data-vc-accordion data-vc-container=\".vc_tta-container\"><span class=\"vc_tta-title-text\">Fortalecimiento acad\u00e9mico<\/span><\/a><\/h4><\/div><div class=\"vc_tta-panel-body\"><div class=\"vc_row wpb_row vc_inner vc_row-fluid\"><div class=\"vc_ col-sm-2\"><div class=\"vc_column-inner\"><div class=\"wpb_wrapper\"><\/div><\/div><\/div><div class=\"vc_ col-sm-8\"><div class=\"vc_column-inner\"><div class=\"wpb_wrapper\"><div class=\"wpb_single_image wpb_content_element vc_align_left\">\n\t\t<div class=\"wpb_wrapper\">\n\t\t\t\n\t\t\t<a href=\"https:\/\/uninavarra.edu.co\/wp-content\/uploads\/2024\/05\/ARTES-DE-TALLERES-1-scaled.jpg\" target=\"_self\"><img decoding=\"async\" width=\"1440\" height=\"2560\" src=\"https:\/\/uninavarra.edu.co\/wp-content\/uploads\/2024\/05\/ARTES-DE-TALLERES-1-scaled.jpg\" class=\" vc_box_border_grey attachment-full\" alt=\"\" title=\"ARTES DE TALLERES (1)\" srcset=\"https:\/\/uninavarra.edu.co\/wp-content\/uploads\/2024\/05\/ARTES-DE-TALLERES-1-scaled.jpg 1440w, https:\/\/uninavarra.edu.co\/wp-content\/uploads\/2024\/05\/ARTES-DE-TALLERES-1-169x300.jpg 169w, https:\/\/uninavarra.edu.co\/wp-content\/uploads\/2024\/05\/ARTES-DE-TALLERES-1-576x1024.jpg 576w, https:\/\/uninavarra.edu.co\/wp-content\/uploads\/2024\/05\/ARTES-DE-TALLERES-1-84x150.jpg 84w, https:\/\/uninavarra.edu.co\/wp-content\/uploads\/2024\/05\/ARTES-DE-TALLERES-1-768x1365.jpg 768w, https:\/\/uninavarra.edu.co\/wp-content\/uploads\/2024\/05\/ARTES-DE-TALLERES-1-864x1536.jpg 864w, https:\/\/uninavarra.edu.co\/wp-content\/uploads\/2024\/05\/ARTES-DE-TALLERES-1-1152x2048.jpg 1152w\" sizes=\"(max-width: 1440px) 100vw, 1440px\" \/><\/a>\n\t\t<\/div> \n\t<\/div><\/div><\/div><\/div><div class=\"vc_ col-sm-2\"><div class=\"vc_column-inner\"><div class=\"wpb_wrapper\"><\/div><\/div><\/div><\/div><div class=\"vc_row wpb_row vc_inner vc_row-fluid\"><div class=\"vc_ col-sm-12\"><div class=\"vc_column-inner\"><div class=\"wpb_wrapper\">\n\t<div class=\"wpb_text_column wpb_content_element\" >\n\t\t<div class=\"wpb_wrapper\">\n\t\t\t\n\n\t\t<\/div>\n\t<\/div>\n<\/div><\/div><\/div><\/div><\/div><\/div><div class=\"vc_tta-panel\" id=\"medicina\" data-vc-content=\".vc_tta-panel-body\"><div class=\"vc_tta-panel-heading\"><h4 class=\"vc_tta-panel-title\"><a href=\"#medicina\" data-vc-accordion data-vc-container=\".vc_tta-container\"><span class=\"vc_tta-title-text\">Talleres de \u00e9xito acad\u00e9mico<\/span><\/a><\/h4><\/div><div class=\"vc_tta-panel-body\"><div class=\"vc_row wpb_row vc_inner vc_row-fluid\"><div class=\"vc_ col-sm-12\"><div class=\"vc_column-inner\"><div class=\"wpb_wrapper\">\n\t<div class=\"wpb_text_column wpb_content_element\" >\n\t\t<div class=\"wpb_wrapper\">\n\t\t\t<h2 class=\"divisor\" style=\"text-align: center;\"><span style=\"font-family: helvetica, arial, sans-serif;\">Facultad de Ciencias de la Salud<\/span><\/h2>\n<hr \/>\n\n\t\t<\/div>\n\t<\/div>\n<\/div><\/div><\/div><\/div><div class=\"vc_row wpb_row vc_inner vc_row-fluid\"><div class=\"vc_ col-sm-4\"><div class=\"vc_column-inner\"><div class=\"wpb_wrapper\"><div class=\"wpb_single_image wpb_content_element vc_align_center\">\n\t\t<div class=\"wpb_wrapper\">\n\t\t\t\n\t\t\t<a href=\"#\" target=\"_self\"><img decoding=\"async\" width=\"767\" height=\"765\" src=\"https:\/\/uninavarra.edu.co\/wp-content\/uploads\/2024\/05\/ARTE-ADAPTACION-A-LA-VIDA-UNIVERSITARIA-RADIOLOGIA.jpg\" class=\" vc_box_border_grey attachment-full\" alt=\"\" title=\"ARTE ADAPTACI\u00d3N A LA VIDA UNIVERSITARIA- RADIOLOG\u00cdA\" srcset=\"https:\/\/uninavarra.edu.co\/wp-content\/uploads\/2024\/05\/ARTE-ADAPTACION-A-LA-VIDA-UNIVERSITARIA-RADIOLOGIA.jpg 767w, https:\/\/uninavarra.edu.co\/wp-content\/uploads\/2024\/05\/ARTE-ADAPTACION-A-LA-VIDA-UNIVERSITARIA-RADIOLOGIA-300x300.jpg 300w, https:\/\/uninavarra.edu.co\/wp-content\/uploads\/2024\/05\/ARTE-ADAPTACION-A-LA-VIDA-UNIVERSITARIA-RADIOLOGIA-150x150.jpg 150w, https:\/\/uninavarra.edu.co\/wp-content\/uploads\/2024\/05\/ARTE-ADAPTACION-A-LA-VIDA-UNIVERSITARIA-RADIOLOGIA-500x500.jpg 500w\" sizes=\"(max-width: 767px) 100vw, 767px\" \/><\/a>\n\t\t<\/div> \n\t<\/div><\/div><\/div><\/div><div class=\"vc_ col-sm-4\"><div class=\"vc_column-inner\"><div class=\"wpb_wrapper\"><div class=\"wpb_single_image wpb_content_element vc_align_center\">\n\t\t<div class=\"wpb_wrapper\">\n\t\t\t\n\t\t\t<a href=\"#\" target=\"_self\"><img loading=\"lazy\" decoding=\"async\" width=\"1080\" height=\"1080\" src=\"https:\/\/uninavarra.edu.co\/wp-content\/uploads\/2024\/05\/ARTE-ADAPTACION-A-LA-VIDA-UNIVERSITARIA-ENFERMERIA.jpg\" class=\" vc_box_border_grey attachment-full\" alt=\"\" title=\"ARTE ADAPTACI\u00d3N A LA VIDA UNIVERSITARIA ENFERMERIA\" srcset=\"https:\/\/uninavarra.edu.co\/wp-content\/uploads\/2024\/05\/ARTE-ADAPTACION-A-LA-VIDA-UNIVERSITARIA-ENFERMERIA.jpg 1080w, https:\/\/uninavarra.edu.co\/wp-content\/uploads\/2024\/05\/ARTE-ADAPTACION-A-LA-VIDA-UNIVERSITARIA-ENFERMERIA-300x300.jpg 300w, https:\/\/uninavarra.edu.co\/wp-content\/uploads\/2024\/05\/ARTE-ADAPTACION-A-LA-VIDA-UNIVERSITARIA-ENFERMERIA-1024x1024.jpg 1024w, https:\/\/uninavarra.edu.co\/wp-content\/uploads\/2024\/05\/ARTE-ADAPTACION-A-LA-VIDA-UNIVERSITARIA-ENFERMERIA-150x150.jpg 150w, https:\/\/uninavarra.edu.co\/wp-content\/uploads\/2024\/05\/ARTE-ADAPTACION-A-LA-VIDA-UNIVERSITARIA-ENFERMERIA-768x768.jpg 768w, https:\/\/uninavarra.edu.co\/wp-content\/uploads\/2024\/05\/ARTE-ADAPTACION-A-LA-VIDA-UNIVERSITARIA-ENFERMERIA-500x500.jpg 500w, https:\/\/uninavarra.edu.co\/wp-content\/uploads\/2024\/05\/ARTE-ADAPTACION-A-LA-VIDA-UNIVERSITARIA-ENFERMERIA-800x800.jpg 800w\" sizes=\"(max-width: 1080px) 100vw, 1080px\" \/><\/a>\n\t\t<\/div> \n\t<\/div><\/div><\/div><\/div><div class=\"vc_ col-sm-4\"><div class=\"vc_column-inner\"><div class=\"wpb_wrapper\"><div class=\"wpb_single_image wpb_content_element vc_align_center\">\n\t\t<div class=\"wpb_wrapper\">\n\t\t\t\n\t\t\t<a href=\"#\" target=\"_self\"><img loading=\"lazy\" decoding=\"async\" width=\"512\" height=\"513\" src=\"https:\/\/uninavarra.edu.co\/wp-content\/uploads\/2024\/05\/Carpinteria-de-la-escritura-v-semestre-Medic.jpg\" class=\" vc_box_border_grey attachment-full\" alt=\"\" title=\"Carpinteria de la escritura - v semestre Medic\" srcset=\"https:\/\/uninavarra.edu.co\/wp-content\/uploads\/2024\/05\/Carpinteria-de-la-escritura-v-semestre-Medic.jpg 512w, https:\/\/uninavarra.edu.co\/wp-content\/uploads\/2024\/05\/Carpinteria-de-la-escritura-v-semestre-Medic-300x300.jpg 300w, https:\/\/uninavarra.edu.co\/wp-content\/uploads\/2024\/05\/Carpinteria-de-la-escritura-v-semestre-Medic-150x150.jpg 150w, https:\/\/uninavarra.edu.co\/wp-content\/uploads\/2024\/05\/Carpinteria-de-la-escritura-v-semestre-Medic-500x500.jpg 500w\" sizes=\"(max-width: 512px) 100vw, 512px\" \/><\/a>\n\t\t<\/div> \n\t<\/div><\/div><\/div><\/div><\/div><div class=\"vc_row wpb_row vc_inner vc_row-fluid\"><div class=\"vc_ col-sm-4\"><div class=\"vc_column-inner\"><div class=\"wpb_wrapper\"><div class=\"wpb_single_image wpb_content_element vc_align_center\">\n\t\t<div class=\"wpb_wrapper\">\n\t\t\t\n\t\t\t<a href=\"#\" target=\"_self\"><img loading=\"lazy\" decoding=\"async\" width=\"1080\" height=\"1080\" src=\"https:\/\/uninavarra.edu.co\/wp-content\/uploads\/2024\/05\/Arte-Carpinteria-de-la-Escritura-Enferm.jpg\" class=\" vc_box_border_grey attachment-full\" alt=\"Arte Carpinter\u00eda de la Escritura - Enferm\" title=\"Arte Carpinter\u00eda de la Escritura - Enferm\" srcset=\"https:\/\/uninavarra.edu.co\/wp-content\/uploads\/2024\/05\/Arte-Carpinteria-de-la-Escritura-Enferm.jpg 1080w, https:\/\/uninavarra.edu.co\/wp-content\/uploads\/2024\/05\/Arte-Carpinteria-de-la-Escritura-Enferm-300x300.jpg 300w, https:\/\/uninavarra.edu.co\/wp-content\/uploads\/2024\/05\/Arte-Carpinteria-de-la-Escritura-Enferm-1024x1024.jpg 1024w, https:\/\/uninavarra.edu.co\/wp-content\/uploads\/2024\/05\/Arte-Carpinteria-de-la-Escritura-Enferm-150x150.jpg 150w, https:\/\/uninavarra.edu.co\/wp-content\/uploads\/2024\/05\/Arte-Carpinteria-de-la-Escritura-Enferm-768x768.jpg 768w, https:\/\/uninavarra.edu.co\/wp-content\/uploads\/2024\/05\/Arte-Carpinteria-de-la-Escritura-Enferm-500x500.jpg 500w, https:\/\/uninavarra.edu.co\/wp-content\/uploads\/2024\/05\/Arte-Carpinteria-de-la-Escritura-Enferm-800x800.jpg 800w\" sizes=\"(max-width: 1080px) 100vw, 1080px\" \/><\/a>\n\t\t<\/div> \n\t<\/div><\/div><\/div><\/div><div class=\"vc_ col-sm-4\"><div class=\"vc_column-inner\"><div class=\"wpb_wrapper\"><div class=\"wpb_single_image wpb_content_element vc_align_center\">\n\t\t<div class=\"wpb_wrapper\">\n\t\t\t\n\t\t\t<a href=\"#\" target=\"_self\"><img loading=\"lazy\" decoding=\"async\" width=\"2000\" height=\"2000\" src=\"https:\/\/uninavarra.edu.co\/wp-content\/uploads\/2024\/05\/Atencion-y-memoria-Radiologia.jpg\" class=\" vc_box_border_grey attachment-full\" alt=\"\" title=\"Atenci\u00f3n y memoria Radiologia\" srcset=\"https:\/\/uninavarra.edu.co\/wp-content\/uploads\/2024\/05\/Atencion-y-memoria-Radiologia.jpg 2000w, https:\/\/uninavarra.edu.co\/wp-content\/uploads\/2024\/05\/Atencion-y-memoria-Radiologia-300x300.jpg 300w, https:\/\/uninavarra.edu.co\/wp-content\/uploads\/2024\/05\/Atencion-y-memoria-Radiologia-1024x1024.jpg 1024w, https:\/\/uninavarra.edu.co\/wp-content\/uploads\/2024\/05\/Atencion-y-memoria-Radiologia-150x150.jpg 150w, https:\/\/uninavarra.edu.co\/wp-content\/uploads\/2024\/05\/Atencion-y-memoria-Radiologia-768x768.jpg 768w, https:\/\/uninavarra.edu.co\/wp-content\/uploads\/2024\/05\/Atencion-y-memoria-Radiologia-500x500.jpg 500w, https:\/\/uninavarra.edu.co\/wp-content\/uploads\/2024\/05\/Atencion-y-memoria-Radiologia-800x800.jpg 800w, https:\/\/uninavarra.edu.co\/wp-content\/uploads\/2024\/05\/Atencion-y-memoria-Radiologia-1536x1536.jpg 1536w\" sizes=\"(max-width: 2000px) 100vw, 2000px\" \/><\/a>\n\t\t<\/div> \n\t<\/div><\/div><\/div><\/div><div class=\"vc_ col-sm-4\"><div class=\"vc_column-inner\"><div class=\"wpb_wrapper\"><div class=\"wpb_single_image wpb_content_element vc_align_center\">\n\t\t<div class=\"wpb_wrapper\">\n\t\t\t\n\t\t\t<a href=\"#\" target=\"_self\"><img loading=\"lazy\" decoding=\"async\" width=\"1062\" height=\"1080\" src=\"https:\/\/uninavarra.edu.co\/wp-content\/uploads\/2024\/05\/TALLER-CARPINTERIA-V-SEMESTRE-radio.jpg\" class=\" vc_box_border_grey attachment-full\" alt=\"\" title=\"TALLER CARPINTER\u00cdA V SEMESTRE radio\" srcset=\"https:\/\/uninavarra.edu.co\/wp-content\/uploads\/2024\/05\/TALLER-CARPINTERIA-V-SEMESTRE-radio.jpg 1062w, https:\/\/uninavarra.edu.co\/wp-content\/uploads\/2024\/05\/TALLER-CARPINTERIA-V-SEMESTRE-radio-295x300.jpg 295w, https:\/\/uninavarra.edu.co\/wp-content\/uploads\/2024\/05\/TALLER-CARPINTERIA-V-SEMESTRE-radio-1007x1024.jpg 1007w, https:\/\/uninavarra.edu.co\/wp-content\/uploads\/2024\/05\/TALLER-CARPINTERIA-V-SEMESTRE-radio-148x150.jpg 148w, https:\/\/uninavarra.edu.co\/wp-content\/uploads\/2024\/05\/TALLER-CARPINTERIA-V-SEMESTRE-radio-768x781.jpg 768w\" sizes=\"(max-width: 1062px) 100vw, 1062px\" \/><\/a>\n\t\t<\/div> \n\t<\/div><\/div><\/div><\/div><\/div><div class=\"vc_row wpb_row vc_inner vc_row-fluid\"><div class=\"vc_ col-sm-4\"><div class=\"vc_column-inner\"><div class=\"wpb_wrapper\"><div class=\"wpb_single_image wpb_content_element vc_align_center\">\n\t\t<div class=\"wpb_wrapper\">\n\t\t\t\n\t\t\t<a href=\"#\" target=\"_self\"><img loading=\"lazy\" decoding=\"async\" width=\"1066\" height=\"1080\" src=\"https:\/\/uninavarra.edu.co\/wp-content\/uploads\/2024\/05\/Carpinteria-VI-Semestre-Radiologia.jpg\" class=\" vc_box_border_grey attachment-full\" alt=\"\" title=\"Carpinter\u00eda- VI Semestre Radiolog\u00eda\" srcset=\"https:\/\/uninavarra.edu.co\/wp-content\/uploads\/2024\/05\/Carpinteria-VI-Semestre-Radiologia.jpg 1066w, https:\/\/uninavarra.edu.co\/wp-content\/uploads\/2024\/05\/Carpinteria-VI-Semestre-Radiologia-296x300.jpg 296w, https:\/\/uninavarra.edu.co\/wp-content\/uploads\/2024\/05\/Carpinteria-VI-Semestre-Radiologia-1011x1024.jpg 1011w, https:\/\/uninavarra.edu.co\/wp-content\/uploads\/2024\/05\/Carpinteria-VI-Semestre-Radiologia-148x150.jpg 148w, https:\/\/uninavarra.edu.co\/wp-content\/uploads\/2024\/05\/Carpinteria-VI-Semestre-Radiologia-768x778.jpg 768w\" sizes=\"(max-width: 1066px) 100vw, 1066px\" \/><\/a>\n\t\t<\/div> \n\t<\/div><\/div><\/div><\/div><div class=\"vc_ col-sm-4\"><div class=\"vc_column-inner\"><div class=\"wpb_wrapper\"><div class=\"wpb_single_image wpb_content_element vc_align_center\">\n\t\t<div class=\"wpb_wrapper\">\n\t\t\t\n\t\t\t<a href=\"#\" target=\"_self\"><img loading=\"lazy\" decoding=\"async\" width=\"1072\" height=\"1080\" src=\"https:\/\/uninavarra.edu.co\/wp-content\/uploads\/2024\/05\/Arte-ExpresionOral-radio.jpg\" class=\" vc_box_border_grey attachment-full\" alt=\"\" title=\"Mi\u00e9rcoles 24 de Abril 2024 Aula 4 Sede Parque 03:00 pm- 4:00 pm - 1\" srcset=\"https:\/\/uninavarra.edu.co\/wp-content\/uploads\/2024\/05\/Arte-ExpresionOral-radio.jpg 1072w, https:\/\/uninavarra.edu.co\/wp-content\/uploads\/2024\/05\/Arte-ExpresionOral-radio-298x300.jpg 298w, https:\/\/uninavarra.edu.co\/wp-content\/uploads\/2024\/05\/Arte-ExpresionOral-radio-1016x1024.jpg 1016w, https:\/\/uninavarra.edu.co\/wp-content\/uploads\/2024\/05\/Arte-ExpresionOral-radio-150x150.jpg 150w, https:\/\/uninavarra.edu.co\/wp-content\/uploads\/2024\/05\/Arte-ExpresionOral-radio-768x774.jpg 768w\" sizes=\"(max-width: 1072px) 100vw, 1072px\" \/><\/a>\n\t\t<\/div> \n\t<\/div><\/div><\/div><\/div><div class=\"vc_ col-sm-4\"><div class=\"vc_column-inner\"><div class=\"wpb_wrapper\"><\/div><\/div><\/div><\/div><div class=\"vc_row wpb_row vc_inner vc_row-fluid\"><div class=\"vc_ col-sm-12\"><div class=\"vc_column-inner\"><div class=\"wpb_wrapper\">\n\t<div class=\"wpb_text_column wpb_content_element\" >\n\t\t<div class=\"wpb_wrapper\">\n\t\t\t<h2 class=\"divisor\" style=\"text-align: center;\"><span style=\"font-family: helvetica, arial, sans-serif;\">Facultad de Humanidades y Ciencias Sociales<\/span><\/h2>\n<hr \/>\n\n\t\t<\/div>\n\t<\/div>\n<\/div><\/div><\/div><\/div><div class=\"vc_row wpb_row vc_inner vc_row-fluid\"><div class=\"vc_ col-sm-4\"><div class=\"vc_column-inner\"><div class=\"wpb_wrapper\"><div class=\"wpb_single_image wpb_content_element vc_align_center\">\n\t\t<div class=\"wpb_wrapper\">\n\t\t\t\n\t\t\t<a href=\"#\" target=\"_self\"><img loading=\"lazy\" decoding=\"async\" width=\"1080\" height=\"1080\" src=\"https:\/\/uninavarra.edu.co\/wp-content\/uploads\/2024\/05\/ARTE-ADAPTACION-DERECHO.jpg\" class=\" vc_box_border_grey attachment-full\" alt=\"ARTE ADAPTACI\u00d3N-DERECHO\" title=\"ARTE ADAPTACI\u00d3N-DERECHO\" srcset=\"https:\/\/uninavarra.edu.co\/wp-content\/uploads\/2024\/05\/ARTE-ADAPTACION-DERECHO.jpg 1080w, https:\/\/uninavarra.edu.co\/wp-content\/uploads\/2024\/05\/ARTE-ADAPTACION-DERECHO-300x300.jpg 300w, https:\/\/uninavarra.edu.co\/wp-content\/uploads\/2024\/05\/ARTE-ADAPTACION-DERECHO-1024x1024.jpg 1024w, https:\/\/uninavarra.edu.co\/wp-content\/uploads\/2024\/05\/ARTE-ADAPTACION-DERECHO-150x150.jpg 150w, https:\/\/uninavarra.edu.co\/wp-content\/uploads\/2024\/05\/ARTE-ADAPTACION-DERECHO-768x768.jpg 768w, https:\/\/uninavarra.edu.co\/wp-content\/uploads\/2024\/05\/ARTE-ADAPTACION-DERECHO-500x500.jpg 500w, https:\/\/uninavarra.edu.co\/wp-content\/uploads\/2024\/05\/ARTE-ADAPTACION-DERECHO-800x800.jpg 800w\" sizes=\"(max-width: 1080px) 100vw, 1080px\" \/><\/a>\n\t\t<\/div> \n\t<\/div><\/div><\/div><\/div><div class=\"vc_ col-sm-4\"><div class=\"vc_column-inner\"><div class=\"wpb_wrapper\"><div class=\"wpb_single_image wpb_content_element vc_align_center\">\n\t\t<div class=\"wpb_wrapper\">\n\t\t\t\n\t\t\t<a href=\"#\" target=\"_self\"><img loading=\"lazy\" decoding=\"async\" width=\"1280\" height=\"1280\" src=\"https:\/\/uninavarra.edu.co\/wp-content\/uploads\/2024\/05\/26-feb-ESTILOS-DE-APRENDIZAJE-Derecho.jpeg\" class=\" vc_box_border_grey attachment-full\" alt=\"26 feb ESTILOS DE APRENDIZAJE-Derecho\" title=\"26 feb ESTILOS DE APRENDIZAJE-Derecho\" srcset=\"https:\/\/uninavarra.edu.co\/wp-content\/uploads\/2024\/05\/26-feb-ESTILOS-DE-APRENDIZAJE-Derecho.jpeg 1280w, https:\/\/uninavarra.edu.co\/wp-content\/uploads\/2024\/05\/26-feb-ESTILOS-DE-APRENDIZAJE-Derecho-300x300.jpeg 300w, https:\/\/uninavarra.edu.co\/wp-content\/uploads\/2024\/05\/26-feb-ESTILOS-DE-APRENDIZAJE-Derecho-1024x1024.jpeg 1024w, https:\/\/uninavarra.edu.co\/wp-content\/uploads\/2024\/05\/26-feb-ESTILOS-DE-APRENDIZAJE-Derecho-150x150.jpeg 150w, https:\/\/uninavarra.edu.co\/wp-content\/uploads\/2024\/05\/26-feb-ESTILOS-DE-APRENDIZAJE-Derecho-768x768.jpeg 768w, https:\/\/uninavarra.edu.co\/wp-content\/uploads\/2024\/05\/26-feb-ESTILOS-DE-APRENDIZAJE-Derecho-500x500.jpeg 500w, https:\/\/uninavarra.edu.co\/wp-content\/uploads\/2024\/05\/26-feb-ESTILOS-DE-APRENDIZAJE-Derecho-800x800.jpeg 800w\" sizes=\"(max-width: 1280px) 100vw, 1280px\" \/><\/a>\n\t\t<\/div> \n\t<\/div><\/div><\/div><\/div><div class=\"vc_ col-sm-4\"><div class=\"vc_column-inner\"><div class=\"wpb_wrapper\"><\/div><\/div><\/div><\/div><div class=\"vc_row wpb_row vc_inner vc_row-fluid\"><div class=\"vc_ col-sm-12\"><div class=\"vc_column-inner\"><div class=\"wpb_wrapper\">\n\t<div class=\"wpb_text_column wpb_content_element\" >\n\t\t<div class=\"wpb_wrapper\">\n\t\t\t<h2 class=\"divisor\" style=\"text-align: center;\"><span style=\"font-family: helvetica, arial, sans-serif;\">Facultad de Ciencias Econ\u00f3micas y Administrativas<\/span><\/h2>\n<hr \/>\n\n\t\t<\/div>\n\t<\/div>\n<\/div><\/div><\/div><\/div><div class=\"vc_row wpb_row vc_inner vc_row-fluid\"><div class=\"vc_ col-sm-4\"><div class=\"vc_column-inner\"><div class=\"wpb_wrapper\"><div class=\"wpb_single_image wpb_content_element vc_align_center\">\n\t\t<div class=\"wpb_wrapper\">\n\t\t\t\n\t\t\t<a href=\"#\" target=\"_self\"><img loading=\"lazy\" decoding=\"async\" width=\"1280\" height=\"1280\" src=\"https:\/\/uninavarra.edu.co\/wp-content\/uploads\/2024\/05\/26-feb-ESTILOS-DE-APRENDIZAJE-Derecho.jpeg\" class=\" vc_box_border_grey attachment-full\" alt=\"26 feb ESTILOS DE APRENDIZAJE-Derecho\" title=\"26 feb ESTILOS DE APRENDIZAJE-Derecho\" srcset=\"https:\/\/uninavarra.edu.co\/wp-content\/uploads\/2024\/05\/26-feb-ESTILOS-DE-APRENDIZAJE-Derecho.jpeg 1280w, https:\/\/uninavarra.edu.co\/wp-content\/uploads\/2024\/05\/26-feb-ESTILOS-DE-APRENDIZAJE-Derecho-300x300.jpeg 300w, https:\/\/uninavarra.edu.co\/wp-content\/uploads\/2024\/05\/26-feb-ESTILOS-DE-APRENDIZAJE-Derecho-1024x1024.jpeg 1024w, https:\/\/uninavarra.edu.co\/wp-content\/uploads\/2024\/05\/26-feb-ESTILOS-DE-APRENDIZAJE-Derecho-150x150.jpeg 150w, https:\/\/uninavarra.edu.co\/wp-content\/uploads\/2024\/05\/26-feb-ESTILOS-DE-APRENDIZAJE-Derecho-768x768.jpeg 768w, https:\/\/uninavarra.edu.co\/wp-content\/uploads\/2024\/05\/26-feb-ESTILOS-DE-APRENDIZAJE-Derecho-500x500.jpeg 500w, https:\/\/uninavarra.edu.co\/wp-content\/uploads\/2024\/05\/26-feb-ESTILOS-DE-APRENDIZAJE-Derecho-800x800.jpeg 800w\" sizes=\"(max-width: 1280px) 100vw, 1280px\" \/><\/a>\n\t\t<\/div> \n\t<\/div><\/div><\/div><\/div><div class=\"vc_ col-sm-4\"><div class=\"vc_column-inner\"><div class=\"wpb_wrapper\"><div class=\"wpb_single_image wpb_content_element vc_align_center\">\n\t\t<div class=\"wpb_wrapper\">\n\t\t\t\n\t\t\t<a href=\"#\" target=\"_self\"><img loading=\"lazy\" decoding=\"async\" width=\"764\" height=\"768\" src=\"https:\/\/uninavarra.edu.co\/wp-content\/uploads\/2024\/05\/14-marz-tec.-estudio-ADMINISTRACION-DE-EMPRESAS.jpeg\" class=\" vc_box_border_grey attachment-full\" alt=\"14 marz tec. estudio ADMINISTRACION DE EMPRESAS\" title=\"14 marz tec. estudio ADMINISTRACION DE EMPRESAS\" srcset=\"https:\/\/uninavarra.edu.co\/wp-content\/uploads\/2024\/05\/14-marz-tec.-estudio-ADMINISTRACION-DE-EMPRESAS.jpeg 764w, https:\/\/uninavarra.edu.co\/wp-content\/uploads\/2024\/05\/14-marz-tec.-estudio-ADMINISTRACION-DE-EMPRESAS-298x300.jpeg 298w, https:\/\/uninavarra.edu.co\/wp-content\/uploads\/2024\/05\/14-marz-tec.-estudio-ADMINISTRACION-DE-EMPRESAS-150x150.jpeg 150w\" sizes=\"(max-width: 764px) 100vw, 764px\" \/><\/a>\n\t\t<\/div> \n\t<\/div><\/div><\/div><\/div><div class=\"vc_ col-sm-4\"><div class=\"vc_column-inner\"><div class=\"wpb_wrapper\"><\/div><\/div><\/div><\/div><div class=\"vc_row wpb_row vc_inner vc_row-fluid\"><div class=\"vc_ col-sm-12\"><div class=\"vc_column-inner\"><div class=\"wpb_wrapper\">\n\t<div class=\"wpb_text_column wpb_content_element\" >\n\t\t<div class=\"wpb_wrapper\">\n\t\t\t<h2 class=\"divisor\" style=\"text-align: center;\"><span style=\"font-family: helvetica, arial, sans-serif;\">Facultad de Ingenier\u00edas, Arquitectura y Urbanismo<\/span><\/h2>\n<hr \/>\n\n\t\t<\/div>\n\t<\/div>\n<\/div><\/div><\/div><\/div><\/div><\/div><div class=\"vc_tta-panel\" id=\"Enfermer\u00eda\" data-vc-content=\".vc_tta-panel-body\"><div class=\"vc_tta-panel-heading\"><h4 class=\"vc_tta-panel-title\"><a href=\"#Enfermer\u00eda\" data-vc-accordion data-vc-container=\".vc_tta-container\"><span class=\"vc_tta-title-text\">Talleres para la superaci\u00f3n de per\u00edodo de prueba<\/span><\/a><\/h4><\/div><div class=\"vc_tta-panel-body\"><div class=\"vc_row wpb_row vc_inner vc_row-fluid\"><div class=\"vc_ col-sm-2\"><div class=\"vc_column-inner\"><div class=\"wpb_wrapper\"><\/div><\/div><\/div><div class=\"vc_ col-sm-8\"><div class=\"vc_column-inner\"><div class=\"wpb_wrapper\"><div class=\"wpb_single_image wpb_content_element vc_align_left\">\n\t\t<div class=\"wpb_wrapper\">\n\t\t\t\n\t\t\t<a href=\"https:\/\/uninavarra.edu.co\/wp-content\/uploads\/2024\/05\/ARTE-TALLERES-ESTUDIANTES-PERIODO-DE-PRUEBA.jpg\" target=\"_self\"><img loading=\"lazy\" decoding=\"async\" width=\"1414\" height=\"2000\" src=\"https:\/\/uninavarra.edu.co\/wp-content\/uploads\/2024\/05\/ARTE-TALLERES-ESTUDIANTES-PERIODO-DE-PRUEBA.jpg\" class=\" vc_box_border_grey attachment-full\" alt=\"ARTE TALLERES ESTUDIANTES PERIODO DE PRUEBA\" title=\"ARTE TALLERES ESTUDIANTES PERIODO DE PRUEBA\" srcset=\"https:\/\/uninavarra.edu.co\/wp-content\/uploads\/2024\/05\/ARTE-TALLERES-ESTUDIANTES-PERIODO-DE-PRUEBA.jpg 1414w, https:\/\/uninavarra.edu.co\/wp-content\/uploads\/2024\/05\/ARTE-TALLERES-ESTUDIANTES-PERIODO-DE-PRUEBA-212x300.jpg 212w, https:\/\/uninavarra.edu.co\/wp-content\/uploads\/2024\/05\/ARTE-TALLERES-ESTUDIANTES-PERIODO-DE-PRUEBA-724x1024.jpg 724w, https:\/\/uninavarra.edu.co\/wp-content\/uploads\/2024\/05\/ARTE-TALLERES-ESTUDIANTES-PERIODO-DE-PRUEBA-106x150.jpg 106w, https:\/\/uninavarra.edu.co\/wp-content\/uploads\/2024\/05\/ARTE-TALLERES-ESTUDIANTES-PERIODO-DE-PRUEBA-768x1086.jpg 768w, https:\/\/uninavarra.edu.co\/wp-content\/uploads\/2024\/05\/ARTE-TALLERES-ESTUDIANTES-PERIODO-DE-PRUEBA-1086x1536.jpg 1086w\" sizes=\"(max-width: 1414px) 100vw, 1414px\" \/><\/a>\n\t\t<\/div> \n\t<\/div><\/div><\/div><\/div><div class=\"vc_ col-sm-2\"><div class=\"vc_column-inner\"><div class=\"wpb_wrapper\"><\/div><\/div><\/div><\/div><\/div><\/div><\/div><\/div><\/div><\/div>\n\t\t<\/div> \n\t<\/div><\/div><\/div><\/div>\n<\/div>","protected":false},"excerpt":{"rendered":"menu clear Inicio Madrinas y Padrinos Nivelaci\u00f3n Acad\u00e9mica Asesor\u00edas Acad\u00e9micas Monitorias Fortalecimiento Acad\u00e9mico Promoci\u00f3n Socioecon\u00f3mica Fortalecimiento Acad\u00e9mico Home \/Fortalecimiento Acad\u00e9mico Fortalecimiento acad\u00e9micoTalleres de \u00e9xito acad\u00e9micoTalleres para la superaci\u00f3n de per\u00edodo [...]","protected":false},"author":13,"featured_media":67360,"parent":5480,"menu_order":0,"comment_status":"closed","ping_status":"closed","template":"","meta":{"footnotes":""},"categories":[],"tags":[],"class_list":["post-67351","page","type-page","status-publish","has-post-thumbnail","hentry"],"yoast_head":"<!-- This site is optimized with the Yoast SEO plugin v27.4 - https:\/\/yoast.com\/product\/yoast-seo-wordpress\/ -->\n<title>Fortalecimiento Acad\u00e9mico - Uninavarra<\/title>\n<meta name=\"robots\" content=\"index, follow, max-snippet:-1, max-image-preview:large, max-video-preview:-1\" \/>\n<link rel=\"canonical\" href=\"https:\/\/uninavarra.edu.co\/en\/bienestar-universitario\/desarrollo-humano\/plan-padrino\/fortalecimiento-academico\/\" \/>\n<meta property=\"og:locale\" content=\"en_US\" \/>\n<meta property=\"og:type\" content=\"article\" \/>\n<meta property=\"og:title\" content=\"Fortalecimiento Acad\u00e9mico - Uninavarra\" \/>\n<meta property=\"og:url\" content=\"https:\/\/uninavarra.edu.co\/en\/bienestar-universitario\/desarrollo-humano\/plan-padrino\/fortalecimiento-academico\/\" \/>\n<meta property=\"og:site_name\" content=\"Uninavarra\" \/>\n<meta property=\"article:publisher\" content=\"https:\/\/www.facebook.com\/UninavarraEduca\" \/>\n<meta property=\"article:modified_time\" content=\"2026-02-26T19:07:14+00:00\" \/>\n<meta property=\"og:image\" content=\"https:\/\/uninavarra.edu.co\/wp-content\/uploads\/2023\/11\/Foto-1-1-1-e1699650839996.jpeg\" \/>\n\t<meta property=\"og:image:width\" content=\"1022\" \/>\n\t<meta property=\"og:image:height\" content=\"438\" \/>\n\t<meta property=\"og:image:type\" content=\"image\/jpeg\" \/>\n<meta name=\"twitter:card\" content=\"summary_large_image\" \/>\n<meta name=\"twitter:site\" content=\"@uninavarraeduca\" \/>\n<meta name=\"twitter:label1\" content=\"Est. reading time\" \/>\n\t<meta name=\"twitter:data1\" content=\"4 minutes\" \/>\n<script type=\"application\/ld+json\" class=\"yoast-schema-graph\">{\"@context\":\"https:\\\/\\\/schema.org\",\"@graph\":[{\"@type\":\"WebPage\",\"@id\":\"https:\\\/\\\/uninavarra.edu.co\\\/bienestar-universitario\\\/desarrollo-humano\\\/plan-padrino\\\/fortalecimiento-academico\\\/\",\"url\":\"https:\\\/\\\/uninavarra.edu.co\\\/bienestar-universitario\\\/desarrollo-humano\\\/plan-padrino\\\/fortalecimiento-academico\\\/\",\"name\":\"Fortalecimiento Acad\u00e9mico - Uninavarra\",\"isPartOf\":{\"@id\":\"https:\\\/\\\/uninavarra.edu.co\\\/#website\"},\"primaryImageOfPage\":{\"@id\":\"https:\\\/\\\/uninavarra.edu.co\\\/bienestar-universitario\\\/desarrollo-humano\\\/plan-padrino\\\/fortalecimiento-academico\\\/#primaryimage\"},\"image\":{\"@id\":\"https:\\\/\\\/uninavarra.edu.co\\\/bienestar-universitario\\\/desarrollo-humano\\\/plan-padrino\\\/fortalecimiento-academico\\\/#primaryimage\"},\"thumbnailUrl\":\"https:\\\/\\\/uninavarra.edu.co\\\/wp-content\\\/uploads\\\/2023\\\/11\\\/Foto-1-1-1-e1699650839996.jpeg\",\"datePublished\":\"2023-11-10T21:05:45+00:00\",\"dateModified\":\"2026-02-26T19:07:14+00:00\",\"breadcrumb\":{\"@id\":\"https:\\\/\\\/uninavarra.edu.co\\\/bienestar-universitario\\\/desarrollo-humano\\\/plan-padrino\\\/fortalecimiento-academico\\\/#breadcrumb\"},\"inLanguage\":\"en-US\",\"potentialAction\":[{\"@type\":\"ReadAction\",\"target\":[\"https:\\\/\\\/uninavarra.edu.co\\\/bienestar-universitario\\\/desarrollo-humano\\\/plan-padrino\\\/fortalecimiento-academico\\\/\"]}]},{\"@type\":\"ImageObject\",\"inLanguage\":\"en-US\",\"@id\":\"https:\\\/\\\/uninavarra.edu.co\\\/bienestar-universitario\\\/desarrollo-humano\\\/plan-padrino\\\/fortalecimiento-academico\\\/#primaryimage\",\"url\":\"https:\\\/\\\/uninavarra.edu.co\\\/wp-content\\\/uploads\\\/2023\\\/11\\\/Foto-1-1-1-e1699650839996.jpeg\",\"contentUrl\":\"https:\\\/\\\/uninavarra.edu.co\\\/wp-content\\\/uploads\\\/2023\\\/11\\\/Foto-1-1-1-e1699650839996.jpeg\",\"width\":1022,\"height\":438},{\"@type\":\"BreadcrumbList\",\"@id\":\"https:\\\/\\\/uninavarra.edu.co\\\/bienestar-universitario\\\/desarrollo-humano\\\/plan-padrino\\\/fortalecimiento-academico\\\/#breadcrumb\",\"itemListElement\":[{\"@type\":\"ListItem\",\"position\":1,\"name\":\"Home\",\"item\":\"https:\\\/\\\/uninavarra.edu.co\\\/\"},{\"@type\":\"ListItem\",\"position\":2,\"name\":\"Bienestar Universitario\",\"item\":\"https:\\\/\\\/uninavarra.edu.co\\\/bienestar-universitario\\\/\"},{\"@type\":\"ListItem\",\"position\":3,\"name\":\"Desarrollo Humano\",\"item\":\"https:\\\/\\\/uninavarra.edu.co\\\/bienestar-universitario\\\/desarrollo-humano\\\/\"},{\"@type\":\"ListItem\",\"position\":4,\"name\":\"Plan Padrino\",\"item\":\"https:\\\/\\\/uninavarra.edu.co\\\/bienestar-universitario\\\/desarrollo-humano\\\/plan-padrino\\\/\"},{\"@type\":\"ListItem\",\"position\":5,\"name\":\"Fortalecimiento Acad\u00e9mico\"}]},{\"@type\":\"WebSite\",\"@id\":\"https:\\\/\\\/uninavarra.edu.co\\\/#website\",\"url\":\"https:\\\/\\\/uninavarra.edu.co\\\/\",\"name\":\"UNINAVARRA\",\"description\":\"Haz realidad tu deseo de aprender\",\"publisher\":{\"@id\":\"https:\\\/\\\/uninavarra.edu.co\\\/#organization\"},\"potentialAction\":[{\"@type\":\"SearchAction\",\"target\":{\"@type\":\"EntryPoint\",\"urlTemplate\":\"https:\\\/\\\/uninavarra.edu.co\\\/?s={search_term_string}\"},\"query-input\":{\"@type\":\"PropertyValueSpecification\",\"valueRequired\":true,\"valueName\":\"search_term_string\"}}],\"inLanguage\":\"en-US\"},{\"@type\":\"Organization\",\"@id\":\"https:\\\/\\\/uninavarra.edu.co\\\/#organization\",\"name\":\"Fundaci\u00f3n Universitaria Navarra - UNINAVARRA\",\"url\":\"https:\\\/\\\/uninavarra.edu.co\\\/\",\"logo\":{\"@type\":\"ImageObject\",\"inLanguage\":\"en-US\",\"@id\":\"https:\\\/\\\/uninavarra.edu.co\\\/#\\\/schema\\\/logo\\\/image\\\/\",\"url\":\"https:\\\/\\\/uninavarra.edu.co\\\/wp-content\\\/uploads\\\/2024\\\/06\\\/Escudo-uninavarra-Solo.png\",\"contentUrl\":\"https:\\\/\\\/uninavarra.edu.co\\\/wp-content\\\/uploads\\\/2024\\\/06\\\/Escudo-uninavarra-Solo.png\",\"width\":1500,\"height\":1401,\"caption\":\"Fundaci\u00f3n Universitaria Navarra - UNINAVARRA\"},\"image\":{\"@id\":\"https:\\\/\\\/uninavarra.edu.co\\\/#\\\/schema\\\/logo\\\/image\\\/\"},\"sameAs\":[\"https:\\\/\\\/www.facebook.com\\\/UninavarraEduca\",\"https:\\\/\\\/x.com\\\/uninavarraeduca\",\"https:\\\/\\\/www.instagram.com\\\/uninavarra\\\/?hl=es\",\"https:\\\/\\\/www.linkedin.com\\\/in\\\/fundacin-universitaria-navarra-uninavarra-b41225222\\\/\"]}]}<\/script>\n<!-- \/ Yoast SEO plugin. -->","yoast_head_json":{"title":"Academic Strengthening - Uninavarra","robots":{"index":"index","follow":"follow","max-snippet":"max-snippet:-1","max-image-preview":"max-image-preview:large","max-video-preview":"max-video-preview:-1"},"canonical":"https:\/\/uninavarra.edu.co\/en\/bienestar-universitario\/desarrollo-humano\/plan-padrino\/fortalecimiento-academico\/","og_locale":"en_US","og_type":"article","og_title":"Fortalecimiento Acad\u00e9mico - Uninavarra","og_url":"https:\/\/uninavarra.edu.co\/en\/bienestar-universitario\/desarrollo-humano\/plan-padrino\/fortalecimiento-academico\/","og_site_name":"Uninavarra","article_publisher":"https:\/\/www.facebook.com\/UninavarraEduca","article_modified_time":"2026-02-26T19:07:14+00:00","og_image":[{"width":1022,"height":438,"url":"https:\/\/uninavarra.edu.co\/wp-content\/uploads\/2023\/11\/Foto-1-1-1-e1699650839996.jpeg","type":"image\/jpeg"}],"twitter_card":"summary_large_image","twitter_site":"@uninavarraeduca","twitter_misc":{"Est. reading time":"4 minutes"},"schema":{"@context":"https:\/\/schema.org","@graph":[{"@type":"WebPage","@id":"https:\/\/uninavarra.edu.co\/bienestar-universitario\/desarrollo-humano\/plan-padrino\/fortalecimiento-academico\/","url":"https:\/\/uninavarra.edu.co\/bienestar-universitario\/desarrollo-humano\/plan-padrino\/fortalecimiento-academico\/","name":"Academic Strengthening - Uninavarra","isPartOf":{"@id":"https:\/\/uninavarra.edu.co\/#website"},"primaryImageOfPage":{"@id":"https:\/\/uninavarra.edu.co\/bienestar-universitario\/desarrollo-humano\/plan-padrino\/fortalecimiento-academico\/#primaryimage"},"image":{"@id":"https:\/\/uninavarra.edu.co\/bienestar-universitario\/desarrollo-humano\/plan-padrino\/fortalecimiento-academico\/#primaryimage"},"thumbnailUrl":"https:\/\/uninavarra.edu.co\/wp-content\/uploads\/2023\/11\/Foto-1-1-1-e1699650839996.jpeg","datePublished":"2023-11-10T21:05:45+00:00","dateModified":"2026-02-26T19:07:14+00:00","breadcrumb":{"@id":"https:\/\/uninavarra.edu.co\/bienestar-universitario\/desarrollo-humano\/plan-padrino\/fortalecimiento-academico\/#breadcrumb"},"inLanguage":"en-US","potentialAction":[{"@type":"ReadAction","target":["https:\/\/uninavarra.edu.co\/bienestar-universitario\/desarrollo-humano\/plan-padrino\/fortalecimiento-academico\/"]}]},{"@type":"ImageObject","inLanguage":"en-US","@id":"https:\/\/uninavarra.edu.co\/bienestar-universitario\/desarrollo-humano\/plan-padrino\/fortalecimiento-academico\/#primaryimage","url":"https:\/\/uninavarra.edu.co\/wp-content\/uploads\/2023\/11\/Foto-1-1-1-e1699650839996.jpeg","contentUrl":"https:\/\/uninavarra.edu.co\/wp-content\/uploads\/2023\/11\/Foto-1-1-1-e1699650839996.jpeg","width":1022,"height":438},{"@type":"BreadcrumbList","@id":"https:\/\/uninavarra.edu.co\/bienestar-universitario\/desarrollo-humano\/plan-padrino\/fortalecimiento-academico\/#breadcrumb","itemListElement":[{"@type":"ListItem","position":1,"name":"Home","item":"https:\/\/uninavarra.edu.co\/"},{"@type":"ListItem","position":2,"name":"Bienestar Universitario","item":"https:\/\/uninavarra.edu.co\/bienestar-universitario\/"},{"@type":"ListItem","position":3,"name":"Desarrollo Humano","item":"https:\/\/uninavarra.edu.co\/bienestar-universitario\/desarrollo-humano\/"},{"@type":"ListItem","position":4,"name":"Plan Padrino","item":"https:\/\/uninavarra.edu.co\/bienestar-universitario\/desarrollo-humano\/plan-padrino\/"},{"@type":"ListItem","position":5,"name":"Fortalecimiento Acad\u00e9mico"}]},{"@type":"WebSite","@id":"https:\/\/uninavarra.edu.co\/#website","url":"https:\/\/uninavarra.edu.co\/","name":"UNINAVARRA","description":"Make your desire to learn a reality","publisher":{"@id":"https:\/\/uninavarra.edu.co\/#organization"},"potentialAction":[{"@type":"SearchAction","target":{"@type":"EntryPoint","urlTemplate":"https:\/\/uninavarra.edu.co\/?s={search_term_string}"},"query-input":{"@type":"PropertyValueSpecification","valueRequired":true,"valueName":"search_term_string"}}],"inLanguage":"en-US"},{"@type":"Organization","@id":"https:\/\/uninavarra.edu.co\/#organization","name":"Navarre University Foundation - UNINAVARRA","url":"https:\/\/uninavarra.edu.co\/","logo":{"@type":"ImageObject","inLanguage":"en-US","@id":"https:\/\/uninavarra.edu.co\/#\/schema\/logo\/image\/","url":"https:\/\/uninavarra.edu.co\/wp-content\/uploads\/2024\/06\/Escudo-uninavarra-Solo.png","contentUrl":"https:\/\/uninavarra.edu.co\/wp-content\/uploads\/2024\/06\/Escudo-uninavarra-Solo.png","width":1500,"height":1401,"caption":"Fundaci\u00f3n Universitaria Navarra - UNINAVARRA"},"image":{"@id":"https:\/\/uninavarra.edu.co\/#\/schema\/logo\/image\/"},"sameAs":["https:\/\/www.facebook.com\/UninavarraEduca","https:\/\/x.com\/uninavarraeduca","https:\/\/www.instagram.com\/uninavarra\/?hl=es","https:\/\/www.linkedin.com\/in\/fundacin-universitaria-navarra-uninavarra-b41225222\/"]}]}},"_links":{"self":[{"href":"https:\/\/uninavarra.edu.co\/en\/wp-json\/wp\/v2\/pages\/67351","targetHints":{"allow":["GET"]}}],"collection":[{"href":"https:\/\/uninavarra.edu.co\/en\/wp-json\/wp\/v2\/pages"}],"about":[{"href":"https:\/\/uninavarra.edu.co\/en\/wp-json\/wp\/v2\/types\/page"}],"author":[{"embeddable":true,"href":"https:\/\/uninavarra.edu.co\/en\/wp-json\/wp\/v2\/users\/13"}],"replies":[{"embeddable":true,"href":"https:\/\/uninavarra.edu.co\/en\/wp-json\/wp\/v2\/comments?post=67351"}],"version-history":[{"count":0,"href":"https:\/\/uninavarra.edu.co\/en\/wp-json\/wp\/v2\/pages\/67351\/revisions"}],"up":[{"embeddable":true,"href":"https:\/\/uninavarra.edu.co\/en\/wp-json\/wp\/v2\/pages\/5480"}],"wp:featuredmedia":[{"embeddable":true,"href":"https:\/\/uninavarra.edu.co\/en\/wp-json\/wp\/v2\/media\/67360"}],"wp:attachment":[{"href":"https:\/\/uninavarra.edu.co\/en\/wp-json\/wp\/v2\/media?parent=67351"}],"wp:term":[{"taxonomy":"category","embeddable":true,"href":"https:\/\/uninavarra.edu.co\/en\/wp-json\/wp\/v2\/categories?post=67351"},{"taxonomy":"post_tag","embeddable":true,"href":"https:\/\/uninavarra.edu.co\/en\/wp-json\/wp\/v2\/tags?post=67351"}],"curies":[{"name":"wp","href":"https:\/\/api.w.org\/{rel}","templated":true}]}}