{"id":64679,"date":"2023-08-18T09:02:04","date_gmt":"2023-08-18T14:02:04","guid":{"rendered":"https:\/\/uninavarra.edu.co\/?page_id=64679"},"modified":"2025-07-28T07:54:29","modified_gmt":"2025-07-28T12:54:29","slug":"catedrauninavarra-2023-2","status":"publish","type":"page","link":"https:\/\/uninavarra.edu.co\/en\/catedrauninavarra-2023-2\/","title":{"rendered":"Uninavarra Chair 2023-2"},"content":{"rendered":"<div class=\"wpb-content-wrapper\"><div data-vc-full-width=\"true\" data-vc-full-width-init=\"false\" data-vc-parallax-image=\"https:\/\/www.youtube.com\/watch?v=bRAVKiJf0IY\" data-vc-video-bg=\"https:\/\/www.youtube.com\/watch?v=bRAVKiJf0IY\" class=\"wpb-container vc_custom_1680733678353 vc_row-o-full-height vc_video-bg-container\"><div class=\"container\"><div class=\"vc_row wpb_row vc_row-fluid row\"><div class=\"col-sm-12  vc_\">\n\t\t<div class=\"wpb_wrapper\">\n\t\t\t\n\t\t<\/div> \n\t<\/div><\/div><\/div><\/div><div class=\"vc_row-full-width\"><\/div><div data-vc-full-width=\"true\" data-vc-full-width-init=\"false\" class=\"wpb-container vc_custom_1587768969850\"><div class=\"container\"><div class=\"vc_row wpb_row vc_row-fluid row\"><div class=\"col-sm-12  vc_\">\n\t\t<div class=\"wpb_wrapper\">\n\t\t\t\n\t<div class=\"wpb_text_column wpb_content_element vc_custom_1692367620893\" >\n\t\t<div class=\"wpb_wrapper\">\n\t\t\t<p style=\"text-align: center;\">The UNINAVARRA Chair is the academic space designed for the development of entrepreneurial skills of Navarrista students, as part of the development of the institutional philosophy and their comprehensive training. An academic and training process that favors theoretical and practical learning through the philosophy of learning-by-doing and active pedagogies.<\/p>\n<p style=\"text-align: center;\">During the development of the UNINAVARRA Chair, students will have the opportunity to develop their entrepreneurial potential and thus dare to build entrepreneurial proposals designed from the concepts of innovation and sustainability.<\/p>\n\n\t\t<\/div>\n\t<\/div>\n\n\t\t<\/div> \n\t<\/div><\/div><\/div><\/div><div class=\"vc_row-full-width\"><\/div><div data-vc-full-width=\"true\" data-vc-full-width-init=\"false\" data-vc-stretch-content=\"true\" class=\"wpb-container vc_custom_1587771219994\"><div class=\"container-full\"><div class=\"vc_row wpb_row vc_row-fluid row\"><div class=\"col-sm-12  vc_\">\n\t\t<div class=\"wpb_wrapper\">\n\t\t\t<div class=\"wpb_single_image wpb_content_element vc_align_left\">\n\t\t<div class=\"wpb_wrapper\">\n\t\t\t\n\t\t\t<a href=\"#\" target=\"_self\"><img fetchpriority=\"high\" decoding=\"async\" width=\"2000\" height=\"242\" src=\"https:\/\/uninavarra.edu.co\/wp-content\/uploads\/2020\/04\/CatedraUninavarra_2020_IMG_1-Camilo-MacBook-Pro.jpg\" class=\"vc_box_border_grey attachment-full\" alt=\"\" title=\"CatedraUninavarra_2020_IMG_1-Camilo MacBook Pro\" srcset=\"https:\/\/uninavarra.edu.co\/wp-content\/uploads\/2020\/04\/CatedraUninavarra_2020_IMG_1-Camilo-MacBook-Pro.jpg 2000w, https:\/\/uninavarra.edu.co\/wp-content\/uploads\/2020\/04\/CatedraUninavarra_2020_IMG_1-Camilo-MacBook-Pro-150x18.jpg 150w, https:\/\/uninavarra.edu.co\/wp-content\/uploads\/2020\/04\/CatedraUninavarra_2020_IMG_1-Camilo-MacBook-Pro-300x36.jpg 300w, https:\/\/uninavarra.edu.co\/wp-content\/uploads\/2020\/04\/CatedraUninavarra_2020_IMG_1-Camilo-MacBook-Pro-768x93.jpg 768w, https:\/\/uninavarra.edu.co\/wp-content\/uploads\/2020\/04\/CatedraUninavarra_2020_IMG_1-Camilo-MacBook-Pro-1024x124.jpg 1024w, https:\/\/uninavarra.edu.co\/wp-content\/uploads\/2020\/04\/CatedraUninavarra_2020_IMG_1-Camilo-MacBook-Pro-1536x186.jpg 1536w\" sizes=\"(max-width: 2000px) 100vw, 2000px\" \/><\/a>\n\t\t<\/div> \n\t<\/div>\n\t\t<\/div> \n\t<\/div><\/div><\/div><\/div><div class=\"vc_row-full-width\"><\/div><div data-vc-full-width=\"true\" data-vc-full-width-init=\"false\" data-vc-stretch-content=\"true\" class=\"wpb-container vc_custom_1587770763382\"><div class=\"container\"><div class=\"vc_row wpb_row vc_row-fluid row\"><div class=\"col-sm-12  vc_\">\n\t\t<div class=\"wpb_wrapper\">\n\t\t\t\n\t<div class=\"wpb_text_column wpb_content_element vc_custom_1614949473678\" >\n\t\t<div class=\"wpb_wrapper\">\n\t\t\t<h3 style=\"text-align: center;\"><span style=\"color: #eea600;\"><strong><span lang=\"ES-CO\">Three major phases focused on the following concepts<br \/>\nof Inspiration, Creativity, Innovation, Competitiveness and Industry 4.0<\/span><\/strong><\/span><\/h3>\n\n\t\t<\/div>\n\t<\/div>\n\n\t\t<\/div> \n\t<\/div><\/div><\/div><\/div><div class=\"vc_row-full-width\"><\/div><div data-vc-full-width=\"true\" data-vc-full-width-init=\"false\" data-vc-stretch-content=\"true\" class=\"wpb-container vc_row-no-padding\"><div class=\"container-full\"><div class=\"vc_row wpb_row vc_row-fluid row\"><div class=\"col-sm-4  vc_\">\n\t\t<div class=\"wpb_wrapper  vc_custom_1588022190399\">\n\t\t\t<div class=\"wpb_single_image wpb_content_element vc_custom_1588024501141 vc_align_left\">\n\t\t<div class=\"wpb_wrapper\">\n\t\t\t\n\t\t\t<a href=\"#\" target=\"_self\"><img decoding=\"async\" width=\"1800\" height=\"1200\" src=\"https:\/\/uninavarra.edu.co\/wp-content\/uploads\/2020\/04\/CatedraUninavarra_2020_IMG_2.jpg\" class=\"vc_box_border_grey attachment-full\" alt=\"\" title=\"CatedraUninavarra_2020_IMG_2\" srcset=\"https:\/\/uninavarra.edu.co\/wp-content\/uploads\/2020\/04\/CatedraUninavarra_2020_IMG_2.jpg 1800w, https:\/\/uninavarra.edu.co\/wp-content\/uploads\/2020\/04\/CatedraUninavarra_2020_IMG_2-150x100.jpg 150w, https:\/\/uninavarra.edu.co\/wp-content\/uploads\/2020\/04\/CatedraUninavarra_2020_IMG_2-300x200.jpg 300w, https:\/\/uninavarra.edu.co\/wp-content\/uploads\/2020\/04\/CatedraUninavarra_2020_IMG_2-768x512.jpg 768w, https:\/\/uninavarra.edu.co\/wp-content\/uploads\/2020\/04\/CatedraUninavarra_2020_IMG_2-1024x683.jpg 1024w, https:\/\/uninavarra.edu.co\/wp-content\/uploads\/2020\/04\/CatedraUninavarra_2020_IMG_2-1536x1024.jpg 1536w\" sizes=\"(max-width: 1800px) 100vw, 1800px\" \/><\/a>\n\t\t<\/div> \n\t<\/div>\n\t<div class=\"wpb_text_column wpb_content_element vc_custom_1692367674917\" >\n\t\t<div class=\"wpb_wrapper\">\n\t\t\t<h4 style=\"text-align: center;\"><span style=\"color: #e02833;\"><b><span lang=\"ES-CO\">UNINAVARRA Congress<br \/>\nEmprende 2023-2<\/span><\/b><\/span><\/h4>\n\n\t\t<\/div>\n\t<\/div>\n\n\t<div class=\"wpb_text_column wpb_content_element vc_custom_1588175241857\" >\n\t\t<div class=\"wpb_wrapper\">\n\t\t\t<p style=\"text-align: center;\"><span lang=\"ES-CO\">Trends and opportunities for entrepreneurship in the region<\/span><\/p>\n\n\t\t<\/div>\n\t<\/div>\n\n\t\t<\/div> \n\t<\/div><div class=\"col-sm-4  vc_\">\n\t\t<div class=\"wpb_wrapper  vc_custom_1588022207523\">\n\t\t\t<div class=\"wpb_single_image wpb_content_element vc_custom_1588024507757 vc_align_left\">\n\t\t<div class=\"wpb_wrapper\">\n\t\t\t\n\t\t\t<a href=\"#\" target=\"_self\"><img decoding=\"async\" width=\"1800\" height=\"1200\" src=\"https:\/\/uninavarra.edu.co\/wp-content\/uploads\/2020\/04\/CatedraUninavarra_2020_IMG_3.jpg\" class=\"vc_box_border_grey attachment-full\" alt=\"\" title=\"CatedraUninavarra_2020_IMG_3\" srcset=\"https:\/\/uninavarra.edu.co\/wp-content\/uploads\/2020\/04\/CatedraUninavarra_2020_IMG_3.jpg 1800w, https:\/\/uninavarra.edu.co\/wp-content\/uploads\/2020\/04\/CatedraUninavarra_2020_IMG_3-150x100.jpg 150w, https:\/\/uninavarra.edu.co\/wp-content\/uploads\/2020\/04\/CatedraUninavarra_2020_IMG_3-300x200.jpg 300w, https:\/\/uninavarra.edu.co\/wp-content\/uploads\/2020\/04\/CatedraUninavarra_2020_IMG_3-768x512.jpg 768w, https:\/\/uninavarra.edu.co\/wp-content\/uploads\/2020\/04\/CatedraUninavarra_2020_IMG_3-1024x683.jpg 1024w, https:\/\/uninavarra.edu.co\/wp-content\/uploads\/2020\/04\/CatedraUninavarra_2020_IMG_3-1536x1024.jpg 1536w\" sizes=\"(max-width: 1800px) 100vw, 1800px\" \/><\/a>\n\t\t<\/div> \n\t<\/div>\n\t<div class=\"wpb_text_column wpb_content_element vc_custom_1588024565140\" >\n\t\t<div class=\"wpb_wrapper\">\n\t\t\t<h4 style=\"text-align: center;\"><span style=\"color: #e02833;\"><b><span lang=\"ES-CO\">Bootcamps<br \/>\n<span style=\"color: #ffffff;\">-<\/span><\/span><\/b><\/span><\/h4>\n\n\t\t<\/div>\n\t<\/div>\n\n\t<div class=\"wpb_text_column wpb_content_element vc_custom_1588175256753\" >\n\t\t<div class=\"wpb_wrapper\">\n\t\t\t<p style=\"text-align: center;\">Dreaming, creating and building business proposals<\/p>\n\n\t\t<\/div>\n\t<\/div>\n\n\t\t<\/div> \n\t<\/div><div class=\"col-sm-4  vc_\">\n\t\t<div class=\"wpb_wrapper  vc_custom_1588022218823\">\n\t\t\t<div class=\"wpb_single_image wpb_content_element vc_custom_1588024513926 vc_align_left\">\n\t\t<div class=\"wpb_wrapper\">\n\t\t\t\n\t\t\t<a href=\"#\" target=\"_self\"><img loading=\"lazy\" decoding=\"async\" width=\"1800\" height=\"1200\" src=\"https:\/\/uninavarra.edu.co\/wp-content\/uploads\/2020\/04\/CatedraUninavarra_2020_IMG_4.jpg\" class=\"vc_box_border_grey attachment-full\" alt=\"\" title=\"CatedraUninavarra_2020_IMG_4\" srcset=\"https:\/\/uninavarra.edu.co\/wp-content\/uploads\/2020\/04\/CatedraUninavarra_2020_IMG_4.jpg 1800w, https:\/\/uninavarra.edu.co\/wp-content\/uploads\/2020\/04\/CatedraUninavarra_2020_IMG_4-150x100.jpg 150w, https:\/\/uninavarra.edu.co\/wp-content\/uploads\/2020\/04\/CatedraUninavarra_2020_IMG_4-300x200.jpg 300w, https:\/\/uninavarra.edu.co\/wp-content\/uploads\/2020\/04\/CatedraUninavarra_2020_IMG_4-768x512.jpg 768w, https:\/\/uninavarra.edu.co\/wp-content\/uploads\/2020\/04\/CatedraUninavarra_2020_IMG_4-1024x683.jpg 1024w, https:\/\/uninavarra.edu.co\/wp-content\/uploads\/2020\/04\/CatedraUninavarra_2020_IMG_4-1536x1024.jpg 1536w\" sizes=\"(max-width: 1800px) 100vw, 1800px\" \/><\/a>\n\t\t<\/div> \n\t<\/div>\n\t<div class=\"wpb_text_column wpb_content_element vc_custom_1692367691343\" >\n\t\t<div class=\"wpb_wrapper\">\n\t\t\t<h4 style=\"text-align: center;\"><span style=\"color: #e02833;\"><b><span lang=\"ES-CO\">Lion Cage<br \/>\n<\/span><\/b><span lang=\"ES-CO\"><em>UNINAVARRA Reality Show<br \/>\nSeason 8<\/em><\/span><\/span><\/h4>\n\n\t\t<\/div>\n\t<\/div>\n\n\t<div class=\"wpb_text_column wpb_content_element vc_custom_1588175270815\" >\n\t\t<div class=\"wpb_wrapper\">\n\t\t\t<p style=\"text-align: center;\">The challenge for the best entrepreneurs<\/p>\n\n\t\t<\/div>\n\t<\/div>\n\n\t\t<\/div> \n\t<\/div><\/div><\/div><\/div><div class=\"vc_row-full-width\"><\/div><div class=\"wpb-container\"><div class=\"container\"><div class=\"vc_row wpb_row vc_row-fluid row\"><div class=\"col-sm-12  vc_\">\n\t\t<div class=\"wpb_wrapper\">\n\t\t\t<div class=\"vc_empty_space\"   style=\"height: 50px\"><span class=\"vc_empty_space_inner\"><\/span><\/div>\n\t\t<\/div> \n\t<\/div><\/div><\/div><\/div><div data-vc-full-width=\"true\" data-vc-full-width-init=\"false\" data-vc-stretch-content=\"true\" class=\"wpb-container vc_row-no-padding\"><div class=\"container-full\"><div class=\"vc_row wpb_row vc_row-fluid row\"><div class=\"col-sm-6  vc_\">\n\t\t<div class=\"wpb_wrapper\">\n\t\t\t<div class=\"wpb_single_image wpb_content_element vc_align_left\">\n\t\t<div class=\"wpb_wrapper\">\n\t\t\t\n\t\t\t<a href=\"#\" target=\"_self\"><img loading=\"lazy\" decoding=\"async\" width=\"900\" height=\"800\" src=\"https:\/\/uninavarra.edu.co\/wp-content\/uploads\/2020\/04\/CatedraUninavarra_2020_IMG_5.jpg\" class=\"vc_box_border_grey attachment-full\" alt=\"\" title=\"CatedraUninavarra_2020_IMG_5\" srcset=\"https:\/\/uninavarra.edu.co\/wp-content\/uploads\/2020\/04\/CatedraUninavarra_2020_IMG_5.jpg 900w, https:\/\/uninavarra.edu.co\/wp-content\/uploads\/2020\/04\/CatedraUninavarra_2020_IMG_5-150x133.jpg 150w, https:\/\/uninavarra.edu.co\/wp-content\/uploads\/2020\/04\/CatedraUninavarra_2020_IMG_5-300x267.jpg 300w, https:\/\/uninavarra.edu.co\/wp-content\/uploads\/2020\/04\/CatedraUninavarra_2020_IMG_5-768x683.jpg 768w\" sizes=\"(max-width: 900px) 100vw, 900px\" \/><\/a>\n\t\t<\/div> \n\t<\/div>\n\t\t<\/div> \n\t<\/div><div class=\"col-sm-6  vc_\">\n\t\t<div class=\"wpb_wrapper  vc_custom_1588025968755\">\n\t\t\t\n\t<div class=\"wpb_text_column wpb_content_element\" >\n\t\t<div class=\"wpb_wrapper\">\n\t\t\t<h3><span style=\"color: #e02833;\"><b><span lang=\"ES-CO\">UNINAVARRA Emprende 2023-2 Congress<\/span><\/b><\/span><\/h3>\n\n\t\t<\/div>\n\t<\/div>\n\n\t<div class=\"wpb_text_column wpb_content_element vc_custom_1692367972550\" >\n\t\t<div class=\"wpb_wrapper\">\n\t\t\t<p>A space to learn about the main trends and opportunities for entrepreneurship in the region, in this version the congress will be held at the Jos\u00e9 Eustasio Rivera Convention Center on August 25, 2023, from 7:30 a.m. to 12 noon, and from 1:30 p.m. to 5:30 p.m. through the following presentations:<\/p>\n<p><strong>a. The Research Spirit Made Real. The Simulation Clinic as an innovative interdisciplinary learning environment and the Structure and functioning of UNINAVARRA-.<br \/>\n<\/strong>PhD (c). Sandra Liliana Navarro Parra, Rector and Founder of UNINAVARRA.<\/p>\n<p><strong><span lang=\"ES-CO\">b. Undertake with Impact and be an Agent of Change.<\/span><br \/>\n<\/strong><span lang=\"ES-CO\">PhD. Jos\u00e9 Carlos V\u00e1zquez Parra, Professor of the School of Humanities and Education, Researcher of the Institute for the Future of Education of the Tecnol\u00f3gico de Monterrey.<\/span><\/p>\n<p><strong><span lang=\"ES-CO\">c. The Financing of University Enterprises, the Case of the Emprender Fund.<\/span><br \/>\n<\/strong>Mg. Jakeline Sierra Chavarro, Coordinator of Corporate and International Relations of Sena Regional Huila.<\/p>\n<p><strong><span lang=\"ES-CO\">d. Entrepreneur Panel - 3 cases.<\/span><br \/>\n<\/strong>Moderator: Mg. Juan Carlos Camargo Cu\u00e9llar, Administrative and Financial Leader of UNINAVARRA.<\/p>\n<h5><strong><span style=\"color: #0000ff;\"><a style=\"color: #0000ff;\" href=\"https:\/\/br.linkedin.com\/in\/sandralnavarrop5555\" target=\"_blank\" rel=\"noopener noreferrer\">Linkedin<\/a><\/span><\/strong><\/h5>\n<h5><strong><span style=\"color: #0000ff;\"><a style=\"color: #0000ff;\" href=\"https:\/\/uninavarra.edu.co\/EmpDucando\/\" target=\"_blank\" rel=\"noopener noreferrer\">EmpDucing<\/a><\/span><\/strong><\/h5>\n<h5><strong><span style=\"color: #0000ff;\"><a style=\"color: #0000ff;\" href=\"https:\/\/scienti.minciencias.gov.co\/cvlac\/visualizador\/generarCurriculoCv.do?cod_rh=0001440743\" target=\"_blank\" rel=\"noopener noreferrer\">CVLAC<\/a><\/span><\/strong><\/h5>\n<h3><strong>etR Platform UNINAVARRA Chair<\/strong><\/h3>\n\n\t\t<\/div>\n\t<\/div>\n\n\t\t<\/div> \n\t<\/div><\/div><\/div><\/div><div class=\"vc_row-full-width\"><\/div><div class=\"wpb-container\"><div class=\"container\"><div class=\"vc_row wpb_row vc_row-fluid row\"><div class=\"col-sm-12  vc_\">\n\t\t<div class=\"wpb_wrapper\">\n\t\t\t<div class=\"vc_empty_space\"   style=\"height: 50px\"><span class=\"vc_empty_space_inner\"><\/span><\/div>\n\t\t<\/div> \n\t<\/div><\/div><\/div><\/div><div data-vc-full-width=\"true\" data-vc-full-width-init=\"false\" data-vc-stretch-content=\"true\" class=\"wpb-container vc_row-no-padding\"><div class=\"container-full\"><div class=\"vc_row wpb_row vc_row-fluid row\"><div class=\"col-sm-6 hidden-lg hidden-md  vc_\">\n\t\t<div class=\"wpb_wrapper\">\n\t\t\t<div class=\"wpb_single_image wpb_content_element vc_align_left\">\n\t\t<div class=\"wpb_wrapper\">\n\t\t\t\n\t\t\t<a href=\"#\" target=\"_self\"><img loading=\"lazy\" decoding=\"async\" width=\"900\" height=\"800\" src=\"https:\/\/uninavarra.edu.co\/wp-content\/uploads\/2020\/04\/CatedraUninavarra_2020_IMG_6.jpg\" class=\"vc_box_border_grey attachment-full\" alt=\"\" title=\"CatedraUninavarra_2020_IMG_6\" srcset=\"https:\/\/uninavarra.edu.co\/wp-content\/uploads\/2020\/04\/CatedraUninavarra_2020_IMG_6.jpg 900w, https:\/\/uninavarra.edu.co\/wp-content\/uploads\/2020\/04\/CatedraUninavarra_2020_IMG_6-150x133.jpg 150w, https:\/\/uninavarra.edu.co\/wp-content\/uploads\/2020\/04\/CatedraUninavarra_2020_IMG_6-300x267.jpg 300w, https:\/\/uninavarra.edu.co\/wp-content\/uploads\/2020\/04\/CatedraUninavarra_2020_IMG_6-768x683.jpg 768w\" sizes=\"(max-width: 900px) 100vw, 900px\" \/><\/a>\n\t\t<\/div> \n\t<\/div>\n\t\t<\/div> \n\t<\/div><div class=\"col-sm-6  vc_\">\n\t\t<div class=\"wpb_wrapper  vc_custom_1588026140012\">\n\t\t\t\n\t<div class=\"wpb_text_column wpb_content_element\" >\n\t\t<div class=\"wpb_wrapper\">\n\t\t\t<h3 style=\"text-align: left;\"><span style=\"color: #e02833;\"><b><span lang=\"ES-CO\">Bootcamps<\/span><\/b><\/span><\/h3>\n\n\t\t<\/div>\n\t<\/div>\n\n\t<div class=\"wpb_text_column wpb_content_element vc_custom_1693397458463\" >\n\t\t<div class=\"wpb_wrapper\">\n\t\t\t<p>The scenario for the practical development of entrepreneurial skills, a process for dreaming, creating and building innovative, sustainable and world-changing business proposals.<\/p>\n<p>The bootcamps will have a series of tutorials and guides that will allow students, who will be previously linked to teams of five participants organized randomly, to advance the process of building their entrepreneurial proposals through the development of the following contents:<\/p>\n<p style=\"text-align: left; padding-left: 30px;\"><strong>Ideation Bootcamp<\/strong> ( From August 26 to September 12, 2023 )<\/p>\n<p style=\"padding-left: 30px;\"><strong>Validation Bootcamp<\/strong> ( From September 13 to September 28, 2023 )<\/p>\n<p style=\"padding-left: 30px;\"><strong>Webinar on storytelling techniques and elevator pitch construction<\/strong> ( Friday, September 29, 2023, 11:00 a.m. )<\/p>\n<p style=\"text-align: left; padding-left: 30px;\"><strong>Construction of the video pitch<\/strong> ( From September 30 to October 6, 2023 )<\/p>\n<p>During the development of each of the Bootcamps, the participating student teams will be able to have a mentoring session with the team of mentors linked to the Chair.<\/p>\n<p>Parallel to the development of each of the bootcamps, students will deepen the knowledge acquired in the presentations of the UNINAVARRA Emprende 2023-2 Congress, and in the development of the competence of achievement motivation as part of the exercise of entrepreneurial development.<\/p>\n<p>After the storytelling webinar, the participating teams must build a video pitch to sell their business idea and be able to participate in the 3rd phase of the chair, this video must be accompanied by the logo of their brand or name on the platform defined for this purpose.<\/p>\n<h5><strong><span style=\"color: #0000ff;\"><a style=\"color: #0000ff;\" href=\"https:\/\/uninavarra.edu.co\/wp-content\/uploads\/2023\/08\/Actualizado-Socializacion-de-Contenidos-Programaticos-CATEDRA-UNINAVARRA-2023-2.pdf\">Programmatic Contents (syllabus)<\/a><\/span><\/strong><\/h5>\n<h5><strong><span style=\"color: #0000ff;\"><a style=\"color: #0000ff;\" href=\"https:\/\/uninavarra.edu.co\/wp-content\/uploads\/2023\/04\/Rubricas-Catedra-UNINAVARRA-2023-1.pdf\">Heading<\/a><\/span><\/strong><\/h5>\n\n\t\t<\/div>\n\t<\/div>\n\n\t\t<\/div> \n\t<\/div><div class=\"col-sm-6 hidden-sm hidden-xs  vc_\">\n\t\t<div class=\"wpb_wrapper\">\n\t\t\t<div class=\"wpb_single_image wpb_content_element vc_align_left\">\n\t\t<div class=\"wpb_wrapper\">\n\t\t\t\n\t\t\t<a href=\"#\" target=\"_self\"><img loading=\"lazy\" decoding=\"async\" width=\"900\" height=\"800\" src=\"https:\/\/uninavarra.edu.co\/wp-content\/uploads\/2020\/04\/CatedraUninavarra_2020_IMG_6.jpg\" class=\"vc_box_border_grey attachment-full\" alt=\"\" title=\"CatedraUninavarra_2020_IMG_6\" srcset=\"https:\/\/uninavarra.edu.co\/wp-content\/uploads\/2020\/04\/CatedraUninavarra_2020_IMG_6.jpg 900w, https:\/\/uninavarra.edu.co\/wp-content\/uploads\/2020\/04\/CatedraUninavarra_2020_IMG_6-150x133.jpg 150w, https:\/\/uninavarra.edu.co\/wp-content\/uploads\/2020\/04\/CatedraUninavarra_2020_IMG_6-300x267.jpg 300w, https:\/\/uninavarra.edu.co\/wp-content\/uploads\/2020\/04\/CatedraUninavarra_2020_IMG_6-768x683.jpg 768w\" sizes=\"(max-width: 900px) 100vw, 900px\" \/><\/a>\n\t\t<\/div> \n\t<\/div>\n\t\t<\/div> \n\t<\/div><\/div><\/div><\/div><div class=\"vc_row-full-width\"><\/div><div class=\"wpb-container\"><div class=\"container\"><div class=\"vc_row wpb_row vc_row-fluid row\"><div class=\"col-sm-12  vc_\">\n\t\t<div class=\"wpb_wrapper\">\n\t\t\t<div class=\"vc_empty_space\"   style=\"height: 50px\"><span class=\"vc_empty_space_inner\"><\/span><\/div>\n\t\t<\/div> \n\t<\/div><\/div><\/div><\/div><div id=\"lion-cage\" data-vc-full-width=\"true\" data-vc-full-width-init=\"false\" data-vc-stretch-content=\"true\" class=\"wpb-container vc_row-no-padding\"><div class=\"container-full\"><div class=\"vc_row wpb_row vc_row-fluid row\"><div class=\"col-sm-6  vc_\">\n\t\t<div class=\"wpb_wrapper\">\n\t\t\t<div class=\"wpb_single_image wpb_content_element vc_align_center\">\n\t\t<div class=\"wpb_wrapper\">\n\t\t\t\n\t\t\t<a href=\"#\" target=\"_self\"><img loading=\"lazy\" decoding=\"async\" width=\"1955\" height=\"2560\" src=\"https:\/\/uninavarra.edu.co\/wp-content\/uploads\/2023\/08\/lion-cage2023-2-scaled.jpg\" class=\"vc_box_border_grey attachment-full\" alt=\"lion cage2023-2\" title=\"lion cage2023-2\" srcset=\"https:\/\/uninavarra.edu.co\/wp-content\/uploads\/2023\/08\/lion-cage2023-2-scaled.jpg 1955w, https:\/\/uninavarra.edu.co\/wp-content\/uploads\/2023\/08\/lion-cage2023-2-229x300.jpg 229w, https:\/\/uninavarra.edu.co\/wp-content\/uploads\/2023\/08\/lion-cage2023-2-782x1024.jpg 782w, https:\/\/uninavarra.edu.co\/wp-content\/uploads\/2023\/08\/lion-cage2023-2-115x150.jpg 115w, https:\/\/uninavarra.edu.co\/wp-content\/uploads\/2023\/08\/lion-cage2023-2-768x1006.jpg 768w, https:\/\/uninavarra.edu.co\/wp-content\/uploads\/2023\/08\/lion-cage2023-2-1173x1536.jpg 1173w, https:\/\/uninavarra.edu.co\/wp-content\/uploads\/2023\/08\/lion-cage2023-2-1564x2048.jpg 1564w\" sizes=\"(max-width: 1955px) 100vw, 1955px\" \/><\/a>\n\t\t<\/div> \n\t<\/div>\n\t\t<\/div> \n\t<\/div><div class=\"col-sm-6  vc_\">\n\t\t<div class=\"wpb_wrapper  vc_custom_1588026155763\">\n\t\t\t\n\t<div class=\"wpb_text_column wpb_content_element\" >\n\t\t<div class=\"wpb_wrapper\">\n\t\t\t<h3><span style=\"color: #e02833;\"><b><span lang=\"ES-CO\">Lion Cage<br \/>\n<\/span><\/b><\/span><em><span style=\"color: #e02833;\"><span lang=\"ES-CO\">UNINAVARRA Reality Show<br \/>\nEighth Season<\/span><\/span><\/em><\/h3>\n\n\t\t<\/div>\n\t<\/div>\n\n\t<div class=\"wpb_text_column wpb_content_element vc_custom_1693397313643\" >\n\t\t<div class=\"wpb_wrapper\">\n\t\t\t<p>The challenge for the best Navarrese entrepreneurs, a decisive moment to sell their business dreams and start the path to make them come true.<\/p>\n<p>All video pitches must be delivered on Saturday, October 7 before noon and will be uploaded to a platform for consultation by the entire Navarre Community, as well as evaluated by a technical committee that will assess the concepts of Innovation, Commercial Viability, Technical Viability, Projection and Sustainability of the business proposals.<\/p>\n<p>The Navarrese Community will be able to vote for their favorite proposals and the results of this vote will provide the 30% of the evaluation process that added to the concept of the technical committee will identify the 5 finalist ventures of the Lion Cage UNINAVARRA Reality Show.<\/p>\n<p>On Saturday, October 21, 2023 at 10 a.m. with all the participating students, the 5 finalists will be announced, who will then have to present their business proposals in the grand finale of the Reality Show before a jury of experts, the evaluation of the jury and the votes of the community will define the winners of this eighth version of the Lion Cage UNINAVARRA Reality Show.<\/p>\n\n\t\t<\/div>\n\t<\/div>\n\n\t\t<\/div> \n\t<\/div><\/div><\/div><\/div><div class=\"vc_row-full-width\"><\/div><div class=\"wpb-container\"><div class=\"container\"><div class=\"vc_row wpb_row vc_row-fluid row\"><div class=\"col-sm-12  vc_\">\n\t\t<div class=\"wpb_wrapper\">\n\t\t\t<div class=\"vc_empty_space\"   style=\"height: 50px\"><span class=\"vc_empty_space_inner\"><\/span><\/div>\n\t\t<\/div> \n\t<\/div><\/div><\/div><\/div><div data-vc-full-width=\"true\" data-vc-full-width-init=\"false\" class=\"wpb-container vc_custom_1588028611616\"><div class=\"container\"><div class=\"vc_row wpb_row vc_row-fluid row\"><div class=\"col-sm-12  vc_\">\n\t\t<div class=\"wpb_wrapper\">\n\t\t\t\n\t<div class=\"wpb_text_column wpb_content_element vc_custom_1588026494708\" >\n\t\t<div class=\"wpb_wrapper\">\n\t\t\t<h3 style=\"text-align: center;\"><b>SPEAKERS<\/b><\/h3>\n\n\t\t<\/div>\n\t<\/div>\n<div class=\"vc_row wpb_row vc_inner vc_row-fluid vc_custom_1588028502015\"><div class=\"vc_ col-sm-4 col-xs-6\"><div class=\"vc_column-inner\"><div class=\"wpb_wrapper\">\n\t<div class=\"wpb_text_column wpb_content_element\" >\n\t\t<div class=\"wpb_wrapper\">\n\t\t\t<p style=\"text-align: center;\"><img loading=\"lazy\" decoding=\"async\" class=\"alignnone size-full wp-image-24680\" src=\"https:\/\/uninavarra.edu.co\/wp-content\/uploads\/2020\/04\/CatedraUninavarra_2020_PONENTE_01_SandraNavarro.png\" alt=\"\" width=\"200\" height=\"200\" srcset=\"https:\/\/uninavarra.edu.co\/wp-content\/uploads\/2020\/04\/CatedraUninavarra_2020_PONENTE_01_SandraNavarro.png 200w, https:\/\/uninavarra.edu.co\/wp-content\/uploads\/2020\/04\/CatedraUninavarra_2020_PONENTE_01_SandraNavarro-150x150.png 150w\" sizes=\"(max-width: 200px) 100vw, 200px\" \/><\/p>\n\n\t\t<\/div>\n\t<\/div>\n\n\t<div class=\"wpb_text_column wpb_content_element\" >\n\t\t<div class=\"wpb_wrapper\">\n\t\t\t<h5 style=\"text-align: center;\"><span style=\"color: #eda600;\">Sandra Navarro<\/span><\/h5>\n\n\t\t<\/div>\n\t<\/div>\n\n\t<div class=\"wpb_text_column wpb_content_element vc_custom_1633532013926\" >\n\t\t<div class=\"wpb_wrapper\">\n\t\t\t<p style=\"text-align: center;\"><a style=\"color: #999999;\" href=\"#spu-24512\">view profile<\/a><\/p>\n\n\t\t<\/div>\n\t<\/div>\n<\/div><\/div><\/div><div class=\"vc_ col-sm-4 col-xs-6\"><div class=\"vc_column-inner\"><div class=\"wpb_wrapper\">\n\t<div class=\"wpb_text_column wpb_content_element\" >\n\t\t<div class=\"wpb_wrapper\">\n\t\t\t<p style=\"text-align: center;\"><img loading=\"lazy\" decoding=\"async\" class=\"alignnone wp-image-64685 size-medium\" src=\"https:\/\/uninavarra.edu.co\/wp-content\/uploads\/2023\/08\/Jose-Carlos-Vazquez-Parra-300x300.png\" alt=\"Jos\u00e9 Carlos V\u00e1zquez Parra\" width=\"200\" height=\"200\" srcset=\"https:\/\/uninavarra.edu.co\/wp-content\/uploads\/2023\/08\/Jose-Carlos-Vazquez-Parra-300x300.png 300w, https:\/\/uninavarra.edu.co\/wp-content\/uploads\/2023\/08\/Jose-Carlos-Vazquez-Parra-150x150.png 150w, https:\/\/uninavarra.edu.co\/wp-content\/uploads\/2023\/08\/Jose-Carlos-Vazquez-Parra-500x500.png 500w, https:\/\/uninavarra.edu.co\/wp-content\/uploads\/2023\/08\/Jose-Carlos-Vazquez-Parra.png 730w\" sizes=\"(max-width: 200px) 100vw, 200px\" \/><\/p>\n\n\t\t<\/div>\n\t<\/div>\n\n\t<div class=\"wpb_text_column wpb_content_element\" >\n\t\t<div class=\"wpb_wrapper\">\n\t\t\t<h5 style=\"text-align: center;\"><span lang=\"ES\" style=\"color: #df2833;\">Jos\u00e9 Carlos V\u00e1zquez<\/span><\/h5>\n\n\t\t<\/div>\n\t<\/div>\n\n\t<div class=\"wpb_text_column wpb_content_element vc_custom_1692368961167\" >\n\t\t<div class=\"wpb_wrapper\">\n\t\t\t<p style=\"text-align: center;\"><a style=\"color: #999999;\" href=\"#spu-64691\">view profile<\/a><\/p>\n\n\t\t<\/div>\n\t<\/div>\n<\/div><\/div><\/div><div class=\"vc_ col-sm-4 col-xs-6\"><div class=\"vc_column-inner\"><div class=\"wpb_wrapper\">\n\t<div class=\"wpb_text_column wpb_content_element\" >\n\t\t<div class=\"wpb_wrapper\">\n\t\t\t<p style=\"text-align: center;\"><img loading=\"lazy\" decoding=\"async\" class=\"alignnone wp-image-64683 size-medium\" src=\"https:\/\/uninavarra.edu.co\/wp-content\/uploads\/2023\/08\/Jackeline-Sierra-Chavarro-300x300.png\" alt=\"Jackeline Sierra Ch\u00e1varro\" width=\"200\" height=\"200\" srcset=\"https:\/\/uninavarra.edu.co\/wp-content\/uploads\/2023\/08\/Jackeline-Sierra-Chavarro-300x300.png 300w, https:\/\/uninavarra.edu.co\/wp-content\/uploads\/2023\/08\/Jackeline-Sierra-Chavarro-150x150.png 150w, https:\/\/uninavarra.edu.co\/wp-content\/uploads\/2023\/08\/Jackeline-Sierra-Chavarro-768x768.png 768w, https:\/\/uninavarra.edu.co\/wp-content\/uploads\/2023\/08\/Jackeline-Sierra-Chavarro-500x500.png 500w, https:\/\/uninavarra.edu.co\/wp-content\/uploads\/2023\/08\/Jackeline-Sierra-Chavarro-800x800.png 800w, https:\/\/uninavarra.edu.co\/wp-content\/uploads\/2023\/08\/Jackeline-Sierra-Chavarro.png 827w\" sizes=\"(max-width: 200px) 100vw, 200px\" \/><\/p>\n\n\t\t<\/div>\n\t<\/div>\n\n\t<div class=\"wpb_text_column wpb_content_element\" >\n\t\t<div class=\"wpb_wrapper\">\n\t\t\t<h5 style=\"text-align: center;\"><span style=\"color: #eda600;\">Jakeline Sierra<\/span><\/h5>\n\n\t\t<\/div>\n\t<\/div>\n\n\t<div class=\"wpb_text_column wpb_content_element vc_custom_1692368973391\" >\n\t\t<div class=\"wpb_wrapper\">\n\t\t\t<p style=\"text-align: center;\"><a style=\"color: #999999;\" href=\"#spu-64692\">view profile<\/a><\/p>\n\n\t\t<\/div>\n\t<\/div>\n<\/div><\/div><\/div><\/div><div class=\"vc_row wpb_row vc_inner vc_row-fluid vc_custom_1588028502015\"><div class=\"vc_ col-sm-3 col-xs-6\"><div class=\"vc_column-inner\"><div class=\"wpb_wrapper\"><\/div><\/div><\/div><div class=\"vc_ col-sm-6 col-xs-6\"><div class=\"vc_column-inner\"><div class=\"wpb_wrapper\">\n\t<div class=\"wpb_text_column wpb_content_element\" >\n\t\t<div class=\"wpb_wrapper\">\n\t\t\t<p style=\"text-align: center;\"><img loading=\"lazy\" decoding=\"async\" class=\"alignnone wp-image-24680\" src=\"https:\/\/uninavarra.edu.co\/wp-content\/uploads\/2022\/09\/Imagen2-e1663245902329.png\" alt=\"\" width=\"257\" height=\"269\" \/><\/p>\n\n\t\t<\/div>\n\t<\/div>\n\n\t<div class=\"wpb_text_column wpb_content_element\" >\n\t\t<div class=\"wpb_wrapper\">\n\t\t\t<h5 style=\"text-align: center;\"><span style=\"color: #7b97bd;\">Juan Camargo<\/span><\/h5>\n\n\t\t<\/div>\n\t<\/div>\n\n\t<div class=\"wpb_text_column wpb_content_element vc_custom_1663247479538\" >\n\t\t<div class=\"wpb_wrapper\">\n\t\t\t<p style=\"text-align: center;\"><a style=\"color: #999999;\" href=\"#spu-51589\">view profile<\/a><\/p>\n\n\t\t<\/div>\n\t<\/div>\n<\/div><\/div><\/div><div class=\"vc_ col-sm-3\"><div class=\"vc_column-inner\"><div class=\"wpb_wrapper\"><\/div><\/div><\/div><\/div>\n\t\t<\/div> \n\t<\/div><\/div><\/div><\/div><div class=\"vc_row-full-width\"><\/div><div data-vc-full-width=\"true\" data-vc-full-width-init=\"false\" class=\"wpb-container vc_custom_1588028621057\"><div class=\"container\"><div class=\"vc_row wpb_row vc_row-fluid row\"><div class=\"col-sm-12  vc_\">\n\t\t<div class=\"wpb_wrapper  vc_custom_1587837463501\">\n\t\t\t\n\t<div class=\"wpb_text_column wpb_content_element vc_custom_1588026544453\" >\n\t\t<div class=\"wpb_wrapper\">\n\t\t\t<h3 style=\"text-align: center;\"><span style=\"color: #333333;\">TEACHERS<\/span><\/h3>\n\n\t\t<\/div>\n\t<\/div>\n<div class=\"vc_tta-container vc_tta-o-non-responsive\" data-vc-action=\"collapse\" data-vc-tta-autoplay=\"{&quot;delay&quot;:5000}\"><div class=\"vc_general vc_tta vc_tta-tabs vc_tta-o-shape-group vc_tta-has-pagination vc_tta-o-no-fill vc_tta-tabs-position-top  vc_tta-pageable vc_custom_1615041943448\"><div class=\"vc_tta-panels-container\"><ul class=\"vc_general vc_pagination vc_pagination-style-outline vc_pagination-shape-round vc_pagination-color-grey\"><li class=\"vc_pagination-item vc_active\" data-vc-tab><a href=\"#1587836680597-e2c35f9a-f520\" class=\"vc_pagination-trigger\" data-vc-tabs data-vc-container=\".vc_tta\"><\/a><\/li><li class=\"vc_pagination-item\" data-vc-tab><a href=\"#1587935201275-00121548-93b4\" class=\"vc_pagination-trigger\" data-vc-tabs data-vc-container=\".vc_tta\"><\/a><\/li><li class=\"vc_pagination-item\" data-vc-tab><a href=\"#1587934911385-6c38dc4f-a480\" class=\"vc_pagination-trigger\" data-vc-tabs data-vc-container=\".vc_tta\"><\/a><\/li><li class=\"vc_pagination-item\" data-vc-tab><a href=\"#1680706994220-5305b216-9145\" class=\"vc_pagination-trigger\" data-vc-tabs data-vc-container=\".vc_tta\"><\/a><\/li><\/ul><div class=\"vc_tta-panels\"><div  class=\"vc_tta-panel vc_active\" id=\"1587836680597-e2c35f9a-f520\" data-vc-content=\".vc_tta-panel-body\"><div class=\"vc_tta-panel-body\">\n\t\t\t<span class=\"vc_tta-panel-title\">\n\t\t\t\t<a  data-vc-container=\".vc_tta-container\" data-vc-accordion=\"\" data-vc-target=\"#1587836680597-e2c35f9a-f520\"><\/a>\n\t\t\t<\/span>\n\t\t<div class=\"vc_row wpb_row vc_inner vc_row-fluid\"><div class=\"vc_ col-sm-3 col-xs-6\"><div class=\"vc_column-inner\"><div class=\"wpb_wrapper\">\n\t<div class=\"wpb_text_column wpb_content_element\" >\n\t\t<div class=\"wpb_wrapper\">\n\t\t\t<p style=\"text-align: center;\"><img loading=\"lazy\" decoding=\"async\" class=\"alignnone wp-image-45475\" src=\"https:\/\/uninavarra.edu.co\/wp-content\/uploads\/2022\/09\/Imagen1.png\" alt=\"\" width=\"212\" height=\"206\" \/><\/p>\n\n\t\t<\/div>\n\t<\/div>\n\n\t<div class=\"wpb_text_column wpb_content_element\" >\n\t\t<div class=\"wpb_wrapper\">\n\t\t\t<h5 style=\"text-align: center;\"><span lang=\"ES\" style=\"color: #df2833;\">Miguel Perez\u00a0<\/span><\/h5>\n\n\t\t<\/div>\n\t<\/div>\n\n\t<div class=\"wpb_text_column wpb_content_element vc_custom_1663247461810\" >\n\t\t<div class=\"wpb_wrapper\">\n\t\t\t<p style=\"text-align: center;\"><a style=\"color: #999999;\" href=\"#spu-51588\">view profile<\/a><\/p>\n\n\t\t<\/div>\n\t<\/div>\n\n\t<div class=\"wpb_text_column wpb_content_element\" >\n\t\t<div class=\"wpb_wrapper\">\n\t\t\t<p style=\"text-align: center;\"><a style=\"color: #999999;\" href=\"https:\/\/uninavarra.edu.co\/wp-content\/uploads\/2023\/08\/GRUPOS-26-29-LUIS-MIGUEL-PEREZ.pdf\">Group of Entrepreneurial Teams<\/a><\/p>\n\n\t\t<\/div>\n\t<\/div>\n<\/div><\/div><\/div><div class=\"vc_ col-sm-3 col-xs-6\"><div class=\"vc_column-inner\"><div class=\"wpb_wrapper\">\n\t<div class=\"wpb_text_column wpb_content_element\" >\n\t\t<div class=\"wpb_wrapper\">\n\t\t\t<p style=\"text-align: center;\"><img loading=\"lazy\" decoding=\"async\" class=\"alignnone wp-image-24518 size-full\" src=\"https:\/\/uninavarra.edu.co\/wp-content\/uploads\/2020\/04\/CatedraUninavarra_2020_PROF_02_AlfonsoLaverde.png\" alt=\"\" width=\"200\" height=\"200\" srcset=\"https:\/\/uninavarra.edu.co\/wp-content\/uploads\/2020\/04\/CatedraUninavarra_2020_PROF_02_AlfonsoLaverde.png 200w, https:\/\/uninavarra.edu.co\/wp-content\/uploads\/2020\/04\/CatedraUninavarra_2020_PROF_02_AlfonsoLaverde-150x150.png 150w\" sizes=\"(max-width: 200px) 100vw, 200px\" \/><\/p>\n\n\t\t<\/div>\n\t<\/div>\n\n\t<div class=\"wpb_text_column wpb_content_element\" >\n\t\t<div class=\"wpb_wrapper\">\n\t\t\t<h5 style=\"text-align: center;\"><span lang=\"ES\" style=\"color: #df2833;\">Alfonso Laverde<\/span><\/h5>\n\n\t\t<\/div>\n\t<\/div>\n\n\t<div class=\"wpb_text_column wpb_content_element vc_custom_1633531325543\" >\n\t\t<div class=\"wpb_wrapper\">\n\t\t\t<p style=\"text-align: center;\"><a style=\"color: #999999;\" href=\"#spu-24531\">view profile<\/a><\/p>\n\n\t\t<\/div>\n\t<\/div>\n\n\t<div class=\"wpb_text_column wpb_content_element\" >\n\t\t<div class=\"wpb_wrapper\">\n\t\t\t<p style=\"text-align: center;\"><a style=\"color: #999999;\" href=\"https:\/\/uninavarra.edu.co\/wp-content\/uploads\/2023\/08\/GRUPOS-11-14-LUIS-ALFONSO-LAVERDE.pdf\">Group of Entrepreneurial Teams<\/a><\/p>\n\n\t\t<\/div>\n\t<\/div>\n<\/div><\/div><\/div><div class=\"vc_ col-sm-3 col-xs-6\"><div class=\"vc_column-inner\"><div class=\"wpb_wrapper\">\n\t<div class=\"wpb_text_column wpb_content_element\" >\n\t\t<div class=\"wpb_wrapper\">\n\t\t\t<p style=\"text-align: center;\"><img loading=\"lazy\" decoding=\"async\" class=\"alignnone wp-image-24524 size-full\" src=\"https:\/\/uninavarra.edu.co\/wp-content\/uploads\/2020\/04\/CatedraUninavarra_2020_PROF_08_MariaHernandez.png\" alt=\"\" width=\"200\" height=\"200\" srcset=\"https:\/\/uninavarra.edu.co\/wp-content\/uploads\/2020\/04\/CatedraUninavarra_2020_PROF_08_MariaHernandez.png 200w, https:\/\/uninavarra.edu.co\/wp-content\/uploads\/2020\/04\/CatedraUninavarra_2020_PROF_08_MariaHernandez-150x150.png 150w\" sizes=\"(max-width: 200px) 100vw, 200px\" \/><\/p>\n\n\t\t<\/div>\n\t<\/div>\n\n\t<div class=\"wpb_text_column wpb_content_element\" >\n\t\t<div class=\"wpb_wrapper\">\n\t\t\t<h5 style=\"text-align: center;\"><span style=\"color: #eda600;\">Maria Hernandez<\/span><\/h5>\n\n\t\t<\/div>\n\t<\/div>\n\n\t<div class=\"wpb_text_column wpb_content_element vc_custom_1633531402823\" >\n\t\t<div class=\"wpb_wrapper\">\n\t\t\t<p style=\"text-align: center;\"><a style=\"color: #999999;\" href=\"#spu-24537\">view profile<\/a><\/p>\n\n\t\t<\/div>\n\t<\/div>\n\n\t<div class=\"wpb_text_column wpb_content_element\" >\n\t\t<div class=\"wpb_wrapper\">\n\t\t\t<p style=\"text-align: center;\"><a style=\"color: #999999;\" href=\"https:\/\/uninavarra.edu.co\/wp-content\/uploads\/2023\/08\/GRUPOS-4-7-Ma-EUGENIA-HERNANDEZ.pdf\">Group of Entrepreneurial Teams<\/a><\/p>\n\n\t\t<\/div>\n\t<\/div>\n<\/div><\/div><\/div><div class=\"vc_ col-sm-3 col-xs-6\"><div class=\"vc_column-inner\"><div class=\"wpb_wrapper\">\n\t<div class=\"wpb_text_column wpb_content_element\" >\n\t\t<div class=\"wpb_wrapper\">\n\t\t\t<p style=\"text-align: center;\"><img loading=\"lazy\" decoding=\"async\" class=\"alignnone wp-image-24523 size-full\" src=\"https:\/\/uninavarra.edu.co\/wp-content\/uploads\/2020\/04\/CatedraUninavarra_2020_PROF_07_LuisRodriguez.png\" alt=\"\" width=\"200\" height=\"200\" srcset=\"https:\/\/uninavarra.edu.co\/wp-content\/uploads\/2020\/04\/CatedraUninavarra_2020_PROF_07_LuisRodriguez.png 200w, https:\/\/uninavarra.edu.co\/wp-content\/uploads\/2020\/04\/CatedraUninavarra_2020_PROF_07_LuisRodriguez-150x150.png 150w\" sizes=\"(max-width: 200px) 100vw, 200px\" \/><\/p>\n\n\t\t<\/div>\n\t<\/div>\n\n\t<div class=\"wpb_text_column wpb_content_element\" >\n\t\t<div class=\"wpb_wrapper\">\n\t\t\t<h5 style=\"text-align: center;\"><span lang=\"ES\" style=\"color: #df2833;\"><span lang=\"ES-CO\">Luis Rodriguez<\/span><\/span><\/h5>\n\n\t\t<\/div>\n\t<\/div>\n\n\t<div class=\"wpb_text_column wpb_content_element\" >\n\t\t<div class=\"wpb_wrapper\">\n\t\t\t<p style=\"text-align: center;\"><a style=\"color: #999999;\" href=\"#spu-24536\">view profile<\/a><\/p>\n\n\t\t<\/div>\n\t<\/div>\n\n\t<div class=\"wpb_text_column wpb_content_element\" >\n\t\t<div class=\"wpb_wrapper\">\n\t\t\t<p style=\"text-align: center;\"><a style=\"color: #999999;\" href=\"https:\/\/uninavarra.edu.co\/wp-content\/uploads\/2023\/08\/GRUPOS-8-10-y-53-LUIS-HUMBERTO-RODRIGUEZ-1.pdf\">Group of Entrepreneurial Teams<\/a><\/p>\n\n\t\t<\/div>\n\t<\/div>\n<\/div><\/div><\/div><\/div><\/div><\/div><div  class=\"vc_tta-panel\" id=\"1587935201275-00121548-93b4\" data-vc-content=\".vc_tta-panel-body\"><div class=\"vc_tta-panel-body\">\n\t\t\t<span class=\"vc_tta-panel-title\">\n\t\t\t\t<a  data-vc-container=\".vc_tta-container\" data-vc-accordion=\"\" data-vc-target=\"#1587935201275-00121548-93b4\"><\/a>\n\t\t\t<\/span>\n\t\t<div class=\"vc_row wpb_row vc_inner vc_row-fluid\"><div class=\"vc_ col-sm-3 col-xs-6\"><div class=\"vc_column-inner\"><div class=\"wpb_wrapper\">\n\t<div class=\"wpb_text_column wpb_content_element\" >\n\t\t<div class=\"wpb_wrapper\">\n\t\t\t<p style=\"text-align: center;\"><img loading=\"lazy\" decoding=\"async\" class=\"alignnone wp-image-60321\" src=\"https:\/\/uninavarra.edu.co\/wp-content\/uploads\/2023\/04\/fotos-lioncage-vice-300x300.png\" alt=\"\" width=\"190\" height=\"190\" srcset=\"https:\/\/uninavarra.edu.co\/wp-content\/uploads\/2023\/04\/fotos-lioncage-vice-300x300.png 300w, https:\/\/uninavarra.edu.co\/wp-content\/uploads\/2023\/04\/fotos-lioncage-vice-150x150.png 150w, https:\/\/uninavarra.edu.co\/wp-content\/uploads\/2023\/04\/fotos-lioncage-vice-768x768.png 768w, https:\/\/uninavarra.edu.co\/wp-content\/uploads\/2023\/04\/fotos-lioncage-vice-1024x1024.png 1024w, https:\/\/uninavarra.edu.co\/wp-content\/uploads\/2023\/04\/fotos-lioncage-vice-1536x1536.png 1536w, https:\/\/uninavarra.edu.co\/wp-content\/uploads\/2023\/04\/fotos-lioncage-vice-500x500.png 500w, https:\/\/uninavarra.edu.co\/wp-content\/uploads\/2023\/04\/fotos-lioncage-vice-800x800.png 800w, https:\/\/uninavarra.edu.co\/wp-content\/uploads\/2023\/04\/fotos-lioncage-vice-40x40.png 40w, https:\/\/uninavarra.edu.co\/wp-content\/uploads\/2023\/04\/fotos-lioncage-vice-275x275.png 275w, https:\/\/uninavarra.edu.co\/wp-content\/uploads\/2023\/04\/fotos-lioncage-vice-205x205.png 205w, https:\/\/uninavarra.edu.co\/wp-content\/uploads\/2023\/04\/fotos-lioncage-vice-480x480.png 480w, https:\/\/uninavarra.edu.co\/wp-content\/uploads\/2023\/04\/fotos-lioncage-vice.png 1575w\" sizes=\"(max-width: 190px) 100vw, 190px\" \/><\/p>\n\n\t\t<\/div>\n\t<\/div>\n\n\t<div class=\"wpb_text_column wpb_content_element\" >\n\t\t<div class=\"wpb_wrapper\">\n\t\t\t<h5 style=\"text-align: center;\"><span lang=\"ES\" style=\"color: #df2833;\">Luz Elena Malagon<\/span><\/h5>\n\n\t\t<\/div>\n\t<\/div>\n\n\t<div class=\"wpb_text_column wpb_content_element vc_custom_1692371269766\" >\n\t\t<div class=\"wpb_wrapper\">\n\t\t\t<p style=\"text-align: center;\"><a style=\"color: #999999;\" href=\"#spu-60320\">view profile<\/a><\/p>\n\n\t\t<\/div>\n\t<\/div>\n\n\t<div class=\"wpb_text_column wpb_content_element vc_custom_1692910907086\" >\n\t\t<div class=\"wpb_wrapper\">\n\t\t\t<p style=\"text-align: center;\"><a style=\"color: #999999;\" href=\"https:\/\/uninavarra.edu.co\/wp-content\/uploads\/2023\/08\/GRUPOS-30-32-LUZ-ELENA-MALAGON.pdf\">Group of Entrepreneurial Teams<\/a><\/p>\n\n\t\t<\/div>\n\t<\/div>\n<\/div><\/div><\/div><div class=\"vc_ col-sm-3 col-xs-6\"><div class=\"vc_column-inner\"><div class=\"wpb_wrapper\">\n\t<div class=\"wpb_text_column wpb_content_element\" >\n\t\t<div class=\"wpb_wrapper\">\n\t\t\t<p style=\"text-align: center;\"><img loading=\"lazy\" decoding=\"async\" class=\"alignnone wp-image-24540 size-full\" src=\"https:\/\/uninavarra.edu.co\/wp-content\/uploads\/2020\/04\/CatedraUninavarra_2020_PROF_10_MarthaAbella.png\" alt=\"\" width=\"200\" height=\"200\" srcset=\"https:\/\/uninavarra.edu.co\/wp-content\/uploads\/2020\/04\/CatedraUninavarra_2020_PROF_10_MarthaAbella.png 200w, https:\/\/uninavarra.edu.co\/wp-content\/uploads\/2020\/04\/CatedraUninavarra_2020_PROF_10_MarthaAbella-150x150.png 150w\" sizes=\"(max-width: 200px) 100vw, 200px\" \/><\/p>\n\n\t\t<\/div>\n\t<\/div>\n\n\t<div class=\"wpb_text_column wpb_content_element\" >\n\t\t<div class=\"wpb_wrapper\">\n\t\t\t<h5 style=\"text-align: center;\"><span lang=\"ES\" style=\"color: #df2833;\">Martha Abella<\/span><\/h5>\n\n\t\t<\/div>\n\t<\/div>\n\n\t<div class=\"wpb_text_column wpb_content_element vc_custom_1692371257317\" >\n\t\t<div class=\"wpb_wrapper\">\n\t\t\t<p style=\"text-align: center;\"><a style=\"color: #999999;\" href=\"#spu-24496\">view profile<\/a><\/p>\n\n\t\t<\/div>\n\t<\/div>\n\n\t<div class=\"wpb_text_column wpb_content_element vc_custom_1692910917870\" >\n\t\t<div class=\"wpb_wrapper\">\n\t\t\t<p style=\"text-align: center;\"><a style=\"color: #999999;\" href=\"https:\/\/uninavarra.edu.co\/wp-content\/uploads\/2023\/08\/GRUPOS-1-3-MARTHA-ABELLA.pdf\">Group of Entrepreneurial Teams<\/a><\/p>\n\n\t\t<\/div>\n\t<\/div>\n<\/div><\/div><\/div><div class=\"vc_ col-sm-3 col-xs-6\"><div class=\"vc_column-inner\"><div class=\"wpb_wrapper\">\n\t<div class=\"wpb_text_column wpb_content_element\" >\n\t\t<div class=\"wpb_wrapper\">\n\t\t\t<p style=\"text-align: center;\"><img loading=\"lazy\" decoding=\"async\" class=\"alignnone wp-image-24526 size-full\" src=\"https:\/\/uninavarra.edu.co\/wp-content\/uploads\/2021\/03\/matilde.png\" alt=\"\" width=\"200\" height=\"200\" \/><\/p>\n\n\t\t<\/div>\n\t<\/div>\n\n\t<div class=\"wpb_text_column wpb_content_element\" >\n\t\t<div class=\"wpb_wrapper\">\n\t\t\t<h5 style=\"text-align: center;\"><span style=\"color: #eda600;\">Matilde Mosquera<\/span><\/h5>\n\n\t\t<\/div>\n\t<\/div>\n\n\t<div class=\"wpb_text_column wpb_content_element vc_custom_1692371265357\" >\n\t\t<div class=\"wpb_wrapper\">\n\t\t\t<p style=\"text-align: center;\"><a style=\"color: #999999;\" href=\"#spu-41121\">view profile<\/a><\/p>\n\n\t\t<\/div>\n\t<\/div>\n\n\t<div class=\"wpb_text_column wpb_content_element vc_custom_1692910931174\" >\n\t\t<div class=\"wpb_wrapper\">\n\t\t\t<p style=\"text-align: center;\"><a style=\"color: #999999;\" href=\"https:\/\/uninavarra.edu.co\/wp-content\/uploads\/2023\/08\/GRUPOS-18-21-MATILDE-MOSQUERA.pdf\">Group of Entrepreneurial Teams<\/a><\/p>\n\n\t\t<\/div>\n\t<\/div>\n<\/div><\/div><\/div><div class=\"vc_ col-sm-3\"><div class=\"vc_column-inner\"><div class=\"wpb_wrapper\">\n\t<div class=\"wpb_text_column wpb_content_element\" >\n\t\t<div class=\"wpb_wrapper\">\n\t\t\t<p style=\"text-align: center;\"><img loading=\"lazy\" decoding=\"async\" class=\"alignnone wp-image-24526 size-full\" src=\"https:\/\/uninavarra.edu.co\/wp-content\/uploads\/2021\/03\/leidy.png\" alt=\"\" width=\"200\" height=\"200\" \/><\/p>\n\n\t\t<\/div>\n\t<\/div>\n\n\t<div class=\"wpb_text_column wpb_content_element\" >\n\t\t<div class=\"wpb_wrapper\">\n\t\t\t<h5 style=\"text-align: center;\"><span style=\"color: #eda600;\">Leidy Diaz<\/span><\/h5>\n\n\t\t<\/div>\n\t<\/div>\n\n\t<div class=\"wpb_text_column wpb_content_element vc_custom_1680727238684\" >\n\t\t<div class=\"wpb_wrapper\">\n\t\t\t<p style=\"text-align: center;\"><a style=\"color: #999999;\" href=\"#spu-41120\">view profile<\/a><\/p>\n\n\t\t<\/div>\n\t<\/div>\n\n\t<div class=\"wpb_text_column wpb_content_element vc_custom_1692910949222\" >\n\t\t<div class=\"wpb_wrapper\">\n\t\t\t<p style=\"text-align: center;\"><a style=\"color: #999999;\" href=\"https:\/\/uninavarra.edu.co\/wp-content\/uploads\/2023\/08\/GRUPOS-49-52-LEIDY-DIAZ.pdf\">Group of Entrepreneurial Teams<\/a><\/p>\n\n\t\t<\/div>\n\t<\/div>\n<\/div><\/div><\/div><\/div><\/div><\/div><div  class=\"vc_tta-panel\" id=\"1587934911385-6c38dc4f-a480\" data-vc-content=\".vc_tta-panel-body\"><div class=\"vc_tta-panel-body\">\n\t\t\t<span class=\"vc_tta-panel-title\">\n\t\t\t\t<a  data-vc-container=\".vc_tta-container\" data-vc-accordion=\"\" data-vc-target=\"#1587934911385-6c38dc4f-a480\"><\/a>\n\t\t\t<\/span>\n\t\t<div class=\"vc_row wpb_row vc_inner vc_row-fluid\"><div class=\"vc_ col-sm-4 col-xs-6\"><div class=\"vc_column-inner\"><div class=\"wpb_wrapper\">\n\t<div class=\"wpb_text_column wpb_content_element\" >\n\t\t<div class=\"wpb_wrapper\">\n\t\t\t<p style=\"text-align: center;\"><img loading=\"lazy\" decoding=\"async\" class=\"alignnone wp-image-24521 size-full\" src=\"https:\/\/uninavarra.edu.co\/wp-content\/uploads\/2020\/04\/CatedraUninavarra_2020_PROF_05_SandraMesa.png\" alt=\"\" width=\"200\" height=\"200\" srcset=\"https:\/\/uninavarra.edu.co\/wp-content\/uploads\/2020\/04\/CatedraUninavarra_2020_PROF_05_SandraMesa.png 200w, https:\/\/uninavarra.edu.co\/wp-content\/uploads\/2020\/04\/CatedraUninavarra_2020_PROF_05_SandraMesa-150x150.png 150w\" sizes=\"(max-width: 200px) 100vw, 200px\" \/><\/p>\n\n\t\t<\/div>\n\t<\/div>\n\n\t<div class=\"wpb_text_column wpb_content_element\" >\n\t\t<div class=\"wpb_wrapper\">\n\t\t\t<h5 style=\"text-align: center;\"><span lang=\"ES\" style=\"color: #df2833;\">Sandra Mesa<\/span><\/h5>\n\n\t\t<\/div>\n\t<\/div>\n\n\t<div class=\"wpb_text_column wpb_content_element vc_custom_1633531869614\" >\n\t\t<div class=\"wpb_wrapper\">\n\t\t\t<p style=\"text-align: center;\"><a style=\"color: #999999;\" href=\"#spu-24533\">view profile<\/a><\/p>\n\n\t\t<\/div>\n\t<\/div>\n\n\t<div class=\"wpb_text_column wpb_content_element\" >\n\t\t<div class=\"wpb_wrapper\">\n\t\t\t<p style=\"text-align: center;\"><a style=\"color: #999999;\" href=\"https:\/\/uninavarra.edu.co\/wp-content\/uploads\/2023\/08\/GRUPOS-15-17-SANDRA-MESA.pdf\">Group of Entrepreneurial Teams<\/a><\/p>\n\n\t\t<\/div>\n\t<\/div>\n<\/div><\/div><\/div><div class=\"vc_ col-sm-4 col-xs-6\"><div class=\"vc_column-inner\"><div class=\"wpb_wrapper\">\n\t<div class=\"wpb_text_column wpb_content_element\" >\n\t\t<div class=\"wpb_wrapper\">\n\t\t\t<p style=\"text-align: center;\"><img loading=\"lazy\" decoding=\"async\" class=\"alignnone wp-image-24520 size-full\" src=\"https:\/\/uninavarra.edu.co\/wp-content\/uploads\/2021\/03\/arley.png\" alt=\"\" width=\"200\" height=\"200\" \/><\/p>\n\n\t\t<\/div>\n\t<\/div>\n\n\t<div class=\"wpb_text_column wpb_content_element\" >\n\t\t<div class=\"wpb_wrapper\">\n\t\t\t<h5 style=\"text-align: center;\"><span lang=\"ES\" style=\"color: #df2833;\"><span lang=\"ES-CO\">Arley Gutierrez<\/span><\/span><\/h5>\n\n\t\t<\/div>\n\t<\/div>\n\n\t<div class=\"wpb_text_column wpb_content_element\" >\n\t\t<div class=\"wpb_wrapper\">\n\t\t\t<p style=\"text-align: center;\"><a style=\"color: #999999;\" href=\"#spu-41125\">view profile<\/a><\/p>\n\n\t\t<\/div>\n\t<\/div>\n\n\t<div class=\"wpb_text_column wpb_content_element\" >\n\t\t<div class=\"wpb_wrapper\">\n\t\t\t<p style=\"text-align: center;\"><a style=\"color: #999999;\" href=\"https:\/\/uninavarra.edu.co\/wp-content\/uploads\/2023\/08\/GRUPOS-22-25-ARLEY-GUTIERREZ.pdf\">Group of Entrepreneurial Teams<\/a><\/p>\n\n\t\t<\/div>\n\t<\/div>\n<\/div><\/div><\/div><div class=\"vc_ col-sm-4 col-xs-6\"><div class=\"vc_column-inner\"><div class=\"wpb_wrapper\">\n\t<div class=\"wpb_text_column wpb_content_element\" >\n\t\t<div class=\"wpb_wrapper\">\n\t\t\t<p><img loading=\"lazy\" decoding=\"async\" class=\"wp-image-45473 aligncenter\" src=\"https:\/\/uninavarra.edu.co\/wp-content\/uploads\/2023\/08\/Marisol-Moreno-Hernandez.png\" alt=\"\" width=\"200\" height=\"200\" \/><\/p>\n\n\t\t<\/div>\n\t<\/div>\n\n\t<div class=\"wpb_text_column wpb_content_element\" >\n\t\t<div class=\"wpb_wrapper\">\n\t\t\t<h5 style=\"text-align: center;\"><span lang=\"ES\" style=\"color: #df2833;\"><span lang=\"ES-CO\">Marisol Moreno<\/span><\/span><\/h5>\n\n\t\t<\/div>\n\t<\/div>\n\n\t<div class=\"wpb_text_column wpb_content_element\" >\n\t\t<div class=\"wpb_wrapper\">\n\t\t\t<p style=\"text-align: center;\"><a style=\"color: #999999;\" href=\"#spu-64694\">view profile<\/a><\/p>\n\n\t\t<\/div>\n\t<\/div>\n\n\t<div class=\"wpb_text_column wpb_content_element\" >\n\t\t<div class=\"wpb_wrapper\">\n\t\t\t<p style=\"text-align: center;\"><a style=\"color: #999999;\" href=\"https:\/\/uninavarra.edu.co\/wp-content\/uploads\/2023\/08\/GRUPOS-33-36-MARISOL-MORENO.pdf\">Group of Entrepreneurial Teams<\/a><\/p>\n\n\t\t<\/div>\n\t<\/div>\n<\/div><\/div><\/div><\/div><\/div><\/div><div  class=\"vc_tta-panel\" id=\"1680706994220-5305b216-9145\" data-vc-content=\".vc_tta-panel-body\"><div class=\"vc_tta-panel-body\">\n\t\t\t<span class=\"vc_tta-panel-title\">\n\t\t\t\t<a  data-vc-container=\".vc_tta-container\" data-vc-accordion=\"\" data-vc-target=\"#1680706994220-5305b216-9145\"><\/a>\n\t\t\t<\/span>\n\t\t<div class=\"vc_row wpb_row vc_inner vc_row-fluid\"><div class=\"vc_ col-sm-4 col-xs-6\"><div class=\"vc_column-inner\"><div class=\"wpb_wrapper\">\n\t<div class=\"wpb_text_column wpb_content_element\" >\n\t\t<div class=\"wpb_wrapper\">\n\t\t\t<p style=\"text-align: center;\"><img loading=\"lazy\" decoding=\"async\" class=\"alignnone wp-image-60326\" src=\"https:\/\/uninavarra.edu.co\/wp-content\/uploads\/2023\/08\/Jose-Eduardo-Martinez-Orrego.png\" alt=\"gloria gonzalez\" width=\"200\" height=\"200\" \/><\/p>\n\n\t\t<\/div>\n\t<\/div>\n\n\t<div class=\"wpb_text_column wpb_content_element\" >\n\t\t<div class=\"wpb_wrapper\">\n\t\t\t<h5 style=\"text-align: center;\"><span lang=\"ES\" style=\"color: #df2833;\"><span lang=\"ES-CO\">Jos\u00e9 Eduardo Mart\u00ednez Orrego<\/span><\/span><\/h5>\n\n\t\t<\/div>\n\t<\/div>\n\n\t<div class=\"wpb_text_column wpb_content_element\" >\n\t\t<div class=\"wpb_wrapper\">\n\t\t\t<p style=\"text-align: center;\"><a style=\"color: #999999;\" href=\"#spu-64711\">view profile<\/a><\/p>\n\n\t\t<\/div>\n\t<\/div>\n\n\t<div class=\"wpb_text_column wpb_content_element\" >\n\t\t<div class=\"wpb_wrapper\">\n\t\t\t<p style=\"text-align: center;\"><a style=\"color: #999999;\" href=\"https:\/\/uninavarra.edu.co\/wp-content\/uploads\/2023\/08\/GRUPOS-45-48-JOSE-MARTINEZ.pdf\">Group of Entrepreneurial Teams<\/a><\/p>\n\n\t\t<\/div>\n\t<\/div>\n<\/div><\/div><\/div><div class=\"vc_ col-sm-4 col-xs-6\"><div class=\"vc_column-inner\"><div class=\"wpb_wrapper\">\n\t<div class=\"wpb_text_column wpb_content_element\" >\n\t\t<div class=\"wpb_wrapper\">\n\t\t\t<p style=\"text-align: center;\"><img loading=\"lazy\" decoding=\"async\" class=\"alignnone wp-image-60326\" src=\"https:\/\/uninavarra.edu.co\/wp-content\/uploads\/2023\/08\/Juan-Pablo-Mosquera.png\" alt=\"gloria gonzalez\" width=\"200\" height=\"200\" \/><\/p>\n\n\t\t<\/div>\n\t<\/div>\n\n\t<div class=\"wpb_text_column wpb_content_element\" >\n\t\t<div class=\"wpb_wrapper\">\n\t\t\t<h5 style=\"text-align: center;\"><span lang=\"ES\" style=\"color: #df2833;\"><span lang=\"ES-CO\">Juan Pablo Mosquera<\/span><\/span><\/h5>\n\n\t\t<\/div>\n\t<\/div>\n\n\t<div class=\"wpb_text_column wpb_content_element\" >\n\t\t<div class=\"wpb_wrapper\">\n\t\t\t<p style=\"text-align: center;\"><a style=\"color: #999999;\" href=\"#spu-64696\">view profile<\/a><\/p>\n\n\t\t<\/div>\n\t<\/div>\n\n\t<div class=\"wpb_text_column wpb_content_element\" >\n\t\t<div class=\"wpb_wrapper\">\n\t\t\t<p style=\"text-align: center;\"><a style=\"color: #999999;\" href=\"https:\/\/uninavarra.edu.co\/wp-content\/uploads\/2023\/08\/GRUPOS-41-44-JUAN-PABLO-MOSQUERA.pdf\">Group of Entrepreneurial Teams<\/a><\/p>\n\n\t\t<\/div>\n\t<\/div>\n<\/div><\/div><\/div><div class=\"vc_ col-sm-4\"><div class=\"vc_column-inner\"><div class=\"wpb_wrapper\">\n\t<div class=\"wpb_text_column wpb_content_element\" >\n\t\t<div class=\"wpb_wrapper\">\n\t\t\t<p style=\"text-align: center;\"><img loading=\"lazy\" decoding=\"async\" class=\"alignnone wp-image-60325\" src=\"https:\/\/uninavarra.edu.co\/wp-content\/uploads\/2023\/08\/Natalia-Torres-Forero.png\" alt=\"hernan palomo\" width=\"200\" height=\"200\" \/><\/p>\n\n\t\t<\/div>\n\t<\/div>\n\n\t<div class=\"wpb_text_column wpb_content_element\" >\n\t\t<div class=\"wpb_wrapper\">\n\t\t\t<h5 style=\"text-align: center;\"><span lang=\"ES\" style=\"color: #df2833;\">Natalia Torres<\/span><\/h5>\n\n\t\t<\/div>\n\t<\/div>\n\n\t<div class=\"wpb_text_column wpb_content_element vc_custom_1692371054582\" >\n\t\t<div class=\"wpb_wrapper\">\n\t\t\t<p style=\"text-align: center;\"><a style=\"color: #999999;\" href=\"#spu-64695\">view profile<\/a><\/p>\n\n\t\t<\/div>\n\t<\/div>\n\n\t<div class=\"wpb_text_column wpb_content_element\" >\n\t\t<div class=\"wpb_wrapper\">\n\t\t\t<p style=\"text-align: center;\"><a style=\"color: #999999;\" href=\"https:\/\/uninavarra.edu.co\/wp-content\/uploads\/2023\/08\/GRUPOS-37-40-NATALIA-TORRES.pdf\">Group of Entrepreneurial Teams<\/a><\/p>\n\n\t\t<\/div>\n\t<\/div>\n<\/div><\/div><\/div><\/div><\/div><\/div><\/div><\/div><\/div><\/div>\n\t\t<\/div> \n\t<\/div><\/div><\/div><\/div><div class=\"vc_row-full-width\"><\/div>\n<\/div>","protected":false},"excerpt":{"rendered":"La C\u00e1tedra UNINAVARRA es el espacio acad\u00e9mico concebido para el desarrollo de las competencias emprendedoras de los estudiantes Navarristas, c\u00f3mo parte del desarrollo de la filosof\u00eda institucional y de su [...]","protected":false},"author":13,"featured_media":24543,"parent":0,"menu_order":0,"comment_status":"closed","ping_status":"closed","template":"","meta":{"footnotes":""},"categories":[140,1],"tags":[],"class_list":["post-64679","page","type-page","status-publish","has-post-thumbnail","hentry","category-perfiles-catedra-uninavarra","category-uncategorized"],"yoast_head":"<!-- This site is optimized with the Yoast SEO plugin v27.4 - https:\/\/yoast.com\/product\/yoast-seo-wordpress\/ -->\n<title>C\u00e1tedra Uninavarra 2023-2 - Uninavarra<\/title>\n<meta name=\"description\" content=\"La C\u00e1tedra UNINAVARRA es el espacio acad\u00e9mico concebido para el desarrollo de las competencias emprendedoras de los estudiantes de la Universidad, c\u00f3mo parte del desarrollo de la filosof\u00eda institucional y de su formaci\u00f3n integral. Un proceso acad\u00e9mico y de formaci\u00f3n que privilegia el aprendizaje te\u00f3rico pr\u00e1ctico a trav\u00e9s de la filosof\u00eda del aprender \u2013 haciendo y las pedagog\u00edas activas.\" \/>\n<meta name=\"robots\" content=\"index, follow, max-snippet:-1, max-image-preview:large, max-video-preview:-1\" \/>\n<link rel=\"canonical\" href=\"https:\/\/uninavarra.edu.co\/en\/catedrauninavarra-2023-2\/\" \/>\n<meta property=\"og:locale\" content=\"en_US\" \/>\n<meta property=\"og:type\" content=\"article\" \/>\n<meta property=\"og:title\" content=\"C\u00e1tedra Uninavarra 2023-2 - Uninavarra\" \/>\n<meta property=\"og:description\" content=\"La C\u00e1tedra UNINAVARRA es el espacio acad\u00e9mico concebido para el desarrollo de las competencias emprendedoras de los estudiantes de la Universidad, c\u00f3mo parte del desarrollo de la filosof\u00eda institucional y de su formaci\u00f3n integral. Un proceso acad\u00e9mico y de formaci\u00f3n que privilegia el aprendizaje te\u00f3rico pr\u00e1ctico a trav\u00e9s de la filosof\u00eda del aprender \u2013 haciendo y las pedagog\u00edas activas.\" \/>\n<meta property=\"og:url\" content=\"https:\/\/uninavarra.edu.co\/en\/catedrauninavarra-2023-2\/\" \/>\n<meta property=\"og:site_name\" content=\"Uninavarra\" \/>\n<meta property=\"article:publisher\" content=\"https:\/\/www.facebook.com\/UninavarraEduca\" \/>\n<meta property=\"article:modified_time\" content=\"2025-07-28T12:54:29+00:00\" \/>\n<meta property=\"og:image\" content=\"https:\/\/uninavarra.edu.co\/wp-content\/uploads\/2020\/04\/CatedraUninavarra_2020_Logo.jpg\" \/>\n\t<meta property=\"og:image:width\" content=\"200\" \/>\n\t<meta property=\"og:image:height\" content=\"200\" \/>\n\t<meta property=\"og:image:type\" content=\"image\/jpeg\" \/>\n<meta name=\"twitter:card\" content=\"summary_large_image\" \/>\n<meta name=\"twitter:site\" content=\"@uninavarraeduca\" \/>\n<meta name=\"twitter:label1\" content=\"Est. reading time\" \/>\n\t<meta name=\"twitter:data1\" content=\"12 minutes\" \/>\n<script type=\"application\/ld+json\" class=\"yoast-schema-graph\">{\"@context\":\"https:\\\/\\\/schema.org\",\"@graph\":[{\"@type\":\"WebPage\",\"@id\":\"https:\\\/\\\/uninavarra.edu.co\\\/catedrauninavarra-2023-2\\\/\",\"url\":\"https:\\\/\\\/uninavarra.edu.co\\\/catedrauninavarra-2023-2\\\/\",\"name\":\"C\u00e1tedra Uninavarra 2023-2 - Uninavarra\",\"isPartOf\":{\"@id\":\"https:\\\/\\\/uninavarra.edu.co\\\/#website\"},\"primaryImageOfPage\":{\"@id\":\"https:\\\/\\\/uninavarra.edu.co\\\/catedrauninavarra-2023-2\\\/#primaryimage\"},\"image\":{\"@id\":\"https:\\\/\\\/uninavarra.edu.co\\\/catedrauninavarra-2023-2\\\/#primaryimage\"},\"thumbnailUrl\":\"https:\\\/\\\/uninavarra.edu.co\\\/wp-content\\\/uploads\\\/2020\\\/04\\\/CatedraUninavarra_2020_Logo.jpg\",\"datePublished\":\"2023-08-18T14:02:04+00:00\",\"dateModified\":\"2025-07-28T12:54:29+00:00\",\"description\":\"La C\u00e1tedra UNINAVARRA es el espacio acad\u00e9mico concebido para el desarrollo de las competencias emprendedoras de los estudiantes de la Universidad, c\u00f3mo parte del desarrollo de la filosof\u00eda institucional y de su formaci\u00f3n integral. Un proceso acad\u00e9mico y de formaci\u00f3n que privilegia el aprendizaje te\u00f3rico pr\u00e1ctico a trav\u00e9s de la filosof\u00eda del aprender \u2013 haciendo y las pedagog\u00edas activas.\",\"breadcrumb\":{\"@id\":\"https:\\\/\\\/uninavarra.edu.co\\\/catedrauninavarra-2023-2\\\/#breadcrumb\"},\"inLanguage\":\"en-US\",\"potentialAction\":[{\"@type\":\"ReadAction\",\"target\":[\"https:\\\/\\\/uninavarra.edu.co\\\/catedrauninavarra-2023-2\\\/\"]}]},{\"@type\":\"ImageObject\",\"inLanguage\":\"en-US\",\"@id\":\"https:\\\/\\\/uninavarra.edu.co\\\/catedrauninavarra-2023-2\\\/#primaryimage\",\"url\":\"https:\\\/\\\/uninavarra.edu.co\\\/wp-content\\\/uploads\\\/2020\\\/04\\\/CatedraUninavarra_2020_Logo.jpg\",\"contentUrl\":\"https:\\\/\\\/uninavarra.edu.co\\\/wp-content\\\/uploads\\\/2020\\\/04\\\/CatedraUninavarra_2020_Logo.jpg\",\"width\":200,\"height\":200},{\"@type\":\"BreadcrumbList\",\"@id\":\"https:\\\/\\\/uninavarra.edu.co\\\/catedrauninavarra-2023-2\\\/#breadcrumb\",\"itemListElement\":[{\"@type\":\"ListItem\",\"position\":1,\"name\":\"Home\",\"item\":\"https:\\\/\\\/uninavarra.edu.co\\\/\"},{\"@type\":\"ListItem\",\"position\":2,\"name\":\"C\u00e1tedra Uninavarra 2023-2\"}]},{\"@type\":\"WebSite\",\"@id\":\"https:\\\/\\\/uninavarra.edu.co\\\/#website\",\"url\":\"https:\\\/\\\/uninavarra.edu.co\\\/\",\"name\":\"UNINAVARRA\",\"description\":\"Haz realidad tu deseo de aprender\",\"publisher\":{\"@id\":\"https:\\\/\\\/uninavarra.edu.co\\\/#organization\"},\"potentialAction\":[{\"@type\":\"SearchAction\",\"target\":{\"@type\":\"EntryPoint\",\"urlTemplate\":\"https:\\\/\\\/uninavarra.edu.co\\\/?s={search_term_string}\"},\"query-input\":{\"@type\":\"PropertyValueSpecification\",\"valueRequired\":true,\"valueName\":\"search_term_string\"}}],\"inLanguage\":\"en-US\"},{\"@type\":\"Organization\",\"@id\":\"https:\\\/\\\/uninavarra.edu.co\\\/#organization\",\"name\":\"Fundaci\u00f3n Universitaria Navarra - UNINAVARRA\",\"url\":\"https:\\\/\\\/uninavarra.edu.co\\\/\",\"logo\":{\"@type\":\"ImageObject\",\"inLanguage\":\"en-US\",\"@id\":\"https:\\\/\\\/uninavarra.edu.co\\\/#\\\/schema\\\/logo\\\/image\\\/\",\"url\":\"https:\\\/\\\/uninavarra.edu.co\\\/wp-content\\\/uploads\\\/2024\\\/06\\\/Escudo-uninavarra-Solo.png\",\"contentUrl\":\"https:\\\/\\\/uninavarra.edu.co\\\/wp-content\\\/uploads\\\/2024\\\/06\\\/Escudo-uninavarra-Solo.png\",\"width\":1500,\"height\":1401,\"caption\":\"Fundaci\u00f3n Universitaria Navarra - UNINAVARRA\"},\"image\":{\"@id\":\"https:\\\/\\\/uninavarra.edu.co\\\/#\\\/schema\\\/logo\\\/image\\\/\"},\"sameAs\":[\"https:\\\/\\\/www.facebook.com\\\/UninavarraEduca\",\"https:\\\/\\\/x.com\\\/uninavarraeduca\",\"https:\\\/\\\/www.instagram.com\\\/uninavarra\\\/?hl=es\",\"https:\\\/\\\/www.linkedin.com\\\/in\\\/fundacin-universitaria-navarra-uninavarra-b41225222\\\/\"]}]}<\/script>\n<!-- \/ Yoast SEO plugin. -->","yoast_head_json":{"title":"C\u00e1tedra Uninavarra 2023-2 - Uninavarra","description":"La C\u00e1tedra UNINAVARRA es el espacio acad\u00e9mico concebido para el desarrollo de las competencias emprendedoras de los estudiantes de la Universidad, c\u00f3mo parte del desarrollo de la filosof\u00eda institucional y de su formaci\u00f3n integral. Un proceso acad\u00e9mico y de formaci\u00f3n que privilegia el aprendizaje te\u00f3rico pr\u00e1ctico a trav\u00e9s de la filosof\u00eda del aprender \u2013 haciendo y las pedagog\u00edas activas.","robots":{"index":"index","follow":"follow","max-snippet":"max-snippet:-1","max-image-preview":"max-image-preview:large","max-video-preview":"max-video-preview:-1"},"canonical":"https:\/\/uninavarra.edu.co\/en\/catedrauninavarra-2023-2\/","og_locale":"en_US","og_type":"article","og_title":"C\u00e1tedra Uninavarra 2023-2 - Uninavarra","og_description":"La C\u00e1tedra UNINAVARRA es el espacio acad\u00e9mico concebido para el desarrollo de las competencias emprendedoras de los estudiantes de la Universidad, c\u00f3mo parte del desarrollo de la filosof\u00eda institucional y de su formaci\u00f3n integral. Un proceso acad\u00e9mico y de formaci\u00f3n que privilegia el aprendizaje te\u00f3rico pr\u00e1ctico a trav\u00e9s de la filosof\u00eda del aprender \u2013 haciendo y las pedagog\u00edas activas.","og_url":"https:\/\/uninavarra.edu.co\/en\/catedrauninavarra-2023-2\/","og_site_name":"Uninavarra","article_publisher":"https:\/\/www.facebook.com\/UninavarraEduca","article_modified_time":"2025-07-28T12:54:29+00:00","og_image":[{"width":200,"height":200,"url":"https:\/\/uninavarra.edu.co\/wp-content\/uploads\/2020\/04\/CatedraUninavarra_2020_Logo.jpg","type":"image\/jpeg"}],"twitter_card":"summary_large_image","twitter_site":"@uninavarraeduca","twitter_misc":{"Est. reading time":"12 minutes"},"schema":{"@context":"https:\/\/schema.org","@graph":[{"@type":"WebPage","@id":"https:\/\/uninavarra.edu.co\/catedrauninavarra-2023-2\/","url":"https:\/\/uninavarra.edu.co\/catedrauninavarra-2023-2\/","name":"C\u00e1tedra Uninavarra 2023-2 - Uninavarra","isPartOf":{"@id":"https:\/\/uninavarra.edu.co\/#website"},"primaryImageOfPage":{"@id":"https:\/\/uninavarra.edu.co\/catedrauninavarra-2023-2\/#primaryimage"},"image":{"@id":"https:\/\/uninavarra.edu.co\/catedrauninavarra-2023-2\/#primaryimage"},"thumbnailUrl":"https:\/\/uninavarra.edu.co\/wp-content\/uploads\/2020\/04\/CatedraUninavarra_2020_Logo.jpg","datePublished":"2023-08-18T14:02:04+00:00","dateModified":"2025-07-28T12:54:29+00:00","description":"La C\u00e1tedra UNINAVARRA es el espacio acad\u00e9mico concebido para el desarrollo de las competencias emprendedoras de los estudiantes de la Universidad, c\u00f3mo parte del desarrollo de la filosof\u00eda institucional y de su formaci\u00f3n integral. Un proceso acad\u00e9mico y de formaci\u00f3n que privilegia el aprendizaje te\u00f3rico pr\u00e1ctico a trav\u00e9s de la filosof\u00eda del aprender \u2013 haciendo y las pedagog\u00edas activas.","breadcrumb":{"@id":"https:\/\/uninavarra.edu.co\/catedrauninavarra-2023-2\/#breadcrumb"},"inLanguage":"en-US","potentialAction":[{"@type":"ReadAction","target":["https:\/\/uninavarra.edu.co\/catedrauninavarra-2023-2\/"]}]},{"@type":"ImageObject","inLanguage":"en-US","@id":"https:\/\/uninavarra.edu.co\/catedrauninavarra-2023-2\/#primaryimage","url":"https:\/\/uninavarra.edu.co\/wp-content\/uploads\/2020\/04\/CatedraUninavarra_2020_Logo.jpg","contentUrl":"https:\/\/uninavarra.edu.co\/wp-content\/uploads\/2020\/04\/CatedraUninavarra_2020_Logo.jpg","width":200,"height":200},{"@type":"BreadcrumbList","@id":"https:\/\/uninavarra.edu.co\/catedrauninavarra-2023-2\/#breadcrumb","itemListElement":[{"@type":"ListItem","position":1,"name":"Home","item":"https:\/\/uninavarra.edu.co\/"},{"@type":"ListItem","position":2,"name":"C\u00e1tedra Uninavarra 2023-2"}]},{"@type":"WebSite","@id":"https:\/\/uninavarra.edu.co\/#website","url":"https:\/\/uninavarra.edu.co\/","name":"UNINAVARRA","description":"Make your desire to learn a reality","publisher":{"@id":"https:\/\/uninavarra.edu.co\/#organization"},"potentialAction":[{"@type":"SearchAction","target":{"@type":"EntryPoint","urlTemplate":"https:\/\/uninavarra.edu.co\/?s={search_term_string}"},"query-input":{"@type":"PropertyValueSpecification","valueRequired":true,"valueName":"search_term_string"}}],"inLanguage":"en-US"},{"@type":"Organization","@id":"https:\/\/uninavarra.edu.co\/#organization","name":"Navarre University Foundation - UNINAVARRA","url":"https:\/\/uninavarra.edu.co\/","logo":{"@type":"ImageObject","inLanguage":"en-US","@id":"https:\/\/uninavarra.edu.co\/#\/schema\/logo\/image\/","url":"https:\/\/uninavarra.edu.co\/wp-content\/uploads\/2024\/06\/Escudo-uninavarra-Solo.png","contentUrl":"https:\/\/uninavarra.edu.co\/wp-content\/uploads\/2024\/06\/Escudo-uninavarra-Solo.png","width":1500,"height":1401,"caption":"Fundaci\u00f3n Universitaria Navarra - UNINAVARRA"},"image":{"@id":"https:\/\/uninavarra.edu.co\/#\/schema\/logo\/image\/"},"sameAs":["https:\/\/www.facebook.com\/UninavarraEduca","https:\/\/x.com\/uninavarraeduca","https:\/\/www.instagram.com\/uninavarra\/?hl=es","https:\/\/www.linkedin.com\/in\/fundacin-universitaria-navarra-uninavarra-b41225222\/"]}]}},"_links":{"self":[{"href":"https:\/\/uninavarra.edu.co\/en\/wp-json\/wp\/v2\/pages\/64679","targetHints":{"allow":["GET"]}}],"collection":[{"href":"https:\/\/uninavarra.edu.co\/en\/wp-json\/wp\/v2\/pages"}],"about":[{"href":"https:\/\/uninavarra.edu.co\/en\/wp-json\/wp\/v2\/types\/page"}],"author":[{"embeddable":true,"href":"https:\/\/uninavarra.edu.co\/en\/wp-json\/wp\/v2\/users\/13"}],"replies":[{"embeddable":true,"href":"https:\/\/uninavarra.edu.co\/en\/wp-json\/wp\/v2\/comments?post=64679"}],"version-history":[{"count":0,"href":"https:\/\/uninavarra.edu.co\/en\/wp-json\/wp\/v2\/pages\/64679\/revisions"}],"wp:featuredmedia":[{"embeddable":true,"href":"https:\/\/uninavarra.edu.co\/en\/wp-json\/wp\/v2\/media\/24543"}],"wp:attachment":[{"href":"https:\/\/uninavarra.edu.co\/en\/wp-json\/wp\/v2\/media?parent=64679"}],"wp:term":[{"taxonomy":"category","embeddable":true,"href":"https:\/\/uninavarra.edu.co\/en\/wp-json\/wp\/v2\/categories?post=64679"},{"taxonomy":"post_tag","embeddable":true,"href":"https:\/\/uninavarra.edu.co\/en\/wp-json\/wp\/v2\/tags?post=64679"}],"curies":[{"name":"wp","href":"https:\/\/api.w.org\/{rel}","templated":true}]}}