{"id":60613,"date":"2023-04-12T21:44:22","date_gmt":"2023-04-13T02:44:22","guid":{"rendered":"https:\/\/uninavarra.edu.co\/?page_id=60613"},"modified":"2024-07-28T07:18:14","modified_gmt":"2024-07-28T12:18:14","slug":"inicio-2-3","status":"publish","type":"page","link":"https:\/\/uninavarra.edu.co\/en\/inicio-2-3\/","title":{"rendered":"Home2"},"content":{"rendered":"<div class=\"wpb-content-wrapper\"><div class=\"wpb-container \"><div class=\"container-full\"><div class=\"vc_row wpb_row vc_row-fluid row \"><div class=\"col-sm-12  vc_\">\n\t\t<div class=\"wpb_wrapper \">\n\t\t\t\n\t\t\t<!-- START Inicio REVOLUTION SLIDER 6.7.21 --><p class=\"rs-p-wp-fix\"><\/p>\n\t\t\t<rs-module-wrap id=\"rev_slider_1_1_wrapper\" data-source=\"gallery\" style=\"visibility:hidden;background:rgba(255,255,255,0);padding:0;margin:0px auto;margin-top:0;margin-bottom:0;\">\n\t\t\t\t<rs-module id=\"rev_slider_1_1\" style=\"\" data-version=\"6.7.21\">\n\t\t\t\t\t<rs-slides style=\"overflow: hidden; position: absolute;\">\n\t\t\t\t\t\t<rs-slide style=\"position: absolute;\" data-key=\"rs-668\" data-title=\"HUSAC\" data-thumb=\"\/\/uninavarra.edu.co\/wp-content\/uploads\/2016\/05\/banner-web-nuevo-jefe-Yeime.jpg\" data-anim=\"adpr:false;ms:10;\" data-in=\"o:0;\" data-out=\"a:false;\">\n\t\t\t\t\t\t\t<img decoding=\"async\" src=\"\/\/uninavarra.edu.co\/wp-content\/plugins\/revslider\/sr6\/assets\/assets\/dummy.png\" alt=\"Banner INscripciones Abiertas 2023-1\" title=\"Inicio\" class=\"rev-slidebg tp-rs-img rs-lazyload\" data-lazyload=\"\/\/uninavarra.edu.co\/wp-content\/plugins\/revslider\/sr6\/assets\/assets\/transparent.png\" data-bg=\"c:#E7E7E7;\" data-no-retina>\n<!--\n\t\t\t\t\t\t\t--><a\n\t\t\t\t\t\t\t\tid=\"slider-1-slide-668-layer-11\" \n\t\t\t\t\t\t\t\tclass=\"rs-layer\"\n\t\t\t\t\t\t\t\thref=\"https:\/\/uninavarra.edu.co\/husac\/\" target=\"_self\"\n\t\t\t\t\t\t\t\tdata-type=\"image\"\n\t\t\t\t\t\t\t\tdata-rsp_ch=\"on\"\n\t\t\t\t\t\t\t\tdata-xy=\"x:c;xo:-3px;y:c;\"\n\t\t\t\t\t\t\t\tdata-text=\"l:22;a:inherit;\"\n\t\t\t\t\t\t\t\tdata-dim=\"w:100%;h:100%;\"\n\t\t\t\t\t\t\t\tdata-frame_0=\"sX:2;sY:2;\"\n\t\t\t\t\t\t\t\tdata-frame_0_mask=\"u:t;\"\n\t\t\t\t\t\t\t\tdata-frame_1=\"e:power2.out;sp:1000;\"\n\t\t\t\t\t\t\t\tdata-frame_1_mask=\"u:t;\"\n\t\t\t\t\t\t\t\tdata-frame_999=\"o:0;e:nothing;st:w;sR:5000;\"\n\t\t\t\t\t\t\t\tstyle=\"z-index:5;\"\n\t\t\t\t\t\t\t><img fetchpriority=\"high\" decoding=\"async\" src=\"\/\/uninavarra.edu.co\/wp-content\/plugins\/revslider\/sr6\/assets\/assets\/dummy.png\" alt=\"\" class=\"tp-rs-img rs-lazyload\" width=\"1920\" height=\"571\" data-lazyload=\"\/\/uninavarra.edu.co\/wp-content\/uploads\/2026\/02\/banner-2-husac.jpg\" data-c=\"cover-proportional\" data-no-retina> \n\t\t\t\t\t\t\t<\/a><!--\n-->\t\t\t\t\t<\/rs-slide>\n\t\t\t\t\t\t<rs-slide style=\"position: absolute;\" data-key=\"rs-705\" data-title=\"Inscripciones 2026-1\" data-thumb=\"\/\/uninavarra.edu.co\/wp-content\/uploads\/2016\/05\/banner-web-nuevo-jefe-Yeime.jpg\" data-anim=\"adpr:false;ms:10;\" data-in=\"o:0;\" data-out=\"a:false;\">\n\t\t\t\t\t\t\t<img decoding=\"async\" src=\"\/\/uninavarra.edu.co\/wp-content\/plugins\/revslider\/sr6\/assets\/assets\/dummy.png\" alt=\"Banner INscripciones Abiertas 2023-1\" title=\"Inicio\" class=\"rev-slidebg tp-rs-img rs-lazyload\" data-lazyload=\"\/\/uninavarra.edu.co\/wp-content\/plugins\/revslider\/sr6\/assets\/assets\/transparent.png\" data-bg=\"c:#E7E7E7;\" data-no-retina>\n<!--\n\t\t\t\t\t\t\t--><a\n\t\t\t\t\t\t\t\tid=\"slider-1-slide-705-layer-11\" \n\t\t\t\t\t\t\t\tclass=\"rs-layer\"\n\t\t\t\t\t\t\t\thref=\"https:\/\/uninavarra.edu.co\/admisiones\/acceso-a-inscripciones\/\" target=\"_self\"\n\t\t\t\t\t\t\t\tdata-type=\"image\"\n\t\t\t\t\t\t\t\tdata-rsp_ch=\"on\"\n\t\t\t\t\t\t\t\tdata-xy=\"x:c;xo:-3px;y:c;\"\n\t\t\t\t\t\t\t\tdata-text=\"l:22;a:inherit;\"\n\t\t\t\t\t\t\t\tdata-dim=\"w:100%;h:100%;\"\n\t\t\t\t\t\t\t\tdata-frame_0=\"sX:2;sY:2;\"\n\t\t\t\t\t\t\t\tdata-frame_0_mask=\"u:t;\"\n\t\t\t\t\t\t\t\tdata-frame_1=\"e:power2.out;sp:1000;\"\n\t\t\t\t\t\t\t\tdata-frame_1_mask=\"u:t;\"\n\t\t\t\t\t\t\t\tdata-frame_999=\"o:0;e:nothing;st:w;sR:5000;\"\n\t\t\t\t\t\t\t\tstyle=\"z-index:5;\"\n\t\t\t\t\t\t\t><img decoding=\"async\" src=\"\/\/uninavarra.edu.co\/wp-content\/plugins\/revslider\/sr6\/assets\/assets\/dummy.png\" alt=\"\" class=\"tp-rs-img rs-lazyload\" width=\"1920\" height=\"571\" data-lazyload=\"\/\/uninavarra.edu.co\/wp-content\/uploads\/2026\/01\/Banner-Incripcion-GRATIS-1.png\" data-c=\"cover-proportional\" data-no-retina> \n\t\t\t\t\t\t\t<\/a><!--\n-->\t\t\t\t\t<\/rs-slide>\n\t\t\t\t\t\t<rs-slide style=\"position: absolute;\" data-key=\"rs-707\" data-title=\"Homologaciones 2026-1\" data-thumb=\"\/\/uninavarra.edu.co\/wp-content\/uploads\/2016\/05\/banner-web-nuevo-jefe-Yeime.jpg\" data-anim=\"adpr:false;ms:10;\" data-in=\"o:0;\" data-out=\"a:false;\">\n\t\t\t\t\t\t\t<img decoding=\"async\" src=\"\/\/uninavarra.edu.co\/wp-content\/plugins\/revslider\/sr6\/assets\/assets\/dummy.png\" alt=\"Banner INscripciones Abiertas 2023-1\" title=\"Inicio\" class=\"rev-slidebg tp-rs-img rs-lazyload\" data-lazyload=\"\/\/uninavarra.edu.co\/wp-content\/plugins\/revslider\/sr6\/assets\/assets\/transparent.png\" data-bg=\"c:#E7E7E7;\" data-no-retina>\n<!--\n\t\t\t\t\t\t\t--><a\n\t\t\t\t\t\t\t\tid=\"slider-1-slide-707-layer-11\" \n\t\t\t\t\t\t\t\tclass=\"rs-layer\"\n\t\t\t\t\t\t\t\thref=\"https:\/\/uninavarra.edu.co\/admisiones\/acceso-a-inscripciones\/\" target=\"_self\"\n\t\t\t\t\t\t\t\tdata-type=\"image\"\n\t\t\t\t\t\t\t\tdata-rsp_ch=\"on\"\n\t\t\t\t\t\t\t\tdata-xy=\"x:c;xo:-3px;y:c;\"\n\t\t\t\t\t\t\t\tdata-text=\"l:22;a:inherit;\"\n\t\t\t\t\t\t\t\tdata-dim=\"w:100%;h:100%;\"\n\t\t\t\t\t\t\t\tdata-frame_0=\"sX:2;sY:2;\"\n\t\t\t\t\t\t\t\tdata-frame_0_mask=\"u:t;\"\n\t\t\t\t\t\t\t\tdata-frame_1=\"e:power2.out;sp:1000;\"\n\t\t\t\t\t\t\t\tdata-frame_1_mask=\"u:t;\"\n\t\t\t\t\t\t\t\tdata-frame_999=\"o:0;e:nothing;st:w;sR:5000;\"\n\t\t\t\t\t\t\t\tstyle=\"z-index:5;\"\n\t\t\t\t\t\t\t><img decoding=\"async\" src=\"\/\/uninavarra.edu.co\/wp-content\/plugins\/revslider\/sr6\/assets\/assets\/dummy.png\" alt=\"\" class=\"tp-rs-img rs-lazyload\" width=\"1920\" height=\"571\" data-lazyload=\"\/\/uninavarra.edu.co\/wp-content\/uploads\/2026\/01\/Banner-HOMOLOGACION-1.png\" data-c=\"cover-proportional\" data-no-retina> \n\t\t\t\t\t\t\t<\/a><!--\n-->\t\t\t\t\t<\/rs-slide>\n\t\t\t\t\t\t<rs-slide style=\"position: absolute;\" data-key=\"rs-544\" data-title=\"Escalaf\u00f3n docente\" data-thumb=\"\/\/uninavarra.edu.co\/wp-content\/uploads\/2016\/05\/banner-web-nuevo-jefe-Yeime.jpg\" data-anim=\"adpr:false;ms:10;\" data-in=\"o:0;\" data-out=\"a:false;\">\n\t\t\t\t\t\t\t<img decoding=\"async\" src=\"\/\/uninavarra.edu.co\/wp-content\/plugins\/revslider\/sr6\/assets\/assets\/dummy.png\" alt=\"Banner INscripciones Abiertas 2023-1\" title=\"Inicio\" class=\"rev-slidebg tp-rs-img rs-lazyload\" data-lazyload=\"\/\/uninavarra.edu.co\/wp-content\/plugins\/revslider\/sr6\/assets\/assets\/transparent.png\" data-bg=\"c:#E7E7E7;\" data-no-retina>\n<!--\n\t\t\t\t\t\t\t--><a\n\t\t\t\t\t\t\t\tid=\"slider-1-slide-544-layer-11\" \n\t\t\t\t\t\t\t\tclass=\"rs-layer\"\n\t\t\t\t\t\t\t\thref=\"https:\/\/uninavarra.edu.co\/convocatoria-escalafon-docente-convocatoria\" target=\"_self\"\n\t\t\t\t\t\t\t\tdata-type=\"image\"\n\t\t\t\t\t\t\t\tdata-rsp_ch=\"on\"\n\t\t\t\t\t\t\t\tdata-xy=\"x:c;xo:-3px;y:c;\"\n\t\t\t\t\t\t\t\tdata-text=\"l:22;a:inherit;\"\n\t\t\t\t\t\t\t\tdata-dim=\"w:100%;h:100%;\"\n\t\t\t\t\t\t\t\tdata-frame_0=\"sX:2;sY:2;\"\n\t\t\t\t\t\t\t\tdata-frame_0_mask=\"u:t;\"\n\t\t\t\t\t\t\t\tdata-frame_1=\"e:power2.out;sp:1000;\"\n\t\t\t\t\t\t\t\tdata-frame_1_mask=\"u:t;\"\n\t\t\t\t\t\t\t\tdata-frame_999=\"o:0;e:nothing;st:w;sR:5000;\"\n\t\t\t\t\t\t\t\tstyle=\"z-index:5;\"\n\t\t\t\t\t\t\t><img loading=\"lazy\" decoding=\"async\" src=\"\/\/uninavarra.edu.co\/wp-content\/plugins\/revslider\/sr6\/assets\/assets\/dummy.png\" alt=\"\" class=\"tp-rs-img rs-lazyload\" width=\"2560\" height=\"761\" data-lazyload=\"\/\/uninavarra.edu.co\/wp-content\/uploads\/2025\/10\/ESCALAFON-2026.jpg\" data-c=\"cover-proportional\" data-no-retina> \n\t\t\t\t\t\t\t<\/a><!--\n-->\t\t\t\t\t<\/rs-slide>\n\t\t\t\t\t\t<rs-slide style=\"position: absolute;\" data-key=\"rs-543\" data-title=\"Inscripciones abiertas 2024-1\" data-thumb=\"\/\/uninavarra.edu.co\/wp-content\/uploads\/2016\/05\/banner-web-nuevo-jefe-Yeime.jpg\" data-anim=\"adpr:false;ms:10;\" data-in=\"o:0;\" data-out=\"a:false;\">\n\t\t\t\t\t\t\t<img decoding=\"async\" src=\"\/\/uninavarra.edu.co\/wp-content\/plugins\/revslider\/sr6\/assets\/assets\/dummy.png\" alt=\"Banner INscripciones Abiertas 2023-1\" title=\"Inicio\" class=\"rev-slidebg tp-rs-img rs-lazyload\" data-lazyload=\"\/\/uninavarra.edu.co\/wp-content\/plugins\/revslider\/sr6\/assets\/assets\/transparent.png\" data-bg=\"c:#E7E7E7;\" data-no-retina>\n<!--\n\t\t\t\t\t\t\t--><a\n\t\t\t\t\t\t\t\tid=\"slider-1-slide-543-layer-11\" \n\t\t\t\t\t\t\t\tclass=\"rs-layer\"\n\t\t\t\t\t\t\t\thref=\"https:\/\/uninavarra.edu.co\/admisiones\/acceso-a-inscripciones\/\" target=\"_self\"\n\t\t\t\t\t\t\t\tdata-type=\"image\"\n\t\t\t\t\t\t\t\tdata-rsp_ch=\"on\"\n\t\t\t\t\t\t\t\tdata-xy=\"x:c;xo:-3px;y:c;\"\n\t\t\t\t\t\t\t\tdata-text=\"l:22;a:inherit;\"\n\t\t\t\t\t\t\t\tdata-dim=\"w:100%;h:100%;\"\n\t\t\t\t\t\t\t\tdata-frame_0=\"sX:2;sY:2;\"\n\t\t\t\t\t\t\t\tdata-frame_0_mask=\"u:t;\"\n\t\t\t\t\t\t\t\tdata-frame_1=\"e:power2.out;sp:1000;\"\n\t\t\t\t\t\t\t\tdata-frame_1_mask=\"u:t;\"\n\t\t\t\t\t\t\t\tdata-frame_999=\"o:0;e:nothing;st:w;sR:5000;\"\n\t\t\t\t\t\t\t\tstyle=\"z-index:5;\"\n\t\t\t\t\t\t\t><img loading=\"lazy\" decoding=\"async\" src=\"\/\/uninavarra.edu.co\/wp-content\/plugins\/revslider\/sr6\/assets\/assets\/dummy.png\" alt=\"\" class=\"tp-rs-img rs-lazyload\" width=\"1920\" height=\"571\" data-lazyload=\"\/\/uninavarra.edu.co\/wp-content\/uploads\/2026\/03\/Inscripciones-2026-2.jpg.jpeg\" data-c=\"cover-proportional\" data-no-retina> \n\t\t\t\t\t\t\t<\/a><!--\n-->\t\t\t\t\t<\/rs-slide>\n\t\t\t\t\t\t<rs-slide style=\"position: absolute;\" data-key=\"rs-661\" data-title=\"Especializaci\u00f3n Medicina Interna\" data-thumb=\"\/\/uninavarra.edu.co\/wp-content\/uploads\/2016\/05\/banner-web-nuevo-jefe-Yeime.jpg\" data-anim=\"adpr:false;ms:10;\" data-in=\"o:0;\" data-out=\"a:false;\">\n\t\t\t\t\t\t\t<img decoding=\"async\" src=\"\/\/uninavarra.edu.co\/wp-content\/plugins\/revslider\/sr6\/assets\/assets\/dummy.png\" alt=\"Banner INscripciones Abiertas 2023-1\" title=\"Inicio\" class=\"rev-slidebg tp-rs-img rs-lazyload\" data-lazyload=\"\/\/uninavarra.edu.co\/wp-content\/plugins\/revslider\/sr6\/assets\/assets\/transparent.png\" data-bg=\"c:#E7E7E7;\" data-no-retina>\n<!--\n\t\t\t\t\t\t\t--><rs-layer\n\t\t\t\t\t\t\t\tid=\"slider-1-slide-661-layer-11\" \n\t\t\t\t\t\t\t\tdata-type=\"image\"\n\t\t\t\t\t\t\t\tdata-rsp_ch=\"on\"\n\t\t\t\t\t\t\t\tdata-xy=\"x:c;xo:-3px;y:c;\"\n\t\t\t\t\t\t\t\tdata-text=\"l:22;a:inherit;\"\n\t\t\t\t\t\t\t\tdata-dim=\"w:100%;h:100%;\"\n\t\t\t\t\t\t\t\tdata-frame_0=\"sX:2;sY:2;\"\n\t\t\t\t\t\t\t\tdata-frame_0_mask=\"u:t;\"\n\t\t\t\t\t\t\t\tdata-frame_1=\"e:power2.out;sp:1000;\"\n\t\t\t\t\t\t\t\tdata-frame_1_mask=\"u:t;\"\n\t\t\t\t\t\t\t\tdata-frame_999=\"o:0;e:nothing;st:w;sR:5000;\"\n\t\t\t\t\t\t\t\tstyle=\"z-index:5;\"\n\t\t\t\t\t\t\t><img loading=\"lazy\" decoding=\"async\" src=\"\/\/uninavarra.edu.co\/wp-content\/plugins\/revslider\/sr6\/assets\/assets\/dummy.png\" alt=\"\" class=\"tp-rs-img rs-lazyload\" width=\"1920\" height=\"571\" data-lazyload=\"\/\/uninavarra.edu.co\/wp-content\/uploads\/2026\/03\/banner-pagina-web-Posgrados-Medicina-Interna.jpg\" data-c=\"cover-proportional\" data-no-retina> \n\t\t\t\t\t\t\t<\/rs-layer><!--\n-->\t\t\t\t\t<\/rs-slide>\n\t\t\t\t\t\t<rs-slide style=\"position: absolute;\" data-key=\"rs-662\" data-title=\"Acreditaci\u00f3n de Alta Calidad\" data-thumb=\"\/\/uninavarra.edu.co\/wp-content\/uploads\/2016\/05\/banner-web-nuevo-jefe-Yeime.jpg\" data-anim=\"adpr:false;ms:10;\" data-in=\"o:0;\" data-out=\"a:false;\">\n\t\t\t\t\t\t\t<img decoding=\"async\" src=\"\/\/uninavarra.edu.co\/wp-content\/plugins\/revslider\/sr6\/assets\/assets\/dummy.png\" alt=\"Banner INscripciones Abiertas 2023-1\" title=\"Inicio\" class=\"rev-slidebg tp-rs-img rs-lazyload\" data-lazyload=\"\/\/uninavarra.edu.co\/wp-content\/plugins\/revslider\/sr6\/assets\/assets\/transparent.png\" data-bg=\"c:#E7E7E7;\" data-no-retina>\n<!--\n\t\t\t\t\t\t\t--><rs-layer\n\t\t\t\t\t\t\t\tid=\"slider-1-slide-662-layer-11\" \n\t\t\t\t\t\t\t\tdata-type=\"image\"\n\t\t\t\t\t\t\t\tdata-rsp_ch=\"on\"\n\t\t\t\t\t\t\t\tdata-xy=\"x:c;xo:-3px;y:c;\"\n\t\t\t\t\t\t\t\tdata-text=\"l:22;a:inherit;\"\n\t\t\t\t\t\t\t\tdata-dim=\"w:100%;h:100%;\"\n\t\t\t\t\t\t\t\tdata-frame_0=\"sX:2;sY:2;\"\n\t\t\t\t\t\t\t\tdata-frame_0_mask=\"u:t;\"\n\t\t\t\t\t\t\t\tdata-frame_1=\"e:power2.out;sp:1000;\"\n\t\t\t\t\t\t\t\tdata-frame_1_mask=\"u:t;\"\n\t\t\t\t\t\t\t\tdata-frame_999=\"o:0;e:nothing;st:w;sR:5000;\"\n\t\t\t\t\t\t\t\tstyle=\"z-index:5;\"\n\t\t\t\t\t\t\t><img loading=\"lazy\" decoding=\"async\" src=\"\/\/uninavarra.edu.co\/wp-content\/plugins\/revslider\/sr6\/assets\/assets\/dummy.png\" alt=\"\" class=\"tp-rs-img rs-lazyload\" width=\"1920\" height=\"571\" data-lazyload=\"\/\/uninavarra.edu.co\/wp-content\/uploads\/2026\/02\/Acreditacion-alta-calidad-medicina-2026-1.png\" data-c=\"cover-proportional\" data-no-retina> \n\t\t\t\t\t\t\t<\/rs-layer><!--\n-->\t\t\t\t\t<\/rs-slide>\n\t\t\t\t\t\t<rs-slide style=\"position: absolute;\" data-key=\"rs-541\" data-title=\"Acreditaci\u00f3n\" data-thumb=\"\/\/uninavarra.edu.co\/wp-content\/uploads\/2016\/05\/banner-web-nuevo-jefe-Yeime.jpg\" data-anim=\"adpr:false;ms:10;\" data-in=\"o:0;\" data-out=\"a:false;\">\n\t\t\t\t\t\t\t<img decoding=\"async\" src=\"\/\/uninavarra.edu.co\/wp-content\/plugins\/revslider\/sr6\/assets\/assets\/dummy.png\" alt=\"Banner INscripciones Abiertas 2023-1\" title=\"Inicio\" class=\"rev-slidebg tp-rs-img rs-lazyload\" data-lazyload=\"\/\/uninavarra.edu.co\/wp-content\/plugins\/revslider\/sr6\/assets\/assets\/transparent.png\" data-bg=\"c:#E7E7E7;\" data-no-retina>\n<!--\n\t\t\t\t\t\t\t--><a\n\t\t\t\t\t\t\t\tid=\"slider-1-slide-541-layer-11\" \n\t\t\t\t\t\t\t\tclass=\"rs-layer\"\n\t\t\t\t\t\t\t\thref=\"https:\/\/uninavarra.edu.co\/aseguramiento-de-la-calidad\/instrumentos-de-autoevaluacion\/\" target=\"_self\"\n\t\t\t\t\t\t\t\tdata-type=\"image\"\n\t\t\t\t\t\t\t\tdata-rsp_ch=\"on\"\n\t\t\t\t\t\t\t\tdata-xy=\"x:c;xo:-3px;y:c;\"\n\t\t\t\t\t\t\t\tdata-text=\"l:22;a:inherit;\"\n\t\t\t\t\t\t\t\tdata-dim=\"w:100%;h:100%;\"\n\t\t\t\t\t\t\t\tdata-frame_0=\"sX:2;sY:2;\"\n\t\t\t\t\t\t\t\tdata-frame_0_mask=\"u:t;\"\n\t\t\t\t\t\t\t\tdata-frame_1=\"e:power2.out;sp:1000;\"\n\t\t\t\t\t\t\t\tdata-frame_1_mask=\"u:t;\"\n\t\t\t\t\t\t\t\tdata-frame_999=\"o:0;e:nothing;st:w;sR:5000;\"\n\t\t\t\t\t\t\t\tstyle=\"z-index:5;\"\n\t\t\t\t\t\t\t><img loading=\"lazy\" decoding=\"async\" src=\"\/\/uninavarra.edu.co\/wp-content\/plugins\/revslider\/sr6\/assets\/assets\/dummy.png\" alt=\"BANNER ACREDITACI\u00d3Nai_Mesa de trabajo 1\" class=\"tp-rs-img rs-lazyload\" width=\"1536\" height=\"457\" data-lazyload=\"\/\/uninavarra.edu.co\/wp-content\/uploads\/2023\/08\/BANNER-ACREDITACIONai_Mesa-de-trabajo-1-1536x457.jpg\" data-c=\"cover-proportional\" data-no-retina> \n\t\t\t\t\t\t\t<\/a><!--\n-->\t\t\t\t\t<\/rs-slide>\n\t\t\t\t\t\t<rs-slide style=\"position: absolute;\" data-key=\"rs-462\" data-title=\"Medicina Familiar \" data-thumb=\"\/\/uninavarra.edu.co\/wp-content\/uploads\/2016\/05\/banner-web-nuevo-jefe-Yeime.jpg\" data-anim=\"adpr:false;ms:10;\" data-in=\"o:0;\" data-out=\"a:false;\">\n\t\t\t\t\t\t\t<img decoding=\"async\" src=\"\/\/uninavarra.edu.co\/wp-content\/plugins\/revslider\/sr6\/assets\/assets\/dummy.png\" alt=\"Banner INscripciones Abiertas 2023-1\" title=\"Inicio\" class=\"rev-slidebg tp-rs-img rs-lazyload\" data-lazyload=\"\/\/uninavarra.edu.co\/wp-content\/plugins\/revslider\/sr6\/assets\/assets\/transparent.png\" data-bg=\"c:#E7E7E7;\" data-no-retina>\n<!--\n\t\t\t\t\t\t\t--><a\n\t\t\t\t\t\t\t\tid=\"slider-1-slide-462-layer-11\" \n\t\t\t\t\t\t\t\tclass=\"rs-layer\"\n\t\t\t\t\t\t\t\thref=\"https:\/\/uninavarra.edu.co\/especializacion-medicina-familiar\/\" target=\"_self\"\n\t\t\t\t\t\t\t\tdata-type=\"image\"\n\t\t\t\t\t\t\t\tdata-rsp_ch=\"on\"\n\t\t\t\t\t\t\t\tdata-xy=\"x:c;xo:-54px;y:c;yo:-3px;\"\n\t\t\t\t\t\t\t\tdata-text=\"l:22;a:inherit;\"\n\t\t\t\t\t\t\t\tdata-dim=\"w:100%;h:100%;\"\n\t\t\t\t\t\t\t\tdata-frame_0=\"sX:2;sY:2;\"\n\t\t\t\t\t\t\t\tdata-frame_0_mask=\"u:t;\"\n\t\t\t\t\t\t\t\tdata-frame_1=\"e:power2.out;sp:1000;\"\n\t\t\t\t\t\t\t\tdata-frame_1_mask=\"u:t;\"\n\t\t\t\t\t\t\t\tdata-frame_999=\"o:0;e:nothing;st:w;sR:5000;\"\n\t\t\t\t\t\t\t\tstyle=\"z-index:5;\"\n\t\t\t\t\t\t\t><img loading=\"lazy\" decoding=\"async\" src=\"\/\/uninavarra.edu.co\/wp-content\/plugins\/revslider\/sr6\/assets\/assets\/dummy.png\" alt=\"\" class=\"tp-rs-img rs-lazyload\" width=\"1920\" height=\"571\" data-lazyload=\"\/\/uninavarra.edu.co\/wp-content\/uploads\/2026\/03\/banner-pagina-web-Posgrados-Medicina-Familiar.jpg\" data-c=\"cover-proportional\" data-no-retina> \n\t\t\t\t\t\t\t<\/a><!--\n-->\t\t\t\t\t<\/rs-slide>\n\t\t\t\t\t\t<rs-slide style=\"position: absolute;\" data-key=\"rs-38\" data-title=\"Medicina Programa\" data-thumb=\"\/\/uninavarra.edu.co\/wp-content\/uploads\/2016\/05\/banner-web-nuevo-jefe-Yeime.jpg\" data-anim=\"adpr:false;ms:10;\" data-in=\"o:0;\" data-out=\"a:false;\">\n\t\t\t\t\t\t\t<img decoding=\"async\" src=\"\/\/uninavarra.edu.co\/wp-content\/plugins\/revslider\/sr6\/assets\/assets\/dummy.png\" alt=\"Medicina Programa\" title=\"Inicio\" class=\"rev-slidebg tp-rs-img rs-lazyload\" data-lazyload=\"\/\/uninavarra.edu.co\/wp-content\/plugins\/revslider\/sr6\/assets\/assets\/transparent.png\" data-bg=\"c:#E7E7E7;\" data-no-retina>\n<!--\n\t\t\t\t\t\t\t--><a\n\t\t\t\t\t\t\t\tid=\"slider-1-slide-38-layer-11\" \n\t\t\t\t\t\t\t\tclass=\"rs-layer\"\n\t\t\t\t\t\t\t\thref=\"https:\/\/uninavarra.edu.co\/landing\/medicina\/\" target=\"_self\"\n\t\t\t\t\t\t\t\tdata-type=\"image\"\n\t\t\t\t\t\t\t\tdata-rsp_ch=\"on\"\n\t\t\t\t\t\t\t\tdata-xy=\"x:c;xo:-13px;y:c;\"\n\t\t\t\t\t\t\t\tdata-text=\"l:22;a:inherit;\"\n\t\t\t\t\t\t\t\tdata-dim=\"w:100%;h:100%;\"\n\t\t\t\t\t\t\t\tdata-frame_0=\"sX:2;sY:2;\"\n\t\t\t\t\t\t\t\tdata-frame_0_mask=\"u:t;\"\n\t\t\t\t\t\t\t\tdata-frame_1=\"e:power2.out;sp:1000;\"\n\t\t\t\t\t\t\t\tdata-frame_1_mask=\"u:t;\"\n\t\t\t\t\t\t\t\tdata-frame_999=\"o:0;e:nothing;st:w;sR:5000;\"\n\t\t\t\t\t\t\t\tstyle=\"z-index:5;\"\n\t\t\t\t\t\t\t><img loading=\"lazy\" decoding=\"async\" src=\"\/\/uninavarra.edu.co\/wp-content\/plugins\/revslider\/sr6\/assets\/assets\/dummy.png\" alt=\"\" class=\"tp-rs-img rs-lazyload\" width=\"1920\" height=\"571\" data-lazyload=\"\/\/uninavarra.edu.co\/wp-content\/uploads\/2026\/03\/banner-pagina-web-medicina-2026.jpg\" data-c=\"cover-proportional\" data-no-retina> \n\t\t\t\t\t\t\t<\/a><!--\n-->\t\t\t\t\t<\/rs-slide>\n\t\t\t\t\t\t<rs-slide style=\"position: absolute;\" data-key=\"rs-677\" data-title=\"Biolog\u00eda Programa\" data-thumb=\"\/\/uninavarra.edu.co\/wp-content\/uploads\/2016\/05\/banner-web-nuevo-jefe-Yeime.jpg\" data-anim=\"adpr:false;ms:10;\" data-in=\"o:0;\" data-out=\"a:false;\">\n\t\t\t\t\t\t\t<img decoding=\"async\" src=\"\/\/uninavarra.edu.co\/wp-content\/plugins\/revslider\/sr6\/assets\/assets\/dummy.png\" alt=\"Biolog\u00eda Programa\" title=\"Inicio\" class=\"rev-slidebg tp-rs-img rs-lazyload\" data-lazyload=\"\/\/uninavarra.edu.co\/wp-content\/plugins\/revslider\/sr6\/assets\/assets\/transparent.png\" data-bg=\"c:#E7E7E7;\" data-no-retina>\n<!--\n\t\t\t\t\t\t\t--><a\n\t\t\t\t\t\t\t\tid=\"slider-1-slide-677-layer-11\" \n\t\t\t\t\t\t\t\tclass=\"rs-layer\"\n\t\t\t\t\t\t\t\thref=\"https:\/\/uninavarra.edu.co\/landing\/biologia\/\" target=\"_self\"\n\t\t\t\t\t\t\t\tdata-type=\"image\"\n\t\t\t\t\t\t\t\tdata-rsp_ch=\"on\"\n\t\t\t\t\t\t\t\tdata-xy=\"x:c;xo:-13px;y:c;\"\n\t\t\t\t\t\t\t\tdata-text=\"l:22;a:inherit;\"\n\t\t\t\t\t\t\t\tdata-dim=\"w:100%;h:100%;\"\n\t\t\t\t\t\t\t\tdata-frame_0=\"sX:2;sY:2;\"\n\t\t\t\t\t\t\t\tdata-frame_0_mask=\"u:t;\"\n\t\t\t\t\t\t\t\tdata-frame_1=\"e:power2.out;sp:1000;\"\n\t\t\t\t\t\t\t\tdata-frame_1_mask=\"u:t;\"\n\t\t\t\t\t\t\t\tdata-frame_999=\"o:0;e:nothing;st:w;sR:5000;\"\n\t\t\t\t\t\t\t\tstyle=\"z-index:5;\"\n\t\t\t\t\t\t\t><img loading=\"lazy\" decoding=\"async\" src=\"\/\/uninavarra.edu.co\/wp-content\/plugins\/revslider\/sr6\/assets\/assets\/dummy.png\" alt=\"\" class=\"tp-rs-img rs-lazyload\" width=\"1920\" height=\"571\" data-lazyload=\"\/\/uninavarra.edu.co\/wp-content\/uploads\/2026\/03\/banner-pagina-web-Biologia-2026.jpg\" data-c=\"cover-proportional\" data-no-retina> \n\t\t\t\t\t\t\t<\/a><!--\n-->\t\t\t\t\t<\/rs-slide>\n\t\t\t\t\t\t<rs-slide style=\"position: absolute;\" data-key=\"rs-39\" data-title=\"Enfermeria Programa\" data-thumb=\"\/\/uninavarra.edu.co\/wp-content\/uploads\/2016\/05\/banner-web-nuevo-jefe-Yeime.jpg\" data-anim=\"adpr:false;ms:10;\" data-in=\"o:0;\" data-out=\"a:false;\">\n\t\t\t\t\t\t\t<img decoding=\"async\" src=\"\/\/uninavarra.edu.co\/wp-content\/plugins\/revslider\/sr6\/assets\/assets\/dummy.png\" alt=\"Enfermeria Programa\" title=\"Inicio\" class=\"rev-slidebg tp-rs-img rs-lazyload\" data-lazyload=\"\/\/uninavarra.edu.co\/wp-content\/plugins\/revslider\/sr6\/assets\/assets\/transparent.png\" data-bg=\"c:#ffffff;\" data-no-retina>\n<!--\n\t\t\t\t\t\t\t--><a\n\t\t\t\t\t\t\t\tid=\"slider-1-slide-39-layer-10\" \n\t\t\t\t\t\t\t\tclass=\"rs-layer\"\n\t\t\t\t\t\t\t\thref=\"https:\/\/uninavarra.edu.co\/landing\/enfermeria\/\" target=\"_self\"\n\t\t\t\t\t\t\t\tdata-type=\"image\"\n\t\t\t\t\t\t\t\tdata-rsp_ch=\"on\"\n\t\t\t\t\t\t\t\tdata-xy=\"x:c;xo:-3px;y:c;\"\n\t\t\t\t\t\t\t\tdata-text=\"l:22;a:inherit;\"\n\t\t\t\t\t\t\t\tdata-dim=\"w:100%;h:100%;\"\n\t\t\t\t\t\t\t\tdata-frame_0=\"sX:2;sY:2;\"\n\t\t\t\t\t\t\t\tdata-frame_0_mask=\"u:t;\"\n\t\t\t\t\t\t\t\tdata-frame_1=\"e:power2.out;sp:1000;\"\n\t\t\t\t\t\t\t\tdata-frame_1_mask=\"u:t;\"\n\t\t\t\t\t\t\t\tdata-frame_999=\"o:0;e:default;st:w;sR:4500;\"\n\t\t\t\t\t\t\t\tstyle=\"z-index:8;\"\n\t\t\t\t\t\t\t><img loading=\"lazy\" decoding=\"async\" src=\"\/\/uninavarra.edu.co\/wp-content\/plugins\/revslider\/sr6\/assets\/assets\/dummy.png\" alt=\"\" class=\"tp-rs-img rs-lazyload\" width=\"1920\" height=\"571\" data-lazyload=\"\/\/uninavarra.edu.co\/wp-content\/uploads\/2026\/03\/banner-pagina-web-Enfermeria-2026.jpg\" data-c=\"cover-proportional\" data-no-retina> \n\t\t\t\t\t\t\t<\/a><!--\n-->\t\t\t\t\t<\/rs-slide>\n\t\t\t\t\t\t<rs-slide style=\"position: absolute;\" data-key=\"rs-40\" data-title=\"Derecho Prog\" data-thumb=\"\/\/uninavarra.edu.co\/wp-content\/uploads\/2016\/05\/banner-web-nuevo-jefe-Yeime.jpg\" data-anim=\"adpr:false;ms:10;\" data-in=\"o:0;\" data-out=\"a:false;\">\n\t\t\t\t\t\t\t<img decoding=\"async\" src=\"\/\/uninavarra.edu.co\/wp-content\/plugins\/revslider\/sr6\/assets\/assets\/dummy.png\" alt=\"Derecho Prog\" title=\"Inicio\" class=\"rev-slidebg tp-rs-img rs-lazyload\" data-lazyload=\"\/\/uninavarra.edu.co\/wp-content\/plugins\/revslider\/sr6\/assets\/assets\/transparent.png\" data-bg=\"c:#E7E7E7;\" data-no-retina>\n<!--\n\t\t\t\t\t\t\t--><a\n\t\t\t\t\t\t\t\tid=\"slider-1-slide-40-layer-12\" \n\t\t\t\t\t\t\t\tclass=\"rs-layer\"\n\t\t\t\t\t\t\t\thref=\"https:\/\/uninavarra.edu.co\/landing\/derecho\/\" target=\"_self\"\n\t\t\t\t\t\t\t\tdata-type=\"image\"\n\t\t\t\t\t\t\t\tdata-rsp_ch=\"on\"\n\t\t\t\t\t\t\t\tdata-xy=\"x:c;y:c;\"\n\t\t\t\t\t\t\t\tdata-text=\"l:22;a:inherit;\"\n\t\t\t\t\t\t\t\tdata-dim=\"w:100%;h:100%;\"\n\t\t\t\t\t\t\t\tdata-frame_0=\"sX:2;sY:2;\"\n\t\t\t\t\t\t\t\tdata-frame_0_mask=\"u:t;\"\n\t\t\t\t\t\t\t\tdata-frame_1=\"e:power2.out;sp:1000;\"\n\t\t\t\t\t\t\t\tdata-frame_1_mask=\"u:t;\"\n\t\t\t\t\t\t\t\tdata-frame_999=\"o:0;st:w;sR:4500;\"\n\t\t\t\t\t\t\t\tstyle=\"z-index:5;\"\n\t\t\t\t\t\t\t><img loading=\"lazy\" decoding=\"async\" src=\"\/\/uninavarra.edu.co\/wp-content\/plugins\/revslider\/sr6\/assets\/assets\/dummy.png\" alt=\"\" class=\"tp-rs-img rs-lazyload\" width=\"1920\" height=\"571\" data-lazyload=\"\/\/uninavarra.edu.co\/wp-content\/uploads\/2026\/03\/banner-pagina-web-Derecho-2026.jpg\" data-c=\"cover-proportional\" data-no-retina> \n\t\t\t\t\t\t\t<\/a><!--\n-->\t\t\t\t\t<\/rs-slide>\n\t\t\t\t\t\t<rs-slide style=\"position: absolute;\" data-key=\"rs-41\" data-title=\"Radiologia Prog\" data-thumb=\"\/\/uninavarra.edu.co\/wp-content\/uploads\/2016\/05\/banner-web-nuevo-jefe-Yeime.jpg\" data-anim=\"adpr:false;ms:10;\" data-in=\"o:0;\" data-out=\"a:false;\">\n\t\t\t\t\t\t\t<img decoding=\"async\" src=\"\/\/uninavarra.edu.co\/wp-content\/plugins\/revslider\/sr6\/assets\/assets\/dummy.png\" alt=\"Radiologia Prog\" title=\"Inicio\" class=\"rev-slidebg tp-rs-img rs-lazyload\" data-lazyload=\"\/\/uninavarra.edu.co\/wp-content\/plugins\/revslider\/sr6\/assets\/assets\/transparent.png\" data-bg=\"c:#E7E7E7;\" data-no-retina>\n<!--\n\t\t\t\t\t\t\t--><a\n\t\t\t\t\t\t\t\tid=\"slider-1-slide-41-layer-13\" \n\t\t\t\t\t\t\t\tclass=\"rs-layer\"\n\t\t\t\t\t\t\t\thref=\"https:\/\/uninavarra.edu.co\/landing\/radiologia-e-imagenes-diagnosticas\/\" target=\"_self\"\n\t\t\t\t\t\t\t\tdata-type=\"image\"\n\t\t\t\t\t\t\t\tdata-rsp_ch=\"on\"\n\t\t\t\t\t\t\t\tdata-xy=\"x:c;y:c;\"\n\t\t\t\t\t\t\t\tdata-text=\"l:22;a:inherit;\"\n\t\t\t\t\t\t\t\tdata-dim=\"w:100%;h:100%;\"\n\t\t\t\t\t\t\t\tdata-frame_0=\"sX:2;sY:2;\"\n\t\t\t\t\t\t\t\tdata-frame_0_mask=\"u:t;\"\n\t\t\t\t\t\t\t\tdata-frame_1=\"e:power2.out;sp:1000;\"\n\t\t\t\t\t\t\t\tdata-frame_1_mask=\"u:t;\"\n\t\t\t\t\t\t\t\tdata-frame_999=\"o:0;st:w;sR:5700;\"\n\t\t\t\t\t\t\t\tstyle=\"z-index:5;\"\n\t\t\t\t\t\t\t><img loading=\"lazy\" decoding=\"async\" src=\"\/\/uninavarra.edu.co\/wp-content\/plugins\/revslider\/sr6\/assets\/assets\/dummy.png\" alt=\"\" class=\"tp-rs-img rs-lazyload\" width=\"1920\" height=\"571\" data-lazyload=\"\/\/uninavarra.edu.co\/wp-content\/uploads\/2026\/03\/banner-pagina-web-radiologia-2026.jpg\" data-c=\"cover-proportional\" data-no-retina> \n\t\t\t\t\t\t\t<\/a><!--\n-->\t\t\t\t\t<\/rs-slide>\n\t\t\t\t\t\t<rs-slide style=\"position: absolute;\" data-key=\"rs-550\" data-title=\"Ingenier\u00eda Industrial\" data-thumb=\"\/\/uninavarra.edu.co\/wp-content\/uploads\/2016\/05\/banner-web-nuevo-jefe-Yeime.jpg\" data-anim=\"adpr:false;ms:10;\" data-in=\"o:0;\" data-out=\"a:false;\">\n\t\t\t\t\t\t\t<img decoding=\"async\" src=\"\/\/uninavarra.edu.co\/wp-content\/plugins\/revslider\/sr6\/assets\/assets\/dummy.png\" alt=\"Banner INscripciones Abiertas 2023-1\" title=\"Inicio\" class=\"rev-slidebg tp-rs-img rs-lazyload\" data-lazyload=\"\/\/uninavarra.edu.co\/wp-content\/plugins\/revslider\/sr6\/assets\/assets\/transparent.png\" data-bg=\"c:#E7E7E7;\" data-no-retina>\n<!--\n\t\t\t\t\t\t\t--><a\n\t\t\t\t\t\t\t\tid=\"slider-1-slide-550-layer-11\" \n\t\t\t\t\t\t\t\tclass=\"rs-layer\"\n\t\t\t\t\t\t\t\thref=\"https:\/\/uninavarra.edu.co\/landing\/ingenieria-industrial\/\" target=\"_self\"\n\t\t\t\t\t\t\t\tdata-type=\"image\"\n\t\t\t\t\t\t\t\tdata-rsp_ch=\"on\"\n\t\t\t\t\t\t\t\tdata-xy=\"x:c;xo:-3px;y:c;\"\n\t\t\t\t\t\t\t\tdata-text=\"l:22;a:inherit;\"\n\t\t\t\t\t\t\t\tdata-dim=\"w:100%;h:100%;\"\n\t\t\t\t\t\t\t\tdata-frame_0=\"sX:2;sY:2;\"\n\t\t\t\t\t\t\t\tdata-frame_0_mask=\"u:t;\"\n\t\t\t\t\t\t\t\tdata-frame_1=\"e:power2.out;sp:1000;\"\n\t\t\t\t\t\t\t\tdata-frame_1_mask=\"u:t;\"\n\t\t\t\t\t\t\t\tdata-frame_999=\"o:0;e:nothing;st:w;sR:5000;\"\n\t\t\t\t\t\t\t\tstyle=\"z-index:5;\"\n\t\t\t\t\t\t\t><img loading=\"lazy\" decoding=\"async\" src=\"\/\/uninavarra.edu.co\/wp-content\/plugins\/revslider\/sr6\/assets\/assets\/dummy.png\" alt=\"\" class=\"tp-rs-img rs-lazyload\" width=\"1920\" height=\"571\" data-lazyload=\"\/\/uninavarra.edu.co\/wp-content\/uploads\/2026\/03\/banner-pagina-web-Ing.-industrial-2026.jpg\" data-c=\"cover-proportional\" data-no-retina> \n\t\t\t\t\t\t\t<\/a><!--\n-->\t\t\t\t\t<\/rs-slide>\n\t\t\t\t\t\t<rs-slide style=\"position: absolute;\" data-key=\"rs-42\" data-title=\"Ambiental Prog\" data-thumb=\"\/\/uninavarra.edu.co\/wp-content\/uploads\/2016\/05\/banner-web-nuevo-jefe-Yeime.jpg\" data-anim=\"adpr:false;ms:10;\" data-in=\"o:0;\" data-out=\"a:false;\">\n\t\t\t\t\t\t\t<img decoding=\"async\" src=\"\/\/uninavarra.edu.co\/wp-content\/plugins\/revslider\/sr6\/assets\/assets\/dummy.png\" alt=\"Ambiental Prog\" title=\"Inicio\" class=\"rev-slidebg tp-rs-img rs-lazyload\" data-lazyload=\"\/\/uninavarra.edu.co\/wp-content\/plugins\/revslider\/sr6\/assets\/assets\/transparent.png\" data-bg=\"c:#E7E7E7;\" data-no-retina>\n<!--\n\t\t\t\t\t\t\t--><a\n\t\t\t\t\t\t\t\tid=\"slider-1-slide-42-layer-12\" \n\t\t\t\t\t\t\t\tclass=\"rs-layer\"\n\t\t\t\t\t\t\t\thref=\"https:\/\/uninavarra.edu.co\/landing\/ingenieria-ambiental\/\" target=\"_self\"\n\t\t\t\t\t\t\t\tdata-type=\"image\"\n\t\t\t\t\t\t\t\tdata-rsp_ch=\"on\"\n\t\t\t\t\t\t\t\tdata-xy=\"x:c;y:c;\"\n\t\t\t\t\t\t\t\tdata-text=\"l:22;a:inherit;\"\n\t\t\t\t\t\t\t\tdata-dim=\"w:100%;h:100%;\"\n\t\t\t\t\t\t\t\tdata-frame_0=\"sX:2;sY:2;\"\n\t\t\t\t\t\t\t\tdata-frame_0_mask=\"u:t;\"\n\t\t\t\t\t\t\t\tdata-frame_1=\"e:power2.out;sp:1000;\"\n\t\t\t\t\t\t\t\tdata-frame_1_mask=\"u:t;\"\n\t\t\t\t\t\t\t\tdata-frame_999=\"o:0;st:w;sR:5000;\"\n\t\t\t\t\t\t\t\tstyle=\"z-index:5;\"\n\t\t\t\t\t\t\t><img loading=\"lazy\" decoding=\"async\" src=\"\/\/uninavarra.edu.co\/wp-content\/plugins\/revslider\/sr6\/assets\/assets\/dummy.png\" alt=\"\" class=\"tp-rs-img rs-lazyload\" width=\"1920\" height=\"571\" data-lazyload=\"\/\/uninavarra.edu.co\/wp-content\/uploads\/2026\/03\/banner-pagina-web-Ing.ambiental-2026.jpg\" data-c=\"cover-proportional\" data-no-retina> \n\t\t\t\t\t\t\t<\/a><!--\n-->\t\t\t\t\t<\/rs-slide>\n\t\t\t\t\t\t<rs-slide style=\"position: absolute;\" data-key=\"rs-52\" data-title=\"Administracion Prog\" data-anim=\"adpr:false;ms:200;\" data-in=\"o:0;x:(100%);\" data-out=\"a:false;\">\n\t\t\t\t\t\t\t<img decoding=\"async\" src=\"\/\/uninavarra.edu.co\/wp-content\/plugins\/revslider\/sr6\/assets\/assets\/dummy.png\" alt=\"Administracion Prog\" title=\"Inicio\" class=\"rev-slidebg tp-rs-img rs-lazyload\" data-lazyload=\"\/\/uninavarra.edu.co\/wp-content\/plugins\/revslider\/sr6\/assets\/assets\/transparent.png\" data-bg=\"c:#E7E7E7;\" data-no-retina>\n<!--\n\t\t\t\t\t\t\t--><a\n\t\t\t\t\t\t\t\tid=\"slider-1-slide-52-layer-8\" \n\t\t\t\t\t\t\t\tclass=\"rs-layer\"\n\t\t\t\t\t\t\t\thref=\"https:\/\/uninavarra.edu.co\/landing\/administracion-de-empresas\/\" target=\"_self\"\n\t\t\t\t\t\t\t\tdata-type=\"image\"\n\t\t\t\t\t\t\t\tdata-rsp_ch=\"on\"\n\t\t\t\t\t\t\t\tdata-xy=\"x:c;y:c;\"\n\t\t\t\t\t\t\t\tdata-text=\"l:22;a:inherit;\"\n\t\t\t\t\t\t\t\tdata-dim=\"w:100%;h:100%;\"\n\t\t\t\t\t\t\t\tdata-frame_0=\"sX:2;sY:2;\"\n\t\t\t\t\t\t\t\tdata-frame_0_mask=\"u:t;\"\n\t\t\t\t\t\t\t\tdata-frame_1=\"e:power2.out;sp:1000;\"\n\t\t\t\t\t\t\t\tdata-frame_1_mask=\"u:t;\"\n\t\t\t\t\t\t\t\tdata-frame_999=\"o:0;st:w;sR:5700;\"\n\t\t\t\t\t\t\t\tstyle=\"z-index:5;\"\n\t\t\t\t\t\t\t><img loading=\"lazy\" decoding=\"async\" src=\"\/\/uninavarra.edu.co\/wp-content\/plugins\/revslider\/sr6\/assets\/assets\/dummy.png\" alt=\"\" class=\"tp-rs-img rs-lazyload\" width=\"1920\" height=\"571\" data-lazyload=\"\/\/uninavarra.edu.co\/wp-content\/uploads\/2026\/03\/banner-pagina-web-Adm.-empresas-2026.jpg\" data-c=\"cover-proportional\" data-no-retina> \n\t\t\t\t\t\t\t<\/a><!--\n-->\t\t\t\t\t<\/rs-slide>\n\t\t\t\t\t\t<rs-slide style=\"position: absolute;\" data-key=\"rs-84\" data-title=\"CIDH Esp\" data-link=\"\/\/uninavarra.edu.co\/especializacion-en-derecho-constitucional-y-sistema-interamericano-de-derechos-humanos\/\" data-tag=\"l\" data-target=\"_self\" data-seoz=\"front\" data-anim=\"adpr:false;ms:200;\" data-in=\"o:0;x:(100%);\" data-out=\"a:false;\">\n\t\t\t\t\t\t\t<img decoding=\"async\" src=\"\/\/uninavarra.edu.co\/wp-content\/plugins\/revslider\/sr6\/assets\/assets\/dummy.png\" alt=\"CIDH Esp\" title=\"Inicio\" class=\"rev-slidebg tp-rs-img rs-lazyload\" data-lazyload=\"\/\/uninavarra.edu.co\/wp-content\/plugins\/revslider\/sr6\/assets\/assets\/transparent.png\" data-bg=\"c:#E7E7E7;\" data-no-retina>\n<!--\n\t\t\t\t\t\t\t--><rs-layer\n\t\t\t\t\t\t\t\tid=\"slider-1-slide-84-layer-6\" \n\t\t\t\t\t\t\t\tdata-type=\"image\"\n\t\t\t\t\t\t\t\tdata-rsp_ch=\"on\"\n\t\t\t\t\t\t\t\tdata-xy=\"x:c;y:c;\"\n\t\t\t\t\t\t\t\tdata-text=\"l:22;a:inherit;\"\n\t\t\t\t\t\t\t\tdata-dim=\"w:100%;h:100%;\"\n\t\t\t\t\t\t\t\tdata-frame_0=\"sX:2;sY:2;\"\n\t\t\t\t\t\t\t\tdata-frame_0_mask=\"u:t;\"\n\t\t\t\t\t\t\t\tdata-frame_1=\"e:power2.out;sp:1000;\"\n\t\t\t\t\t\t\t\tdata-frame_1_mask=\"u:t;\"\n\t\t\t\t\t\t\t\tdata-frame_999=\"o:0;st:w;sR:5200;\"\n\t\t\t\t\t\t\t\tstyle=\"z-index:5;\"\n\t\t\t\t\t\t\t><img loading=\"lazy\" decoding=\"async\" src=\"\/\/uninavarra.edu.co\/wp-content\/plugins\/revslider\/sr6\/assets\/assets\/dummy.png\" alt=\"\" class=\"tp-rs-img rs-lazyload\" width=\"1920\" height=\"571\" data-lazyload=\"\/\/uninavarra.edu.co\/wp-content\/uploads\/2026\/03\/banner-pagina-web-Posgrados-Derecho-constitucional.jpg\" data-c=\"cover-proportional\" data-no-retina> \n\t\t\t\t\t\t\t<\/rs-layer><!--\n-->\t\t\t\t\t<\/rs-slide>\n\t\t\t\t\t\t<rs-slide style=\"position: absolute;\" data-key=\"rs-129\" data-title=\"Derecho Medico Esp\" data-link=\"\/\/uninavarra.edu.co\/especializacion-en-derecho-medico\/\" data-tag=\"l\" data-target=\"_self\" data-seoz=\"front\" data-anim=\"adpr:false;ms:200;\" data-in=\"o:0;x:(100%);\" data-out=\"a:false;\">\n\t\t\t\t\t\t\t<img decoding=\"async\" src=\"\/\/uninavarra.edu.co\/wp-content\/plugins\/revslider\/sr6\/assets\/assets\/dummy.png\" alt=\"Derecho Medico Esp\" title=\"Inicio\" class=\"rev-slidebg tp-rs-img rs-lazyload\" data-lazyload=\"\/\/uninavarra.edu.co\/wp-content\/plugins\/revslider\/sr6\/assets\/assets\/transparent.png\" data-bg=\"c:#E7E7E7;\" data-no-retina>\n<!--\n\t\t\t\t\t\t\t--><rs-layer\n\t\t\t\t\t\t\t\tid=\"slider-1-slide-129-layer-3\" \n\t\t\t\t\t\t\t\tdata-type=\"image\"\n\t\t\t\t\t\t\t\tdata-rsp_ch=\"on\"\n\t\t\t\t\t\t\t\tdata-xy=\"x:c;y:c;\"\n\t\t\t\t\t\t\t\tdata-text=\"l:22;a:inherit;\"\n\t\t\t\t\t\t\t\tdata-dim=\"w:100%;h:100%;\"\n\t\t\t\t\t\t\t\tdata-actions='o:click;a:simplelink;target:_blank;url:https:\/\/uninavarra.edu.co\/especializacion-en-derecho-medico;'\n\t\t\t\t\t\t\t\tdata-frame_0=\"sX:2;sY:2;\"\n\t\t\t\t\t\t\t\tdata-frame_0_mask=\"u:t;\"\n\t\t\t\t\t\t\t\tdata-frame_1=\"e:power2.out;sp:1000;\"\n\t\t\t\t\t\t\t\tdata-frame_1_mask=\"u:t;\"\n\t\t\t\t\t\t\t\tdata-frame_999=\"o:0;st:w;sR:5700;\"\n\t\t\t\t\t\t\t\tstyle=\"z-index:6;\"\n\t\t\t\t\t\t\t><img loading=\"lazy\" decoding=\"async\" src=\"\/\/uninavarra.edu.co\/wp-content\/plugins\/revslider\/sr6\/assets\/assets\/dummy.png\" alt=\"\" class=\"tp-rs-img rs-lazyload\" width=\"1920\" height=\"571\" data-lazyload=\"\/\/uninavarra.edu.co\/wp-content\/uploads\/2026\/03\/banner-pagina-web-Posgrados-Derecho-Medico.jpg\" data-c=\"cover-proportional\" data-no-retina> \n\t\t\t\t\t\t\t<\/rs-layer><!--\n-->\t\t\t\t\t<\/rs-slide>\n\t\t\t\t\t\t<rs-slide style=\"position: absolute;\" data-key=\"rs-433\" data-title=\"Gerencia SST Esp \" data-anim=\"adpr:false;ms:200;\" data-in=\"o:0;x:(100%);\" data-out=\"a:false;\">\n\t\t\t\t\t\t\t<img decoding=\"async\" src=\"\/\/uninavarra.edu.co\/wp-content\/plugins\/revslider\/sr6\/assets\/assets\/dummy.png\" alt=\"Gerencia SST Esp \" title=\"Inicio\" class=\"rev-slidebg tp-rs-img rs-lazyload\" data-lazyload=\"\/\/uninavarra.edu.co\/wp-content\/plugins\/revslider\/sr6\/assets\/assets\/transparent.png\" data-bg=\"c:#E7E7E7;\" data-no-retina>\n<!--\n\t\t\t\t\t\t\t--><a\n\t\t\t\t\t\t\t\tid=\"slider-1-slide-433-layer-5\" \n\t\t\t\t\t\t\t\tclass=\"rs-layer\"\n\t\t\t\t\t\t\t\thref=\"https:\/\/uninavarra.edu.co\/especializacion-en-gerencia-de-seguridad-y-salud-en-el-trabajo-2\/\" target=\"_self\"\n\t\t\t\t\t\t\t\tdata-type=\"image\"\n\t\t\t\t\t\t\t\tdata-rsp_ch=\"on\"\n\t\t\t\t\t\t\t\tdata-xy=\"x:c;y:c;\"\n\t\t\t\t\t\t\t\tdata-text=\"l:22;a:inherit;\"\n\t\t\t\t\t\t\t\tdata-dim=\"w:100%;h:100%;\"\n\t\t\t\t\t\t\t\tdata-frame_0=\"sX:2;sY:2;\"\n\t\t\t\t\t\t\t\tdata-frame_0_mask=\"u:t;\"\n\t\t\t\t\t\t\t\tdata-frame_1=\"e:power2.out;sp:1000;\"\n\t\t\t\t\t\t\t\tdata-frame_1_mask=\"u:t;\"\n\t\t\t\t\t\t\t\tdata-frame_999=\"o:0;st:w;sR:5700;\"\n\t\t\t\t\t\t\t\tstyle=\"z-index:5;\"\n\t\t\t\t\t\t\t><img loading=\"lazy\" decoding=\"async\" src=\"\/\/uninavarra.edu.co\/wp-content\/plugins\/revslider\/sr6\/assets\/assets\/dummy.png\" alt=\"\" class=\"tp-rs-img rs-lazyload\" width=\"1920\" height=\"571\" data-lazyload=\"\/\/uninavarra.edu.co\/wp-content\/uploads\/2026\/01\/Banner-Gerencia-en-Seguridad-y-salud-corregido.jpg\" data-c=\"cover-proportional\" data-no-retina> \n\t\t\t\t\t\t\t<\/a><!--\n-->\t\t\t\t\t<\/rs-slide>\n\t\t\t\t\t\t<rs-slide style=\"position: absolute;\" data-key=\"rs-434\" data-title=\"Derecho Laboral Esp \" data-anim=\"adpr:false;ms:200;\" data-in=\"o:0;x:(100%);\" data-out=\"a:false;\">\n\t\t\t\t\t\t\t<img decoding=\"async\" src=\"\/\/uninavarra.edu.co\/wp-content\/plugins\/revslider\/sr6\/assets\/assets\/dummy.png\" alt=\"Derecho Laboral Esp \" title=\"Inicio\" class=\"rev-slidebg tp-rs-img rs-lazyload\" data-lazyload=\"\/\/uninavarra.edu.co\/wp-content\/plugins\/revslider\/sr6\/assets\/assets\/transparent.png\" data-bg=\"c:#E7E7E7;\" data-no-retina>\n<!--\n\t\t\t\t\t\t\t--><a\n\t\t\t\t\t\t\t\tid=\"slider-1-slide-434-layer-5\" \n\t\t\t\t\t\t\t\tclass=\"rs-layer\"\n\t\t\t\t\t\t\t\thref=\"https:\/\/uninavarra.edu.co\/especializacion-en-derecho-laboral-y-seguridad-social-2\/\" target=\"_self\"\n\t\t\t\t\t\t\t\tdata-type=\"image\"\n\t\t\t\t\t\t\t\tdata-rsp_ch=\"on\"\n\t\t\t\t\t\t\t\tdata-xy=\"x:c;y:c;\"\n\t\t\t\t\t\t\t\tdata-text=\"l:22;a:inherit;\"\n\t\t\t\t\t\t\t\tdata-dim=\"w:100%;h:100%;\"\n\t\t\t\t\t\t\t\tdata-frame_0=\"sX:2;sY:2;\"\n\t\t\t\t\t\t\t\tdata-frame_0_mask=\"u:t;\"\n\t\t\t\t\t\t\t\tdata-frame_1=\"e:power2.out;sp:1000;\"\n\t\t\t\t\t\t\t\tdata-frame_1_mask=\"u:t;\"\n\t\t\t\t\t\t\t\tdata-frame_999=\"o:0;st:w;sR:5700;\"\n\t\t\t\t\t\t\t\tstyle=\"z-index:5;\"\n\t\t\t\t\t\t\t><img loading=\"lazy\" decoding=\"async\" src=\"\/\/uninavarra.edu.co\/wp-content\/plugins\/revslider\/sr6\/assets\/assets\/dummy.png\" alt=\"\" class=\"tp-rs-img rs-lazyload\" width=\"1920\" height=\"571\" data-lazyload=\"\/\/uninavarra.edu.co\/wp-content\/uploads\/2026\/03\/banner-pagina-web-Posgrados-Derecho-Laboral.jpg\" data-c=\"cover-proportional\" data-no-retina> \n\t\t\t\t\t\t\t<\/a><!--\n-->\t\t\t\t\t<\/rs-slide>\n\t\t\t\t\t<\/rs-slides>\n\t\t\t\t\t<rs-static-layers><!--\n\t\t\t\t\t--><\/rs-static-layers>\n\t\t\t\t<\/rs-module>\n\t\t\t\t<script>\n\t\t\t\t\tsetREVStartSize({c: 'rev_slider_1_1',rl:[1240,1024,778,480],el:[540],gw:[1920],gh:[540],type:'standard',justify:'',layout:'fullwidth',mh:\"100%\"});if (window.RS_MODULES!==undefined && window.RS_MODULES.modules!==undefined && window.RS_MODULES.modules[\"revslider11\"]!==undefined) {window.RS_MODULES.modules[\"revslider11\"].once = false;window.revapi1 = undefined;if (window.RS_MODULES.checkMinimal!==undefined) window.RS_MODULES.checkMinimal()}\n\t\t\t\t<\/script>\n\t\t\t<\/rs-module-wrap>\n\t\t\t<!-- END REVOLUTION SLIDER -->\n\n\t\t<\/div> \n\t<\/div><div class=\"col-sm-12  vc_\">\n\t\t<div class=\"wpb_wrapper \">\n\t\t\t\n\t\t<\/div> \n\t<\/div><\/div><\/div><\/div><div data-vc-full-width=\"true\" data-vc-full-width-init=\"false\" data-vc-stretch-content=\"true\" class=\"wpb-container vc_row-no-padding\"><div class=\"container-full\"><div class=\"vc_row wpb_row vc_row-fluid row  botones-principales\"><div class=\"col-sm-12  vc_\">\n\t\t<div class=\"wpb_wrapper \">\n\t\t\t<div class=\"vc_btn3-container  boton-bajobanner boton-p icono-1 vc_btn3-inline vc_do_btn\" id=\"elecciones-uninavarra\" ><a class=\"vc_general vc_btn3 vc_btn3-size-md vc_btn3-shape-rounded vc_btn3-style-modern vc_btn3-color-danger\" href=\"https:\/\/uninavarra.edu.co\/elecciones-uninavarra-2023\/\" title=\"\">ELECCIONES UNINAVARRA<\/a><\/div><div class=\"vc_btn3-container  boton-bajobanner boton-p icono-1 vc_btn3-inline vc_do_btn\" ><a class=\"vc_general vc_btn3 vc_btn3-size-md vc_btn3-shape-rounded vc_btn3-style-modern vc_btn3-color-danger\" href=\"https:\/\/uninavarra.edu.co\/atencion-usuario\/\" title=\"\">ATENCI\u00d3N AL USUARIO<\/a><\/div><div class=\"vc_btn3-container  boton-bajobanner boton-p1 vc_btn3-inline vc_do_btn\" ><a class=\"vc_general vc_btn3 vc_btn3-size-md vc_btn3-shape-rounded vc_btn3-style-modern vc_btn3-color-danger\" href=\"https:\/\/uninavarra.edu.co\/admisiones-4\/acceso-a-inscripciones\/\" title=\"\" target=\"_blank\">ACCESO A INSCRIPCIONES<\/a><\/div><div class=\"vc_btn3-container  boton-bajobanner boton-p7 vc_btn3-inline vc_do_btn\" ><a class=\"vc_general vc_btn3 vc_btn3-size-md vc_btn3-shape-rounded vc_btn3-style-modern vc_btn3-color-danger\" href=\"https:\/\/uninavarra.edu.co\/financia-tu-matricula-2\/\" title=\"\" target=\"_blank\">FINANZAS ESTUDIANTILES<\/a><\/div><div class=\"vc_btn3-container  boton-bajobanner boton-p7 vc_btn3-inline vc_do_btn\" ><a class=\"vc_general vc_btn3 vc_btn3-size-md vc_btn3-shape-rounded vc_btn3-style-modern vc_btn3-color-danger\" href=\"https:\/\/uninavarra.edu.co\/pagos-online-y-tienda-virtual\/\" title=\"\" target=\"_blank\">PAGOS ONLINE Y TIENDA VIRTUAL<\/a><\/div><div class=\"vc_btn3-container  boton-bajobanner boton-p6 boton-catedra2020 vc_btn3-inline vc_do_btn\" ><a class=\"vc_general vc_btn3 vc_btn3-size-md vc_btn3-shape-rounded vc_btn3-style-modern vc_btn3-color-danger\" href=\"https:\/\/uninavarra.edu.co\/uninavarra\/rendicioncuentas\/\" title=\"\">RENDICI\u00d3N DE CUENTAS<\/a><\/div>\n\t\t<\/div> \n\t<\/div><\/div><\/div><\/div><div class=\"vc_row-full-width\"><\/div><div data-vc-full-width=\"true\" data-vc-full-width-init=\"false\" data-vc-stretch-content=\"true\" class=\"wpb-container vc_row-no-padding\"><div class=\"container-full\"><div class=\"vc_row wpb_row vc_row-fluid row  botones-principales\"><div class=\"col-sm-12  vc_\">\n\t\t<div class=\"wpb_wrapper \">\n\t\t\t<div class=\"vc_btn3-container  boton-bajobanner boton-p8 vc_btn3-inline vc_do_btn\" ><a class=\"vc_general vc_btn3 vc_btn3-size-md vc_btn3-shape-rounded vc_btn3-style-modern vc_btn3-color-danger\" href=\"https:\/\/uninavarra.edu.co\/inicio-2\/innovacion-emprendimiento\/\" title=\"\">INNOVACI\u00d3N<\/a><\/div><div class=\"vc_btn3-container  boton-bajobanner boton-catedra2020 vc_btn3-inline vc_do_btn\" ><a class=\"vc_general vc_btn3 vc_btn3-size-md vc_btn3-shape-rounded vc_btn3-style-modern vc_btn3-color-danger\" href=\"https:\/\/uninavarra.edu.co\/catedrauninavarra\/\" title=\"\">TRANSFORMACI\u00d3N C\u00c1TEDRA UNINAVARRA<\/a><\/div><div class=\"vc_btn3-container  boton-bajobanner boton-p3 vc_btn3-inline vc_do_btn\" ><a class=\"vc_general vc_btn3 vc_btn3-size-md vc_btn3-shape-rounded vc_btn3-style-modern vc_btn3-color-danger\" href=\"http:\/\/uninavarra.q10academico.com\/\" title=\"\" target=\"_blank\">ACCESO A LA PLATAFORMA Q10<\/a><\/div><div class=\"vc_btn3-container  boton-bajobanner boton-p3 vc_btn3-inline vc_do_btn\" ><a class=\"vc_general vc_btn3 vc_btn3-size-md vc_btn3-shape-rounded vc_btn3-style-modern vc_btn3-color-danger\" href=\"http:\/\/campus.uninavarra.edu.co\/psp\/cs92prod\/?cmd=login&#038;languageCd=ESP&#038;\" title=\"\" target=\"_blank\">ACCESO A PLATAFORMA LINDA<\/a><\/div><div class=\"vc_btn3-container  boton-bajobanner boton-p6 boton-virtualetr vc_btn3-inline vc_do_btn\" ><a class=\"vc_general vc_btn3 vc_btn3-size-md vc_btn3-shape-rounded vc_btn3-style-modern vc_btn3-color-grey\" href=\"https:\/\/uninavarra.edu-labs.co\/my\/\" title=\"\" target=\"_blank\">UNINAVARRA VIRTUAL etR<\/a><\/div><div class=\"vc_btn3-container  boton-bajobanner boton-p11 boton-virtualetr vc_btn3-inline vc_do_btn\" ><a class=\"vc_general vc_btn3 vc_btn3-size-md vc_btn3-shape-rounded vc_btn3-style-modern vc_btn3-color-grey\" href=\"https:\/\/uninavarra.edu.co\/observatorios-uninavarra\/\" title=\"\" target=\"_blank\">OBSERVATORIOS<\/a><\/div>\n\t\t<\/div> \n\t<\/div><\/div><\/div><\/div><div class=\"vc_row-full-width\"><\/div><div class=\"wpb-container vc_custom_1628028619309\"><div class=\"container\"><div class=\"vc_row wpb_row vc_row-fluid row  noticias-uninavarra\"><div class=\"col-sm-12  vc_\">\n\t\t<div class=\"wpb_wrapper \">\n\t\t\t\n\t<div class=\"wpb_text_column wpb_content_element\" >\n\t\t<div class=\"wpb_wrapper\">\n\t\t\t<h2 class=\"divisor\">Noticias<\/h2>\n\n\t\t<\/div>\n\t<\/div>\n<div id=\"uninavarra-social\" class=\"vc_row wpb_row vc_inner vc_row-fluid\"><div class=\"vc_ col-sm-8\"><div class=\"vc_column-inner\"><div class=\"wpb_wrapper\">\n\t<div class=\"wpb_text_column wpb_content_element\" >\n\t\t<div class=\"wpb_wrapper\">\n\t\t\t<p class=\"entry-title\"><span style=\"font-size: 16px;\"><div class=\"pt-cv-wrapper\"><div class=\"pt-cv-view pt-cv-grid pt-cv-colsys\" id=\"pt-cv-view-142af04leu\"><div data-id=\"pt-cv-page-1\" class=\"pt-cv-page\" data-cvc=\"3\"><div class=\"col-md-4 col-sm-6 col-xs-12 pt-cv-content-item pt-cv-1-col\" ><div class='pt-cv-ifield'><a href=\"https:\/\/uninavarra.edu.co\/en\/actualidad-uninavarra\/consultorio-ambiental-de-uninavarra-fortalece-su-compromiso-con-la-gestion-sostenible-de-residuos-raee\/\" class=\"_self pt-cv-href-thumbnail pt-cv-thumb-default\" target=\"_self\" ><img loading=\"lazy\" decoding=\"async\" width=\"650\" height=\"388\" src=\"https:\/\/uninavarra.edu.co\/wp-content\/uploads\/2026\/04\/Portada-Gestion-Integral-de-Residuos-650x388.png\" class=\"pt-cv-thumbnail\" alt=\"\" srcset=\"https:\/\/uninavarra.edu.co\/wp-content\/uploads\/2026\/04\/Portada-Gestion-Integral-de-Residuos-650x388.png 650w, https:\/\/uninavarra.edu.co\/wp-content\/uploads\/2026\/04\/Portada-Gestion-Integral-de-Residuos-300x179.png 300w, https:\/\/uninavarra.edu.co\/wp-content\/uploads\/2026\/04\/Portada-Gestion-Integral-de-Residuos-150x89.png 150w, https:\/\/uninavarra.edu.co\/wp-content\/uploads\/2026\/04\/Portada-Gestion-Integral-de-Residuos-18x12.png 18w, https:\/\/uninavarra.edu.co\/wp-content\/uploads\/2026\/04\/Portada-Gestion-Integral-de-Residuos.png 658w\" sizes=\"(max-width: 650px) 100vw, 650px\" \/><\/a>\n<h4 class=\"pt-cv-title\"><a href=\"https:\/\/uninavarra.edu.co\/en\/actualidad-uninavarra\/consultorio-ambiental-de-uninavarra-fortalece-su-compromiso-con-la-gestion-sostenible-de-residuos-raee\/\" class=\"_self\" target=\"_self\" >Consultorio Ambiental de UNINAVARRA fortalece su compromiso con la  gesti\u00f3n sostenible de residuos RAEE<\/a><\/h4><\/div><\/div>\n<div class=\"col-md-4 col-sm-6 col-xs-12 pt-cv-content-item pt-cv-1-col\" ><div class='pt-cv-ifield'><a href=\"https:\/\/uninavarra.edu.co\/en\/actualidad-uninavarra\/uninavarra-presente-en-el-23-simposio-de-la-asociacion-de-radiologia-e-imagenes-diagnosticas-de-bogota-2026-radvision-en-bogota\/\" class=\"_self pt-cv-href-thumbnail pt-cv-thumb-default\" target=\"_self\" ><img loading=\"lazy\" decoding=\"async\" width=\"650\" height=\"388\" src=\"https:\/\/uninavarra.edu.co\/wp-content\/uploads\/2026\/04\/Portada-I-Encuentro-TRID-650x388.jpg\" class=\"pt-cv-thumbnail\" alt=\"\" srcset=\"https:\/\/uninavarra.edu.co\/wp-content\/uploads\/2026\/04\/Portada-I-Encuentro-TRID-650x388.jpg 650w, https:\/\/uninavarra.edu.co\/wp-content\/uploads\/2026\/04\/Portada-I-Encuentro-TRID-300x179.jpg 300w, https:\/\/uninavarra.edu.co\/wp-content\/uploads\/2026\/04\/Portada-I-Encuentro-TRID-150x89.jpg 150w, https:\/\/uninavarra.edu.co\/wp-content\/uploads\/2026\/04\/Portada-I-Encuentro-TRID-18x12.jpg 18w, https:\/\/uninavarra.edu.co\/wp-content\/uploads\/2026\/04\/Portada-I-Encuentro-TRID.jpg 658w\" sizes=\"(max-width: 650px) 100vw, 650px\" \/><\/a>\n<h4 class=\"pt-cv-title\"><a href=\"https:\/\/uninavarra.edu.co\/en\/actualidad-uninavarra\/uninavarra-presente-en-el-23-simposio-de-la-asociacion-de-radiologia-e-imagenes-diagnosticas-de-bogota-2026-radvision-en-bogota\/\" class=\"_self\" target=\"_self\" >UNINAVARRA presente en el 23\u00b0 Simposio de la Asociaci\u00f3n de Radiolog\u00eda e Im\u00e1genes Diagn\u00f3sticas de Bogot\u00e1 2026 \u2013 RADVisi\u00f3n en Bogot\u00e1<\/a><\/h4><\/div><\/div>\n<div class=\"col-md-4 col-sm-6 col-xs-12 pt-cv-content-item pt-cv-1-col\" ><div class='pt-cv-ifield'><a href=\"https:\/\/uninavarra.edu.co\/en\/actualidad-uninavarra\/actores-sociales-y-comunidad-se-unen-en-workshop-ambiental-liderado-por-uninavarra\/\" class=\"_self pt-cv-href-thumbnail pt-cv-thumb-default\" target=\"_self\" ><img loading=\"lazy\" decoding=\"async\" width=\"650\" height=\"388\" src=\"https:\/\/uninavarra.edu.co\/wp-content\/uploads\/2026\/04\/Portada-actores-sociales-2-1-650x388.png\" class=\"pt-cv-thumbnail\" alt=\"\" srcset=\"https:\/\/uninavarra.edu.co\/wp-content\/uploads\/2026\/04\/Portada-actores-sociales-2-1-650x388.png 650w, https:\/\/uninavarra.edu.co\/wp-content\/uploads\/2026\/04\/Portada-actores-sociales-2-1-300x179.png 300w, https:\/\/uninavarra.edu.co\/wp-content\/uploads\/2026\/04\/Portada-actores-sociales-2-1-150x89.png 150w, https:\/\/uninavarra.edu.co\/wp-content\/uploads\/2026\/04\/Portada-actores-sociales-2-1-18x12.png 18w, https:\/\/uninavarra.edu.co\/wp-content\/uploads\/2026\/04\/Portada-actores-sociales-2-1.png 658w\" sizes=\"(max-width: 650px) 100vw, 650px\" \/><\/a>\n<h4 class=\"pt-cv-title\"><a href=\"https:\/\/uninavarra.edu.co\/en\/actualidad-uninavarra\/actores-sociales-y-comunidad-se-unen-en-workshop-ambiental-liderado-por-uninavarra\/\" class=\"_self\" target=\"_self\" >Actores sociales y comunidad se unen en workshop ambiental liderado por UNINAVARRA<\/a><\/h4><\/div><\/div><\/div><\/div>\n<div class=\" pt-cv-pagination-wrapper\"><ul class=\"pt-cv-pagination pt-cv-ajax pagination\" data-totalpages=\"115\" data-currentpage=\"1\" data-sid=\"142af04leu\" data-unid=\"\" data-isblock=\"\" data-postid=\"\"><li class=\"active\"><a href=\"#\">1<\/a><\/li>\n\t<li ><a class=\"\" href=\"https:\/\/uninavarra.edu.co\/en\/wp-json\/wp\/v2\/pages\/60613\/?_page=2\">2<\/a><\/li>\n\t<li ><a class=\"\" href=\"https:\/\/uninavarra.edu.co\/en\/wp-json\/wp\/v2\/pages\/60613\/?_page=3\">3<\/a><\/li>\n\t<li ><a href=\"#\">&hellip;<\/a><\/li>\n\t<li ><a class=\"\" href=\"https:\/\/uninavarra.edu.co\/en\/wp-json\/wp\/v2\/pages\/60613\/?_page=115\">115<\/a><\/li>\n\t<li ><a class=\" \" href=\"https:\/\/uninavarra.edu.co\/en\/wp-json\/wp\/v2\/pages\/60613\/?_page=2\">&rsaquo;<\/a><\/li>\n\t<\/ul><img loading=\"lazy\" decoding=\"async\" width=\"15\" height=\"15\" class=\"pt-cv-spinner\" alt=\"Loading...\" src=\"data:image\/gif;base64,R0lGODlhDwAPALMPAMrKygwMDJOTkz09PZWVla+vr3p6euTk5M7OzuXl5TMzMwAAAJmZmWZmZszMzP\/\/\/yH\/C05FVFNDQVBFMi4wAwEAAAAh+QQFCgAPACwAAAAADwAPAAAEQvDJaZaZOIcV8iQK8VRX4iTYoAwZ4iCYoAjZ4RxejhVNoT+mRGP4cyF4Pp0N98sBGIBMEMOotl6YZ3S61Bmbkm4mAgAh+QQFCgAPACwAAAAADQANAAAENPDJSRSZeA418itN8QiK8BiLITVsFiyBBIoYqnoewAD4xPw9iY4XLGYSjkQR4UAUD45DLwIAIfkEBQoADwAsAAAAAA8ACQAABC\/wyVlamTi3nSdgwFNdhEJgTJoNyoB9ISYoQmdjiZPcj7EYCAeCF1gEDo4Dz2eIAAAh+QQFCgAPACwCAAAADQANAAAEM\/DJBxiYeLKdX3IJZT1FU0iIg2RNKx3OkZVnZ98ToRD4MyiDnkAh6BkNC0MvsAj0kMpHBAAh+QQFCgAPACwGAAAACQAPAAAEMDC59KpFDll73HkAA2wVY5KgiK5b0RRoI6MuzG6EQqCDMlSGheEhUAgqgUUAFRySIgAh+QQFCgAPACwCAAIADQANAAAEM\/DJKZNLND\/kkKaHc3xk+QAMYDKsiaqmZCxGVjSFFCxB1vwy2oOgIDxuucxAMTAJFAJNBAAh+QQFCgAPACwAAAYADwAJAAAEMNAs86q1yaWwwv2Ig0jUZx3OYa4XoRAfwADXoAwfo1+CIjyFRuEho60aSNYlOPxEAAAh+QQFCgAPACwAAAIADQANAAAENPA9s4y8+IUVcqaWJ4qEQozSoAzoIyhCK2NFU2SJk0hNnyEOhKR2AzAAj4Pj4GE4W0bkJQIAOw==\" \/><div class=\"clear pt-cv-clear-pagination\"><\/div><\/div><\/div><\/span><\/p>\n<div id=\"m_-1783028818064547802m_-8938234329664943754gmail-m_8353264827063736700gmail-m_300648078943334789gmail-m_-4033803730618062769m_142990522967506662gmail-:7p0\" class=\"m_-1783028818064547802m_-8938234329664943754gmail-m_8353264827063736700gmail-m_300648078943334789gmail-m_-4033803730618062769m_142990522967506662gmail-ii m_-1783028818064547802m_-8938234329664943754gmail-m_8353264827063736700gmail-m_300648078943334789gmail-m_-4033803730618062769m_142990522967506662gmail-gt\">\n<div id=\"m_-1783028818064547802m_-8938234329664943754gmail-m_8353264827063736700gmail-m_300648078943334789gmail-m_-4033803730618062769m_142990522967506662gmail-:7oz\" class=\"m_-1783028818064547802m_-8938234329664943754gmail-m_8353264827063736700gmail-m_300648078943334789gmail-m_-4033803730618062769m_142990522967506662gmail-a3s m_-1783028818064547802m_-8938234329664943754gmail-m_8353264827063736700gmail-m_300648078943334789gmail-m_-4033803730618062769m_142990522967506662gmail-aXjCH m_-1783028818064547802m_-8938234329664943754gmail-m_8353264827063736700gmail-m_300648078943334789gmail-m_-4033803730618062769m_142990522967506662gmail-m15f88cadc40ce609\">\n<div dir=\"ltr\"><\/div>\n<\/div>\n<\/div>\n<div id=\"m_-1783028818064547802m_-8938234329664943754gmail-m_8353264827063736700gmail-m_300648078943334789gmail-m_-4033803730618062769m_142990522967506662gmail-:7p0\" class=\"m_-1783028818064547802m_-8938234329664943754gmail-m_8353264827063736700gmail-m_300648078943334789gmail-m_-4033803730618062769m_142990522967506662gmail-ii m_-1783028818064547802m_-8938234329664943754gmail-m_8353264827063736700gmail-m_300648078943334789gmail-m_-4033803730618062769m_142990522967506662gmail-gt\">\n<div><\/div>\n<\/div>\n<p class=\"ver_todo\"><a href=\"https:\/\/uninavarra.edu.co\/noticias\/\">Ver todas las noticias<\/a><\/p>\n\n\t\t<\/div>\n\t<\/div>\n\n\t<div class=\"wpb_raw_code wpb_raw_html wpb_content_element\" >\n\t\t<div class=\"wpb_wrapper\">\n\t\t\t<div id=\"arrows-news\">\n<button id=\"arrow-left\" class=\"arrow\" type=\"button\"><\/br><p style=\"font-size:0.1px\">.<\/p><\/button>\n<button id=\"arrow-right\" class=\"arrow\" type=\"button\"><\/br><p style=\"font-size:0.1px\">.<\/p><\/button>\n<\/div>\n\n<script>\njQuery( \"#arrow-left\" ).click(function() {\n  jQuery( \".cv-pageitem-prev a\" ).trigger( \"click\" );\n});\n\njQuery( \"#arrow-right\" ).click(function() {\n  jQuery( \".cv-pageitem-next a\" ).trigger( \"click\" );\n});\n<\/script>\n\t\t<\/div>\n\t<\/div>\n<\/div><\/div><\/div><div class=\"vc_ col-sm-4\"><div class=\"vc_column-inner\"><div class=\"wpb_wrapper\">\n\t<div class=\"wpb_text_column wpb_content_element\" >\n\t\t<div class=\"wpb_wrapper\">\n\t\t\t<h2 class=\"divisor\">Noticias Destacadas<\/h2>\n\n\t\t<\/div>\n\t<\/div>\n\n\t<div class=\"wpb_gallery wpb_posts_slider wpb_content_element wpb_content_element popmake-58247\" >\n\t\t<div class=\"wpb_wrapper\">\n\t\t\t\n\t\t\t<div class=\"wpb_gallery_slides wpb_flexslider flexslider_fade flexslider\" data-interval=\"0\" data-flex_fx=\"fade\"><ul class=\"slides\"><li><img loading=\"lazy\" decoding=\"async\" width=\"1980\" height=\"1181\" src=\"https:\/\/uninavarra.edu.co\/wp-content\/uploads\/2023\/02\/presentacion-colaoradores.jpg\" class=\"attachment-full\" alt=\"presentacion colaoradores\" title=\"presentacion colaoradores\" srcset=\"https:\/\/uninavarra.edu.co\/wp-content\/uploads\/2023\/02\/presentacion-colaoradores.jpg 1980w, https:\/\/uninavarra.edu.co\/wp-content\/uploads\/2023\/02\/presentacion-colaoradores-150x89.jpg 150w, https:\/\/uninavarra.edu.co\/wp-content\/uploads\/2023\/02\/presentacion-colaoradores-300x179.jpg 300w, https:\/\/uninavarra.edu.co\/wp-content\/uploads\/2023\/02\/presentacion-colaoradores-768x458.jpg 768w, https:\/\/uninavarra.edu.co\/wp-content\/uploads\/2023\/02\/presentacion-colaoradores-1024x611.jpg 1024w, https:\/\/uninavarra.edu.co\/wp-content\/uploads\/2023\/02\/presentacion-colaoradores-1536x916.jpg 1536w, https:\/\/uninavarra.edu.co\/wp-content\/uploads\/2023\/02\/presentacion-colaoradores-650x388.jpg 650w\" sizes=\"(max-width: 1980px) 100vw, 1980px\" \/><\/li><\/ul><\/div>\n\t\t<\/div>\n\t<\/div>\n\n\t<div class=\"wpb_text_column wpb_content_element\" >\n\t\t<div class=\"wpb_wrapper\">\n\t\t\t<h4 class=\"pt-cv-title popmake-58247\"><span style=\"color: #cc0000;\">UNINAVARRA Presenta para el 2023 sus l\u00edderes y colaboradores de los Procesos<\/span><\/h4>\n\n\t\t<\/div>\n\t<\/div>\n<div class=\"vc_empty_space\"   style=\"height: 16px\"><span class=\"vc_empty_space_inner\"><\/span><\/div><div class=\"vc_empty_space\"   style=\"height: 16px\"><span class=\"vc_empty_space_inner\"><\/span><\/div>\n\t<div class=\"wpb_text_column wpb_content_element\" >\n\t\t<div class=\"wpb_wrapper\">\n\t\t\t<h2 class=\"divisor\">Social<\/h2>\n\n\t\t<\/div>\n\t<\/div>\n\n\t<div class=\"wpb_raw_code wpb_raw_html wpb_content_element\" >\n\t\t<div class=\"wpb_wrapper\">\n\t\t\t<div style=\"width:100%\">\n<iframe src=\"https:\/\/www.facebook.com\/plugins\/page.php?href=https%3A%2F%2Fwww.facebook.com%2FUninavarraEduca%2F&tabs=timeline&width=355&height=500&small_header=true&adapt_container_width=true&hide_cover=false&show_facepile=false&appId\" width=\"355\" height=\"355\" style=\"border:none;overflow:hidden\" scrolling=\"no\" frameborder=\"0\" allowfullscreen=\"true\" allow=\"autoplay; clipboard-write; encrypted-media; picture-in-picture; web-share\"><\/iframe>\n<\/div>\n\t\t<\/div>\n\t<\/div>\n<\/div><\/div><\/div><\/div>\n\t\t<\/div> \n\t<\/div><\/div><\/div><\/div><div id=\"eventos\" data-vc-full-width=\"true\" data-vc-full-width-init=\"false\" class=\"wpb-container vc_custom_1489077671176\"><div class=\"container\"><div class=\"vc_row wpb_row vc_row-fluid row \"><div class=\"col-sm-12  vc_\">\n\t\t<div class=\"wpb_wrapper \">\n\t\t\t\n\t<div class=\"wpb_text_column wpb_content_element\" >\n\t\t<div class=\"wpb_wrapper\">\n\t\t\t<h2 class=\"divisor\"><span style=\"color: white;\">Eventos<\/span><\/h2>\n\n\t\t<\/div>\n\t<\/div>\n\n\t<div class=\"wpb_raw_code wpb_raw_html wpb_content_element\" >\n\t\t<div class=\"wpb_wrapper\">\n\t\t\t<!-- Widget Shortcode --><div  class=\"tribe-compatibility-container\" >\n\t<div\n\t\t class=\"tribe-common tribe-events tribe-events-view tribe-events-view--widget-events-list tribe-events-widget\" \t\tdata-js=\"tribe-events-view\"\n\t\tdata-view-rest-nonce=\"\"\n\t\tdata-view-rest-url=\"https:\/\/uninavarra.edu.co\/en\/wp-json\/tribe\/views\/v2\/html\"\n\t\tdata-view-manage-url=\"1\"\n\t\t\t\t\t\t\tdata-view-breakpoint-pointer=\"466b2aad-78f0-4d4f-8509-33cf5f79d31a\"\n\t\t\t>\n\t\t<div class=\"tribe-events-widget-events-list\">\n\n\t\t\t<script type=\"application\/ld+json\">\r\n[{\"@context\":\"http:\/\/schema.org\",\"@type\":\"Event\",\"name\":\"Convocatoria &#8211; Programa La Cuchara UNINAVARRA 2026-2\",\"description\":\"&lt;p&gt;\\ud83c\\udf7d\\ufe0f \\u00a1Se abre la convocatoria! \\u00bfQuieres hacer parte del programa La Cuchara UNINAVARRA 2026-2? Esta es tu oportunidad para acceder a un apoyo que contribuye a tu bienestar y permanencia [&hellip;]&lt;\/p&gt;\\\\n\",\"image\":\"https:\/\/uninavarra.edu.co\/wp-content\/uploads\/2026\/04\/Cucharra-Uninavarra-convocatoria-2026-2-1.jpg\",\"url\":\"https:\/\/uninavarra.edu.co\/en\/event\/convocatoria-programa-la-cuchara-uninavarra-2026-2\/\",\"eventAttendanceMode\":\"https:\/\/schema.org\/OfflineEventAttendanceMode\",\"eventStatus\":\"https:\/\/schema.org\/EventScheduled\",\"startDate\":\"2026-04-21T08:00:00-05:00\",\"endDate\":\"2026-05-20T17:00:00-05:00\",\"performer\":\"Organization\"},{\"@context\":\"http:\/\/schema.org\",\"@type\":\"Event\",\"name\":\"Feria de Emprendimiento Institucional 2026-1\",\"description\":\"\",\"image\":\"https:\/\/uninavarra.edu.co\/wp-content\/uploads\/2026\/04\/feria-de-emprendimiento.jpg\",\"url\":\"https:\/\/uninavarra.edu.co\/en\/event\/feria-de-emprendimiento-institucional-2026-1\/\",\"eventAttendanceMode\":\"https:\/\/schema.org\/OfflineEventAttendanceMode\",\"eventStatus\":\"https:\/\/schema.org\/EventScheduled\",\"startDate\":\"2026-05-02T08:00:00-05:00\",\"endDate\":\"2026-05-02T17:00:00-05:00\",\"performer\":\"Organization\"}]\r\n<\/script>\n\t\t\t<script data-js=\"tribe-events-view-data\" type=\"application\/json\">\n\t{\"slug\":\"widget-events-list\",\"prev_url\":\"\",\"next_url\":\"\",\"view_class\":\"Tribe\\\\Events\\\\Views\\\\V2\\\\Views\\\\Widgets\\\\Widget_List_View\",\"view_slug\":\"widget-events-list\",\"view_label\":\"View\",\"view\":null,\"should_manage_url\":true,\"id\":null,\"alias-slugs\":null,\"title\":\"Events from April 21 \\u2013 May 2 \\u2013 Uninavarra\",\"limit\":\"10\",\"no_upcoming_events\":false,\"featured_events_only\":false,\"jsonld_enable\":true,\"tribe_is_list_widget\":false,\"admin_fields\":{\"title\":{\"label\":\"Title:\",\"type\":\"text\",\"parent_classes\":\"\",\"classes\":\"\",\"dependency\":\"\",\"id\":\"widget-tribe-widget-events-list--1-title\",\"name\":\"widget-tribe-widget-events-list[-1][title]\",\"options\":[],\"placeholder\":\"\",\"value\":null},\"limit\":{\"label\":\"Show:\",\"type\":\"number\",\"default\":5,\"min\":1,\"max\":10,\"step\":1,\"parent_classes\":\"\",\"classes\":\"\",\"dependency\":\"\",\"id\":\"widget-tribe-widget-events-list--1-limit\",\"name\":\"widget-tribe-widget-events-list[-1][limit]\",\"options\":[],\"placeholder\":\"\",\"value\":null},\"no_upcoming_events\":{\"label\":\"Hide this widget if there are no upcoming events.\",\"type\":\"checkbox\",\"parent_classes\":\"\",\"classes\":\"\",\"dependency\":\"\",\"id\":\"widget-tribe-widget-events-list--1-no_upcoming_events\",\"name\":\"widget-tribe-widget-events-list[-1][no_upcoming_events]\",\"options\":[],\"placeholder\":\"\",\"value\":null},\"featured_events_only\":{\"label\":\"Limit to featured events only\",\"type\":\"checkbox\",\"parent_classes\":\"\",\"classes\":\"\",\"dependency\":\"\",\"id\":\"widget-tribe-widget-events-list--1-featured_events_only\",\"name\":\"widget-tribe-widget-events-list[-1][featured_events_only]\",\"options\":[],\"placeholder\":\"\",\"value\":null},\"jsonld_enable\":{\"label\":\"Generate JSON-LD data\",\"type\":\"checkbox\",\"parent_classes\":\"\",\"classes\":\"\",\"dependency\":\"\",\"id\":\"widget-tribe-widget-events-list--1-jsonld_enable\",\"name\":\"widget-tribe-widget-events-list[-1][jsonld_enable]\",\"options\":[],\"placeholder\":\"\",\"value\":null}},\"events\":[99071,98885],\"url\":\"https:\\\/\\\/uninavarra.edu.co\\\/en\\\/?post_type=tribe_events&eventDisplay=widget-events-list\",\"url_event_date\":false,\"bar\":{\"keyword\":\"\",\"date\":\"\"},\"today\":\"2026-05-01 00:00:00\",\"now\":\"2026-05-01 02:55:37\",\"home_url\":\"https:\\\/\\\/uninavarra.edu.co\\\/en\",\"rest_url\":\"https:\\\/\\\/uninavarra.edu.co\\\/en\\\/wp-json\\\/tribe\\\/views\\\/v2\\\/html\",\"rest_method\":\"GET\",\"rest_nonce\":\"\",\"today_url\":\"https:\\\/\\\/uninavarra.edu.co\\\/en\\\/?post_type=tribe_events&eventDisplay=widget-events-list&rest_route=%2Fwp%2Fv2%2Fpages%2F60613\",\"today_title\":\"Click to select today's date\",\"today_label\":\"Today\",\"prev_label\":\"\",\"next_label\":\"\",\"date_formats\":{\"compact\":\"Y-m-d\",\"month_and_year_compact\":\"Y-m\",\"month_and_year\":\"F Y\",\"time_range_separator\":\" - \",\"date_time_separator\":\"- \"},\"messages\":[],\"start_of_week\":\"1\",\"header_title\":\"\",\"header_title_element\":\"h1\",\"content_title\":\"\",\"show_content_title\":false,\"breadcrumbs\":[],\"backlink\":false,\"before_events\":\"\",\"after_events\":\"\\n<!--\\nThis calendar is powered by The Events Calendar.\\nhttp:\\\/\\\/evnt.is\\\/18wn\\n-->\\n\",\"display_events_bar\":false,\"disable_event_search\":false,\"live_refresh\":false,\"ical\":{\"display_link\":true,\"link\":{\"url\":\"https:\\\/\\\/uninavarra.edu.co\\\/en\\\/?post_type=tribe_events&#038;eventDisplay=widget-events-list&#038;ical=1\",\"text\":\"Export Events\",\"title\":\"Use this to share calendar data with Google Calendar, Apple iCal and other compatible apps\"}},\"container_classes\":[\"tribe-common\",\"tribe-events\",\"tribe-events-view\",\"tribe-events-view--widget-events-list\",\"tribe-events-widget\"],\"container_data\":[],\"is_past\":false,\"breakpoints\":{\"xsmall\":500,\"medium\":768,\"full\":960},\"breakpoint_pointer\":\"466b2aad-78f0-4d4f-8509-33cf5f79d31a\",\"is_initial_load\":false,\"public_views\":{\"list\":{\"view_class\":\"Tribe\\\\Events\\\\Views\\\\V2\\\\Views\\\\List_View\",\"view_url\":\"https:\\\/\\\/uninavarra.edu.co\\\/en\\\/events\\\/(\\\/?:list|lista)\\\/\",\"view_label\":\"List\",\"aria_label\":\"Display Events in List View\"},\"month\":{\"view_class\":\"Tribe\\\\Events\\\\Views\\\\V2\\\\Views\\\\Month_View\",\"view_url\":\"https:\\\/\\\/uninavarra.edu.co\\\/en\\\/events\\\/(\\\/?:month|mes)\\\/\",\"view_label\":\"Month\",\"aria_label\":\"Display Events in Month View\"},\"day\":{\"view_class\":\"Tribe\\\\Events\\\\Views\\\\V2\\\\Views\\\\Day_View\",\"view_url\":\"https:\\\/\\\/uninavarra.edu.co\\\/en\\\/events\\\/(\\\/?:today|hoy)\\\/\",\"view_label\":\"Day\",\"aria_label\":\"Display Events in Day View\"}},\"show_latest_past\":false,\"past\":false,\"compatibility_classes\":[\"tribe-compatibility-container\"],\"view_more_text\":\"View Calendar\",\"view_more_title\":\"View more events.\",\"view_more_link\":\"https:\\\/\\\/uninavarra.edu.co\\\/en\\\/events\\\/\",\"widget_title\":\"Pr\\u00f3ximos eventos\",\"hide_if_no_upcoming_events\":false,\"display\":[],\"subscribe_links\":{\"gcal\":{\"label\":\"Google Calendar\",\"single_label\":\"Add to Google Calendar\",\"visible\":true,\"block_slug\":\"hasGoogleCalendar\"},\"ical\":{\"label\":\"iCalendar\",\"single_label\":\"Add to iCalendar\",\"visible\":true,\"block_slug\":\"hasiCal\"},\"outlook-365\":{\"label\":\"Outlook 365\",\"single_label\":\"Outlook 365\",\"visible\":true,\"block_slug\":\"hasOutlook365\"},\"outlook-live\":{\"label\":\"Outlook Live\",\"single_label\":\"Outlook Live\",\"visible\":true,\"block_slug\":\"hasOutlookLive\"},\"ics\":{\"label\":\"Export .ics file\",\"single_label\":\"Export .ics file\",\"visible\":true,\"block_slug\":null},\"outlook-ics\":{\"label\":\"Export Outlook .ics file\",\"single_label\":\"Export Outlook .ics file\",\"visible\":true,\"block_slug\":null}},\"_context\":{\"slug\":\"widget-events-list\"}}<\/script>\n\n\t\t\t\n\t\t\t\t<div class=\"tribe-events-widget-events-list__events\">\n\t\t\t\t\t\t\t\t\t\t\t<div  class=\"tribe-common-g-row tribe-events-widget-events-list__event-row\"  onclick=\"window.location.href='https:\/\/uninavarra.edu.co\/en\/event\/convocatoria-programa-la-cuchara-uninavarra-2026-2\/';\" style=\"cursor: pointer;\">\n    <div class=\"tribe-events-widget-events-list__event-date-tag tribe-common-g-col\">\n\t<time class=\"tribe-events-widget-events-list__event-date-tag-datetime\" datetime=\"2026-04-21\">\n\t\t<span class=\"tribe-events-widget-events-list__event-date-tag-month\">\n\t\t\tApr\t\t<\/span>\n\t\t<span class=\"tribe-events-widget-events-list__event-date-tag-daynum tribe-common-h2 tribe-common-h4--min-medium\">\n\t\t\t21\t\t<\/span>\n\t<\/time>\n<\/div>\n    \n    <div class=\"tribe-events-widget-events-list__event-image tribe-common-g-col\">\n        <img decoding=\"async\"\n            src=\"https:\/\/uninavarra.edu.co\/wp-content\/uploads\/2026\/04\/Cucharra-Uninavarra-convocatoria-2026-2-1.jpg\"\n                            srcset=\"https:\/\/uninavarra.edu.co\/wp-content\/uploads\/2026\/04\/Cucharra-Uninavarra-convocatoria-2026-2-1-169x300.jpg 169w, https:\/\/uninavarra.edu.co\/wp-content\/uploads\/2026\/04\/Cucharra-Uninavarra-convocatoria-2026-2-1-576x1024.jpg 576w, https:\/\/uninavarra.edu.co\/wp-content\/uploads\/2026\/04\/Cucharra-Uninavarra-convocatoria-2026-2-1-84x150.jpg 84w, https:\/\/uninavarra.edu.co\/wp-content\/uploads\/2026\/04\/Cucharra-Uninavarra-convocatoria-2026-2-1-768x1366.jpg 768w, https:\/\/uninavarra.edu.co\/wp-content\/uploads\/2026\/04\/Cucharra-Uninavarra-convocatoria-2026-2-1-864x1536.jpg 864w, https:\/\/uninavarra.edu.co\/wp-content\/uploads\/2026\/04\/Cucharra-Uninavarra-convocatoria-2026-2-1-7x12.jpg 7w, https:\/\/uninavarra.edu.co\/wp-content\/uploads\/2026\/04\/Cucharra-Uninavarra-convocatoria-2026-2-1.jpg 1000w\"\n                                                    title=\"Cucharra-Uninavarra-convocatoria-2026-2 (1)\"\n                        class=\"tribe-events-calendar-list__event-featured-image\"\n        \/>\n    <\/div>\n    <div class=\"tribe-events-widget-events-list__event-wrapper tribe-common-g-col\">\n        <article  class=\"tribe-events-widget-events-list__event post-99071 tribe_events type-tribe_events status-publish has-post-thumbnail hentry\" >\n            <div class=\"tribe-events-widget-events-list__event-details\">\n                <header class=\"tribe-events-widget-events-list__event-header\">\n                    <div class=\"tribe-events-widget-events-list__event-datetime-wrapper tribe-common-b2 tribe-common-b3--min-medium\">\n\t\t<time class=\"tribe-events-widget-events-list__event-datetime\" datetime=\"2026-04-21\">\n\t\t<span class=\"tribe-event-date-start\">abril 21- 08:00<\/span> - <span class=\"tribe-event-date-end\">mayo 20- 17:00<\/span>\t<\/time>\n\t<\/div>\n                    <h3 class=\"tribe-events-widget-events-list__event-title tribe-common-h7\">\n\t<a\n\t\thref=\"https:\/\/uninavarra.edu.co\/event\/convocatoria-programa-la-cuchara-uninavarra-2026-2\/\"\n\t\ttitle=\"Convocatoria &#8211; Programa La Cuchara UNINAVARRA 2026-2\"\n\t\trel=\"bookmark\"\n\t\tclass=\"tribe-events-widget-events-list__event-title-link tribe-common-anchor-thin\"\n\t>\n\t\tConvocatoria &#8211; Programa La Cuchara UNINAVARRA 2026-2\t<\/a>\n<\/h3>\n                <\/header>\n                            <\/div>\n        <\/article>\n    <\/div>\n<\/div>\t\t\t\t\t\t\t\t\t\t\t<div  class=\"tribe-common-g-row tribe-events-widget-events-list__event-row\"  onclick=\"window.location.href='https:\/\/uninavarra.edu.co\/en\/event\/feria-de-emprendimiento-institucional-2026-1\/';\" style=\"cursor: pointer;\">\n    <div class=\"tribe-events-widget-events-list__event-date-tag tribe-common-g-col\">\n\t<time class=\"tribe-events-widget-events-list__event-date-tag-datetime\" datetime=\"2026-05-02\">\n\t\t<span class=\"tribe-events-widget-events-list__event-date-tag-month\">\n\t\t\tMay\t\t<\/span>\n\t\t<span class=\"tribe-events-widget-events-list__event-date-tag-daynum tribe-common-h2 tribe-common-h4--min-medium\">\n\t\t\t2\t\t<\/span>\n\t<\/time>\n<\/div>\n    \n    <div class=\"tribe-events-widget-events-list__event-image tribe-common-g-col\">\n        <img decoding=\"async\"\n            src=\"https:\/\/uninavarra.edu.co\/wp-content\/uploads\/2026\/04\/feria-de-emprendimiento.jpg\"\n                            srcset=\"https:\/\/uninavarra.edu.co\/wp-content\/uploads\/2026\/04\/feria-de-emprendimiento-169x300.jpg 169w, https:\/\/uninavarra.edu.co\/wp-content\/uploads\/2026\/04\/feria-de-emprendimiento-576x1024.jpg 576w, https:\/\/uninavarra.edu.co\/wp-content\/uploads\/2026\/04\/feria-de-emprendimiento-84x150.jpg 84w, https:\/\/uninavarra.edu.co\/wp-content\/uploads\/2026\/04\/feria-de-emprendimiento-7x12.jpg 7w, https:\/\/uninavarra.edu.co\/wp-content\/uploads\/2026\/04\/feria-de-emprendimiento.jpg 750w\"\n                                                    title=\"feria-de-emprendimiento\"\n                        class=\"tribe-events-calendar-list__event-featured-image\"\n        \/>\n    <\/div>\n    <div class=\"tribe-events-widget-events-list__event-wrapper tribe-common-g-col\">\n        <article  class=\"tribe-events-widget-events-list__event post-98885 tribe_events type-tribe_events status-publish has-post-thumbnail hentry\" >\n            <div class=\"tribe-events-widget-events-list__event-details\">\n                <header class=\"tribe-events-widget-events-list__event-header\">\n                    <div class=\"tribe-events-widget-events-list__event-datetime-wrapper tribe-common-b2 tribe-common-b3--min-medium\">\n\t\t<time class=\"tribe-events-widget-events-list__event-datetime\" datetime=\"2026-05-02\">\n\t\t<span class=\"tribe-event-date-start\">08:00<\/span> - <span class=\"tribe-event-time\">17:00<\/span>\t<\/time>\n\t<\/div>\n                    <h3 class=\"tribe-events-widget-events-list__event-title tribe-common-h7\">\n\t<a\n\t\thref=\"https:\/\/uninavarra.edu.co\/event\/feria-de-emprendimiento-institucional-2026-1\/\"\n\t\ttitle=\"Feria de Emprendimiento Institucional 2026-1\"\n\t\trel=\"bookmark\"\n\t\tclass=\"tribe-events-widget-events-list__event-title-link tribe-common-anchor-thin\"\n\t>\n\t\tFeria de Emprendimiento Institucional 2026-1\t<\/a>\n<\/h3>\n                <\/header>\n                            <\/div>\n        <\/article>\n    <\/div>\n<\/div>\t\t\t\t\t\t\t\t\t<\/div>\n\n\t\t\t\t\t<\/div>\n\t<\/div>\n<\/div>\n<script data-js='tribe-events-view-nonce-data' type='application\/json'>{\"tvn1\":\"c1f9f04a4d\",\"tvn2\":\"\"}<\/script><!-- \/Widget Shortcode --> \n\t\t<\/div>\n\t<\/div>\n\n\t\t<\/div> \n\t<\/div><\/div><\/div><\/div><div class=\"vc_row-full-width\"><\/div><div id=\"video-block\" data-vc-full-width=\"true\" data-vc-full-width-init=\"false\" class=\"wpb-container vc_custom_1633632538319\"><div class=\"container\"><div class=\"vc_row wpb_row vc_row-fluid row \"><div class=\"col-sm-12  vc_\">\n\t\t<div class=\"wpb_wrapper \">\n\t\t\t\n\t<div class=\"wpb_text_column wpb_content_element\" >\n\t\t<div class=\"wpb_wrapper\">\n\t\t\t<h2 class=\"divisor\" style=\"font-size: 30px; text-align: left;\">Uninavarra Smart University 4.0<\/h2>\n\n\t\t<\/div>\n\t<\/div>\n<div class=\"vc_empty_space\"   style=\"height: 32px\"><span class=\"vc_empty_space_inner\"><\/span><\/div><div class=\"vc_row wpb_row vc_inner vc_row-fluid\"><div class=\"vc_ col-sm-6\"><div class=\"vc_column-inner\"><div class=\"wpb_wrapper\">\n\t<div class=\"wpb_video_widget wpb_content_element vc_clearfix   vc_video-aspect-ratio-169 vc_video-el-width-100 vc_video-align-left\" >\n\t\t<div class=\"wpb_wrapper\">\n\t\t\t\n\t\t\t<div class=\"wpb_video_wrapper\"><iframe title=\"Grados Febrero 2023\" width=\"500\" height=\"281\" src=\"https:\/\/www.youtube.com\/embed\/fH1Ka1TWwac?feature=oembed\" frameborder=\"0\" allow=\"accelerometer; autoplay; clipboard-write; encrypted-media; gyroscope; picture-in-picture; web-share\" referrerpolicy=\"strict-origin-when-cross-origin\" allowfullscreen><\/iframe><\/div>\n\t\t<\/div>\n\t<\/div>\n<h2 style=\"text-align: center\" class=\"vc_custom_heading vc_do_custom_heading titulosSmart\" >Grados febrero 2023<\/h2><\/div><\/div><\/div><div class=\"vc_ col-sm-6\"><div class=\"vc_column-inner\"><div class=\"wpb_wrapper\">\n\t<div class=\"wpb_video_widget wpb_content_element vc_clearfix   vc_video-aspect-ratio-169 vc_video-el-width-100 vc_video-align-left\" >\n\t\t<div class=\"wpb_wrapper\">\n\t\t\t\n\t\t\t<div class=\"wpb_video_wrapper\"><iframe title=\"\u00bfC\u00f3mo descargar tu Diploma y Acta de Grado digital?\" width=\"500\" height=\"281\" src=\"https:\/\/www.youtube.com\/embed\/sRj3UKngKTU?feature=oembed\" frameborder=\"0\" allow=\"accelerometer; autoplay; clipboard-write; encrypted-media; gyroscope; picture-in-picture; web-share\" referrerpolicy=\"strict-origin-when-cross-origin\" allowfullscreen><\/iframe><\/div>\n\t\t<\/div>\n\t<\/div>\n<h2 style=\"text-align: center\" class=\"vc_custom_heading vc_do_custom_heading titulosSmart\" >Grados febrero 2023<\/h2><\/div><\/div><\/div><\/div><div class=\"vc_row wpb_row vc_inner vc_row-fluid\"><div class=\"vc_ col-sm-6\"><div class=\"vc_column-inner\"><div class=\"wpb_wrapper\">\n\t<div class=\"wpb_video_widget wpb_content_element vc_clearfix   vc_video-aspect-ratio-169 vc_video-el-width-100 vc_video-align-left\" >\n\t\t<div class=\"wpb_wrapper\">\n\t\t\t\n\t\t\t<div class=\"wpb_video_wrapper\"><iframe title=\"Saludo del Dr. Thiago Navarro y balance de la finalizaci\u00f3n del a\u00f1o 2021 en simulaci\u00f3n - UNINAVARRA\" width=\"500\" height=\"281\" src=\"https:\/\/www.youtube.com\/embed\/78NdtkONhHs?feature=oembed\" frameborder=\"0\" allow=\"accelerometer; autoplay; clipboard-write; encrypted-media; gyroscope; picture-in-picture; web-share\" referrerpolicy=\"strict-origin-when-cross-origin\" allowfullscreen><\/iframe><\/div>\n\t\t<\/div>\n\t<\/div>\n<h2 style=\"text-align: center\" class=\"vc_custom_heading vc_do_custom_heading titulosSmart\" >Saludo del Dr. Thiago Navarro y balance de la finalizaci\u00f3n del a\u00f1o 2021 en simulaci\u00f3n - UNINAVARRA<\/h2><\/div><\/div><\/div><div class=\"vc_ col-sm-6\"><div class=\"vc_column-inner\"><div class=\"wpb_wrapper\">\n\t<div class=\"wpb_video_widget wpb_content_element vc_clearfix   vc_video-aspect-ratio-169 vc_video-el-width-100 vc_video-align-left\" >\n\t\t<div class=\"wpb_wrapper\">\n\t\t\t\n\t\t\t<div class=\"wpb_video_wrapper\"><iframe title=\"Hospital Universitario Simulado de Alta Complejidad - HUSAC\" width=\"500\" height=\"281\" src=\"https:\/\/www.youtube.com\/embed\/F-3tIzDJqDM?feature=oembed\" frameborder=\"0\" allow=\"accelerometer; autoplay; clipboard-write; encrypted-media; gyroscope; picture-in-picture; web-share\" referrerpolicy=\"strict-origin-when-cross-origin\" allowfullscreen><\/iframe><\/div>\n\t\t<\/div>\n\t<\/div>\n<h2 style=\"text-align: center\" class=\"vc_custom_heading vc_do_custom_heading titulosSmart\" >Hospital Univseritario Simulado de Alta Complejidad - HUSAC<\/h2><\/div><\/div><\/div><\/div><div class=\"vc_row wpb_row vc_inner vc_row-fluid\"><div class=\"vc_ col-sm-6\"><div class=\"vc_column-inner\"><div class=\"wpb_wrapper\">\n\t<div class=\"wpb_video_widget wpb_content_element vc_clearfix   vc_video-aspect-ratio-169 vc_video-el-width-100 vc_video-align-left\" >\n\t\t<div class=\"wpb_wrapper\">\n\t\t\t\n\t\t\t<div class=\"wpb_video_wrapper\"><iframe title=\"Conoce m\u00e1s sobre nuestra Oferta Posgradual\" width=\"500\" height=\"281\" src=\"https:\/\/www.youtube.com\/embed\/mF4PII1sSoc?feature=oembed\" frameborder=\"0\" allow=\"accelerometer; autoplay; clipboard-write; encrypted-media; gyroscope; picture-in-picture; web-share\" referrerpolicy=\"strict-origin-when-cross-origin\" allowfullscreen><\/iframe><\/div>\n\t\t<\/div>\n\t<\/div>\n<h2 style=\"text-align: center\" class=\"vc_custom_heading vc_do_custom_heading titulosSmart\" >Conoce m\u00e1s sobre nuestra Oferta Posgradual<\/h2><\/div><\/div><\/div><div class=\"vc_ col-sm-6\"><div class=\"vc_column-inner\"><div class=\"wpb_wrapper\">\n\t<div class=\"wpb_video_widget wpb_content_element vc_clearfix   vc_video-aspect-ratio-169 vc_video-el-width-100 vc_video-align-left\" >\n\t\t<div class=\"wpb_wrapper\">\n\t\t\t\n\t\t\t<div class=\"wpb_video_wrapper\"><iframe title=\"ENTRENAMIENTO EN AMBIENTES SIMULADOS INTERDISCIPLINARIOS PREVIO A LAS PR\u00c1CTICAS FORMATIVAS\" width=\"500\" height=\"281\" src=\"https:\/\/www.youtube.com\/embed\/zS3I62z9clE?feature=oembed\" frameborder=\"0\" allow=\"accelerometer; autoplay; clipboard-write; encrypted-media; gyroscope; picture-in-picture; web-share\" referrerpolicy=\"strict-origin-when-cross-origin\" allowfullscreen><\/iframe><\/div>\n\t\t<\/div>\n\t<\/div>\n<h2 style=\"text-align: center\" class=\"vc_custom_heading vc_do_custom_heading titulosSmart\" >Entrenamiento en ambientes simulados interdisciplinarios previo a las pr\u00e1cticas formativas<\/h2><\/div><\/div><\/div><\/div>\n\t<div class=\"wpb_text_column wpb_content_element\" >\n\t\t<div class=\"wpb_wrapper\">\n\t\t\t<p style=\"text-align: center; display: none;\"><a class=\"a-iconos\" style=\"font-size: 1.5rem;\" href=\"https:\/\/uninavarra.edu.co\/videos-uninavarra\/\"><i class=\"fas fa-angle-right\"><\/i>Ver todos los videos<\/a><\/p>\n\n\t\t<\/div>\n\t<\/div>\n<div class=\"vc_empty_space\"   style=\"height: 32px\"><span class=\"vc_empty_space_inner\"><\/span><\/div><div class=\"vc_btn3-container vc_btn3-center vc_do_btn\" ><a class=\"vc_general vc_btn3 vc_btn3-size-md vc_btn3-shape-rounded vc_btn3-style-modern vc_btn3-icon-left vc_btn3-color-navarra\" href=\"https:\/\/uninavarra.edu.co\/videos-uninavarra\/\" title=\"\" rel=\"nofollow\"><i class=\"vc_btn3-icon fas fa-chevron-right\"><\/i> Conoce nuestra biblioteca audiovisual<\/a><\/div>\n\t\t<\/div> \n\t<\/div><\/div><\/div><\/div><div class=\"vc_row-full-width\"><\/div><div id=\"forma\" data-vc-full-width=\"true\" data-vc-full-width-init=\"false\" data-vc-parallax=\"1.5\" data-vc-parallax-image=\"https:\/\/uninavarra.edu.co\/wp-content\/uploads\/2015\/10\/home-uninavarra-descubre-bg.jpg\" class=\"wpb-container vc_custom_1489104338125 vc_general vc_parallax vc_parallax-1\"><div class=\"container\"><div class=\"vc_row wpb_row vc_row-fluid row \"><div class=\"col-sm-12  vc_\">\n\t\t<div class=\"wpb_wrapper \">\n\t\t\t\n\t<div class=\"wpb_text_column wpb_content_element\" >\n\t\t<div class=\"wpb_wrapper\">\n\t\t\t<h2 class=\"divisor\">Uninavarra Forma<\/h2>\n\n\t\t<\/div>\n\t<\/div>\n<div class=\"vc_row wpb_row vc_inner vc_row-fluid\"><div class=\"vc_ col-sm-3\"><div class=\"vc_column-inner\"><div class=\"wpb_wrapper\">\n\t<div class=\"wpb_text_column wpb_content_element\" >\n\t\t<div class=\"wpb_wrapper\">\n\t\t\t<div class=\"wpb_wrapper\">\n<div id=\"pro\" class=\"pricing pricing-v1\">\n<div class=\"pricing-header\">\n<h4 class=\"plan-title\"><img decoding=\"async\" src=\"https:\/\/uninavarra.edu.co\/wp-content\/uploads\/2015\/10\/icon-esp-der-const-y-sis-interam-ddhh.png\" alt=\"\" \/><br \/>\nCarreras<br \/>\nUniversitarias<\/h4>\n<\/div>\n<div class=\"pricing-body\">\n<div class=\"plain-info\"><!-- Widget Shortcode --><div id=\"nav_menu-31\" class=\"widget widget_nav_menu widget-shortcode area-arbitrary \"><div class=\"menu-inicio-forma-profesional-container\"><ul id=\"menu-inicio-forma-profesional\" class=\"menu\"><li id=\"menu-item-78688\" class=\"menu-item menu-item-type-custom menu-item-object-custom menu-item-78688\"><a href=\"https:\/\/uninavarra.edu.co\/landing\/medicina\/\">Medicina<\/a><\/li>\n<li id=\"menu-item-77095\" class=\"menu-item menu-item-type-post_type menu-item-object-page menu-item-77095\"><a href=\"https:\/\/uninavarra.edu.co\/en\/landing\/derecho\/\" title=\"SNIES 103160\">Derecho<\/a><\/li>\n<li id=\"menu-item-89191\" class=\"menu-item menu-item-type-post_type menu-item-object-page menu-item-89191\"><a href=\"https:\/\/uninavarra.edu.co\/en\/landing\/ingenieria-ambiental\/\">Ingenier\u00eda Ambiental<\/a><\/li>\n<li id=\"menu-item-79109\" class=\"menu-item menu-item-type-post_type menu-item-object-page menu-item-79109\"><a href=\"https:\/\/uninavarra.edu.co\/en\/landing\/ingenieria-industrial\/\">Ingenier\u00eda Industrial<\/a><\/li>\n<li id=\"menu-item-81232\" class=\"menu-item menu-item-type-post_type menu-item-object-page menu-item-81232\"><a href=\"https:\/\/uninavarra.edu.co\/en\/landing\/enfermeria\/\">Enfermer\u00eda<\/a><\/li>\n<li id=\"menu-item-881\" class=\"admon menu-item menu-item-type-post_type menu-item-object-page menu-item-881\"><a href=\"https:\/\/uninavarra.edu.co\/en\/landing\/administracion-de-empresas\/\" title=\"SNIES 103761\">Administraci\u00f3n de Empresas<\/a><\/li>\n<li id=\"menu-item-88221\" class=\"menu-item menu-item-type-post_type menu-item-object-page menu-item-88221\"><a href=\"https:\/\/uninavarra.edu.co\/en\/landing\/biologia\/\">Biolog\u00eda<\/a><\/li>\n<\/ul><\/div><\/div><!-- \/Widget Shortcode --><\/div>\n<\/div>\n<\/div>\n<\/div>\n\n\t\t<\/div>\n\t<\/div>\n<\/div><\/div><\/div><div class=\"vc_ col-sm-3\"><div class=\"vc_column-inner\"><div class=\"wpb_wrapper\">\n\t<div class=\"wpb_text_column wpb_content_element\" >\n\t\t<div class=\"wpb_wrapper\">\n\t\t\t<div class=\"wpb_wrapper \">\n<div id=\"tec\" class=\"pricing pricing-v1\">\n<div class=\"pricing-header\">\n<h4 class=\"plan-title\"><img decoding=\"async\" src=\"https:\/\/uninavarra.edu.co\/wp-content\/uploads\/2015\/10\/icon-esp-der-const-y-sis-interam-ddhh.png\" alt=\"\" \/><br \/>\nCarreras<br \/>\nTecnol\u00f3gicas<\/h4>\n<\/div>\n<div class=\"pricing-body\">\n<div class=\"plain-info\"><!-- Widget Shortcode --><div id=\"nav_menu-32\" class=\"widget widget_nav_menu widget-shortcode area-arbitrary \"><div class=\"menu-inicio-forma-tecnologica-container\"><ul id=\"menu-inicio-forma-tecnologica\" class=\"menu\"><li id=\"menu-item-82822\" class=\"menu-item menu-item-type-post_type menu-item-object-page menu-item-82822\"><a href=\"https:\/\/uninavarra.edu.co\/en\/landing\/tecnologia-en-radiologia-e-imagenes-diagnosticas\/\">Tecnolog\u00eda en Radiolog\u00eda e Im\u00e1genes Diagn\u00f3sticas<\/a><\/li>\n<\/ul><\/div><\/div><!-- \/Widget Shortcode --><\/div>\n<\/div>\n<\/div>\n<\/div>\n\n\t\t<\/div>\n\t<\/div>\n<\/div><\/div><\/div><div class=\"vc_ col-sm-3\"><div class=\"vc_column-inner\"><div class=\"wpb_wrapper\">\n\t<div class=\"wpb_text_column wpb_content_element\" >\n\t\t<div class=\"wpb_wrapper\">\n\t\t\t<div class=\"wpb_wrapper \">\n<div id=\"cont\" class=\"pricing pricing-v1\">\n<div class=\"pricing-header\">\n<h4 class=\"plan-title\"><img decoding=\"async\" src=\"https:\/\/uninavarra.edu.co\/wp-content\/uploads\/2015\/10\/icon-esp-der-const-y-sis-interam-ddhh.png\" alt=\"\" \/><br \/>\nEducaci\u00f3n<br \/>\ncontinuada<\/h4>\n<\/div>\n<div class=\"pricing-body\">\n<div class=\"plain-info\"><span style=\"color: #0833a2;\"><!-- Widget Shortcode --><div id=\"nav_menu-59\" class=\"widget widget_nav_menu widget-shortcode area-arbitrary \"><div class=\"menu-inicio-forma-educacion-continuada-container\"><ul id=\"menu-inicio-forma-educacion-continuada\" class=\"menu\"><li id=\"menu-item-48429\" class=\"menu-item menu-item-type-custom menu-item-object-custom menu-item-48429\"><a href=\"https:\/\/uninavarra.edu.co\/programas\/educacion-continua\/\"><font color=\"#0833a2\"><strong>AHA<\/strong><\/font><\/a><\/li>\n<li id=\"menu-item-48430\" class=\"menu-item menu-item-type-custom menu-item-object-custom menu-item-48430\"><a href=\"https:\/\/uninavarra.edu.co\/educacion-continua\/\"><h5 style=\"font-weight: lighter;\"><font color=\"#e30613\">Diplomados, Cursos, Seminarios, Conferencias, Panel, Foros, Conversatorios, Simposios, Talleres, Webinar, Congresos, Workshop, Coloquios, Charlas, Master Class<\/font><\/h5><\/a><\/li>\n<\/ul><\/div><\/div><!-- \/Widget Shortcode --><\/span><\/div>\n<\/div>\n<\/div>\n<\/div>\n\n\t\t<\/div>\n\t<\/div>\n<\/div><\/div><\/div><div class=\"vc_ col-sm-3\"><div class=\"vc_column-inner\"><div class=\"wpb_wrapper\">\n\t<div class=\"wpb_text_column wpb_content_element\" >\n\t\t<div class=\"wpb_wrapper\">\n\t\t\t<div class=\"wpb_wrapper \">\n<div id=\"uninavarra-forma-posgrados\" class=\"pricing pricing-v1\">\n<div class=\"pricing-header\">\n<h4 class=\"plan-title\"><img decoding=\"async\" src=\"https:\/\/uninavarra.edu.co\/wp-content\/uploads\/2015\/10\/icon-esp-der-const-y-sis-interam-ddhh.png\" alt=\"\" \/><br \/>\nPosgrados<\/h4>\n<\/div>\n<div class=\"pricing-body\">\n<div class=\"plain-info\"><!-- Widget Shortcode --><div id=\"nav_menu-46\" class=\"widget widget_nav_menu widget-shortcode area-arbitrary \"><div class=\"menu-inicio-uninavarra-forma-posgrados-container\"><ul id=\"menu-inicio-uninavarra-forma-posgrados\" class=\"menu\"><li id=\"menu-item-83038\" class=\"menu-item menu-item-type-post_type menu-item-object-page menu-item-83038\"><a href=\"https:\/\/uninavarra.edu.co\/en\/especializacion-medicina-interna\/\">Especializaci\u00f3n Medicina Interna<\/a><\/li>\n<li id=\"menu-item-63820\" class=\"menu-item menu-item-type-custom menu-item-object-custom menu-item-63820\"><a href=\"https:\/\/uninavarra.edu.co\/especializacion-medicina-familiar\/\" title=\"SNIES 111582\">Especializaci\u00f3n en Medicina Familiar<\/a><\/li>\n<li id=\"menu-item-77098\" class=\"menu-item menu-item-type-post_type menu-item-object-page menu-item-77098\"><a href=\"https:\/\/uninavarra.edu.co\/en\/especializacion-en-derecho-constitucional-y-sistema-interamericano-de-derechos-humanos\/\" title=\"SNIES 106068\">Especializaci\u00f3n en Derecho Constitucional y Sistema Interamericano de Derechos Humanos<\/a><\/li>\n<li id=\"menu-item-77110\" class=\"menu-item menu-item-type-post_type menu-item-object-page menu-item-77110\"><a href=\"https:\/\/uninavarra.edu.co\/en\/especializacion-en-derecho-medico\/\" title=\"SNIES 107402\">Especializaci\u00f3n en Derecho M\u00e9dico<\/a><\/li>\n<li id=\"menu-item-77112\" class=\"menu-item menu-item-type-post_type menu-item-object-page menu-item-77112\"><a href=\"https:\/\/uninavarra.edu.co\/en\/especializacion-en-derecho-laboral-y-seguridad-social-2\/\" title=\"SNIES 110228\">Especializaci\u00f3n en Derecho Laboral y Seguridad Social<\/a><\/li>\n<li id=\"menu-item-92795\" class=\"menu-item menu-item-type-post_type menu-item-object-page menu-item-92795\"><a href=\"https:\/\/uninavarra.edu.co\/en\/especializacion-en-gerencia-de-seguridad-y-salud-en-el-trabajo-2\/\" title=\"SNIES 110249\">Especializaci\u00f3n en Gerencia de Seguridad y Salud en el Trabajo<\/a><\/li>\n<li id=\"menu-item-77115\" class=\"menu-item menu-item-type-post_type menu-item-object-page menu-item-77115\"><a href=\"https:\/\/uninavarra.edu.co\/en\/especializacion-litigacion-oral\/\" title=\"SNIES 110581\">Especializaci\u00f3n en Litigaci\u00f3n Oral<\/a><\/li>\n<\/ul><\/div><\/div><!-- \/Widget Shortcode --><\/div>\n<\/div>\n<\/div>\n<\/div>\n\n\t\t<\/div>\n\t<\/div>\n<\/div><\/div><\/div><\/div><div class=\"vc_row wpb_row vc_inner vc_row-fluid\"><div class=\"vc_ col-sm-12 col-md-offset-1 col-md-10\"><div class=\"vc_column-inner\"><div class=\"wpb_wrapper\">\n\t<div class=\"wpb_text_column wpb_content_element\" >\n\t\t<div class=\"wpb_wrapper\">\n\t\t\t<!-- Widget Shortcode --><div id=\"nav_menu-24\" class=\"widget widget_nav_menu widget-shortcode area-arbitrary \"><div class=\"menu-enlaces-container\"><ul id=\"menu-enlaces\" class=\"menu\"><li id=\"menu-item-1948\" class=\"menu-item menu-item-type-custom menu-item-object-custom menu-item-1948\"><a href=\"https:\/\/uninavarra.edu.co\/admisiones\/acceso-a-inscripciones\/\">Pre Inscripciones<\/a><\/li>\n<li id=\"menu-item-507\" class=\"icon correo menu-item menu-item-type-custom menu-item-object-custom menu-item-507\"><a href=\"https:\/\/mail.google.com\/a\/uninavarra.edu.co\">Correo institucional<\/a><\/li>\n<li id=\"menu-item-508\" class=\"icon plataforma menu-item menu-item-type-custom menu-item-object-custom menu-item-508\"><a href=\"http:\/\/campus.uninavarra.edu.co\/psp\/cs92prod\/?cmd=login&#038;languageCd=ESP&#038;\">Plataforma acad\u00e9mica<\/a><\/li>\n<li id=\"menu-item-504\" class=\"icon bases-datos menu-item menu-item-type-post_type menu-item-object-page menu-item-504\"><a href=\"https:\/\/uninavarra.edu.co\/en\/estudiantes\/biblioteca\/bases-de-datos-academicas\/\">Bases de Datos Acad\u00e9micas<\/a><\/li>\n<li id=\"menu-item-4539\" class=\"menu-item menu-item-type-custom menu-item-object-custom menu-item-4539\"><a href=\"https:\/\/uninavarra.edu.co\/estudiantes\/biblioteca\/\">Biblioteca<\/a><\/li>\n<li id=\"menu-item-509\" class=\"icon instructivo menu-item menu-item-type-custom menu-item-object-custom menu-item-509\"><a href=\"https:\/\/uninavarra.edu.co\/estudiantes\/linda-preguntas-frecuentes-estudiantes\/\">Instructivos plataforma estudiantes<\/a><\/li>\n<li id=\"menu-item-2722\" class=\"menu-item menu-item-type-custom menu-item-object-custom menu-item-2722\"><a href=\"https:\/\/www.youtube.com\/watch?v=MyVlGH8K7ds\">Modelo Pedag\u00f3gico Uninavarra<\/a><\/li>\n<\/ul><\/div><\/div><!-- \/Widget Shortcode -->\n\n\t\t<\/div>\n\t<\/div>\n<\/div><\/div><\/div><\/div>\n\t\t<\/div> \n\t<\/div><\/div><\/div><\/div><div class=\"vc_row-full-width\"><\/div><div id=\"descubre\" data-vc-full-width=\"true\" data-vc-full-width-init=\"false\" class=\"wpb-container \"><div class=\"container\"><div class=\"vc_row wpb_row vc_row-fluid row \"><div class=\"col-sm-12  vc_\">\n\t\t<div class=\"wpb_wrapper \">\n\t\t\t\n\t<div class=\"wpb_text_column wpb_content_element\" >\n\t\t<div class=\"wpb_wrapper\">\n\t\t\t<h2 class=\"divisor\"><span style=\"color: white;\">Uninavarra Descubre<\/span><\/h2>\n\n\t\t<\/div>\n\t<\/div>\n<div id=\"logo_cina\" class=\"vc_row wpb_row vc_inner vc_row-fluid vc_row-o-equal-height vc_row-o-content-middle vc_row-flex\"><div class=\"botones_cina vc_ col-sm-6\"><div class=\"vc_column-inner\"><div class=\"wpb_wrapper\"><div class=\"wpb_single_image wpb_content_element logo_cina vc_align_left\">\n\t\t<div class=\"wpb_wrapper\">\n\t\t\t\n\t\t\t<a href=\"https:\/\/uninavarra.edu.co\/ciinaa\/\" target=\"_self\"><img loading=\"lazy\" decoding=\"async\" width=\"900\" height=\"362\" src=\"https:\/\/uninavarra.edu.co\/wp-content\/uploads\/2021\/11\/logo-ciina-1024x412.png\" class=\" vc_box_border_grey attachment-large\" alt=\"logo-ciina\" title=\"logo-ciina\" srcset=\"https:\/\/uninavarra.edu.co\/wp-content\/uploads\/2021\/11\/logo-ciina-1024x412.png 1024w, https:\/\/uninavarra.edu.co\/wp-content\/uploads\/2021\/11\/logo-ciina-150x60.png 150w, https:\/\/uninavarra.edu.co\/wp-content\/uploads\/2021\/11\/logo-ciina-300x121.png 300w, https:\/\/uninavarra.edu.co\/wp-content\/uploads\/2021\/11\/logo-ciina-768x309.png 768w, https:\/\/uninavarra.edu.co\/wp-content\/uploads\/2021\/11\/logo-ciina-1536x618.png 1536w, https:\/\/uninavarra.edu.co\/wp-content\/uploads\/2021\/11\/logo-ciina-2048x824.png 2048w\" sizes=\"(max-width: 900px) 100vw, 900px\" \/><\/a>\n\t\t<\/div> \n\t<\/div><\/div><\/div><\/div><div class=\"vc_ col-sm-6\"><div class=\"vc_column-inner\"><div class=\"wpb_wrapper\"><\/div><\/div><\/div><\/div><div id=\"menu_cina\" class=\"vc_row wpb_row vc_inner vc_row-fluid vc_row-o-content-middle vc_row-flex\"><div class=\"vc_ col-sm-12\"><div class=\"vc_column-inner\"><div class=\"wpb_wrapper\">\n\t<div class=\"wpb_raw_code wpb_raw_html wpb_content_element\" >\n\t\t<div class=\"wpb_wrapper\">\n\t\t\t<a class=\"fa fa-bars abrir-menu-cina\"><\/a>\n<!-- Widget Shortcode --><div id=\"nav_menu-40\" class=\"widget widget_nav_menu widget-shortcode area-se431_2466vwp \"><h2 class=\"widgettitle\">Investigaci\u00f3n<\/h2><div class=\"menu-investigacion-container\"><ul id=\"menu-investigacion\" class=\"menu\"><li id=\"menu-item-23718\" class=\"menu-item menu-item-type-post_type menu-item-object-page menu-item-23718\"><a href=\"https:\/\/uninavarra.edu.co\/en\/ciina\/\">CIINA<\/a><\/li>\n<li id=\"menu-item-23720\" class=\"menu-item menu-item-type-post_type menu-item-object-page menu-item-has-children menu-item-23720\"><a href=\"https:\/\/uninavarra.edu.co\/en\/ciina\/grupos-de-investigacion\/\">Grupos de Investigaci\u00f3n<\/a>\n<ul class=\"sub-menu\">\n\t<li id=\"menu-item-31682\" class=\"menu-item menu-item-type-post_type menu-item-object-page menu-item-31682\"><a href=\"https:\/\/uninavarra.edu.co\/en\/ciina\/grupos-de-investigacion\/navarra-medicina\/\">Navarra Medicina<\/a><\/li>\n\t<li id=\"menu-item-31686\" class=\"menu-item menu-item-type-post_type menu-item-object-page menu-item-31686\"><a href=\"https:\/\/uninavarra.edu.co\/en\/ciina\/grupos-de-investigacion\/dialogos\/\">Di\u00e1logos<\/a><\/li>\n\t<li id=\"menu-item-31685\" class=\"menu-item menu-item-type-post_type menu-item-object-page menu-item-31685\"><a href=\"https:\/\/uninavarra.edu.co\/en\/ciina\/grupos-de-investigacion\/navarra-ingenierias\/\">Navarra Ingenier\u00edas<\/a><\/li>\n\t<li id=\"menu-item-31687\" class=\"menu-item menu-item-type-post_type menu-item-object-page menu-item-31687\"><a href=\"https:\/\/uninavarra.edu.co\/en\/ciina\/grupos-de-investigacion\/cuidados-salud-imagenes-diagnosticas\/\">Cuidados de la Salud e Im\u00e1genes Diagn\u00f3sticas<\/a><\/li>\n\t<li id=\"menu-item-31684\" class=\"menu-item menu-item-type-post_type menu-item-object-page menu-item-31684\"><a href=\"https:\/\/uninavarra.edu.co\/en\/ciina\/grupos-de-investigacion\/navarra-emprende\/\">Navarra Emprende<\/a><\/li>\n<\/ul>\n<\/li>\n<li id=\"menu-item-34233\" class=\"menu-item menu-item-type-post_type menu-item-object-page menu-item-34233\"><a href=\"https:\/\/uninavarra.edu.co\/en\/ciina\/banco-proyectos\/\">Banco de Proyectos<\/a><\/li>\n<li id=\"menu-item-23736\" class=\"menu-item menu-item-type-post_type menu-item-object-page menu-item-has-children menu-item-23736\"><a href=\"https:\/\/uninavarra.edu.co\/en\/ciina\/eventos\/\">Eventos<\/a>\n<ul class=\"sub-menu\">\n\t<li id=\"menu-item-31691\" class=\"menu-item menu-item-type-post_type menu-item-object-page menu-item-31691\"><a href=\"https:\/\/uninavarra.edu.co\/en\/ciina\/eventos\/2017_\/\">2017<\/a><\/li>\n\t<li id=\"menu-item-31690\" class=\"menu-item menu-item-type-post_type menu-item-object-page menu-item-31690\"><a href=\"https:\/\/uninavarra.edu.co\/en\/ciina\/eventos\/2018_\/\">2018<\/a><\/li>\n\t<li id=\"menu-item-31689\" class=\"menu-item menu-item-type-post_type menu-item-object-page menu-item-31689\"><a href=\"https:\/\/uninavarra.edu.co\/en\/ciina\/eventos\/2019_\/\">2019<\/a><\/li>\n\t<li id=\"menu-item-31688\" class=\"menu-item menu-item-type-post_type menu-item-object-page menu-item-31688\"><a href=\"https:\/\/uninavarra.edu.co\/en\/ciina\/eventos\/2020_\/\">2020<\/a><\/li>\n\t<li id=\"menu-item-38944\" class=\"menu-item menu-item-type-post_type menu-item-object-page menu-item-38944\"><a href=\"https:\/\/uninavarra.edu.co\/en\/ciina\/eventos\/2021_\/\">2021<\/a><\/li>\n\t<li id=\"menu-item-62500\" class=\"menu-item menu-item-type-post_type menu-item-object-page menu-item-62500\"><a href=\"https:\/\/uninavarra.edu.co\/en\/ciina\/eventos\/eventos-2022\/\">2022<\/a><\/li>\n\t<li id=\"menu-item-62498\" class=\"menu-item menu-item-type-post_type menu-item-object-page menu-item-62498\"><a href=\"https:\/\/uninavarra.edu.co\/en\/ciina\/eventos\/eventos-2023\/\">2023<\/a><\/li>\n\t<li id=\"menu-item-70994\" class=\"menu-item menu-item-type-post_type menu-item-object-page menu-item-70994\"><a href=\"https:\/\/uninavarra.edu.co\/en\/ciina\/eventos\/eventos-2024\/\">2024<\/a><\/li>\n\t<li id=\"menu-item-89996\" class=\"menu-item menu-item-type-post_type menu-item-object-page menu-item-89996\"><a href=\"https:\/\/uninavarra.edu.co\/en\/ciina\/eventos\/eventos-2025\/\">2025<\/a><\/li>\n<\/ul>\n<\/li>\n<li id=\"menu-item-23738\" class=\"menu-item menu-item-type-post_type menu-item-object-page menu-item-23738\"><a href=\"https:\/\/uninavarra.edu.co\/en\/ciina\/procedimientos\/\">Procedimientos<\/a><\/li>\n<li id=\"menu-item-23750\" class=\"menu-item menu-item-type-post_type menu-item-object-page menu-item-23750\"><a href=\"https:\/\/uninavarra.edu.co\/en\/ciina\/formatos\/\">Formatos<\/a><\/li>\n<li id=\"menu-item-23740\" class=\"menu-item menu-item-type-post_type menu-item-object-page menu-item-has-children menu-item-23740\"><a href=\"https:\/\/uninavarra.edu.co\/en\/ciina\/editorial-uninavarra\/\">Editorial UNINAVARRA<\/a>\n<ul class=\"sub-menu\">\n\t<li id=\"menu-item-23739\" class=\"menu-item menu-item-type-custom menu-item-object-custom menu-item-23739\"><a href=\"https:\/\/uninavarra.edu.co\/cina\/editorial-uninavarra\/libros\/\">Libros<\/a><\/li>\n\t<li id=\"menu-item-23741\" class=\"menu-item menu-item-type-custom menu-item-object-custom menu-item-23741\"><a href=\"https:\/\/journals.uninavarra.edu.co\/\">Revistas<\/a><\/li>\n<\/ul>\n<\/li>\n<li id=\"menu-item-52768\" class=\"menu-item menu-item-type-post_type menu-item-object-page menu-item-52768\"><a href=\"https:\/\/uninavarra.edu.co\/en\/red-aves-huila\/\">Red Aves Huila<\/a><\/li>\n<li id=\"menu-item-23719\" class=\"menu-item menu-item-type-post_type menu-item-object-page menu-item-23719\"><a href=\"https:\/\/uninavarra.edu.co\/en\/ciina\/noticias\/\">Noticias<\/a><\/li>\n<\/ul><\/div><\/div><!-- \/Widget Shortcode -->\n\t\t<\/div>\n\t<\/div>\n<\/div><\/div><\/div><\/div>\n\t\t<\/div> \n\t<\/div><\/div><\/div><\/div><div class=\"vc_row-full-width\"><\/div><div data-vc-full-width=\"true\" data-vc-full-width-init=\"false\" class=\"wpb-container vc_custom_1676920319195\"><div class=\"container\"><div class=\"vc_row wpb_row vc_row-fluid row \"><div class=\"col-sm-12  vc_\">\n\t\t<div class=\"wpb_wrapper \">\n\t\t\t\n\t<div class=\"wpb_text_column wpb_content_element\" >\n\t\t<div class=\"wpb_wrapper\">\n\t\t\t<h2 class=\"divisor\">Uninavarra Pr\u00e1ctica<\/h2>\n\n\t\t<\/div>\n\t<\/div>\n\n\t\t<\/div> \n\t<\/div><\/div><\/div><\/div><div class=\"vc_row-full-width\"><\/div><div id=\"practica\" data-vc-full-width=\"true\" data-vc-full-width-init=\"false\" class=\"wpb-container vc_custom_1676920327442\"><div class=\"container\"><div class=\"vc_row wpb_row vc_row-fluid row \"><div class=\"col-sm-3  vc_\">\n\t\t<div class=\"wpb_wrapper \">\n\t\t\t\n\t<div class=\"wpb_text_column wpb_content_element\" >\n\t\t<div class=\"wpb_wrapper\">\n\t\t\t<p style=\"text-align: justify;\"><img loading=\"lazy\" decoding=\"async\" class=\"size-full wp-image-4009 aligncenter\" src=\"https:\/\/uninavarra.edu.co\/wp-content\/uploads\/2016\/01\/24.png\" alt=\"N24\" width=\"267\" height=\"132\" \/><\/p>\n<p style=\"text-align: left;\"><span style=\"font-family: verdana, geneva, sans-serif; font-size: 14px;\">Iniciamos el a\u00f1o 2023, y con ello nuestra Misi\u00f3n Institucional se fortalece desde todas las actividades, programas y procesos que se viven en esta Casa de Estudios. Nuestros esfuerzos est\u00e1n enfocados en los estudiantes y familias que creen en la formaci\u00f3n con calidad, en el desarrollo cultural, investigativo y de transformaci\u00f3n social de nuestra ciudad, pa\u00eds y el mundo.<\/span><\/p>\n\n\t\t<\/div>\n\t<\/div>\n<div class=\"vc_empty_space\"   style=\"height: 32px\"><span class=\"vc_empty_space_inner\"><\/span><\/div><div class=\"vc_btn3-container vc_btn3-center vc_do_btn\" ><a class=\"vc_general vc_btn3 vc_btn3-size-sm vc_btn3-shape-rounded vc_btn3-style-modern vc_btn3-icon-left vc_btn3-color-navarra\" href=\"https:\/\/uninavarra.edu.co\/fotosuninavarra\/\" title=\"\" rel=\"nofollow\"><i class=\"vc_btn3-icon fas fa-chevron-right\"><\/i> Conoce nuestra galer\u00eda fotogr\u00e1fica<\/a><\/div>\n\t\t<\/div> \n\t<\/div><div class=\"col-sm-9  vc_\">\n\t\t<div class=\"wpb_wrapper \">\n\t\t\t\n<div class=\"vc_grid-container-wrapper vc_clearfix vc_grid-animation-fadeIn\">\n\t<div class=\"vc_grid-container vc_clearfix wpb_content_element vc_media_grid\" data-initial-loading-animation=\"fadeIn\" data-vc-grid-settings=\"{&quot;page_id&quot;:58267,&quot;style&quot;:&quot;all&quot;,&quot;action&quot;:&quot;vc_get_vc_grid_data&quot;,&quot;shortcode_id&quot;:&quot;1681153624551-96a76811-0af0-3&quot;,&quot;tag&quot;:&quot;vc_media_grid&quot;}\" data-vc-request=\"https:\/\/uninavarra.edu.co\/wp-admin\/admin-ajax.php\" data-vc-post-id=\"58267\" data-vc-public-nonce=\"0fa0719f2c\">\n\t\t\n\t<\/div>\n<\/div>\n\t<div class=\"wpb_text_column wpb_content_element\" >\n\t\t<div class=\"wpb_wrapper\">\n\t\t\t<p style=\"text-align: center; display: none;\"><a class=\"a-iconos\" style=\"font-size: 1.5rem;\" href=\"https:\/\/uninavarra.edu.co\/?page_id=26056&amp;preview=true\"><i class=\"fas fa-angle-right\"><\/i>Ver todas las fotos<\/a><\/p>\n\n\t\t<\/div>\n\t<\/div>\n\n\t\t<\/div> \n\t<\/div><\/div><\/div><\/div><div class=\"vc_row-full-width\"><\/div><div id=\"responsabilidad\" data-vc-full-width=\"true\" data-vc-full-width-init=\"false\" class=\"wpb-container vc_custom_1672184929547\"><div class=\"container\"><div class=\"vc_row wpb_row vc_row-fluid row \"><div class=\"col-sm-12  vc_\">\n\t\t<div class=\"wpb_wrapper \">\n\t\t\t\n\t<div class=\"wpb_text_column wpb_content_element\" >\n\t\t<div class=\"wpb_wrapper\">\n\t\t\t<h2 class=\"divisor\"><span style=\"color: #ffffff;\">Uninavarra con Responsabilidad Social Universitaria<\/span><\/h2>\n\n\t\t<\/div>\n\t<\/div>\n\n\t<div class=\"wpb_text_column wpb_content_element\" >\n\t\t<div class=\"wpb_wrapper\">\n\t\t\t<p><a href=\"https:\/\/uninavarra.edu.co\/proyeccion-social\/\"><img loading=\"lazy\" decoding=\"async\" class=\"aligncenter wp-image-10934\" src=\"https:\/\/uninavarra.edu.co\/wp-content\/uploads\/2023\/01\/Banner-Proyeccio\u0301n-Social-2-1.jpg\" alt=\"banner proyecci\u00f3n social\" width=\"2048\" height=\"609\" \/><\/a><\/p>\n<p>Inspirada en la gratitud y en el amor por su regi\u00f3n, en su misi\u00f3n de formar profesionales integrales con sentido humano y con la capacidad de liderar procesos de transformaci\u00f3n social que velen por el desarrollo de su territorio, as\u00ed como en su pol\u00edtica de Responsabilidad Social y en la vida, obra y legado del m\u00e9dico investigador\u00a0 Giuseppe Moscati, quien por su piedad,\u00a0 innegable labor, y vocaci\u00f3n de servicio, fue Canonizado por el papa Juan Pablo II en 1987, La Fundaci\u00f3n Universitaria Navarra ha creado el Grupo de Humanizaci\u00f3n G Moscati, definiendo cuatro ejes de intervenci\u00f3n y apoyo a las comunidades.<\/p>\n\n\t\t<\/div>\n\t<\/div>\n<div class=\"vc_row wpb_row vc_inner vc_row-fluid\"><div class=\"vc_ col-sm-6 col-lg-3\"><div class=\"vc_column-inner vc_custom_1505773869334\"><div class=\"wpb_wrapper\"><div class=\"wpb_single_image wpb_content_element vc_align_center\">\n\t\t<div class=\"wpb_wrapper\">\n\t\t\t\n\t\t\t<a href=\"https:\/\/uninavarra.edu.co\/educacion-y-bienestar-para-el-adulto\" target=\"_self\"><img loading=\"lazy\" decoding=\"async\" width=\"1080\" height=\"1080\" src=\"https:\/\/uninavarra.edu.co\/wp-content\/uploads\/2023\/01\/foto-proyeccio\u0301n-social-1-1.png\" class=\" vc_box_border_grey attachment-full\" alt=\"uninavarra mayor\" title=\"foto-proyeccio\u0301n-social-1 (1)\" srcset=\"https:\/\/uninavarra.edu.co\/wp-content\/uploads\/2023\/01\/foto-proyeccio\u0301n-social-1-1.png 1080w, https:\/\/uninavarra.edu.co\/wp-content\/uploads\/2023\/01\/foto-proyeccio\u0301n-social-1-1-150x150.png 150w, https:\/\/uninavarra.edu.co\/wp-content\/uploads\/2023\/01\/foto-proyeccio\u0301n-social-1-1-300x300.png 300w, https:\/\/uninavarra.edu.co\/wp-content\/uploads\/2023\/01\/foto-proyeccio\u0301n-social-1-1-768x768.png 768w, https:\/\/uninavarra.edu.co\/wp-content\/uploads\/2023\/01\/foto-proyeccio\u0301n-social-1-1-1024x1024.png 1024w, https:\/\/uninavarra.edu.co\/wp-content\/uploads\/2023\/01\/elementor\/thumbs\/foto-proyeccio\u0301n-social-1-1-q08fvtjctf356bdbwvep3ig3zovk6cj15j1xc8cats.png 200w\" sizes=\"(max-width: 1080px) 100vw, 1080px\" \/><\/a>\n\t\t<\/div> \n\t<\/div><\/div><\/div><\/div><div class=\"vc_ col-sm-6 col-lg-3\"><div class=\"vc_column-inner vc_custom_1489071295683\"><div class=\"wpb_wrapper\"><div class=\"wpb_single_image wpb_content_element vc_align_center\">\n\t\t<div class=\"wpb_wrapper\">\n\t\t\t\n\t\t\t<a href=\"https:\/\/uninavarra.edu.co\/apoyo-al-paciente-hospitalizado\" target=\"_self\"><img loading=\"lazy\" decoding=\"async\" width=\"1080\" height=\"1080\" src=\"https:\/\/uninavarra.edu.co\/wp-content\/uploads\/2023\/01\/foto-proyeccio\u0301n-social-2-1.png\" class=\" vc_box_border_grey attachment-full\" alt=\"Apoyo al paciente hospitalizado\" title=\"foto-proyeccio\u0301n-social-2 (1)\" srcset=\"https:\/\/uninavarra.edu.co\/wp-content\/uploads\/2023\/01\/foto-proyeccio\u0301n-social-2-1.png 1080w, https:\/\/uninavarra.edu.co\/wp-content\/uploads\/2023\/01\/foto-proyeccio\u0301n-social-2-1-150x150.png 150w, https:\/\/uninavarra.edu.co\/wp-content\/uploads\/2023\/01\/elementor\/thumbs\/foto-proyeccio\u0301n-social-2-1-q08fuhlmcq1yc7gp3pjw6fdyqdngxjgfuqdc0islo8.png 300w, https:\/\/uninavarra.edu.co\/wp-content\/uploads\/2023\/01\/foto-proyeccio\u0301n-social-2-1-768x768.png 768w, https:\/\/uninavarra.edu.co\/wp-content\/uploads\/2023\/01\/foto-proyeccio\u0301n-social-2-1-1024x1024.png 1024w, https:\/\/uninavarra.edu.co\/wp-content\/uploads\/2023\/01\/elementor\/thumbs\/foto-proyeccio\u0301n-social-2-1-q08fuhllqsnqj7dtw94b4dys7pjnlnukwu2qxtjzno.png 250w, https:\/\/uninavarra.edu.co\/wp-content\/uploads\/2023\/01\/elementor\/thumbs\/foto-proyeccio\u0301n-social-2-1-q08fuhll4v9iq7ayosoq2cjlp1fu9s8pyxs5v4bdn4.png 200w\" sizes=\"(max-width: 1080px) 100vw, 1080px\" \/><\/a>\n\t\t<\/div> \n\t<\/div><\/div><\/div><\/div><div class=\"vc_ col-sm-6 col-lg-3\"><div class=\"vc_column-inner vc_custom_1489071304051\"><div class=\"wpb_wrapper\"><div class=\"wpb_single_image wpb_content_element vc_align_center\">\n\t\t<div class=\"wpb_wrapper\">\n\t\t\t\n\t\t\t<a href=\"https:\/\/uninavarra.edu.co\/apoyo-a-la-primera-infancia\" target=\"_self\"><img loading=\"lazy\" decoding=\"async\" width=\"1080\" height=\"1080\" src=\"https:\/\/uninavarra.edu.co\/wp-content\/uploads\/2023\/01\/foto-proyeccio\u0301n-social-3-1.png\" class=\" vc_box_border_grey attachment-full\" alt=\"apoyo a primera infancia\" title=\"foto-proyeccio\u0301n-social-3 (1)\" srcset=\"https:\/\/uninavarra.edu.co\/wp-content\/uploads\/2023\/01\/foto-proyeccio\u0301n-social-3-1.png 1080w, https:\/\/uninavarra.edu.co\/wp-content\/uploads\/2023\/01\/foto-proyeccio\u0301n-social-3-1-150x150.png 150w, https:\/\/uninavarra.edu.co\/wp-content\/uploads\/2023\/01\/foto-proyeccio\u0301n-social-3-1-300x300.png 300w, https:\/\/uninavarra.edu.co\/wp-content\/uploads\/2023\/01\/foto-proyeccio\u0301n-social-3-1-768x768.png 768w, https:\/\/uninavarra.edu.co\/wp-content\/uploads\/2023\/01\/foto-proyeccio\u0301n-social-3-1-1024x1024.png 1024w, https:\/\/uninavarra.edu.co\/wp-content\/uploads\/2023\/01\/elementor\/thumbs\/foto-proyeccio\u0301n-social-3-1-q08fzh4re83abq26kgagsl8n5muy3z1gbmdwiyx6mo.png 200w\" sizes=\"(max-width: 1080px) 100vw, 1080px\" \/><\/a>\n\t\t<\/div> \n\t<\/div><\/div><\/div><\/div><div class=\"vc_ col-sm-6 col-lg-3\"><div class=\"vc_column-inner vc_custom_1489071449216\"><div class=\"wpb_wrapper\"><div class=\"wpb_single_image wpb_content_element vc_align_center\">\n\t\t<div class=\"wpb_wrapper\">\n\t\t\t\n\t\t\t<a href=\"https:\/\/uninavarra.edu.co\/mi-biblioteca-es-tu-biblioteca\" target=\"_self\"><img loading=\"lazy\" decoding=\"async\" width=\"1080\" height=\"1080\" src=\"https:\/\/uninavarra.edu.co\/wp-content\/uploads\/2023\/01\/foto-proyeccio\u0301n-social-4-1.png\" class=\" vc_box_border_grey attachment-full\" alt=\"mi biblioteca es tu biblioteca\" title=\"foto-proyeccio\u0301n-social-4 (1)\" srcset=\"https:\/\/uninavarra.edu.co\/wp-content\/uploads\/2023\/01\/foto-proyeccio\u0301n-social-4-1.png 1080w, https:\/\/uninavarra.edu.co\/wp-content\/uploads\/2023\/01\/foto-proyeccio\u0301n-social-4-1-150x150.png 150w, https:\/\/uninavarra.edu.co\/wp-content\/uploads\/2023\/01\/foto-proyeccio\u0301n-social-4-1-300x300.png 300w, https:\/\/uninavarra.edu.co\/wp-content\/uploads\/2023\/01\/foto-proyeccio\u0301n-social-4-1-768x768.png 768w, https:\/\/uninavarra.edu.co\/wp-content\/uploads\/2023\/01\/foto-proyeccio\u0301n-social-4-1-1024x1024.png 1024w\" sizes=\"(max-width: 1080px) 100vw, 1080px\" \/><\/a>\n\t\t<\/div> \n\t<\/div><\/div><\/div><\/div><\/div>\n\t\t<\/div> \n\t<\/div><\/div><\/div><\/div><div class=\"vc_row-full-width\"><\/div><div data-vc-full-width=\"true\" data-vc-full-width-init=\"false\" class=\"wpb-container vc_custom_1633632616165\"><div class=\"container\"><div class=\"vc_row wpb_row vc_row-fluid row \"><div class=\"col-sm-12  vc_\">\n\t\t<div class=\"wpb_wrapper \">\n\t\t\t<div class=\"vc_row wpb_row vc_inner vc_row-fluid\"><div class=\"vc_ col-sm-12\"><div class=\"vc_column-inner\"><div class=\"wpb_wrapper\">\n\t<div class=\"wpb_text_column wpb_content_element\" >\n\t\t<div class=\"wpb_wrapper\">\n\t\t\t<h2 class=\"divisor\">Uninavarra Aplica<\/h2>\n\n\t\t<\/div>\n\t<\/div>\n<\/div><\/div><\/div><\/div><div class=\"vc_row wpb_row vc_inner vc_row-fluid\"><div class=\"vc_ col-sm-9\"><div class=\"vc_column-inner\"><div class=\"wpb_wrapper\"><div class=\"wpb_revslider_element wpb_content_element\">\n\t\t\t<!-- START Foros REVOLUTION SLIDER 6.7.21 --><p class=\"rs-p-wp-fix\"><\/p>\n\t\t\t<rs-module-wrap id=\"rev_slider_2_2_wrapper\" data-source=\"gallery\" style=\"visibility:hidden;background:#E9E9E9;padding:0;margin:0px auto;margin-top:0;margin-bottom:0;\">\n\t\t\t\t<rs-module id=\"rev_slider_2_2\" style=\"\" data-version=\"6.7.21\">\n\t\t\t\t\t<rs-slides style=\"overflow: hidden; position: absolute;\">\n\t\t\t\t\t\t<rs-slide style=\"position: absolute;\" data-key=\"rs-233\" data-title=\"Slide\" data-anim=\"adpr:false;\">\n\t\t\t\t\t\t\t<img decoding=\"async\" src=\"\/\/uninavarra.edu.co\/wp-content\/plugins\/revslider\/sr6\/assets\/assets\/dummy.png\" alt=\"Slide\" title=\"Inicio\" class=\"rev-slidebg tp-rs-img rs-lazyload\" data-lazyload=\"\/\/uninavarra.edu.co\/wp-content\/plugins\/revslider\/sr6\/assets\/assets\/transparent.png\" data-no-retina>\n<!--\n\t\t\t\t\t\t\t--><rs-layer\n\t\t\t\t\t\t\t\tid=\"slider-2-slide-233-layer-1\" \n\t\t\t\t\t\t\t\tdata-type=\"image\"\n\t\t\t\t\t\t\t\tdata-rsp_ch=\"on\"\n\t\t\t\t\t\t\t\tdata-xy=\"x:-2px;y:42px;\"\n\t\t\t\t\t\t\t\tdata-text=\"l:22;a:inherit;\"\n\t\t\t\t\t\t\t\tdata-dim=\"w:100%;\"\n\t\t\t\t\t\t\t\tdata-basealign=\"slide\"\n\t\t\t\t\t\t\t\tdata-frame_0=\"tp:600;\"\n\t\t\t\t\t\t\t\tdata-frame_1=\"tp:600;st:0;\"\n\t\t\t\t\t\t\t\tdata-frame_999=\"o:0;tp:600;st:w;sR:8700;\"\n\t\t\t\t\t\t\t\tstyle=\"z-index:5;\"\n\t\t\t\t\t\t\t><img loading=\"lazy\" decoding=\"async\" src=\"\/\/uninavarra.edu.co\/wp-content\/plugins\/revslider\/sr6\/assets\/assets\/dummy.png\" alt=\"\" class=\"tp-rs-img rs-lazyload\" width=\"2000\" height=\"559\" data-lazyload=\"\/\/uninavarra.edu.co\/wp-content\/uploads\/2019\/11\/BANNER-Fundamentos-de-Excel-Intermedio-Avanzado-2020-1.jpg\" data-no-retina> \n\t\t\t\t\t\t\t<\/rs-layer><!--\n-->\t\t\t\t\t<\/rs-slide>\n\t\t\t\t\t\t<rs-slide style=\"position: absolute;\" data-key=\"rs-234\" data-title=\"Slide\" data-anim=\"adpr:false;\">\n\t\t\t\t\t\t\t<img decoding=\"async\" src=\"\/\/uninavarra.edu.co\/wp-content\/plugins\/revslider\/sr6\/assets\/assets\/dummy.png\" alt=\"Slide\" title=\"Inicio\" class=\"rev-slidebg tp-rs-img rs-lazyload\" data-lazyload=\"\/\/uninavarra.edu.co\/wp-content\/plugins\/revslider\/sr6\/assets\/assets\/transparent.png\" data-no-retina>\n<!--\n\t\t\t\t\t\t\t--><rs-layer\n\t\t\t\t\t\t\t\tid=\"slider-2-slide-234-layer-1\" \n\t\t\t\t\t\t\t\tdata-type=\"image\"\n\t\t\t\t\t\t\t\tdata-rsp_ch=\"on\"\n\t\t\t\t\t\t\t\tdata-xy=\"x:2px;y:43px;\"\n\t\t\t\t\t\t\t\tdata-text=\"l:22;a:inherit;\"\n\t\t\t\t\t\t\t\tdata-dim=\"w:866px;h:242px;\"\n\t\t\t\t\t\t\t\tdata-frame_0=\"tp:600;\"\n\t\t\t\t\t\t\t\tdata-frame_1=\"tp:600;st:0;\"\n\t\t\t\t\t\t\t\tdata-frame_999=\"o:0;tp:600;st:w;sR:8700;\"\n\t\t\t\t\t\t\t\tstyle=\"z-index:5;\"\n\t\t\t\t\t\t\t><img loading=\"lazy\" decoding=\"async\" src=\"\/\/uninavarra.edu.co\/wp-content\/plugins\/revslider\/sr6\/assets\/assets\/dummy.png\" alt=\"\" class=\"tp-rs-img rs-lazyload\" width=\"2000\" height=\"559\" data-lazyload=\"\/\/uninavarra.edu.co\/wp-content\/uploads\/2019\/11\/Horizontal.jpg\" data-no-retina> \n\t\t\t\t\t\t\t<\/rs-layer><!--\n-->\t\t\t\t\t<\/rs-slide>\n\t\t\t\t\t\t<rs-slide style=\"position: absolute;\" data-key=\"rs-235\" data-title=\"Slide\" data-anim=\"adpr:false;\">\n\t\t\t\t\t\t\t<img decoding=\"async\" src=\"\/\/uninavarra.edu.co\/wp-content\/plugins\/revslider\/sr6\/assets\/assets\/dummy.png\" alt=\"Slide\" title=\"Inicio\" class=\"rev-slidebg tp-rs-img rs-lazyload\" data-lazyload=\"\/\/uninavarra.edu.co\/wp-content\/plugins\/revslider\/sr6\/assets\/assets\/transparent.png\" data-no-retina>\n<!--\n\t\t\t\t\t\t\t--><rs-layer\n\t\t\t\t\t\t\t\tid=\"slider-2-slide-235-layer-1\" \n\t\t\t\t\t\t\t\tdata-type=\"image\"\n\t\t\t\t\t\t\t\tdata-rsp_ch=\"on\"\n\t\t\t\t\t\t\t\tdata-xy=\"x:-2px;y:44px;\"\n\t\t\t\t\t\t\t\tdata-text=\"l:22;a:inherit;\"\n\t\t\t\t\t\t\t\tdata-dim=\"w:871px;h:244px;\"\n\t\t\t\t\t\t\t\tdata-frame_0=\"tp:600;\"\n\t\t\t\t\t\t\t\tdata-frame_1=\"tp:600;st:0;\"\n\t\t\t\t\t\t\t\tdata-frame_999=\"o:0;tp:600;st:w;sR:8700;\"\n\t\t\t\t\t\t\t\tstyle=\"z-index:5;\"\n\t\t\t\t\t\t\t><img loading=\"lazy\" decoding=\"async\" src=\"\/\/uninavarra.edu.co\/wp-content\/plugins\/revslider\/sr6\/assets\/assets\/dummy.png\" alt=\"\" class=\"tp-rs-img rs-lazyload\" width=\"2000\" height=\"560\" data-lazyload=\"\/\/uninavarra.edu.co\/wp-content\/uploads\/2019\/11\/BANNER-DIPLOMADO-EN-LITIGACION-ORAL-2019-4-1.jpg\" data-no-retina> \n\t\t\t\t\t\t\t<\/rs-layer><!--\n-->\t\t\t\t\t<\/rs-slide>\n\t\t\t\t\t<\/rs-slides>\n\t\t\t\t<\/rs-module>\n\t\t\t\t<script>\n\t\t\t\t\tsetREVStartSize({c: 'rev_slider_2_2',rl:[1240,1024,778,480],el:[340],gw:[870],gh:[340],type:'standard',justify:'',layout:'fullwidth',mh:\"0\"});if (window.RS_MODULES!==undefined && window.RS_MODULES.modules!==undefined && window.RS_MODULES.modules[\"revslider22\"]!==undefined) {window.RS_MODULES.modules[\"revslider22\"].once = false;window.revapi2 = undefined;if (window.RS_MODULES.checkMinimal!==undefined) window.RS_MODULES.checkMinimal()}\n\t\t\t\t<\/script>\n\t\t\t<\/rs-module-wrap>\n\t\t\t<!-- END REVOLUTION SLIDER -->\n<\/div><\/div><\/div><\/div><div class=\"vc_ col-sm-3\"><div class=\"vc_column-inner\"><div class=\"wpb_wrapper\">\n\t<div class=\"wpb_text_column wpb_content_element\" >\n\t\t<div class=\"wpb_wrapper\">\n\t\t\t<!-- Widget Shortcode --><div id=\"nav_menu-23\" class=\"widget widget_nav_menu widget-shortcode area-arbitrary \"><div class=\"menu-legal-container\"><ul id=\"menu-legal\" class=\"menu\"><li id=\"menu-item-496\" class=\"menu-item menu-item-type-custom menu-item-object-custom menu-item-496\"><a target=\"_blank\" href=\"https:\/\/uninavarra.edu.co\/wp-content\/uploads\/2015\/10\/estatuto_general.pdf\">Estatutos<\/a><\/li>\n<li id=\"menu-item-497\" class=\"menu-item menu-item-type-custom menu-item-object-custom menu-item-497\"><a target=\"_blank\" href=\"https:\/\/uninavarra.edu.co\/wp-content\/uploads\/2015\/10\/Reglamento_docente_PDF1.pdf\">Reglamento Docente<\/a><\/li>\n<li id=\"menu-item-498\" class=\"menu-item menu-item-type-custom menu-item-object-custom menu-item-498\"><a target=\"_blank\" href=\"https:\/\/uninavarra.edu.co\/reglamento-estudiantil\/\">Reglamento Estudiantil<\/a><\/li>\n<li id=\"menu-item-499\" class=\"menu-item menu-item-type-custom menu-item-object-custom menu-item-499\"><a target=\"_blank\" href=\"https:\/\/uninavarra.edu.co\/wp-content\/uploads\/2015\/10\/REGLAMENTO-DE-BIENESTAR-UNIVERSITARIO-PDF-3.pdf\">Reglamento Bienestar Universitario<\/a><\/li>\n<li id=\"menu-item-19350\" class=\"menu-item menu-item-type-custom menu-item-object-custom menu-item-19350\"><a href=\"https:\/\/uninavarra.edu.co\/wp-content\/uploads\/2019\/09\/ACUERDO-002-Manual-de-Pol\u00edticas-para-el-Tratamiento-de-Datos-Personales.pdf\">Pol\u00edtica de Tratamiento de Datos Personales<\/a><\/li>\n<li id=\"menu-item-15515\" class=\"menu-item menu-item-type-post_type menu-item-object-page menu-item-15515\"><a href=\"https:\/\/uninavarra.edu.co\/en\/?page_id=15512\">R\u00e9gimen Tributario Especial<\/a><\/li>\n<li id=\"menu-item-15712\" class=\"menu-item menu-item-type-custom menu-item-object-custom menu-item-15712\"><a href=\"https:\/\/sga.uninavarra.com\">Sistema de Gesti\u00f3n de Aprendizaje<\/a><\/li>\n<li id=\"menu-item-31795\" class=\"menu-item menu-item-type-custom menu-item-object-custom menu-item-31795\"><a href=\"https:\/\/uninavarra.edu.co\/uninavarra\/estadosfinancieros\/\">Estados financieros<\/a><\/li>\n<\/ul><\/div><\/div><!-- \/Widget Shortcode -->\n\n\t\t<\/div>\n\t<\/div>\n<\/div><\/div><\/div><\/div>\n\t\t<\/div> \n\t<\/div><\/div><\/div><\/div><div class=\"vc_row-full-width\"><\/div><div id=\"logos-footer\" class=\"wpb-container vc_custom_1633635627082\"><div class=\"container\"><div class=\"vc_row wpb_row vc_row-fluid row \"><div class=\"col-sm-2  vc_\">\n\t\t<div class=\"wpb_wrapper \">\n\t\t\t\n\t\t<\/div> \n\t<\/div><div class=\"col-sm-2  vc_\">\n\t\t<div class=\"wpb_wrapper \">\n\t\t\t\n\t\t<\/div> \n\t<\/div><div class=\"col-sm-2  vc_\">\n\t\t<div class=\"wpb_wrapper \">\n\t\t\t\n\t<div class=\"wpb_text_column wpb_content_element\" >\n\t\t<div class=\"wpb_wrapper\">\n\t\t\t<p><a href=\"https:\/\/web.icetex.gov.co\/portal\"><img loading=\"lazy\" decoding=\"async\" class=\"size-full wp-image-33663 aligncenter\" src=\"https:\/\/uninavarra.edu.co\/wp-content\/uploads\/2020\/10\/logoicetex.png\" alt=\"logo-icetex\" width=\"404\" height=\"87\" \/><\/a><\/p>\n\n\t\t<\/div>\n\t<\/div>\n\n\t<div class=\"wpb_text_column wpb_content_element\" id=\"logo-mineducacion\">\n\t\t<div class=\"wpb_wrapper\">\n\t\t\t<p><a href=\"http:\/\/www.mineducacion.gov.co\/1759\/w3-channel.html\"><img loading=\"lazy\" decoding=\"async\" class=\"aligncenter wp-image-33664 size-full\" src=\"https:\/\/uninavarra.edu.co\/wp-content\/uploads\/2020\/10\/logomedu.jpg\" alt=\"logo-medu\" width=\"1024\" height=\"400\" srcset=\"https:\/\/uninavarra.edu.co\/wp-content\/uploads\/2020\/10\/logomedu.jpg 1024w, https:\/\/uninavarra.edu.co\/wp-content\/uploads\/2020\/10\/logomedu-150x59.jpg 150w, https:\/\/uninavarra.edu.co\/wp-content\/uploads\/2020\/10\/logomedu-300x117.jpg 300w, https:\/\/uninavarra.edu.co\/wp-content\/uploads\/2020\/10\/logomedu-768x300.jpg 768w\" sizes=\"(max-width: 1024px) 100vw, 1024px\" \/><\/a><\/p>\n\n\t\t<\/div>\n\t<\/div>\n\n\t\t<\/div> \n\t<\/div><div class=\"col-sm-2  vc_\">\n\t\t<div class=\"wpb_wrapper \">\n\t\t\t\n\t<div class=\"wpb_text_column wpb_content_element\" id=\"logo-icontec\">\n\t\t<div class=\"wpb_wrapper\">\n\t\t\t<p><a href=\"https:\/\/uninavarra.edu.co\/wp-content\/uploads\/2020\/07\/FUNDACI\u00d3N-UNIVERSITARIA-NAVARRA-SGCP.pdf\"><img loading=\"lazy\" decoding=\"async\" class=\"aligncenter wp-image-22141\" src=\"https:\/\/uninavarra.edu.co\/wp-content\/uploads\/2020\/07\/icontecPaz.png\" alt=\"icontec-Paz\" width=\"85\" height=\"131\" \/><\/a><\/p>\n<p style=\"text-align: center;\"><span style=\"color: #000000;\"><strong><span style=\"font-family: tahoma, arial, helvetica, sans-serif;\">CP &#8211; CER751795\u00a0<\/span><\/strong><\/span><\/p>\n\n\t\t<\/div>\n\t<\/div>\n\n\t\t<\/div> \n\t<\/div><div class=\"col-sm-2  vc_\">\n\t\t<div class=\"wpb_wrapper \">\n\t\t\t\n\t\t<\/div> \n\t<\/div><div class=\"col-sm-2  vc_\">\n\t\t<div class=\"wpb_wrapper \">\n\t\t\t\n\t\t<\/div> \n\t<\/div><\/div><\/div><\/div>\n<\/div>","protected":false},"excerpt":{"rendered":"La instituci\u00f3n cuenta con un equipo humano altamente cualificado, compuesto por personas \u00edntegras, responsables y apasionadas por la Educaci\u00f3n y la transformaci\u00f3n social del pa\u00eds; profesionales que son referentes nacionales [...]","protected":false},"author":13,"featured_media":0,"parent":0,"menu_order":0,"comment_status":"closed","ping_status":"closed","template":"","meta":{"footnotes":""},"categories":[1],"tags":[],"class_list":["post-60613","page","type-page","status-publish","hentry","category-uncategorized"],"yoast_head":"<!-- This site is optimized with the Yoast SEO plugin v27.4 - https:\/\/yoast.com\/product\/yoast-seo-wordpress\/ -->\n<title>Inicio2 - Uninavarra<\/title>\n<meta name=\"robots\" content=\"index, follow, max-snippet:-1, max-image-preview:large, max-video-preview:-1\" \/>\n<link rel=\"canonical\" href=\"https:\/\/uninavarra.edu.co\/en\/inicio-2-3\/\" \/>\n<meta property=\"og:locale\" content=\"en_US\" \/>\n<meta property=\"og:type\" content=\"article\" \/>\n<meta property=\"og:title\" content=\"UniNavarra\" \/>\n<meta property=\"og:description\" content=\"\u00a1Haz realidad tu deseo de aprender!\" \/>\n<meta property=\"og:url\" content=\"https:\/\/uninavarra.edu.co\/en\/inicio-2-3\/\" \/>\n<meta property=\"og:site_name\" content=\"Uninavarra\" \/>\n<meta property=\"article:publisher\" content=\"https:\/\/www.facebook.com\/UninavarraEduca\" \/>\n<meta property=\"article:modified_time\" content=\"2024-07-28T12:18:14+00:00\" \/>\n<meta property=\"og:image\" content=\"https:\/\/uninavarra.edu.co\/wp-content\/uploads\/2015\/10\/icon-esp-der-const-y-sis-interam-ddhh.png\" \/>\n<meta name=\"twitter:card\" content=\"summary_large_image\" \/>\n<meta name=\"twitter:site\" content=\"@uninavarraeduca\" \/>\n<meta name=\"twitter:label1\" content=\"Est. reading time\" \/>\n\t<meta name=\"twitter:data1\" content=\"10 minutes\" \/>\n<script type=\"application\/ld+json\" class=\"yoast-schema-graph\">{\"@context\":\"https:\\\/\\\/schema.org\",\"@graph\":[{\"@type\":\"WebPage\",\"@id\":\"https:\\\/\\\/uninavarra.edu.co\\\/inicio-2-3\\\/\",\"url\":\"https:\\\/\\\/uninavarra.edu.co\\\/inicio-2-3\\\/\",\"name\":\"Inicio2 - Uninavarra\",\"isPartOf\":{\"@id\":\"https:\\\/\\\/uninavarra.edu.co\\\/#website\"},\"primaryImageOfPage\":{\"@id\":\"https:\\\/\\\/uninavarra.edu.co\\\/inicio-2-3\\\/#primaryimage\"},\"image\":{\"@id\":\"https:\\\/\\\/uninavarra.edu.co\\\/inicio-2-3\\\/#primaryimage\"},\"thumbnailUrl\":\"https:\\\/\\\/uninavarra.edu.co\\\/wp-content\\\/uploads\\\/2015\\\/10\\\/icon-esp-der-const-y-sis-interam-ddhh.png\",\"datePublished\":\"2023-04-13T02:44:22+00:00\",\"dateModified\":\"2024-07-28T12:18:14+00:00\",\"breadcrumb\":{\"@id\":\"https:\\\/\\\/uninavarra.edu.co\\\/inicio-2-3\\\/#breadcrumb\"},\"inLanguage\":\"en-US\",\"potentialAction\":[{\"@type\":\"ReadAction\",\"target\":[\"https:\\\/\\\/uninavarra.edu.co\\\/inicio-2-3\\\/\"]}]},{\"@type\":\"ImageObject\",\"inLanguage\":\"en-US\",\"@id\":\"https:\\\/\\\/uninavarra.edu.co\\\/inicio-2-3\\\/#primaryimage\",\"url\":\"https:\\\/\\\/uninavarra.edu.co\\\/wp-content\\\/uploads\\\/2015\\\/10\\\/icon-esp-der-const-y-sis-interam-ddhh.png\",\"contentUrl\":\"https:\\\/\\\/uninavarra.edu.co\\\/wp-content\\\/uploads\\\/2015\\\/10\\\/icon-esp-der-const-y-sis-interam-ddhh.png\"},{\"@type\":\"BreadcrumbList\",\"@id\":\"https:\\\/\\\/uninavarra.edu.co\\\/inicio-2-3\\\/#breadcrumb\",\"itemListElement\":[{\"@type\":\"ListItem\",\"position\":1,\"name\":\"Home\",\"item\":\"https:\\\/\\\/uninavarra.edu.co\\\/\"},{\"@type\":\"ListItem\",\"position\":2,\"name\":\"Inicio2\"}]},{\"@type\":\"WebSite\",\"@id\":\"https:\\\/\\\/uninavarra.edu.co\\\/#website\",\"url\":\"https:\\\/\\\/uninavarra.edu.co\\\/\",\"name\":\"UNINAVARRA\",\"description\":\"Haz realidad tu deseo de aprender\",\"publisher\":{\"@id\":\"https:\\\/\\\/uninavarra.edu.co\\\/#organization\"},\"potentialAction\":[{\"@type\":\"SearchAction\",\"target\":{\"@type\":\"EntryPoint\",\"urlTemplate\":\"https:\\\/\\\/uninavarra.edu.co\\\/?s={search_term_string}\"},\"query-input\":{\"@type\":\"PropertyValueSpecification\",\"valueRequired\":true,\"valueName\":\"search_term_string\"}}],\"inLanguage\":\"en-US\"},{\"@type\":\"Organization\",\"@id\":\"https:\\\/\\\/uninavarra.edu.co\\\/#organization\",\"name\":\"Fundaci\u00f3n Universitaria Navarra - UNINAVARRA\",\"url\":\"https:\\\/\\\/uninavarra.edu.co\\\/\",\"logo\":{\"@type\":\"ImageObject\",\"inLanguage\":\"en-US\",\"@id\":\"https:\\\/\\\/uninavarra.edu.co\\\/#\\\/schema\\\/logo\\\/image\\\/\",\"url\":\"https:\\\/\\\/uninavarra.edu.co\\\/wp-content\\\/uploads\\\/2024\\\/06\\\/Escudo-uninavarra-Solo.png\",\"contentUrl\":\"https:\\\/\\\/uninavarra.edu.co\\\/wp-content\\\/uploads\\\/2024\\\/06\\\/Escudo-uninavarra-Solo.png\",\"width\":1500,\"height\":1401,\"caption\":\"Fundaci\u00f3n Universitaria Navarra - UNINAVARRA\"},\"image\":{\"@id\":\"https:\\\/\\\/uninavarra.edu.co\\\/#\\\/schema\\\/logo\\\/image\\\/\"},\"sameAs\":[\"https:\\\/\\\/www.facebook.com\\\/UninavarraEduca\",\"https:\\\/\\\/x.com\\\/uninavarraeduca\",\"https:\\\/\\\/www.instagram.com\\\/uninavarra\\\/?hl=es\",\"https:\\\/\\\/www.linkedin.com\\\/in\\\/fundacin-universitaria-navarra-uninavarra-b41225222\\\/\"]}]}<\/script>\n<!-- \/ Yoast SEO plugin. -->","yoast_head_json":{"title":"Inicio2 - Uninavarra","robots":{"index":"index","follow":"follow","max-snippet":"max-snippet:-1","max-image-preview":"max-image-preview:large","max-video-preview":"max-video-preview:-1"},"canonical":"https:\/\/uninavarra.edu.co\/en\/inicio-2-3\/","og_locale":"en_US","og_type":"article","og_title":"UniNavarra","og_description":"\u00a1Haz realidad tu deseo de aprender!","og_url":"https:\/\/uninavarra.edu.co\/en\/inicio-2-3\/","og_site_name":"Uninavarra","article_publisher":"https:\/\/www.facebook.com\/UninavarraEduca","article_modified_time":"2024-07-28T12:18:14+00:00","og_image":[{"url":"https:\/\/uninavarra.edu.co\/wp-content\/uploads\/2015\/10\/icon-esp-der-const-y-sis-interam-ddhh.png","type":"","width":"","height":""}],"twitter_card":"summary_large_image","twitter_site":"@uninavarraeduca","twitter_misc":{"Est. reading time":"10 minutes"},"schema":{"@context":"https:\/\/schema.org","@graph":[{"@type":"WebPage","@id":"https:\/\/uninavarra.edu.co\/inicio-2-3\/","url":"https:\/\/uninavarra.edu.co\/inicio-2-3\/","name":"Inicio2 - Uninavarra","isPartOf":{"@id":"https:\/\/uninavarra.edu.co\/#website"},"primaryImageOfPage":{"@id":"https:\/\/uninavarra.edu.co\/inicio-2-3\/#primaryimage"},"image":{"@id":"https:\/\/uninavarra.edu.co\/inicio-2-3\/#primaryimage"},"thumbnailUrl":"https:\/\/uninavarra.edu.co\/wp-content\/uploads\/2015\/10\/icon-esp-der-const-y-sis-interam-ddhh.png","datePublished":"2023-04-13T02:44:22+00:00","dateModified":"2024-07-28T12:18:14+00:00","breadcrumb":{"@id":"https:\/\/uninavarra.edu.co\/inicio-2-3\/#breadcrumb"},"inLanguage":"en-US","potentialAction":[{"@type":"ReadAction","target":["https:\/\/uninavarra.edu.co\/inicio-2-3\/"]}]},{"@type":"ImageObject","inLanguage":"en-US","@id":"https:\/\/uninavarra.edu.co\/inicio-2-3\/#primaryimage","url":"https:\/\/uninavarra.edu.co\/wp-content\/uploads\/2015\/10\/icon-esp-der-const-y-sis-interam-ddhh.png","contentUrl":"https:\/\/uninavarra.edu.co\/wp-content\/uploads\/2015\/10\/icon-esp-der-const-y-sis-interam-ddhh.png"},{"@type":"BreadcrumbList","@id":"https:\/\/uninavarra.edu.co\/inicio-2-3\/#breadcrumb","itemListElement":[{"@type":"ListItem","position":1,"name":"Home","item":"https:\/\/uninavarra.edu.co\/"},{"@type":"ListItem","position":2,"name":"Inicio2"}]},{"@type":"WebSite","@id":"https:\/\/uninavarra.edu.co\/#website","url":"https:\/\/uninavarra.edu.co\/","name":"UNINAVARRA","description":"Make your desire to learn a reality","publisher":{"@id":"https:\/\/uninavarra.edu.co\/#organization"},"potentialAction":[{"@type":"SearchAction","target":{"@type":"EntryPoint","urlTemplate":"https:\/\/uninavarra.edu.co\/?s={search_term_string}"},"query-input":{"@type":"PropertyValueSpecification","valueRequired":true,"valueName":"search_term_string"}}],"inLanguage":"en-US"},{"@type":"Organization","@id":"https:\/\/uninavarra.edu.co\/#organization","name":"Navarre University Foundation - UNINAVARRA","url":"https:\/\/uninavarra.edu.co\/","logo":{"@type":"ImageObject","inLanguage":"en-US","@id":"https:\/\/uninavarra.edu.co\/#\/schema\/logo\/image\/","url":"https:\/\/uninavarra.edu.co\/wp-content\/uploads\/2024\/06\/Escudo-uninavarra-Solo.png","contentUrl":"https:\/\/uninavarra.edu.co\/wp-content\/uploads\/2024\/06\/Escudo-uninavarra-Solo.png","width":1500,"height":1401,"caption":"Fundaci\u00f3n Universitaria Navarra - UNINAVARRA"},"image":{"@id":"https:\/\/uninavarra.edu.co\/#\/schema\/logo\/image\/"},"sameAs":["https:\/\/www.facebook.com\/UninavarraEduca","https:\/\/x.com\/uninavarraeduca","https:\/\/www.instagram.com\/uninavarra\/?hl=es","https:\/\/www.linkedin.com\/in\/fundacin-universitaria-navarra-uninavarra-b41225222\/"]}]}},"_links":{"self":[{"href":"https:\/\/uninavarra.edu.co\/en\/wp-json\/wp\/v2\/pages\/60613","targetHints":{"allow":["GET"]}}],"collection":[{"href":"https:\/\/uninavarra.edu.co\/en\/wp-json\/wp\/v2\/pages"}],"about":[{"href":"https:\/\/uninavarra.edu.co\/en\/wp-json\/wp\/v2\/types\/page"}],"author":[{"embeddable":true,"href":"https:\/\/uninavarra.edu.co\/en\/wp-json\/wp\/v2\/users\/13"}],"replies":[{"embeddable":true,"href":"https:\/\/uninavarra.edu.co\/en\/wp-json\/wp\/v2\/comments?post=60613"}],"version-history":[{"count":0,"href":"https:\/\/uninavarra.edu.co\/en\/wp-json\/wp\/v2\/pages\/60613\/revisions"}],"wp:attachment":[{"href":"https:\/\/uninavarra.edu.co\/en\/wp-json\/wp\/v2\/media?parent=60613"}],"wp:term":[{"taxonomy":"category","embeddable":true,"href":"https:\/\/uninavarra.edu.co\/en\/wp-json\/wp\/v2\/categories?post=60613"},{"taxonomy":"post_tag","embeddable":true,"href":"https:\/\/uninavarra.edu.co\/en\/wp-json\/wp\/v2\/tags?post=60613"}],"curies":[{"name":"wp","href":"https:\/\/api.w.org\/{rel}","templated":true}]}}