{"id":56414,"date":"2023-01-20T07:32:04","date_gmt":"2023-01-20T12:32:04","guid":{"rendered":"https:\/\/uninavarra.edu.co\/?page_id=56414"},"modified":"2026-04-06T10:46:33","modified_gmt":"2026-04-06T15:46:33","slug":"especializacion-en-derecho-constitucional-y-sistema-interamericano-de-derechos-humanos","status":"publish","type":"page","link":"https:\/\/uninavarra.edu.co\/en\/especializacion-en-derecho-constitucional-y-sistema-interamericano-de-derechos-humanos\/","title":{"rendered":"Specialization in Constitutional Law and Inter-American Human Rights System"},"content":{"rendered":"<div class=\"wpb-content-wrapper\"><section id=\"ivcii\" class=\"vc_section\"><div id=\"banner\" data-vc-full-width=\"true\" data-vc-full-width-init=\"false\" data-vc-stretch-content=\"true\" class=\"wpb-container \"><div class=\"container-full\"><div class=\"vc_row wpb_row vc_row-fluid row \"><div class=\"col-sm-12  vc_\">\n\t\t<div class=\"wpb_wrapper \">\n\t\t\t<div class=\"wpb_single_image wpb_content_element vc_align_left\">\n\t\t<div class=\"wpb_wrapper\">\n\t\t\t\n\t\t\t<a href=\"#\" target=\"_self\"><img fetchpriority=\"high\" decoding=\"async\" width=\"1920\" height=\"571\" src=\"https:\/\/uninavarra.edu.co\/wp-content\/uploads\/2026\/03\/banner-pagina-web-Posgrados-Derecho-constitucional.jpg\" class=\" vc_box_border_grey attachment-full\" alt=\"\" title=\"banner-pagina-web-Posgrados-Derecho-constitucional\" srcset=\"https:\/\/uninavarra.edu.co\/wp-content\/uploads\/2026\/03\/banner-pagina-web-Posgrados-Derecho-constitucional.jpg 1920w, https:\/\/uninavarra.edu.co\/wp-content\/uploads\/2026\/03\/banner-pagina-web-Posgrados-Derecho-constitucional-300x89.jpg 300w, https:\/\/uninavarra.edu.co\/wp-content\/uploads\/2026\/03\/banner-pagina-web-Posgrados-Derecho-constitucional-1024x305.jpg 1024w, https:\/\/uninavarra.edu.co\/wp-content\/uploads\/2026\/03\/banner-pagina-web-Posgrados-Derecho-constitucional-150x45.jpg 150w, https:\/\/uninavarra.edu.co\/wp-content\/uploads\/2026\/03\/banner-pagina-web-Posgrados-Derecho-constitucional-768x228.jpg 768w, https:\/\/uninavarra.edu.co\/wp-content\/uploads\/2026\/03\/banner-pagina-web-Posgrados-Derecho-constitucional-1536x457.jpg 1536w, https:\/\/uninavarra.edu.co\/wp-content\/uploads\/2026\/03\/banner-pagina-web-Posgrados-Derecho-constitucional-18x5.jpg 18w\" sizes=\"(max-width: 1920px) 100vw, 1920px\" \/><\/a>\n\t\t<\/div> \n\t<\/div>\n\t\t<\/div> \n\t<\/div><\/div><\/div><\/div><div class=\"vc_row-full-width\"><\/div><div id=\"menu\" data-vc-full-width=\"true\" data-vc-full-width-init=\"false\" data-vc-stretch-content=\"true\" class=\"wpb-container \"><div class=\"container-full\"><div class=\"vc_row wpb_row vc_row-fluid row \"><div class=\"col-sm-12  vc_\">\n\t\t<div class=\"wpb_wrapper \">\n\t\t\t\n\t<div class=\"wpb_raw_code wpb_raw_html wpb_content_element\" >\n\t\t<div class=\"wpb_wrapper\">\n\t\t\t<div class=\"topnav\" id=\"myTopnav\">\n<div id=\"fila-prueba\">\n<div class=\"menu_cina\">\n<nav class=\"nav_cina\">\n<ul>\n  <li class=\"item1\"><a href=\"#presentacion\">Presentaci\u00f3n del Programa<\/a><\/li>\n  <li><a href=\"#plan\">Plan de Estudios<\/a><\/li>\n  <li class=\"item1\"><a href=\"#docentes\">Conoce a los Profesores<\/a><\/li>\n  <li>\n<a href=\"#\" >Inscripciones y financiaci\u00f3n<b class=\"caret\"><\/b><\/a>\n      <ul class=\"dropdown-menu\">\n         <li class=\"menu-item-809 level-1\"><a href=\"https:\/\/uninavarra.edu.co\/admisiones\/acceso-a-inscripciones\/\">Inscripciones<\/a><\/li>\n         <li><a href=\"https:\/\/uninavarra.edu.co\/financia-tu-matricula-2\/\">Financiaci\u00f3n<\/a><\/li>\n     <\/ul>\n  <\/li>\n<\/ul>\n<\/nav>\n<\/div>\n<\/div>\n  <a href=\"javascript:void(0);\" class=\"icon\" onclick=\"myFunction()\">\n    <i class=\"fa fa-bars\"><\/i>\n  <\/a>\n<\/div>\n\n\n<script>\nfunction myFunction() {\n  var x = document.getElementById(\"myTopnav\");\n  if (x.className === \"topnav\") {\n    x.className += \" responsive\";\n  } else {\n    x.className = \"topnav\";\n  }\n}\n<\/script>\n\t\t<\/div>\n\t<\/div>\n\n\t\t<\/div> \n\t<\/div><\/div><\/div><\/div><div class=\"vc_row-full-width\"><\/div><div class=\"wpb-container \"><div class=\"container\"><div class=\"vc_row wpb_row vc_row-fluid row \"><div class=\"col-sm-3  vc_\">\n\t\t<div class=\"wpb_wrapper \">\n\t\t\t\n\t<div class=\"wpb_raw_code wpb_raw_html wpb_content_element\" >\n\t\t<div class=\"wpb_wrapper\">\n\t\t\t<script src=\"https:\/\/kit.fontawesome.com\/kitcode.js\" crossorigin=\"anonymous\"> <\/script>\n<table style=\"border: none; height: 414px;\">\n<tbody>\n<tr style=\"border: ;\">\n<td style=\"border: ; height: 18px; width: 479.844px;\"><strong>T\u00edtulo otorgado:<\/strong>&nbsp;&nbsp; Especialista en Derecho Constitucional y Sistema Interamericano de Derechos Humanos <\/td>\n<\/tr>\n<tr style=\"border: ; \">\n<td style=\"border: ; height: 18px; width: 479.844px;\"><strong>C\u00f3digo SNIES<\/strong>&nbsp;&nbsp;106068<\/td>\n<\/tr>\n<tr style=\"border: ;\">\n<td style=\"border: ; height: 18px; width: 479.844px;\"><strong>Registro Calificado:<\/strong>&nbsp;&nbsp;Resoluci\u00f3n n.\u00ba 005905 del 2 de mayo de 2024 del MEN, vigencia: 7 a\u00f1os<\/td>\n<\/tr>\n\n<tr style=\"border: ;\">\n<td style=\"border: ; height: 18px; width: 479.844px;\"><strong>Duraci&oacute;n del Programa:<\/strong>&nbsp;&nbsp;2 semestres<\/td>\n<\/tr>\n<\/tr>\n<tr style=\"border: ;\">\n<td style=\"border: ; height: 18px; width: 479.844px;\"><strong>N&uacute;mero de cr&eacute;ditos acad&eacute;micos:<\/strong>&nbsp;&nbsp;24<\/td>\n<\/tr>\n<tr style=\"border: ;\">\n    <td style=\"border: ; height: 18px; width: 479.844px;\"><strong>El programa est&aacute; adscrito:<\/strong>&nbsp;&nbsp;Facultad de Humanidades y Ciencias Sociales<\/td>\n<\/tr>\n<tr style=\"border: ;\">\n    <td style=\"border: ; height: 18px; width: 479.844px;\"><strong>Nivel Acad&eacute;mico:<\/strong>&nbsp;&nbsp;Posgrado<\/td>\n<\/tr>\n<tr style=\"border: ;\">\n    <td style=\"border: ; height: 18px; width: 479.844px;\"><strong>Nivel de Formaci&oacute;n:<\/strong>&nbsp;&nbsp;Especializaci&oacute;n Universitaria<\/td>\n<\/tr>\n<tr style=\"border: ;\">\n    <td style=\"border: ; height: 18px; width: 479.844px;\"><strong>Metodolog&iacute;a:<\/strong>&nbsp;&nbsp;Presencial<\/td>\n<\/tr>\n<tr style=\"border: ;\">\n    <td style=\"border: ; height: 18px; width: 479.844px;\"><strong>Ubicaci&oacute;n:<\/strong>&nbsp;&nbsp;Neiva, Huila, Colombia<\/td>\n<\/tr>\n<tr style=\"border: ;\">\n    <td style=\"border: ; height: 18px; width: 479.844px;\"><strong>Periodicidad de la admisi&oacute;n:<\/strong>&nbsp;&nbsp;Semestral<\/td>\n<\/tr>\n<tr style=\"border: ;\">\n    <td style=\"border: ; height: 18px; width: 479.844px;\"><strong>Contactos:<\/strong>&nbsp;&nbsp;+57 318 071 5286 <\/br> +57 317 514 1730<\/td>\n<\/tr>\n<\/tbody>\n<\/table>\n\n\t\t<\/div>\n\t<\/div>\n\n\t<div class=\"wpb_text_column wpb_content_element\" >\n\t\t<div class=\"wpb_wrapper\">\n\t\t\t\n<div class=\"wpcf7 no-js\" id=\"wpcf7-f54310-o1\" lang=\"es-ES\" dir=\"ltr\" data-wpcf7-id=\"54310\">\n<div class=\"screen-reader-response\"><p role=\"status\" aria-live=\"polite\" aria-atomic=\"true\"><\/p> <ul><\/ul><\/div>\n<form action=\"\/en\/wp-json\/wp\/v2\/pages\/56414#wpcf7-f54310-o1\" method=\"post\" class=\"wpcf7-form init\" aria-label=\"Formulario de contacto\" novalidate=\"novalidate\" data-status=\"init\">\n<fieldset class=\"hidden-fields-container\"><input type=\"hidden\" name=\"_wpcf7\" value=\"54310\" \/><input type=\"hidden\" name=\"_wpcf7_version\" value=\"6.1.5\" \/><input type=\"hidden\" name=\"_wpcf7_locale\" value=\"es_ES\" \/><input type=\"hidden\" name=\"_wpcf7_unit_tag\" value=\"wpcf7-f54310-o1\" \/><input type=\"hidden\" name=\"_wpcf7_container_post\" value=\"0\" \/><input type=\"hidden\" name=\"_wpcf7_posted_data_hash\" value=\"\" \/><input type=\"hidden\" name=\"_wpcf7cf_hidden_group_fields\" value=\"[]\" \/><input type=\"hidden\" name=\"_wpcf7cf_hidden_groups\" value=\"[]\" \/><input type=\"hidden\" name=\"_wpcf7cf_visible_groups\" value=\"[]\" \/><input type=\"hidden\" name=\"_wpcf7cf_repeaters\" value=\"[]\" \/><input type=\"hidden\" name=\"_wpcf7cf_steps\" value=\"{}\" \/><input type=\"hidden\" name=\"_wpcf7cf_options\" value=\"{&quot;form_id&quot;:54310,&quot;conditions&quot;:[],&quot;settings&quot;:{&quot;animation&quot;:&quot;yes&quot;,&quot;animation_intime&quot;:200,&quot;animation_outtime&quot;:200,&quot;conditions_ui&quot;:&quot;normal&quot;,&quot;notice_dismissed&quot;:false,&quot;notice_dismissed_update-cf7-5.7.5.1&quot;:true,&quot;notice_dismissed_rollback-cf7-5.8.5&quot;:true,&quot;notice_dismissed_rollback-cf7-5.8.6&quot;:true,&quot;notice_dismissed_rollback-cf7-5.9.7&quot;:true,&quot;notice_dismissed_update-cf7-6.1.3&quot;:true}}\" \/>\n<\/fieldset>\n<div class=\"wpcf7-turnstile cf-turnstile\" data-sitekey=\"0x4AAAAAADFG0o3WuLsEvMUp\" data-response-field-name=\"_wpcf7_turnstile_response\"><\/div>\n\n<style>\n\n#wpcf7-f8-p9-o1 #form-container {\n height: 500px; \/* Cambia 500px por el alto deseado *\/\n overflow-y: auto; \/* Agrega un scroll vertical si el contenido excede el alto *\/\n}\n.wpcf7-form-control-wrap select {\n max-width: 250px;\n}\n\n.wpcf7-form-control-wrap:not(:nth-last-Child(3)) .wpcf7-form-control {\n height: auto;\n}\n<\/style>\n<div id=\"form-container\">\n\t<div id=\"form-content\">\n\t\t<div id=\"form-head\">\n\t\t\t<h1 class=\"pre\">Deseo recibir m\u00e1s informaci\u00f3n\n\t\t\t<\/h1>\n\t\t\t<h1 class=\"post\" style=\"color:#ffffff\">\u00a1Gracias por tu mensaje!\n\t\t\t<\/h1>\n\t\t\t<p class=\"post\">Estaremos en contacto lo antes posible\n\t\t\t<\/p>\n\t\t<\/div>\n\t\t<div id=\"form\">\n\t\t\t<p><span class=\"wpcf7-form-control-wrap\" data-name=\"your-name\"><input size=\"40\" maxlength=\"400\" class=\"wpcf7-form-control wpcf7-text wpcf7-validates-as-required\" aria-required=\"true\" aria-invalid=\"false\" placeholder=\"Nombres y apellidos\" value=\"\" type=\"text\" name=\"your-name\" \/><\/span><span class=\"wpcf7-form-control-wrap\" data-name=\"your-email\"><input size=\"40\" maxlength=\"400\" class=\"wpcf7-form-control wpcf7-email wpcf7-validates-as-required wpcf7-text wpcf7-validates-as-email\" aria-required=\"true\" aria-invalid=\"false\" placeholder=\"Correo electr\u00f3nico\" value=\"\" type=\"email\" name=\"your-email\" \/><\/span><span class=\"wpcf7-form-control-wrap\" data-name=\"your-phone\"><input size=\"40\" maxlength=\"400\" class=\"wpcf7-form-control wpcf7-tel wpcf7-validates-as-required wpcf7-text wpcf7-validates-as-tel\" aria-required=\"true\" aria-invalid=\"false\" placeholder=\"Tel\u00e9fono de contacto\" value=\"\" type=\"tel\" name=\"your-phone\" \/><\/span><span class=\"wpcf7-form-control-wrap\" data-name=\"programaa\"><select class=\"wpcf7-form-control wpcf7-select wpcf7-validates-as-required\" aria-required=\"true\" aria-invalid=\"false\" name=\"programaa\"><option value=\"\">Programa de inter\u00e9s<\/option><option value=\"Medicina\">Medicina<\/option><option value=\"Biolog\u00eda\">Biolog\u00eda<\/option><option value=\"Enfermer\u00eda\">Enfermer\u00eda<\/option><option value=\"Tecnolog\u00eda en Radiolog\u00eda e Im\u00e1genes Diagn\u00f3sticas\">Tecnolog\u00eda en Radiolog\u00eda e Im\u00e1genes Diagn\u00f3sticas<\/option><option value=\"Derecho\">Derecho<\/option><option value=\"Administraci\u00f3n de Empresas\">Administraci\u00f3n de Empresas<\/option><option value=\"Ingenier\u00eda Ambiental\">Ingenier\u00eda Ambiental<\/option><option value=\"Ingenier\u00eda Industrial\">Ingenier\u00eda Industrial<\/option><option value=\"Especializaci\u00f3n en Medicina Familiar\">Especializaci\u00f3n en Medicina Familiar<\/option><option value=\"Especializaci\u00f3n en Medicina Interna\">Especializaci\u00f3n en Medicina Interna<\/option><option value=\"Especializaci\u00f3n en Derecho M\u00e9dico\">Especializaci\u00f3n en Derecho M\u00e9dico<\/option><option value=\"Especializaci\u00f3n en Derecho Constitucional y Sistema Interamericano de Derechos Humanos\">Especializaci\u00f3n en Derecho Constitucional y Sistema Interamericano de Derechos Humanos<\/option><option value=\"Especializaci\u00f3n en Derecho Laboral y Seguridad Social\">Especializaci\u00f3n en Derecho Laboral y Seguridad Social<\/option><option value=\"Especializaci\u00f3n en Litigaci\u00f3n Oral\">Especializaci\u00f3n en Litigaci\u00f3n Oral<\/option><option value=\"Especializaci\u00f3n en Gerencia de Seguridad y Salud en el Trabajo\">Especializaci\u00f3n en Gerencia de Seguridad y Salud en el Trabajo<\/option><\/select><\/span><span class=\"wpcf7-form-control-wrap\" data-name=\"your-city\"><input size=\"40\" maxlength=\"400\" class=\"wpcf7-form-control wpcf7-text wpcf7-validates-as-required\" aria-required=\"true\" aria-invalid=\"false\" placeholder=\"Ciudad\" value=\"\" type=\"text\" name=\"your-city\" \/><\/span><span class=\"wpcf7-form-control-wrap\" data-name=\"aceptacion-tratamiento-datos\"><span class=\"wpcf7-form-control wpcf7-acceptance\"><span class=\"wpcf7-list-item\"><label><input type=\"checkbox\" name=\"aceptacion-tratamiento-datos\" value=\"1\" aria-invalid=\"false\" \/><span class=\"wpcf7-list-item-label\"><a href=\"https:\/\/uninavarra.edu.co\/wp-content\/uploads\/2019\/09\/ACUERDO-002-Manual-de-Pol%C3%ADticas-para-el-Tratamiento-de-Datos-Personales.pdf\">He le\u00eddo y acepto el tratamiento de datos personales. <\/br><\/a><\/span><\/label><\/span><\/span><\/span>\n\t\t\t<\/p>\n\t\t\t<p style=\"font-size: 12px; color: #666;\">Nota: Los datos recolectados ser\u00e1n utilizados con fines de contacto para dar tr\u00e1mite y respuesta a sus peticiones, quejas, reclamos y\/o sugerencias, as\u00ed como integrar las bases de datos de nuestra Instituci\u00f3n para efectos de llevar el registro, estad\u00edstica, indicadores y seguimiento a las peticiones, quejas, reclamos y\/o sugerencias recibidas. En caso de que su solicitud corresponda a un tr\u00e1mite espec\u00edfico ante alguna autoridad institucional o correspondan a alg\u00fan tr\u00e1mite regulado en los reglamentos institucionales, los datos ser\u00e1n utilizados y almacenados para llevar el soporte de la decisi\u00f3n adoptada. Igualmente, en caso de que su solicitud verse sobre el inter\u00e9s de conocer acerca de nuestra oferta de servicios, los datos ser\u00e1n tratados con fines de enviar informaci\u00f3n sobre los productos o servicios ofrecidos o que ofrecer\u00e1 UNINAVARRA., la realizaci\u00f3n de publicidad, mercadeo y promoci\u00f3n de todo tipo por UNINAVARRA.\n\t\t\t<\/p>\n\t\t\t<p><input class=\"wpcf7-form-control wpcf7-submit has-spinner\" type=\"submit\" value=\"Enviar\" \/>\n\t\t\t<\/p>\n\t\t<\/div>\n\t<\/div>\n<\/div><input type='hidden' class='wpcf7-pum' value='{\"closepopup\":false,\"closedelay\":0,\"openpopup\":false,\"openpopup_id\":0}' \/><div class=\"wpcf7-response-output\" aria-hidden=\"true\"><\/div>\n<\/form>\n<\/div>\n\n\n\t\t<\/div>\n\t<\/div>\n\n\t<div class=\"wpb_raw_code wpb_raw_js\" >\n\t\t<div class=\"wpb_wrapper\">\n\t\t\t<script> \n\njQuery(document).ready( function(){\n    jQuery('select option[value=\"\"]').attr('hidden',true);\n});\n\nvar formContainer = jQuery('#form-container');\n\n\/\/Form validation\njQuery('form').submit(function() {\n  var form = jQuery(this);\n  form.find('.form-error').removeClass('form-error');\n  var formError = false;\n  \n  form.find('.wpcf7-form-control').each(function() {\n    if (jQuery(this).hasClass('wpcf7-acceptance') && jQuery(this).val() == \"\") {\n        jQuery(this).removeClass('form-error');\n        formError = false;\n        return false;\n    }\n    else if (jQuery(this).val() == '') {\n      jQuery(this).addClass('form-error');\n      jQuery(this).select();\n      formError = true;\n      return false;\n    }\n    else if (jQuery(this).hasClass('wpcf7-email') && !isValidEmail(jQuery(this).val())) {\n      jQuery(this).addClass('form-error');\n      jQuery(this).select();\n      formError = true;\n      return false;\n    }\n   else if (jQuery(this).hasClass('wpcf7-tel') && !isValidPhone(jQuery(this).val())) {\n        jQuery(this).addClass('form-error');\n        jQuery(this).select();\n        formError = true;\n        return false;\n    }\n  });\n  \n  if (!formError) {\n    jQuery('body').addClass('form-submitted');\n    jQuery('#form-head').addClass('form-submitted'); \n    setTimeout(function(){\n      jQuery(form).trigger(\"reset\");\n    }, 1000);\n  }\n  return false;\n});\n\nfunction isValidEmail(email) {\n    var pattern = \/^([a-z\\d!#$%&'*+\\-\\\/=?^_`{|}~\\u00A0-\\uD7FF\\uF900-\\uFDCF\\uFDF0-\\uFFEF]+(\\.[a-z\\d!#$%&'*+\\-\\\/=?^_`{|}~\\u00A0-\\uD7FF\\uF900-\\uFDCF\\uFDF0-\\uFFEF]+)*|\"((([ \\t]*\\r\\n)?[ \\t]+)?([\\x01-\\x08\\x0b\\x0c\\x0e-\\x1f\\x7f\\x21\\x23-\\x5b\\x5d-\\x7e\\u00A0-\\uD7FF\\uF900-\\uFDCF\\uFDF0-\\uFFEF]|\\\\[\\x01-\\x09\\x0b\\x0c\\x0d-\\x7f\\u00A0-\\uD7FF\\uF900-\\uFDCF\\uFDF0-\\uFFEF]))*(([ \\t]*\\r\\n)?[ \\t]+)?\")@(([a-z\\d\\u00A0-\\uD7FF\\uF900-\\uFDCF\\uFDF0-\\uFFEF]|[a-z\\d\\u00A0-\\uD7FF\\uF900-\\uFDCF\\uFDF0-\\uFFEF][a-z\\d\\-._~\\u00A0-\\uD7FF\\uF900-\\uFDCF\\uFDF0-\\uFFEF]*[a-z\\d\\u00A0-\\uD7FF\\uF900-\\uFDCF\\uFDF0-\\uFFEF])\\.)+([a-z\\u00A0-\\uD7FF\\uF900-\\uFDCF\\uFDF0-\\uFFEF]|[a-z\\u00A0-\\uD7FF\\uF900-\\uFDCF\\uFDF0-\\uFFEF][a-z\\d\\-._~\\u00A0-\\uD7FF\\uF900-\\uFDCF\\uFDF0-\\uFFEF]*[a-z\\u00A0-\\uD7FF\\uF900-\\uFDCF\\uFDF0-\\uFFEF])\\.?$\/i;\n    return pattern.test(email);\n};\n\nfunction isValidPhone(phone) {\n    var pattern = \/^[\\+]?[(]?[0-9]{3}[)]?[-\\s\\.]?[0-9]{3}[-\\s\\.]?[0-9]{4,6}$\/im;\n    return pattern.test(phone);\n};\n\n<\/script>\n\t\t<\/div>\n\t<\/div>\n\n\t\t<\/div> \n\t<\/div><div class=\"col-sm-9  vc_\">\n\t\t<div class=\"wpb_wrapper \">\n\t\t\t\n\t<div class=\"wpb_text_column wpb_content_element\" >\n\t\t<div class=\"wpb_wrapper\">\n\t\t\t<p style=\"text-align: center;\"><span style=\"color: #ff0000; font-size: 28px;\"><strong>Presentaci\u00f3n del programa<\/strong><\/span><\/p>\n\n\t\t<\/div>\n\t<\/div>\n<div class=\"vc_empty_space\"   style=\"height: 32px\"><span class=\"vc_empty_space_inner\"><\/span><\/div><div id=\"presentacion\" class=\"vc_row wpb_row vc_inner vc_row-fluid\"><div class=\"vc_ col-sm-2\"><div class=\"vc_column-inner\"><div class=\"wpb_wrapper\"><\/div><\/div><\/div><div class=\"vc_ col-sm-8\"><div class=\"vc_column-inner\"><div class=\"wpb_wrapper\"><div class=\"wpb_single_image wpb_content_element vc_align_center\">\n\t\t<div class=\"wpb_wrapper\">\n\t\t\t\n\t\t\t<a href=\"#\" target=\"_self\"><img decoding=\"async\" width=\"1124\" height=\"750\" src=\"https:\/\/uninavarra.edu.co\/wp-content\/uploads\/2023\/01\/pexels-photo-8112172.webp\" class=\" vc_box_border_grey attachment-full\" alt=\"pexels-photo-8112172\" title=\"pexels-photo-8112172\" srcset=\"https:\/\/uninavarra.edu.co\/wp-content\/uploads\/2023\/01\/pexels-photo-8112172.webp 1124w, https:\/\/uninavarra.edu.co\/wp-content\/uploads\/2023\/01\/pexels-photo-8112172-150x100.webp 150w, https:\/\/uninavarra.edu.co\/wp-content\/uploads\/2023\/01\/pexels-photo-8112172-300x200.webp 300w, https:\/\/uninavarra.edu.co\/wp-content\/uploads\/2023\/01\/pexels-photo-8112172-768x512.webp 768w, https:\/\/uninavarra.edu.co\/wp-content\/uploads\/2023\/01\/pexels-photo-8112172-1024x683.webp 1024w\" sizes=\"(max-width: 1124px) 100vw, 1124px\" \/><\/a>\n\t\t<\/div> \n\t<\/div><\/div><\/div><\/div><div class=\"vc_ col-sm-2\"><div class=\"vc_column-inner\"><div class=\"wpb_wrapper\"><\/div><\/div><\/div><\/div><div class=\"vc_empty_space\"   style=\"height: 16px\"><span class=\"vc_empty_space_inner\"><\/span><\/div>\n\t<div class=\"wpb_text_column wpb_content_element\" >\n\t\t<div class=\"wpb_wrapper\">\n\t\t\t<p style=\"text-align: justify;\"><span style=\"font-size: 16px;\">El prop\u00f3sito del programa de Especializaci\u00f3n Derecho Constitucional y Sistema Interamericano de Derechos Humanos es formar especialistas que estudien a profundidad los principales instrumentos con los que cuenta el ordenamiento jur\u00eddico interno e internacional, para cumplir satisfactoriamente la administraci\u00f3n y manejo de los distintos roles que se asumen ante la tutela efectiva y una recta justicia en la protecci\u00f3n y defensa de los derechos humanos, como tambi\u00e9n la aprehensi\u00f3n del conocimiento, dominio de los principios, fuentes jur\u00eddicas y vocaci\u00f3n de justicia de estos, se trata entonces de comprender y reconocer la comunicaci\u00f3n entre el sistema constitucional colombiano y el sistema internacional de protecci\u00f3n a los derechos humanos que le permitir\u00e1 identificar los puntos de uni\u00f3n y disolvencia. <\/span><\/p>\n\n\t\t<\/div>\n\t<\/div>\n<div class=\"vc_empty_space\"   style=\"height: 32px\"><span class=\"vc_empty_space_inner\"><\/span><\/div><div class=\"vc_tta-container\" data-vc-action=\"collapse\"><div class=\"vc_general vc_tta vc_tta-tabs vc_tta-color-grey vc_tta-style-classic vc_tta-shape-rounded vc_tta-spacing-1 vc_tta-tabs-position-left vc_tta-controls-align-left \"><div class=\"vc_tta-tabs-container\"><ul class=\"vc_tta-tabs-list\"><li class=\"vc_tta-tab vc_active\" data-vc-tab><a href=\"#mision\" data-vc-tabs data-vc-container=\".vc_tta\"><span class=\"vc_tta-title-text\">Misi\u00f3n<\/span><\/a><\/li><li class=\"vc_tta-tab\" data-vc-tab><a href=\"#vision\" data-vc-tabs data-vc-container=\".vc_tta\"><span class=\"vc_tta-title-text\">Visi\u00f3n<\/span><\/a><\/li><\/ul><\/div><div class=\"vc_tta-panels-container\"><div class=\"vc_tta-panels\"><div class=\"vc_tta-panel vc_active\" id=\"mision\" data-vc-content=\".vc_tta-panel-body\"><div class=\"vc_tta-panel-heading\"><h4 class=\"vc_tta-panel-title\"><a href=\"#mision\" data-vc-accordion data-vc-container=\".vc_tta-container\"><span class=\"vc_tta-title-text\">Misi\u00f3n<\/span><\/a><\/h4><\/div><div class=\"vc_tta-panel-body\">\n\t<div class=\"wpb_text_column wpb_content_element\" >\n\t\t<div class=\"wpb_wrapper\">\n\t\t\t<p>Formar profesionales del derecho Constitucional y el Sistemas Interamericano de protecci\u00f3n de Derechos Humanos, integrales, con amplios conocimientos en el \u00e1rea, con vocaci\u00f3n y el compromiso social en la defensa de los derechos humanos y el desarrollo de los principios constitucionales, de manera que el profesional desarrolle competencias que le permitan contribuir a la formaci\u00f3n de una sociedad con mayor respeto, justicia y convivencia.<\/p>\n\n\t\t<\/div>\n\t<\/div>\n<\/div><\/div><div class=\"vc_tta-panel\" id=\"vision\" data-vc-content=\".vc_tta-panel-body\"><div class=\"vc_tta-panel-heading\"><h4 class=\"vc_tta-panel-title\"><a href=\"#vision\" data-vc-accordion data-vc-container=\".vc_tta-container\"><span class=\"vc_tta-title-text\">Visi\u00f3n<\/span><\/a><\/h4><\/div><div class=\"vc_tta-panel-body\">\n\t<div class=\"wpb_text_column wpb_content_element\" >\n\t\t<div class=\"wpb_wrapper\">\n\t\t\t<p>Las y los Especialistas en Derecho Constitucional y Sistema Interamericano de Derechos Humanos de la Facultad de Humanidades y Ciencias Sociales de UNINAVARRA, ser\u00e1n reconocidos por sus conocimientos en las \u00e1reas de Derecho Constitucional y Derecho Interamericano, por la capacidad de generar din\u00e1micas proteccionistas en el \u00e1mbito local, regional y nacional con proyecci\u00f3n internacional.<\/p>\n\n\t\t<\/div>\n\t<\/div>\n<\/div><\/div><\/div><\/div><\/div><\/div><div class=\"vc_empty_space\"   style=\"height: 32px\"><span class=\"vc_empty_space_inner\"><\/span><\/div>\n\t<div class=\"wpb_text_column wpb_content_element\" >\n\t\t<div class=\"wpb_wrapper\">\n\t\t\t<p style=\"text-align: center;\"><span style=\"color: #ff0000; font-size: 28px;\"><strong>\u00bfA qui\u00e9n va dirigido?<\/strong><\/span><\/p>\n\n\t\t<\/div>\n\t<\/div>\n<div class=\"vc_empty_space\"   style=\"height: 16px\"><span class=\"vc_empty_space_inner\"><\/span><\/div>\n\t<div class=\"wpb_text_column wpb_content_element\" >\n\t\t<div class=\"wpb_wrapper\">\n\t\t\t<p style=\"text-align: justify;\"><span style=\"font-size: 16px;\">Abogadas y abogados cuya actividad personal, laboral o profesional se encuentra relacionada con la administraci\u00f3n p\u00fablica o el ejercicio de la funci\u00f3n p\u00fablica, la docencia, el litigio o la consultor\u00eda en \u00e1reas de lo constitucional y\/o los derechos humanos; as\u00ed como a las y los profesionales en cualquier \u00e1rea que tengan inter\u00e9s por el tema de la especializaci\u00f3n o se dediquen a la pr\u00e1ctica, estudio o defensa del derecho constitucional, derechos humanos y Sistema Interamericano de Derechos Humanos. <\/span><\/p>\n\n\t\t<\/div>\n\t<\/div>\n<div class=\"vc_empty_space\"   style=\"height: 32px\"><span class=\"vc_empty_space_inner\"><\/span><\/div><div class=\"vc_row wpb_row vc_inner vc_row-fluid\"><div class=\"vc_ col-sm-2\"><div class=\"vc_column-inner\"><div class=\"wpb_wrapper\"><\/div><\/div><\/div><div class=\"vc_ col-sm-8\"><div class=\"vc_column-inner\"><div class=\"wpb_wrapper\"><div class=\"wpb_single_image wpb_content_element vc_align_center\">\n\t\t<div class=\"wpb_wrapper\">\n\t\t\t\n\t\t\t<a href=\"#\" target=\"_self\"><img decoding=\"async\" width=\"1125\" height=\"750\" src=\"https:\/\/uninavarra.edu.co\/wp-content\/uploads\/2023\/01\/pexels-photo-3184428.jpg\" class=\" vc_box_border_grey attachment-full\" alt=\"posgrados derecho constitucional\" title=\"pexels-photo-3184428\" srcset=\"https:\/\/uninavarra.edu.co\/wp-content\/uploads\/2023\/01\/pexels-photo-3184428.jpg 1125w, https:\/\/uninavarra.edu.co\/wp-content\/uploads\/2023\/01\/pexels-photo-3184428-150x100.jpg 150w, https:\/\/uninavarra.edu.co\/wp-content\/uploads\/2023\/01\/pexels-photo-3184428-300x200.jpg 300w, https:\/\/uninavarra.edu.co\/wp-content\/uploads\/2023\/01\/pexels-photo-3184428-768x512.jpg 768w, https:\/\/uninavarra.edu.co\/wp-content\/uploads\/2023\/01\/pexels-photo-3184428-1024x683.jpg 1024w\" sizes=\"(max-width: 1125px) 100vw, 1125px\" \/><\/a>\n\t\t<\/div> \n\t<\/div><\/div><\/div><\/div><div class=\"vc_ col-sm-2\"><div class=\"vc_column-inner\"><div class=\"wpb_wrapper\"><\/div><\/div><\/div><\/div><div class=\"vc_empty_space\"   style=\"height: 32px\"><span class=\"vc_empty_space_inner\"><\/span><\/div><div class=\"vc_tta-container\" data-vc-action=\"collapse\"><div class=\"vc_general vc_tta vc_tta-tabs vc_tta-color-navarra vc_tta-style-classic vc_tta-shape-rounded vc_tta-spacing-1 vc_tta-tabs-position-top vc_tta-controls-align-center\"><div class=\"vc_tta-tabs-container\"><ul class=\"vc_tta-tabs-list\"><li class=\"vc_tta-tab vc_active\" data-vc-tab><a href=\"#1674217584073-c2c6dba3-ed9f\" data-vc-tabs data-vc-container=\".vc_tta\"><span class=\"vc_tta-title-text\">Perfil Profesional<\/span><\/a><\/li><li class=\"vc_tta-tab\" data-vc-tab><a href=\"#1674217584091-439a74c8-3d15\" data-vc-tabs data-vc-container=\".vc_tta\"><span class=\"vc_tta-title-text\">Perfil Ocupacional<\/span><\/a><\/li><li class=\"vc_tta-tab\" data-vc-tab><a href=\"#docentes\" data-vc-tabs data-vc-container=\".vc_tta\"><span class=\"vc_tta-title-text\">Profesores UNINAVARRA<\/span><\/a><\/li><li class=\"vc_tta-tab\" data-vc-tab><a href=\"#plan\" data-vc-tabs data-vc-container=\".vc_tta\"><span class=\"vc_tta-title-text\">Plan de Estudios<\/span><\/a><\/li><li class=\"vc_tta-tab\" data-vc-tab><a href=\"#1752163605625-c713e866-f1c2\" data-vc-tabs data-vc-container=\".vc_tta\"><span class=\"vc_tta-title-text\">UNINAVARRA de cara al mundo<\/span><\/a><\/li><\/ul><\/div><div class=\"vc_tta-panels-container\"><div class=\"vc_tta-panels\"><div class=\"vc_tta-panel vc_active\" id=\"1674217584073-c2c6dba3-ed9f\" data-vc-content=\".vc_tta-panel-body\"><div class=\"vc_tta-panel-heading\"><h4 class=\"vc_tta-panel-title\"><a href=\"#1674217584073-c2c6dba3-ed9f\" data-vc-accordion data-vc-container=\".vc_tta-container\"><span class=\"vc_tta-title-text\">Perfil Profesional<\/span><\/a><\/h4><\/div><div class=\"vc_tta-panel-body\">\n\t<div class=\"wpb_text_column wpb_content_element\" >\n\t\t<div class=\"wpb_wrapper\">\n\t\t\t<p style=\"text-align: justify;\"><span style=\"font-size: 16px;\">Las y los Especialistas en Derecho Constitucional y Sistema Interamericano de Derechos Humanos de la Facultad de Humanidades y Ciencias Sociales de UNINAVARRA, tendr\u00e1n profundos conocimientos en las \u00e1reas de Derecho Constitucional y Derecho Interamericano, siendo por tanto capaces de generar din\u00e1micas proteccionistas en el \u00e1mbito local, regional y nacional con proyecci\u00f3n internacional, a trav\u00e9s de diferentes acciones relacionadas con el litigio dom\u00e9stico o interamericano. Ser\u00e1n Especialistas capaces de recopilar, sistematizar, analizar, valorar y tratar situaciones, condiciones y oportunidades de la realidad social, pol\u00edtica, econ\u00f3mica y cultural, con respuestas acertadas a los problemas jur\u00eddicos, sociales, pol\u00edticos y econ\u00f3micos que impacten en el campo constitucional y de derechos humanos, con sensibilidad y pertinencia social. <\/span><\/p>\n\n\t\t<\/div>\n\t<\/div>\n<\/div><\/div><div class=\"vc_tta-panel\" id=\"1674217584091-439a74c8-3d15\" data-vc-content=\".vc_tta-panel-body\"><div class=\"vc_tta-panel-heading\"><h4 class=\"vc_tta-panel-title\"><a href=\"#1674217584091-439a74c8-3d15\" data-vc-accordion data-vc-container=\".vc_tta-container\"><span class=\"vc_tta-title-text\">Perfil Ocupacional<\/span><\/a><\/h4><\/div><div class=\"vc_tta-panel-body\">\n\t<div class=\"wpb_text_column wpb_content_element\" >\n\t\t<div class=\"wpb_wrapper\">\n\t\t\t<p style=\"text-align: justify;\"><span style=\"font-size: 16px;\">Las y los egresados de la Especializaci\u00f3n en Derecho Constitucional y Sistema Interamericano de Derechos Humanos de la Facultad de Humanidades y Ciencias Sociales de UNINAVARRA, se podr\u00e1n desenvolver con propiedad en los campos de la academia, la asesor\u00eda y la consultor\u00eda, en entidades p\u00fablicas, privadas, ONG\u00b4s o en el ejercicio independiente de sus respectivas profesiones; bajo un enfoque constitucional y del derecho interamericano. Tendr\u00e1n la capacidad de asumir o participar en la defensa jur\u00eddica individual y colectiva en litigios individuales o de alto impacto, en tribunales dom\u00e9sticos y organismos del Sistema Interamericano de Derechos Humanos. <\/span><\/p>\n\n\t\t<\/div>\n\t<\/div>\n<\/div><\/div><div class=\"vc_tta-panel\" id=\"docentes\" data-vc-content=\".vc_tta-panel-body\"><div class=\"vc_tta-panel-heading\"><h4 class=\"vc_tta-panel-title\"><a href=\"#docentes\" data-vc-accordion data-vc-container=\".vc_tta-container\"><span class=\"vc_tta-title-text\">Profesores UNINAVARRA<\/span><\/a><\/h4><\/div><div class=\"vc_tta-panel-body\">\n\t<div class=\"wpb_raw_code wpb_raw_html wpb_content_element\" >\n\t\t<div class=\"wpb_wrapper\">\n\t\t\t<h2 style=\"text-align:center;font-size:32px\">Equipo de Profesores Navarristas<\/h2>\n<div class=\"gallery-invitados\">\n<div class=\"card\">\n  <div class=\"image-invitado\">\n    <img decoding=\"async\" src=\"https:\/\/uninavarra.edu.co\/wp-content\/uploads\/2023\/01\/Maria-Cristina-Gomez-Isaza.png\">\n  <\/div>\n  <div class=\"card-body\">\n    <h4 class=\"card-title\">MAR\u00cdA CRISTINA G\u00d3MEZ ISAZA\n<\/h4>\n    <p class=\"description\">Abogada de la Universidad Pontificia Bolivariana y Doctora en Derecho de la Universidad de Navarra- Espa\u00f1a. Profesora de la Universidad de Antioquia, Coordinadora del Grupo de Investigaci\u00f3n \u201cDerecho y Sociedad. Directora del Doctorado de Derecho de la Universidad de Antioquia, Ex Decana de la Facultad de Derecho de la Universidad Pontificia Bolivariana, Magistrada Auxiliar del Consejo Superior de la Judicatura (Sala Administrativa) y Ex Directora de la Escuela Judicial de Colombia.\u00a0<\/p>\n  <\/div>\n<\/div>\n\n\n<div class=\"card\">\n  <div class=\"image-invitado\">\n    <img decoding=\"async\" src=\"https:\/\/uninavarra.edu.co\/wp-content\/uploads\/2023\/01\/Sergio-Ivan-Estrada-Velez.jpg\">\n  <\/div>\n  <div class=\"card-body\">\n    <h4 class=\"card-title\">SERGIO IV\u00c1N ESTRADA V\u00c9LEZ\n<\/h4>\n    <p class=\"description\">Abogado de la Universidad de Antioquia, Especialista en Argumentaci\u00f3n Jur\u00eddica de la Universidad de Alicante \u2013 Espa\u00f1a. Especializaci\u00f3n en Derecho Constitucional de la Universidad de Antioquia. Maestr\u00eda en Derecho- Universidad de Medell\u00edn. \u00a0Doctorado en Derecho- Universidad de Buenos Aires. Presidente del Centro de Estudios Constitucionales de Medell\u00edn, Profesor teor\u00eda del derecho y derecho constitucional.<\/p>\n  <\/div>\n<\/div>\n\n\n<div class=\"card\">\n  <div class=\"image-invitado\">\n    <img decoding=\"async\" src=\"https:\/\/uninavarra.edu.co\/wp-content\/uploads\/2023\/01\/Ricardo-Leon-Zuluaga-Gil.png\">\n  <\/div>\n  <div class=\"card-body\">\n    <h4 class=\"card-title\">RICARDO LEON ZULUAGA GIL\n<\/h4>\n    <p class=\"description\">Abogado de la Universidad de Medell\u00edn, Especialista en Derecho Administrativo de la Universidad Pontificia Bolivariana, Especialista en Derecho Constitucional y Ciencia Pol\u00edtica del Centro de Estudios Constitucionales de Madrid \u2013 Espa\u00f1a. Doctor en Derecho de la Universidad de Salamanca \u2013 Espa\u00f1a.<\/p>\n  <\/div>\n<\/div>\n\n\n<div class=\"card\">\n  <div class=\"image-invitado\">\n    <img decoding=\"async\" src=\"https:\/\/uninavarra.edu.co\/wp-content\/uploads\/2023\/01\/Ana-Maria-Londono-Agudelo.png\">\n  <\/div>\n  <div class=\"card-body\">\n    <h4 class=\"card-title\">ANA MARIA LONDO\u00d1O AGUDELO \n<\/h4>\n    <p class=\"description\">Abogada Universidad Antioquia, Mag\u00edster en Filosof\u00eda Pol\u00edtica de la Universidad de Antioquia, Estudiante de Doctorado en Derecho Docente Facultad de Derecho universidad de Antioquia.<\/p>\n  <\/div>\n<\/div>\n\n\n<div class=\"card\">\n  <div class=\"image-invitado\">\n    <img decoding=\"async\" src=\"https:\/\/uninavarra.edu.co\/wp-content\/uploads\/2023\/01\/Serggio-Orlando-Silva-Arroyante.png\">\n  <\/div>\n  <div class=\"card-body\">\n    <h4 class=\"card-title\">SERGIO ORLANDO SILVA ARROYAVE \n<\/h4>\n    <p class=\"description\">Abogado, Especialista en \u00a0Derecho M\u00e9dico, con Especializaci\u00f3n en\u00a0Derecho Administrativo, Maestr\u00eda en\u00a0Derecho P\u00fablico Comparado. Doctorado en\u00a0Derecho, Universit\u00e9 Panth\u00e9on-Assas (Paris II).<\/p>\n  <\/div>\n<\/div>\n\n\n\n\n<div class=\"card\">\n  <div class=\"image-invitado\">\n    <img decoding=\"async\" src=\"https:\/\/uninavarra.edu.co\/wp-content\/uploads\/2023\/01\/Alfredo-Ramirez-Nardiz.png\">\n  <\/div>\n  <div class=\"card-body\">\n    <h4 class=\"card-title\">ALFREDO RAMIREZ NARDIZ<\/h4>\n    <p class=\"description\">Abogado, Doctor en Derecho por la Universidad de Alicante, Espa\u00f1a. Profesor titular en la Universidad Libre, Barranquilla, Colombia. Tiene m\u00e1s de 45 publicaciones acad\u00e9micas en Colombia, Espa\u00f1a y M\u00e9xico (de entre ellas 8 libros), m\u00e1s de 75 conferencias impartidas en congresos en Europa y Am\u00e9rica. Ha sido columnista del diario El Heraldo de Barranquilla, anteriormente de La Opini\u00f3n de Murcia y de La Verdad de Alicante.<\/p>\n  <\/div>\n<\/div>\n\n\n\n<div class=\"card\">\n  <div class=\"image-invitado\">\n    <img decoding=\"async\" src=\"https:\/\/uninavarra.edu.co\/wp-content\/uploads\/2023\/01\/Diego-Mauricio-Barrera-Quiroga.png\">\n  <\/div>\n  <div class=\"card-body\">\n    <h4 class=\"card-title\">DIEGO MAURICIO BARRERA QUIROGA <\/h4>\n    <p class=\"description\">Doctor en Lenguaje y Cultura, Mag\u00edster en Educaci\u00f3n, Licenciado en Educaci\u00f3n B\u00e1sica con \u00c9nfasis en Humanidades y Lengua Castellana, y abogado. Integrante de los grupos de investigaci\u00f3n \u201cCorporaci\u00f3n Si Ma\u00f1ana Despierto para la Creaci\u00f3n e Investigaci\u00f3n de la Literatura y las Artes\u201d y \u201cLenguajes, Representaciones y Educaci\u00f3n\u201d. Profesor, investigador y escritor de la Escuela de Idiomas, UPTC.<\/p>\n  <\/div>\n<\/div>\n\n\n<div class=\"card\">\n  <div class=\"image-invitado\">\n    <img decoding=\"async\" src=\"https:\/\/uninavarra.edu.co\/wp-content\/uploads\/2023\/01\/Diego-Enrique-Cruz-Mahecha.jpg\">\n  <\/div>\n  <div class=\"card-body\">\n    <h4 class=\"card-title\">DIEGO ENRIQUE CRUZ MAHECHA  <\/h4>\n    <p class=\"description\">Abogado, Doctor en Derecho, Posdoctorado en Derecho Docente de la Universidad Libre.<\/p>\n  <\/div>\n<\/div>\n\n<div class=\"card\">\n  <div class=\"image-invitado\">\n    <img decoding=\"async\" src=\"https:\/\/uninavarra.edu.co\/wp-content\/uploads\/2023\/01\/Raul-Eduardo-Sanchez-Sanchez.png\">\n  <\/div>\n  <div class=\"card-body\">\n    <h4 class=\"card-title\">RAUL EDUARDO SANCHEZ SANCHEZ <\/h4>\n    <p class=\"description\">Abogado de la Universidad Colegio Mayor de Nuestra Se\u00f1ora del Rosario, Especializaci\u00f3n en Derecho Procesal Penal Universidad Colegio Mayor de Nuestra Se\u00f1ora del Rosario Maestr\u00eda (MSc Crime, Deviance and Control) London School of Economics and Political Science, actualmente Magistrado JEP.<\/p>\n  <\/div>\n<\/div>\n\n\n<div class=\"card\">\n  <div class=\"image-invitado\">\n    <img decoding=\"async\" src=\"https:\/\/uninavarra.edu.co\/wp-content\/uploads\/2023\/01\/Juan-Pablo-Cardona-Chaves.png\">\n  <\/div>\n  <div class=\"card-body\">\n    <h4 class=\"card-title\">JUAN PABLO CARDONA CHAVES<\/h4>\n    <p class=\"description\">Abogado, Especialista en Filosof\u00eda del Derecho y Teor\u00eda Jur\u00eddica. Mag\u00edster en Derecho de la Universidad Nacional, miembro del Grupo de Investigaci\u00f3n Constitucionalismo Comparado de Universidad Nacional, \u00a0Asesor Jur\u00eddico del Proyecto de Apoyo al Proceso de Paz en Colombia (ProFis), de la GIZ.\u00a0 Magistrado Auxiliar Jurisdicci\u00f3n Especial para la Paz.<\/p>\n  <\/div>\n<\/div>\n\n\n\n<div class=\"card\">\n  <div class=\"image-invitado\">\n    <img decoding=\"async\" src=\"https:\/\/uninavarra.edu.co\/wp-content\/uploads\/2023\/01\/Rosalvina-Otalora-Cortes.jpg\">\n  <\/div>\n  <div class=\"card-body\">\n    <h4 class=\"card-title\">ROSALVINA OTALORA CORTES<\/h4>\n    <p class=\"description\">Abogada, Maestr\u00eda en Estudios Pol\u00edticos - Relaciones Internacionales (USAL), con \u00e9nfasis en Paz y Seguridad. Doctorado en Relaciones Internacionales, Docente de la Universitaria en Posgrados, Investigadora Colciencias.<\/p>\n  <\/div>\n<\/div>\n\n<div class=\"card\">\n  <div class=\"image-invitado\">\n    <img decoding=\"async\" src=\"https:\/\/uninavarra.edu.co\/wp-content\/uploads\/2023\/01\/Yuri-Shirley-Saldarriaga-Gonzalez.png\">\n  <\/div>\n  <div class=\"card-body\">\n    <h4 class=\"card-title\">YURY  SHIRLEY SALDARRIAGA GONZALEZ<\/h4>\n    <p class=\"description\">Abogada, Especialista en Derecho P\u00fablico y Constitucional, Especialista en Derechos Humanos, Maestr\u00eda International Human Rights Law, University of Notre Dame, Notre Dame. Estudiante de Doctorado, Magistrada Auxiliar en la JEP, Docente Universitaria de Posgrados.<\/p>\n  <\/div>\n<\/div>\n\n\n\n<div class=\"card\">\n  <div class=\"image-invitado\">\n    <img decoding=\"async\" src=\"https:\/\/uninavarra.edu.co\/wp-content\/uploads\/2023\/01\/Silvia-Natalia-Cortes-Ballen.png\">\n  <\/div>\n  <div class=\"card-body\">\n    <h4 class=\"card-title\">SILVIA NATALIA CORTES BALLEN<\/h4>\n    <p class=\"description\">Abogada, Maestr\u00eda en Ciencias Pol\u00edticas, Maestr\u00eda en Derecho. Trabaja como Profesional Especializado en la JEP. Contratista en el Centre for the Study of Violence and Reconciliation. Trabaj\u00f3 en el Consejo de Estado, es Investigadora de la Universidad Nacional y del Observatorio de Desarme, Desmovilizaci\u00f3n y Reintegraci\u00f3n.<\/p>\n  <\/div>\n<\/div>\n\n\n\n<div class=\"card\">\n  <div class=\"image-invitado\">\n    <img decoding=\"async\" src=\"https:\/\/uninavarra.edu.co\/wp-content\/uploads\/2023\/01\/Eduardo-Andres-Velandina-Canosa.png\">\n  <\/div>\n  <div class=\"card-body\">\n    <h4 class=\"card-title\">EDUARDO ANDR\u00c9S VELANDIA CANOSA<\/h4>\n    <p class=\"description\">Abogado, Especialista en Derecho, Especialista en Justicia Constitucional. Doctor en derecho, Presidente de la Asociaci\u00f3n Colombiana de Derecho Procesal Constitucional, miembro Fundador y Presidente de la Asociaci\u00f3n Mundial de Justicia Constitucional; miembro Fundador y Presidente de la Asociaci\u00f3n Colombiana de Derecho Procesal Constitucional. Docente Universitario en Posgrados, Gerente General y Socio Fundador de la firma Velandia Canosa Abogados Asociados Ltda.<\/p>\n  <\/div>\n<\/div>\n\n\n\n<div class=\"card\">\n  <div class=\"image-invitado\">\n    <img decoding=\"async\" src=\"https:\/\/uninavarra.edu.co\/wp-content\/uploads\/2023\/01\/Yuri-Alexander-Romana-Rivas.jpg\">\n  <\/div>\n  <div class=\"card-body\">\n    <h4 class=\"card-title\">YURI ALEXANDER ROMA\u00d1A RIVAS<\/h4>\n    <p class=\"description\">Abogado, Maestr\u00eda en Estudios Legales Internacionales con \u00c9nfasis en Derechos Humanos) de American University, Washington College of Law, Estados Unidos. Actualmente es abogado de la Sala de Amnist\u00eda o Indulto de la Jurisdicci\u00f3n Especial para la Paz (JEP) . Apoya el trabajo de la Comisi\u00f3n \u00c9tnica de la JEP. Labor\u00f3 por m\u00e1s de cinco a\u00f1os como abogado en la Comisi\u00f3n Interamericana de Derechos Humanos (CIDH), en Washington; \u00a0fue asistente de investigaci\u00f3n en la Academia de Derechos Humanos y Derecho Internacional Humanitario de American University - Estados Unidos, docente universitario.<\/p>\n  <\/div>\n<\/div>\n\n\n<div class=\"card\">\n  <div class=\"image-invitado\">\n    <img decoding=\"async\" src=\"https:\/\/uninavarra.edu.co\/wp-content\/uploads\/2023\/01\/Angela-Maria-Sanchez-Rojas.jpg\">\n  <\/div>\n  <div class=\"card-body\">\n    <h4 class=\"card-title\">ANGELA MARIA SANCHEZ ROJAS<\/h4>\n    <p class=\"description\">Abogada, Maestr\u00eda en Derecho Internacional y Derechos Humanos. Estudiante de Doctorado. Docente Universitaria en Posgrados; Actual Directora Nacional de Promoci\u00f3n y Divulgaci\u00f3n de los DD.HH en Defensor\u00eda del Pueblo. Labor\u00f3 en el Instituto Interamericano de Responsabilidad Social y Derechos Humanos, en Woman link, la Corte Interamericana de Derechos Humanos. Abogada asesora de la Corte Constitucional.<\/p>\n  <\/div>\n<\/div>\n\n\n\n<div class=\"card\">\n  <div class=\"image-invitado\">\n    <img decoding=\"async\" src=\"https:\/\/uninavarra.edu.co\/wp-content\/uploads\/2023\/01\/Sandra-Gamboa.jpg\">\n  <\/div>\n  <div class=\"card-body\">\n    <h4 class=\"card-title\">SANDRA GAMBOA <\/h4>\n    <p class=\"description\">Abogada, Maestr\u00eda en Defensa de los Derechos Humanos y del Derecho Internacional Humanitaria ante Organismos Tribunales y Corte Internacionales, Doctora en Derecho Universidad Santo Tom\u00e1s, Magistrada del Tribunal de Paz de la JEP. Docente Universitaria de Pregrado y Posgrado, Abogada de la Subdirecci\u00f3n de Litigio y Protecci\u00f3n Jur\u00eddica de la Comisi\u00f3n Colombiana de Jurista, Abogada Defensora de Derechos Humanos de la Corporaci\u00f3n Colectivo de Abogados Jos\u00e9 Alvear Restrepo.<\/p>\n  <\/div>\n<\/div>\n\n\n<div class=\"card\">\n  <div class=\"image-invitado\">\n    <img decoding=\"async\" src=\"https:\/\/uninavarra.edu.co\/wp-content\/uploads\/2023\/01\/Laura-Sofia-Zambrano-Salazar.jpg\">\n  <\/div>\n  <div class=\"card-body\">\n    <h4 class=\"card-title\">LAURA SOFIA ZAMBRANO SALAZAR <\/h4>\n    <p class=\"description\">Abogada, Mag\u00edster en Derechos Humanos y Construcci\u00f3n de Paz. Se ha desempe\u00f1ado como Servidora P\u00fablica en la Rama Judicial, Docente Universitaria y Consultora en temas de Derechos Humanos. Actualmente se desempe\u00f1a como Profesional Especializado en al JEP; Labor\u00f3 en la Comisi\u00f3n Colombiana de juristas, Organizaci\u00f3n internacional para las migraciones. Abogada en Sierra&Oliveri Consultores Asociados S.A, Auxiliar en Tribunal Administrativo de Boyac\u00e1.<\/p>\n  <\/div>\n<\/div>\n\n\n<div class=\"card\">\n  <div class=\"image-invitado\">\n    <img decoding=\"async\" src=\"https:\/\/uninavarra.edu.co\/wp-content\/uploads\/2023\/01\/Aldemar-Macias-Tamayo.jpg\">\n  <\/div>\n  <div class=\"card-body\">\n    <h4 class=\"card-title\">ALDEMAR MACIAS TAMAYO<\/h4>\n    <p class=\"description\">Soci\u00f3logo, Maestr\u00eda en educaci\u00f3n y desarrollo comunitario. Docente Universitario,, se ha desempe\u00f1ado como Secretario de educaci\u00f3n del municipio de Neiva, Soci\u00f3logo en la Fundaci\u00f3n Hocol, Coordinador Regional de la Fundaci\u00f3n.<\/p>\n  <\/div>\n<\/div>\n\n\n\n<div class=\"card\">\n  <div class=\"image-invitado\">\n    <img decoding=\"async\" src=\"https:\/\/uninavarra.edu.co\/wp-content\/uploads\/2023\/01\/Claudia-Maria-Garcia-Munoz.jpg\">\n  <\/div>\n  <div class=\"card-body\">\n    <h4 class=\"card-title\">CLAUDIA MAR\u00cdA GARC\u00cdA MU\u00d1OZ<\/h4>\n    <p class=\"description\">Psic\u00f3loga, Magister en Educaci\u00f3n y Desarrollo Humano. Doctora en Ciencias Sociales, Ni\u00f1ez y Juventud; Docente Universitaria, Consultora de programas sociales en entidades territoriales.\u00a0<\/p>\n  <\/div>\n<\/div>\n\n\n<div class=\"card\">\n  <div class=\"image-invitado\">\n    <img decoding=\"async\" src=\"https:\/\/uninavarra.edu.co\/wp-content\/uploads\/2023\/01\/Nelson-Dario-Rincon-Garcia.jpg\">\n  <\/div>\n  <div class=\"card-body\">\n    <h4 class=\"card-title\">NELSON DAR\u00cdO RINC\u00d3N GARC\u00cdA <\/h4>\n    <p class=\"description\">Abogado, Doctorando en derecho Universidad Externado de Colombia, realiz\u00f3 estudios de Maestr\u00eda en la Universidad Nacional de Colombia. Especialista en Instituciones Jur\u00eddico Pol\u00edticas de la Universidad Nacional de Colombia. Fue director Regional de la ESAP con reconocida formaci\u00f3n investigativa en temas socio \u2013 jur\u00eddicos.\u00a0<\/p>\n  <\/div>\n<\/div>\n\n\n<div class=\"card\">\n  <div class=\"image-invitado\">\n    <img decoding=\"async\" src=\"https:\/\/uninavarra.edu.co\/wp-content\/uploads\/2023\/01\/Maria-Isabel-Mena-Garcia.png\">\n  <\/div>\n  <div class=\"card-body\">\n    <h4 class=\"card-title\">MAR\u00cdA ISABEL MENA GARC\u00cdA<\/h4>\n    <p class=\"description\">Licenciada en Historia, Especialista en Gerencia de Proyectos Educativos Institucionales, Mag\u00edster en Investigaci\u00f3n Social Interdisciplinaria. Doctorado en Ciencias Sociales; ha sido asesora del Ministerio de Educaci\u00f3n Nacional para la educaci\u00f3n afrocolombiana y para los proyectos etnoeducativos afrocolombianos. Asesora para el Centro de Estudios para la democracia Colombia Siglo XXI. Directora del proyecto 'Dignificaci\u00f3n de la cultura\u00a0afrodescendiente a trav\u00e9s de la etnoeducaci\u00f3n' (Colombia) 2010. Asesora del Ministerio de Cultura para temas del decenio afrodescendiente 2015. Catedr\u00e1tica en distintas universidades.<\/p>\n  <\/div>\n<\/div>\n\n<div class=\"card\">\n  <div class=\"image-invitado\">\n    <img decoding=\"async\" src=\"https:\/\/uninavarra.edu.co\/wp-content\/uploads\/2023\/07\/Luis-Alfredo-Ortiz-Tovar-e1689598651614.jpg\">\n  <\/div>\n  <div class=\"card-body\">\n    <h4 class=\"card-title\">LUIS ALFREDO ORTIZ TOVAR<\/h4>\n    <p class=\"description\">Mag\u00edster en Derechos Humanos; Especialista en Derecho Procesal y Docencia Universitaria. Experiencia: Rector Fundaci\u00f3n Escuela Tecnol\u00f3gica de Neiva, docente Universidad Surcolombiana, Antonio Nari\u00f1o, Fundaci\u00f3n Universitaria Navarra.  Secretario Acad\u00e9mico y Rector de la Universidad Cooperativa de Colombia, Seccional Huila. Conjuez Sala Civil Familia Laboral del Tribunal Superior del Distrito de Neiva.<\/p>\n  <\/div>\n<\/div>\n\n<div class=\"card\">\n  <div class=\"image-invitado\">\n    <img decoding=\"async\" src=\"https:\/\/uninavarra.edu.co\/wp-content\/uploads\/2023\/07\/Miriam-Oviedo-.jpg\">\n  <\/div>\n  <div class=\"card-body\">\n    <h4 class=\"card-title\">MIRIAM OVIEDO <\/h4>\n    <p class=\"description\">Doctorado en Ciencias Sociales Ni\u00f1ez y Juventud de la Universidad de Manizales;\nMag\u00edster en Educaci\u00f3n y Desarrollo Comunitario de la Universidad Surcolombiana; Especializaci\u00f3n en Prevenci\u00f3n del Maltrato Infantil de la Pontificia Universidad Javeriana; Especializaci\u00f3n en Proyecto Educativos y Comunitarios de la Universidad Surcolombiana. Pregrado en Psicolog\u00eda de la Universidad de los Andes. Investigadora, Docente y Coordinadora de la Maestr\u00eda en Educaci\u00f3n y Cultura de Paz.<\/p>\n  <\/div>\n<\/div>\n\n\n<\/div>\n\n\t\t<\/div>\n\t<\/div>\n<\/div><\/div><div class=\"vc_tta-panel\" id=\"plan\" data-vc-content=\".vc_tta-panel-body\"><div class=\"vc_tta-panel-heading\"><h4 class=\"vc_tta-panel-title\"><a href=\"#plan\" data-vc-accordion data-vc-container=\".vc_tta-container\"><span class=\"vc_tta-title-text\">Plan de Estudios<\/span><\/a><\/h4><\/div><div class=\"vc_tta-panel-body\"><div class=\"wpb_single_image wpb_content_element vc_align_center\">\n\t\t<div class=\"wpb_wrapper\">\n\t\t\t\n\t\t\t<a href=\"#\" target=\"_self\"><img loading=\"lazy\" decoding=\"async\" width=\"3133\" height=\"5569\" src=\"https:\/\/uninavarra.edu.co\/wp-content\/uploads\/2023\/01\/plan-de-estudios-esp-scaled.jpg\" class=\" vc_box_border_grey attachment-full\" alt=\"plan de estudios esp derecho constitucional\" title=\"plan de estudios esp derecho constitucional\" \/><\/a>\n\t\t<\/div> \n\t<\/div><\/div><\/div><div class=\"vc_tta-panel\" id=\"1752163605625-c713e866-f1c2\" data-vc-content=\".vc_tta-panel-body\"><div class=\"vc_tta-panel-heading\"><h4 class=\"vc_tta-panel-title\"><a href=\"#1752163605625-c713e866-f1c2\" data-vc-accordion data-vc-container=\".vc_tta-container\"><span class=\"vc_tta-title-text\">UNINAVARRA de cara al mundo<\/span><\/a><\/h4><\/div><div class=\"vc_tta-panel-body\"><div class=\"vc_row wpb_row vc_inner vc_row-fluid\"><div class=\"vc_ col-sm-12\"><div class=\"vc_column-inner\"><div class=\"wpb_wrapper\"><div class=\"vc_empty_space\"   style=\"height: 32px\"><span class=\"vc_empty_space_inner\"><\/span><\/div><h3 style=\"color: #E30613;text-align: center\" class=\"vc_custom_heading vc_do_custom_heading\" >UNINAVARRA de cara al mundo<\/h3><\/div><\/div><\/div><\/div><div class=\"vc_row wpb_row vc_inner vc_row-fluid\"><div class=\"vc_ col-sm-12\"><div class=\"vc_column-inner\"><div class=\"wpb_wrapper\">\n\t<div class=\"wpb_text_column wpb_content_element\" >\n\t\t<div class=\"wpb_wrapper\">\n\t\t\t<p>Contamos con la Pol\u00edtica de Internacionalizaci\u00f3n &#8220;<strong>UNINAVARRA DE CARA AL MUNDO<\/strong>&#8221; que pretende ofrecer a la comunidad acad\u00e9mica un puente entre el entorno local y el mundo globalizado. A trav\u00e9s de sus l\u00edneas de acci\u00f3n te brinda oportunidades de interacci\u00f3n con el entorno nacional e internacional en modalidad presencial y online, donde podr\u00e1s vivir experiencias de formaci\u00f3n en otros contextos, interactuar con personas de diferentes culturas, conocer la din\u00e1mica global y sus cambios sociales, culturales, econ\u00f3micos, ambientales, entre otros; potenciar tu carrera con proyecci\u00f3n nacional e internacional y fortalecer tu formaci\u00f3n como profesional global y ciudadano del mundo.<\/p>\n<p>L\u00edneas de acci\u00f3n y oportunidades:<br \/>\n\u2022 <strong>Gesti\u00f3n de la Cooperaci\u00f3n Internacional:<\/strong> Convenios, alianzas, proyectos conjuntos y trabajo en red con m\u00e1s de 200 instituciones de diferentes pa\u00edses alrededor del mundo como Argentina, Brasil, Canad\u00e1, Chile, Espa\u00f1a, Estados Unidos, Italia, M\u00e9xico, Per\u00fa, entre otros.<br \/>\n\u2022 <strong>Gesti\u00f3n de la Movilidad Acad\u00e9mica:<\/strong> Oportunidades de intercambio estudiantil durante uno o dos periodos acad\u00e9micos a lo largo del desarrollo del programa acad\u00e9mico del estudiante en diferentes tipos de movilidad como: Intercambio acad\u00e9mico (cursar asignaturas), curso corto, pr\u00e1ctica, pasant\u00eda, rotaci\u00f3n m\u00e9dica, misi\u00f3n, estancia de investigaci\u00f3n, observership y modalidades de grado. Movilidad docente como profesores visitantes nacionales y extranjeros en tu aula de clase.<br \/>\n\u2022 <strong>Gesti\u00f3n de la Multiculturalidad y Multiling\u00fcismo:<\/strong> Actividades que contribuyen al desarrollo de competencias interculturales y la competencia comunicativa en una lengua extranjera, principalmente ingl\u00e9s como lengua universal.<br \/>\n\u2022 <strong>Gesti\u00f3n de la Internacionalizaci\u00f3n del Curr\u00edculo:<\/strong> Clases conjuntas con otras instituciones mediante la metodolog\u00eda de clases espejo o COIL (Collaborative Online International Learning).<br \/>\nMayor informaci\u00f3n: <a href=\"https:\/\/uninavarra.edu.co\/internacionalizacion\/\">https:\/\/uninavarra.edu.co\/internacionalizacion\/<\/a><\/p>\n\n\t\t<\/div>\n\t<\/div>\n<\/div><\/div><\/div><\/div><\/div><\/div><\/div><\/div><\/div><\/div><div class=\"vc_empty_space\"   style=\"height: 64px\"><span class=\"vc_empty_space_inner\"><\/span><\/div>\n\t\t<\/div> \n\t<\/div><\/div><\/div><\/div><div class=\"wpb-container \"><div class=\"container\"><div class=\"vc_row wpb_row vc_row-fluid row \"><div class=\"col-sm-12  vc_\">\n\t\t<div class=\"wpb_wrapper \">\n\t\t\t\n\t<div class=\"wpb_text_column wpb_content_element\" >\n\t\t<div class=\"wpb_wrapper\">\n\t\t\t\n\n\t\t<\/div>\n\t<\/div>\n<div class=\"vc_empty_space\"   style=\"height: 64px\"><span class=\"vc_empty_space_inner\"><\/span><\/div>\n\t<div class=\"wpb_text_column wpb_content_element\" >\n\t\t<div class=\"wpb_wrapper\">\n\t\t\t<p style=\"text-align: center;\"><span style=\"color: #ff0000; font-size: 28px;\"><strong>Programas Relacionados<\/strong><\/span><\/p>\n\n\t\t<\/div>\n\t<\/div>\n<div class=\"wpb_images_carousel wpb_content_element vc_clearfix wpb_content_element\"><div class=\"wpb_wrapper\"><div id=\"vc_images-carousel-1-1777563952\" data-ride=\"vc_carousel\" data-wrap=\"true\" style=\"width: 100%;\" data-interval=\"3000\" data-auto-height=\"yes\" data-mode=\"horizontal\" data-partial=\"false\" data-per-view=\"1\" data-hide-on-end=\"false\" class=\"vc_slide vc_images_carousel\"><ol class=\"vc_carousel-indicators\"><li data-target=\"#vc_images-carousel-1-1777563952\" data-slide-to=\"0\"><\/li><li data-target=\"#vc_images-carousel-1-1777563952\" data-slide-to=\"1\"><\/li><li data-target=\"#vc_images-carousel-1-1777563952\" data-slide-to=\"2\"><\/li><li data-target=\"#vc_images-carousel-1-1777563952\" data-slide-to=\"3\"><\/li><\/ol><div class=\"vc_carousel-inner\"><div class=\"vc_carousel-slideline\"><div class=\"vc_carousel-slideline-inner\"><div class=\"vc_item\"><div class=\"vc_inner\"><a href=\"https:\/\/uninavarra.edu.co\/especializacion-en-derecho-medico\/\" target=\"_self\"><img loading=\"lazy\" decoding=\"async\" width=\"1920\" height=\"571\" src=\"https:\/\/uninavarra.edu.co\/wp-content\/uploads\/2026\/03\/banner-pagina-web-Posgrados-Derecho-Medico.jpg\" class=\"attachment-full\" alt=\"\" title=\"banner-pagina-web-Posgrados-Derecho-Medico\" srcset=\"https:\/\/uninavarra.edu.co\/wp-content\/uploads\/2026\/03\/banner-pagina-web-Posgrados-Derecho-Medico.jpg 1920w, https:\/\/uninavarra.edu.co\/wp-content\/uploads\/2026\/03\/banner-pagina-web-Posgrados-Derecho-Medico-300x89.jpg 300w, https:\/\/uninavarra.edu.co\/wp-content\/uploads\/2026\/03\/banner-pagina-web-Posgrados-Derecho-Medico-1024x305.jpg 1024w, https:\/\/uninavarra.edu.co\/wp-content\/uploads\/2026\/03\/banner-pagina-web-Posgrados-Derecho-Medico-150x45.jpg 150w, https:\/\/uninavarra.edu.co\/wp-content\/uploads\/2026\/03\/banner-pagina-web-Posgrados-Derecho-Medico-768x228.jpg 768w, https:\/\/uninavarra.edu.co\/wp-content\/uploads\/2026\/03\/banner-pagina-web-Posgrados-Derecho-Medico-1536x457.jpg 1536w, https:\/\/uninavarra.edu.co\/wp-content\/uploads\/2026\/03\/banner-pagina-web-Posgrados-Derecho-Medico-18x5.jpg 18w\" sizes=\"(max-width: 1920px) 100vw, 1920px\" \/><\/a><\/div><\/div><div class=\"vc_item\"><div class=\"vc_inner\"><a href=\"https:\/\/uninavarra.edu.co\/especializacion-en-gerencia-de-seguridad-y-salud-en-el-trabajo-2\/\" target=\"_self\"><img loading=\"lazy\" decoding=\"async\" width=\"1920\" height=\"571\" src=\"https:\/\/uninavarra.edu.co\/wp-content\/uploads\/2026\/01\/Banner-Gerencia-en-Seguridad-y-salud-corregido.jpg\" class=\"attachment-full\" alt=\"\" title=\"Banner-Gerencia-en-Seguridad-y-salud-corregido\" srcset=\"https:\/\/uninavarra.edu.co\/wp-content\/uploads\/2026\/01\/Banner-Gerencia-en-Seguridad-y-salud-corregido.jpg 1920w, https:\/\/uninavarra.edu.co\/wp-content\/uploads\/2026\/01\/Banner-Gerencia-en-Seguridad-y-salud-corregido-300x89.jpg 300w, https:\/\/uninavarra.edu.co\/wp-content\/uploads\/2026\/01\/Banner-Gerencia-en-Seguridad-y-salud-corregido-1024x305.jpg 1024w, https:\/\/uninavarra.edu.co\/wp-content\/uploads\/2026\/01\/Banner-Gerencia-en-Seguridad-y-salud-corregido-150x45.jpg 150w, https:\/\/uninavarra.edu.co\/wp-content\/uploads\/2026\/01\/Banner-Gerencia-en-Seguridad-y-salud-corregido-768x228.jpg 768w, https:\/\/uninavarra.edu.co\/wp-content\/uploads\/2026\/01\/Banner-Gerencia-en-Seguridad-y-salud-corregido-1536x457.jpg 1536w, https:\/\/uninavarra.edu.co\/wp-content\/uploads\/2026\/01\/Banner-Gerencia-en-Seguridad-y-salud-corregido-18x5.jpg 18w\" sizes=\"(max-width: 1920px) 100vw, 1920px\" \/><\/a><\/div><\/div><div class=\"vc_item\"><div class=\"vc_inner\"><a href=\"https:\/\/uninavarra.edu.co\/especializacion-en-derecho-laboral-y-seguridad-social-2\/\" target=\"_self\"><img loading=\"lazy\" decoding=\"async\" width=\"1920\" height=\"571\" src=\"https:\/\/uninavarra.edu.co\/wp-content\/uploads\/2026\/03\/banner-pagina-web-Posgrados-Derecho-Laboral.jpg\" class=\"attachment-full\" alt=\"\" title=\"banner-pagina-web-Posgrados-Derecho-Laboral\" srcset=\"https:\/\/uninavarra.edu.co\/wp-content\/uploads\/2026\/03\/banner-pagina-web-Posgrados-Derecho-Laboral.jpg 1920w, https:\/\/uninavarra.edu.co\/wp-content\/uploads\/2026\/03\/banner-pagina-web-Posgrados-Derecho-Laboral-300x89.jpg 300w, https:\/\/uninavarra.edu.co\/wp-content\/uploads\/2026\/03\/banner-pagina-web-Posgrados-Derecho-Laboral-1024x305.jpg 1024w, https:\/\/uninavarra.edu.co\/wp-content\/uploads\/2026\/03\/banner-pagina-web-Posgrados-Derecho-Laboral-150x45.jpg 150w, https:\/\/uninavarra.edu.co\/wp-content\/uploads\/2026\/03\/banner-pagina-web-Posgrados-Derecho-Laboral-768x228.jpg 768w, https:\/\/uninavarra.edu.co\/wp-content\/uploads\/2026\/03\/banner-pagina-web-Posgrados-Derecho-Laboral-1536x457.jpg 1536w, https:\/\/uninavarra.edu.co\/wp-content\/uploads\/2026\/03\/banner-pagina-web-Posgrados-Derecho-Laboral-18x5.jpg 18w\" sizes=\"(max-width: 1920px) 100vw, 1920px\" \/><\/a><\/div><\/div><div class=\"vc_item\"><div class=\"vc_inner\"><a href=\"https:\/\/uninavarra.edu.co\/especializacion-litigacion-oral\/\" target=\"_self\"><img loading=\"lazy\" decoding=\"async\" width=\"1920\" height=\"571\" src=\"https:\/\/uninavarra.edu.co\/wp-content\/uploads\/2026\/03\/banner-pagina-web-Posgrados-Litigacion-Oral.jpg\" class=\"attachment-full\" alt=\"\" title=\"banner-pagina-web-Posgrados-Litigacio\u0301n-Oral\" srcset=\"https:\/\/uninavarra.edu.co\/wp-content\/uploads\/2026\/03\/banner-pagina-web-Posgrados-Litigacion-Oral.jpg 1920w, https:\/\/uninavarra.edu.co\/wp-content\/uploads\/2026\/03\/banner-pagina-web-Posgrados-Litigacion-Oral-300x89.jpg 300w, https:\/\/uninavarra.edu.co\/wp-content\/uploads\/2026\/03\/banner-pagina-web-Posgrados-Litigacion-Oral-1024x305.jpg 1024w, https:\/\/uninavarra.edu.co\/wp-content\/uploads\/2026\/03\/banner-pagina-web-Posgrados-Litigacion-Oral-150x45.jpg 150w, https:\/\/uninavarra.edu.co\/wp-content\/uploads\/2026\/03\/banner-pagina-web-Posgrados-Litigacion-Oral-768x228.jpg 768w, https:\/\/uninavarra.edu.co\/wp-content\/uploads\/2026\/03\/banner-pagina-web-Posgrados-Litigacion-Oral-1536x457.jpg 1536w, https:\/\/uninavarra.edu.co\/wp-content\/uploads\/2026\/03\/banner-pagina-web-Posgrados-Litigacion-Oral-18x5.jpg 18w\" sizes=\"(max-width: 1920px) 100vw, 1920px\" \/><\/a><\/div><\/div><\/div><\/div><\/div><a class=\"vc_left vc_carousel-control\" href=\"#vc_images-carousel-1-1777563952\" data-slide=\"prev\"><span class=\"icon-prev\"><\/span><\/a><a class=\"vc_right vc_carousel-control\" href=\"#vc_images-carousel-1-1777563952\" data-slide=\"next\"><span class=\"icon-next\"><\/span><\/a><\/div><\/div><\/div>\n\t\t<\/div> \n\t<\/div><\/div><\/div><\/div><\/section>\n<\/div>","protected":false},"excerpt":{"rendered":"Presentaci\u00f3n del Programa Plan de Estudios Conoce a los Profesores Inscripciones y financiaci\u00f3n Inscripciones Financiaci\u00f3n T\u00edtulo otorgado:&nbsp;&nbsp; Especialista en Derecho Constitucional y Sistema Interamericano de Derechos Humanos C\u00f3digo SNIES&nbsp;&nbsp;106068 Registro [...]","protected":false},"author":13,"featured_media":0,"parent":0,"menu_order":0,"comment_status":"closed","ping_status":"closed","template":"","meta":{"footnotes":""},"class_list":["post-56414","page","type-page","status-publish","hentry"],"yoast_head":"<!-- This site is optimized with the Yoast SEO plugin v27.4 - https:\/\/yoast.com\/product\/yoast-seo-wordpress\/ -->\n<title>Especializaci\u00f3n en Derecho Constitucional y Sistema Interamericano de Derechos Humanos - Uninavarra<\/title>\n<meta name=\"robots\" content=\"index, follow, max-snippet:-1, max-image-preview:large, max-video-preview:-1\" \/>\n<link rel=\"canonical\" href=\"https:\/\/uninavarra.edu.co\/en\/especializacion-en-derecho-constitucional-y-sistema-interamericano-de-derechos-humanos\/\" \/>\n<meta property=\"og:locale\" content=\"en_US\" \/>\n<meta property=\"og:type\" content=\"article\" \/>\n<meta property=\"og:title\" content=\"Especializaci\u00f3n en Derecho Constitucional y Sistema Interamericano de Derechos Humanos - Uninavarra\" \/>\n<meta property=\"og:url\" content=\"https:\/\/uninavarra.edu.co\/en\/especializacion-en-derecho-constitucional-y-sistema-interamericano-de-derechos-humanos\/\" \/>\n<meta property=\"og:site_name\" content=\"Uninavarra\" \/>\n<meta property=\"article:publisher\" content=\"https:\/\/www.facebook.com\/UninavarraEduca\" \/>\n<meta property=\"article:modified_time\" content=\"2026-04-06T15:46:33+00:00\" \/>\n<meta name=\"twitter:card\" content=\"summary_large_image\" \/>\n<meta name=\"twitter:site\" content=\"@uninavarraeduca\" \/>\n<meta name=\"twitter:label1\" content=\"Est. reading time\" \/>\n\t<meta name=\"twitter:data1\" content=\"6 minutes\" \/>\n<script type=\"application\/ld+json\" class=\"yoast-schema-graph\">{\"@context\":\"https:\\\/\\\/schema.org\",\"@graph\":[{\"@type\":\"WebPage\",\"@id\":\"https:\\\/\\\/uninavarra.edu.co\\\/especializacion-en-derecho-constitucional-y-sistema-interamericano-de-derechos-humanos\\\/\",\"url\":\"https:\\\/\\\/uninavarra.edu.co\\\/especializacion-en-derecho-constitucional-y-sistema-interamericano-de-derechos-humanos\\\/\",\"name\":\"Especializaci\u00f3n en Derecho Constitucional y Sistema Interamericano de Derechos Humanos - Uninavarra\",\"isPartOf\":{\"@id\":\"https:\\\/\\\/uninavarra.edu.co\\\/#website\"},\"datePublished\":\"2023-01-20T12:32:04+00:00\",\"dateModified\":\"2026-04-06T15:46:33+00:00\",\"breadcrumb\":{\"@id\":\"https:\\\/\\\/uninavarra.edu.co\\\/especializacion-en-derecho-constitucional-y-sistema-interamericano-de-derechos-humanos\\\/#breadcrumb\"},\"inLanguage\":\"en-US\",\"potentialAction\":[{\"@type\":\"ReadAction\",\"target\":[\"https:\\\/\\\/uninavarra.edu.co\\\/especializacion-en-derecho-constitucional-y-sistema-interamericano-de-derechos-humanos\\\/\"]}]},{\"@type\":\"BreadcrumbList\",\"@id\":\"https:\\\/\\\/uninavarra.edu.co\\\/especializacion-en-derecho-constitucional-y-sistema-interamericano-de-derechos-humanos\\\/#breadcrumb\",\"itemListElement\":[{\"@type\":\"ListItem\",\"position\":1,\"name\":\"Home\",\"item\":\"https:\\\/\\\/uninavarra.edu.co\\\/\"},{\"@type\":\"ListItem\",\"position\":2,\"name\":\"Especializaci\u00f3n en Derecho Constitucional y Sistema Interamericano de Derechos Humanos\"}]},{\"@type\":\"WebSite\",\"@id\":\"https:\\\/\\\/uninavarra.edu.co\\\/#website\",\"url\":\"https:\\\/\\\/uninavarra.edu.co\\\/\",\"name\":\"UNINAVARRA\",\"description\":\"Haz realidad tu deseo de aprender\",\"publisher\":{\"@id\":\"https:\\\/\\\/uninavarra.edu.co\\\/#organization\"},\"potentialAction\":[{\"@type\":\"SearchAction\",\"target\":{\"@type\":\"EntryPoint\",\"urlTemplate\":\"https:\\\/\\\/uninavarra.edu.co\\\/?s={search_term_string}\"},\"query-input\":{\"@type\":\"PropertyValueSpecification\",\"valueRequired\":true,\"valueName\":\"search_term_string\"}}],\"inLanguage\":\"en-US\"},{\"@type\":\"Organization\",\"@id\":\"https:\\\/\\\/uninavarra.edu.co\\\/#organization\",\"name\":\"Fundaci\u00f3n Universitaria Navarra - UNINAVARRA\",\"url\":\"https:\\\/\\\/uninavarra.edu.co\\\/\",\"logo\":{\"@type\":\"ImageObject\",\"inLanguage\":\"en-US\",\"@id\":\"https:\\\/\\\/uninavarra.edu.co\\\/#\\\/schema\\\/logo\\\/image\\\/\",\"url\":\"https:\\\/\\\/uninavarra.edu.co\\\/wp-content\\\/uploads\\\/2024\\\/06\\\/Escudo-uninavarra-Solo.png\",\"contentUrl\":\"https:\\\/\\\/uninavarra.edu.co\\\/wp-content\\\/uploads\\\/2024\\\/06\\\/Escudo-uninavarra-Solo.png\",\"width\":1500,\"height\":1401,\"caption\":\"Fundaci\u00f3n Universitaria Navarra - UNINAVARRA\"},\"image\":{\"@id\":\"https:\\\/\\\/uninavarra.edu.co\\\/#\\\/schema\\\/logo\\\/image\\\/\"},\"sameAs\":[\"https:\\\/\\\/www.facebook.com\\\/UninavarraEduca\",\"https:\\\/\\\/x.com\\\/uninavarraeduca\",\"https:\\\/\\\/www.instagram.com\\\/uninavarra\\\/?hl=es\",\"https:\\\/\\\/www.linkedin.com\\\/in\\\/fundacin-universitaria-navarra-uninavarra-b41225222\\\/\"]}]}<\/script>\n<!-- \/ Yoast SEO plugin. -->","yoast_head_json":{"title":"Especializaci\u00f3n en Derecho Constitucional y Sistema Interamericano de Derechos Humanos - Uninavarra","robots":{"index":"index","follow":"follow","max-snippet":"max-snippet:-1","max-image-preview":"max-image-preview:large","max-video-preview":"max-video-preview:-1"},"canonical":"https:\/\/uninavarra.edu.co\/en\/especializacion-en-derecho-constitucional-y-sistema-interamericano-de-derechos-humanos\/","og_locale":"en_US","og_type":"article","og_title":"Especializaci\u00f3n en Derecho Constitucional y Sistema Interamericano de Derechos Humanos - Uninavarra","og_url":"https:\/\/uninavarra.edu.co\/en\/especializacion-en-derecho-constitucional-y-sistema-interamericano-de-derechos-humanos\/","og_site_name":"Uninavarra","article_publisher":"https:\/\/www.facebook.com\/UninavarraEduca","article_modified_time":"2026-04-06T15:46:33+00:00","twitter_card":"summary_large_image","twitter_site":"@uninavarraeduca","twitter_misc":{"Est. reading time":"6 minutes"},"schema":{"@context":"https:\/\/schema.org","@graph":[{"@type":"WebPage","@id":"https:\/\/uninavarra.edu.co\/especializacion-en-derecho-constitucional-y-sistema-interamericano-de-derechos-humanos\/","url":"https:\/\/uninavarra.edu.co\/especializacion-en-derecho-constitucional-y-sistema-interamericano-de-derechos-humanos\/","name":"Especializaci\u00f3n en Derecho Constitucional y Sistema Interamericano de Derechos Humanos - Uninavarra","isPartOf":{"@id":"https:\/\/uninavarra.edu.co\/#website"},"datePublished":"2023-01-20T12:32:04+00:00","dateModified":"2026-04-06T15:46:33+00:00","breadcrumb":{"@id":"https:\/\/uninavarra.edu.co\/especializacion-en-derecho-constitucional-y-sistema-interamericano-de-derechos-humanos\/#breadcrumb"},"inLanguage":"en-US","potentialAction":[{"@type":"ReadAction","target":["https:\/\/uninavarra.edu.co\/especializacion-en-derecho-constitucional-y-sistema-interamericano-de-derechos-humanos\/"]}]},{"@type":"BreadcrumbList","@id":"https:\/\/uninavarra.edu.co\/especializacion-en-derecho-constitucional-y-sistema-interamericano-de-derechos-humanos\/#breadcrumb","itemListElement":[{"@type":"ListItem","position":1,"name":"Home","item":"https:\/\/uninavarra.edu.co\/"},{"@type":"ListItem","position":2,"name":"Especializaci\u00f3n en Derecho Constitucional y Sistema Interamericano de Derechos Humanos"}]},{"@type":"WebSite","@id":"https:\/\/uninavarra.edu.co\/#website","url":"https:\/\/uninavarra.edu.co\/","name":"UNINAVARRA","description":"Make your desire to learn a reality","publisher":{"@id":"https:\/\/uninavarra.edu.co\/#organization"},"potentialAction":[{"@type":"SearchAction","target":{"@type":"EntryPoint","urlTemplate":"https:\/\/uninavarra.edu.co\/?s={search_term_string}"},"query-input":{"@type":"PropertyValueSpecification","valueRequired":true,"valueName":"search_term_string"}}],"inLanguage":"en-US"},{"@type":"Organization","@id":"https:\/\/uninavarra.edu.co\/#organization","name":"Navarre University Foundation - UNINAVARRA","url":"https:\/\/uninavarra.edu.co\/","logo":{"@type":"ImageObject","inLanguage":"en-US","@id":"https:\/\/uninavarra.edu.co\/#\/schema\/logo\/image\/","url":"https:\/\/uninavarra.edu.co\/wp-content\/uploads\/2024\/06\/Escudo-uninavarra-Solo.png","contentUrl":"https:\/\/uninavarra.edu.co\/wp-content\/uploads\/2024\/06\/Escudo-uninavarra-Solo.png","width":1500,"height":1401,"caption":"Fundaci\u00f3n Universitaria Navarra - UNINAVARRA"},"image":{"@id":"https:\/\/uninavarra.edu.co\/#\/schema\/logo\/image\/"},"sameAs":["https:\/\/www.facebook.com\/UninavarraEduca","https:\/\/x.com\/uninavarraeduca","https:\/\/www.instagram.com\/uninavarra\/?hl=es","https:\/\/www.linkedin.com\/in\/fundacin-universitaria-navarra-uninavarra-b41225222\/"]}]}},"_links":{"self":[{"href":"https:\/\/uninavarra.edu.co\/en\/wp-json\/wp\/v2\/pages\/56414","targetHints":{"allow":["GET"]}}],"collection":[{"href":"https:\/\/uninavarra.edu.co\/en\/wp-json\/wp\/v2\/pages"}],"about":[{"href":"https:\/\/uninavarra.edu.co\/en\/wp-json\/wp\/v2\/types\/page"}],"author":[{"embeddable":true,"href":"https:\/\/uninavarra.edu.co\/en\/wp-json\/wp\/v2\/users\/13"}],"replies":[{"embeddable":true,"href":"https:\/\/uninavarra.edu.co\/en\/wp-json\/wp\/v2\/comments?post=56414"}],"version-history":[{"count":0,"href":"https:\/\/uninavarra.edu.co\/en\/wp-json\/wp\/v2\/pages\/56414\/revisions"}],"wp:attachment":[{"href":"https:\/\/uninavarra.edu.co\/en\/wp-json\/wp\/v2\/media?parent=56414"}],"curies":[{"name":"wp","href":"https:\/\/api.w.org\/{rel}","templated":true}]}}