{"id":50069,"date":"2022-08-11T16:02:35","date_gmt":"2022-08-11T21:02:35","guid":{"rendered":"https:\/\/uninavarra.edu.co\/?page_id=50069"},"modified":"2022-08-16T14:35:31","modified_gmt":"2022-08-16T19:35:31","slug":"ii-congreso-nacional-e-internacional-de-innovacion-e-investigacion-en-radiologia-e-imagenes-diagnosticas","status":"publish","type":"page","link":"https:\/\/uninavarra.edu.co\/en\/ii-congreso-nacional-e-internacional-de-innovacion-e-investigacion-en-radiologia-e-imagenes-diagnosticas\/","title":{"rendered":"2nd National and International Congress on Innovation and Research in Radiology and Diagnostic Imaging"},"content":{"rendered":"<div class=\"wpb-content-wrapper\"><section id=\"ivcii\" class=\"vc_section\"><div id=\"banner\" data-vc-full-width=\"true\" data-vc-full-width-init=\"false\" data-vc-stretch-content=\"true\" class=\"wpb-container\"><div class=\"container-full\"><div class=\"vc_row wpb_row vc_row-fluid row\"><div class=\"col-sm-12  vc_\">\n\t\t<div class=\"wpb_wrapper\">\n\t\t\t<div class=\"wpb_single_image wpb_content_element vc_align_left\">\n\t\t<div class=\"wpb_wrapper\">\n\t\t\t\n\t\t\t<a href=\"#\" target=\"_self\"><img fetchpriority=\"high\" decoding=\"async\" width=\"2814\" height=\"837\" src=\"https:\/\/uninavarra.edu.co\/wp-content\/uploads\/2022\/08\/banner-congresos-20225-scaled.jpg\" class=\"vc_box_border_grey attachment-full\" alt=\"\" title=\"congress banner 20225\" \/><\/a>\n\t\t<\/div> \n\t<\/div>\n\t\t<\/div> \n\t<\/div><\/div><\/div><\/div><div class=\"vc_row-full-width\"><\/div><div id=\"menu\" data-vc-full-width=\"true\" data-vc-full-width-init=\"false\" data-vc-stretch-content=\"true\" class=\"wpb-container\"><div class=\"container-full\"><div class=\"vc_row wpb_row vc_row-fluid row\"><div class=\"col-sm-12  vc_\">\n\t\t<div class=\"wpb_wrapper\">\n\t\t\t\n\t<div class=\"wpb_raw_code wpb_raw_html wpb_content_element\" >\n\t\t<div class=\"wpb_wrapper\">\n\t\t\t<div class=\"topnav\" id=\"myTopnav\">\n<div id=\"fila-prueba\">\n<div class=\"menu_cina\">\n<nav class=\"nav_cina\">\n<ul>\n \t<li class=\"item1\"><a href=\"#\">Program<\/a><\/li>\n \t<li><a href=\"https:\/\/uninavarra.edu.co\/wp-content\/uploads\/2022\/07\/VI-Congreso-Internacional-y-V-Nacional-de-Ge\u0301nero-_Ciber-violencia-y-ciber-acoso-contra-mujeres-nin\u0303as-y-adolescentes-ok-scaled.jpg\">Poster<\/a><\/li>\n        <li><a href=\"https:\/\/uninavarra.edu.co\/vi-congreso-internacional-y-v-nacional-de-genero-ciberviolencia-y-ciberacoso-contra-mujeres-ninas-y-adolescentes\/versiones-anteriores-congreso-genero-2022\/\">Previous versions<\/a><\/li>\n<\/ul>\n<\/nav>\n<\/div>\n<\/div>\n  <a href=\"javascript:void(0);\" class=\"icon\" onclick=\"myFunction()\">\n    <i class=\"fa fa-bars\"><\/i>\n  <\/a>\n<\/div>\n\n\n<script>\nfunction myFunction() {\n  var x = document.getElementById(\"myTopnav\");\n  if (x.className === \"topnav\") {\n    x.className += \" responsive\";\n  } else {\n    x.className = \"topnav\";\n  }\n}\n<\/script>\n\t\t<\/div>\n\t<\/div>\n\n\t\t<\/div> \n\t<\/div><\/div><\/div><\/div><div class=\"vc_row-full-width\"><\/div><div id=\"presentacion\" class=\"wpb-container\"><div class=\"container\"><div class=\"vc_row wpb_row vc_row-fluid row\"><div class=\"col-sm-12  vc_\">\n\t\t<div class=\"wpb_wrapper\">\n\t\t\t\n\t<div class=\"wpb_raw_code wpb_raw_html wpb_content_element\" >\n\t\t<div class=\"wpb_wrapper\">\n\t\t\t<h2 style=\"text-align: center;\">Presentation<\/h2>\n<p id=\"descripcion\"> The II International Congress on Research and Innovation for Sustainable Development will be held in the city of Neiva (Huila) on August 25, 2022, in the framework of \"Week I\" (Research &amp; Innovation). This academic and scientific event is a space for the social appropriation of knowledge and public dissemination of science, which will include the participation of national and international speakers and speakers, as well as the presentation of free papers that will allow socializing results and advances in research on topics such as radiological innovation, radiobiology, sustainable radiology.<\/p>\n\n<h2 style=\"text-align: center;\">Target<\/h2>\n<p id=\"descripcion\"> The promulgation of the Sustainable Development Goals (SDGs) is a call to humanity to make a positive impact from all disciplines of knowledge and scientific, technological and innovation actions.<br>\n\nTherefore, this event is configured as an opportunity to promote in southern Colombia, the strengthening of technologists and students of technology in radiology and diagnostic imaging, through the socialization of research experiences and cutting-edge technological advances, as well as support in the continuing education of technologists in radiology and diagnostic imaging.  \n\n<\/p>\n\n\n\t\t<\/div>\n\t<\/div>\n<div class=\"vc_btn3-container vc_btn3-center vc_do_btn\" ><a class=\"vc_general vc_btn3 vc_btn3-size-md vc_btn3-shape-rounded vc_btn3-style-modern vc_btn3-color-grey\" href=\"https:\/\/uninavarra.edu.co\/ciii\/#matricula\" title=\"\">Registration<\/a><\/div>\n\t\t<\/div> \n\t<\/div><\/div><\/div><\/div><div id=\"invitados\" class=\"wpb-container\"><div class=\"container\"><div class=\"vc_row wpb_row vc_row-fluid row\"><div class=\"col-sm-12  vc_\">\n\t\t<div class=\"wpb_wrapper\">\n\t\t\t\n\t<div class=\"wpb_raw_code wpb_raw_html wpb_content_element\" >\n\t\t<div class=\"wpb_wrapper\">\n\t\t\t<h2 style=\"text-align:center;font-size:32px\">Guests<\/h2>\n<div class=\"gallery-invitados\">\n\n<div class=\"card\">\n  <div class=\"bandera bandera-argentina\"><\/div>\n  <div class=\"image-invitado\">\n    <img decoding=\"async\" src=\"https:\/\/uninavarra.edu.co\/wp-content\/uploads\/2022\/08\/image-37.png\">\n  <\/div>\n  <div class=\"card-body\">\n    <h4 class=\"card-title\">JAVIER R\u00cdOS<\/h4>\n    <p class=\"description\">Postgraduate Director of the Diploma in Advanced Nuclear Magnetic Resonance at the Universidad Juan Agust\u00edn Maza. Faculty of Kinesiology and Physiotherapy and Professor of the Tecnicatura Universitaria en Diagn\u00f3stico por Im\u00e1genes-FCM.<\/p>\n  <\/div>\n<\/div>\n\n<div class=\"card\">\n  <div class=\"bandera bandera-argentina\"><\/div>\n  <div class=\"image-invitado\">\n    <img decoding=\"async\" src=\"https:\/\/uninavarra.edu.co\/wp-content\/uploads\/2022\/08\/image-38.jpg\">\n  <\/div>\n  <div class=\"card-body\">\n    <h4 class=\"card-title\">HORACION GARIBALDI<\/h4>\n    <p class=\"description\">He is a Radiologist technician with experience in general radiology, angiography, computed tomography, neuroradiology, polytomography, otoradiology, in hospitals in Buenos Aires (Argentina). <\/p>\n  <\/div>\n<\/div>\n\n<div class=\"card\">\n  <div class=\"bandera bandera-argentina\"><\/div>\n  <div class=\"image-invitado\">\n    <img decoding=\"async\" src=\"https:\/\/uninavarra.edu.co\/wp-content\/uploads\/2022\/08\/image-39.png\">\n  <\/div>\n  <div class=\"card-body\">\n    <h4 class=\"card-title\">LUIS PERASSO<\/h4>\n    <p class=\"description\">Coordinator of the Multislice Computed Tomography Service of La Entrerriana Im\u00e1genes S.A.. Member of the Scientific Committee of the Argentine Federation of Licensed and Technical Radiologists (FATRA). Professor of Physics and Computed Tomography at the Instituto Superior Madre Teresa de Calcuta. Postgraduate Professor of Multislice Computed Tomography, Universidad Nacional Maza. <\/p>\n  <\/div>\n<\/div>\n\n\n<div class=\"card\">\n  <div class=\"bandera bandera-chile\"><\/div>\n  <div class=\"image-invitado\">\n    <img decoding=\"async\" src=\"https:\/\/uninavarra.edu.co\/wp-content\/uploads\/2022\/08\/image-40-e1660252670956.png\">\n  <\/div>\n  <div class=\"card-body\">\n    <h4 class=\"card-title\">ANDR\u00c9S CABEZAS<\/h4>\n    <p class=\"description\">Director of the School of Medical Technology of the Universidad Cat\u00f3lica del Maule (Chile) and director of the National Association of Schools of Medical Technology (ASOTEM), founding member of the Interamerican Association of Professionals in Diagnostic Imaging and Treatment (ASIPRODIT), disciplinary collaborator in the International Network of Training and Education in Health, RIFES. <\/p>\n  <\/div>\n<\/div>\n\n\n<div class=\"card\">\n  <div class=\"bandera bandera-colombia\"><\/div>\n  <div class=\"image-invitado\">\n    <img decoding=\"async\" src=\"https:\/\/uninavarra.edu.co\/wp-content\/uploads\/2022\/08\/image-41.png\">\n  <\/div>\n  <div class=\"card-body\">\n    <h4 class=\"card-title\">JHON PAZ<\/h4>\n    <p class=\"description\">Teacher of the Radiodiagnostic and Radiotherapy Technology Program of the Universidad Mariana. <\/p>\n  <\/div>\n<\/div>\n\n<div class=\"card\">\n  <div class=\"bandera bandera-colombia\"><\/div>\n  <div class=\"image-invitado\">\n    <img decoding=\"async\" src=\"https:\/\/uninavarra.edu.co\/wp-content\/uploads\/2022\/08\/image-42.png\">\n  <\/div>\n  <div class=\"card-body\">\n    <h4 class=\"card-title\">GUSTAVO ALBORNOZ<\/h4>\n    <p class=\"description\">Professor of the Radiology and Diagnostic Imaging Technology Program of the University Foundation Navarra UNINAVARRA and technologist of the University Hospital of Neiva Hernando Moncaleano Perdomo of Neiva. <\/p>\n  <\/div>\n<\/div>\n\n\n<div class=\"card\">\n  <div class=\"bandera bandera-colombia\"><\/div>\n  <div class=\"image-invitado\">\n    <img decoding=\"async\" src=\"https:\/\/uninavarra.edu.co\/wp-content\/uploads\/2022\/08\/image-43.jpg\">\n  <\/div>\n  <div class=\"card-body\">\n    <h4 class=\"card-title\">CARLOS PEREZ<\/h4>\n    <p class=\"description\">Academic Coordinator at the Fundaci\u00f3n Universitaria del \u00c1rea Andina, Bogot\u00e1. <\/p>\n  <\/div>\n<\/div>\n\n<div class=\"card\">\n  <div class=\"bandera bandera-colombia\"><\/div>\n  <div class=\"image-invitado\">\n    <img decoding=\"async\" src=\"https:\/\/uninavarra.edu.co\/wp-content\/uploads\/2022\/08\/image-45.png\">\n  <\/div>\n  <div class=\"card-body\">\n    <h4 class=\"card-title\">YERIS SAUCEDO<\/h4>\n    <p class=\"description\">General physician, specialist in clinical auditing, university professor, coordinator of Radiology and Diagnostic Imaging Service of the Hospital Universitario Hernando Moncaleano Perdomo of Neiva. <\/p>\n  <\/div>\n<\/div>\n\n<\/div>\n\n\t\t<\/div>\n\t<\/div>\n\n\t\t<\/div> \n\t<\/div><\/div><\/div><\/div><\/section>\n<\/div>","protected":false},"excerpt":{"rendered":"Programa Afiche Versiones anteriores Presentaci\u00f3n El II Congreso Internacional de Investigaci\u00f3n e Innovaci\u00f3n para el desarrollo sostenible se llevar\u00e1 a cabo en modalidad presencial desde la ciudad de Neiva (Huila) [...]","protected":false},"author":13,"featured_media":0,"parent":0,"menu_order":0,"comment_status":"closed","ping_status":"closed","template":"","meta":{"footnotes":""},"categories":[],"tags":[],"class_list":["post-50069","page","type-page","status-publish","hentry"],"yoast_head":"<!-- This site is optimized with the Yoast SEO plugin v27.4 - https:\/\/yoast.com\/product\/yoast-seo-wordpress\/ -->\n<title>II Congreso Nacional e Internacional de Innovaci\u00f3n e Investigaci\u00f3n en Radiolog\u00eda e Im\u00e1genes Diagn\u00f3sticas - Uninavarra<\/title>\n<meta name=\"robots\" content=\"index, follow, max-snippet:-1, max-image-preview:large, max-video-preview:-1\" \/>\n<link rel=\"canonical\" href=\"https:\/\/uninavarra.edu.co\/en\/ii-congreso-nacional-e-internacional-de-innovacion-e-investigacion-en-radiologia-e-imagenes-diagnosticas\/\" \/>\n<meta property=\"og:locale\" content=\"en_US\" \/>\n<meta property=\"og:type\" content=\"article\" \/>\n<meta property=\"og:title\" content=\"II Congreso Nacional e Internacional de Innovaci\u00f3n e Investigaci\u00f3n en Radiolog\u00eda e Im\u00e1genes Diagn\u00f3sticas - Uninavarra\" \/>\n<meta property=\"og:url\" content=\"https:\/\/uninavarra.edu.co\/en\/ii-congreso-nacional-e-internacional-de-innovacion-e-investigacion-en-radiologia-e-imagenes-diagnosticas\/\" \/>\n<meta property=\"og:site_name\" content=\"Uninavarra\" \/>\n<meta property=\"article:publisher\" content=\"https:\/\/www.facebook.com\/UninavarraEduca\" \/>\n<meta property=\"article:modified_time\" content=\"2022-08-16T19:35:31+00:00\" \/>\n<meta name=\"twitter:card\" content=\"summary_large_image\" \/>\n<meta name=\"twitter:site\" content=\"@uninavarraeduca\" \/>\n<meta name=\"twitter:label1\" content=\"Est. reading time\" \/>\n\t<meta name=\"twitter:data1\" content=\"5 minutes\" \/>\n<script type=\"application\/ld+json\" class=\"yoast-schema-graph\">{\"@context\":\"https:\\\/\\\/schema.org\",\"@graph\":[{\"@type\":\"WebPage\",\"@id\":\"https:\\\/\\\/uninavarra.edu.co\\\/ii-congreso-nacional-e-internacional-de-innovacion-e-investigacion-en-radiologia-e-imagenes-diagnosticas\\\/\",\"url\":\"https:\\\/\\\/uninavarra.edu.co\\\/ii-congreso-nacional-e-internacional-de-innovacion-e-investigacion-en-radiologia-e-imagenes-diagnosticas\\\/\",\"name\":\"II Congreso Nacional e Internacional de Innovaci\u00f3n e Investigaci\u00f3n en Radiolog\u00eda e Im\u00e1genes Diagn\u00f3sticas - Uninavarra\",\"isPartOf\":{\"@id\":\"https:\\\/\\\/uninavarra.edu.co\\\/#website\"},\"datePublished\":\"2022-08-11T21:02:35+00:00\",\"dateModified\":\"2022-08-16T19:35:31+00:00\",\"breadcrumb\":{\"@id\":\"https:\\\/\\\/uninavarra.edu.co\\\/ii-congreso-nacional-e-internacional-de-innovacion-e-investigacion-en-radiologia-e-imagenes-diagnosticas\\\/#breadcrumb\"},\"inLanguage\":\"en-US\",\"potentialAction\":[{\"@type\":\"ReadAction\",\"target\":[\"https:\\\/\\\/uninavarra.edu.co\\\/ii-congreso-nacional-e-internacional-de-innovacion-e-investigacion-en-radiologia-e-imagenes-diagnosticas\\\/\"]}]},{\"@type\":\"BreadcrumbList\",\"@id\":\"https:\\\/\\\/uninavarra.edu.co\\\/ii-congreso-nacional-e-internacional-de-innovacion-e-investigacion-en-radiologia-e-imagenes-diagnosticas\\\/#breadcrumb\",\"itemListElement\":[{\"@type\":\"ListItem\",\"position\":1,\"name\":\"Home\",\"item\":\"https:\\\/\\\/uninavarra.edu.co\\\/\"},{\"@type\":\"ListItem\",\"position\":2,\"name\":\"II Congreso Nacional e Internacional de Innovaci\u00f3n e Investigaci\u00f3n en Radiolog\u00eda e Im\u00e1genes Diagn\u00f3sticas\"}]},{\"@type\":\"WebSite\",\"@id\":\"https:\\\/\\\/uninavarra.edu.co\\\/#website\",\"url\":\"https:\\\/\\\/uninavarra.edu.co\\\/\",\"name\":\"UNINAVARRA\",\"description\":\"Haz realidad tu deseo de aprender\",\"publisher\":{\"@id\":\"https:\\\/\\\/uninavarra.edu.co\\\/#organization\"},\"potentialAction\":[{\"@type\":\"SearchAction\",\"target\":{\"@type\":\"EntryPoint\",\"urlTemplate\":\"https:\\\/\\\/uninavarra.edu.co\\\/?s={search_term_string}\"},\"query-input\":{\"@type\":\"PropertyValueSpecification\",\"valueRequired\":true,\"valueName\":\"search_term_string\"}}],\"inLanguage\":\"en-US\"},{\"@type\":\"Organization\",\"@id\":\"https:\\\/\\\/uninavarra.edu.co\\\/#organization\",\"name\":\"Fundaci\u00f3n Universitaria Navarra - UNINAVARRA\",\"url\":\"https:\\\/\\\/uninavarra.edu.co\\\/\",\"logo\":{\"@type\":\"ImageObject\",\"inLanguage\":\"en-US\",\"@id\":\"https:\\\/\\\/uninavarra.edu.co\\\/#\\\/schema\\\/logo\\\/image\\\/\",\"url\":\"https:\\\/\\\/uninavarra.edu.co\\\/wp-content\\\/uploads\\\/2024\\\/06\\\/Escudo-uninavarra-Solo.png\",\"contentUrl\":\"https:\\\/\\\/uninavarra.edu.co\\\/wp-content\\\/uploads\\\/2024\\\/06\\\/Escudo-uninavarra-Solo.png\",\"width\":1500,\"height\":1401,\"caption\":\"Fundaci\u00f3n Universitaria Navarra - UNINAVARRA\"},\"image\":{\"@id\":\"https:\\\/\\\/uninavarra.edu.co\\\/#\\\/schema\\\/logo\\\/image\\\/\"},\"sameAs\":[\"https:\\\/\\\/www.facebook.com\\\/UninavarraEduca\",\"https:\\\/\\\/x.com\\\/uninavarraeduca\",\"https:\\\/\\\/www.instagram.com\\\/uninavarra\\\/?hl=es\",\"https:\\\/\\\/www.linkedin.com\\\/in\\\/fundacin-universitaria-navarra-uninavarra-b41225222\\\/\"]}]}<\/script>\n<!-- \/ Yoast SEO plugin. -->","yoast_head_json":{"title":"II Congreso Nacional e Internacional de Innovaci\u00f3n e Investigaci\u00f3n en Radiolog\u00eda e Im\u00e1genes Diagn\u00f3sticas - Uninavarra","robots":{"index":"index","follow":"follow","max-snippet":"max-snippet:-1","max-image-preview":"max-image-preview:large","max-video-preview":"max-video-preview:-1"},"canonical":"https:\/\/uninavarra.edu.co\/en\/ii-congreso-nacional-e-internacional-de-innovacion-e-investigacion-en-radiologia-e-imagenes-diagnosticas\/","og_locale":"en_US","og_type":"article","og_title":"II Congreso Nacional e Internacional de Innovaci\u00f3n e Investigaci\u00f3n en Radiolog\u00eda e Im\u00e1genes Diagn\u00f3sticas - Uninavarra","og_url":"https:\/\/uninavarra.edu.co\/en\/ii-congreso-nacional-e-internacional-de-innovacion-e-investigacion-en-radiologia-e-imagenes-diagnosticas\/","og_site_name":"Uninavarra","article_publisher":"https:\/\/www.facebook.com\/UninavarraEduca","article_modified_time":"2022-08-16T19:35:31+00:00","twitter_card":"summary_large_image","twitter_site":"@uninavarraeduca","twitter_misc":{"Est. reading time":"5 minutes"},"schema":{"@context":"https:\/\/schema.org","@graph":[{"@type":"WebPage","@id":"https:\/\/uninavarra.edu.co\/ii-congreso-nacional-e-internacional-de-innovacion-e-investigacion-en-radiologia-e-imagenes-diagnosticas\/","url":"https:\/\/uninavarra.edu.co\/ii-congreso-nacional-e-internacional-de-innovacion-e-investigacion-en-radiologia-e-imagenes-diagnosticas\/","name":"II Congreso Nacional e Internacional de Innovaci\u00f3n e Investigaci\u00f3n en Radiolog\u00eda e Im\u00e1genes Diagn\u00f3sticas - Uninavarra","isPartOf":{"@id":"https:\/\/uninavarra.edu.co\/#website"},"datePublished":"2022-08-11T21:02:35+00:00","dateModified":"2022-08-16T19:35:31+00:00","breadcrumb":{"@id":"https:\/\/uninavarra.edu.co\/ii-congreso-nacional-e-internacional-de-innovacion-e-investigacion-en-radiologia-e-imagenes-diagnosticas\/#breadcrumb"},"inLanguage":"en-US","potentialAction":[{"@type":"ReadAction","target":["https:\/\/uninavarra.edu.co\/ii-congreso-nacional-e-internacional-de-innovacion-e-investigacion-en-radiologia-e-imagenes-diagnosticas\/"]}]},{"@type":"BreadcrumbList","@id":"https:\/\/uninavarra.edu.co\/ii-congreso-nacional-e-internacional-de-innovacion-e-investigacion-en-radiologia-e-imagenes-diagnosticas\/#breadcrumb","itemListElement":[{"@type":"ListItem","position":1,"name":"Home","item":"https:\/\/uninavarra.edu.co\/"},{"@type":"ListItem","position":2,"name":"II Congreso Nacional e Internacional de Innovaci\u00f3n e Investigaci\u00f3n en Radiolog\u00eda e Im\u00e1genes Diagn\u00f3sticas"}]},{"@type":"WebSite","@id":"https:\/\/uninavarra.edu.co\/#website","url":"https:\/\/uninavarra.edu.co\/","name":"UNINAVARRA","description":"Make your desire to learn a reality","publisher":{"@id":"https:\/\/uninavarra.edu.co\/#organization"},"potentialAction":[{"@type":"SearchAction","target":{"@type":"EntryPoint","urlTemplate":"https:\/\/uninavarra.edu.co\/?s={search_term_string}"},"query-input":{"@type":"PropertyValueSpecification","valueRequired":true,"valueName":"search_term_string"}}],"inLanguage":"en-US"},{"@type":"Organization","@id":"https:\/\/uninavarra.edu.co\/#organization","name":"Navarre University Foundation - UNINAVARRA","url":"https:\/\/uninavarra.edu.co\/","logo":{"@type":"ImageObject","inLanguage":"en-US","@id":"https:\/\/uninavarra.edu.co\/#\/schema\/logo\/image\/","url":"https:\/\/uninavarra.edu.co\/wp-content\/uploads\/2024\/06\/Escudo-uninavarra-Solo.png","contentUrl":"https:\/\/uninavarra.edu.co\/wp-content\/uploads\/2024\/06\/Escudo-uninavarra-Solo.png","width":1500,"height":1401,"caption":"Fundaci\u00f3n Universitaria Navarra - UNINAVARRA"},"image":{"@id":"https:\/\/uninavarra.edu.co\/#\/schema\/logo\/image\/"},"sameAs":["https:\/\/www.facebook.com\/UninavarraEduca","https:\/\/x.com\/uninavarraeduca","https:\/\/www.instagram.com\/uninavarra\/?hl=es","https:\/\/www.linkedin.com\/in\/fundacin-universitaria-navarra-uninavarra-b41225222\/"]}]}},"_links":{"self":[{"href":"https:\/\/uninavarra.edu.co\/en\/wp-json\/wp\/v2\/pages\/50069","targetHints":{"allow":["GET"]}}],"collection":[{"href":"https:\/\/uninavarra.edu.co\/en\/wp-json\/wp\/v2\/pages"}],"about":[{"href":"https:\/\/uninavarra.edu.co\/en\/wp-json\/wp\/v2\/types\/page"}],"author":[{"embeddable":true,"href":"https:\/\/uninavarra.edu.co\/en\/wp-json\/wp\/v2\/users\/13"}],"replies":[{"embeddable":true,"href":"https:\/\/uninavarra.edu.co\/en\/wp-json\/wp\/v2\/comments?post=50069"}],"version-history":[{"count":0,"href":"https:\/\/uninavarra.edu.co\/en\/wp-json\/wp\/v2\/pages\/50069\/revisions"}],"wp:attachment":[{"href":"https:\/\/uninavarra.edu.co\/en\/wp-json\/wp\/v2\/media?parent=50069"}],"wp:term":[{"taxonomy":"category","embeddable":true,"href":"https:\/\/uninavarra.edu.co\/en\/wp-json\/wp\/v2\/categories?post=50069"},{"taxonomy":"post_tag","embeddable":true,"href":"https:\/\/uninavarra.edu.co\/en\/wp-json\/wp\/v2\/tags?post=50069"}],"curies":[{"name":"wp","href":"https:\/\/api.w.org\/{rel}","templated":true}]}}