{"id":4280,"date":"2017-02-06T19:59:03","date_gmt":"2017-02-07T00:59:03","guid":{"rendered":"https:\/\/uninavarra.edu.co\/?page_id=4280"},"modified":"2024-07-28T07:30:02","modified_gmt":"2024-07-28T12:30:02","slug":"derecho-constitucional-y-sidh","status":"publish","type":"page","link":"https:\/\/uninavarra.edu.co\/en\/landing\/posgrados\/derecho-constitucional-y-sidh\/","title":{"rendered":"Specialization in Constitutional Law and Inter-American Human Rights System"},"content":{"rendered":"<div class=\"wpb-content-wrapper\"><div id=\"slider\" data-vc-full-width=\"true\" data-vc-full-width-init=\"false\" data-vc-stretch-content=\"true\" class=\"wpb-container vc_row-no-padding\"><div class=\"container-full\"><div class=\"vc_row wpb_row vc_row-fluid row \"><div class=\"col-sm-12  vc_\">\n\t\t<div class=\"wpb_wrapper \">\n\t\t\t<div class=\"wpb_revslider_element wpb_content_element\">\n\t\t\t<!-- START Posgrados REVOLUTION SLIDER 6.7.21 --><p class=\"rs-p-wp-fix\"><\/p>\n\t\t\t<rs-module-wrap id=\"rev_slider_11_1_wrapper\" data-source=\"gallery\" style=\"visibility:hidden;background:#E9E9E9;padding:0;margin:0px auto;margin-top:0;margin-bottom:0;\">\n\t\t\t\t<rs-module id=\"rev_slider_11_1\" style=\"\" data-version=\"6.7.21\">\n\t\t\t\t\t<rs-slides style=\"overflow: hidden; position: absolute;\">\n\t\t\t\t\t\t<rs-slide style=\"position: absolute;\" data-key=\"rs-188\" data-title=\"Slide\" data-anim=\"ms:200;\" data-in=\"x:(100%);\">\n\t\t\t\t\t\t\t<img decoding=\"async\" src=\"\/\/uninavarra.edu.co\/wp-content\/plugins\/revslider\/sr6\/assets\/assets\/dummy.png\" alt=\"Slide\" title=\"Especializaci\u00f3n en Derecho Constitucional y Sistema Interamericano de Derechos Humanos\" class=\"rev-slidebg tp-rs-img rs-lazyload\" data-lazyload=\"\/\/uninavarra.edu.co\/wp-content\/plugins\/revslider\/sr6\/assets\/assets\/transparent.png\" data-no-retina>\n<!--\n\t\t\t\t\t\t\t--><rs-layer\n\t\t\t\t\t\t\t\tid=\"slider-11-slide-188-layer-1\" \n\t\t\t\t\t\t\t\tdata-type=\"image\"\n\t\t\t\t\t\t\t\tdata-rsp_ch=\"on\"\n\t\t\t\t\t\t\t\tdata-xy=\"x:2px;y:1px;\"\n\t\t\t\t\t\t\t\tdata-text=\"l:22;a:inherit;\"\n\t\t\t\t\t\t\t\tdata-dim=\"w:100%;h:100%;\"\n\t\t\t\t\t\t\t\tdata-frame_999=\"o:0;st:w;sR:5700;\"\n\t\t\t\t\t\t\t\tstyle=\"z-index:5;\"\n\t\t\t\t\t\t\t><img fetchpriority=\"high\" decoding=\"async\" src=\"\/\/uninavarra.edu.co\/wp-content\/plugins\/revslider\/sr6\/assets\/assets\/dummy.png\" alt=\"\" class=\"tp-rs-img rs-lazyload\" width=\"2000\" height=\"594\" data-lazyload=\"\/\/uninavarra.edu.co\/wp-content\/uploads\/2019\/02\/BANNER-ESPECIALZACION-EN-DOCENCIA-UNIVERSITARIA-.jpg\" data-c=\"cover\" data-no-retina> \n\t\t\t\t\t\t\t<\/rs-layer><!--\n-->\t\t\t\t\t<\/rs-slide>\n\t\t\t\t\t\t<rs-slide style=\"position: absolute;\" data-key=\"rs-149\" data-title=\"Slide\" data-link=\"\/\/uninavarra.edu.co\/especializacion-en-derecho-constitucional-y-sistema-interamericano-de-derechos-humanos-snies-106068\/\" data-tag=\"l\" data-target=\"_self\" data-seoz=\"front\" data-anim=\"ms:200;\" data-in=\"x:(100%);\">\n\t\t\t\t\t\t\t<img decoding=\"async\" src=\"\/\/uninavarra.edu.co\/wp-content\/plugins\/revslider\/sr6\/assets\/assets\/dummy.png\" alt=\"Slide\" title=\"Especializaci\u00f3n en Derecho Constitucional y Sistema Interamericano de Derechos Humanos\" class=\"rev-slidebg tp-rs-img rs-lazyload\" data-lazyload=\"\/\/uninavarra.edu.co\/wp-content\/plugins\/revslider\/sr6\/assets\/assets\/transparent.png\" data-no-retina>\n<!--\n\t\t\t\t\t\t\t--><rs-layer\n\t\t\t\t\t\t\t\tid=\"slider-11-slide-149-layer-7\" \n\t\t\t\t\t\t\t\tdata-type=\"image\"\n\t\t\t\t\t\t\t\tdata-rsp_ch=\"on\"\n\t\t\t\t\t\t\t\tdata-xy=\"x:-1px;\"\n\t\t\t\t\t\t\t\tdata-text=\"l:22;a:inherit;\"\n\t\t\t\t\t\t\t\tdata-dim=\"w:100%;h:100%;\"\n\t\t\t\t\t\t\t\tdata-frame_999=\"o:0;st:w;sR:5700;\"\n\t\t\t\t\t\t\t\tstyle=\"z-index:6;\"\n\t\t\t\t\t\t\t><img decoding=\"async\" src=\"\/\/uninavarra.edu.co\/wp-content\/plugins\/revslider\/sr6\/assets\/assets\/dummy.png\" alt=\"\" class=\"tp-rs-img rs-lazyload\" width=\"2000\" height=\"594\" data-lazyload=\"\/\/uninavarra.edu.co\/wp-content\/uploads\/2019\/10\/BANNER-WEB-SITE-ESP-DDHH-2020.jpg\" data-c=\"cover-proportional\" data-no-retina> \n\t\t\t\t\t\t\t<\/rs-layer><!--\n-->\t\t\t\t\t<\/rs-slide>\n\t\t\t\t\t\t<rs-slide style=\"position: absolute;\" data-key=\"rs-146\" data-title=\"Slide\" data-link=\"\/\/uninavarra.edu.co\/especializacion-en-derecho-medico-snies-107402\/\" data-tag=\"l\" data-target=\"_self\" data-seoz=\"front\" data-anim=\"ms:200;\" data-in=\"x:(100%);\">\n\t\t\t\t\t\t\t<img decoding=\"async\" src=\"\/\/uninavarra.edu.co\/wp-content\/plugins\/revslider\/sr6\/assets\/assets\/dummy.png\" alt=\"Slide\" title=\"Especializaci\u00f3n en Derecho Constitucional y Sistema Interamericano de Derechos Humanos\" class=\"rev-slidebg tp-rs-img rs-lazyload\" data-lazyload=\"\/\/uninavarra.edu.co\/wp-content\/plugins\/revslider\/sr6\/assets\/assets\/transparent.png\" data-no-retina>\n<!--\n\t\t\t\t\t\t\t--><rs-layer\n\t\t\t\t\t\t\t\tid=\"slider-11-slide-146-layer-5\" \n\t\t\t\t\t\t\t\tdata-type=\"image\"\n\t\t\t\t\t\t\t\tdata-rsp_ch=\"on\"\n\t\t\t\t\t\t\t\tdata-xy=\"x:1px;y:-3px;\"\n\t\t\t\t\t\t\t\tdata-text=\"l:22;a:inherit;\"\n\t\t\t\t\t\t\t\tdata-dim=\"w:100%;h:100%;\"\n\t\t\t\t\t\t\t\tdata-frame_999=\"o:0;st:w;sR:5700;\"\n\t\t\t\t\t\t\t\tstyle=\"z-index:6;\"\n\t\t\t\t\t\t\t><img decoding=\"async\" src=\"\/\/uninavarra.edu.co\/wp-content\/plugins\/revslider\/sr6\/assets\/assets\/dummy.png\" alt=\"\" class=\"tp-rs-img rs-lazyload\" width=\"2000\" height=\"594\" data-lazyload=\"\/\/uninavarra.edu.co\/wp-content\/uploads\/2018\/10\/BANNER-derecho-medico.jpg\" data-c=\"cover\" data-no-retina> \n\t\t\t\t\t\t\t<\/rs-layer><!--\n-->\t\t\t\t\t<\/rs-slide>\n\t\t\t\t\t<\/rs-slides>\n\t\t\t\t<\/rs-module>\n\t\t\t\t<script>\n\t\t\t\t\tsetREVStartSize({c: 'rev_slider_11_1',rl:[1240,1024,778,480],el:[540],gw:[1920],gh:[540],type:'standard',justify:'',layout:'fullwidth',mh:\"540\"});if (window.RS_MODULES!==undefined && window.RS_MODULES.modules!==undefined && window.RS_MODULES.modules[\"revslider111\"]!==undefined) {window.RS_MODULES.modules[\"revslider111\"].once = false;window.revapi11 = undefined;if (window.RS_MODULES.checkMinimal!==undefined) window.RS_MODULES.checkMinimal()}\n\t\t\t\t<\/script>\n\t\t\t<\/rs-module-wrap>\n\t\t\t<!-- END REVOLUTION SLIDER -->\n<\/div>\n\t\t<\/div> \n\t<\/div><\/div><\/div><\/div><div class=\"vc_row-full-width\"><\/div><div id=\"title_sidh\" class=\"wpb-container \"><div class=\"container\"><div class=\"vc_row wpb_row vc_row-fluid row \"><div class=\"col-sm-12  vc_\">\n\t\t<div class=\"wpb_wrapper \">\n\t\t\t\n\t<div class=\"wpb_text_column wpb_content_element\" >\n\t\t<div class=\"wpb_wrapper\">\n\t\t\t<h2 style=\"text-align: center;\">Especializaci\u00f3n en Derecho Constitucional y Sistema Interamericano de Derechos Humanos<\/h2>\n\n\t\t<\/div>\n\t<\/div>\n\n\t\t<\/div> \n\t<\/div><\/div><\/div><\/div><div class=\"wpb-container \"><div class=\"container\"><div class=\"vc_row wpb_row vc_row-fluid row \"><div class=\"col-sm-12  vc_\">\n\t\t<div class=\"wpb_wrapper \">\n\t\t\t<div class=\"vc_tta-container\" data-vc-action=\"collapse\"><div class=\"vc_general vc_tta vc_tta-tabs vc_tta-color-grey vc_tta-style-classic vc_tta-shape-rounded vc_tta-spacing-1 vc_tta-tabs-position-top vc_tta-controls-align-left\"><div class=\"vc_tta-tabs-container\"><ul class=\"vc_tta-tabs-list\"><li class=\"vc_tta-tab vc_active\" data-vc-tab><a href=\"#1572107059503-883dc1c5-d939\" data-vc-tabs data-vc-container=\".vc_tta\"><span class=\"vc_tta-title-text\">Identificacion del programa<\/span><\/a><\/li><li class=\"vc_tta-tab\" data-vc-tab><a href=\"#1572107059512-66241cae-ba5e\" data-vc-tabs data-vc-container=\".vc_tta\"><span class=\"vc_tta-title-text\">Plan de estudios<\/span><\/a><\/li><li class=\"vc_tta-tab\" data-vc-tab><a href=\"#1572107092337-8a23960e-2c30\" data-vc-tabs data-vc-container=\".vc_tta\"><span class=\"vc_tta-title-text\">Perfil de la especializaci\u00f3n<\/span><\/a><\/li><li class=\"vc_tta-tab\" data-vc-tab><a href=\"#1572107114687-bd4d1b5c-5a2c\" data-vc-tabs data-vc-container=\".vc_tta\"><span class=\"vc_tta-title-text\">Equipo Coordinador<\/span><\/a><\/li><li class=\"vc_tta-tab\" data-vc-tab><a href=\"#1572107127898-10241222-6e6e\" data-vc-tabs data-vc-container=\".vc_tta\"><span class=\"vc_tta-title-text\">Equipos docentes<\/span><\/a><\/li><li class=\"vc_tta-tab\" data-vc-tab><a href=\"#1572107136923-67bdd49d-a4c1\" data-vc-tabs data-vc-container=\".vc_tta\"><span class=\"vc_tta-title-text\">Prescripci\u00f3n<\/span><\/a><\/li><\/ul><\/div><div class=\"vc_tta-panels-container\"><div class=\"vc_tta-panels\"><div class=\"vc_tta-panel vc_active\" id=\"1572107059503-883dc1c5-d939\" data-vc-content=\".vc_tta-panel-body\"><div class=\"vc_tta-panel-heading\"><h4 class=\"vc_tta-panel-title\"><a href=\"#1572107059503-883dc1c5-d939\" data-vc-accordion data-vc-container=\".vc_tta-container\"><span class=\"vc_tta-title-text\">Identificacion del programa<\/span><\/a><\/h4><\/div><div class=\"vc_tta-panel-body\">\n\t<div class=\"wpb_text_column wpb_content_element\" >\n\t\t<div class=\"wpb_wrapper\">\n\t\t\t<h2>Identificaci\u00f3n del Programa<\/h2>\n<table>\n<tbody>\n<tr>\n<td><strong>NOMBRE DE LA INSTITUCION<\/strong><\/td>\n<td>Fundaci\u00f3n Universitaria Navarra \u2013 UNINAVARRA<\/td>\n<\/tr>\n<tr>\n<td><strong>DOMICILIO<\/strong><\/td>\n<td>Neiva, Huila. Calle 10 # 6-41. Tel\u00e9fono: 8740089- 8722049.<\/td>\n<\/tr>\n<tr>\n<td><strong>DENOMINACI\u00d3N<\/strong> <strong>DEL PROGRAMA<\/strong><\/td>\n<td>Especializaci\u00f3n en Derecho Constitucional y Sistema Interamericano de Derechos Humanos<\/td>\n<\/tr>\n<tr>\n<td><strong>SNIES<\/strong><\/td>\n<td>106068<\/td>\n<\/tr>\n<tr>\n<td><strong>RESOLUCI\u00d3N N.<\/strong><\/td>\n<td>23782 del 23 de diciembre del 2016 del MEN, vigencia 7 a\u00f1os<\/td>\n<\/tr>\n<tr>\n<td><strong>ESTADO DEL PROGRAMA<\/strong><\/td>\n<td>Nuevo<\/td>\n<\/tr>\n<tr>\n<td><strong>LUGAR DONDE FUNCIONARA<\/strong><\/td>\n<td>Neiva<\/td>\n<\/tr>\n<tr>\n<td><strong>TITULO A EXPEDIR<\/strong><\/td>\n<td>Especialista en Derecho Constitucional y Sistema Interamericano de Derechos Humanos<\/td>\n<\/tr>\n<tr>\n<td><strong>DIRIGO A<\/strong><\/td>\n<td>Abogadas y abogados cuya actividad personal, laboral o profesional se encuentra relacionada con la administraci\u00f3n p\u00fablica o el ejercicio de la funci\u00f3n p\u00fablica, la docencia, el litigio o la consultor\u00eda en \u00e1reas de lo constitucional y\/o los derechos humanos; as\u00ed como a las y los profesionales en cualquier \u00e1rea que tengan inter\u00e9s por el tema de la especializaci\u00f3n o se dediquen a la pr\u00e1ctica, estudio o defensa del derecho constitucional, derechos humanos y Sistema Interamericano de Derechos Humanos<\/td>\n<\/tr>\n<tr>\n<td><strong>DURACI\u00d3N<\/strong><\/td>\n<td>Dos (2) semestres<\/td>\n<\/tr>\n<tr>\n<td><strong>N\u00daMERO DE CR\u00c9DITOS ACAD\u00c9MICOS <\/strong><\/td>\n<td>24<\/td>\n<\/tr>\n<tr>\n<td><strong>ADSCRIPCI\u00d3N<\/strong><\/td>\n<td>Facultad de Humanidades y Ciencias Sociales<\/td>\n<\/tr>\n<tr>\n<td><strong>METODOLOG\u00cdA<\/strong><\/td>\n<td>Semestral<\/td>\n<\/tr>\n<tr>\n<td><strong>JORNADA<\/strong><\/td>\n<td>Presencial &#8211; Viernes 4pm &#8211; 10pm y Sabado 8am &#8211; 12m y 2pm &#8211; 6pm<\/td>\n<\/tr>\n<tr>\n<td><strong>E-MAIL<\/strong><\/td>\n<td>coordinadorposgrados@uninavarra.edu.co<\/td>\n<\/tr>\n<\/tbody>\n<\/table>\n\n\t\t<\/div>\n\t<\/div>\n<\/div><\/div><div class=\"vc_tta-panel\" id=\"1572107059512-66241cae-ba5e\" data-vc-content=\".vc_tta-panel-body\"><div class=\"vc_tta-panel-heading\"><h4 class=\"vc_tta-panel-title\"><a href=\"#1572107059512-66241cae-ba5e\" data-vc-accordion data-vc-container=\".vc_tta-container\"><span class=\"vc_tta-title-text\">Plan de estudios<\/span><\/a><\/h4><\/div><div class=\"vc_tta-panel-body\"><div class=\"wpb_single_image wpb_content_element vc_align_center\">\n\t\t<div class=\"wpb_wrapper\">\n\t\t\t\n\t\t\t<a href=\"https:\/\/uninavarra.edu.co\/wp-content\/uploads\/2019\/10\/plan-de-estudios.jpg\" target=\"_self\"><img loading=\"lazy\" decoding=\"async\" width=\"900\" height=\"910\" src=\"https:\/\/uninavarra.edu.co\/wp-content\/uploads\/2019\/10\/plan-de-estudios-1013x1024.jpg\" class=\" vc_box_border_grey attachment-large\" alt=\"plan de estudios esp derecho constitucional\" title=\"plan de estudios esp derecho constitucional\" srcset=\"https:\/\/uninavarra.edu.co\/wp-content\/uploads\/2019\/10\/plan-de-estudios-1013x1024.jpg 1013w, https:\/\/uninavarra.edu.co\/wp-content\/uploads\/2019\/10\/plan-de-estudios-148x150.jpg 148w, https:\/\/uninavarra.edu.co\/wp-content\/uploads\/2019\/10\/plan-de-estudios-297x300.jpg 297w, https:\/\/uninavarra.edu.co\/wp-content\/uploads\/2019\/10\/plan-de-estudios-768x776.jpg 768w, https:\/\/uninavarra.edu.co\/wp-content\/uploads\/2019\/10\/plan-de-estudios.jpg 1350w\" sizes=\"(max-width: 900px) 100vw, 900px\" \/><\/a>\n\t\t<\/div> \n\t<\/div><\/div><\/div><div class=\"vc_tta-panel\" id=\"1572107092337-8a23960e-2c30\" data-vc-content=\".vc_tta-panel-body\"><div class=\"vc_tta-panel-heading\"><h4 class=\"vc_tta-panel-title\"><a href=\"#1572107092337-8a23960e-2c30\" data-vc-accordion data-vc-container=\".vc_tta-container\"><span class=\"vc_tta-title-text\">Perfil de la especializaci\u00f3n<\/span><\/a><\/h4><\/div><div class=\"vc_tta-panel-body\"><div class=\"wpb_single_image wpb_content_element wpb_animate_when_almost_visible wpb_fadeIn fadeIn vc_align_center\">\n\t\t<div class=\"wpb_wrapper\">\n\t\t\t\n\t\t\t<a href=\"#\" target=\"_self\"><img loading=\"lazy\" decoding=\"async\" width=\"510\" height=\"497\" src=\"https:\/\/uninavarra.edu.co\/wp-content\/uploads\/2017\/02\/perfiles.png\" class=\" vc_box_border_grey attachment-large\" alt=\"\" title=\"perfiles\" srcset=\"https:\/\/uninavarra.edu.co\/wp-content\/uploads\/2017\/02\/perfiles.png 510w, https:\/\/uninavarra.edu.co\/wp-content\/uploads\/2017\/02\/perfiles-150x146.png 150w, https:\/\/uninavarra.edu.co\/wp-content\/uploads\/2017\/02\/perfiles-300x292.png 300w\" sizes=\"(max-width: 510px) 100vw, 510px\" \/><\/a>\n\t\t<\/div> \n\t<\/div><\/div><\/div><div class=\"vc_tta-panel\" id=\"1572107114687-bd4d1b5c-5a2c\" data-vc-content=\".vc_tta-panel-body\"><div class=\"vc_tta-panel-heading\"><h4 class=\"vc_tta-panel-title\"><a href=\"#1572107114687-bd4d1b5c-5a2c\" data-vc-accordion data-vc-container=\".vc_tta-container\"><span class=\"vc_tta-title-text\">Equipo Coordinador<\/span><\/a><\/h4><\/div><div class=\"vc_tta-panel-body\">\n\t<div class=\"wpb_text_column wpb_content_element\" >\n\t\t<div class=\"wpb_wrapper\">\n\t\t\t<table>\n<tbody>\n<tr>\n<td style=\"background-color: #b00000;\" width=\"125\"><span style=\"color: #ffffff;\">\u00a0\u00a0\u00a0\u00a0\u00a0\u00a0\u00a0\u00a0\u00a0\u00a0\u00a0\u00a0\u00a0 Cargo<\/span><\/td>\n<td style=\"background-color: #b00000;\" width=\"99\"><span style=\"color: #ffffff;\">Nombre<\/span><\/td>\n<td style=\"background-color: #b00000;\" width=\"111\"><span style=\"color: #ffffff;\">CVL<\/span><\/td>\n<td style=\"background-color: #b00000;\" width=\"254\"><span style=\"color: #ffffff;\">Contacto<\/span><\/td>\n<\/tr>\n<tr>\n<td width=\"125\">Vicerrectora de Posgrados y Extensi\u00f3n<\/td>\n<td width=\"99\">Martha Cecilia Abella<\/td>\n<td width=\"111\">Colciencias<\/td>\n<td width=\"254\"><a href=\"mailto:viceposgrados@uninavarra.edu.co\">viceposgrados@uninavarra.edu.co<\/a><\/td>\n<\/tr>\n<tr>\n<td width=\"125\">Coordinador de Especializaci\u00f3n<\/td>\n<td width=\"99\">David Rodr\u00edguez Guzm\u00e1n<\/td>\n<td width=\"111\"><\/td>\n<td width=\"254\">coordinadorposgrados@uninavarra.edu.co<\/td>\n<\/tr>\n<\/tbody>\n<\/table>\n\n\t\t<\/div>\n\t<\/div>\n<\/div><\/div><div class=\"vc_tta-panel\" id=\"1572107127898-10241222-6e6e\" data-vc-content=\".vc_tta-panel-body\"><div class=\"vc_tta-panel-heading\"><h4 class=\"vc_tta-panel-title\"><a href=\"#1572107127898-10241222-6e6e\" data-vc-accordion data-vc-container=\".vc_tta-container\"><span class=\"vc_tta-title-text\">Equipos docentes<\/span><\/a><\/h4><\/div><div class=\"vc_tta-panel-body\">\n\t<div class=\"wpb_text_column wpb_content_element\" >\n\t\t<div class=\"wpb_wrapper\">\n\t\t\t<p><object data=\"https:\/\/uninavarra.edu.co\/wp-content\/uploads\/2021\/10\/perfiles-docentes-especializacion-derecho-constitucional-y-sidh.pdf\" type=\"application\/pdf\" width=\"100%\" height=\"800\"><\/object><\/p>\n\n\t\t<\/div>\n\t<\/div>\n<\/div><\/div><div class=\"vc_tta-panel\" id=\"1572107136923-67bdd49d-a4c1\" data-vc-content=\".vc_tta-panel-body\"><div class=\"vc_tta-panel-heading\"><h4 class=\"vc_tta-panel-title\"><a href=\"#1572107136923-67bdd49d-a4c1\" data-vc-accordion data-vc-container=\".vc_tta-container\"><span class=\"vc_tta-title-text\">Prescripci\u00f3n<\/span><\/a><\/h4><\/div><div class=\"vc_tta-panel-body\">\n\t<div class=\"wpb_text_column wpb_content_element\" >\n\t\t<div class=\"wpb_wrapper\">\n\t\t\t<p>Bienvenido(a)<\/p>\n<p>Por favor diligencia todos los datos en letra MAY\u00daSCULA, si consideras que\u00a0alg\u00fan dato no te\u00a0aplica, por favor digita\u00a0N.A. No olvides adjuntar a tu Formulario de Inscripci\u00f3n los siguientes documentos,\u00a0por favor tener en cuenta que si eres aspirante a\u00a0<strong><u>ESPECIALIZACI\u00d3N<\/u><\/strong>, sin importar la jornada que selecciones, tu horario ser\u00e1 los\u00a0<strong>fines de semana<\/strong>:<\/p>\n<table style=\"height: 324px;\" border=\"1\" width=\"398\" cellspacing=\"0\" cellpadding=\"0\">\n<tbody>\n<tr>\n<td style=\"width: 396px;\"><strong>ASPIRANTE A ESPECIALIZACI\u00d3N:<\/strong><\/td>\n<\/tr>\n<tr>\n<td style=\"width: 396px;\">\n<ol>\n<li style=\"text-align: left;\">Recibo que acredite el pago de los derechos de inscripci\u00f3n.<\/li>\n<li>Fotocopia del documento de identidad.<\/li>\n<li>2 Foto 3\u00d74 fondo blanco<\/li>\n<li>Certificado de afiliaci\u00f3n al sistema de\u00a0Seguridad Social en Salud<\/li>\n<li>Fotocopia del diploma o del acta de grado de pregrado o profesional en cualquier \u00e1rea del conocimiento<\/li>\n<li>Formulario de inscripci\u00f3n debidamente diligenciado<\/li>\n<\/ol>\n<\/td>\n<\/tr>\n<\/tbody>\n<\/table>\n<p style=\"text-align: left;\">Te contactaremos muy pronto: Para mayor informaci\u00f3n, consulta el link <a href=\"http:\/\/www.uninavarra.edu.co\/admisiones\/\" target=\"_blank\" rel=\"noopener noreferrer\">http:\/\/www.uninavarra.edu.co\/admisiones<\/a><\/p>\n\n\t\t<\/div>\n\t<\/div>\n<div class=\"vc_btn3-container vc_btn3-center vc_do_btn\" ><a class=\"vc_general vc_btn3 vc_btn3-size-md vc_btn3-shape-rounded vc_btn3-style-modern vc_btn3-icon-left vc_btn3-color-juicy-pink\" href=\"https:\/\/uninavarra.edu.co\/admisiones\/acceso-a-inscripciones\/\" title=\"\"><i class=\"vc_btn3-icon far fa-address-card\"><\/i> Formulario de Pre-Inscripci\u00f3n<\/a><\/div><\/div><\/div><\/div><\/div><\/div><\/div>\n\t\t<\/div> \n\t<\/div><\/div><\/div><\/div><div class=\"wpb-container \"><div class=\"container\"><div class=\"vc_row wpb_row vc_row-fluid row \"><div class=\"col-sm-12  vc_\">\n\t\t<div class=\"wpb_wrapper \">\n\t\t\t\n\t\t<\/div> \n\t<\/div><\/div><\/div><\/div>\n<\/div>","protected":false},"excerpt":{"rendered":"Especializaci\u00f3n en Derecho Constitucional y Sistema Interamericano de Derechos Humanos Identificacion del programaPlan de estudiosPerfil de la especializaci\u00f3nEquipo CoordinadorEquipos docentesPrescripci\u00f3nIdentificacion del programa Identificaci\u00f3n del Programa NOMBRE DE LA INSTITUCION Fundaci\u00f3n [...]","protected":false},"author":3,"featured_media":20338,"parent":12921,"menu_order":0,"comment_status":"closed","ping_status":"closed","template":"","meta":{"footnotes":""},"categories":[1],"tags":[],"class_list":["post-4280","page","type-page","status-publish","has-post-thumbnail","hentry","category-uncategorized"],"yoast_head":"<!-- This site is optimized with the Yoast SEO plugin v27.4 - https:\/\/yoast.com\/product\/yoast-seo-wordpress\/ -->\n<title>Especializaci\u00f3n en Derecho Constitucional y Sistema Interamericano de Derechos Humanos - Uninavarra<\/title>\n<meta name=\"robots\" content=\"index, follow, max-snippet:-1, max-image-preview:large, max-video-preview:-1\" \/>\n<link rel=\"canonical\" href=\"https:\/\/uninavarra.edu.co\/en\/landing\/posgrados\/derecho-constitucional-y-sidh\/\" \/>\n<meta property=\"og:locale\" content=\"en_US\" \/>\n<meta property=\"og:type\" content=\"article\" \/>\n<meta property=\"og:title\" content=\"Especializaci\u00f3n en Derecho Constitucional y Sistema Interamericano de Derechos Humanos - Uninavarra\" \/>\n<meta property=\"og:url\" content=\"https:\/\/uninavarra.edu.co\/en\/landing\/posgrados\/derecho-constitucional-y-sidh\/\" \/>\n<meta property=\"og:site_name\" content=\"Uninavarra\" \/>\n<meta property=\"article:publisher\" content=\"https:\/\/www.facebook.com\/UninavarraEduca\" \/>\n<meta property=\"article:modified_time\" content=\"2024-07-28T12:30:02+00:00\" \/>\n<meta property=\"og:image\" content=\"https:\/\/uninavarra.edu.co\/wp-content\/uploads\/2019\/10\/BANNER-WEB-SITE-ESP-DDHH-2020.jpg\" \/>\n\t<meta property=\"og:image:width\" content=\"2000\" \/>\n\t<meta property=\"og:image:height\" content=\"594\" \/>\n\t<meta property=\"og:image:type\" content=\"image\/jpeg\" \/>\n<meta name=\"twitter:card\" content=\"summary_large_image\" \/>\n<meta name=\"twitter:site\" content=\"@uninavarraeduca\" \/>\n<meta name=\"twitter:label1\" content=\"Est. reading time\" \/>\n\t<meta name=\"twitter:data1\" content=\"3 minutes\" \/>\n<script type=\"application\/ld+json\" class=\"yoast-schema-graph\">{\"@context\":\"https:\\\/\\\/schema.org\",\"@graph\":[{\"@type\":\"WebPage\",\"@id\":\"https:\\\/\\\/uninavarra.edu.co\\\/landing\\\/posgrados\\\/derecho-constitucional-y-sidh\\\/\",\"url\":\"https:\\\/\\\/uninavarra.edu.co\\\/landing\\\/posgrados\\\/derecho-constitucional-y-sidh\\\/\",\"name\":\"Especializaci\u00f3n en Derecho Constitucional y Sistema Interamericano de Derechos Humanos - Uninavarra\",\"isPartOf\":{\"@id\":\"https:\\\/\\\/uninavarra.edu.co\\\/#website\"},\"primaryImageOfPage\":{\"@id\":\"https:\\\/\\\/uninavarra.edu.co\\\/landing\\\/posgrados\\\/derecho-constitucional-y-sidh\\\/#primaryimage\"},\"image\":{\"@id\":\"https:\\\/\\\/uninavarra.edu.co\\\/landing\\\/posgrados\\\/derecho-constitucional-y-sidh\\\/#primaryimage\"},\"thumbnailUrl\":\"https:\\\/\\\/uninavarra.edu.co\\\/wp-content\\\/uploads\\\/2019\\\/10\\\/BANNER-WEB-SITE-ESP-DDHH-2020.jpg\",\"datePublished\":\"2017-02-07T00:59:03+00:00\",\"dateModified\":\"2024-07-28T12:30:02+00:00\",\"breadcrumb\":{\"@id\":\"https:\\\/\\\/uninavarra.edu.co\\\/landing\\\/posgrados\\\/derecho-constitucional-y-sidh\\\/#breadcrumb\"},\"inLanguage\":\"en-US\",\"potentialAction\":[{\"@type\":\"ReadAction\",\"target\":[\"https:\\\/\\\/uninavarra.edu.co\\\/landing\\\/posgrados\\\/derecho-constitucional-y-sidh\\\/\"]}]},{\"@type\":\"ImageObject\",\"inLanguage\":\"en-US\",\"@id\":\"https:\\\/\\\/uninavarra.edu.co\\\/landing\\\/posgrados\\\/derecho-constitucional-y-sidh\\\/#primaryimage\",\"url\":\"https:\\\/\\\/uninavarra.edu.co\\\/wp-content\\\/uploads\\\/2019\\\/10\\\/BANNER-WEB-SITE-ESP-DDHH-2020.jpg\",\"contentUrl\":\"https:\\\/\\\/uninavarra.edu.co\\\/wp-content\\\/uploads\\\/2019\\\/10\\\/BANNER-WEB-SITE-ESP-DDHH-2020.jpg\",\"width\":2000,\"height\":594},{\"@type\":\"BreadcrumbList\",\"@id\":\"https:\\\/\\\/uninavarra.edu.co\\\/landing\\\/posgrados\\\/derecho-constitucional-y-sidh\\\/#breadcrumb\",\"itemListElement\":[{\"@type\":\"ListItem\",\"position\":1,\"name\":\"Home\",\"item\":\"https:\\\/\\\/uninavarra.edu.co\\\/\"},{\"@type\":\"ListItem\",\"position\":2,\"name\":\"Oferta acad\u00e9mica &#8211; Programas UNINAVARRA\",\"item\":\"https:\\\/\\\/uninavarra.edu.co\\\/landing\\\/\"},{\"@type\":\"ListItem\",\"position\":3,\"name\":\"Privado: Posgrados\",\"item\":\"https:\\\/\\\/uninavarra.edu.co\\\/?page_id=12921\"},{\"@type\":\"ListItem\",\"position\":4,\"name\":\"Especializaci\u00f3n en Derecho Constitucional y Sistema Interamericano de Derechos Humanos\"}]},{\"@type\":\"WebSite\",\"@id\":\"https:\\\/\\\/uninavarra.edu.co\\\/#website\",\"url\":\"https:\\\/\\\/uninavarra.edu.co\\\/\",\"name\":\"UNINAVARRA\",\"description\":\"Haz realidad tu deseo de aprender\",\"publisher\":{\"@id\":\"https:\\\/\\\/uninavarra.edu.co\\\/#organization\"},\"potentialAction\":[{\"@type\":\"SearchAction\",\"target\":{\"@type\":\"EntryPoint\",\"urlTemplate\":\"https:\\\/\\\/uninavarra.edu.co\\\/?s={search_term_string}\"},\"query-input\":{\"@type\":\"PropertyValueSpecification\",\"valueRequired\":true,\"valueName\":\"search_term_string\"}}],\"inLanguage\":\"en-US\"},{\"@type\":\"Organization\",\"@id\":\"https:\\\/\\\/uninavarra.edu.co\\\/#organization\",\"name\":\"Fundaci\u00f3n Universitaria Navarra - UNINAVARRA\",\"url\":\"https:\\\/\\\/uninavarra.edu.co\\\/\",\"logo\":{\"@type\":\"ImageObject\",\"inLanguage\":\"en-US\",\"@id\":\"https:\\\/\\\/uninavarra.edu.co\\\/#\\\/schema\\\/logo\\\/image\\\/\",\"url\":\"https:\\\/\\\/uninavarra.edu.co\\\/wp-content\\\/uploads\\\/2024\\\/06\\\/Escudo-uninavarra-Solo.png\",\"contentUrl\":\"https:\\\/\\\/uninavarra.edu.co\\\/wp-content\\\/uploads\\\/2024\\\/06\\\/Escudo-uninavarra-Solo.png\",\"width\":1500,\"height\":1401,\"caption\":\"Fundaci\u00f3n Universitaria Navarra - UNINAVARRA\"},\"image\":{\"@id\":\"https:\\\/\\\/uninavarra.edu.co\\\/#\\\/schema\\\/logo\\\/image\\\/\"},\"sameAs\":[\"https:\\\/\\\/www.facebook.com\\\/UninavarraEduca\",\"https:\\\/\\\/x.com\\\/uninavarraeduca\",\"https:\\\/\\\/www.instagram.com\\\/uninavarra\\\/?hl=es\",\"https:\\\/\\\/www.linkedin.com\\\/in\\\/fundacin-universitaria-navarra-uninavarra-b41225222\\\/\"]}]}<\/script>\n<!-- \/ Yoast SEO plugin. -->","yoast_head_json":{"title":"Especializaci\u00f3n en Derecho Constitucional y Sistema Interamericano de Derechos Humanos - Uninavarra","robots":{"index":"index","follow":"follow","max-snippet":"max-snippet:-1","max-image-preview":"max-image-preview:large","max-video-preview":"max-video-preview:-1"},"canonical":"https:\/\/uninavarra.edu.co\/en\/landing\/posgrados\/derecho-constitucional-y-sidh\/","og_locale":"en_US","og_type":"article","og_title":"Especializaci\u00f3n en Derecho Constitucional y Sistema Interamericano de Derechos Humanos - Uninavarra","og_url":"https:\/\/uninavarra.edu.co\/en\/landing\/posgrados\/derecho-constitucional-y-sidh\/","og_site_name":"Uninavarra","article_publisher":"https:\/\/www.facebook.com\/UninavarraEduca","article_modified_time":"2024-07-28T12:30:02+00:00","og_image":[{"width":2000,"height":594,"url":"https:\/\/uninavarra.edu.co\/wp-content\/uploads\/2019\/10\/BANNER-WEB-SITE-ESP-DDHH-2020.jpg","type":"image\/jpeg"}],"twitter_card":"summary_large_image","twitter_site":"@uninavarraeduca","twitter_misc":{"Est. reading time":"3 minutes"},"schema":{"@context":"https:\/\/schema.org","@graph":[{"@type":"WebPage","@id":"https:\/\/uninavarra.edu.co\/landing\/posgrados\/derecho-constitucional-y-sidh\/","url":"https:\/\/uninavarra.edu.co\/landing\/posgrados\/derecho-constitucional-y-sidh\/","name":"Especializaci\u00f3n en Derecho Constitucional y Sistema Interamericano de Derechos Humanos - Uninavarra","isPartOf":{"@id":"https:\/\/uninavarra.edu.co\/#website"},"primaryImageOfPage":{"@id":"https:\/\/uninavarra.edu.co\/landing\/posgrados\/derecho-constitucional-y-sidh\/#primaryimage"},"image":{"@id":"https:\/\/uninavarra.edu.co\/landing\/posgrados\/derecho-constitucional-y-sidh\/#primaryimage"},"thumbnailUrl":"https:\/\/uninavarra.edu.co\/wp-content\/uploads\/2019\/10\/BANNER-WEB-SITE-ESP-DDHH-2020.jpg","datePublished":"2017-02-07T00:59:03+00:00","dateModified":"2024-07-28T12:30:02+00:00","breadcrumb":{"@id":"https:\/\/uninavarra.edu.co\/landing\/posgrados\/derecho-constitucional-y-sidh\/#breadcrumb"},"inLanguage":"en-US","potentialAction":[{"@type":"ReadAction","target":["https:\/\/uninavarra.edu.co\/landing\/posgrados\/derecho-constitucional-y-sidh\/"]}]},{"@type":"ImageObject","inLanguage":"en-US","@id":"https:\/\/uninavarra.edu.co\/landing\/posgrados\/derecho-constitucional-y-sidh\/#primaryimage","url":"https:\/\/uninavarra.edu.co\/wp-content\/uploads\/2019\/10\/BANNER-WEB-SITE-ESP-DDHH-2020.jpg","contentUrl":"https:\/\/uninavarra.edu.co\/wp-content\/uploads\/2019\/10\/BANNER-WEB-SITE-ESP-DDHH-2020.jpg","width":2000,"height":594},{"@type":"BreadcrumbList","@id":"https:\/\/uninavarra.edu.co\/landing\/posgrados\/derecho-constitucional-y-sidh\/#breadcrumb","itemListElement":[{"@type":"ListItem","position":1,"name":"Home","item":"https:\/\/uninavarra.edu.co\/"},{"@type":"ListItem","position":2,"name":"Oferta acad\u00e9mica &#8211; Programas UNINAVARRA","item":"https:\/\/uninavarra.edu.co\/landing\/"},{"@type":"ListItem","position":3,"name":"Privado: Posgrados","item":"https:\/\/uninavarra.edu.co\/?page_id=12921"},{"@type":"ListItem","position":4,"name":"Especializaci\u00f3n en Derecho Constitucional y Sistema Interamericano de Derechos Humanos"}]},{"@type":"WebSite","@id":"https:\/\/uninavarra.edu.co\/#website","url":"https:\/\/uninavarra.edu.co\/","name":"UNINAVARRA","description":"Make your desire to learn a reality","publisher":{"@id":"https:\/\/uninavarra.edu.co\/#organization"},"potentialAction":[{"@type":"SearchAction","target":{"@type":"EntryPoint","urlTemplate":"https:\/\/uninavarra.edu.co\/?s={search_term_string}"},"query-input":{"@type":"PropertyValueSpecification","valueRequired":true,"valueName":"search_term_string"}}],"inLanguage":"en-US"},{"@type":"Organization","@id":"https:\/\/uninavarra.edu.co\/#organization","name":"Navarre University Foundation - UNINAVARRA","url":"https:\/\/uninavarra.edu.co\/","logo":{"@type":"ImageObject","inLanguage":"en-US","@id":"https:\/\/uninavarra.edu.co\/#\/schema\/logo\/image\/","url":"https:\/\/uninavarra.edu.co\/wp-content\/uploads\/2024\/06\/Escudo-uninavarra-Solo.png","contentUrl":"https:\/\/uninavarra.edu.co\/wp-content\/uploads\/2024\/06\/Escudo-uninavarra-Solo.png","width":1500,"height":1401,"caption":"Fundaci\u00f3n Universitaria Navarra - UNINAVARRA"},"image":{"@id":"https:\/\/uninavarra.edu.co\/#\/schema\/logo\/image\/"},"sameAs":["https:\/\/www.facebook.com\/UninavarraEduca","https:\/\/x.com\/uninavarraeduca","https:\/\/www.instagram.com\/uninavarra\/?hl=es","https:\/\/www.linkedin.com\/in\/fundacin-universitaria-navarra-uninavarra-b41225222\/"]}]}},"_links":{"self":[{"href":"https:\/\/uninavarra.edu.co\/en\/wp-json\/wp\/v2\/pages\/4280","targetHints":{"allow":["GET"]}}],"collection":[{"href":"https:\/\/uninavarra.edu.co\/en\/wp-json\/wp\/v2\/pages"}],"about":[{"href":"https:\/\/uninavarra.edu.co\/en\/wp-json\/wp\/v2\/types\/page"}],"author":[{"embeddable":true,"href":"https:\/\/uninavarra.edu.co\/en\/wp-json\/wp\/v2\/users\/3"}],"replies":[{"embeddable":true,"href":"https:\/\/uninavarra.edu.co\/en\/wp-json\/wp\/v2\/comments?post=4280"}],"version-history":[{"count":0,"href":"https:\/\/uninavarra.edu.co\/en\/wp-json\/wp\/v2\/pages\/4280\/revisions"}],"up":[{"embeddable":true,"href":"https:\/\/uninavarra.edu.co\/en\/wp-json\/wp\/v2\/pages\/12921"}],"wp:featuredmedia":[{"embeddable":true,"href":"https:\/\/uninavarra.edu.co\/en\/wp-json\/wp\/v2\/media\/20338"}],"wp:attachment":[{"href":"https:\/\/uninavarra.edu.co\/en\/wp-json\/wp\/v2\/media?parent=4280"}],"wp:term":[{"taxonomy":"category","embeddable":true,"href":"https:\/\/uninavarra.edu.co\/en\/wp-json\/wp\/v2\/categories?post=4280"},{"taxonomy":"post_tag","embeddable":true,"href":"https:\/\/uninavarra.edu.co\/en\/wp-json\/wp\/v2\/tags?post=4280"}],"curies":[{"name":"wp","href":"https:\/\/api.w.org\/{rel}","templated":true}]}}