{"id":38060,"date":"2021-05-04T08:21:45","date_gmt":"2021-05-04T13:21:45","guid":{"rendered":"https:\/\/uninavarra.edu.co\/?page_id=38060"},"modified":"2026-04-16T14:04:07","modified_gmt":"2026-04-16T19:04:07","slug":"atencion-usuario","status":"publish","type":"page","link":"https:\/\/uninavarra.edu.co\/en\/atencion-usuario\/","title":{"rendered":"Customer Service"},"content":{"rendered":"<div class=\"wpb-content-wrapper\"><div class=\"wpb-container \"><div class=\"container\"><div class=\"vc_row wpb_row vc_row-fluid row \"><div class=\"col-sm-12  vc_\">\n\t\t<div class=\"wpb_wrapper \">\n\t\t\t\n\t\t\t<!-- START Pqrs REVOLUTION SLIDER 6.7.21 --><p class=\"rs-p-wp-fix\"><\/p>\n\t\t\t<rs-module-wrap id=\"rev_slider_8_1_wrapper\" data-source=\"gallery\" style=\"visibility:hidden;background:#E9E9E9;padding:0;margin:0px auto;margin-top:0;margin-bottom:0;\">\n\t\t\t\t<rs-module id=\"rev_slider_8_1\" style=\"\" data-version=\"6.7.21\">\n\t\t\t\t\t<rs-slides style=\"overflow: hidden; position: absolute;\">\n\t\t\t\t\t\t<rs-slide style=\"position: absolute;\" data-key=\"rs-359\" data-title=\"atencion al usuario\" data-in=\"o:0;\" data-out=\"a:false;\">\n\t\t\t\t\t\t\t<img fetchpriority=\"high\" decoding=\"async\" src=\"\/\/uninavarra.edu.co\/wp-content\/plugins\/revslider\/sr6\/assets\/assets\/dummy.png\" alt=\"47\" title=\"47\" width=\"2560\" height=\"761\" class=\"rev-slidebg tp-rs-img rs-lazyload\" data-lazyload=\"\/\/uninavarra.edu.co\/wp-content\/uploads\/2022\/12\/47.jpg\" data-no-retina>\n<!---->\t\t\t\t\t<\/rs-slide>\n\t\t\t\t\t<\/rs-slides>\n\t\t\t\t<\/rs-module>\n\t\t\t\t<script>\n\t\t\t\t\tsetREVStartSize({c: 'rev_slider_8_1',rl:[1240,1024,778,480],el:[540],gw:[1920],gh:[540],type:'standard',justify:'',layout:'fullwidth',mh:\"540\"});if (window.RS_MODULES!==undefined && window.RS_MODULES.modules!==undefined && window.RS_MODULES.modules[\"revslider81\"]!==undefined) {window.RS_MODULES.modules[\"revslider81\"].once = false;window.revapi8 = undefined;if (window.RS_MODULES.checkMinimal!==undefined) window.RS_MODULES.checkMinimal()}\n\t\t\t\t<\/script>\n\t\t\t<\/rs-module-wrap>\n\t\t\t<!-- END REVOLUTION SLIDER -->\n\n\t\t<\/div> \n\t<\/div><div class=\"col-sm-12  vc_\">\n\t\t<div class=\"wpb_wrapper \">\n\t\t\t\n\t\t<\/div> \n\t<\/div><\/div><\/div><\/div><div class=\"wpb-container \"><div class=\"container\"><div class=\"vc_row wpb_row vc_row-fluid row \"><div class=\"col-sm-12  vc_\">\n\t\t<div class=\"wpb_wrapper \">\n\t\t\t\n\t<div class=\"wpb_raw_code wpb_raw_html wpb_content_element\" >\n\t\t<div class=\"wpb_wrapper\">\n\t\t\t<link rel=\"preconnect\" href=\"https:\/\/fonts.gstatic.com\">\n<link href=\"https:\/\/fonts.googleapis.com\/css2?family=Raleway:ital,wght@0,400;0,700;1,400&display=swap\" rel=\"stylesheet\">\n<link href=\"https:\/\/fonts.googleapis.com\/css2?family=Lato:wght@400;700&display=swap\" rel=\"stylesheet\">\n<link href=\"https:\/\/fonts.googleapis.com\/icon?family=Material+Icons\" rel=\"stylesheet\">\n\n<style>\n\/* Arregla el tama\u00f1o de la letra del slider cina ya que esta en 'rem' *\/ html {font-size: 100%} .navbar-mega .navbar-nav > li .dropdown-menu li a {font-size: 14px !important;}\n\n\/* CAMBIO COLOR DE LA LETRA Y ESTILO *\/\n#wpo-mainbody, #wpo-mainbody h2, #wpo-mainbody h3, #wpo-mainbody h4, #wpo-mainbody p, #wpo-mainbody a, #wpo-mainbody strong, #wpo-mainbody em, #wpo-mainbody th, #wpo-mainbody tr, #wpo-mainbody td, #wpo-mainbody ol, #wpo-mainbody ul, #wpo-mainbody li, #wpo-mainbody :after {\n    font-family: 'Raleway', sans-serif\n}\n\n\n\n\n\n#wpo-mainbody p {\n    font-size: 18px;\n    line-height: 30px;\n}\n\n#wpo-mainbody li {\n    font-size: 18px;\n    line-height: 30px;\n}\n\n.vc_toggle_title{\n  font-family: 'Raleway', sans-serif;\n}\n.vc_toggle_content{\n font-family: 'Raleway', sans-serif !important;\n}\n\n\n\n\n\n\/*NEEEEWWWWWWWWWWWWWWWWW*\/\n\n\n<\/style>\n\t\t<\/div>\n\t<\/div>\n<div class=\"vc_tta-container\" data-vc-action=\"collapse\"><div class=\"vc_general vc_tta vc_tta-tabs vc_tta-color-navarra vc_tta-style-classic vc_tta-shape-rounded vc_tta-spacing-1 vc_tta-o-no-fill vc_tta-tabs-position-left vc_tta-controls-align-left \"><div class=\"vc_tta-tabs-container\"><ul class=\"vc_tta-tabs-list\"><li class=\"vc_tta-tab vc_active\" data-vc-tab><a href=\"#1742414738013-374c4bc7-ed11\" data-vc-tabs data-vc-container=\".vc_tta\"><span class=\"vc_tta-title-text\">Inicio<\/span><\/a><\/li><li class=\"vc_tta-tab\" data-vc-tab><a href=\"#pqrsf\" data-vc-tabs data-vc-container=\".vc_tta\"><span class=\"vc_tta-title-text\">PQRSF<\/span><\/a><\/li><li class=\"vc_tta-tab\" data-vc-tab><a href=\"#notificaciones-judiciales\" data-vc-tabs data-vc-container=\".vc_tta\"><span class=\"vc_tta-title-text\">Notificaciones Judiciales<\/span><\/a><\/li><li class=\"vc_tta-tab\" data-vc-tab><a href=\"#preguntas-frecuentes\" data-vc-tabs data-vc-container=\".vc_tta\"><span class=\"vc_tta-title-text\">Preguntas Frecuentes<\/span><\/a><\/li><li class=\"vc_tta-tab\" data-vc-tab><a href=\"#1671549226219-9ad80a93-d200\" data-vc-tabs data-vc-container=\".vc_tta\"><span class=\"vc_tta-title-text\">Agende su Cita<\/span><\/a><\/li><li class=\"vc_tta-tab\" data-vc-tab><a href=\"#1671832849282-2712093d-6126\" data-vc-tabs data-vc-container=\".vc_tta\"><span class=\"vc_tta-title-text\">Denuncias por Actos de Corrupci\u00f3n<\/span><\/a><\/li><li class=\"vc_tta-tab\" data-vc-tab><a href=\"#ventanilla\" data-vc-tabs data-vc-container=\".vc_tta\"><span class=\"vc_tta-title-text\">Ventanilla \u00danica<\/span><\/a><\/li><li class=\"vc_tta-tab\" data-vc-tab><a href=\"#1742325345123-44cde397-484f\" data-vc-tabs data-vc-container=\".vc_tta\"><span class=\"vc_tta-title-text\">Tutoriales Ventanilla \u00danica<\/span><\/a><\/li><\/ul><\/div><div class=\"vc_tta-panels-container\"><div class=\"vc_tta-panels\"><div class=\"vc_tta-panel vc_active\" id=\"1742414738013-374c4bc7-ed11\" data-vc-content=\".vc_tta-panel-body\"><div class=\"vc_tta-panel-heading\"><h4 class=\"vc_tta-panel-title\"><a href=\"#1742414738013-374c4bc7-ed11\" data-vc-accordion data-vc-container=\".vc_tta-container\"><span class=\"vc_tta-title-text\">Inicio<\/span><\/a><\/h4><\/div><div class=\"vc_tta-panel-body\"><div class=\"vc_row wpb_row vc_inner vc_row-fluid\"><div class=\"vc_ col-sm-12\"><div class=\"vc_column-inner\"><div class=\"wpb_wrapper\"><div class=\"vc_empty_space\"   style=\"height: 25px\"><span class=\"vc_empty_space_inner\"><\/span><\/div><\/div><\/div><\/div><\/div><div class=\"vc_row wpb_row vc_inner vc_row-fluid\"><div class=\"vc_ col-sm-4\"><div class=\"vc_column-inner\"><div class=\"wpb_wrapper\"><div class=\"wpb_single_image wpb_content_element wpb_animate_when_almost_visible wpb_appear appear vc_align_center\">\n\t\t<div class=\"wpb_wrapper\">\n\t\t\t\n\t\t\t<a href=\"#notificaciones-judiciales\" target=\"_self\"><img decoding=\"async\" width=\"1181\" height=\"1181\" src=\"https:\/\/uninavarra.edu.co\/wp-content\/uploads\/2021\/05\/btn-atencion-2.png\" class=\" vc_box_border_grey attachment-full\" alt=\"\" title=\"btn-atencion (2)\" srcset=\"https:\/\/uninavarra.edu.co\/wp-content\/uploads\/2021\/05\/btn-atencion-2.png 1181w, https:\/\/uninavarra.edu.co\/wp-content\/uploads\/2021\/05\/btn-atencion-2-150x150.png 150w, https:\/\/uninavarra.edu.co\/wp-content\/uploads\/2021\/05\/btn-atencion-2-300x300.png 300w, https:\/\/uninavarra.edu.co\/wp-content\/uploads\/2021\/05\/btn-atencion-2-768x768.png 768w, https:\/\/uninavarra.edu.co\/wp-content\/uploads\/2021\/05\/btn-atencion-2-1024x1024.png 1024w\" sizes=\"(max-width: 1181px) 100vw, 1181px\" \/><\/a>\n\t\t<\/div> \n\t<\/div><\/div><\/div><\/div><div class=\"vc_ col-sm-4\"><div class=\"vc_column-inner\"><div class=\"wpb_wrapper\"><div class=\"wpb_single_image wpb_content_element wpb_animate_when_almost_visible wpb_appear appear vc_align_center\">\n\t\t<div class=\"wpb_wrapper\">\n\t\t\t\n\t\t\t<a href=\"https:\/\/uninavarra.hylandcloud.com\/221appnet\/\/UnityForm.aspx?d1=ATsVPwkb5AxiPmdcE%2fh0q4sdok7Zbxu6aUTYrbZPB9MsDlr7on31O4s9avEAYI%2b3pJ7rBVUEDK8iHpaTzv%2foBdKxOh9ucNkfCvkn5R1kG6f1Na8OArjBWsT%2bEommUWdgFglfgZW2oE21QzqcKZ4a9kwFxxOWDBlrN0TNPjYWJSPbna7%2fCgGPabEkauHQzkT7tQ%3d%3d\" target=\"_blank\"><img decoding=\"async\" width=\"1181\" height=\"1181\" src=\"https:\/\/uninavarra.edu.co\/wp-content\/uploads\/2021\/05\/btn-atencion-4.png\" class=\" vc_box_border_grey attachment-full\" alt=\"\" title=\"btn-atencion (4)\" srcset=\"https:\/\/uninavarra.edu.co\/wp-content\/uploads\/2021\/05\/btn-atencion-4.png 1181w, https:\/\/uninavarra.edu.co\/wp-content\/uploads\/2021\/05\/btn-atencion-4-150x150.png 150w, https:\/\/uninavarra.edu.co\/wp-content\/uploads\/2021\/05\/btn-atencion-4-300x300.png 300w, https:\/\/uninavarra.edu.co\/wp-content\/uploads\/2021\/05\/btn-atencion-4-768x768.png 768w, https:\/\/uninavarra.edu.co\/wp-content\/uploads\/2021\/05\/btn-atencion-4-1024x1024.png 1024w\" sizes=\"(max-width: 1181px) 100vw, 1181px\" \/><\/a>\n\t\t<\/div> \n\t<\/div><\/div><\/div><\/div><div class=\"vc_ col-sm-4\"><div class=\"vc_column-inner\"><div class=\"wpb_wrapper\"><div class=\"wpb_single_image wpb_content_element wpb_animate_when_almost_visible wpb_appear appear vc_align_center\">\n\t\t<div class=\"wpb_wrapper\">\n\t\t\t\n\t\t\t<a href=\"#preguntas-frecuentes\" target=\"_self\"><img loading=\"lazy\" decoding=\"async\" width=\"1181\" height=\"1181\" src=\"https:\/\/uninavarra.edu.co\/wp-content\/uploads\/2021\/05\/btn-atencion-3.png\" class=\" vc_box_border_grey attachment-full\" alt=\"btn-atencion\" title=\"btn-atencion (3)\" srcset=\"https:\/\/uninavarra.edu.co\/wp-content\/uploads\/2021\/05\/btn-atencion-3.png 1181w, https:\/\/uninavarra.edu.co\/wp-content\/uploads\/2021\/05\/btn-atencion-3-150x150.png 150w, https:\/\/uninavarra.edu.co\/wp-content\/uploads\/2021\/05\/btn-atencion-3-300x300.png 300w, https:\/\/uninavarra.edu.co\/wp-content\/uploads\/2021\/05\/btn-atencion-3-768x768.png 768w, https:\/\/uninavarra.edu.co\/wp-content\/uploads\/2021\/05\/btn-atencion-3-1024x1024.png 1024w\" sizes=\"(max-width: 1181px) 100vw, 1181px\" \/><\/a>\n\t\t<\/div> \n\t<\/div><\/div><\/div><\/div><\/div><div class=\"vc_row wpb_row vc_inner vc_row-fluid\"><div class=\"vc_ col-sm-4\"><div class=\"vc_column-inner\"><div class=\"wpb_wrapper\"><div class=\"wpb_single_image wpb_content_element wpb_animate_when_almost_visible wpb_appear appear vc_align_center\">\n\t\t<div class=\"wpb_wrapper\">\n\t\t\t\n\t\t\t<a href=\"#1671549226219-9ad80a93-d200\" target=\"_self\"><img loading=\"lazy\" decoding=\"async\" width=\"300\" height=\"300\" src=\"https:\/\/uninavarra.edu.co\/wp-content\/uploads\/2022\/12\/agenda-de-cita-boton-3.png\" class=\" vc_box_border_grey attachment-full\" alt=\"agenda-de-cita-boton\" title=\"agenda-de-cita-boton (3)\" srcset=\"https:\/\/uninavarra.edu.co\/wp-content\/uploads\/2022\/12\/agenda-de-cita-boton-3.png 300w, https:\/\/uninavarra.edu.co\/wp-content\/uploads\/2022\/12\/agenda-de-cita-boton-3-150x150.png 150w\" sizes=\"(max-width: 300px) 100vw, 300px\" \/><\/a>\n\t\t<\/div> \n\t<\/div><\/div><\/div><\/div><div class=\"vc_ col-sm-4\"><div class=\"vc_column-inner\"><div class=\"wpb_wrapper\"><div class=\"wpb_single_image wpb_content_element wpb_animate_when_almost_visible wpb_appear appear vc_align_center\">\n\t\t<div class=\"wpb_wrapper\">\n\t\t\t\n\t\t\t<a href=\"#1671832849282-2712093d-6126\" target=\"_self\"><img loading=\"lazy\" decoding=\"async\" width=\"300\" height=\"300\" src=\"https:\/\/uninavarra.edu.co\/wp-content\/uploads\/2022\/12\/Denuncias-popr-actos-de-corrupcio\u0301n-boton-1.png\" class=\" vc_box_border_grey attachment-full\" alt=\"Denuncias-popr-actos-de-corrupcio\u0301n-boton (1)\" title=\"Denuncias-popr-actos-de-corrupcio\u0301n-boton (1)\" srcset=\"https:\/\/uninavarra.edu.co\/wp-content\/uploads\/2022\/12\/Denuncias-popr-actos-de-corrupcio\u0301n-boton-1.png 300w, https:\/\/uninavarra.edu.co\/wp-content\/uploads\/2022\/12\/Denuncias-popr-actos-de-corrupcio\u0301n-boton-1-150x150.png 150w\" sizes=\"(max-width: 300px) 100vw, 300px\" \/><\/a>\n\t\t<\/div> \n\t<\/div><\/div><\/div><\/div><div class=\"vc_ col-sm-4\"><div class=\"vc_column-inner\"><div class=\"wpb_wrapper\"><div class=\"wpb_single_image wpb_content_element wpb_animate_when_almost_visible wpb_appear appear vc_align_center\">\n\t\t<div class=\"wpb_wrapper\">\n\t\t\t\n\t\t\t<a href=\"#ventanilla\" target=\"_self\"><img loading=\"lazy\" decoding=\"async\" width=\"1000\" height=\"1000\" src=\"https:\/\/uninavarra.edu.co\/wp-content\/uploads\/2023\/12\/VENTANILLA-UNICA-1.jpg\" class=\" vc_box_border_grey attachment-full\" alt=\"\" title=\"VENTANILLA-UNICA (1)\" srcset=\"https:\/\/uninavarra.edu.co\/wp-content\/uploads\/2023\/12\/VENTANILLA-UNICA-1.jpg 1000w, https:\/\/uninavarra.edu.co\/wp-content\/uploads\/2023\/12\/VENTANILLA-UNICA-1-300x300.jpg 300w, https:\/\/uninavarra.edu.co\/wp-content\/uploads\/2023\/12\/VENTANILLA-UNICA-1-150x150.jpg 150w, https:\/\/uninavarra.edu.co\/wp-content\/uploads\/2023\/12\/VENTANILLA-UNICA-1-768x768.jpg 768w, https:\/\/uninavarra.edu.co\/wp-content\/uploads\/2023\/12\/VENTANILLA-UNICA-1-500x500.jpg 500w, https:\/\/uninavarra.edu.co\/wp-content\/uploads\/2023\/12\/VENTANILLA-UNICA-1-800x800.jpg 800w\" sizes=\"(max-width: 1000px) 100vw, 1000px\" \/><\/a>\n\t\t<\/div> \n\t<\/div><\/div><\/div><\/div><\/div><\/div><\/div><div class=\"vc_tta-panel\" id=\"pqrsf\" data-vc-content=\".vc_tta-panel-body\"><div class=\"vc_tta-panel-heading\"><h4 class=\"vc_tta-panel-title\"><a href=\"#pqrsf\" data-vc-accordion data-vc-container=\".vc_tta-container\"><span class=\"vc_tta-title-text\">PQRSF<\/span><\/a><\/h4><\/div><div class=\"vc_tta-panel-body\"><h3 style=\"color: #555555;text-align: center;font-family:Raleway;font-weight:400;font-style:normal\" class=\"vc_custom_heading vc_do_custom_heading\" ><b>PQRSF<\/b><\/h3><div class=\"vc_empty_space\"   style=\"height: 32px\"><span class=\"vc_empty_space_inner\"><\/span><\/div><div class=\"vc_row wpb_row vc_inner vc_row-fluid\"><div class=\"vc_ col-sm-3\"><div class=\"vc_column-inner\"><div class=\"wpb_wrapper\"><div class=\"wpb_single_image wpb_content_element vc_align_center\">\n\t\t<div class=\"wpb_wrapper\">\n\t\t\t\n\t\t\t<a href=\"https:\/\/uninavarra.edu.co\/atencion-usuario\/encuesta-de-satisfaccion-de-usuario\/\" target=\"_self\"><img loading=\"lazy\" decoding=\"async\" width=\"1080\" height=\"1080\" src=\"https:\/\/uninavarra.edu.co\/wp-content\/uploads\/2022\/12\/Encuesta-de-satisfaccio\u0301n.png\" class=\" vc_box_border_grey attachment-full\" alt=\"\" title=\"Encuesta-de-satisfaccio\u0301n\" srcset=\"https:\/\/uninavarra.edu.co\/wp-content\/uploads\/2022\/12\/Encuesta-de-satisfaccio\u0301n.png 1080w, https:\/\/uninavarra.edu.co\/wp-content\/uploads\/2022\/12\/Encuesta-de-satisfaccio\u0301n-150x150.png 150w, https:\/\/uninavarra.edu.co\/wp-content\/uploads\/2022\/12\/Encuesta-de-satisfaccio\u0301n-300x300.png 300w, https:\/\/uninavarra.edu.co\/wp-content\/uploads\/2022\/12\/Encuesta-de-satisfaccio\u0301n-768x768.png 768w, https:\/\/uninavarra.edu.co\/wp-content\/uploads\/2022\/12\/Encuesta-de-satisfaccio\u0301n-1024x1024.png 1024w\" sizes=\"(max-width: 1080px) 100vw, 1080px\" \/><\/a>\n\t\t<\/div> \n\t<\/div><\/div><\/div><\/div><div class=\"vc_ col-sm-3\"><div class=\"vc_column-inner\"><div class=\"wpb_wrapper\"><div class=\"wpb_single_image wpb_content_element vc_align_center\">\n\t\t<div class=\"wpb_wrapper\">\n\t\t\t\n\t\t\t<a href=\"https:\/\/uninavarra.edu.co\/atencion-usuario\/informes\/\" target=\"_self\"><img loading=\"lazy\" decoding=\"async\" width=\"1080\" height=\"1080\" src=\"https:\/\/uninavarra.edu.co\/wp-content\/uploads\/2022\/12\/Informes.png\" class=\" vc_box_border_grey attachment-full\" alt=\"Informes-atencion-usuario\" title=\"Informes\" srcset=\"https:\/\/uninavarra.edu.co\/wp-content\/uploads\/2022\/12\/Informes.png 1080w, https:\/\/uninavarra.edu.co\/wp-content\/uploads\/2022\/12\/Informes-150x150.png 150w, https:\/\/uninavarra.edu.co\/wp-content\/uploads\/2022\/12\/Informes-300x300.png 300w, https:\/\/uninavarra.edu.co\/wp-content\/uploads\/2022\/12\/Informes-768x768.png 768w, https:\/\/uninavarra.edu.co\/wp-content\/uploads\/2022\/12\/Informes-1024x1024.png 1024w\" sizes=\"(max-width: 1080px) 100vw, 1080px\" \/><\/a>\n\t\t<\/div> \n\t<\/div><\/div><\/div><\/div><div class=\"vc_ col-sm-3\"><div class=\"vc_column-inner\"><div class=\"wpb_wrapper\"><div class=\"wpb_single_image wpb_content_element vc_align_center\">\n\t\t<div class=\"wpb_wrapper\">\n\t\t\t\n\t\t\t<a href=\"https:\/\/uninavarra.edu.co\/atencion-usuario\/respuestas-a-peticiones-anonimas\/\" target=\"_self\"><img loading=\"lazy\" decoding=\"async\" width=\"1080\" height=\"1080\" src=\"https:\/\/uninavarra.edu.co\/wp-content\/uploads\/2022\/12\/Respuestas-a-peticiones-Ano\u0301nimas.png\" class=\" vc_box_border_grey attachment-full\" alt=\"Respuestas-a-peticiones-Ano\u0301nimas\" title=\"Respuestas-a-peticiones-Ano\u0301nimas\" srcset=\"https:\/\/uninavarra.edu.co\/wp-content\/uploads\/2022\/12\/Respuestas-a-peticiones-Ano\u0301nimas.png 1080w, https:\/\/uninavarra.edu.co\/wp-content\/uploads\/2022\/12\/Respuestas-a-peticiones-Ano\u0301nimas-150x150.png 150w, https:\/\/uninavarra.edu.co\/wp-content\/uploads\/2022\/12\/Respuestas-a-peticiones-Ano\u0301nimas-300x300.png 300w, https:\/\/uninavarra.edu.co\/wp-content\/uploads\/2022\/12\/Respuestas-a-peticiones-Ano\u0301nimas-768x768.png 768w, https:\/\/uninavarra.edu.co\/wp-content\/uploads\/2022\/12\/Respuestas-a-peticiones-Ano\u0301nimas-1024x1024.png 1024w\" sizes=\"(max-width: 1080px) 100vw, 1080px\" \/><\/a>\n\t\t<\/div> \n\t<\/div><\/div><\/div><\/div><div class=\"vc_ col-sm-3\"><div class=\"vc_column-inner\"><div class=\"wpb_wrapper\"><div class=\"wpb_single_image wpb_content_element vc_align_center\">\n\t\t<div class=\"wpb_wrapper\">\n\t\t\t\n\t\t\t<a href=\"https:\/\/uninavarra.edu.co\/atencion-usuario\/pqrs-en-cifras\/\" target=\"_self\"><img loading=\"lazy\" decoding=\"async\" width=\"1080\" height=\"1080\" src=\"https:\/\/uninavarra.edu.co\/wp-content\/uploads\/2024\/11\/calidad-foto-nombre-PQRS.png\" class=\" vc_box_border_grey attachment-full\" alt=\"\" title=\"calidad-foto-nombre-PQRS\" srcset=\"https:\/\/uninavarra.edu.co\/wp-content\/uploads\/2024\/11\/calidad-foto-nombre-PQRS.png 1080w, https:\/\/uninavarra.edu.co\/wp-content\/uploads\/2024\/11\/calidad-foto-nombre-PQRS-300x300.png 300w, https:\/\/uninavarra.edu.co\/wp-content\/uploads\/2024\/11\/calidad-foto-nombre-PQRS-1024x1024.png 1024w, https:\/\/uninavarra.edu.co\/wp-content\/uploads\/2024\/11\/calidad-foto-nombre-PQRS-150x150.png 150w, https:\/\/uninavarra.edu.co\/wp-content\/uploads\/2024\/11\/calidad-foto-nombre-PQRS-768x768.png 768w, https:\/\/uninavarra.edu.co\/wp-content\/uploads\/2024\/11\/calidad-foto-nombre-PQRS-12x12.png 12w\" sizes=\"(max-width: 1080px) 100vw, 1080px\" \/><\/a>\n\t\t<\/div> \n\t<\/div><\/div><\/div><\/div><\/div><div class=\"vc_row wpb_row vc_inner vc_row-fluid\"><div class=\"vc_ col-sm-12\"><div class=\"vc_column-inner\"><div class=\"wpb_wrapper\">\n\t<div class=\"wpb_text_column wpb_content_element\" >\n\t\t<div class=\"wpb_wrapper\">\n\t\t\t<p><span style=\"font-family: 'Raleway', sans-serif; font-size: 20px;\">A continuaci\u00f3n describimos en detalle cada opci\u00f3n para facilitar su registro:<\/span><\/p>\n\n\t\t<\/div>\n\t<\/div>\n<\/div><\/div><\/div><\/div><div class=\"vc_row wpb_row vc_inner vc_row-fluid\"><div class=\"vc_ col-sm-6\"><div class=\"vc_column-inner\"><div class=\"wpb_wrapper\">\n\t<div class=\"wpb_text_column wpb_content_element\" >\n\t\t<div class=\"wpb_wrapper\">\n\t\t\t<p><span style=\"font-family: 'Raleway', sans-serif; font-size: 20px;\"><strong>PETICI\u00d3N:<\/strong> Requerimiento o solicitud por parte del usuario sobre informaci\u00f3n relacionada con la prestaci\u00f3n del servicio o de bienes.<\/span><\/p>\n\n\t\t<\/div>\n\t<\/div>\n<\/div><\/div><\/div><div class=\"vc_ col-sm-6\"><div class=\"vc_column-inner\"><div class=\"wpb_wrapper\">\n\t<div class=\"wpb_text_column wpb_content_element\" >\n\t\t<div class=\"wpb_wrapper\">\n\t\t\t<p><span style=\"font-family: 'Raleway', sans-serif; font-size: 20px;\"><strong>QUEJA:<\/strong> Expresi\u00f3n de insatisfacci\u00f3n hecha a la Instituci\u00f3n, con respecto a sus servicios o productos, o al propio proceso de tratamiento de las quejas, donde se espera una respuesta o resoluci\u00f3n expl\u00edcita o impl\u00edcita.<\/span><\/p>\n\n\t\t<\/div>\n\t<\/div>\n<\/div><\/div><\/div><\/div><div class=\"vc_row wpb_row vc_inner vc_row-fluid\"><div class=\"vc_ col-sm-6\"><div class=\"vc_column-inner\"><div class=\"wpb_wrapper\">\n\t<div class=\"wpb_text_column wpb_content_element\" >\n\t\t<div class=\"wpb_wrapper\">\n\t\t\t<p><span style=\"font-family: 'Raleway', sans-serif; font-size: 20px;\"><strong>RECLAMO:<\/strong> Es una solicitud del usuario con el objeto de que se revise una actuaci\u00f3n administrativa o acad\u00e9mica, motivo de su inconformidad, y se tome una decisi\u00f3n final justa y equitativa.<\/span><\/p>\n\n\t\t<\/div>\n\t<\/div>\n<\/div><\/div><\/div><div class=\"vc_ col-sm-6\"><div class=\"vc_column-inner\"><div class=\"wpb_wrapper\">\n\t<div class=\"wpb_text_column wpb_content_element\" >\n\t\t<div class=\"wpb_wrapper\">\n\t\t\t<p><span style=\"font-family: 'Raleway', sans-serif; font-size: 20px;\"><strong>SUGERENCIA:<\/strong> Es el planteamiento, formulaci\u00f3n o propuesta de mejora por parte del usuario sobre los servicios ofrecidos por UNINAVARRA.<\/span><\/p>\n\n\t\t<\/div>\n\t<\/div>\n<\/div><\/div><\/div><\/div><div class=\"vc_row wpb_row vc_inner vc_row-fluid\"><div class=\"vc_ col-sm-2\"><div class=\"vc_column-inner\"><div class=\"wpb_wrapper\"><\/div><\/div><\/div><div class=\"vc_ col-sm-8\"><div class=\"vc_column-inner\"><div class=\"wpb_wrapper\">\n\t<div class=\"wpb_text_column wpb_content_element\" >\n\t\t<div class=\"wpb_wrapper\">\n\t\t\t<p><span style=\"font-family: 'Raleway', sans-serif; font-size: 20px;\"><strong>FELICITACI\u00d3N:<\/strong> Manifestaci\u00f3n de satisfacci\u00f3n y agrado sobre los resultados, bienes y servicios ofrecidos por la Instituci\u00f3n.<\/span><\/p>\n\n\t\t<\/div>\n\t<\/div>\n<\/div><\/div><\/div><div class=\"vc_ col-sm-2\"><div class=\"vc_column-inner\"><div class=\"wpb_wrapper\"><\/div><\/div><\/div><\/div><div class=\"vc_row wpb_row vc_inner vc_row-fluid\"><div class=\"vc_ col-sm-12\"><div class=\"vc_column-inner\"><div class=\"wpb_wrapper\"><div class=\"vc_separator wpb_content_element vc_separator_align_center vc_sep_width_100 vc_sep_pos_align_center vc_separator_no_text vc_sep_color_navarra wpb_content_element  wpb_content_element\" ><span class=\"vc_sep_holder vc_sep_holder_l\"><span class=\"vc_sep_line\"><\/span><\/span><span class=\"vc_sep_holder vc_sep_holder_r\"><span class=\"vc_sep_line\"><\/span><\/span>\n<\/div><div class=\"vc_empty_space\"   style=\"height: 32px\"><span class=\"vc_empty_space_inner\"><\/span><\/div>\n\t<div class=\"wpb_text_column wpb_content_element\" >\n\t\t<div class=\"wpb_wrapper\">\n\t\t\t<div style=\"text-align: center;\"><span style=\"font-family: 'Raleway', sans-serif; font-size: 20px;\"><strong>RECEPCI\u00d3N DE PQRSF<\/strong><\/span><\/div>\n<div><\/div>\n<p><span style=\"font-family: 'Raleway', sans-serif; font-size: 20px;\">A trav\u00e9s del siguiente espacio usted podr\u00e1 formular las peticiones, quejas, reclamos, sugerencias y felicitaciones que tenga con respecto a una determinada dependencia administrativa o unidad acad\u00e9mica de la Fundaci\u00f3n Universitaria Navarra, es decir aquellas que surjan respecto al cumplimiento de la Misi\u00f3n de la instituci\u00f3n como Instituci\u00f3n de educaci\u00f3n superior, la calidad de los servicios ofrecidos y las actuaciones de sus colaboradores.<\/span><\/p>\n\n\t\t<\/div>\n\t<\/div>\n<div class=\"vc_empty_space\"   style=\"height: 32px\"><span class=\"vc_empty_space_inner\"><\/span><\/div><div class=\"vc_btn3-container vc_btn3-center vc_do_btn\" ><a class=\"vc_general vc_btn3 vc_btn3-size-md vc_btn3-shape-rounded vc_btn3-style-modern vc_btn3-color-navarra\" href=\"https:\/\/uninavarra.hylandcloud.com\/221appnet\/\/UnityForm.aspx?d1=ATsVPwkb5AxiPmdc%20E%2fh0q4sdok7Zbxu6aUTYrbZPB9MsDlr7on31O4s9avEAYI%2b3pJ7rBVUEDK8iHpaTzv%20%2foBdKxOh9ucNkfCvkn5R1kG6f1Na8OArjBWsT%2bEommUWdgFglfgZW2oE21QzqcK%20Z4a9kwFxxOWDBlrN0TNPjYWJSPbna7%2fCgGPabEkauHQzkT7tQ%3d%3d\" title=\"\" target=\"_blank\">Registrar PQRSF<\/a><\/div><div class=\"vc_btn3-container vc_btn3-center vc_do_btn\" ><a class=\"vc_general vc_btn3 vc_btn3-size-md vc_btn3-shape-rounded vc_btn3-style-modern vc_btn3-color-navarra\" href=\"http:\/\/uninavarraeduco-my.sharepoint.com\/:w:\/g\/personal\/calidad_uninavarra_edu_co\/EeC0WNBgYbdNnm3STvYtj-4BL1jdsQfYK9f1ZZdINwkjxQ?e=LY20bf\" title=\"\">Procedimiento de PQRSF<\/a><\/div><div class=\"vc_empty_space\"   style=\"height: 32px\"><span class=\"vc_empty_space_inner\"><\/span><\/div>\n\t<div class=\"wpb_text_column wpb_content_element\" >\n\t\t<div class=\"wpb_wrapper\">\n\t\t\t<div style=\"text-align: center;\">\n<div><span style=\"font-family: Raleway, sans-serif; font-size: 20px; text-align: justify;\">Si prefiere puede manifestar sus Peticiones, Quejas, Reclamos, Sugerencias y Denuncias a trav\u00e9s del correo electronico <span style=\"font-family: 'Raleway', sans-serif; font-size: 20px; text-align: center;\"><a href=\"mailto:pqrs@uninavarra.edu.co\">pqrs@uninavarra.edu.co<\/a><\/span><\/span><\/div>\n<\/div>\n<p>&nbsp;<\/p>\n<div><span style=\"font-family: 'Raleway', sans-serif; font-size: 20px;\"><strong>NOTA:<\/strong> Habr\u00e1 lugar a rechazar la PQRSF que sean presentadas en forma irrespetuosa o desobligante, utilizando amenazas, improperios, insultos, ofensas, afrentas, provocaciones o cualquier otra conducta semejante.<\/span><\/div>\n\n\t\t<\/div>\n\t<\/div>\n<\/div><\/div><\/div><\/div><\/div><\/div><div class=\"vc_tta-panel\" id=\"notificaciones-judiciales\" data-vc-content=\".vc_tta-panel-body\"><div class=\"vc_tta-panel-heading\"><h4 class=\"vc_tta-panel-title\"><a href=\"#notificaciones-judiciales\" data-vc-accordion data-vc-container=\".vc_tta-container\"><span class=\"vc_tta-title-text\">Notificaciones Judiciales<\/span><\/a><\/h4><\/div><div class=\"vc_tta-panel-body\"><div class=\"vc_row wpb_row vc_inner vc_row-fluid\"><div class=\"vc_ col-sm-2\"><div class=\"vc_column-inner\"><div class=\"wpb_wrapper\"><\/div><\/div><\/div><div class=\"vc_ col-sm-8\"><div class=\"vc_column-inner\"><div class=\"wpb_wrapper\"><div class=\"vc_empty_space\"   style=\"height: 32px\"><span class=\"vc_empty_space_inner\"><\/span><\/div>\n\t<div class=\"wpb_text_column wpb_content_element\" >\n\t\t<div class=\"wpb_wrapper\">\n\t\t\t<p><span style=\"font-family: 'Raleway', sans-serif; font-size: 20px; text-align: justify;\">Para notificaciones provenientes de juzgados, citaciones a tr\u00e1mites administrativos o extrajudiciales como conciliaciones, entre otros; escribe un correo electr\u00f3nico exclusivamente a <a href=\"mailto:notificacionesjudiciales@uninavarra.edu.co\">notificacionesjudiciales@uninavarra.edu.co<\/a><\/span><\/p>\n\n\t\t<\/div>\n\t<\/div>\n\n\t<div class=\"wpb_text_column wpb_content_element\" >\n\t\t<div class=\"wpb_wrapper\">\n\t\t\t<p><span style=\"font-family: 'Raleway', sans-serif; font-size: 20px;\"><br \/>\n<strong>NOTA:<\/strong> Todo mensaje que no cumpla esta condici\u00f3n no ser\u00e1 tenido en cuenta<\/span><\/p>\n\n\t\t<\/div>\n\t<\/div>\n<\/div><\/div><\/div><div class=\"vc_ col-sm-2\"><div class=\"vc_column-inner\"><div class=\"wpb_wrapper\"><\/div><\/div><\/div><\/div><\/div><\/div><div class=\"vc_tta-panel\" id=\"preguntas-frecuentes\" data-vc-content=\".vc_tta-panel-body\"><div class=\"vc_tta-panel-heading\"><h4 class=\"vc_tta-panel-title\"><a href=\"#preguntas-frecuentes\" data-vc-accordion data-vc-container=\".vc_tta-container\"><span class=\"vc_tta-title-text\">Preguntas Frecuentes<\/span><\/a><\/h4><\/div><div class=\"vc_tta-panel-body\"><div class=\"vc_row wpb_row vc_inner vc_row-fluid\"><div class=\"vc_ col-sm-3\"><div class=\"vc_column-inner\"><div class=\"wpb_wrapper\"><div class=\"wpb_single_image wpb_content_element imgboton vc_align_center\">\n\t\t<div class=\"wpb_wrapper\">\n\t\t\t\n\t\t\t<a href=\"#admisionesregistro\" target=\"_self\"><span class=\"vc_box_shadow_3d_wrap\"><img loading=\"lazy\" decoding=\"async\" width=\"300\" height=\"300\" src=\"https:\/\/uninavarra.edu.co\/wp-content\/uploads\/2021\/05\/botones-de-acceso-300x300.png\" class=\"vc_box_shadow_3d vc_box_border_grey attachment-medium\" alt=\"\" title=\"botones de acceso\" srcset=\"https:\/\/uninavarra.edu.co\/wp-content\/uploads\/2021\/05\/botones-de-acceso-300x300.png 300w, https:\/\/uninavarra.edu.co\/wp-content\/uploads\/2021\/05\/botones-de-acceso-150x150.png 150w, https:\/\/uninavarra.edu.co\/wp-content\/uploads\/2021\/05\/botones-de-acceso-768x768.png 768w, https:\/\/uninavarra.edu.co\/wp-content\/uploads\/2021\/05\/botones-de-acceso-1024x1024.png 1024w, https:\/\/uninavarra.edu.co\/wp-content\/uploads\/2021\/05\/botones-de-acceso.png 1181w\" sizes=\"(max-width: 300px) 100vw, 300px\" \/><\/span><\/a>\n\t\t<\/div> \n\t<\/div><\/div><\/div><\/div><div class=\"vc_ col-sm-3\"><div class=\"vc_column-inner\"><div class=\"wpb_wrapper\"><div class=\"wpb_single_image wpb_content_element imgboton vc_align_center\">\n\t\t<div class=\"wpb_wrapper\">\n\t\t\t\n\t\t\t<a href=\"#programasacademicos\" target=\"_self\"><span class=\"vc_box_shadow_3d_wrap\"><img loading=\"lazy\" decoding=\"async\" width=\"300\" height=\"300\" src=\"https:\/\/uninavarra.edu.co\/wp-content\/uploads\/2021\/05\/botones-de-acceso2-300x300.png\" class=\"vc_box_shadow_3d vc_box_border_grey attachment-medium\" alt=\"\" title=\"botones de acceso2\" srcset=\"https:\/\/uninavarra.edu.co\/wp-content\/uploads\/2021\/05\/botones-de-acceso2-300x300.png 300w, https:\/\/uninavarra.edu.co\/wp-content\/uploads\/2021\/05\/botones-de-acceso2-150x150.png 150w, https:\/\/uninavarra.edu.co\/wp-content\/uploads\/2021\/05\/botones-de-acceso2-768x768.png 768w, https:\/\/uninavarra.edu.co\/wp-content\/uploads\/2021\/05\/botones-de-acceso2-1024x1024.png 1024w, https:\/\/uninavarra.edu.co\/wp-content\/uploads\/2021\/05\/botones-de-acceso2.png 1181w\" sizes=\"(max-width: 300px) 100vw, 300px\" \/><\/span><\/a>\n\t\t<\/div> \n\t<\/div><\/div><\/div><\/div><div class=\"vc_ col-sm-3\"><div class=\"vc_column-inner\"><div class=\"wpb_wrapper\"><div class=\"wpb_single_image wpb_content_element imgboton vc_align_center\">\n\t\t<div class=\"wpb_wrapper\">\n\t\t\t\n\t\t\t<a href=\"#financiera\" target=\"_self\"><span class=\"vc_box_shadow_3d_wrap\"><img loading=\"lazy\" decoding=\"async\" width=\"300\" height=\"300\" src=\"https:\/\/uninavarra.edu.co\/wp-content\/uploads\/2021\/05\/botones-de-acceso3-300x300.png\" class=\"vc_box_shadow_3d vc_box_border_grey attachment-medium\" alt=\"\" title=\"botones de acceso3\" srcset=\"https:\/\/uninavarra.edu.co\/wp-content\/uploads\/2021\/05\/botones-de-acceso3-300x300.png 300w, https:\/\/uninavarra.edu.co\/wp-content\/uploads\/2021\/05\/botones-de-acceso3-150x150.png 150w, https:\/\/uninavarra.edu.co\/wp-content\/uploads\/2021\/05\/botones-de-acceso3-768x768.png 768w, https:\/\/uninavarra.edu.co\/wp-content\/uploads\/2021\/05\/botones-de-acceso3-1024x1024.png 1024w, https:\/\/uninavarra.edu.co\/wp-content\/uploads\/2021\/05\/botones-de-acceso3.png 1181w\" sizes=\"(max-width: 300px) 100vw, 300px\" \/><\/span><\/a>\n\t\t<\/div> \n\t<\/div><\/div><\/div><\/div><div class=\"vc_ col-sm-3\"><div class=\"vc_column-inner\"><div class=\"wpb_wrapper\"><div class=\"wpb_single_image wpb_content_element imgboton vc_align_center\">\n\t\t<div class=\"wpb_wrapper\">\n\t\t\t\n\t\t\t<a href=\"#tic\" target=\"_self\"><span class=\"vc_box_shadow_3d_wrap\"><img loading=\"lazy\" decoding=\"async\" width=\"300\" height=\"300\" src=\"https:\/\/uninavarra.edu.co\/wp-content\/uploads\/2021\/05\/botones-de-acceso4-300x300.png\" class=\"vc_box_shadow_3d vc_box_border_grey attachment-medium\" alt=\"\" title=\"botones de acceso4\" srcset=\"https:\/\/uninavarra.edu.co\/wp-content\/uploads\/2021\/05\/botones-de-acceso4-300x300.png 300w, https:\/\/uninavarra.edu.co\/wp-content\/uploads\/2021\/05\/botones-de-acceso4-150x150.png 150w, https:\/\/uninavarra.edu.co\/wp-content\/uploads\/2021\/05\/botones-de-acceso4-768x768.png 768w, https:\/\/uninavarra.edu.co\/wp-content\/uploads\/2021\/05\/botones-de-acceso4-1024x1024.png 1024w, https:\/\/uninavarra.edu.co\/wp-content\/uploads\/2021\/05\/botones-de-acceso4.png 1181w\" sizes=\"(max-width: 300px) 100vw, 300px\" \/><\/span><\/a>\n\t\t<\/div> \n\t<\/div><\/div><\/div><\/div><\/div><div class=\"vc_row wpb_row vc_inner vc_row-fluid\"><div class=\"vc_ col-sm-6\"><div class=\"vc_column-inner\"><div class=\"wpb_wrapper\"><\/div><\/div><\/div><div class=\"vc_ col-sm-6\"><div class=\"vc_column-inner\"><div class=\"wpb_wrapper\"><\/div><\/div><\/div><\/div><div id=\"oferta-academica\" class=\"vc_row wpb_row vc_inner vc_row-fluid\"><div class=\"vc_ col-sm-12\"><div class=\"vc_column-inner\"><div class=\"wpb_wrapper\">\n\t<div class=\"wpb_text_column wpb_content_element\" >\n\t\t<div class=\"wpb_wrapper\">\n\t\t\t<p style=\"text-align: center;\"><strong><span style=\"font-family: 'Raleway', sans-serif; font-size: 24px; color: #e30613;\">OFERTA ACAD\u00c9MICA<\/span><\/strong><\/p>\n\n\t\t<\/div>\n\t<\/div>\n<div class=\"vc_empty_space\"   style=\"height: 32px\"><span class=\"vc_empty_space_inner\"><\/span><\/div><div class=\"vc_toggle vc_toggle_default vc_toggle_color_default  vc_toggle_size_md\">\n\t<div class=\"vc_toggle_title\"><h4>\u00bfQu\u00e9 programas acad\u00e9micos ofrece UNINAVARRA?<\/h4><i class=\"vc_toggle_icon\"><\/i><\/div>\n\t<div class=\"vc_toggle_content\"><p><span style=\"font-family: 'Raleway', sans-serif; font-size: 20px;\">La Fundaci\u00f3n Universitaria Navarra \u2013 UNINAVARRA, oferta a toda la comunidad programas acad\u00e9micos profesionales, tecnol\u00f3gicos y posgrados.<\/span><\/p>\n<p><span style=\"font-family: 'Raleway', sans-serif; font-size: 20px; color: #cf0611;\"><strong>PREGRADOS <\/strong><\/span><\/p>\n<p style=\"text-align: left;\"><span style=\"color: #000000;\"><a style=\"color: #000000;\" href=\"https:\/\/uninavarra.edu.co\/landing\/medicina\/\"><strong><span style=\"font-family: 'Raleway', sans-serif; font-size: 20px;\"><u>Medicina<\/u><\/span><\/strong><\/a><\/span><\/p>\n<p>Pr\u00e1cticas en cl\u00ednicas propias<\/p>\n<p>C\u00f3digo SNIES: 102861- Registro Calificado: Resoluci\u00f3n n.\u00ba 006816 del 26 de abril de 2023 \u2013 MEN (vigencia 7 a\u00f1os) Cr\u00e9ditos: 287.<\/p>\n<p style=\"text-align: left;\"><span style=\"color: #000000;\"><a style=\"color: #000000;\" href=\"https:\/\/uninavarra.edu.co\/landing\/enfermeria\/\"><strong><span style=\"font-family: 'Raleway', sans-serif; font-size: 20px;\"><u>Enfermer\u00eda<\/u><\/span><\/strong><\/a><\/span><\/p>\n<p>Pr\u00e1cticas en cl\u00ednicas propias con tecnolog\u00eda de punta<\/p>\n<p>C\u00f3digo SNIES: 103320- Registro Calificado: Resoluci\u00f3n n.\u00ba 023339 del 28 de noviembre de 2025 cr\u00e9ditos: 162.<\/p>\n<p style=\"text-align: left;\"><span style=\"color: #000000;\"><a style=\"color: #000000;\" href=\"https:\/\/uninavarra.edu.co\/landing\/biologia\/\"><strong><span style=\"font-family: 'Raleway', sans-serif; font-size: 20px;\"><u>Biolog\u00eda<\/u><\/span><\/strong><\/a><\/span><\/p>\n<p>Conocimiento cient\u00edfico para transformar el futuro<\/p>\n<p>C\u00f3digo SNIES: 117732- Registro Calificado: Resoluci\u00f3n n.\u00ba 002538 del 14 de febrero de 2025 (vigencia 7 a\u00f1os) cr\u00e9ditos: 138.<\/p>\n<p style=\"text-align: left;\"><span style=\"color: #000000;\"><a style=\"color: #000000;\" href=\"https:\/\/uninavarra.edu.co\/landing\/derecho\/\"><strong><span style=\"font-family: 'Raleway', sans-serif; font-size: 20px;\"><u>Derecho<\/u><\/span><\/strong><\/a><\/span><\/p>\n<p>Con salas de oralidad para audiencias en tiempo real<\/p>\n<p>C\u00f3digo SNIES: 103160- Registro Calificado: Resoluci\u00f3n n.\u00ba 021534 del 12 de noviembre de 2021 (vigencia 7 a\u00f1os) cr\u00e9ditos: 176.<\/p>\n<p style=\"text-align: left;\"><span style=\"color: #000000;\"><a style=\"color: #000000;\" href=\"https:\/\/uninavarra.edu.co\/landing\/administracion-de-empresas\/\"><strong><span style=\"font-family: 'Raleway', sans-serif; font-size: 20px;\"><u>Administraci\u00f3n de Empresas<\/u><\/span><\/strong><\/a><\/span><\/p>\n<p>Con fortaleza en Marketing Digital<\/p>\n<p>C\u00f3digo SNIES: 103761- Registro Calificado: Resoluci\u00f3n n.\u00ba 003477 del 16 de marzo de 2022 (vigencia 7 a\u00f1os) cr\u00e9ditos: 153.<\/p>\n<p style=\"text-align: left;\"><span style=\"color: #000000;\"><a style=\"color: #000000;\" href=\"https:\/\/uninavarra.edu.co\/landing\/ingenieria-ambiental\/\"><strong><span style=\"font-family: 'Raleway', sans-serif; font-size: 20px;\"><u>Ingenier\u00eda Ambiental<\/u><\/span><\/strong><\/a><\/span><\/p>\n<p>Con fortaleza en Modelaci\u00f3n Ambiental con IA, Tecnolog\u00edas Limpias, Adaptaci\u00f3n al Cambio Clim\u00e1tico<\/p>\n<p>C\u00f3digo SNIES: 103161- Registro Calificado: Resoluci\u00f3n n.\u00ba 01132 del 3 de febrero de 2022 \u2013 MEN (vigencia 7 a\u00f1os) cr\u00e9ditos: 161.<\/p>\n<p style=\"text-align: left;\"><span style=\"color: #000000;\"><a style=\"color: #000000;\" href=\"https:\/\/uninavarra.edu.co\/landing\/ingenieria-industrial\/\"><strong><span style=\"font-family: 'Raleway', sans-serif; font-size: 20px;\"><u>Ingenier\u00eda Industrial<\/u><\/span><\/strong><\/a><\/span><\/p>\n<p>Con fortaleza en Inteligencia Artificial, Rob\u00f3tica y Automatizaci\u00f3n<\/p>\n<p>C\u00f3digo SNIES: 103239- Registro Calificado: Resoluci\u00f3n n.\u00ba 001278 del 15 de\u00a0 febrero de 2024 (vigencia 7 a\u00f1os) cr\u00e9ditos: 158.<\/p>\n<p>&nbsp;<\/p>\n<p>&nbsp;<\/p>\n<p>&nbsp;<\/p>\n<p style=\"text-align: left;\"><span style=\"font-family: 'Raleway', sans-serif; font-size: 20px; ; color: #cf0611;\"><strong>TECNOLOG\u00cdA<\/strong><\/span><\/p>\n<p style=\"text-align: left;\"><span style=\"color: #000000;\"><a style=\"color: #000000;\" href=\"https:\/\/uninavarra.edu.co\/landing\/radiologia-e-imagenes-diagnosticas\/\"><strong><span style=\"font-family: 'Raleway', sans-serif; font-size: 20px;\"><u>Tecnolog\u00eda en Radiolog\u00eda e Im\u00e1genes\u00a0Diagn\u00f3sticas<\/u><\/span><\/strong><\/a><\/span><\/p>\n<p>Centros de pr\u00e1cticas propios de alta complejidad<\/p>\n<p>C\u00f3digo SNIES: 103389- Registro Calificado: Resoluci\u00f3n n.\u00ba 012515 del 30 de julio de 2024 \u2013 MEN (vigencia 7 a\u00f1os) cr\u00e9ditos: 109.<\/p>\n<p>&nbsp;<\/p>\n<p style=\"text-align: left;\"><span style=\"font-family: 'Raleway', sans-serif; font-size: 20px; color: #cf0611;\"><strong>POSGRADOS<\/strong><\/span><\/p>\n<p><span style=\"color: #000000;\"><a style=\"color: #000000;\" href=\"https:\/\/uninavarra.edu.co\/especializacion-medicina-familiar\/\"><strong><span style=\"font-family: 'Raleway', sans-serif; font-size: 20px;\"><u><span data-teams=\"true\">Especializaci\u00f3n en <\/span>Medicina Familiar<\/u><\/span><\/strong><\/a><\/span><\/p>\n<p>C\u00f3digo SNIES: 111582- Registro Calificado: Resoluci\u00f3n n.\u00ba 6812 del 26 de abril de 2023 \u2013 MEN (Vigencia: 7 a\u00f1os) cr\u00e9ditos: 198.<\/p>\n<p><span style=\"color: #000000;\"><a style=\"color: #000000;\" href=\"https:\/\/uninavarra.edu.co\/especializacion-medicina-interna\/\"><strong><span style=\"font-family: 'Raleway', sans-serif; font-size: 20px;\"><u><span data-teams=\"true\">Especializaci\u00f3n en <\/span>Medicina Interna<\/u><\/span><\/strong><\/a><\/span><\/p>\n<p>C\u00f3digo SNIES: 117215- Registro Calificado: Resoluci\u00f3n n.\u00ba 15355 del 13 de septiembre de 2024 \u2013 MEN (Vigencia: 7 a\u00f1os) cr\u00e9ditos: 196.<\/p>\n<p style=\"text-align: left;\"><span style=\"color: #000000;\"><a style=\"color: #000000;\" href=\"https:\/\/uninavarra.edu.co\/especializacion-en-derecho-medico\/\"><strong><span style=\"font-family: 'Raleway', sans-serif; font-size: 20px;\"><u><span data-teams=\"true\">Especializaci\u00f3n en <\/span>Derecho M\u00e9dico<\/u><\/span><\/strong><\/a><\/span><\/p>\n<p>C\u00f3digo SNIES: 107402- Registro Calificado: Resoluci\u00f3n n.\u00ba 016458 del 31 de julio de 2025 \u2013 MEN (Vigencia: 7 a\u00f1os) cr\u00e9ditos: 28.<\/p>\n<p style=\"text-align: left;\"><span style=\"color: #000000;\"><a style=\"color: #000000;\" href=\"https:\/\/uninavarra.edu.co\/especializacion-en-derecho-constitucional-y-sistema-interamericano-de-derechos-humanos\/\"><strong><span style=\"font-family: 'Raleway', sans-serif; font-size: 20px;\"><u><span data-teams=\"true\">Especializaci\u00f3n en <\/span>Derecho Constitucional y Sistema Interamericano de Derechos Humanos<\/u><\/span><\/strong><\/a><\/span><\/p>\n<p>C\u00f3digo SNIES: 106068- Registro Calificado: Resoluci\u00f3n n.\u00ba 005905 del 2 de mayo de 2024 \u2013 MEN (Vigencia: 7 a\u00f1os) cr\u00e9ditos: 24.<\/p>\n<p style=\"text-align: left;\"><span style=\"color: #000000;\"><a style=\"color: #000000;\" href=\"https:\/\/uninavarra.edu.co\/especializacion-en-derecho-laboral-y-seguridad-social-2\/\"><strong><span style=\"font-family: 'Raleway', sans-serif; font-size: 20px;\"><u><span data-teams=\"true\">Especializaci\u00f3n en <\/span>Derecho Laboral y Seguridad Social<\/u><\/span><\/strong><\/a><\/span><\/p>\n<p>C\u00f3digo SNIES: 110228- Registro Calificado: Resoluci\u00f3n n.\u00ba 7360 del 28 de abril de 2021 \u2013 MEN (vigencia 7 a\u00f1os) cr\u00e9ditos: 26.<\/p>\n<p style=\"text-align: left;\"><span style=\"color: #000000;\"><a style=\"color: #000000;\" href=\"https:\/\/uninavarra.edu.co\/especializacion-litigacion-oral\/\"><strong><span style=\"font-family: 'Raleway', sans-serif; font-size: 20px;\"><u><span data-teams=\"true\">Especializaci\u00f3n en <\/span>Litigaci\u00f3n Oral<\/u><\/span><\/strong><\/a><\/span><\/p>\n<p>C\u00f3digo SNIES: 110581- Registro Calificado: Resoluci\u00f3n n.\u00ba 014642 del 12 de agosto de 2021 \u2013 MEN Vigencia: 7 a\u00f1os cr\u00e9ditos: 29.<\/p>\n<p style=\"text-align: left;\"><span style=\"color: #000000;\"><a style=\"color: #000000;\" href=\"https:\/\/uninavarra.edu.co\/especializacion-en-gerencia-de-seguridad-y-salud-en-el-trabajo-2\/\"><strong><span style=\"font-family: 'Raleway', sans-serif; font-size: 20px;\"><u><span data-teams=\"true\">Especializaci\u00f3n en <\/span>Gerencia de Seguridad y Salud en el Trabajo<\/u><\/span><\/strong><\/a><\/span><\/p>\n<p>C\u00f3digo SNIES: 110249- Registro Calificado: Resoluci\u00f3n n.\u00ba 7616 del 5 de mayo de 2021 \u2013 MEN (Vigencia: 7 a\u00f1os) cr\u00e9ditos: 32.<\/p>\n<\/div>\n<\/div><div class=\"vc_toggle vc_toggle_default vc_toggle_color_default  vc_toggle_size_md\">\n\t<div class=\"vc_toggle_title\"><h4>\u00bfCu\u00e1les son los valores de los pregrados y posgrados de UNINAVARRA?<\/h4><i class=\"vc_toggle_icon\"><\/i><\/div>\n\t<div class=\"vc_toggle_content\"><p style=\"text-align: center;\"><a class=\"vc_general vc_btn3 vc_btn3-size-md vc_btn3-shape-rounded vc_btn3-style-modern vc_btn3-color-navarra\" href=\"https:\/\/uninavarra.edu.co\/wp-content\/uploads\/2025\/12\/Acuerdo-007-Derechos-pecuniarios-2026.pdf\">ACUERDO 007 DERECHOS PECUNIARIOS 2026<\/a><\/p>\n<\/div>\n<\/div><div class=\"vc_toggle vc_toggle_default vc_toggle_color_default  vc_toggle_size_md\">\n\t<div class=\"vc_toggle_title\"><h4>\u00bfCu\u00e1ndo se abren inscripciones?<\/h4><i class=\"vc_toggle_icon\"><\/i><\/div>\n\t<div class=\"vc_toggle_content\"><table width=\"524\">\n<tbody>\n<tr>\n<td style=\"text-align: center;\" rowspan=\"2\" width=\"181\">\n<p style=\"text-align: center;\"><span style=\"font-family: 'Raleway', sans-serif; font-size: 20px;\"><strong>Programa<\/strong><\/span><\/p>\n<\/td>\n<td style=\"text-align: center;\" colspan=\"2\" width=\"176\"><span style=\"font-family: 'Raleway', sans-serif; font-size: 20px;\"><strong>PERIODO ACAD\u00c9MICO 1<\/strong><\/span><\/td>\n<td style=\"text-align: center;\" colspan=\"2\" width=\"167\"><span style=\"font-family: 'Raleway', sans-serif; font-size: 20px;\"><strong>PERIODO ACAD\u00c9MICO 2<\/strong><\/span><\/td>\n<\/tr>\n<tr>\n<td style=\"text-align: center;\" width=\"85\"><span style=\"font-family: 'Raleway', sans-serif; font-size: 20px;\"><strong>Apertura<\/strong><\/span><\/td>\n<td style=\"text-align: center;\" width=\"91\"><span style=\"font-family: 'Raleway', sans-serif; font-size: 20px;\"><strong>Cierre<\/strong><\/span><\/td>\n<td style=\"text-align: center;\" width=\"85\"><span style=\"font-family: 'Raleway', sans-serif; font-size: 20px;\"><strong>Apertura<\/strong><\/span><\/td>\n<td style=\"text-align: center;\" width=\"82\"><span style=\"font-family: 'Raleway', sans-serif; font-size: 20px;\"><strong>Cierre<\/strong><\/span><\/td>\n<\/tr>\n<tr>\n<td style=\"text-align: center;\" width=\"181\"><span style=\"font-family: 'Raleway', sans-serif; font-size: 20px;\">Medicina<\/span><\/td>\n<td style=\"text-align: center;\" width=\"85\"><\/td>\n<td style=\"text-align: center;\" width=\"91\"><\/td>\n<td style=\"text-align: center;\" width=\"85\"><span style=\"font-family: Raleway, sans-serif;\"><span style=\"font-size: 20px;\">ENERO<\/span><\/span><\/td>\n<td style=\"text-align: center;\" width=\"82\"><span style=\"font-family: Raleway, sans-serif;\"><span style=\"font-size: 20px;\">JUNIO<\/span><\/span><\/td>\n<\/tr>\n<tr>\n<td style=\"text-align: center;\" width=\"181\"><span style=\"font-family: 'Raleway', sans-serif; font-size: 20px;\">Enfermer\u00eda<\/span><\/td>\n<td style=\"text-align: center;\" width=\"85\"><\/td>\n<td style=\"text-align: center;\" width=\"91\"><\/td>\n<td style=\"text-align: center;\" width=\"85\"><span style=\"font-family: Raleway, sans-serif;\"><span style=\"font-size: 20px;\">ENERO<\/span><\/span><\/td>\n<td style=\"text-align: center;\" width=\"82\"><span style=\"font-family: Raleway, sans-serif;\"><span style=\"font-size: 20px;\">JUNIO<\/span><\/span><\/td>\n<\/tr>\n<tr>\n<td style=\"text-align: center;\" width=\"181\"><span style=\"font-family: 'Raleway', sans-serif; font-size: 20px;\">Ingenier\u00eda Ambiental<\/span><\/td>\n<td style=\"text-align: center;\" width=\"85\"><\/td>\n<td style=\"text-align: center;\" width=\"91\"><\/td>\n<td style=\"text-align: center;\" width=\"85\"><span style=\"font-family: Raleway, sans-serif;\"><span style=\"font-size: 20px;\">FEBRERO<\/span><\/span><\/td>\n<td style=\"text-align: center;\" width=\"82\"><span style=\"font-family: Raleway, sans-serif;\"><span style=\"font-size: 20px;\">JULIO<\/span><\/span><\/td>\n<\/tr>\n<tr>\n<td style=\"text-align: center;\" width=\"181\"><span style=\"font-family: 'Raleway', sans-serif; font-size: 20px;\">Ingenier\u00eda Industrial<\/span><\/td>\n<td style=\"text-align: center;\" width=\"85\"><\/td>\n<td style=\"text-align: center;\" width=\"91\"><\/td>\n<td style=\"text-align: center;\" width=\"85\"><span style=\"font-family: Raleway, sans-serif;\"><span style=\"font-size: 20px;\">FEBRERO<\/span><\/span><\/td>\n<td style=\"text-align: center;\" width=\"82\"><span style=\"font-family: Raleway, sans-serif;\"><span style=\"font-size: 20px;\">JULIO<\/span><\/span><\/td>\n<\/tr>\n<tr>\n<td style=\"text-align: center;\" width=\"181\"><span style=\"font-family: 'Raleway', sans-serif; font-size: 20px;\">Derecho<\/span><\/td>\n<td style=\"text-align: center;\" width=\"85\"><\/td>\n<td style=\"text-align: center;\" width=\"91\"><\/td>\n<td style=\"text-align: center;\" width=\"85\"><span style=\"font-family: Raleway, sans-serif;\"><span style=\"font-size: 20px;\">FEBRERO<\/span><\/span><\/td>\n<td style=\"text-align: center;\" width=\"82\"><span style=\"font-family: Raleway, sans-serif;\"><span style=\"font-size: 20px;\">JULIO<\/span><\/span><\/td>\n<\/tr>\n<tr>\n<td style=\"text-align: center;\" width=\"181\"><span style=\"font-family: 'Raleway', sans-serif; font-size: 20px;\">Administraci\u00f3n de Empresas<\/span><\/td>\n<td style=\"text-align: center;\" width=\"85\"><\/td>\n<td style=\"text-align: center;\" width=\"91\"><\/td>\n<td style=\"text-align: center;\" width=\"85\"><span style=\"font-family: Raleway, sans-serif;\"><span style=\"font-size: 20px;\">FEBRERO<\/span><\/span><\/td>\n<td style=\"text-align: center;\" width=\"82\"><span style=\"font-family: Raleway, sans-serif;\"><span style=\"font-size: 20px;\">JULIO<\/span><\/span><\/td>\n<\/tr>\n<tr>\n<td style=\"text-align: center;\" width=\"181\"><span style=\"font-family: 'Raleway', sans-serif; font-size: 20px;\">Tecnolog\u00eda en Radiolog\u00eda e Im\u00e1genes Diagn\u00f3sticas<\/span><\/td>\n<td style=\"text-align: center;\" width=\"85\"><\/td>\n<td style=\"text-align: center;\" width=\"91\"><\/td>\n<td style=\"text-align: center;\" width=\"85\"><span style=\"font-family: Raleway, sans-serif;\"><span style=\"font-size: 20px;\">FEBRERO<\/span><\/span><\/td>\n<td style=\"text-align: center;\" width=\"82\"><span style=\"font-family: Raleway, sans-serif;\"><span style=\"font-size: 20px;\">JULIO<\/span><\/span><\/td>\n<\/tr>\n<tr>\n<td style=\"text-align: center;\" width=\"181\"><span style=\"font-family: 'Raleway', sans-serif; font-size: 20px;\">Especializaciones<\/span><\/td>\n<td style=\"text-align: center;\" colspan=\"4\" width=\"85\"><span style=\"font-family: 'Raleway', sans-serif; font-size: 20px;\">Inscripciones abiertas hasta completar los cupos<\/span><\/td>\n<\/tr>\n<tr>\n<td style=\"text-align: center;\" width=\"181\"><span style=\"font-family: 'Raleway', sans-serif; font-size: 20px;\">Medicina Interna<\/span><\/td>\n<td style=\"text-align: center;\" colspan=\"4\" width=\"85\"><span style=\"font-family: 'Raleway', sans-serif; font-size: 20px;\">\u00a0Periodicidad de admisi\u00f3n: Anual<\/span><\/td>\n<\/tr>\n<\/tbody>\n<\/table>\n<p><a class=\"vc_general vc_btn3 vc_btn3-size-lg vc_btn3-shape-rounded vc_btn3-style-modern vc_btn3-color-navarra\" href=\"https:\/\/uninavarra.edu.co\/admisiones\/\">Consulta nuestro Calendario <\/a><\/p>\n<\/div>\n<\/div><div class=\"vc_toggle vc_toggle_default vc_toggle_color_default  vc_toggle_size_md\">\n\t<div class=\"vc_toggle_title\"><h4>\u00bfCu\u00e1l es el costo de las inscripciones?<\/h4><i class=\"vc_toggle_icon\"><\/i><\/div>\n\t<div class=\"vc_toggle_content\"><p><span style=\"font-family: 'Raleway', sans-serif; font-size: 20px;\">Para este a\u00f1o 2026, los derechos de inscripci\u00f3n para los programas acad\u00e9micos ofertados por UNINAVARRA, son los siguientes:<\/span><\/p>\n<p>Valor inscripci\u00f3n pregrado $95.601 (Inscripci\u00f3n GRATIS estudiantes nuevos periodos 2026-1 y 2026-2)<br \/>\nValor inscripci\u00f3n posgrado $201.450<\/p>\n<\/div>\n<\/div><div class=\"vc_toggle vc_toggle_default vc_toggle_color_default  vc_toggle_size_md\">\n\t<div class=\"vc_toggle_title\"><h4>\u00bfCu\u00e1l es el proceso para inscribirse?<\/h4><i class=\"vc_toggle_icon\"><\/i><\/div>\n\t<div class=\"vc_toggle_content\"><div class=\"wpb-content-wrapper\">\n<div class=\"vc_row wpb_row vc_row-fluid row \">\n<div class=\"col-sm-6 vc_\">\n<div class=\"wpb_wrapper \">\n<div class=\"vc_btn3-container vc_btn3-center\"><a class=\"vc_general vc_btn3 vc_btn3-size-lg vc_btn3-shape-rounded vc_btn3-style-modern vc_btn3-color-navarra\" title=\"\" href=\"https:\/\/uninavarra.edu.co\/admisiones\/acceso-a-inscripciones\/\" target=\"_blank\" rel=\"noopener\">Acceso a Inscripciones <\/a><\/div>\n<\/div>\n<\/div>\n<div class=\"col-sm-6 vc_\">\n<div class=\"wpb_wrapper \">\n<div class=\"vc_btn3-container vc_btn3-center\"><a class=\"vc_general vc_btn3 vc_btn3-size-lg vc_btn3-shape-rounded vc_btn3-style-modern vc_btn3-color-navarra\" title=\"\" href=\"https:\/\/youtu.be\/n5-nmqW3sJM\" target=\"_blank\" rel=\"noopener\">Ver video tutorial<\/a><\/div>\n<\/div>\n<\/div>\n<\/div>\n<\/div>\n<\/div>\n<\/div><div class=\"vc_toggle vc_toggle_default vc_toggle_color_default  vc_toggle_size_md\">\n\t<div class=\"vc_toggle_title\"><h4>\u00bfCu\u00e1l es la metodolog\u00eda de los programas acad\u00e9micos de UNINAVARRA?<\/h4><i class=\"vc_toggle_icon\"><\/i><\/div>\n\t<div class=\"vc_toggle_content\"><p><span style=\"font-family: 'Raleway', sans-serif; font-size: 20px;\">Todos los programas de UNINAVARRA son de metodolog\u00eda 100% presencial. <\/span><\/p>\n<\/div>\n<\/div><div class=\"vc_toggle vc_toggle_default vc_toggle_color_default  vc_toggle_size_md\">\n\t<div class=\"vc_toggle_title\"><h4>\u00bfC\u00f3mo recuperar mi usuario y mi contrase\u00f1a?<\/h4><i class=\"vc_toggle_icon\"><\/i><\/div>\n\t<div class=\"vc_toggle_content\"><p><span style=\"font-family: 'Raleway', sans-serif; font-size: 20px;\">Escribe al WhatsApp de soporte solicitando restablecimiento de usuario y contrase\u00f1a, indicando que eres aspirante, nombre completo, numero de documento y correo electr\u00f3nico.<\/span><\/p>\n<p style=\"text-align: center;\"><a class=\"vc_general vc_btn3 vc_btn3-size-lg vc_btn3-shape-rounded vc_btn3-style-modern vc_btn3-color-navarra\" href=\"https:\/\/api.whatsapp.com\/send\/?phone=573157612148&amp;text=Hola%2C%22+%22mi+consulta+es%3A&amp;type=phone_number&amp;app_absent=0\">Soporte TIC <\/a><\/p>\n<\/div>\n<\/div><div class=\"vc_toggle vc_toggle_default vc_toggle_color_default  vc_toggle_size_md\">\n\t<div class=\"vc_toggle_title\"><h4>\u00bfC\u00f3mo hago para saber si estoy inscrito?<\/h4><i class=\"vc_toggle_icon\"><\/i><\/div>\n\t<div class=\"vc_toggle_content\"><p><span style=\"font-family: 'Raleway', sans-serif; font-size: 20px;\">Recibir\u00e1s una notificaci\u00f3n de confirmaci\u00f3n del estado de tu inscripci\u00f3n a tu correo electr\u00f3nico. Una vez completes tu inscripci\u00f3n recibir\u00e1s la informaci\u00f3n sobre las fechas para las pruebas de admisi\u00f3n.<\/span><\/p>\n<\/div>\n<\/div><\/div><\/div><\/div><\/div><div id=\"admisiones-y-registro\" class=\"vc_row wpb_row vc_inner vc_row-fluid\"><div class=\"vc_ col-sm-12\"><div class=\"vc_column-inner\"><div class=\"wpb_wrapper\">\n\t<div class=\"wpb_text_column wpb_content_element\" >\n\t\t<div class=\"wpb_wrapper\">\n\t\t\t<p style=\"text-align: center; font-family: 'Raleway', sans-serif;\"><span style=\"color: #e30613;\"><strong><span style=\"font-size: 24px; font-family: 'Raleway', sans-serif;\"><a id=\"admisionesregistro\"><\/a>ADMISIONES Y REGISTRO<\/span><\/strong><\/span><\/p>\n\n\t\t<\/div>\n\t<\/div>\n<div class=\"vc_empty_space\"   style=\"height: 32px\"><span class=\"vc_empty_space_inner\"><\/span><\/div>\n\t<div class=\"wpb_text_column wpb_content_element\" >\n\t\t<div class=\"wpb_wrapper\">\n\t\t\t<p><span id=\"prematricula\" style=\"color: #000000;\"><strong><span style=\"font-family: 'Raleway', sans-serif; font-size: 20px;\"><u>Prematr\u00edcula<\/u><\/span><\/strong><\/span><\/p>\n\n\t\t<\/div>\n\t<\/div>\n<div class=\"vc_empty_space\"   style=\"height: 16px\"><span class=\"vc_empty_space_inner\"><\/span><\/div><div class=\"vc_toggle vc_toggle_default vc_toggle_color_default  vc_toggle_size_md\">\n\t<div class=\"vc_toggle_title\"><h4>\u00bfEs necesario presentar las pruebas icfes y cuanto es el puntaje m\u00ednimo para ser admitido?<\/h4><i class=\"vc_toggle_icon\"><\/i><\/div>\n\t<div class=\"vc_toggle_content\"><p><span style=\"font-family: 'Raleway', sans-serif; font-size: 20px;\">Para el proceso de inscripci\u00f3n es requisito fundamental haber presentado las pruebas icfes. En relaci\u00f3n con el resultado necesario para el proceso de admisi\u00f3n, la instituci\u00f3n estableci\u00f3 un puntaje global m\u00ednimo por programa.<\/span><\/p>\n<p>&nbsp;<\/p>\n<table>\n<tbody>\n<tr>\n<td style=\"text-align: center;\" width=\"377\"><span style=\"font-family: 'Raleway', sans-serif; font-size: 20px;\"><strong>PROGRAMA<\/strong><\/span><\/td>\n<td style=\"text-align: center;\" width=\"164\"><span style=\"font-family: 'Raleway', sans-serif; font-size: 20px;\"><strong>PUNTAJE M\u00cdNIMO<\/strong><\/span><\/td>\n<\/tr>\n<tr>\n<td style=\"text-align: center;\" width=\"377\"><span style=\"font-family: 'Raleway', sans-serif; font-size: 20px;\">MEDICINA<\/span><\/td>\n<td style=\"text-align: center;\" width=\"164\"><span style=\"font-family: 'Raleway', sans-serif; font-size: 20px;\">41,99<\/span><\/td>\n<\/tr>\n<tr>\n<td style=\"text-align: center;\" width=\"377\"><span style=\"font-family: 'Raleway', sans-serif; font-size: 20px;\">ENFERMER\u00cdA<\/span><\/td>\n<td style=\"text-align: center;\" width=\"164\"><span style=\"font-family: 'Raleway', sans-serif; font-size: 20px;\">37,29<\/span><\/td>\n<\/tr>\n<tr>\n<td style=\"text-align: center;\" width=\"377\"><span style=\"font-family: 'Raleway', sans-serif; font-size: 20px;\">TECNOLOG\u00cdA EN RADIOLOG\u00cdA E IM\u00c1GENES DIAGN\u00d3STICAS<\/span><\/td>\n<td style=\"text-align: center;\" width=\"164\"><span style=\"font-family: 'Raleway', sans-serif; font-size: 20px;\">32,778<\/span><\/td>\n<\/tr>\n<tr>\n<td style=\"text-align: center;\" width=\"377\"><span style=\"font-family: 'Raleway', sans-serif; font-size: 20px;\">BIOLOG\u00cdA<\/span><\/td>\n<td style=\"text-align: center;\" width=\"164\"><span style=\"font-family: 'Raleway', sans-serif; font-size: 20px;\">37,353<\/span><\/td>\n<\/tr>\n<tr>\n<td style=\"text-align: center;\" width=\"377\"><span style=\"font-family: 'Raleway', sans-serif; font-size: 20px;\">DERECHO<\/span><\/td>\n<td style=\"text-align: center;\" width=\"164\"><span style=\"font-family: 'Raleway', sans-serif; font-size: 20px;\">38,400<\/span><\/td>\n<\/tr>\n<tr>\n<td style=\"text-align: center;\" width=\"377\"><span style=\"font-family: 'Raleway', sans-serif; font-size: 20px;\">INGENIER\u00cdA AMBIENTAL<\/span><\/td>\n<td style=\"text-align: center;\" width=\"164\"><span style=\"font-family: 'Raleway', sans-serif; font-size: 20px;\">37,950<\/span><\/td>\n<\/tr>\n<tr>\n<td style=\"text-align: center;\" width=\"377\"><span style=\"font-family: 'Raleway', sans-serif; font-size: 20px;\">INGENIER\u00cdA INDUSTRIAL<\/span><\/td>\n<td style=\"text-align: center;\" width=\"164\"><span style=\"font-family: 'Raleway', sans-serif; font-size: 20px;\">37,950<\/span><\/td>\n<\/tr>\n<tr>\n<td style=\"text-align: center;\" width=\"377\"><span style=\"font-family: 'Raleway', sans-serif; font-size: 20px;\">ADMINISTRACI\u00d3N DE EMPRESAS<\/span><\/td>\n<td style=\"text-align: center;\" width=\"164\"><span style=\"font-family: 'Raleway', sans-serif; font-size: 20px;\">31,657<\/span><\/td>\n<\/tr>\n<\/tbody>\n<\/table>\n<\/div>\n<\/div><div class=\"vc_toggle vc_toggle_default vc_toggle_color_default  vc_toggle_size_md\">\n\t<div class=\"vc_toggle_title\"><h4>\u00bfQu\u00e9 tipo de entrevista se realiza?<\/h4><i class=\"vc_toggle_icon\"><\/i><\/div>\n\t<div class=\"vc_toggle_content\"><p><span style=\"font-family: 'Raleway', sans-serif; font-size: 20px;\">Las pruebas para admisi\u00f3n dependen del programa acad\u00e9mico.<\/span><\/p>\n<table>\n<tbody>\n<tr>\n<td style=\"text-align: center;\" colspan=\"3\" width=\"541\"><span style=\"font-family: 'Raleway', sans-serif; font-size: 20px;\">Para los aspirantes a los programas de<strong> Medicina<\/strong>:<\/span><\/td>\n<\/tr>\n<tr>\n<td width=\"141\"><span style=\"font-family: 'Raleway', sans-serif; font-size: 20px;\"><strong>TIPO DE EVALUACI\u00d3N<\/strong><\/span><\/td>\n<td width=\"271\"><span style=\"font-family: 'Raleway', sans-serif; font-size: 20px;\"><strong>PERFIL EVALUADO<\/strong><\/span><\/td>\n<td width=\"129\"><span style=\"font-family: 'Raleway', sans-serif; font-size: 20px;\"><strong>PESOS EVALUATIVOS<\/strong><\/span><\/td>\n<\/tr>\n<tr>\n<td style=\"text-align: left;\" rowspan=\"2\" width=\"141\"><span style=\"font-family: 'Raleway', sans-serif; font-size: 20px;\"><strong>ENTREVISTA<\/strong><\/span><\/td>\n<td width=\"271\"><span style=\"font-family: 'Raleway', sans-serif; font-size: 20px;\"><strong>Perfil personal<\/strong> donde se eval\u00faan rasgos de<br \/>\npersonalidad de los aspirantes para verificar afinidad con el perfil de ingreso de cada programa<br \/>\n(Entrevista por Psic\u00f3loga)<\/span><\/td>\n<td style=\"text-align: center;\" rowspan=\"2\" width=\"129\"><span style=\"font-family: 'Raleway', sans-serif; font-size: 20px;\">20%<\/span><\/td>\n<\/tr>\n<tr>\n<td width=\"271\"><span style=\"font-family: 'Raleway', sans-serif; font-size: 20px;\"><strong>Perfil Actitudinal<\/strong> donde se determinar\u00e1 la afinidad<br \/>\nentre el estudiante y los requisitos formativos del<br \/>\nprograma. (Entrevista por director de Programa)<\/span><\/td>\n<\/tr>\n<tr>\n<td width=\"141\"><span style=\"font-family: 'Raleway', sans-serif; font-size: 20px;\"><strong>PRUEBA PSICOM\u00c9TRICA DE PERSONALIDAD<\/strong><\/span><\/td>\n<td width=\"271\"><span style=\"font-family: 'Raleway', sans-serif; font-size: 20px;\"><strong>Perfil psicol\u00f3gico<\/strong> evaluarlo desde una perspectiva<br \/>\ncl\u00ednica a fin de asegurar la afinidad y estabilidad de<br \/>\neste perfil en cada estudiante con la carrera a cursar<\/span><\/td>\n<td style=\"text-align: center;\" width=\"129\"><span style=\"font-family: 'Raleway', sans-serif; font-size: 20px;\">20%<\/span><\/td>\n<\/tr>\n<tr>\n<td rowspan=\"2\" width=\"141\"><span style=\"font-family: 'Raleway', sans-serif; font-size: 20px;\"><strong>COGNITIVA<\/strong><\/span><\/p>\n<p>&nbsp;<\/p>\n<p><span style=\"font-family: 'Raleway', sans-serif; font-size: 20px;\">EXAMEN DE ADMISI\u00d3N<\/span><\/p>\n<p>&nbsp;<\/p>\n<p><span style=\"font-family: 'Raleway', sans-serif; font-size: 20px;\">PRUEBAS DE ESTADO<\/span><\/p>\n<p><span style=\"font-family: 'Raleway', sans-serif; font-size: 20px;\">\u201cSaber 11<\/span><\/td>\n<td width=\"271\"><span style=\"font-family: 'Raleway', sans-serif; font-size: 20px;\"><strong>Perfil Intelectual<\/strong> donde se eval\u00faa el grado de<br \/>\nconocimientos: EXAMEN DE ADMISI\u00d3N<\/span><\/td>\n<td style=\"text-align: center;\" width=\"129\"><span style=\"font-family: 'Raleway', sans-serif; font-size: 20px;\">40%<\/span><\/td>\n<\/tr>\n<tr>\n<td width=\"271\"><span style=\"font-family: 'Raleway', sans-serif; font-size: 20px;\">Pruebas de Estado de Aptitud y Conocimientos \u2013 Examen de Estado para el Ingreso a la Educaci\u00f3n Superior \u201cSaber 11\u201d del Instituto Colombiano para el Fomento de la Educaci\u00f3n Superior ICFES.<\/span><\/td>\n<td style=\"text-align: center;\" width=\"129\"><span style=\"font-family: 'Raleway', sans-serif; font-size: 20px;\">20%<\/span><\/td>\n<\/tr>\n<\/tbody>\n<\/table>\n<p>&nbsp;<\/p>\n<table>\n<tbody>\n<tr>\n<td colspan=\"4\" width=\"541\"><span style=\"font-family: 'Raleway', sans-serif; font-size: 20px;\">Para los aspirantes a los programas de <strong>Enfermer\u00eda<\/strong> y <strong>Tecnolog\u00eda en Radiolog\u00eda e Im\u00e1genes Diagn\u00f3sticas<\/strong>:<\/span><\/td>\n<\/tr>\n<tr>\n<td width=\"141\"><span style=\"font-family: 'Raleway', sans-serif; font-size: 20px;\"><strong>TIPO DE<\/strong><\/span><\/p>\n<p><span style=\"font-family: 'Raleway', sans-serif; font-size: 20px;\"><strong>EVALUACI\u00d3N<\/strong><\/span><\/td>\n<td colspan=\"2\" width=\"271\"><span style=\"font-family: 'Raleway', sans-serif; font-size: 20px;\"><strong>PERFIL EVALUADO<\/strong><\/span><\/td>\n<td width=\"129\"><span style=\"font-family: 'Raleway', sans-serif; font-size: 20px;\"><strong>PESOS EVALUATIVOS<\/strong><\/span><\/td>\n<\/tr>\n<tr>\n<td rowspan=\"2\" width=\"141\"><span style=\"font-family: 'Raleway', sans-serif; font-size: 20px;\">ENTREVISTA<\/span><\/td>\n<td colspan=\"2\" width=\"271\"><span style=\"font-family: 'Raleway', sans-serif; font-size: 20px;\"><strong>Perfil personal<\/strong> donde se eval\u00faan rasgos de personalidad de los aspirantes para verificar afinidad con el perfil de ingreso de cada programa (Entrevista por Psic\u00f3loga)<\/span><\/td>\n<td style=\"text-align: center;\" rowspan=\"2\" width=\"129\"><span style=\"font-family: 'Raleway', sans-serif; font-size: 20px;\">30%<\/span><\/td>\n<\/tr>\n<tr>\n<td colspan=\"2\" width=\"271\"><span style=\"font-family: 'Raleway', sans-serif; font-size: 20px;\"><strong>Perfil Actitudinal<\/strong> donde se determinar\u00e1 la afinidad entre el estudiante y los requisitos formativos del programa. (Entrevista por Director de Programa)<\/span><\/td>\n<\/tr>\n<tr>\n<td style=\"text-align: center;\" width=\"141\"><span style=\"font-family: 'Raleway', sans-serif; font-size: 20px;\">PRUEBA PSICOM\u00c9TRICA DE PERSONALIDAD<\/span><\/td>\n<td colspan=\"2\" width=\"271\"><span style=\"font-family: 'Raleway', sans-serif; font-size: 20px;\"><strong>Perfil psicol\u00f3gico<\/strong> evaluarlo desde una perspectiva cl\u00ednica a fin de asegurar la afinidad y estabilidad de este perfil en cada estudiante con la carrera a cursar<\/span><\/td>\n<td style=\"text-align: center;\" width=\"129\"><span style=\"font-family: 'Raleway', sans-serif; font-size: 20px;\">30%<\/span><\/td>\n<\/tr>\n<tr>\n<td width=\"141\"><span style=\"font-family: 'Raleway', sans-serif; font-size: 20px;\">COGNITIVA PUNTAJE ICFES \u201cSABER 11\u201d<\/span><\/td>\n<td colspan=\"2\" width=\"271\"><span style=\"font-family: 'Raleway', sans-serif; font-size: 20px;\">Perfil Intelectual donde se eval\u00faa el grado de conocimientos y con base en las pruebas de Estado de Aptitud y Conocimientos \u2013 Examen de Estado para el Ingreso a la Educaci\u00f3n Superior \u201cSaber 11\u201d del Instituto Colombiano para el Fomento de la Educaci\u00f3n Superior ICFES.<\/span><\/td>\n<td style=\"text-align: center;\" width=\"129\"><span style=\"font-family: 'Raleway', sans-serif; font-size: 20px;\">40%<\/span><\/td>\n<\/tr>\n<\/tbody>\n<\/table>\n<p>&nbsp;<\/p>\n<table style=\"height: 649px;\" width=\"591\">\n<tbody>\n<tr>\n<td style=\"text-align: center;\" colspan=\"3\"><span style=\"font-family: 'Raleway', sans-serif; font-size: 20px;\"><br \/>\nPara los aspirantes a los programas de Derecho, Administraci\u00f3n de Empresas, Ingenier\u00eda Ambiental e Ingenier\u00eda Industrial:<br \/>\n<\/span><\/td>\n<\/tr>\n<tr>\n<td><span style=\"font-family: 'Raleway', sans-serif; font-size: 20px;\"><strong>TIPO DE EVALUACI\u00d3N<\/strong><\/span><\/td>\n<td><span style=\"font-family: 'Raleway', sans-serif; font-size: 20px;\"><strong>PERFIL EVALUADO<\/strong><\/span><\/td>\n<td><span style=\"font-family: 'Raleway', sans-serif; font-size: 20px;\"><strong>PESOS EVALUATIVOS<\/strong><\/span><\/td>\n<\/tr>\n<p><!-- ENTREVISTA --><\/p>\n<tr>\n<td><span style=\"font-family: 'Raleway', sans-serif; font-size: 20px;\"><strong>ENTREVISTA<\/strong><\/span><\/td>\n<td><span style=\"font-family: 'Raleway', sans-serif; font-size: 20px;\"><br \/>\n<strong>Perfil actitudinal<\/strong> donde se determinar\u00e1 la afinidad entre el estudiante y los requisitos formativos del programa. (Entrevista por director de Programa y psic\u00f3loga)<br \/>\n<\/span><\/td>\n<td style=\"text-align: center;\"><span style=\"font-family: 'Raleway', sans-serif; font-size: 20px;\">30%<\/span><\/td>\n<\/tr>\n<p><!-- PRUEBA DE PERSONALIDAD --><\/p>\n<tr>\n<td><span style=\"font-family: 'Raleway', sans-serif; font-size: 20px;\"><strong>PRUEBA DE PERSONALIDAD<\/strong><\/span><\/td>\n<td><span style=\"font-family: 'Raleway', sans-serif; font-size: 20px;\"><br \/>\n<strong>Perfil personal<\/strong> donde se eval\u00faan rasgos de personalidad de los aspirantes para verificar afinidad con el perfil de ingreso de cada programa.<br \/>\n<\/span><\/td>\n<td style=\"text-align: center;\"><span style=\"font-family: 'Raleway', sans-serif; font-size: 20px;\">30%<\/span><\/td>\n<\/tr>\n<p><!-- COGNITIVA --><\/p>\n<tr>\n<td><span style=\"font-family: 'Raleway', sans-serif; font-size: 20px;\"><br \/>\n<strong>COGNITIVA PUNTAJE ICFES SABER 11<\/strong><br \/>\n<\/span><\/td>\n<td><span style=\"font-family: 'Raleway', sans-serif; font-size: 20px;\"><br \/>\n<strong>Perfil Intelectual<\/strong> donde se eval\u00faa el grado de conocimientos y con base en las pruebas de Estado de Aptitud y Conocimientos &#8211; Examen de Estado para el Ingreso a la Educaci\u00f3n superior \u201cSaber 11\u201d del Instituto colombiano para el Fomento de la Educaci\u00f3n Superior ICFES.<br \/>\n<\/span><\/td>\n<td style=\"text-align: center;\"><span style=\"font-family: 'Raleway', sans-serif; font-size: 20px;\">40%<\/span><\/td>\n<\/tr>\n<\/tbody>\n<\/table>\n<\/div>\n<\/div><div class=\"vc_toggle vc_toggle_default vc_toggle_color_default  vc_toggle_size_md\">\n\t<div class=\"vc_toggle_title\"><h4>\u00bfQu\u00e9 tipo de entrevista se realiza?<\/h4><i class=\"vc_toggle_icon\"><\/i><\/div>\n\t<div class=\"vc_toggle_content\"><p><span style=\"font-family: 'Raleway', sans-serif; font-size: 20px;\">Las pruebas para admisi\u00f3n dependen del programa acad\u00e9mico.<\/span><\/p>\n<table>\n<tbody>\n<tr>\n<td style=\"text-align: center;\" colspan=\"3\" width=\"541\"><span style=\"font-family: 'Raleway', sans-serif; font-size: 20px;\">Para los aspirantes a los programas de<strong> Medicina<\/strong>:<\/span><\/td>\n<\/tr>\n<tr>\n<td width=\"141\"><span style=\"font-family: 'Raleway', sans-serif; font-size: 20px;\"><strong>TIPO DE EVALUACI\u00d3N<\/strong><\/span><\/td>\n<td width=\"271\"><span style=\"font-family: 'Raleway', sans-serif; font-size: 20px;\"><strong>PERFIL EVALUADO<\/strong><\/span><\/td>\n<td width=\"129\"><span style=\"font-family: 'Raleway', sans-serif; font-size: 20px;\"><strong>PESOS EVALUATIVOS<\/strong><\/span><\/td>\n<\/tr>\n<tr>\n<td style=\"text-align: left;\" rowspan=\"2\" width=\"141\"><span style=\"font-family: 'Raleway', sans-serif; font-size: 20px;\"><strong>ENTREVISTA<\/strong><\/span><\/td>\n<td width=\"271\"><span style=\"font-family: 'Raleway', sans-serif; font-size: 20px;\"><strong>Perfil personal<\/strong> donde se eval\u00faan rasgos de<br \/>\npersonalidad de los aspirantes para verificar afinidad con el perfil de ingreso de cada programa<br \/>\n(Entrevista por Psic\u00f3loga)<\/span><\/td>\n<td style=\"text-align: center;\" rowspan=\"2\" width=\"129\"><span style=\"font-family: 'Raleway', sans-serif; font-size: 20px;\">20%<\/span><\/td>\n<\/tr>\n<tr>\n<td width=\"271\"><span style=\"font-family: 'Raleway', sans-serif; font-size: 20px;\"><strong>Perfil Actitudinal<\/strong> donde se determinar\u00e1 la afinidad<br \/>\nentre el estudiante y los requisitos formativos del<br \/>\nprograma. (Entrevista por director de Programa)<\/span><\/td>\n<\/tr>\n<tr>\n<td width=\"141\"><span style=\"font-family: 'Raleway', sans-serif; font-size: 20px;\"><strong>PRUEBA PSICOM\u00c9TRICA DE PERSONALIDAD<\/strong><\/span><\/td>\n<td width=\"271\"><span style=\"font-family: 'Raleway', sans-serif; font-size: 20px;\"><strong>Perfil psicol\u00f3gico<\/strong> evaluarlo desde una perspectiva<br \/>\ncl\u00ednica a fin de asegurar la afinidad y estabilidad de<br \/>\neste perfil en cada estudiante con la carrera a cursar<\/span><\/td>\n<td style=\"text-align: center;\" width=\"129\"><span style=\"font-family: 'Raleway', sans-serif; font-size: 20px;\">20%<\/span><\/td>\n<\/tr>\n<tr>\n<td rowspan=\"2\" width=\"141\"><span style=\"font-family: 'Raleway', sans-serif; font-size: 20px;\"><strong>COGNITIVA<\/strong><\/span><\/p>\n<p>&nbsp;<\/p>\n<p><span style=\"font-family: 'Raleway', sans-serif; font-size: 20px;\">EXAMEN DE ADMISI\u00d3N<\/span><\/p>\n<p>&nbsp;<\/p>\n<p><span style=\"font-family: 'Raleway', sans-serif; font-size: 20px;\">PRUEBAS DE ESTADO<\/span><\/p>\n<p><span style=\"font-family: 'Raleway', sans-serif; font-size: 20px;\">\u201cSaber 11<\/span><\/td>\n<td width=\"271\"><span style=\"font-family: 'Raleway', sans-serif; font-size: 20px;\"><strong>Perfil Intelectual<\/strong> donde se eval\u00faa el grado de<br \/>\nconocimientos: EXAMEN DE ADMISI\u00d3N<\/span><\/td>\n<td style=\"text-align: center;\" width=\"129\"><span style=\"font-family: 'Raleway', sans-serif; font-size: 20px;\">40%<\/span><\/td>\n<\/tr>\n<tr>\n<td width=\"271\"><span style=\"font-family: 'Raleway', sans-serif; font-size: 20px;\">Pruebas de Estado de Aptitud y Conocimientos \u2013 Examen de Estado para el Ingreso a la Educaci\u00f3n Superior \u201cSaber 11\u201d del Instituto Colombiano para el Fomento de la Educaci\u00f3n Superior ICFES.<\/span><\/td>\n<td style=\"text-align: center;\" width=\"129\"><span style=\"font-family: 'Raleway', sans-serif; font-size: 20px;\">20%<\/span><\/td>\n<\/tr>\n<\/tbody>\n<\/table>\n<p>&nbsp;<\/p>\n<table>\n<tbody>\n<tr>\n<td colspan=\"4\" width=\"541\"><span style=\"font-family: 'Raleway', sans-serif; font-size: 20px;\">Para los aspirantes a los programas de <strong>Enfermer\u00eda<\/strong> y <strong>Tecnolog\u00eda en Radiolog\u00eda e Im\u00e1genes Diagn\u00f3sticas<\/strong>:<\/span><\/td>\n<\/tr>\n<tr>\n<td width=\"141\"><span style=\"font-family: 'Raleway', sans-serif; font-size: 20px;\"><strong>TIPO DE<\/strong><\/span><\/p>\n<p><span style=\"font-family: 'Raleway', sans-serif; font-size: 20px;\"><strong>EVALUACI\u00d3N<\/strong><\/span><\/td>\n<td colspan=\"2\" width=\"271\"><span style=\"font-family: 'Raleway', sans-serif; font-size: 20px;\"><strong>PERFIL EVALUADO<\/strong><\/span><\/td>\n<td width=\"129\"><span style=\"font-family: 'Raleway', sans-serif; font-size: 20px;\"><strong>PESOS EVALUATIVOS<\/strong><\/span><\/td>\n<\/tr>\n<tr>\n<td rowspan=\"2\" width=\"141\"><span style=\"font-family: 'Raleway', sans-serif; font-size: 20px;\">ENTREVISTA<\/span><\/td>\n<td colspan=\"2\" width=\"271\"><span style=\"font-family: 'Raleway', sans-serif; font-size: 20px;\"><strong>Perfil personal<\/strong> donde se eval\u00faan rasgos de personalidad de los aspirantes para verificar afinidad con el perfil de ingreso de cada programa (Entrevista por Psic\u00f3loga)<\/span><\/td>\n<td style=\"text-align: center;\" rowspan=\"2\" width=\"129\"><span style=\"font-family: 'Raleway', sans-serif; font-size: 20px;\">30%<\/span><\/td>\n<\/tr>\n<tr>\n<td colspan=\"2\" width=\"271\"><span style=\"font-family: 'Raleway', sans-serif; font-size: 20px;\"><strong>Perfil Actitudinal<\/strong> donde se determinar\u00e1 la afinidad entre el estudiante y los requisitos formativos del programa. (Entrevista por Director de Programa)<\/span><\/td>\n<\/tr>\n<tr>\n<td style=\"text-align: center;\" width=\"141\"><span style=\"font-family: 'Raleway', sans-serif; font-size: 20px;\">PRUEBA PSICOM\u00c9TRICA DE PERSONALIDAD<\/span><\/td>\n<td colspan=\"2\" width=\"271\"><span style=\"font-family: 'Raleway', sans-serif; font-size: 20px;\"><strong>Perfil psicol\u00f3gico<\/strong> evaluarlo desde una perspectiva cl\u00ednica a fin de asegurar la afinidad y estabilidad de este perfil en cada estudiante con la carrera a cursar<\/span><\/td>\n<td style=\"text-align: center;\" width=\"129\"><span style=\"font-family: 'Raleway', sans-serif; font-size: 20px;\">30%<\/span><\/td>\n<\/tr>\n<tr>\n<td width=\"141\"><span style=\"font-family: 'Raleway', sans-serif; font-size: 20px;\">COGNITIVA PUNTAJE ICFES \u201cSABER 11\u201d<\/span><\/td>\n<td colspan=\"2\" width=\"271\"><span style=\"font-family: 'Raleway', sans-serif; font-size: 20px;\">Perfil Intelectual donde se eval\u00faa el grado de conocimientos y con base en las pruebas de Estado de Aptitud y Conocimientos \u2013 Examen de Estado para el Ingreso a la Educaci\u00f3n Superior \u201cSaber 11\u201d del Instituto Colombiano para el Fomento de la Educaci\u00f3n Superior ICFES.<\/span><\/td>\n<td style=\"text-align: center;\" width=\"129\"><span style=\"font-family: 'Raleway', sans-serif; font-size: 20px;\">40%<\/span><\/td>\n<\/tr>\n<\/tbody>\n<\/table>\n<p>&nbsp;<\/p>\n<table style=\"border-collapse: collapse; width: 100%;\" border=\"1\">\n<tbody>\n<tr>\n<td style=\"text-align: center;\" colspan=\"3\"><span style=\"font-family: 'Raleway', sans-serif; font-size: 20px;\"><br \/>\nPara los aspirantes a los programas de Derecho, Administraci\u00f3n de Empresas, Ingenier\u00eda Ambiental e Ingenier\u00eda Industrial:<br \/>\n<\/span><\/td>\n<\/tr>\n<tr>\n<td style=\"text-align: center;\"><strong>TIPO DE EVALUACI\u00d3N<\/strong><\/td>\n<td style=\"text-align: center;\"><strong>PERFIL EVALUADO<\/strong><\/td>\n<td style=\"text-align: center;\"><strong>PESOS EVALUATIVOS<\/strong><\/td>\n<\/tr>\n<p><!-- ENTREVISTA --><\/p>\n<tr>\n<td style=\"text-align: center;\" rowspan=\"2\"><strong>ENTREVISTA<\/strong><\/td>\n<td><strong>Perfil actitudinal<\/strong> donde se determinar\u00e1 la afinidad entre el estudiante y los requisitos formativos del programa. (Entrevista por director de Programa y psic\u00f3loga)<\/td>\n<td style=\"text-align: center;\">30%<\/td>\n<\/tr>\n<p><!-- PRUEBA DE PERSONALIDAD --><\/p>\n<tr>\n<td><strong>Perfil personal<\/strong> donde se eval\u00faan rasgos de personalidad de los aspirantes para verificar afinidad con el perfil de ingreso de cada programa.<\/td>\n<td style=\"text-align: center;\">30%<\/td>\n<\/tr>\n<p><!-- COGNITIVA --><\/p>\n<tr>\n<td style=\"text-align: center;\"><strong>COGNITIVA<\/strong><br \/>\nPRUEBAS DE ESTADO<br \/>\n\u201cSaber 11\u201d<\/td>\n<td><strong>Perfil Intelectual<\/strong> donde se eval\u00faa el grado de conocimientos y con base en las pruebas de Estado de Aptitud y Conocimientos \u2013 Examen de Estado para el Ingreso a la Educaci\u00f3n superior \u201cSaber 11\u201d del Instituto Colombiano para el Fomento de la Educaci\u00f3n Superior ICFES.<\/td>\n<td style=\"text-align: center;\">40%<\/td>\n<\/tr>\n<\/tbody>\n<\/table>\n<\/div>\n<\/div><div class=\"vc_toggle vc_toggle_default vc_toggle_color_default  vc_toggle_size_md\">\n\t<div class=\"vc_toggle_title\"><h4>\u00bfPor qu\u00e9 medio se realizan las entrevistas?<\/h4><i class=\"vc_toggle_icon\"><\/i><\/div>\n\t<div class=\"vc_toggle_content\"><p><span style=\"font-family: 'Raleway', sans-serif; font-size: 20px;\">A causa de la pandemia y los protocolos de bioseguridad, todas las entrevistas y procesos de selecci\u00f3n se realizan de manera virtual por medio de la plataforma Microsoft Teams.<\/span><\/p>\n<\/div>\n<\/div><div class=\"vc_toggle vc_toggle_default vc_toggle_color_default  vc_toggle_size_md\">\n\t<div class=\"vc_toggle_title\"><h4>\u00bfC\u00f3mo se si fui admitido?<\/h4><i class=\"vc_toggle_icon\"><\/i><\/div>\n\t<div class=\"vc_toggle_content\"><p><span style=\"font-family: 'Raleway', sans-serif; font-size: 20px;\">Recibidos los documentos y conocidos los puntajes, los cupos se adjudicar\u00e1n en orden descendente a quienes hayan obtenido los m\u00e1s altos, hasta concurrencia del cupo asignado a cada programa.<\/span><\/p>\n<p><span style=\"font-family: 'Raleway', sans-serif; font-size: 20px;\">Si varios aspirantes tienen el mismo puntaje y faltan cupos por proveer, se proceder\u00e1 a sortear \u00e9stos entre aquellos. Si un aspirante admitido no se presentare a la matr\u00edcula, o no llenare los requisitos para efectuarla, el cupo se adjudicar\u00e1 al siguiente de la lista.<\/span><\/p>\n<p><span style=\"font-family: 'Raleway', sans-serif; font-size: 20px;\"><strong>Para los programas de Medicina y Enfermer\u00eda:<\/strong> La UNIDAD DE ADMISIONES Y REGISTRO publicar\u00e1 la LISTA DE ADMITIDOS, en el Portal Institucional <u>www.uninavarra.edu.co<\/u> y en las carteleras de la Instituci\u00f3n.<\/span><\/p>\n<p><strong>Para todos los programas:<\/strong> La UNIDAD DE ADMISIONES Y REGISTRO, enviar\u00e1 por correo electr\u00f3nico una comunicaci\u00f3n a los aspirantes admitidos con las indicaciones para para continuar el proceso de matr\u00edcula, es por ello, que debe asegurarse de se\u00f1alar una direcci\u00f3n de correo electr\u00f3nico v\u00e1lida y que sea de constante revisi\u00f3n, por lo cual, esos datos deben diligenciarse de manera clara en el formulario de la inscripci\u00f3n.<\/p>\n<\/div>\n<\/div><div class=\"vc_toggle vc_toggle_default vc_toggle_color_default  vc_toggle_size_md\">\n\t<div class=\"vc_toggle_title\"><h4>\u00bfC\u00f3mo es el proceso de matr\u00edcula y que documentos son requeridos?<\/h4><i class=\"vc_toggle_icon\"><\/i><\/div>\n\t<div class=\"vc_toggle_content\"><p><span style=\"font-family: 'Raleway', sans-serif; font-size: 20px;\">Una vez notificada su admisi\u00f3n, para realizar el proceso de matr\u00edcula, deber\u00e1 presentar en la UNIDAD DE ADMISIONES Y REGISTRO, los siguientes documentos:<\/span><\/p>\n<ul>\n<li><span style=\"font-family: 'Raleway', sans-serif; font-size: 20px;\">Orden de matr\u00edcula expedida por la Direcci\u00f3n Contable y Financiera.<\/span><\/li>\n<li><span style=\"font-family: 'Raleway', sans-serif; font-size: 20px;\">Recibo que acredite el pago de los derechos de matr\u00edcula.<\/span><\/li>\n<li><span style=\"font-family: 'Raleway', sans-serif; font-size: 20px;\">Documento de identidad.<\/span><\/li>\n<li><span style=\"font-family: 'Raleway', sans-serif; font-size: 20px;\">Diploma o acta de grado de bachiller.<\/span><\/li>\n<li><span style=\"font-family: 'Raleway', sans-serif; font-size: 20px;\">Los dem\u00e1s documentos aportados en el momento de la inscripci\u00f3n.<\/span><\/li>\n<\/ul>\n<p><span style=\"font-family: 'Raleway', sans-serif; font-size: 20px;\">La matr\u00edcula quedar\u00e1 formalizada una vez haya cumplido, dentro del plazo se\u00f1alado para ello en el Cronograma del Proceso, el registro de cursos y el pago del valor establecido.<\/span><\/p>\n<p>&nbsp;<\/p>\n<p><span style=\"font-family: 'Raleway', sans-serif; font-size: 20px;\">No matricularse en los tiempos se\u00f1alados en el presente Instructivo de Admisiones y no solicitar la reserva de cupo, es causal de p\u00e9rdida del cupo en la Instituci\u00f3n. <strong>Art. 112 Acuerdo 012 de 2015<\/strong>&#8211; Reglamento Acad\u00e9mico y Estudiantil.<\/span><\/p>\n<p><span style=\"font-family: 'Raleway', sans-serif; font-size: 20px;\">Mas detalles del proceso los puede encontrar en el apartado Admisiones en la p\u00e1gina de la Fundaci\u00f3n Universitaria Navarra https:\/\/uninavarra.edu.co\/admisiones-4\/<\/span><\/p>\n<p><span style=\"font-family: 'Raleway', sans-serif; font-size: 20px;\"><strong>Para todos los programas:<\/strong> La UNIDAD DE ADMISIONES Y REGISTRO, enviar\u00e1 por correo electr\u00f3nico una comunicaci\u00f3n a los aspirantes admitidos con las indicaciones para para continuar el proceso de matr\u00edcula, es por ello, que debe asegurarse de se\u00f1alar una direcci\u00f3n de correo electr\u00f3nico v\u00e1lida y que sea de constante revisi\u00f3n, por lo cual, esos datos deben diligenciarse de manera clara en el formulario de la inscripci\u00f3n.<\/span><\/p>\n<\/div>\n<\/div><\/div><\/div><\/div><\/div><div id=\"admisiones-y-registro-plataforma\" class=\"vc_row wpb_row vc_inner vc_row-fluid\"><div class=\"vc_ col-sm-12\"><div class=\"vc_column-inner\"><div class=\"wpb_wrapper\">\n\t<div class=\"wpb_text_column wpb_content_element\" >\n\t\t<div class=\"wpb_wrapper\">\n\t\t\t<p><span style=\"color: #000000;\"><strong><span style=\"font-family: 'Raleway', sans-serif; font-size: 20px;\"><u>Plataforma<\/u><\/span><\/strong><\/span><\/p>\n\n\t\t<\/div>\n\t<\/div>\n<div class=\"vc_empty_space\"   style=\"height: 16px\"><span class=\"vc_empty_space_inner\"><\/span><\/div><div class=\"vc_toggle vc_toggle_default vc_toggle_color_default  vc_toggle_size_md\">\n\t<div class=\"vc_toggle_title\"><h4>\u00bfQu\u00e9 puedo hacer si mi plataforma no est\u00e1 activa?<\/h4><i class=\"vc_toggle_icon\"><\/i><\/div>\n\t<div class=\"vc_toggle_content\"><p><span style=\"font-family: 'Raleway', sans-serif; font-size: 20px;\">Si por alg\u00fan motivo su plataforma no est\u00e1 activa, debe comunicarse con la coordinaci\u00f3n financiera mediante correo electr\u00f3nico <a href=\"mailto:apoyocontable@uninavarra.edu.co\">apoyocontable@uninavarra.edu.co<\/a>, solicitando la validaci\u00f3n de su pago de matr\u00edcula por motivos de activaci\u00f3n de plataforma.<\/span><\/p>\n<\/div>\n<\/div><div class=\"vc_toggle vc_toggle_default vc_toggle_color_default  vc_toggle_size_md\">\n\t<div class=\"vc_toggle_title\"><h4>\u00bfQu\u00e9 puedo hacer no logro hacer la prematr\u00edcula de mis cursos en el tiempo establecido?<\/h4><i class=\"vc_toggle_icon\"><\/i><\/div>\n\t<div class=\"vc_toggle_content\"><p><span style=\"font-family: 'Raleway', sans-serif; font-size: 20px;\">El formato de adici\u00f3n y cancelaci\u00f3n es un documento en el cual el estudiante puede hacer modificaciones a su horario o en el caso de no realizarse la prematricula de cursos, con este formato lo puede hacer.<\/span><\/p>\n<\/div>\n<\/div><\/div><\/div><\/div><\/div><div id=\"admisiones-y-registro-certificados\" class=\"vc_row wpb_row vc_inner vc_row-fluid\"><div class=\"vc_ col-sm-12\"><div class=\"vc_column-inner\"><div class=\"wpb_wrapper\">\n\t<div class=\"wpb_text_column wpb_content_element\" >\n\t\t<div class=\"wpb_wrapper\">\n\t\t\t<p><span style=\"color: #000000;\"><strong><span style=\"font-family: 'Raleway', sans-serif; font-size: 20px;\"><u>Certificados<\/u><\/span><\/strong><\/span><\/p>\n\n\t\t<\/div>\n\t<\/div>\n<div class=\"vc_empty_space\"   style=\"height: 16px\"><span class=\"vc_empty_space_inner\"><\/span><\/div><div class=\"vc_toggle vc_toggle_default vc_toggle_color_default  vc_toggle_size_md\">\n\t<div class=\"vc_toggle_title\"><h4>\u00bfQu\u00e9 tipo de certificados expide UNINAVARRA y cuanto es el tiempo de entrega?<\/h4><i class=\"vc_toggle_icon\"><\/i><\/div>\n\t<div class=\"vc_toggle_content\"><table>\n<tbody>\n<tr>\n<td width=\"282\"><span style=\"font-family: 'Raleway', sans-serif; font-size: 20px;\"><strong>CERTIFICADOS<\/strong><\/span><\/td>\n<td width=\"258\"><span style=\"font-family: 'Raleway', sans-serif; font-size: 20px;\"><strong>TIEMPOR DE ENTREGA<\/strong><\/span><\/td>\n<\/tr>\n<tr>\n<td width=\"282\"><span style=\"font-family: 'Raleway', sans-serif; font-size: 20px;\">Certificado de estudio<\/span><\/td>\n<td width=\"258\"><span style=\"font-family: 'Raleway', sans-serif; font-size: 20px;\">Cinco (5) d\u00edas h\u00e1biles.<\/span><\/td>\n<\/tr>\n<tr>\n<td width=\"282\"><span style=\"font-family: 'Raleway', sans-serif; font-size: 20px;\">Certificado de notas<\/span><\/td>\n<td width=\"258\"><span style=\"font-family: 'Raleway', sans-serif; font-size: 20px;\">Diez (10) d\u00edas h\u00e1biles<\/span><\/td>\n<\/tr>\n<tr>\n<td width=\"282\"><span style=\"font-family: 'Raleway', sans-serif; font-size: 20px;\">Contenidos program\u00e1ticos<\/span><\/td>\n<td width=\"258\"><span style=\"font-family: 'Raleway', sans-serif; font-size: 20px;\">Treinta (30) d\u00edas habilidades<\/span><\/td>\n<\/tr>\n<tr>\n<td width=\"282\"><span style=\"font-family: 'Raleway', sans-serif; font-size: 20px;\">Certificado de buena conducta<\/span><\/td>\n<td width=\"258\"><span style=\"font-family: 'Raleway', sans-serif; font-size: 20px;\">Cinco (5) d\u00edas<\/span><\/td>\n<\/tr>\n<tr>\n<td width=\"282\"><span style=\"font-family: 'Raleway', sans-serif; font-size: 20px;\">Certificado de terminaci\u00f3n de cr\u00e9ditos<\/span><\/td>\n<td width=\"258\"><span style=\"font-family: 'Raleway', sans-serif; font-size: 20px;\">Diez (10) d\u00edas h\u00e1biles<\/span><\/td>\n<\/tr>\n<\/tbody>\n<\/table>\n<\/div>\n<\/div><div class=\"vc_toggle vc_toggle_default vc_toggle_color_default  vc_toggle_size_md\">\n\t<div class=\"vc_toggle_title\"><h4>\u00bfC\u00f3mo \u00e9l es proceso para la solicitud de certificados?<\/h4><i class=\"vc_toggle_icon\"><\/i><\/div>\n\t<div class=\"vc_toggle_content\"><p><span style=\"font-family: 'Raleway', sans-serif; font-size: 20px;\">Debe solicitar al correo electr\u00f3nico <a href=\"mailto:apoyocontable@uninavarra.edu.co\">apoyocontable@uninavarra.edu.co<\/a>, la orden de pago para los certificados que necesite, este le ser\u00e1 subido a su plataforma el cual debe descargar. Una vez realizado el pago, debe enviar el soporte a admisiones y registro al correo <a href=\"mailto:admisionesyregistro4@uninavarra.edu.co\">admisionesyregistro4@uninavarra.edu.co<\/a>, junto con sus datos completos y especificando que tipo de certificados son los que requiere.<\/span><\/p>\n<\/div>\n<\/div><div class=\"vc_toggle vc_toggle_default vc_toggle_color_default  vc_toggle_size_md\">\n\t<div class=\"vc_toggle_title\"><h4>\u00bfEn qu\u00e9 fecha se celebran los grados p\u00fablicos?<\/h4><i class=\"vc_toggle_icon\"><\/i><\/div>\n\t<div class=\"vc_toggle_content\"><p style=\"text-align: center;\"><a class=\"vc_general vc_btn3 vc_btn3-size-md vc_btn3-shape-rounded vc_btn3-style-modern vc_btn3-color-navarra\" href=\"https:\/\/uninavarra.edu.co\/estudiantes\/calendario-grados\/\">Consultar Calendario de Grados<\/a><\/p>\n<\/div>\n<\/div><div class=\"vc_toggle vc_toggle_default vc_toggle_color_default  vc_toggle_size_md\">\n\t<div class=\"vc_toggle_title\"><h4>\u00bfQu\u00e9 puedo hacer si la orden de pago no se encuentra en mi plataforma?<\/h4><i class=\"vc_toggle_icon\"><\/i><\/div>\n\t<div class=\"vc_toggle_content\"><p><span style=\"font-family: 'Raleway', sans-serif; font-size: 20px;\">Debe comunicarse a la coordinaci\u00f3n financiera mediante correo electr\u00f3nico <a href=\"mailto:apoyocontable@uninavarra.edu.co\">apoyocontable@uninavarra.edu.co<\/a>, solicitando nuevamente le sea subida la orden de pago a su plataforma.<\/span><\/p>\n<\/div>\n<\/div><div class=\"vc_toggle vc_toggle_default vc_toggle_color_default  vc_toggle_size_md\">\n\t<div class=\"vc_toggle_title\"><h4>\u00bfPor qu\u00e9 medio se hace entrega de los certificados?<\/h4><i class=\"vc_toggle_icon\"><\/i><\/div>\n\t<div class=\"vc_toggle_content\"><p><span style=\"font-family: 'Raleway', sans-serif; font-size: 20px;\">Los certificados son entregados en forma magn\u00e9tica, enviados por admisiones y registro a su correo institucional.<\/span><\/p>\n<\/div>\n<\/div><\/div><\/div><\/div><\/div><div id=\"admisiones-y-registro-verificacion\" class=\"vc_row wpb_row vc_inner vc_row-fluid\"><div class=\"vc_ col-sm-12\"><div class=\"vc_column-inner\"><div class=\"wpb_wrapper\">\n\t<div class=\"wpb_text_column wpb_content_element\" >\n\t\t<div class=\"wpb_wrapper\">\n\t\t\t<p><span style=\"color: #000000;\"><strong><span style=\"font-family: 'Raleway', sans-serif; font-size: 20px;\"><u>Verificaci\u00f3n de t\u00edtulos<\/u><\/span><\/strong><\/span><\/p>\n\n\t\t<\/div>\n\t<\/div>\n<div class=\"vc_empty_space\"   style=\"height: 16px\"><span class=\"vc_empty_space_inner\"><\/span><\/div><div class=\"vc_toggle vc_toggle_default vc_toggle_color_default  vc_toggle_size_md\">\n\t<div class=\"vc_toggle_title\"><h4>\u00bfEn qu\u00e9 consiste una verificaci\u00f3n de t\u00edtulo?<\/h4><i class=\"vc_toggle_icon\"><\/i><\/div>\n\t<div class=\"vc_toggle_content\"><p><span style=\"font-family: tahoma, arial, helvetica, sans-serif; font-size: 20px;\">La verificaci\u00f3n de t\u00edtulo consiste en un documento que certifica que la persona estudio y culmino sus actividades acad\u00e9micas en la Fundaci\u00f3n Universitaria Navarra UNINAVARRA, una instituci\u00f3n acreditada y legitima, otorg\u00e1ndosele as\u00ed un t\u00edtulo profesional.<\/span><\/p>\n<\/div>\n<\/div><div class=\"vc_toggle vc_toggle_default vc_toggle_color_default  vc_toggle_size_md\">\n\t<div class=\"vc_toggle_title\"><h4>\u00bfC\u00f3mo puedo solicitar la verificaci\u00f3n de mi t\u00edtulo?<\/h4><i class=\"vc_toggle_icon\"><\/i><\/div>\n\t<div class=\"vc_toggle_content\"><p><span style=\"font-family: tahoma, arial, helvetica, sans-serif; font-size: 20px;\">Usted como egresado o la empresa a la cual desea ingresar como empleado, pude solicitar la verificaci\u00f3n del titulo por medio de correo electr\u00f3nico <a href=\"mailto:gestionacademica@uninavarra.edu.co\">gestionacademica@uninavarra.edu.co<\/a>, y este le ser\u00e1 enviado en el menor tiempo posible.<\/span><\/p>\n<\/div>\n<\/div><div class=\"vc_toggle vc_toggle_default vc_toggle_color_default  vc_toggle_size_md\">\n\t<div class=\"vc_toggle_title\"><h4>\u00bfQui\u00e9n expide este documento?<\/h4><i class=\"vc_toggle_icon\"><\/i><\/div>\n\t<div class=\"vc_toggle_content\"><p><span style=\"font-family: tahoma, arial, helvetica, sans-serif; font-size: 20px;\">Este documento es realizado, firmado y emitido por el \u00e1rea de gesti\u00f3n acad\u00e9mica de la Fundaci\u00f3n Universitaria Navarra UNINAVARRA<\/span><\/p>\n<\/div>\n<\/div><div class=\"vc_toggle vc_toggle_default vc_toggle_color_default  vc_toggle_size_md\">\n\t<div class=\"vc_toggle_title\"><h4>\u00bfTiene alg\u00fan costo?<\/h4><i class=\"vc_toggle_icon\"><\/i><\/div>\n\t<div class=\"vc_toggle_content\"><p><span style=\"font-family: tahoma, arial, helvetica, sans-serif; font-size: 20px;\">Este documento no tiene ning\u00fan costo.<\/span><\/p>\n<\/div>\n<\/div><\/div><\/div><\/div><\/div><div id=\"tic\" class=\"vc_row wpb_row vc_inner vc_row-fluid\"><div class=\"vc_ col-sm-12\"><div class=\"vc_column-inner\"><div class=\"wpb_wrapper\">\n\t<div class=\"wpb_text_column wpb_content_element\" >\n\t\t<div class=\"wpb_wrapper\">\n\t\t\t<p style=\"text-align: center; font-family: 'Raleway', sans-serif;\"><span style=\"color: #e30613;\"><strong><span style=\"font-size: 24px; font-family: 'Raleway', sans-serif;\"><a id=\"tic\"><\/a>GESTI\u00d3N TECNOL\u00d3GICA INSTITUCIONAL<\/span><\/strong><\/span><\/p>\n\n\t\t<\/div>\n\t<\/div>\n<div class=\"vc_empty_space\"   style=\"height: 16px\"><span class=\"vc_empty_space_inner\"><\/span><\/div><div class=\"vc_toggle vc_toggle_default vc_toggle_color_default  vc_toggle_size_md\">\n\t<div class=\"vc_toggle_title\"><h4>\u00bfC\u00f3mo restablezco la contrase\u00f1a de mi correo institucional? (Gmail - Teams)<\/h4><i class=\"vc_toggle_icon\"><\/i><\/div>\n\t<div class=\"vc_toggle_content\"><p style=\"font-family: tahoma, arial, helvetica, sans-serif; font-size: 20px;\">Antes de solicitar soporte, intente recuperar su contrase\u00f1a por usted mismo utilizando la opci\u00f3n<br \/>\n<strong>\u201cOlvid\u00e9 mi contrase\u00f1a\u201d<\/strong> en Gmail u Office 365.<br \/>\nA continuaci\u00f3n, encontrar\u00e1 los videos instructivos seg\u00fan el tipo de cuenta:<\/p>\n<p>&nbsp;<\/p>\n<ul style=\"font-family: tahoma, arial, helvetica, sans-serif; font-size: 20px; line-height: 1.6;\">\n<li><strong>Cuenta Gmail:<\/strong>\n<ul>\n<li><a href=\"https:\/\/www.youtube.com\/watch?v=a3LCNGtmk6U\" target=\"_blank\" rel=\"noopener\">Cambio de contrase\u00f1a<\/a><\/li>\n<li><a href=\"https:\/\/www.youtube.com\/watch?v=H4tRoakHSR8\" target=\"_blank\" rel=\"noopener\">Restablecimiento con tel\u00e9fono registrado<\/a><\/li>\n<\/ul>\n<\/li>\n<\/ul>\n<ul style=\"font-family: tahoma, arial, helvetica, sans-serif; font-size: 20px; line-height: 1.6;\">\n<li><strong>Cuenta Office 365 (Teams):<\/strong>\n<ul>\n<li><a href=\"https:\/\/www.youtube.com\/watch?v=7GhNMDJEzuk\" target=\"_blank\" rel=\"noopener\">Restablecimiento de contrase\u00f1a<\/a><\/li>\n<\/ul>\n<\/li>\n<\/ul>\n<p>&nbsp;<\/p>\n<p style=\"font-family: tahoma, arial, helvetica, sans-serif; font-size: 20px;\">Si no logra recuperar su contrase\u00f1a con los pasos anteriores, puede usar los canales de soporte institucional:<\/p>\n<p style=\"font-family: tahoma, arial, helvetica, sans-serif; font-size: 20px; text-align: center;\">Debe diligenciar el formulario de Solicitud de Soporte en la siguiente bot\u00f3n:<br \/>\n<a style=\"text-decoration: none; margin-right: 10px;\" href=\"https:\/\/forms.gle\/oSmciHvo3QHpPnsWA\" target=\"_blank\" rel=\"noopener\"><br \/>\n<button style=\"background-color: #007bff; border: none; border-radius: 50%; width: 55px; height: 55px; color: white; font-size: 22px; cursor: pointer;\"><i class=\"fa-brands fa-wpforms\"><\/i><br \/>\n<\/button><br \/>\n<\/a><\/p>\n<p>En el campo de observaciones del formulario, ingrese:<\/p>\n<ul>\n<li>Su correo personal<\/li>\n<li>El correo institucional a recuperar<\/li>\n<li>Datos de contacto<\/li>\n<\/ul>\n<p>Esto nos permitir\u00e1 realizar las validaciones necesarias.<\/p>\n<p style=\"font-family: tahoma, arial, helvetica, sans-serif; font-size: 20px; text-align: center;\">Si tiene preguntas o necesita ayuda adicional, puede escribir al correo:<br \/>\n<a href=\"mailto:ayuda@uninavarra.edu.co\">ayuda@uninavarra.edu.co<\/a><\/p>\n<p style=\"text-align: center;\">O comunicarse v\u00eda WhatsApp:<br \/>\n<a style=\"text-decoration: none;\" href=\"https:\/\/wa.me\/573157612148\" target=\"_blank\" rel=\"noopener\"><br \/>\n<button style=\"background-color: #25d366; border: none; border-radius: 8px; padding: 10px 20px; color: white; font-size: 18px; cursor: pointer;\"><i class=\"fa-brands fa-whatsapp\"><\/i><br \/>\n<\/button><br \/>\n<\/a><\/p>\n<\/div>\n<\/div><div class=\"vc_toggle vc_toggle_default vc_toggle_color_default  vc_toggle_size_md\">\n\t<div class=\"vc_toggle_title\"><h4>\u00bfC\u00f3mo activar la verificaci\u00f3n en dos pasos?<\/h4><i class=\"vc_toggle_icon\"><\/i><\/div>\n\t<div class=\"vc_toggle_content\"><p><span style=\"font-family: tahoma, arial, helvetica, sans-serif; font-size: 20px;\"><br \/>\nPara activar la verificaci\u00f3n en dos pasos en su cuenta de correo Gmail, le recomendamos consultar la gu\u00eda detallada disponible en el siguiente bot\u00f3n:<br \/>\n<\/span><\/p>\n<div style=\"text-align: center;\"><a style=\"display: inline-block; padding: 14px 28px; background-color: #e30613; color: #fff; text-decoration: none; font-family: tahoma, arial, helvetica, sans-serif; font-size: 18px; border-radius: 5px; text-align: center; line-height: 1.2;\" href=\"https:\/\/uninavarra.edu.co\/wp-content\/uploads\/2025\/07\/guia-verificacion-dos-pasos-gmail-.pdf\" target=\"_blank\" rel=\"noopener\">Ver Gu\u00eda de Verificaci\u00f3n en Dos Pasos<br \/>\n<\/a><\/div>\n<p style=\"text-align: center;\"><span style=\"font-family: tahoma, arial, helvetica, sans-serif; font-size: 20px;\"><br \/>\nSi tiene preguntas o necesita ayuda adicional, puede escribir al correo:<br \/>\n<a href=\"mailto:ayuda@uninavarra.edu.co\">ayuda@uninavarra.edu.co<\/a><br \/>\no comunicarse v\u00eda WhatsApp<\/span><a style=\"text-decoration: none; margin-left: 10px;\" href=\"https:\/\/wa.me\/573157612148\" target=\"_blank\" rel=\"noopener\"><br \/>\n<button style=\"background-color: #25d366; border: none; border-radius: 50%; width: 55px; height: 55px; color: white; font-size: 24px; cursor: pointer;\"><i class=\"fa-brands fa-whatsapp\"><\/i><br \/>\n<\/button><br \/>\n<\/a><\/p>\n<\/div>\n<\/div><div class=\"vc_toggle vc_toggle_default vc_toggle_color_default  vc_toggle_size_md\">\n\t<div class=\"vc_toggle_title\"><h4>\u00bfC\u00f3mo ingreso a la plataforma virtual ETR?<\/h4><i class=\"vc_toggle_icon\"><\/i><\/div>\n\t<div class=\"vc_toggle_content\"><p><span style=\"font-family: tahoma, arial, helvetica, sans-serif; font-size: 20px;\"><br \/>\nPara ingresar a la plataforma virtual ETR, le recomendamos consultar la gu\u00eda paso a paso disponible en el siguiente bot\u00f3n:<br \/>\n<\/span><\/p>\n<div style=\"text-align: center;\"><a style=\"display: inline-block; padding: 14px 28px; background-color: #e30613; color: #fff; text-decoration: none; font-family: tahoma, arial, helvetica, sans-serif; font-size: 18px; border-radius: 5px; text-align: center; line-height: 1.2;\" href=\"https:\/\/www.youtube.com\/watch?v=F5yEH0bqZKU\" target=\"_blank\" rel=\"noopener\">Ver Gu\u00eda de Ingreso a la Plataforma ETR<br \/>\n<\/a><\/div>\n<p style=\"text-align: center;\"><span style=\"font-family: tahoma, arial, helvetica, sans-serif; font-size: 20px;\"><br \/>\nSi tiene preguntas adicionales, puede escribir al correo:<br \/>\n<a href=\"mailto:gestorelearning@uninavarra.edu.co\">gestorelearning@uninavarra.edu.co<\/a><br \/>\n<\/span><\/p>\n<\/div>\n<\/div><div class=\"vc_toggle vc_toggle_default vc_toggle_color_default  vc_toggle_size_md\">\n\t<div class=\"vc_toggle_title\"><h4>\u00bfC\u00f3mo presento una solicitud de soporte tecnol\u00f3gico?<\/h4><i class=\"vc_toggle_icon\"><\/i><\/div>\n\t<div class=\"vc_toggle_content\"><p style=\"font-family: tahoma, arial, helvetica, sans-serif; font-size: 20px; text-align: center;\">Para realizar una <strong>Solicitud de Soporte Tecnol\u00f3gico<\/strong> puede usar cualquiera de las siguientes opciones:<\/p>\n<p><!-- Contenedor de botones --><\/p>\n<div style=\"display: flex; justify-content: center; gap: 20px; margin-top: 20px;\"><a style=\"text-decoration: none;\" href=\"https:\/\/forms.gle\/oSmciHvo3QHpPnsWA\" target=\"_blank\" rel=\"noopener\"><br \/>\n<button style=\"background-color: #e30613; border: none; border-radius: 50%; width: 60px; height: 60px; color: white; font-size: 26px; cursor: pointer;\"><i class=\"fa-brands fa-wpforms\"><\/i><br \/>\n<\/button><br \/>\n<\/a><!-- Bot\u00f3n Correo --><br \/>\n<a style=\"text-decoration: none;\" href=\"mailto:ayuda@uninavarra.edu.co\"><br \/>\n<button style=\"background-color: #0072c6; border: none; border-radius: 50%; width: 60px; height: 60px; color: white; font-size: 26px; cursor: pointer;\"><i class=\"fa-solid fa-envelope\"><\/i><br \/>\n<\/button><br \/>\n<\/a><!-- Bot\u00f3n WhatsApp --><br \/>\n<a style=\"text-decoration: none;\" href=\"https:\/\/wa.me\/573157612148\" target=\"_blank\" rel=\"noopener\"><br \/>\n<button style=\"background-color: #25d366; border: none; border-radius: 50%; width: 60px; height: 60px; color: white; font-size: 26px; cursor: pointer;\"><i class=\"fa-brands fa-whatsapp\"><\/i><br \/>\n<\/button><br \/>\n<\/a><\/div>\n<\/div>\n<\/div><div class=\"vc_toggle vc_toggle_default vc_toggle_color_default  vc_toggle_size_md\">\n\t<div class=\"vc_toggle_title\"><h4>\u00bfD\u00f3nde puedo obtener informaci\u00f3n sobre el uso de la plataforma LINDA?<\/h4><i class=\"vc_toggle_icon\"><\/i><\/div>\n\t<div class=\"vc_toggle_content\"><p style=\"font-family: tahoma, arial, helvetica, sans-serif; font-size: 20px;\">Puede obtener informaci\u00f3n sobre el uso de la plataforma <strong>LINDA<\/strong> consultando los videos instructivos disponibles en la secci\u00f3n de estudiantes\/instructivos-linda<\/p>\n<div style=\"text-align: center; margin: 20px 0; white-space: nowrap;\">\n<p><!-- Bot\u00f3n Videos --><br \/>\n<a style=\"display: inline-flex; justify-content: center; align-items: center; width: 60px; height: 60px; margin: 0 10px; background: #e30613; color: #fff; text-decoration: none; border-radius: 50%; font-size: 24px;\" href=\"https:\/\/uninavarra.edu.co\/estudiantes\/linda-preguntas-frecuentes-estudiantes\/\" target=\"_blank\" rel=\"noopener\"><br \/>\n<i class=\"fas fa-video\"><\/i><br \/>\n<\/a><\/p>\n<p><!-- Bot\u00f3n Correo --><br \/>\n<a style=\"display: inline-flex; justify-content: center; align-items: center; width: 60px; height: 60px; margin: 0 10px; background: #0072c6; color: #fff; text-decoration: none; border-radius: 50%; font-size: 24px;\" href=\"mailto:linda@uninavarra.edu.co\"><br \/>\n<i class=\"fas fa-envelope\"><\/i><br \/>\n<\/a><\/p>\n<\/div>\n<\/div>\n<\/div><div class=\"vc_toggle vc_toggle_default vc_toggle_color_default  vc_toggle_size_md\">\n\t<div class=\"vc_toggle_title\"><h4>\u00bfD\u00f3nde puedo encontrar m\u00e1s informaci\u00f3n sobre mis beneficios tecnol\u00f3gicos?<\/h4><i class=\"vc_toggle_icon\"><\/i><\/div>\n\t<div class=\"vc_toggle_content\"><p style=\"font-family: tahoma, arial, helvetica, sans-serif; font-size: 20px; text-align: justify;\">Para conocer los beneficios tecnol\u00f3gicos, debe acercarse a la <strong>Oficina de Gesti\u00f3n Tecnol\u00f3gica Institucional<\/strong> para recibir m\u00e1s informaci\u00f3n.<\/p>\n<\/div>\n<\/div><\/div><\/div><\/div><\/div><div id=\"programas-academicos\" class=\"vc_row wpb_row vc_inner vc_row-fluid\"><div class=\"vc_ col-sm-12\"><div class=\"vc_column-inner\"><div class=\"wpb_wrapper\">\n\t<div class=\"wpb_text_column wpb_content_element\" >\n\t\t<div class=\"wpb_wrapper\">\n\t\t\t<p style=\"text-align: center; font-family: 'Raleway', sans-serif;\"><span style=\"color: #e30613;\"><strong><span style=\"font-size: 24px; font-family: 'Raleway', sans-serif;\">PROGRAMAS ACAD\u00c9MICOS<\/span><\/strong><\/span><\/p>\n\n\t\t<\/div>\n\t<\/div>\n<div class=\"vc_empty_space\"   style=\"height: 32px\"><span class=\"vc_empty_space_inner\"><\/span><\/div>\n\t<div class=\"wpb_text_column wpb_content_element\" >\n\t\t<div class=\"wpb_wrapper\">\n\t\t\t<p><span style=\"color: #000000;\"><strong><span style=\"font-family: tahoma, arial, helvetica, sans-serif; font-size: 20px;\"><u>Cursos y electivas<\/u><\/span><\/strong><\/span><\/p>\n\n\t\t<\/div>\n\t<\/div>\n<div class=\"vc_empty_space\"   style=\"height: 16px\"><span class=\"vc_empty_space_inner\"><\/span><\/div><div class=\"vc_toggle vc_toggle_default vc_toggle_color_default  vc_toggle_size_md\">\n\t<div class=\"vc_toggle_title\"><h4>\u00bfC\u00f3mo puedo saber el horario de los diferentes cursos?<\/h4><i class=\"vc_toggle_icon\"><\/i><\/div>\n\t<div class=\"vc_toggle_content\"><p><span style=\"font-family: tahoma, arial, helvetica, sans-serif; font-size: 20px;\">Desde la direcci\u00f3n de cada programa, son enviados por cada semestre, se\u00f1alando todos los horarios habilitados para cada curso, pues un curso puede ofertarse en varios momentos y el estudiante puede elegir cual se le ajusta mejor.<\/span><\/p>\n<p><span style=\"font-family: tahoma, arial, helvetica, sans-serif; font-size: 20px;\">Es importante aclarar que estos ser\u00e1n enviados \u00fanicamente a los correos institucionales, por lo tanto, es importante que el estudiante tenga acceso a dicho correo.<\/span><\/p>\n<\/div>\n<\/div><div class=\"vc_toggle vc_toggle_default vc_toggle_color_default  vc_toggle_size_md\">\n\t<div class=\"vc_toggle_title\"><h4>\u00bfC\u00f3mo s\u00e9 que electivas se ofertan en cada semestre?<\/h4><i class=\"vc_toggle_icon\"><\/i><\/div>\n\t<div class=\"vc_toggle_content\"><p><span style=\"font-family: tahoma, arial, helvetica, sans-serif; font-size: 20px;\">Son diferentes los tipos de electivas necesarias y obligatorias los cuales son:<\/span><\/p>\n<ol>\n<li><span style=\"font-family: tahoma, arial, helvetica, sans-serif; font-size: 20px;\"><em>Electivas de componente b\u00e1sicas institucionales obligatorias:<\/em><\/span><\/li>\n<\/ol>\n<p><span style=\"font-family: tahoma, arial, helvetica, sans-serif; font-size: 20px;\">Estas son 8 electivas generales, disponibles para toda la comunidad navarrista y que son ofertados siempre en cada periodo acad\u00e9mico. Estas se encuentran estipuladas en el <strong>acuerdo 014 del 2017.<\/strong><\/span><\/p>\n<p><span style=\"font-family: tahoma, arial, helvetica, sans-serif; font-size: 20px;\"><strong>\u00a0<\/strong>El acuerdo detalla que cursos no son obligatorios cursar y aprobar por cada programa, pues cabe resaltar que solo debe inscribir las que el programa determine.<\/span><\/p>\n<p><span style=\"font-family: tahoma, arial, helvetica, sans-serif; font-size: 20px;\"><a href=\"https:\/\/uninavarra.edu.co\/wp-content\/uploads\/2017\/06\/ACUERDO-014-Modificaci%C3%B3n-Componente-Basico-Institucional.pdf\">https:\/\/uninavarra.edu.co\/wp-content\/uploads\/2017\/06\/ACUERDO-014-Modificaci%C3%B3n-Componente-Basico-Institucional.pdf<\/a><\/span><\/p>\n<p><span style=\"font-family: tahoma, arial, helvetica, sans-serif; font-size: 20px;\"><a href=\"https:\/\/uninavarra.edu.co\/wp-content\/uploads\/2015\/10\/ACUERDO-007-DE-2014-CURSOS-DE-COMPONENTE-BASICO-INSTITUCIONAL.pdf\">https:\/\/uninavarra.edu.co\/wp-content\/uploads\/2015\/10\/ACUERDO-007-DE-2014-CURSOS-DE-COMPONENTE-BASICO-INSTITUCIONAL.pdf<\/a><\/span><\/p>\n<p>&nbsp;<\/p>\n<ol start=\"2\">\n<li><span style=\"font-family: tahoma, arial, helvetica, sans-serif; font-size: 20px;\"><em>Electivas de componente flexible institucionales: <\/em><\/span><\/li>\n<\/ol>\n<p><span style=\"font-family: tahoma, arial, helvetica, sans-serif; font-size: 20px;\">Son 12 cursos electivos de componente flexible institucional cada uno con un valor de 2 cr\u00e9ditos, ofertados a toda la comunidad navarrista, acordados dentro del <strong>Acuerdo 018 de 2018<\/strong>, de los cuales le corresponde al estudiante cursar y aprobar 4 cr\u00e9ditos (2 cursos), los que sean de su preferencia.<\/span><\/p>\n<p><span style=\"font-family: tahoma, arial, helvetica, sans-serif; font-size: 20px;\">Estas electivas est\u00e1n adscritos a los Programas Acad\u00e9micos de acuerdo con la naturaleza de sus contenidos program\u00e1ticos.<\/span><\/p>\n<p><span style=\"font-family: tahoma, arial, helvetica, sans-serif; font-size: 20px;\"><a href=\"https:\/\/uninavarra.edu.co\/wp-content\/uploads\/2018\/02\/ACUERDO-010-COMPONENTE-FLEXIBLE-INSTITUCIONAL.pdf\">https:\/\/uninavarra.edu.co\/wp-content\/uploads\/2018\/02\/ACUERDO-010-COMPONENTE-FLEXIBLE-INSTITUCIONAL.pdf<\/a><\/span><\/p>\n<p><span style=\"font-family: tahoma, arial, helvetica, sans-serif; font-size: 20px;\"><a href=\"https:\/\/uninavarra.edu.co\/noticias-normatividad\/acuerdo-011-de-2026-05-de-marzo-por-el-cual-se-modifica-el-acuerdo-010-del-02-de-octubre-de-2014-componente-flexible-institucional-de-la-fundacion-universitaria-navarra\/\">https:\/\/uninavarra.edu.co\/noticias-normatividad\/acuerdo-011-de-2026-05-de-marzo-por-el-cual-se-modifica-el-acuerdo-010-del-02-de-octubre-de-2014-componente-flexible-institucional-de-la-fundacion-universitaria-navarra\/<\/a><\/span><\/p>\n<p><span style=\"font-family: tahoma, arial, helvetica, sans-serif; font-size: 20px;\">Es importante aclarar que estos ser\u00e1n enviados \u00fanicamente a los correos institucionales, por lo tanto, es importante que el estudiante tenga acceso a dicho correo.<\/span><\/p>\n<\/div>\n<\/div><div class=\"vc_toggle vc_toggle_default vc_toggle_color_default  vc_toggle_size_md\">\n\t<div class=\"vc_toggle_title\"><h4>\u00bfC\u00f3mo puedo saber si hay disponibilidad de cupo?<\/h4><i class=\"vc_toggle_icon\"><\/i><\/div>\n\t<div class=\"vc_toggle_content\"><p><span style=\"font-family: tahoma, arial, helvetica, sans-serif; font-size: 20px;\">Desde el \u00e1rea de admisiones y registro por medio de correo electr\u00f3nico <a href=\"mailto:admisionesyregistro4@uninavarra.edu.co\">admisionesyregistro4@uninavarra.edu.co<\/a> puede solicitar informaci\u00f3n de disponibilidad de cupos.<\/span><\/p>\n<\/div>\n<\/div><div class=\"vc_toggle vc_toggle_default vc_toggle_color_default  vc_toggle_size_md\">\n\t<div class=\"vc_toggle_title\"><h4>\u00bfDe qu\u00e9 forma se solicita una ampliaci\u00f3n de cupo?<\/h4><i class=\"vc_toggle_icon\"><\/i><\/div>\n\t<div class=\"vc_toggle_content\"><p><span style=\"font-family: tahoma, arial, helvetica, sans-serif; font-size: 20px;\">Puede solicitar formalmente ampliaci\u00f3n de cupo por correo electr\u00f3nico a su direcci\u00f3n de programa, sea afirmativa o negativa la respuesta, esta es emitida por medio de un acto jur\u00eddico que es enviado a admisiones y registro para su ejecuci\u00f3n.<\/span><\/p>\n<\/div>\n<\/div><div class=\"vc_toggle vc_toggle_default vc_toggle_color_default  vc_toggle_size_md\">\n\t<div class=\"vc_toggle_title\"><h4>\u00bfC\u00f3mo es posible conocer los prerrequisitos de un curso?<\/h4><i class=\"vc_toggle_icon\"><\/i><\/div>\n\t<div class=\"vc_toggle_content\"><p><span style=\"font-family: tahoma, arial, helvetica, sans-serif; font-size: 20px;\">Los prerrequisitos de un curso son aquellas asignaturas que requieren ser cursadas y aprobadas; asignaturas que permiten dar apertura a otras nuevas a lo largo de su carrera profesional.<\/span><\/p>\n<p><span style=\"font-family: tahoma, arial, helvetica, sans-serif; font-size: 20px;\">Dentro del plan de estudios que posee cada programa acad\u00e9mico, se encuentran estipulados los prerrequisitos de cada curso. Estos son compartidos por los directores de programa a cada estudiante que lo requiera, a continuaci\u00f3n, se enlistan todos los correos electr\u00f3nicos de cada programa a los que usted puede solicitarlos formalmente:<\/span><\/p>\n<table width=\"104%\">\n<tbody>\n<tr>\n<td width=\"18%\"><span style=\"font-family: tahoma, arial, helvetica, sans-serif; font-size: 20px;\"><strong>PROGRAMA ACADEMICO<\/strong><\/span><\/td>\n<td width=\"38%\"><span style=\"font-family: tahoma, arial, helvetica, sans-serif; font-size: 20px;\"><strong>CORREO DIRECCION DE PROGRAMA<\/strong><\/span><\/td>\n<td width=\"43%\"><span style=\"font-family: tahoma, arial, helvetica, sans-serif; font-size: 20px;\"><strong>CORREO APOYO PROFESIONAL DE PROGRAMA<\/strong><\/span><\/td>\n<\/tr>\n<tr>\n<td rowspan=\"2\" width=\"18%\"><span style=\"font-family: tahoma, arial, helvetica, sans-serif; font-size: 20px;\">Medicina<\/span><\/td>\n<td colspan=\"2\" width=\"81%\"><span style=\"font-family: tahoma, arial, helvetica, sans-serif; font-size: 20px;\">Isidro Torres Castro<\/span><\/td>\n<\/tr>\n<tr>\n<td width=\"38%\"><span style=\"font-family: tahoma, arial, helvetica, sans-serif; font-size: 20px;\">directormedicina@uninavarra.edu.co<\/span><\/td>\n<td width=\"43%\"><span style=\"font-family: tahoma, arial, helvetica, sans-serif; font-size: 20px;\">Pa.robayo@uninavarra.edu.co<\/span><\/td>\n<\/tr>\n<tr>\n<td rowspan=\"2\" width=\"18%\"><span style=\"font-family: tahoma, arial, helvetica, sans-serif; font-size: 20px;\">Enfermer\u00eda<\/span><\/td>\n<td colspan=\"2\" width=\"81%\"><span style=\"font-family: tahoma, arial, helvetica, sans-serif; font-size: 20px;\">Sandra Milena Mesa Rodr\u00edguez<\/span><\/td>\n<\/tr>\n<tr>\n<td width=\"38%\"><span style=\"font-family: tahoma, arial, helvetica, sans-serif; font-size: 20px;\">direccionenfermeria@uninavarra.edu.co<\/span><\/td>\n<td width=\"43%\"><span style=\"font-family: tahoma, arial, helvetica, sans-serif; font-size: 20px;\">apoyoprogramas@uninavarra.edu.co<\/span><\/td>\n<\/tr>\n<tr>\n<td rowspan=\"2\" width=\"18%\"><span style=\"font-family: tahoma, arial, helvetica, sans-serif; font-size: 20px;\">Derecho<\/span><\/td>\n<td colspan=\"2\" width=\"81%\"><span style=\"font-family: tahoma, arial, helvetica, sans-serif; font-size: 20px;\">Katherin Torres Posada<\/span><\/td>\n<\/tr>\n<tr>\n<td width=\"38%\"><span style=\"font-family: tahoma, arial, helvetica, sans-serif; font-size: 20px;\">direccionprogramaderecho@uninavarra.edu.co<\/span><\/td>\n<td width=\"43%\"><span style=\"font-family: tahoma, arial, helvetica, sans-serif; font-size: 20px;\">apoyoproderecho@uninavarra.edu.co<\/span><\/td>\n<\/tr>\n<tr>\n<td rowspan=\"2\" width=\"18%\"><span style=\"font-family: tahoma, arial, helvetica, sans-serif; font-size: 20px;\">Ingenier\u00eda Industrial<\/span><\/td>\n<td colspan=\"2\" width=\"81%\"><span style=\"font-family: tahoma, arial, helvetica, sans-serif; font-size: 20px;\">Mauricio Herney Gordillo Rodr\u00edguez<\/span><\/td>\n<\/tr>\n<tr>\n<td width=\"38%\"><span style=\"font-family: tahoma, arial, helvetica, sans-serif; font-size: 20px;\">direccioningenieriaindustrial@uninavarra.edu.co<\/span><\/td>\n<td width=\"43%\"><span style=\"font-family: tahoma, arial, helvetica, sans-serif; font-size: 20px;\">apoyoingenierias@uninavarra.edu.co<\/span><\/td>\n<\/tr>\n<tr>\n<td rowspan=\"2\" width=\"18%\"><span style=\"font-family: tahoma, arial, helvetica, sans-serif; font-size: 20px;\">Ingenier\u00eda ambiental<\/span><\/td>\n<td colspan=\"2\" width=\"81%\"><span style=\"font-family: tahoma, arial, helvetica, sans-serif; font-size: 20px;\">Leidy Johana Diaz Sanchez<\/span><\/td>\n<\/tr>\n<tr>\n<td width=\"38%\"><span style=\"font-family: tahoma, arial, helvetica, sans-serif; font-size: 20px;\">direccioningenieriaambiental@uninavarra.edu.co<\/span><\/td>\n<td width=\"43%\"><span style=\"font-family: tahoma, arial, helvetica, sans-serif; font-size: 20px;\">apoyoingenierias@uninavarra.edu.co<\/span><\/td>\n<\/tr>\n<tr>\n<td rowspan=\"2\" width=\"18%\"><span style=\"font-family: tahoma, arial, helvetica, sans-serif; font-size: 20px;\">Administraci\u00f3n de empresas<\/span><\/td>\n<td colspan=\"2\" width=\"81%\"><span style=\"font-family: tahoma, arial, helvetica, sans-serif; font-size: 20px;\">Maria Fidela Garzon Moya<\/span><\/td>\n<\/tr>\n<tr>\n<td width=\"38%\"><span style=\"font-family: tahoma, arial, helvetica, sans-serif; font-size: 20px;\">direccionadministracion@uninavarra.edu.co<\/span><\/td>\n<td width=\"43%\"><span style=\"font-family: tahoma, arial, helvetica, sans-serif; font-size: 20px;\">apoyoadministracion@uninavarra.edu.co<\/span><\/td>\n<\/tr>\n<tr>\n<td rowspan=\"2\" width=\"18%\"><span style=\"font-family: tahoma, arial, helvetica, sans-serif; font-size: 20px;\">Radiolog\u00eda e im\u00e1genes diagnosticas<\/span><\/td>\n<td colspan=\"2\" width=\"81%\"><span style=\"font-family: tahoma, arial, helvetica, sans-serif; font-size: 20px;\">Anny Briyith Aquite Agudelo<\/span><\/td>\n<\/tr>\n<tr>\n<td width=\"38%\"><span style=\"font-family: tahoma, arial, helvetica, sans-serif; font-size: 20px;\">direccionradiologia@uninavarra.edu.co<\/span><\/td>\n<td width=\"43%\"><span style=\"font-family: tahoma, arial, helvetica, sans-serif; font-size: 20px;\">apoyoprogramas@uninavarra.edu.co<\/span><\/td>\n<\/tr>\n<\/tbody>\n<\/table>\n<\/div>\n<\/div><\/div><\/div><\/div><\/div><div id=\"programas-academicos-adicion-cancelacion\" class=\"vc_row wpb_row vc_inner vc_row-fluid\"><div class=\"vc_ col-sm-12\"><div class=\"vc_column-inner\"><div class=\"wpb_wrapper\">\n\t<div class=\"wpb_text_column wpb_content_element\" >\n\t\t<div class=\"wpb_wrapper\">\n\t\t\t<p><span style=\"color: #000000;\"><strong><span style=\"font-family: tahoma, arial, helvetica, sans-serif; font-size: 20px;\"><u>Adici\u00f3n y cancelaci\u00f3n\u00a0<\/u><\/span><\/strong><\/span><\/p>\n\n\t\t<\/div>\n\t<\/div>\n<div class=\"vc_empty_space\"   style=\"height: 16px\"><span class=\"vc_empty_space_inner\"><\/span><\/div><div class=\"vc_toggle vc_toggle_default vc_toggle_color_default  vc_toggle_size_md\">\n\t<div class=\"vc_toggle_title\"><h4>\u00bfEn qu\u00e9 momento se llevan a cabo adiciones y cancelaciones?<\/h4><i class=\"vc_toggle_icon\"><\/i><\/div>\n\t<div class=\"vc_toggle_content\"><p><span style=\"font-family: tahoma, arial, helvetica, sans-serif; font-size: 20px;\">Estas se llevan a cabo durante la primera semana de cada periodo acad\u00e9mico, puede extenderse el plazo solo cuando la direcci\u00f3n de programa as\u00ed lo decida.<\/span><\/p>\n<\/div>\n<\/div><div class=\"vc_toggle vc_toggle_default vc_toggle_color_default  vc_toggle_size_md\">\n\t<div class=\"vc_toggle_title\"><h4>\u00bfC\u00f3mo es el proceso de adici\u00f3n y cancelaci\u00f3n?<\/h4><i class=\"vc_toggle_icon\"><\/i><\/div>\n\t<div class=\"vc_toggle_content\"><p><span style=\"font-family: tahoma, arial, helvetica, sans-serif; font-size: 20px;\">Con la ayuda de un formato de adici\u00f3n y cancelaci\u00f3n dise\u00f1ado por la instituci\u00f3n, que puede solicitar por medio de correo electr\u00f3nico a cada direcci\u00f3n de programa, el cual debe ser diligenciado con sus datos completos, adem\u00e1s de los horarios, docentes y nombre de los cursos que quiera adicionar o cancelar.<\/span><\/p>\n<p><span style=\"font-family: tahoma, arial, helvetica, sans-serif; font-size: 20px;\">Este formato debe ser firmado a mano alzada y enviado a su direcci\u00f3n de programa, donde ser\u00e1 evaluada su aprobaci\u00f3n o negaci\u00f3n mediante consejo acad\u00e9mico, que se lleva a cabo durante la primera semana de cada mes. La respuesta a este tipo de solicitudes se emite mediante un acto jur\u00eddico, y es enviado a admisiones y registro para su ejecuci\u00f3n.<\/span><\/p>\n<\/div>\n<\/div><\/div><\/div><\/div><\/div><div id=\"programas-academicos-reintegros\" class=\"vc_row wpb_row vc_inner vc_row-fluid\"><div class=\"vc_ col-sm-12\"><div class=\"vc_column-inner\"><div class=\"wpb_wrapper\">\n\t<div class=\"wpb_text_column wpb_content_element\" >\n\t\t<div class=\"wpb_wrapper\">\n\t\t\t<p><span style=\"color: #000000;\"><strong><span style=\"font-family: tahoma, arial, helvetica, sans-serif; font-size: 20px;\"><u>Reintegros<\/u><\/span><\/strong><\/span><\/p>\n\n\t\t<\/div>\n\t<\/div>\n<div class=\"vc_empty_space\"   style=\"height: 16px\"><span class=\"vc_empty_space_inner\"><\/span><\/div><div class=\"vc_toggle vc_toggle_default vc_toggle_color_default  vc_toggle_size_md\">\n\t<div class=\"vc_toggle_title\"><h4>\u00bfLa solicitud de reintegro tiene alg\u00fan costo?<\/h4><i class=\"vc_toggle_icon\"><\/i><\/div>\n\t<div class=\"vc_toggle_content\"><p><span style=\"font-family: tahoma, arial, helvetica, sans-serif; font-size: 20px;\">Esta solicitud no tiene ning\u00fan costo, pero es importante aclarar que el aspirante debe pagar nuevamente los derechos de inscripci\u00f3n.<\/span><\/p>\n<\/div>\n<\/div><div class=\"vc_toggle vc_toggle_default vc_toggle_color_default  vc_toggle_size_md\">\n\t<div class=\"vc_toggle_title\"><h4>\u00bfC\u00f3mo es el proceso para solicitar un reintegro a la UNINAVARRA?<\/h4><i class=\"vc_toggle_icon\"><\/i><\/div>\n\t<div class=\"vc_toggle_content\"><p><span style=\"font-family: tahoma, arial, helvetica, sans-serif; font-size: 20px;\">El estudiante puede hacer la solicitud a la direcci\u00f3n de programa a trav\u00e9s de correo electr\u00f3nico dirigido al consejo de facultad, se\u00f1alando claramente su inter\u00e9s de reincorporarse con la instituci\u00f3n.<\/span><\/p>\n<p><span style=\"font-family: tahoma, arial, helvetica, sans-serif; font-size: 20px;\">El consejo de facultad al momento de reunirse (la primera semana de cada mes) emite respuesta mediante un acto jur\u00eddico. Si la respuesta es en negaci\u00f3n, esta le es enviada formalmente al aspirante v\u00eda correo electr\u00f3nico; por el contrario, si esta es afirmativa, es enviada a admisiones y registro para dar inicio al proceso de matr\u00edcula, y al \u00e1rea financiera para que se genera la orden de pago de matr\u00edcula.<\/span><\/p>\n<\/div>\n<\/div><\/div><\/div><\/div><\/div><div id=\"programas-academicos-homologacion\" class=\"vc_row wpb_row vc_inner vc_row-fluid\"><div class=\"vc_ col-sm-12\"><div class=\"vc_column-inner\"><div class=\"wpb_wrapper\">\n\t<div class=\"wpb_text_column wpb_content_element\" >\n\t\t<div class=\"wpb_wrapper\">\n\t\t\t<p><span style=\"color: #000000;\"><strong><span style=\"font-family: tahoma, arial, helvetica, sans-serif; font-size: 20px;\"><a id=\"financiera\"><\/a><u>Homologaci\u00f3n<\/u><\/span><\/strong><\/span><\/p>\n\n\t\t<\/div>\n\t<\/div>\n<div class=\"vc_empty_space\"   style=\"height: 16px\"><span class=\"vc_empty_space_inner\"><\/span><\/div><div class=\"vc_toggle vc_toggle_default vc_toggle_color_default  vc_toggle_size_md\">\n\t<div class=\"vc_toggle_title\"><h4>\u00bfDe cu\u00e1les instituciones se es posible hacer homologaci\u00f3n?<\/h4><i class=\"vc_toggle_icon\"><\/i><\/div>\n\t<div class=\"vc_toggle_content\"><p><span style=\"font-family: tahoma, arial, helvetica, sans-serif; font-size: 20px;\">Es posible llevar a cabo homologaciones de cualquier establecimiento educativo, siempre y cuando la persona provenga de un programa acad\u00e9mico de pregrado, es decir. Si la persona est\u00e1 interesada en homologar un t\u00e9cnico o tecn\u00f3logo, no es admisible.<\/span><\/p>\n<p><span style=\"font-family: tahoma, arial, helvetica, sans-serif; font-size: 20px;\">\u00bfCu\u00e1l es el proceso de homologaci\u00f3n?<\/span><\/p>\n<p><span style=\"font-family: tahoma, arial, helvetica, sans-serif; font-size: 20px;\">Para llevar a cabo un proceso de homologaci\u00f3n es importante que se dirija al reglamento estudiantil de la Fundaci\u00f3n Universitaria Navarra UNINAVARRA; all\u00ed podr\u00e1 encontrar toda la informaci\u00f3n relacionada, espec\u00edficamente en el <strong>Titulo 3. Cap\u00edtulo 1.<\/strong> <strong>Articulo 42 \u2013 Articulo 45.<\/strong><\/span><\/p>\n<p><span style=\"font-family: tahoma, arial, helvetica, sans-serif; font-size: 20px;\"><strong>\u00a0<\/strong><a href=\"https:\/\/uninavarra.edu.co\/normatividad\/#acuerdos-consejo-academico\">https:\/\/uninavarra.edu.co\/normatividad\/#acuerdos-consejo-academico<\/a><\/span><\/p>\n<\/div>\n<\/div><\/div><\/div><\/div><\/div><div id=\"financiera\" class=\"vc_row wpb_row vc_inner vc_row-fluid\"><div class=\"vc_ col-sm-12\"><div class=\"vc_column-inner\"><div class=\"wpb_wrapper\">\n\t<div class=\"wpb_text_column wpb_content_element\" >\n\t\t<div class=\"wpb_wrapper\">\n\t\t\t<p style=\"text-align: center; font-family: 'Raleway', sans-serif;\"><span style=\"color: #e30613;\"><strong><span style=\"font-size: 24px; font-family: 'Raleway', sans-serif;\"><a id=\"tic\"><\/a>FINANCIERA<\/span><\/strong><\/span><\/p>\n\n\t\t<\/div>\n\t<\/div>\n<div class=\"vc_empty_space\"   style=\"height: 32px\"><span class=\"vc_empty_space_inner\"><\/span><\/div><div class=\"vc_toggle vc_toggle_default vc_toggle_color_default  vc_toggle_size_md\">\n\t<div class=\"vc_toggle_title\"><h4>\u00bfCu\u00e1les son las entidades con las que puedo solicitar cr\u00e9dito educativo?<\/h4><i class=\"vc_toggle_icon\"><\/i><\/div>\n\t<div class=\"vc_toggle_content\"><p><span style=\"font-family: tahoma, arial, helvetica, sans-serif; font-size: 20px;\">Para la financiaci\u00f3n de la matricula por medio de un cr\u00e9dito educativo, se tiene actualmente convenio con las siguientes <span style=\"font-family: tahoma, arial, helvetica, sans-serif; font-size: 20px;\">entidades:<\/span><\/span><\/p>\n<p><span style=\"font-family: tahoma, arial, helvetica, sans-serif; font-size: 20px;\">Fondo Nacional del Ahorro<br \/>\n<span style=\"font-family: tahoma, arial, helvetica, sans-serif; font-size: 20px;\">Cooperativa de Ahorro y Cr\u00e9dito Comuna<br \/>\n<span style=\"font-family: tahoma, arial, helvetica, sans-serif; font-size: 20px;\">Banco Pichincha<br \/>\n<span style=\"font-family: tahoma, arial, helvetica, sans-serif; font-size: 20px;\">Cooperativa de Ahorro y Cr\u00e9dito Fincomercio<br \/>\n<span style=\"font-family: tahoma, arial, helvetica, sans-serif; font-size: 20px;\">Icetex<br \/>\n<span style=\"font-family: tahoma, arial, helvetica, sans-serif; font-size: 20px;\">Es importante tener en cuenta que, para obtener informaci\u00f3n detallada sobre el proceso y los documentos necesarios para la financiaci\u00f3n, debe comunicarse directamente con la entidad de su inter\u00e9s.<\/span><\/span><\/span><\/span><\/span><\/span><\/p>\n<\/div>\n<\/div><div class=\"vc_toggle vc_toggle_default vc_toggle_color_default  vc_toggle_size_md\">\n\t<div class=\"vc_toggle_title\"><h4>\u00bfQu\u00e9 debo hacer luego de haber cancelado mi orden de pago de matr\u00edcula o certificado?<\/h4><i class=\"vc_toggle_icon\"><\/i><\/div>\n\t<div class=\"vc_toggle_content\"><p><span style=\"font-family: tahoma, arial, helvetica, sans-serif; font-size: 20px;\">Una vez realizado el pago, debe enviar el soporte escaneado al correo admisionesyregistro4@uninavarra.edu.co, junto con sus datos completos (nombre completo, No. de identificaci\u00f3n, c\u00f3digo, programa acad\u00e9mico), indicando que tipo de certificado requiere. El proceso es el mismo si usted realizo su pago por PSE.<\/span><\/p>\n<\/div>\n<\/div><div class=\"vc_toggle vc_toggle_default vc_toggle_color_default  vc_toggle_size_md\">\n\t<div class=\"vc_toggle_title\"><h4>\u00bfPor medio de que bancos, puedo realizar el pago de mi matricula o certificado?<\/h4><i class=\"vc_toggle_icon\"><\/i><\/div>\n\t<div class=\"vc_toggle_content\"><p><span style=\"font-family: tahoma, arial, helvetica, sans-serif; font-size: 20px;\">Una vez le sea cargada la orden de pago a su plataforma, en esta encontrara los numero de cuenta de los bancos con los cuales la Fundaci\u00f3n Universitaria Navarra tiene convenio, que son:<\/span><\/p>\n<p><span style=\"font-family: tahoma, arial, helvetica, sans-serif; font-size: 20px;\">BBVA, Banco de Occidente, Banco pichincha.<\/span><\/p>\n<p><span style=\"font-family: tahoma, arial, helvetica, sans-serif; font-size: 20px;\">Para los pagos en l\u00ednea a trav\u00e9s de PSE (Pago seguro en l\u00ednea), en la pagina principal de la instituci\u00f3n puede encontrar el acceso directo a pagos electr\u00f3nicos PSE, en donde se solicita ciertos datos necesarios para la transacci\u00f3n tales como, No. de cedula del aspirante, numero de la orden de pago y valor a pagar.<\/span><\/p>\n<\/div>\n<\/div><div class=\"vc_toggle vc_toggle_default vc_toggle_color_default  vc_toggle_size_md\">\n\t<div class=\"vc_toggle_title\"><h4>\u00bfC\u00f3mo solicitar actualizaci\u00f3n de la fecha l\u00edmite de pago en el recibo?<\/h4><i class=\"vc_toggle_icon\"><\/i><\/div>\n\t<div class=\"vc_toggle_content\"><p><span style=\"font-family: tahoma, arial, helvetica, sans-serif; font-size: 20px;\">Enviado un correo electr\u00f3nico a apoyocontable@uninavarra.edu.co solicitando le sea actualizada la fecha l\u00edmite de pago de su orden.<\/span><\/p>\n<\/div>\n<\/div><div class=\"vc_toggle vc_toggle_default vc_toggle_color_default  vc_toggle_size_md\">\n\t<div class=\"vc_toggle_title\"><h4>\u00bfCu\u00e1l es el costo de cada uno de los tipos de certificados?<\/h4><i class=\"vc_toggle_icon\"><\/i><\/div>\n\t<div class=\"vc_toggle_content\"><p><span style=\"font-family: tahoma, arial, helvetica, sans-serif; font-size: 20px;\">Certificados (de estudios, terminaci\u00f3n de materias, aprobaci\u00f3n de estudios, calificaciones por un periodo acad\u00e9mico y conducta) tienen un costo de:<\/span><\/p>\n<\/div>\n<\/div><div class=\"vc_toggle vc_toggle_default vc_toggle_color_default  vc_toggle_size_md\">\n\t<div class=\"vc_toggle_title\"><h4>\u00bfC\u00f3mo puedo solicitar un certificado?<\/h4><i class=\"vc_toggle_icon\"><\/i><\/div>\n\t<div class=\"vc_toggle_content\"><p><span style=\"font-family: tahoma, arial, helvetica, sans-serif; font-size: 20px;\">A trav\u00e9s del correo <a href=\"mailto:apoyocontable@uninavarra.edu.co\">apoyocontable@uninavarra.edu.co<\/a> puede hacer la solicitud formal de certificados, indicando nombre completo, No. de identificaci\u00f3n, c\u00f3digo y programa acad\u00e9mico. Esta dependencia se encarga de generar la orden de pago, la cual es subida a su plataforma para posteriormente ser descargada e impresa a laser.<\/span><\/p>\n<\/div>\n<\/div><div class=\"vc_toggle vc_toggle_default vc_toggle_color_default  vc_toggle_size_md\">\n\t<div class=\"vc_toggle_title\"><h4>\u00bfC\u00f3mo y cuando se genera la orden de pago de matr\u00edcula?<\/h4><i class=\"vc_toggle_icon\"><\/i><\/div>\n\t<div class=\"vc_toggle_content\"><p><span style=\"font-family: tahoma, arial, helvetica, sans-serif; font-size: 20px;\">La orden de pago de su matr\u00edcula se genera luego de haber realizado y aprobado satisfactoriamente, la entrevista y las pruebas respectivas al programa de su elecci\u00f3n.<br \/>\nEste resultado es enviado a las dependencias financiera y admisiones y registro, para que su orden de pago le sea subida a la plataforma acad\u00e9mica.<\/span><\/p>\n<\/div>\n<\/div><\/div><\/div><\/div><\/div><\/div><\/div><div class=\"vc_tta-panel\" id=\"1671549226219-9ad80a93-d200\" data-vc-content=\".vc_tta-panel-body\"><div class=\"vc_tta-panel-heading\"><h4 class=\"vc_tta-panel-title\"><a href=\"#1671549226219-9ad80a93-d200\" data-vc-accordion data-vc-container=\".vc_tta-container\"><span class=\"vc_tta-title-text\">Agende su Cita<\/span><\/a><\/h4><\/div><div class=\"vc_tta-panel-body\"><div class=\"vc_row wpb_row vc_inner vc_row-fluid\"><div class=\"vc_ col-sm-2\"><div class=\"vc_column-inner\"><div class=\"wpb_wrapper\"><\/div><\/div><\/div><div class=\"vc_ col-sm-8\"><div class=\"vc_column-inner\"><div class=\"wpb_wrapper\">\n<div class=\"wpcf7 no-js\" id=\"wpcf7-f55187-o1\" lang=\"es-ES\" dir=\"ltr\" data-wpcf7-id=\"55187\">\n<div class=\"screen-reader-response\"><p role=\"status\" aria-live=\"polite\" aria-atomic=\"true\"><\/p> <ul><\/ul><\/div>\n<form action=\"\/en\/wp-json\/wp\/v2\/pages\/38060#wpcf7-f55187-o1\" method=\"post\" class=\"wpcf7-form init\" aria-label=\"Formulario de contacto\" novalidate=\"novalidate\" data-status=\"init\">\n<fieldset class=\"hidden-fields-container\"><input type=\"hidden\" name=\"_wpcf7\" value=\"55187\" \/><input type=\"hidden\" name=\"_wpcf7_version\" value=\"6.1.5\" \/><input type=\"hidden\" name=\"_wpcf7_locale\" value=\"es_ES\" \/><input type=\"hidden\" name=\"_wpcf7_unit_tag\" value=\"wpcf7-f55187-o1\" \/><input type=\"hidden\" name=\"_wpcf7_container_post\" value=\"0\" \/><input type=\"hidden\" name=\"_wpcf7_posted_data_hash\" value=\"\" \/><input type=\"hidden\" name=\"_wpcf7cf_hidden_group_fields\" value=\"[]\" \/><input type=\"hidden\" name=\"_wpcf7cf_hidden_groups\" value=\"[]\" \/><input type=\"hidden\" name=\"_wpcf7cf_visible_groups\" value=\"[]\" \/><input type=\"hidden\" name=\"_wpcf7cf_repeaters\" value=\"[]\" \/><input type=\"hidden\" name=\"_wpcf7cf_steps\" value=\"{}\" \/><input type=\"hidden\" name=\"_wpcf7cf_options\" value=\"{&quot;form_id&quot;:55187,&quot;conditions&quot;:[{&quot;then_field&quot;:&quot;estudiante-programa&quot;,&quot;and_rules&quot;:[{&quot;if_field&quot;:&quot;vinculo&quot;,&quot;operator&quot;:&quot;equals&quot;,&quot;if_value&quot;:&quot;Estudiante&quot;}]},{&quot;then_field&quot;:&quot;familiar-programa&quot;,&quot;and_rules&quot;:[{&quot;if_field&quot;:&quot;vinculo&quot;,&quot;operator&quot;:&quot;equals&quot;,&quot;if_value&quot;:&quot;Familiar&quot;}]}],&quot;settings&quot;:{&quot;animation&quot;:&quot;yes&quot;,&quot;animation_intime&quot;:200,&quot;animation_outtime&quot;:200,&quot;conditions_ui&quot;:&quot;normal&quot;,&quot;notice_dismissed&quot;:false,&quot;notice_dismissed_update-cf7-5.7.5.1&quot;:true,&quot;notice_dismissed_rollback-cf7-5.8.5&quot;:true,&quot;notice_dismissed_rollback-cf7-5.8.6&quot;:true,&quot;notice_dismissed_rollback-cf7-5.9.7&quot;:true,&quot;notice_dismissed_update-cf7-6.1.3&quot;:true}}\" \/><input type=\"hidden\" name=\"_wpcf7_recaptcha_response\" value=\"\" \/>\n<\/fieldset>\n<div id=\"form-container\">\n\t<div id=\"form-content\">\n\t\t<div id=\"form-head\">\n\t\t\t<h1 class=\"pre\">Agende su cita\n\t\t\t<\/h1>\n\t\t\t<p > Los Campos marcados con <span class=\"requerido\">*<\/span>son obligatorios\n\t\t\t<\/p>\n\t\t\t<h1 class=\"post\">Gracias por tu mensaje!\n\t\t\t<\/h1>\n\t\t\t<p class=\"post\">Ha sido enviado. Estaremos en contacto lo antes posible\n\t\t\t<\/p>\n\t\t<\/div>\n\t\t<div id=\"form\">\n\t\t\t<div class=\"form-group\">\n\t\t\t\t<p><label for=\"edit-tipousu\"><span>*<\/span>Nombres<\/label><br \/>\n<span class=\"wpcf7-form-control-wrap\" data-name=\"your-name\"><input size=\"40\" maxlength=\"400\" class=\"wpcf7-form-control wpcf7-text wpcf7-validates-as-required campo\" id=\"nombre\" aria-required=\"true\" aria-invalid=\"false\" value=\"\" type=\"text\" name=\"your-name\" \/><\/span>\n\t\t\t\t<\/p>\n\t\t\t<\/div>\n\t\t\t<div class=\"form-group\">\n\t\t\t\t<p><label for=\"edit-tipousu\"><span>*<\/span>Apellidos<\/label><br \/>\n<span class=\"wpcf7-form-control-wrap\" data-name=\"your-apellido\"><input size=\"40\" maxlength=\"400\" class=\"wpcf7-form-control wpcf7-text wpcf7-validates-as-required campo\" id=\"apellido\" aria-required=\"true\" aria-invalid=\"false\" value=\"\" type=\"text\" name=\"your-apellido\" \/><\/span>\n\t\t\t\t<\/p>\n\t\t\t<\/div>\n\t\t\t<div class=\"form-group\">\n\t\t\t\t<p><label for=\"edit-tipousu\"><span>*<\/span>Celular<\/label><br \/>\n<span class=\"wpcf7-form-control-wrap\" data-name=\"telefonoContact\"><input size=\"40\" maxlength=\"400\" class=\"wpcf7-form-control wpcf7-tel wpcf7-validates-as-required wpcf7-text wpcf7-validates-as-tel campo\" id=\"telefono\" aria-required=\"true\" aria-invalid=\"false\" value=\"\" type=\"tel\" name=\"telefonoContact\" \/><\/span>\n\t\t\t\t<\/p>\n\t\t\t<\/div>\n\t\t\t<div class=\"form-group\">\n\t\t\t\t<p><label for=\"edit-tipousu\"><span>*<\/span>E-mail<\/label><br \/>\n<span class=\"wpcf7-form-control-wrap\" data-name=\"your-email\"><input size=\"40\" maxlength=\"400\" class=\"wpcf7-form-control wpcf7-email wpcf7-validates-as-required wpcf7-text wpcf7-validates-as-email campo\" id=\"correo\" aria-required=\"true\" aria-invalid=\"false\" value=\"\" type=\"email\" name=\"your-email\" \/><\/span>\n\t\t\t\t<\/p>\n\t\t\t<\/div>\n\t\t\t<div class=\"form-group\">\n\t\t\t\t<p><label for=\"edit-tipousu\"><span>*<\/span>V\u00ednculo con la Universidad<\/label><br \/>\n<span class=\"wpcf7-form-control-wrap\" data-name=\"vinculo\"><select class=\"wpcf7-form-control wpcf7-select wpcf7-validates-as-required campo-sele\" id=\"vinculo\" aria-required=\"true\" aria-invalid=\"false\" name=\"vinculo\"><option value=\"\">&#8212;Por favor, elige una opci\u00f3n&#8212;<\/option><option value=\"Estudiante\">Estudiante<\/option><option value=\"Familiar\">Familiar<\/option><option value=\"Usuario\">Usuario<\/option><option value=\"Proveedor\">Proveedor<\/option><\/select><\/span>\n\t\t\t\t<\/p>\n\t\t\t<\/div>\n\t\t\t<div data-id=\"estudiante-programa\" data-orig_data_id=\"estudiante-programa\"  class=\"\" data-class=\"wpcf7cf_group\">\n\t\t\t\t<div class=\"form-group\">\n\t\t\t\t\t<p><label for=\"edit-tipousu\"><span>*<\/span>Programa al que pertenece<\/label><br \/>\n<span class=\"wpcf7-form-control-wrap\" data-name=\"estudiante-programa\"><select class=\"wpcf7-form-control wpcf7-select wpcf7-validates-as-required campo-sele\" id=\"estudiante-programa\" aria-required=\"true\" aria-invalid=\"false\" name=\"estudiante-programa\"><option value=\"\">&#8212;Por favor, elige una opci\u00f3n&#8212;<\/option><option value=\"Medicina\">Medicina<\/option><option value=\"Enfermer\u00eda\">Enfermer\u00eda<\/option><option value=\"Tecnolog\u00eda en Radiolog\u00eda e Im\u00e1genes Diagn\u00f3sticas\">Tecnolog\u00eda en Radiolog\u00eda e Im\u00e1genes Diagn\u00f3sticas<\/option><option value=\"Administraci\u00f3n de Empresas\">Administraci\u00f3n de Empresas<\/option><option value=\"Ingenieria Industrial\">Ingenieria Industrial<\/option><option value=\"Ingenieria Ambiental\">Ingenieria Ambiental<\/option><option value=\"Derecho\">Derecho<\/option><option value=\"Medicina Familiar\">Medicina Familiar<\/option><option value=\"Derecho Constitucional y Sistema Interamericano de Derechos Humano\">Derecho Constitucional y Sistema Interamericano de Derechos Humano<\/option><option value=\"Derecho M\u00e9dico\">Derecho M\u00e9dico<\/option><option value=\"Derecho Laboral y Seguridad Social\">Derecho Laboral y Seguridad Social<\/option><option value=\"Gerencia de Seguridad y Salud en el Trabajo\">Gerencia de Seguridad y Salud en el Trabajo<\/option><option value=\"Litigaci\u00f3n Oral\">Litigaci\u00f3n Oral<\/option><option value=\"Medicina Familiar\">Medicina Familiar<\/option><\/select><\/span>\n\t\t\t\t\t<\/p>\n\t\t\t\t<\/div>\n\t\t\t\t<div class=\"form-group\">\n\t\t\t\t\t<p><label for=\"edit-tipousu\"><span>*<\/span>Semestre al que pertenece<\/label><br \/>\n<span class=\"wpcf7-form-control-wrap\" data-name=\"estudiante-semestre\"><select class=\"wpcf7-form-control wpcf7-select wpcf7-validates-as-required campo-sele\" id=\"estudiante-semestre\" aria-required=\"true\" aria-invalid=\"false\" name=\"estudiante-semestre\"><option value=\"\">&#8212;Por favor, elige una opci\u00f3n&#8212;<\/option><option value=\"I\">I<\/option><option value=\"II\">II<\/option><option value=\"III\">III<\/option><option value=\"IV\">IV<\/option><option value=\"V\">V<\/option><option value=\"VI\">VI<\/option><option value=\"VII\">VII<\/option><option value=\"VIII\">VIII<\/option><option value=\"IX\">IX<\/option><option value=\"X\">X<\/option><option value=\"XI\">XI<\/option><option value=\"XII\">XII<\/option><\/select><\/span>\n\t\t\t\t\t<\/p>\n\t\t\t\t<\/div>\n\t\t\t<\/div>\n\t\t\t<div data-id=\"familiar-programa\" data-orig_data_id=\"familiar-programa\"  class=\"\" data-class=\"wpcf7cf_group\">\n\t\t\t\t<div class=\"form-group\">\n\t\t\t\t\t<p><label for=\"edit-tipousu\"><span>*<\/span>Nombre del estudiante<\/label><br \/>\n<span class=\"wpcf7-form-control-wrap\" data-name=\"familia-nombre-estudiante\"><input size=\"40\" maxlength=\"400\" class=\"wpcf7-form-control wpcf7-text wpcf7-validates-as-required campo\" id=\"familia-nombre-estudiante\" aria-required=\"true\" aria-invalid=\"false\" value=\"\" type=\"text\" name=\"familia-nombre-estudiante\" \/><\/span>\n\t\t\t\t\t<\/p>\n\t\t\t\t<\/div>\n\t\t\t\t<div class=\"form-group\">\n\t\t\t\t\t<p><label for=\"edit-tipousu\"><span>*<\/span>Programa al que pertenece<\/label><br \/>\n<span class=\"wpcf7-form-control-wrap\" data-name=\"familia-programa\"><select class=\"wpcf7-form-control wpcf7-select wpcf7-validates-as-required campo-sele\" aria-required=\"true\" aria-invalid=\"false\" name=\"familia-programa\"><option value=\"\">&#8212;Por favor, elige una opci\u00f3n&#8212;<\/option><option value=\"Medicina\">Medicina<\/option><option value=\"Enfermer\u00eda\">Enfermer\u00eda<\/option><option value=\"Tecnolog\u00eda en Radiolog\u00eda e Im\u00e1genes Diagn\u00f3sticas\">Tecnolog\u00eda en Radiolog\u00eda e Im\u00e1genes Diagn\u00f3sticas<\/option><option value=\"Administraci\u00f3n de Empresas\">Administraci\u00f3n de Empresas<\/option><option value=\"Ingenieria Industrial\">Ingenieria Industrial<\/option><option value=\"Ingenieria Ambiental\">Ingenieria Ambiental<\/option><option value=\"Derecho\">Derecho<\/option><option value=\"Medicina Familiar\">Medicina Familiar<\/option><option value=\"Derecho Constitucional y Sistema Interamericano de Derechos Humano\">Derecho Constitucional y Sistema Interamericano de Derechos Humano<\/option><option value=\"Derecho M\u00e9dico\">Derecho M\u00e9dico<\/option><option value=\"Derecho Laboral y Seguridad Social\">Derecho Laboral y Seguridad Social<\/option><option value=\"Gerencia de Seguridad y Salud en el Trabajo\">Gerencia de Seguridad y Salud en el Trabajo<\/option><option value=\"Litigaci\u00f3n Oral\">Litigaci\u00f3n Oral<\/option><\/select><\/span>\n\t\t\t\t\t<\/p>\n\t\t\t\t<\/div>\n\t\t\t\t<div class=\"form-group\">\n\t\t\t\t\t<p><label for=\"edit-tipousu\"><span>*<\/span>Semestre al que pertenece<\/label><br \/>\n<span class=\"wpcf7-form-control-wrap\" data-name=\"familia-semestre\"><select class=\"wpcf7-form-control wpcf7-select wpcf7-validates-as-required campo-sele\" id=\"familia-semestre\" aria-required=\"true\" aria-invalid=\"false\" name=\"familia-semestre\"><option value=\"\">&#8212;Por favor, elige una opci\u00f3n&#8212;<\/option><option value=\"I\">I<\/option><option value=\"II\">II<\/option><option value=\"III\">III<\/option><option value=\"IV\">IV<\/option><option value=\"V\">V<\/option><option value=\"VI\">VI<\/option><option value=\"VII\">VII<\/option><option value=\"VIII\">VIII<\/option><option value=\"IX\">IX<\/option><option value=\"X\">X<\/option><option value=\"XI\">XI<\/option><option value=\"XII\">XII<\/option><\/select><\/span>\n\t\t\t\t\t<\/p>\n\t\t\t\t<\/div>\n\t\t\t<\/div>\n\t\t\t<div class=\"form-group\">\n\t\t\t\t<p><label for=\"edit-tipousu\"><span>*<\/span>\u00bfEs la primera vez que solicitas una cita?<\/label><br \/>\n<span class=\"wpcf7-form-control-wrap\" data-name=\"horario-contacto\"><select class=\"wpcf7-form-control wpcf7-select campo-sele\" id=\"horarioContacto\" aria-invalid=\"false\" name=\"horario-contacto\"><option value=\"No\">No<\/option><option value=\"Si\">Si<\/option><\/select><\/span>\n\t\t\t\t<\/p>\n\t\t\t<\/div>\n\t\t\t<div class=\"form-group\">\n\t\t\t\t<p><label for=\"edit-tipousu\"><span>*<\/span>Fecha<\/label><br \/>\n<span class=\"wpcf7-form-control-wrap\" data-name=\"fecha\"><input class=\"wpcf7-form-control wpcf7-date wpcf7-validates-as-required wpcf7-validates-as-date\" aria-required=\"true\" aria-invalid=\"false\" value=\"\" type=\"date\" name=\"fecha\" \/><\/span>\n\t\t\t\t<\/p>\n\t\t\t<\/div>\n\t\t\t<div class=\"form-group\">\n\t\t\t\t<p><label for=\"edit-tipousu\"><span>*<\/span>Hora<\/label><br \/>\n<span class=\"wpcf7-form-control-wrap\" data-name=\"horario-contacto\"><select class=\"wpcf7-form-control wpcf7-select campo-sele\" aria-invalid=\"false\" name=\"horario-contacto\"><option value=\"8:00 a.m.\">8:00 a.m.<\/option><option value=\"9:00 a.m.\">9:00 a.m.<\/option><option value=\"10:00 a.m.\">10:00 a.m.<\/option><option value=\"11:00 a.m.\">11:00 a.m.<\/option><option value=\"2:00 p.m.\">2:00 p.m.<\/option><option value=\"3:00 p.m.\">3:00 p.m.<\/option><option value=\"4:00 p.m.\">4:00 p.m.<\/option><option value=\"5:00 p.m.\">5:00 p.m.<\/option><\/select><\/span>\n\t\t\t\t<\/p>\n\t\t\t<\/div>\n\t\t\t<div class=\"form-group\">\n\t\t\t\t<p><label for=\"edit-tipousu\"><span>*<\/span>Motivo<\/label><br \/>\n<span class=\"wpcf7-form-control-wrap\" data-name=\"motivo\"><input size=\"40\" maxlength=\"400\" class=\"wpcf7-form-control wpcf7-text wpcf7-validates-as-required campo-sele\" id=\"motivo\" aria-required=\"true\" aria-invalid=\"false\" value=\"\" type=\"text\" name=\"motivo\" \/><\/span>\n\t\t\t\t<\/p>\n\t\t\t<\/div>\n\t\t\t<div class=\"form-group\">\n\t\t\t\t<p><span class=\"wpcf7-form-control-wrap\" data-name=\"aceptacion-tratamiento-datos\"><span class=\"wpcf7-form-control wpcf7-acceptance\"><span class=\"wpcf7-list-item\"><label><input type=\"checkbox\" name=\"aceptacion-tratamiento-datos\" value=\"1\" aria-invalid=\"false\" \/><span class=\"wpcf7-list-item-label\"><a style=\"font-size: 12px;\" href=\"https:\/\/uninavarra.edu.co\/wp-content\/uploads\/2019\/09\/ACUERDO-002-Manual-de-Pol%C3%ADticas-para-el-Tratamiento-de-Datos-Personales.pdf\">He le\u00eddo y acepto el tratamiento de datos personales.<\/a><\/span><\/label><\/span><\/span><\/span>\n\t\t\t\t<\/p>\n\t\t\t<\/div>\n\t\t\t<div class=\"form-group\">\n\t\t\t\t<p style=\"font-size: 12px; color: #666;\">Nota: Los datos recolectados ser\u00e1n utilizados con fines de contacto para dar tr\u00e1mite y respuesta a sus peticiones, quejas, reclamos y\/o sugerencias, as\u00ed como integrar las bases de datos de nuestra Instituci\u00f3n para efectos de llevar el registro, estad\u00edstica, indicadores y seguimiento a las peticiones, quejas, reclamos y\/o sugerencias recibidas. En caso de que su solicitud corresponda a un tr\u00e1mite espec\u00edfico ante alguna autoridad institucional o correspondan a alg\u00fan tr\u00e1mite regulado en los reglamentos institucionales, los datos ser\u00e1n utilizados y almacenados para llevar el soporte de la decisi\u00f3n adoptada. Igualmente, en caso de que su solicitud verse sobre el inter\u00e9s de conocer acerca de nuestra oferta de servicios, los datos ser\u00e1n tratados con fines de enviar informaci\u00f3n sobre los productos o servicios ofrecidos o que ofrecer\u00e1 UNINAVARRA., la realizaci\u00f3n de publicidad, mercadeo y promoci\u00f3n de todo tipo por UNINAVARRA.\n\t\t\t\t<\/p>\n\t\t\t<\/div>\n\t\t\t<p><input class=\"wpcf7-form-control wpcf7-submit has-spinner btn-enviar\" type=\"submit\" value=\"Enviar\" \/>\n\t\t\t<\/p>\n\t\t<\/div>\n\t<\/div>\n<\/div><input type='hidden' class='wpcf7-pum' value='{\"closepopup\":false,\"closedelay\":0,\"openpopup\":false,\"openpopup_id\":0}' \/><div class=\"wpcf7-response-output\" aria-hidden=\"true\"><\/div>\n<\/form>\n<\/div>\n<\/div><\/div><\/div><div class=\"vc_ col-sm-2\"><div class=\"vc_column-inner\"><div class=\"wpb_wrapper\"><\/div><\/div><\/div><\/div>\n\t<div class=\"wpb_text_column wpb_content_element\" >\n\t\t<div class=\"wpb_wrapper\">\n\t\t\t<p><script> <\/p>\n<p>jQuery(document).ready( function(){\n    jQuery('select option[value=\"\"]').attr('hidden',true);\n});<\/p>\n<p>var formContainer = jQuery('#form-container');A<\/p>\n<p>\/\/Form validation\njQuery('form').submit(function() {\n  var form = jQuery(this);\n  form.find('.form-error').removeClass('form-error');\n  var formError = false;<\/p>\n<p>  form.find('.wpcf7-form-control').each(function() {\n    if (jQuery(this).hasClass('wpcf7-acceptance') && jQuery(this).val() == \"\") {\n        jQuery(this).removeClass('form-error');\n        formError = false;\n        return false;\n    }\n    else if (jQuery(this).val() == '') {\n      jQuery(this).addClass('form-error');\n      jQuery(this).select();\n      formError = true;\n      return false;\n    }\n    else if (jQuery(this).hasClass('wpcf7-email') && !isValidEmail(jQuery(this).val())) {\n      jQuery(this).addClass('form-error');\n      jQuery(this).select();\n      formError = true;\n      return false;\n    }\n   else if (jQuery(this).hasClass('wpcf7-tel') && !isValidPhone(jQuery(this).val())) {\n        jQuery(this).addClass('form-error');\n        jQuery(this).select();\n        formError = true;\n        return false;\n    }\n  });<\/p>\n<p>  if (!formError) {\n    jQuery('body').addClass('form-submitted');\n    jQuery('#form-head').addClass('form-submitted'); \n    setTimeout(function(){\n      jQuery(form).trigger(\"reset\");\n    }, 1000);\n  }\n  return false;\n});<\/p>\n<p>function isValidEmail(email) {\n    var pattern = \/^([a-z\\d!#$%&'*+\\-\\\/=?^_`{|}~\\u00A0-\\uD7FF\\uF900-\\uFDCF\\uFDF0-\\uFFEF]+(\\.[a-z\\d!#$%&'*+\\-\\\/=?^_`{|}~\\u00A0-\\uD7FF\\uF900-\\uFDCF\\uFDF0-\\uFFEF]+)*|\"((([ \\t]*\\r\\n)?[ \\t]+)?([\\x01-\\x08\\x0b\\x0c\\x0e-\\x1f\\x7f\\x21\\x23-\\x5b\\x5d-\\x7e\\u00A0-\\uD7FF\\uF900-\\uFDCF\\uFDF0-\\uFFEF]|\\\\[\\x01-\\x09\\x0b\\x0c\\x0d-\\x7f\\u00A0-\\uD7FF\\uF900-\\uFDCF\\uFDF0-\\uFFEF]))*(([ \\t]*\\r\\n)?[ \\t]+)?\")@(([a-z\\d\\u00A0-\\uD7FF\\uF900-\\uFDCF\\uFDF0-\\uFFEF]|[a-z\\d\\u00A0-\\uD7FF\\uF900-\\uFDCF\\uFDF0-\\uFFEF][a-z\\d\\-._~\\u00A0-\\uD7FF\\uF900-\\uFDCF\\uFDF0-\\uFFEF]*[a-z\\d\\u00A0-\\uD7FF\\uF900-\\uFDCF\\uFDF0-\\uFFEF])\\.)+([a-z\\u00A0-\\uD7FF\\uF900-\\uFDCF\\uFDF0-\\uFFEF]|[a-z\\u00A0-\\uD7FF\\uF900-\\uFDCF\\uFDF0-\\uFFEF][a-z\\d\\-._~\\u00A0-\\uD7FF\\uF900-\\uFDCF\\uFDF0-\\uFFEF]*[a-z\\u00A0-\\uD7FF\\uF900-\\uFDCF\\uFDF0-\\uFFEF])\\.?$\/i;\n    return pattern.test(email);\n};<\/p>\n<p>function isValidPhone(phone) {\n    var pattern = \/^[\\+]?[(]?[0-9]{3}[)]?[-\\s\\.]?[0-9]{3}[-\\s\\.]?[0-9]{4,6}$\/im;\n    return pattern.test(phone);\n};<\/p>\n<p><\/script><\/p>\n\n\t\t<\/div>\n\t<\/div>\n<\/div><\/div><div class=\"vc_tta-panel\" id=\"1671832849282-2712093d-6126\" data-vc-content=\".vc_tta-panel-body\"><div class=\"vc_tta-panel-heading\"><h4 class=\"vc_tta-panel-title\"><a href=\"#1671832849282-2712093d-6126\" data-vc-accordion data-vc-container=\".vc_tta-container\"><span class=\"vc_tta-title-text\">Denuncias por Actos de Corrupci\u00f3n<\/span><\/a><\/h4><\/div><div class=\"vc_tta-panel-body\"><div class=\"vc_row wpb_row vc_inner vc_row-fluid\"><div class=\"vc_ col-sm-2\"><div class=\"vc_column-inner\"><div class=\"wpb_wrapper\"><\/div><\/div><\/div><div class=\"vc_ col-sm-8\"><div class=\"vc_column-inner\"><div class=\"wpb_wrapper\">\n\t<div class=\"wpb_text_column wpb_content_element\" >\n\t\t<div class=\"wpb_wrapper\">\n\t\t\t\n<div class=\"wpcf7 no-js\" id=\"wpcf7-f61380-o2\" lang=\"es-ES\" dir=\"ltr\" data-wpcf7-id=\"61380\">\n<div class=\"screen-reader-response\"><p role=\"status\" aria-live=\"polite\" aria-atomic=\"true\"><\/p> <ul><\/ul><\/div>\n<form action=\"\/en\/wp-json\/wp\/v2\/pages\/38060#wpcf7-f61380-o2\" method=\"post\" class=\"wpcf7-form init\" aria-label=\"Formulario de contacto\" enctype=\"multipart\/form-data\" novalidate=\"novalidate\" data-status=\"init\">\n<fieldset class=\"hidden-fields-container\"><input type=\"hidden\" name=\"_wpcf7\" value=\"61380\" \/><input type=\"hidden\" name=\"_wpcf7_version\" value=\"6.1.5\" \/><input type=\"hidden\" name=\"_wpcf7_locale\" value=\"es_ES\" \/><input type=\"hidden\" name=\"_wpcf7_unit_tag\" value=\"wpcf7-f61380-o2\" \/><input type=\"hidden\" name=\"_wpcf7_container_post\" value=\"0\" \/><input type=\"hidden\" name=\"_wpcf7_posted_data_hash\" value=\"\" \/><input type=\"hidden\" name=\"_wpcf7cf_hidden_group_fields\" value=\"[]\" \/><input type=\"hidden\" name=\"_wpcf7cf_hidden_groups\" value=\"[]\" \/><input type=\"hidden\" name=\"_wpcf7cf_visible_groups\" value=\"[]\" \/><input type=\"hidden\" name=\"_wpcf7cf_repeaters\" value=\"[]\" \/><input type=\"hidden\" name=\"_wpcf7cf_steps\" value=\"{}\" \/><input type=\"hidden\" name=\"_wpcf7cf_options\" value=\"{&quot;form_id&quot;:61380,&quot;conditions&quot;:[],&quot;settings&quot;:{&quot;animation&quot;:&quot;yes&quot;,&quot;animation_intime&quot;:200,&quot;animation_outtime&quot;:200,&quot;conditions_ui&quot;:&quot;normal&quot;,&quot;notice_dismissed&quot;:false,&quot;notice_dismissed_update-cf7-5.7.5.1&quot;:true,&quot;notice_dismissed_rollback-cf7-5.8.5&quot;:true,&quot;notice_dismissed_rollback-cf7-5.8.6&quot;:true,&quot;notice_dismissed_rollback-cf7-5.9.7&quot;:true,&quot;notice_dismissed_update-cf7-6.1.3&quot;:true}}\" \/><input type=\"hidden\" name=\"_wpcf7_recaptcha_response\" value=\"\" \/>\n<\/fieldset>\n<div class=\"advertencia\">\n\t<p>Los campos marcados con <span>*<\/span> son obligatorios\n\t<\/p>\n<\/div>\n<div class=\"formulario\">\n\t<div class=\"form-group\">\n\t\t<p><label for=\"edit-nombres\">Nombres y Apellidos<\/label><br \/>\n<span class=\"wpcf7-form-control-wrap\" data-name=\"nombres\"><input size=\"40\" maxlength=\"400\" class=\"wpcf7-form-control wpcf7-text form-control\" id=\"nombres\" aria-invalid=\"false\" placeholder=\"Ingrese su nombre completo aqu\u00ed\" value=\"\" type=\"text\" name=\"nombres\" \/><\/span>\n\t\t<\/p>\n\t<\/div>\n\t<div class=\"form-group\">\n\t\t<p><label for=\"edit-razons\">Raz\u00f3n Social<\/label><br \/>\n<span class=\"wpcf7-form-control-wrap\" data-name=\"razon_social\"><select class=\"wpcf7-form-control wpcf7-select form-control\" id=\"razon_social\" aria-invalid=\"false\" name=\"razon_social\"><option value=\"\">&#8212;Por favor, elige una opci\u00f3n&#8212;<\/option><option value=\"Persona natural\">Persona natural<\/option><option value=\"Persona jur\u00eddica\">Persona jur\u00eddica<\/option><\/select><\/span>\n\t\t<\/p>\n\t<\/div>\n\t<div class=\"form-group\">\n\t\t<p><label for=\"edit-doctipo\">Tipo de identificaci\u00f3n<\/label><br \/>\n<span class=\"wpcf7-form-control-wrap\" data-name=\"tipo-identificacion\"><select class=\"wpcf7-form-control wpcf7-select form-control\" id=\"tipo-identificacion\" aria-invalid=\"false\" name=\"tipo-identificacion\"><option value=\"\">&#8212;Por favor, elige una opci\u00f3n&#8212;<\/option><option value=\"Tarjeta de identidad\">Tarjeta de identidad<\/option><option value=\"C\u00e9dula de ciudadan\u00eda\">C\u00e9dula de ciudadan\u00eda<\/option><option value=\"C\u00e9dula Extranjera\">C\u00e9dula Extranjera<\/option><option value=\"Pasaporte\">Pasaporte<\/option><option value=\"NIT\">NIT<\/option><\/select><\/span>\n\t\t<\/p>\n\t<\/div>\n\t<div class=\"form-group\">\n\t\t<p><label for=\"edit-numero-de-identificacion\">Numero de identificaci\u00f3n<\/label><br \/>\n<span class=\"wpcf7-form-control-wrap\" data-name=\"identificacion\"><input size=\"40\" maxlength=\"400\" class=\"wpcf7-form-control wpcf7-text form-control\" id=\"identificacion\" aria-invalid=\"false\" placeholder=\"Ingrese su numero de identificaci\u00f3n\" value=\"\" type=\"text\" name=\"identificacion\" \/><\/span>\n\t\t<\/p>\n\t<\/div>\n\t<div class=\"form-group\">\n\t\t<p><label for=\"edit-celular\">Celular<\/label><br \/>\n<span class=\"wpcf7-form-control-wrap\" data-name=\"celular\"><input size=\"40\" maxlength=\"400\" class=\"wpcf7-form-control wpcf7-text form-control\" id=\"celular\" aria-invalid=\"false\" placeholder=\"Ingrese el numero celular\" value=\"\" type=\"text\" name=\"celular\" \/><\/span>\n\t\t<\/p>\n\t<\/div>\n\t<div class=\"form-group\">\n\t\t<p><label for=\"edit-email\"><span>*<\/span>Email<\/label><br \/>\n<span class=\"wpcf7-form-control-wrap\" data-name=\"email\"><input size=\"40\" maxlength=\"400\" class=\"wpcf7-form-control wpcf7-email wpcf7-validates-as-required wpcf7-text wpcf7-validates-as-email form-control\" id=\"email\" aria-required=\"true\" aria-invalid=\"false\" placeholder=\"Ingrese su correo electr\u00f3nico\" value=\"\" type=\"email\" name=\"email\" \/><\/span>\n\t\t<\/p>\n\t<\/div>\n\t<div class=\"form-group\">\n\t\t<p><label for=\"edit-direccion\">Direcci\u00f3n<\/label><br \/>\n<span class=\"wpcf7-form-control-wrap\" data-name=\"direccion\"><input size=\"40\" maxlength=\"400\" class=\"wpcf7-form-control wpcf7-text form-control\" id=\"direccion\" aria-invalid=\"false\" placeholder=\"Ingrese su direcci\u00f3n\" value=\"\" type=\"text\" name=\"direccion\" \/><\/span>\n\t\t<\/p>\n\t<\/div>\n\t<p style=\"color: #e30613;\">La respuesta a su solicitud le ser\u00e1 enviada a trav\u00e9s de la direcci\u00f3n de correo electr\u00f3nico proporcionada, por lo tanto verifique que los datos se incluyeron correctamente.\n\t<\/p>\n\t<div class=\"form-group\">\n\t\t<p><label for=\"\" style=\"width: 63%\">Asunto<\/label><br \/>\n<span class=\"wpcf7-form-control-wrap\" data-name=\"descripcion-manifestacion\"><textarea cols=\"40\" rows=\"10\" maxlength=\"2000\" class=\"wpcf7-form-control wpcf7-textarea wpcf7-validates-as-required\" id=\"descripcion-manifestacion\" aria-required=\"true\" aria-invalid=\"false\" name=\"descripcion-manifestacion\"><\/textarea><\/span>\n\t\t<\/p>\n\t<\/div>\n\t<div class=\"form-group\">\n\t\t<p><label for=\"\" style=\"width: 33%\">Adjuntar archivos (M\u00e1ximo 5MB)(opcional)<\/label><br \/>\n<span class=\"wpcf7-form-control-wrap\" data-name=\"your-file\"><input size=\"40\" class=\"wpcf7-form-control wpcf7-file\" accept=\".jpg,.jpeg,.png,.gif,.pdf,.doc,.docx,.ppt,.pptx\" aria-invalid=\"false\" type=\"file\" name=\"your-file\" \/><\/span>\n\t\t<\/p>\n\t<\/div>\n\t<div class=\"form-group\">\n\t\t<p><span class=\"wpcf7-form-control-wrap\" data-name=\"aceptacion-datos\"><span class=\"wpcf7-form-control wpcf7-acceptance\"><span class=\"wpcf7-list-item\"><label><input type=\"checkbox\" name=\"aceptacion-datos\" value=\"1\" aria-invalid=\"false\" \/><span class=\"wpcf7-list-item-label\"><a href=\"https:\/\/uninavarra.edu.co\/wp-content\/uploads\/2019\/09\/ACUERDO-002-Manual-de-Pol%C3%ADticas-para-el-Tratamiento-de-Datos-Personales.pdf\" target=\"_blank\" style=\"color:#e30613; width:100% !important\">He le\u00eddo y acepto el tratamiento de datos personales <\/a><\/span><\/label><\/span><\/span><\/span>\n\t\t<\/p>\n\t<\/div>\n\t<div class=\"form-group\">\n\t\t<p style=\"font-size: 12px; color: #666;\">Nota: Los datos recolectados ser\u00e1n utilizados con fines de contacto para dar tr\u00e1mite y respuesta a sus peticiones, quejas, reclamos y\/o sugerencias, as\u00ed como integrar las bases de datos de nuestra Instituci\u00f3n para efectos de llevar el registro, estad\u00edstica, indicadores y seguimiento a las peticiones, quejas, reclamos y\/o sugerencias recibidas. En caso de que su solicitud corresponda a un tr\u00e1mite espec\u00edfico ante alguna autoridad institucional o correspondan a alg\u00fan tr\u00e1mite regulado en los reglamentos institucionales, los datos ser\u00e1n utilizados y almacenados para llevar el soporte de la decisi\u00f3n adoptada. Igualmente, en caso de que su solicitud verse sobre el inter\u00e9s de conocer acerca de nuestra oferta de servicios, los datos ser\u00e1n tratados con fines de enviar informaci\u00f3n sobre los productos o servicios ofrecidos o que ofrecer\u00e1 UNINAVARRA., la realizaci\u00f3n de publicidad, mercadeo y promoci\u00f3n de todo tipo por UNINAVARRA.\n\t\t<\/p>\n\t<\/div>\n\t<p><input class=\"wpcf7-form-control wpcf7-submit has-spinner btn-enviar\" type=\"submit\" value=\"Enviar\" \/>\n\t<\/p>\n<\/div><input type='hidden' class='wpcf7-pum' value='{\"closepopup\":false,\"closedelay\":0,\"openpopup\":false,\"openpopup_id\":0}' \/><div class=\"wpcf7-response-output\" aria-hidden=\"true\"><\/div>\n<\/form>\n<\/div>\n\n\n\t\t<\/div>\n\t<\/div>\n<\/div><\/div><\/div><div class=\"vc_ col-sm-2\"><div class=\"vc_column-inner\"><div class=\"wpb_wrapper\"><\/div><\/div><\/div><\/div><\/div><\/div><div class=\"vc_tta-panel\" id=\"ventanilla\" data-vc-content=\".vc_tta-panel-body\"><div class=\"vc_tta-panel-heading\"><h4 class=\"vc_tta-panel-title\"><a href=\"#ventanilla\" data-vc-accordion data-vc-container=\".vc_tta-container\"><span class=\"vc_tta-title-text\">Ventanilla \u00danica<\/span><\/a><\/h4><\/div><div class=\"vc_tta-panel-body\"><div class=\"vc_row wpb_row vc_inner vc_row-fluid\"><div class=\"vc_ col-sm-12\"><div class=\"vc_column-inner\"><div class=\"wpb_wrapper\">\n\t<div class=\"wpb_text_column wpb_content_element\" >\n\t\t<div class=\"wpb_wrapper\">\n\t\t\t<h3 style=\"text-align: center;\"><strong><span style=\"color: #e30613;\">VENTANILLA \u00daNICA<\/span><\/strong><\/h3>\n<p style=\"text-align: justify;\">La ventanilla \u00fanica gestiona y controla de manera eficiente los diferentes documentos recibidos y producidos por la instituci\u00f3n. Su objetivo principal es simplificar y agilizar la interacci\u00f3n, proporcionando un punto de acceso \u00fanico para realizar tr\u00e1mites, solicitudes, consultas y obtener informaci\u00f3n de manera r\u00e1pida y sencilla.<\/p>\n\n\t\t<\/div>\n\t<\/div>\n<\/div><\/div><\/div><\/div><div class=\"vc_row wpb_row vc_inner vc_row-fluid parent-container\"><div class=\"vc_ col-sm-6\"><div class=\"vc_column-inner\"><div class=\"wpb_wrapper\">\n\t<div class=\"wpb_text_column wpb_content_element\" >\n\t\t<div class=\"wpb_wrapper\">\n\t\t\t<p style=\"text-align: center;\"><strong>VENTANILLA \u00daNICA VIRTUAL<\/strong><\/p>\n<p style=\"text-align: justify;\">La radicaci\u00f3n de los documentos electr\u00f3nicos remitidos a la Fundaci\u00f3n Universitaria Navarra-UNINAVARRA por las partes interesadas, se debe realizar dando clic aqu\u00ed:<\/p>\n\n\t\t<\/div>\n\t<\/div>\n<div class=\"vc_empty_space\"   style=\"height: 32px\"><span class=\"vc_empty_space_inner\"><\/span><\/div>\n\t<div class=\"wpb_text_column wpb_content_element\" >\n\t\t<div class=\"wpb_wrapper\">\n\t\t\t<div class=\"gmail_default\" style=\"text-align: center;\"><strong><span style=\"font-size: 20px; font-family: 'Raleway', sans-serif;\">Horario de atenci\u00f3n: <\/span><\/strong><\/div>\n<div class=\"gmail_default\" style=\"text-align: center;\"><span style=\"font-family: Raleway, sans-serif;\"><span style=\"font-size: 20px;\">24 horas<\/span><\/span><\/div>\n<div style=\"text-align: center;\"><\/div>\n\n\t\t<\/div>\n\t<\/div>\n<div class=\"vc_empty_space\"   style=\"height: 32px\"><span class=\"vc_empty_space_inner\"><\/span><\/div><div class=\"vc_btn3-container vc_btn3-center vc_do_btn\" ><a class=\"vc_general vc_btn3 vc_btn3-size-md vc_btn3-shape-rounded vc_btn3-style-modern vc_btn3-color-navarra\" href=\"https:\/\/uninavarra.hylandcloud.com\/221appnet\/\/UnityForm.aspx?d1=ATsVPwkb5AxiPmdc%20E%2fh0q4sdok7Zbxu6aUTYrbZPB9MsDlr7on31O4s9avEAYI%2b3pJ7rBVUEDK8iHpaTzv%20%2foBdKxOh9ucNkfCvkn5R1kG6f1Na8OArjBWsT%2bEommUWdgFglfgZW2oE21QzqcK%20Z4a9kwFxxOWDBlrN0TNPjYWJSPbna7%2fCgGPabEkauHQzkT7tQ%3d%3d\" title=\"\" target=\"_blank\">Ingresar<\/a><\/div><\/div><\/div><\/div><div class=\"vc_ col-sm-6\"><div class=\"vc_column-inner\"><div class=\"wpb_wrapper\"><div class=\"vc_empty_space\"   style=\"height: 32px\"><span class=\"vc_empty_space_inner\"><\/span><\/div><div class=\"wpb_single_image wpb_content_element vc_align_left\">\n\t\t<div class=\"wpb_wrapper\">\n\t\t\t\n\t\t\t<a href=\"https:\/\/uninavarra.edu.co\/wp-content\/uploads\/2023\/12\/Diseno-sin-titulo-8.jpg\" target=\"_self\"><img loading=\"lazy\" decoding=\"async\" width=\"1920\" height=\"1080\" src=\"https:\/\/uninavarra.edu.co\/wp-content\/uploads\/2023\/12\/Diseno-sin-titulo-8.jpg\" class=\" vc_box_border_grey attachment-full\" alt=\"\" title=\"Ventanilla Unica (1)\" srcset=\"https:\/\/uninavarra.edu.co\/wp-content\/uploads\/2023\/12\/Diseno-sin-titulo-8.jpg 1920w, https:\/\/uninavarra.edu.co\/wp-content\/uploads\/2023\/12\/Diseno-sin-titulo-8-300x169.jpg 300w, https:\/\/uninavarra.edu.co\/wp-content\/uploads\/2023\/12\/Diseno-sin-titulo-8-1024x576.jpg 1024w, https:\/\/uninavarra.edu.co\/wp-content\/uploads\/2023\/12\/Diseno-sin-titulo-8-150x84.jpg 150w, https:\/\/uninavarra.edu.co\/wp-content\/uploads\/2023\/12\/Diseno-sin-titulo-8-768x432.jpg 768w, https:\/\/uninavarra.edu.co\/wp-content\/uploads\/2023\/12\/Diseno-sin-titulo-8-1536x864.jpg 1536w\" sizes=\"(max-width: 1920px) 100vw, 1920px\" \/><\/a>\n\t\t<\/div> \n\t<\/div><\/div><\/div><\/div><\/div><div class=\"vc_row wpb_row vc_inner vc_row-fluid parent-container vc_row-o-content-middle vc_row-flex\"><div class=\"vc_ col-sm-6\"><div class=\"vc_column-inner\"><div class=\"wpb_wrapper\"><div class=\"vc_empty_space\"   style=\"height: 32px\"><span class=\"vc_empty_space_inner\"><\/span><\/div><div class=\"wpb_single_image wpb_content_element vc_align_left\">\n\t\t<div class=\"wpb_wrapper\">\n\t\t\t\n\t\t\t<a href=\"https:\/\/uninavarra.edu.co\/wp-content\/uploads\/2023\/12\/Ventnilla-Fisica.jpg\" target=\"_self\"><img loading=\"lazy\" decoding=\"async\" width=\"1920\" height=\"1080\" src=\"https:\/\/uninavarra.edu.co\/wp-content\/uploads\/2023\/12\/Ventnilla-Fisica.jpg\" class=\" vc_box_border_grey attachment-full\" alt=\"Ventnilla F\u00edsica\" title=\"Ventnilla F\u00edsica\" srcset=\"https:\/\/uninavarra.edu.co\/wp-content\/uploads\/2023\/12\/Ventnilla-Fisica.jpg 1920w, https:\/\/uninavarra.edu.co\/wp-content\/uploads\/2023\/12\/Ventnilla-Fisica-300x169.jpg 300w, https:\/\/uninavarra.edu.co\/wp-content\/uploads\/2023\/12\/Ventnilla-Fisica-1024x576.jpg 1024w, https:\/\/uninavarra.edu.co\/wp-content\/uploads\/2023\/12\/Ventnilla-Fisica-150x84.jpg 150w, https:\/\/uninavarra.edu.co\/wp-content\/uploads\/2023\/12\/Ventnilla-Fisica-768x432.jpg 768w, https:\/\/uninavarra.edu.co\/wp-content\/uploads\/2023\/12\/Ventnilla-Fisica-1536x864.jpg 1536w\" sizes=\"(max-width: 1920px) 100vw, 1920px\" \/><\/a>\n\t\t<\/div> \n\t<\/div><\/div><\/div><\/div><div class=\"vc_ col-sm-6\"><div class=\"vc_column-inner\"><div class=\"wpb_wrapper\">\n\t<div class=\"wpb_text_column wpb_content_element\" >\n\t\t<div class=\"wpb_wrapper\">\n\t\t\t<p style=\"text-align: center;\"><strong>VENTANILLA \u00daNICA PRESENCIAL<\/strong><\/p>\n<p style=\"text-align: justify;\">La radicaci\u00f3n de los documentos f\u00edsicos remitidos a la Fundaci\u00f3n Universitaria Navarra-UNINAVARRA por las partes interesadas, se debe realizar en la Sede Principal con direcci\u00f3n Calle 10 No 6-41 Neiva-Huila<\/p>\n\n\t\t<\/div>\n\t<\/div>\n<div class=\"vc_empty_space\"   style=\"height: 32px\"><span class=\"vc_empty_space_inner\"><\/span><\/div>\n\t<div class=\"wpb_text_column wpb_content_element\" >\n\t\t<div class=\"wpb_wrapper\">\n\t\t\t<div class=\"gmail_default\" style=\"text-align: center;\"><strong><span style=\"font-size: 20px; font-family: 'Raleway', sans-serif;\">Horario de atenci\u00f3n: <\/span><\/strong><\/div>\n<div class=\"gmail_default\" style=\"text-align: center;\"><span style=\"font-size: 20px; font-family: 'Raleway', sans-serif;\">Lunes a Mi\u00e9rcoles: 8:00 a.m. a 12 m. y 2:00 p.m. a 7:00 p.m.<\/span><\/div>\n<div class=\"gmail_default\" style=\"text-align: center;\"><span style=\"font-size: 20px; font-family: 'Raleway', sans-serif;\">Jueves a Viernes: 8:00 a.m. a 12 m. y 2:00 p.m. a 6:30 p.m.<\/span><\/div>\n<div class=\"gmail_default\" style=\"text-align: center;\"><span style=\"font-size: 20px; font-family: 'Raleway', sans-serif;\">S\u00e1bado: 9:00 a.m. a 12 p.m.<\/span><\/div>\n<div style=\"text-align: center;\"><\/div>\n\n\t\t<\/div>\n\t<\/div>\n<\/div><\/div><\/div><\/div><div class=\"vc_row wpb_row vc_inner vc_row-fluid\"><div class=\"vc_ col-sm-12\"><div class=\"vc_column-inner\"><div class=\"wpb_wrapper\">\n\t<div class=\"wpb_text_column wpb_content_element\" >\n\t\t<div class=\"wpb_wrapper\">\n\t\t\t<p style=\"text-align: center;\"><strong>De conformidad con la jornada laboral del personal administrativo establecida en el Reglamento Interno de Trabajo, las solicitudes que se radiquen fuera del horario de lunes a domingo de 6:00 a.m. a 10:00 p.m., se entender\u00e1n recibidas el siguiente d\u00eda h\u00e1bil<\/strong><\/p>\n\n\t\t<\/div>\n\t<\/div>\n<\/div><\/div><\/div><\/div><\/div><\/div><div class=\"vc_tta-panel\" id=\"1742325345123-44cde397-484f\" data-vc-content=\".vc_tta-panel-body\"><div class=\"vc_tta-panel-heading\"><h4 class=\"vc_tta-panel-title\"><a href=\"#1742325345123-44cde397-484f\" data-vc-accordion data-vc-container=\".vc_tta-container\"><span class=\"vc_tta-title-text\">Tutoriales Ventanilla \u00danica<\/span><\/a><\/h4><\/div><div class=\"vc_tta-panel-body\"><div class=\"vc_row wpb_row vc_inner vc_row-fluid\"><div class=\"vc_ col-sm-12\"><div class=\"vc_column-inner\"><div class=\"wpb_wrapper\">\n\t<div class=\"wpb_text_column wpb_content_element\" >\n\t\t<div class=\"wpb_wrapper\">\n\t\t\t<h3 style=\"text-align: center;\"><span style=\"color: #e30613;\"><strong>TUTORIALES VENTANILLA \u00daNICA<\/strong><\/span><\/h3>\n\n\t\t<\/div>\n\t<\/div>\n<\/div><\/div><\/div><\/div><div class=\"vc_row wpb_row vc_inner vc_row-fluid\"><div class=\"vc_ col-sm-6\"><div class=\"vc_column-inner\"><div class=\"wpb_wrapper\">\n\t<div class=\"wpb_video_widget wpb_content_element vc_clearfix   vc_video-aspect-ratio-169 vc_video-el-width-100 vc_video-align-left\" >\n\t\t<div class=\"wpb_wrapper\">\n\t\t\t\n\t\t\t<div class=\"wpb_video_wrapper\"><iframe title=\"INSTRUCTIVO DE RADICACI\u00d3N DE PQRS\" width=\"500\" height=\"281\" src=\"https:\/\/www.youtube.com\/embed\/Um4q0gt0XEY?feature=oembed\" frameborder=\"0\" allow=\"accelerometer; autoplay; clipboard-write; encrypted-media; gyroscope; picture-in-picture; web-share\" referrerpolicy=\"strict-origin-when-cross-origin\" allowfullscreen><\/iframe><\/div>\n\t\t<\/div>\n\t<\/div>\n<\/div><\/div><\/div><div class=\"vc_ col-sm-6\"><div class=\"vc_column-inner\"><div class=\"wpb_wrapper\">\n\t<div class=\"wpb_video_widget wpb_content_element vc_clearfix   vc_video-aspect-ratio-169 vc_video-el-width-100 vc_video-align-left\" >\n\t\t<div class=\"wpb_wrapper\">\n\t\t\t\n\t\t\t<div class=\"wpb_video_wrapper\"><iframe title=\"GESTI\u00d3N DOCUMENTAL -  RADICACI\u00d3N\" width=\"500\" height=\"281\" src=\"https:\/\/www.youtube.com\/embed\/N50yB8OQwB8?feature=oembed\" frameborder=\"0\" allow=\"accelerometer; autoplay; clipboard-write; encrypted-media; gyroscope; picture-in-picture; web-share\" referrerpolicy=\"strict-origin-when-cross-origin\" allowfullscreen><\/iframe><\/div>\n\t\t<\/div>\n\t<\/div>\n<\/div><\/div><\/div><\/div><\/div><\/div><\/div><\/div><\/div><\/div>\n\t\t<\/div> \n\t<\/div><\/div><\/div><\/div><div class=\"wpb-container \"><div class=\"container\"><div class=\"vc_row wpb_row vc_row-fluid row \"><div class=\"col-sm-12  vc_\">\n\t\t<div class=\"wpb_wrapper \">\n\t\t\t\n\t\t<\/div> \n\t<\/div><\/div><\/div><\/div>\n<\/div>","protected":false},"excerpt":{"rendered":"InicioPQRSFNotificaciones JudicialesPreguntas FrecuentesAgende su CitaDenuncias por Actos de Corrupci\u00f3nVentanilla \u00danicaTutoriales Ventanilla \u00danicaInicio PQRSFPQRSF A continuaci\u00f3n describimos en detalle cada opci\u00f3n para facilitar su registro: PETICI\u00d3N: Requerimiento o solicitud por parte [...]","protected":false},"author":12,"featured_media":55286,"parent":0,"menu_order":0,"comment_status":"closed","ping_status":"closed","template":"","meta":{"footnotes":""},"class_list":["post-38060","page","type-page","status-publish","has-post-thumbnail","hentry"],"yoast_head":"<!-- This site is optimized with the Yoast SEO plugin v27.4 - https:\/\/yoast.com\/product\/yoast-seo-wordpress\/ -->\n<title>Atenci\u00f3n al Usuario - Uninavarra<\/title>\n<meta name=\"robots\" content=\"index, follow, max-snippet:-1, max-image-preview:large, max-video-preview:-1\" \/>\n<link rel=\"canonical\" href=\"https:\/\/uninavarra.edu.co\/en\/atencion-usuario\/\" \/>\n<meta property=\"og:locale\" content=\"en_US\" \/>\n<meta property=\"og:type\" content=\"article\" \/>\n<meta property=\"og:title\" content=\"Atenci\u00f3n al Usuario - Uninavarra\" \/>\n<meta property=\"og:url\" content=\"https:\/\/uninavarra.edu.co\/en\/atencion-usuario\/\" \/>\n<meta property=\"og:site_name\" content=\"Uninavarra\" \/>\n<meta property=\"article:publisher\" content=\"https:\/\/www.facebook.com\/UninavarraEduca\" \/>\n<meta property=\"article:modified_time\" content=\"2026-04-16T19:04:07+00:00\" \/>\n<meta property=\"og:image\" content=\"https:\/\/uninavarra.edu.co\/wp-content\/uploads\/2022\/12\/47.jpg\" \/>\n\t<meta property=\"og:image:width\" content=\"2560\" \/>\n\t<meta property=\"og:image:height\" content=\"761\" \/>\n\t<meta property=\"og:image:type\" content=\"image\/jpeg\" \/>\n<meta name=\"twitter:card\" content=\"summary_large_image\" \/>\n<meta name=\"twitter:site\" content=\"@uninavarraeduca\" \/>\n<meta name=\"twitter:label1\" content=\"Est. reading time\" \/>\n\t<meta name=\"twitter:data1\" content=\"30 minutes\" \/>\n<script type=\"application\/ld+json\" class=\"yoast-schema-graph\">{\"@context\":\"https:\\\/\\\/schema.org\",\"@graph\":[{\"@type\":\"WebPage\",\"@id\":\"https:\\\/\\\/uninavarra.edu.co\\\/atencion-usuario\\\/\",\"url\":\"https:\\\/\\\/uninavarra.edu.co\\\/atencion-usuario\\\/\",\"name\":\"Atenci\u00f3n al Usuario - Uninavarra\",\"isPartOf\":{\"@id\":\"https:\\\/\\\/uninavarra.edu.co\\\/#website\"},\"primaryImageOfPage\":{\"@id\":\"https:\\\/\\\/uninavarra.edu.co\\\/atencion-usuario\\\/#primaryimage\"},\"image\":{\"@id\":\"https:\\\/\\\/uninavarra.edu.co\\\/atencion-usuario\\\/#primaryimage\"},\"thumbnailUrl\":\"https:\\\/\\\/uninavarra.edu.co\\\/wp-content\\\/uploads\\\/2022\\\/12\\\/47.jpg\",\"datePublished\":\"2021-05-04T13:21:45+00:00\",\"dateModified\":\"2026-04-16T19:04:07+00:00\",\"breadcrumb\":{\"@id\":\"https:\\\/\\\/uninavarra.edu.co\\\/atencion-usuario\\\/#breadcrumb\"},\"inLanguage\":\"en-US\",\"potentialAction\":[{\"@type\":\"ReadAction\",\"target\":[\"https:\\\/\\\/uninavarra.edu.co\\\/atencion-usuario\\\/\"]}]},{\"@type\":\"ImageObject\",\"inLanguage\":\"en-US\",\"@id\":\"https:\\\/\\\/uninavarra.edu.co\\\/atencion-usuario\\\/#primaryimage\",\"url\":\"https:\\\/\\\/uninavarra.edu.co\\\/wp-content\\\/uploads\\\/2022\\\/12\\\/47.jpg\",\"contentUrl\":\"https:\\\/\\\/uninavarra.edu.co\\\/wp-content\\\/uploads\\\/2022\\\/12\\\/47.jpg\",\"width\":2560,\"height\":761,\"caption\":\"47\"},{\"@type\":\"BreadcrumbList\",\"@id\":\"https:\\\/\\\/uninavarra.edu.co\\\/atencion-usuario\\\/#breadcrumb\",\"itemListElement\":[{\"@type\":\"ListItem\",\"position\":1,\"name\":\"Home\",\"item\":\"https:\\\/\\\/uninavarra.edu.co\\\/\"},{\"@type\":\"ListItem\",\"position\":2,\"name\":\"Atenci\u00f3n al Usuario\"}]},{\"@type\":\"WebSite\",\"@id\":\"https:\\\/\\\/uninavarra.edu.co\\\/#website\",\"url\":\"https:\\\/\\\/uninavarra.edu.co\\\/\",\"name\":\"UNINAVARRA\",\"description\":\"Haz realidad tu deseo de aprender\",\"publisher\":{\"@id\":\"https:\\\/\\\/uninavarra.edu.co\\\/#organization\"},\"potentialAction\":[{\"@type\":\"SearchAction\",\"target\":{\"@type\":\"EntryPoint\",\"urlTemplate\":\"https:\\\/\\\/uninavarra.edu.co\\\/?s={search_term_string}\"},\"query-input\":{\"@type\":\"PropertyValueSpecification\",\"valueRequired\":true,\"valueName\":\"search_term_string\"}}],\"inLanguage\":\"en-US\"},{\"@type\":\"Organization\",\"@id\":\"https:\\\/\\\/uninavarra.edu.co\\\/#organization\",\"name\":\"Fundaci\u00f3n Universitaria Navarra - UNINAVARRA\",\"url\":\"https:\\\/\\\/uninavarra.edu.co\\\/\",\"logo\":{\"@type\":\"ImageObject\",\"inLanguage\":\"en-US\",\"@id\":\"https:\\\/\\\/uninavarra.edu.co\\\/#\\\/schema\\\/logo\\\/image\\\/\",\"url\":\"https:\\\/\\\/uninavarra.edu.co\\\/wp-content\\\/uploads\\\/2024\\\/06\\\/Escudo-uninavarra-Solo.png\",\"contentUrl\":\"https:\\\/\\\/uninavarra.edu.co\\\/wp-content\\\/uploads\\\/2024\\\/06\\\/Escudo-uninavarra-Solo.png\",\"width\":1500,\"height\":1401,\"caption\":\"Fundaci\u00f3n Universitaria Navarra - UNINAVARRA\"},\"image\":{\"@id\":\"https:\\\/\\\/uninavarra.edu.co\\\/#\\\/schema\\\/logo\\\/image\\\/\"},\"sameAs\":[\"https:\\\/\\\/www.facebook.com\\\/UninavarraEduca\",\"https:\\\/\\\/x.com\\\/uninavarraeduca\",\"https:\\\/\\\/www.instagram.com\\\/uninavarra\\\/?hl=es\",\"https:\\\/\\\/www.linkedin.com\\\/in\\\/fundacin-universitaria-navarra-uninavarra-b41225222\\\/\"]}]}<\/script>\n<!-- \/ Yoast SEO plugin. -->","yoast_head_json":{"title":"Atenci\u00f3n al Usuario - Uninavarra","robots":{"index":"index","follow":"follow","max-snippet":"max-snippet:-1","max-image-preview":"max-image-preview:large","max-video-preview":"max-video-preview:-1"},"canonical":"https:\/\/uninavarra.edu.co\/en\/atencion-usuario\/","og_locale":"en_US","og_type":"article","og_title":"Atenci\u00f3n al Usuario - Uninavarra","og_url":"https:\/\/uninavarra.edu.co\/en\/atencion-usuario\/","og_site_name":"Uninavarra","article_publisher":"https:\/\/www.facebook.com\/UninavarraEduca","article_modified_time":"2026-04-16T19:04:07+00:00","og_image":[{"width":2560,"height":761,"url":"https:\/\/uninavarra.edu.co\/wp-content\/uploads\/2022\/12\/47.jpg","type":"image\/jpeg"}],"twitter_card":"summary_large_image","twitter_site":"@uninavarraeduca","twitter_misc":{"Est. reading time":"30 minutes"},"schema":{"@context":"https:\/\/schema.org","@graph":[{"@type":"WebPage","@id":"https:\/\/uninavarra.edu.co\/atencion-usuario\/","url":"https:\/\/uninavarra.edu.co\/atencion-usuario\/","name":"Atenci\u00f3n al Usuario - Uninavarra","isPartOf":{"@id":"https:\/\/uninavarra.edu.co\/#website"},"primaryImageOfPage":{"@id":"https:\/\/uninavarra.edu.co\/atencion-usuario\/#primaryimage"},"image":{"@id":"https:\/\/uninavarra.edu.co\/atencion-usuario\/#primaryimage"},"thumbnailUrl":"https:\/\/uninavarra.edu.co\/wp-content\/uploads\/2022\/12\/47.jpg","datePublished":"2021-05-04T13:21:45+00:00","dateModified":"2026-04-16T19:04:07+00:00","breadcrumb":{"@id":"https:\/\/uninavarra.edu.co\/atencion-usuario\/#breadcrumb"},"inLanguage":"en-US","potentialAction":[{"@type":"ReadAction","target":["https:\/\/uninavarra.edu.co\/atencion-usuario\/"]}]},{"@type":"ImageObject","inLanguage":"en-US","@id":"https:\/\/uninavarra.edu.co\/atencion-usuario\/#primaryimage","url":"https:\/\/uninavarra.edu.co\/wp-content\/uploads\/2022\/12\/47.jpg","contentUrl":"https:\/\/uninavarra.edu.co\/wp-content\/uploads\/2022\/12\/47.jpg","width":2560,"height":761,"caption":"47"},{"@type":"BreadcrumbList","@id":"https:\/\/uninavarra.edu.co\/atencion-usuario\/#breadcrumb","itemListElement":[{"@type":"ListItem","position":1,"name":"Home","item":"https:\/\/uninavarra.edu.co\/"},{"@type":"ListItem","position":2,"name":"Atenci\u00f3n al Usuario"}]},{"@type":"WebSite","@id":"https:\/\/uninavarra.edu.co\/#website","url":"https:\/\/uninavarra.edu.co\/","name":"UNINAVARRA","description":"Make your desire to learn a reality","publisher":{"@id":"https:\/\/uninavarra.edu.co\/#organization"},"potentialAction":[{"@type":"SearchAction","target":{"@type":"EntryPoint","urlTemplate":"https:\/\/uninavarra.edu.co\/?s={search_term_string}"},"query-input":{"@type":"PropertyValueSpecification","valueRequired":true,"valueName":"search_term_string"}}],"inLanguage":"en-US"},{"@type":"Organization","@id":"https:\/\/uninavarra.edu.co\/#organization","name":"Navarre University Foundation - UNINAVARRA","url":"https:\/\/uninavarra.edu.co\/","logo":{"@type":"ImageObject","inLanguage":"en-US","@id":"https:\/\/uninavarra.edu.co\/#\/schema\/logo\/image\/","url":"https:\/\/uninavarra.edu.co\/wp-content\/uploads\/2024\/06\/Escudo-uninavarra-Solo.png","contentUrl":"https:\/\/uninavarra.edu.co\/wp-content\/uploads\/2024\/06\/Escudo-uninavarra-Solo.png","width":1500,"height":1401,"caption":"Fundaci\u00f3n Universitaria Navarra - UNINAVARRA"},"image":{"@id":"https:\/\/uninavarra.edu.co\/#\/schema\/logo\/image\/"},"sameAs":["https:\/\/www.facebook.com\/UninavarraEduca","https:\/\/x.com\/uninavarraeduca","https:\/\/www.instagram.com\/uninavarra\/?hl=es","https:\/\/www.linkedin.com\/in\/fundacin-universitaria-navarra-uninavarra-b41225222\/"]}]}},"_links":{"self":[{"href":"https:\/\/uninavarra.edu.co\/en\/wp-json\/wp\/v2\/pages\/38060","targetHints":{"allow":["GET"]}}],"collection":[{"href":"https:\/\/uninavarra.edu.co\/en\/wp-json\/wp\/v2\/pages"}],"about":[{"href":"https:\/\/uninavarra.edu.co\/en\/wp-json\/wp\/v2\/types\/page"}],"author":[{"embeddable":true,"href":"https:\/\/uninavarra.edu.co\/en\/wp-json\/wp\/v2\/users\/12"}],"replies":[{"embeddable":true,"href":"https:\/\/uninavarra.edu.co\/en\/wp-json\/wp\/v2\/comments?post=38060"}],"version-history":[{"count":0,"href":"https:\/\/uninavarra.edu.co\/en\/wp-json\/wp\/v2\/pages\/38060\/revisions"}],"wp:featuredmedia":[{"embeddable":true,"href":"https:\/\/uninavarra.edu.co\/en\/wp-json\/wp\/v2\/media\/55286"}],"wp:attachment":[{"href":"https:\/\/uninavarra.edu.co\/en\/wp-json\/wp\/v2\/media?parent=38060"}],"curies":[{"name":"wp","href":"https:\/\/api.w.org\/{rel}","templated":true}]}}