{"id":14806,"date":"2019-02-21T16:01:30","date_gmt":"2019-02-21T21:01:30","guid":{"rendered":"https:\/\/uninavarra.edu.co\/?page_id=14806"},"modified":"2021-08-09T11:43:53","modified_gmt":"2021-08-09T16:43:53","slug":"equipo-de-psicologos","status":"publish","type":"page","link":"https:\/\/uninavarra.edu.co\/en\/equipo-de-psicologos\/","title":{"rendered":"Team of Psychologists"},"content":{"rendered":"<div class=\"wpb-content-wrapper\"><div class=\"wpb-container\"><div class=\"container\"><div class=\"vc_row wpb_row vc_row-fluid row\"><div class=\"col-sm-10  vc_\">\n\t\t<div class=\"wpb_wrapper\">\n\t\t\t\n\t<div class=\"wpb_text_column wpb_content_element\" >\n\t\t<div class=\"wpb_wrapper\">\n\t\t\t<p style=\"text-align: center;\"><strong>Edna Xiomara Rodr\u00edguez Robles<\/strong><br \/>\nL\u00ednea Amiga Leader Con\u00e9ctate con la Vida Program<br \/>\nSpecialist in Educational Psychology<br \/>\nEmail: <a href=\"mailto:psicologia@uninavarra.edu.co\">psicologia@uninavarra.edu.co<\/a><\/p>\n<p><img fetchpriority=\"high\" decoding=\"async\" class=\"wp-image-14807 aligncenter\" src=\"https:\/\/uninavarra.edu.co\/wp-content\/uploads\/2019\/02\/xiomara-rodriguez.jpg\" alt=\"\" width=\"223\" height=\"245\" srcset=\"https:\/\/uninavarra.edu.co\/wp-content\/uploads\/2019\/02\/xiomara-rodriguez.jpg 338w, https:\/\/uninavarra.edu.co\/wp-content\/uploads\/2019\/02\/xiomara-rodriguez-273x300.jpg 273w, https:\/\/uninavarra.edu.co\/wp-content\/uploads\/2019\/02\/xiomara-rodriguez-136x150.jpg 136w\" sizes=\"(max-width: 223px) 100vw, 223px\" \/><\/p>\n<p style=\"text-align: justify;\">Psychologist from the Universidad Surcolombiana, specialist in educational psychology, with experience in psychological care, intervention in educational processes and research. She has worked with families in vulnerable conditions, children and adolescents, has knowledge and specific domain in issues associated with crisis intervention, grief and suffering, depression, anxiety and life project.<\/p>\n\n\t\t<\/div>\n\t<\/div>\n\n\t\t<\/div> \n\t<\/div><\/div><\/div><\/div><div class=\"wpb-container\"><div class=\"container\"><div class=\"vc_row wpb_row vc_row-fluid row\"><div class=\"col-sm-12  vc_\">\n\t\t<div class=\"wpb_wrapper\">\n\t\t\t<div class=\"vc_separator wpb_content_element vc_separator_align_center vc_sep_width_100 vc_sep_pos_align_center vc_separator_no_text vc_sep_color_grey wpb_content_element  wpb_content_element\" ><span class=\"vc_sep_holder vc_sep_holder_l\"><span class=\"vc_sep_line\"><\/span><\/span><span class=\"vc_sep_holder vc_sep_holder_r\"><span class=\"vc_sep_line\"><\/span><\/span>\n<\/div>\n\t\t<\/div> \n\t<\/div><\/div><\/div><\/div><div class=\"wpb-container\"><div class=\"container\"><div class=\"vc_row wpb_row vc_row-fluid row\"><div class=\"col-sm-5  vc_\">\n\t\t<div class=\"wpb_wrapper\">\n\t\t\t\n\t<div class=\"wpb_text_column wpb_content_element\" >\n\t\t<div class=\"wpb_wrapper\">\n\t\t\t<p style=\"text-align: center;\"><strong>Diana Patricia Quintero Guti\u00e9rrez<\/strong><br \/>\nPsychologist<br \/>\nSponsor Leader of the Plan Padrino Program in Radiology and Diagnostic Imaging Technology.<br \/>\nEmail: <a href=\"mailto:padrino4@uninavarra.edu.co\">padrino4@uninavarra.edu.co<\/a><\/p>\n<p><img decoding=\"async\" class=\"aligncenter wp-image-14809\" src=\"https:\/\/uninavarra.edu.co\/wp-content\/uploads\/2019\/02\/1075208849.jpg\" alt=\"\" width=\"223\" height=\"243\" srcset=\"https:\/\/uninavarra.edu.co\/wp-content\/uploads\/2019\/02\/1075208849.jpg 342w, https:\/\/uninavarra.edu.co\/wp-content\/uploads\/2019\/02\/1075208849-276x300.jpg 276w, https:\/\/uninavarra.edu.co\/wp-content\/uploads\/2019\/02\/1075208849-138x150.jpg 138w\" sizes=\"(max-width: 223px) 100vw, 223px\" \/><\/p>\n<p style=\"text-align: justify;\">Psychologist from the Universidad Surcolombiana, Professional prepared to understand and address through evaluation and intervention processes, problems concerning social violence, difficulties in the family nucleus and those related to the educational environment, with the aim of promoting patterns of coexistence that promote a better quality of life. Experience as an educational agent in vulnerable populations, teacher training, and addressing issues in the education and health sectors.<\/p>\n\n\t\t<\/div>\n\t<\/div>\n\n\t\t<\/div> \n\t<\/div><div class=\"col-sm-5  vc_\">\n\t\t<div class=\"wpb_wrapper\">\n\t\t\t\n\t<div class=\"wpb_text_column wpb_content_element\" >\n\t\t<div class=\"wpb_wrapper\">\n\t\t\t<p style=\"text-align: center;\"><strong>Sindy Bastidas Gaitan<\/strong><br \/>\nPsychologist<br \/>\nLead Sponsor of the Plan Padrino Program in Business Administration<br \/>\nEmail: <a href=\"mailto:padrino10@uninavarra.edu.co\">padrino10@uninavarra.edu.co<\/a><\/p>\n<p style=\"text-align: center;\"><span style=\"color: #ffffff;\">jkhj<\/span><\/p>\n<p><img decoding=\"async\" class=\"aligncenter wp-image-14810\" src=\"https:\/\/uninavarra.edu.co\/wp-content\/uploads\/2019\/02\/1075599159.jpg\" alt=\"\" width=\"223\" height=\"234\" srcset=\"https:\/\/uninavarra.edu.co\/wp-content\/uploads\/2019\/02\/1075599159.jpg 346w, https:\/\/uninavarra.edu.co\/wp-content\/uploads\/2019\/02\/1075599159-286x300.jpg 286w, https:\/\/uninavarra.edu.co\/wp-content\/uploads\/2019\/02\/1075599159-143x150.jpg 143w\" sizes=\"(max-width: 223px) 100vw, 223px\" \/><\/p>\n<p style=\"text-align: justify;\">Psychologist from the Universidad Surcolombiana. She has worked in the educational field providing student accompaniment, vocational guidance, crisis care, psychological counseling and supporting learning processes. She has experience in the application of psycho-technical tests, psychological interviews and human talent training.<\/p>\n\n\t\t<\/div>\n\t<\/div>\n\n\t\t<\/div> \n\t<\/div><\/div><\/div><\/div><div class=\"wpb-container\"><div class=\"container\"><div class=\"vc_row wpb_row vc_row-fluid row\"><div class=\"col-sm-12  vc_\">\n\t\t<div class=\"wpb_wrapper\">\n\t\t\t<div class=\"vc_separator wpb_content_element vc_separator_align_center vc_sep_width_100 vc_sep_pos_align_center vc_separator_no_text vc_sep_color_grey wpb_content_element  wpb_content_element\" ><span class=\"vc_sep_holder vc_sep_holder_l\"><span class=\"vc_sep_line\"><\/span><\/span><span class=\"vc_sep_holder vc_sep_holder_r\"><span class=\"vc_sep_line\"><\/span><\/span>\n<\/div>\n\t\t<\/div> \n\t<\/div><\/div><\/div><\/div><div class=\"wpb-container\"><div class=\"container\"><div class=\"vc_row wpb_row vc_row-fluid row\"><div class=\"col-sm-5  vc_\">\n\t\t<div class=\"wpb_wrapper\">\n\t\t\t\n\t<div class=\"wpb_text_column wpb_content_element\" >\n\t\t<div class=\"wpb_wrapper\">\n\t\t\t<p style=\"text-align: center;\"><strong>Alix Vanesa Gafaro Jimenez<\/strong><br \/>\nPsychologist<br \/>\nLead Sponsor of the Plan Padrino Program in Industrial Engineering.<br \/>\nEmail: <a href=\"mailto:padrino9@uninavarra.edu.co\">padrino9@uninavarra.edu.co<\/a><\/p>\n<p><img loading=\"lazy\" decoding=\"async\" class=\"aligncenter wp-image-14818\" src=\"https:\/\/uninavarra.edu.co\/wp-content\/uploads\/2019\/02\/1075264001.jpg\" alt=\"\" width=\"223\" height=\"239\" srcset=\"https:\/\/uninavarra.edu.co\/wp-content\/uploads\/2019\/02\/1075264001.jpg 344w, https:\/\/uninavarra.edu.co\/wp-content\/uploads\/2019\/02\/1075264001-280x300.jpg 280w, https:\/\/uninavarra.edu.co\/wp-content\/uploads\/2019\/02\/1075264001-140x150.jpg 140w\" sizes=\"(max-width: 223px) 100vw, 223px\" \/><\/p>\n<p style=\"text-align: justify;\">Psychologist from the Universidad Surcolombiana, with experience in design and implementation of social, environmental and educational programs and projects aimed at early childhood, adolescents and vulnerable population. She has carried out diagnosis, monitoring and psychosocial accompaniment at individual, group and community level.<\/p>\n\n\t\t<\/div>\n\t<\/div>\n\n\t\t<\/div> \n\t<\/div><div class=\"col-sm-5  vc_\">\n\t\t<div class=\"wpb_wrapper\">\n\t\t\t\n\t<div class=\"wpb_text_column wpb_content_element\" >\n\t\t<div class=\"wpb_wrapper\">\n\t\t\t<p style=\"text-align: center;\"><strong>Jorge Armando Z\u00fa\u00f1iga Trujillo<\/strong><br \/>\nPsychologist<br \/>\nLaw Program Sponsor<br \/>\nEmail: <a href=\"mailto:padrino7@uninavarra.edu.co\">padrino7@uninavarra.edu.co<\/a><\/p>\n<p><img loading=\"lazy\" decoding=\"async\" class=\"aligncenter wp-image-14819\" src=\"https:\/\/uninavarra.edu.co\/wp-content\/uploads\/2019\/02\/1075251479.jpg\" alt=\"\" width=\"223\" height=\"246\" srcset=\"https:\/\/uninavarra.edu.co\/wp-content\/uploads\/2019\/02\/1075251479.jpg 339w, https:\/\/uninavarra.edu.co\/wp-content\/uploads\/2019\/02\/1075251479-272x300.jpg 272w, https:\/\/uninavarra.edu.co\/wp-content\/uploads\/2019\/02\/1075251479-136x150.jpg 136w\" sizes=\"(max-width: 223px) 100vw, 223px\" \/><\/p>\n<p>Godfather, Psychologist graduated from the Universidad Surcolombiana, with experience in the area of vocational profiling, school orientation, personnel selection, application of psycho-technical tests, and external consultation. He has worked as an educational psychologist where he has worked as a facilitator of academic processes, identification of learning problems and student support.<\/p>\n\n\t\t<\/div>\n\t<\/div>\n\n\t\t<\/div> \n\t<\/div><\/div><\/div><\/div><div class=\"wpb-container\"><div class=\"container\"><div class=\"vc_row wpb_row vc_row-fluid row\"><div class=\"col-sm-12  vc_\">\n\t\t<div class=\"wpb_wrapper\">\n\t\t\t<div class=\"vc_separator wpb_content_element vc_separator_align_center vc_sep_width_100 vc_sep_pos_align_center vc_separator_no_text vc_sep_color_grey wpb_content_element  wpb_content_element\" ><span class=\"vc_sep_holder vc_sep_holder_l\"><span class=\"vc_sep_line\"><\/span><\/span><span class=\"vc_sep_holder vc_sep_holder_r\"><span class=\"vc_sep_line\"><\/span><\/span>\n<\/div>\n\t\t<\/div> \n\t<\/div><\/div><\/div><\/div><div class=\"wpb-container\"><div class=\"container\"><div class=\"vc_row wpb_row vc_row-fluid row\"><div class=\"col-sm-5  vc_\">\n\t\t<div class=\"wpb_wrapper\">\n\t\t\t\n\t<div class=\"wpb_text_column wpb_content_element\" >\n\t\t<div class=\"wpb_wrapper\">\n\t\t\t<p style=\"text-align: center;\"><strong>Paola Andrea Bernal S\u00e1nchez<\/strong><br \/>\nPsychologist<br \/>\nSponsor Plan leader in Environmental Engineering<br \/>\nEmail: <a href=\"mailto:padrino5@uninavarra.edu.co\">padrino5@uninavarra.edu.co<\/a><\/p>\n<p><img loading=\"lazy\" decoding=\"async\" class=\"aligncenter wp-image-14820\" src=\"https:\/\/uninavarra.edu.co\/wp-content\/uploads\/2019\/02\/paola-bernal.jpg\" alt=\"\" width=\"223\" height=\"243\" srcset=\"https:\/\/uninavarra.edu.co\/wp-content\/uploads\/2019\/02\/paola-bernal.jpg 342w, https:\/\/uninavarra.edu.co\/wp-content\/uploads\/2019\/02\/paola-bernal-275x300.jpg 275w, https:\/\/uninavarra.edu.co\/wp-content\/uploads\/2019\/02\/paola-bernal-138x150.jpg 138w\" sizes=\"(max-width: 223px) 100vw, 223px\" \/><\/p>\n<p style=\"text-align: justify;\">Psychologist from the Universidad Surcolombiana. With experience in monitoring and psychosocial accompaniment at individual and group level, educational institutions and has supported in the implementation of programs, social and educational projects aimed at adolescents and vulnerable population.<\/p>\n\n\t\t<\/div>\n\t<\/div>\n\n\t\t<\/div> \n\t<\/div><div class=\"col-sm-5  vc_\">\n\t\t<div class=\"wpb_wrapper\">\n\t\t\t\n\t<div class=\"wpb_text_column wpb_content_element\" >\n\t\t<div class=\"wpb_wrapper\">\n\t\t\t<p style=\"text-align: center;\"><strong>Stephany Ledesma Bermeo<\/strong><br \/>\nPsychologist<br \/>\nLead Sponsor of Plan Padrino in Medicine<br \/>\nEmail: <a href=\"mailto:padrino2@uninavarra.edu.co\">padrino2@uninavarra.edu.co<\/a><\/p>\n<p><img loading=\"lazy\" decoding=\"async\" class=\"aligncenter wp-image-14830\" src=\"https:\/\/uninavarra.edu.co\/wp-content\/uploads\/2019\/02\/DSC00842.jpg\" alt=\"\" width=\"202\" height=\"245\" srcset=\"https:\/\/uninavarra.edu.co\/wp-content\/uploads\/2019\/02\/DSC00842.jpg 699w, https:\/\/uninavarra.edu.co\/wp-content\/uploads\/2019\/02\/DSC00842-248x300.jpg 248w, https:\/\/uninavarra.edu.co\/wp-content\/uploads\/2019\/02\/DSC00842-124x150.jpg 124w\" sizes=\"(max-width: 202px) 100vw, 202px\" \/><\/p>\n<p style=\"text-align: justify;\">Psychologist from the Universidad Surcolombiana, with experience in youth and adolescent care in the educational and clinical area, as well as in crisis care, psychosocial care and school counseling, with knowledge in university academic processes, student counseling and mental health care.<\/p>\n\n\t\t<\/div>\n\t<\/div>\n\n\t\t<\/div> \n\t<\/div><\/div><\/div><\/div><div class=\"wpb-container\"><div class=\"container\"><div class=\"vc_row wpb_row vc_row-fluid row\"><div class=\"col-sm-12  vc_\">\n\t\t<div class=\"wpb_wrapper\">\n\t\t\t<div class=\"vc_separator wpb_content_element vc_separator_align_center vc_sep_width_100 vc_sep_pos_align_center vc_separator_no_text vc_sep_color_grey wpb_content_element  wpb_content_element\" ><span class=\"vc_sep_holder vc_sep_holder_l\"><span class=\"vc_sep_line\"><\/span><\/span><span class=\"vc_sep_holder vc_sep_holder_r\"><span class=\"vc_sep_line\"><\/span><\/span>\n<\/div>\n\t\t<\/div> \n\t<\/div><\/div><\/div><\/div><div class=\"wpb-container\"><div class=\"container\"><div class=\"vc_row wpb_row vc_row-fluid row\"><div class=\"col-sm-10  vc_\">\n\t\t<div class=\"wpb_wrapper\">\n\t\t\t\n\t<div class=\"wpb_text_column wpb_content_element\" >\n\t\t<div class=\"wpb_wrapper\">\n\t\t\t<p style=\"text-align: center;\"><strong>Maria Del Pilar Perez Ulloa<\/strong><br \/>\nPsychologist<br \/>\nSponsor of the Medicine Program<br \/>\nEmail: <a href=\"mailto:planpadrino1@uninavarra.edu.co\">planpadrino1@uninavarra.edu.co<\/a><\/p>\n<p><img loading=\"lazy\" decoding=\"async\" class=\"aligncenter wp-image-14821\" src=\"https:\/\/uninavarra.edu.co\/wp-content\/uploads\/2019\/02\/1018444538.jpg\" alt=\"\" width=\"223\" height=\"236\" srcset=\"https:\/\/uninavarra.edu.co\/wp-content\/uploads\/2019\/02\/1018444538.jpg 350w, https:\/\/uninavarra.edu.co\/wp-content\/uploads\/2019\/02\/1018444538-283x300.jpg 283w, https:\/\/uninavarra.edu.co\/wp-content\/uploads\/2019\/02\/1018444538-142x150.jpg 142w\" sizes=\"(max-width: 223px) 100vw, 223px\" \/><\/p>\n<p style=\"text-align: justify;\">Psychologist, with experience in psychodiagnostic evaluation processes, intervention and guidance for adolescents, parents and users in general, she has carried out psychoeducation work with the community, professional and vocational guidance, with knowledge in school coexistence projects, training and workshops for young people and adults with disabilities.<br \/>\naddiction problems.<\/p>\n\n\t\t<\/div>\n\t<\/div>\n\n\t\t<\/div> \n\t<\/div><\/div><\/div><\/div>\n<\/div>","protected":false},"excerpt":{"rendered":"Edna Xiomara Rodr\u00edguez Robles L\u00edder de la L\u00ednea Amiga Programa Con\u00e9ctate con la Vida Especialista en Psicolog\u00eda Educativa Email: psicologia@uninavarra.edu.co Psic\u00f3loga de la Universidad Surcolombiana, especialista en psicolog\u00eda educativa, con [...]","protected":false},"author":3,"featured_media":0,"parent":0,"menu_order":0,"comment_status":"closed","ping_status":"closed","template":"","meta":{"footnotes":""},"categories":[1],"tags":[],"class_list":["post-14806","page","type-page","status-publish","hentry","category-uncategorized"],"yoast_head":"<!-- This site is optimized with the Yoast SEO plugin v27.4 - https:\/\/yoast.com\/product\/yoast-seo-wordpress\/ -->\n<title>Equipo de Psic\u00f3logos - Uninavarra<\/title>\n<meta name=\"robots\" content=\"index, follow, max-snippet:-1, max-image-preview:large, max-video-preview:-1\" \/>\n<link rel=\"canonical\" href=\"https:\/\/uninavarra.edu.co\/en\/equipo-de-psicologos\/\" \/>\n<meta property=\"og:locale\" content=\"en_US\" \/>\n<meta property=\"og:type\" content=\"article\" \/>\n<meta property=\"og:title\" content=\"Equipo de Psic\u00f3logos - Uninavarra\" \/>\n<meta property=\"og:url\" content=\"https:\/\/uninavarra.edu.co\/en\/equipo-de-psicologos\/\" \/>\n<meta property=\"og:site_name\" content=\"Uninavarra\" \/>\n<meta property=\"article:publisher\" content=\"https:\/\/www.facebook.com\/UninavarraEduca\" \/>\n<meta property=\"article:modified_time\" content=\"2021-08-09T16:43:53+00:00\" \/>\n<meta property=\"og:image\" content=\"https:\/\/uninavarra.edu.co\/wp-content\/uploads\/2019\/02\/xiomara-rodriguez.jpg\" \/>\n<meta name=\"twitter:card\" content=\"summary_large_image\" \/>\n<meta name=\"twitter:site\" content=\"@uninavarraeduca\" \/>\n<meta name=\"twitter:label1\" content=\"Est. reading time\" \/>\n\t<meta name=\"twitter:data1\" content=\"4 minutes\" \/>\n<script type=\"application\/ld+json\" class=\"yoast-schema-graph\">{\"@context\":\"https:\\\/\\\/schema.org\",\"@graph\":[{\"@type\":\"WebPage\",\"@id\":\"https:\\\/\\\/uninavarra.edu.co\\\/equipo-de-psicologos\\\/\",\"url\":\"https:\\\/\\\/uninavarra.edu.co\\\/equipo-de-psicologos\\\/\",\"name\":\"Equipo de Psic\u00f3logos - Uninavarra\",\"isPartOf\":{\"@id\":\"https:\\\/\\\/uninavarra.edu.co\\\/#website\"},\"primaryImageOfPage\":{\"@id\":\"https:\\\/\\\/uninavarra.edu.co\\\/equipo-de-psicologos\\\/#primaryimage\"},\"image\":{\"@id\":\"https:\\\/\\\/uninavarra.edu.co\\\/equipo-de-psicologos\\\/#primaryimage\"},\"thumbnailUrl\":\"https:\\\/\\\/uninavarra.edu.co\\\/wp-content\\\/uploads\\\/2019\\\/02\\\/xiomara-rodriguez.jpg\",\"datePublished\":\"2019-02-21T21:01:30+00:00\",\"dateModified\":\"2021-08-09T16:43:53+00:00\",\"breadcrumb\":{\"@id\":\"https:\\\/\\\/uninavarra.edu.co\\\/equipo-de-psicologos\\\/#breadcrumb\"},\"inLanguage\":\"en-US\",\"potentialAction\":[{\"@type\":\"ReadAction\",\"target\":[\"https:\\\/\\\/uninavarra.edu.co\\\/equipo-de-psicologos\\\/\"]}]},{\"@type\":\"ImageObject\",\"inLanguage\":\"en-US\",\"@id\":\"https:\\\/\\\/uninavarra.edu.co\\\/equipo-de-psicologos\\\/#primaryimage\",\"url\":\"https:\\\/\\\/uninavarra.edu.co\\\/wp-content\\\/uploads\\\/2019\\\/02\\\/xiomara-rodriguez.jpg\",\"contentUrl\":\"https:\\\/\\\/uninavarra.edu.co\\\/wp-content\\\/uploads\\\/2019\\\/02\\\/xiomara-rodriguez.jpg\"},{\"@type\":\"BreadcrumbList\",\"@id\":\"https:\\\/\\\/uninavarra.edu.co\\\/equipo-de-psicologos\\\/#breadcrumb\",\"itemListElement\":[{\"@type\":\"ListItem\",\"position\":1,\"name\":\"Home\",\"item\":\"https:\\\/\\\/uninavarra.edu.co\\\/\"},{\"@type\":\"ListItem\",\"position\":2,\"name\":\"Equipo de Psic\u00f3logos\"}]},{\"@type\":\"WebSite\",\"@id\":\"https:\\\/\\\/uninavarra.edu.co\\\/#website\",\"url\":\"https:\\\/\\\/uninavarra.edu.co\\\/\",\"name\":\"UNINAVARRA\",\"description\":\"Haz realidad tu deseo de aprender\",\"publisher\":{\"@id\":\"https:\\\/\\\/uninavarra.edu.co\\\/#organization\"},\"potentialAction\":[{\"@type\":\"SearchAction\",\"target\":{\"@type\":\"EntryPoint\",\"urlTemplate\":\"https:\\\/\\\/uninavarra.edu.co\\\/?s={search_term_string}\"},\"query-input\":{\"@type\":\"PropertyValueSpecification\",\"valueRequired\":true,\"valueName\":\"search_term_string\"}}],\"inLanguage\":\"en-US\"},{\"@type\":\"Organization\",\"@id\":\"https:\\\/\\\/uninavarra.edu.co\\\/#organization\",\"name\":\"Fundaci\u00f3n Universitaria Navarra - UNINAVARRA\",\"url\":\"https:\\\/\\\/uninavarra.edu.co\\\/\",\"logo\":{\"@type\":\"ImageObject\",\"inLanguage\":\"en-US\",\"@id\":\"https:\\\/\\\/uninavarra.edu.co\\\/#\\\/schema\\\/logo\\\/image\\\/\",\"url\":\"https:\\\/\\\/uninavarra.edu.co\\\/wp-content\\\/uploads\\\/2024\\\/06\\\/Escudo-uninavarra-Solo.png\",\"contentUrl\":\"https:\\\/\\\/uninavarra.edu.co\\\/wp-content\\\/uploads\\\/2024\\\/06\\\/Escudo-uninavarra-Solo.png\",\"width\":1500,\"height\":1401,\"caption\":\"Fundaci\u00f3n Universitaria Navarra - UNINAVARRA\"},\"image\":{\"@id\":\"https:\\\/\\\/uninavarra.edu.co\\\/#\\\/schema\\\/logo\\\/image\\\/\"},\"sameAs\":[\"https:\\\/\\\/www.facebook.com\\\/UninavarraEduca\",\"https:\\\/\\\/x.com\\\/uninavarraeduca\",\"https:\\\/\\\/www.instagram.com\\\/uninavarra\\\/?hl=es\",\"https:\\\/\\\/www.linkedin.com\\\/in\\\/fundacin-universitaria-navarra-uninavarra-b41225222\\\/\"]}]}<\/script>\n<!-- \/ Yoast SEO plugin. -->","yoast_head_json":{"title":"Equipo de Psic\u00f3logos - Uninavarra","robots":{"index":"index","follow":"follow","max-snippet":"max-snippet:-1","max-image-preview":"max-image-preview:large","max-video-preview":"max-video-preview:-1"},"canonical":"https:\/\/uninavarra.edu.co\/en\/equipo-de-psicologos\/","og_locale":"en_US","og_type":"article","og_title":"Equipo de Psic\u00f3logos - Uninavarra","og_url":"https:\/\/uninavarra.edu.co\/en\/equipo-de-psicologos\/","og_site_name":"Uninavarra","article_publisher":"https:\/\/www.facebook.com\/UninavarraEduca","article_modified_time":"2021-08-09T16:43:53+00:00","og_image":[{"url":"https:\/\/uninavarra.edu.co\/wp-content\/uploads\/2019\/02\/xiomara-rodriguez.jpg","type":"","width":"","height":""}],"twitter_card":"summary_large_image","twitter_site":"@uninavarraeduca","twitter_misc":{"Est. reading time":"4 minutes"},"schema":{"@context":"https:\/\/schema.org","@graph":[{"@type":"WebPage","@id":"https:\/\/uninavarra.edu.co\/equipo-de-psicologos\/","url":"https:\/\/uninavarra.edu.co\/equipo-de-psicologos\/","name":"Equipo de Psic\u00f3logos - Uninavarra","isPartOf":{"@id":"https:\/\/uninavarra.edu.co\/#website"},"primaryImageOfPage":{"@id":"https:\/\/uninavarra.edu.co\/equipo-de-psicologos\/#primaryimage"},"image":{"@id":"https:\/\/uninavarra.edu.co\/equipo-de-psicologos\/#primaryimage"},"thumbnailUrl":"https:\/\/uninavarra.edu.co\/wp-content\/uploads\/2019\/02\/xiomara-rodriguez.jpg","datePublished":"2019-02-21T21:01:30+00:00","dateModified":"2021-08-09T16:43:53+00:00","breadcrumb":{"@id":"https:\/\/uninavarra.edu.co\/equipo-de-psicologos\/#breadcrumb"},"inLanguage":"en-US","potentialAction":[{"@type":"ReadAction","target":["https:\/\/uninavarra.edu.co\/equipo-de-psicologos\/"]}]},{"@type":"ImageObject","inLanguage":"en-US","@id":"https:\/\/uninavarra.edu.co\/equipo-de-psicologos\/#primaryimage","url":"https:\/\/uninavarra.edu.co\/wp-content\/uploads\/2019\/02\/xiomara-rodriguez.jpg","contentUrl":"https:\/\/uninavarra.edu.co\/wp-content\/uploads\/2019\/02\/xiomara-rodriguez.jpg"},{"@type":"BreadcrumbList","@id":"https:\/\/uninavarra.edu.co\/equipo-de-psicologos\/#breadcrumb","itemListElement":[{"@type":"ListItem","position":1,"name":"Home","item":"https:\/\/uninavarra.edu.co\/"},{"@type":"ListItem","position":2,"name":"Equipo de Psic\u00f3logos"}]},{"@type":"WebSite","@id":"https:\/\/uninavarra.edu.co\/#website","url":"https:\/\/uninavarra.edu.co\/","name":"UNINAVARRA","description":"Make your desire to learn a reality","publisher":{"@id":"https:\/\/uninavarra.edu.co\/#organization"},"potentialAction":[{"@type":"SearchAction","target":{"@type":"EntryPoint","urlTemplate":"https:\/\/uninavarra.edu.co\/?s={search_term_string}"},"query-input":{"@type":"PropertyValueSpecification","valueRequired":true,"valueName":"search_term_string"}}],"inLanguage":"en-US"},{"@type":"Organization","@id":"https:\/\/uninavarra.edu.co\/#organization","name":"Navarre University Foundation - UNINAVARRA","url":"https:\/\/uninavarra.edu.co\/","logo":{"@type":"ImageObject","inLanguage":"en-US","@id":"https:\/\/uninavarra.edu.co\/#\/schema\/logo\/image\/","url":"https:\/\/uninavarra.edu.co\/wp-content\/uploads\/2024\/06\/Escudo-uninavarra-Solo.png","contentUrl":"https:\/\/uninavarra.edu.co\/wp-content\/uploads\/2024\/06\/Escudo-uninavarra-Solo.png","width":1500,"height":1401,"caption":"Fundaci\u00f3n Universitaria Navarra - UNINAVARRA"},"image":{"@id":"https:\/\/uninavarra.edu.co\/#\/schema\/logo\/image\/"},"sameAs":["https:\/\/www.facebook.com\/UninavarraEduca","https:\/\/x.com\/uninavarraeduca","https:\/\/www.instagram.com\/uninavarra\/?hl=es","https:\/\/www.linkedin.com\/in\/fundacin-universitaria-navarra-uninavarra-b41225222\/"]}]}},"_links":{"self":[{"href":"https:\/\/uninavarra.edu.co\/en\/wp-json\/wp\/v2\/pages\/14806","targetHints":{"allow":["GET"]}}],"collection":[{"href":"https:\/\/uninavarra.edu.co\/en\/wp-json\/wp\/v2\/pages"}],"about":[{"href":"https:\/\/uninavarra.edu.co\/en\/wp-json\/wp\/v2\/types\/page"}],"author":[{"embeddable":true,"href":"https:\/\/uninavarra.edu.co\/en\/wp-json\/wp\/v2\/users\/3"}],"replies":[{"embeddable":true,"href":"https:\/\/uninavarra.edu.co\/en\/wp-json\/wp\/v2\/comments?post=14806"}],"version-history":[{"count":0,"href":"https:\/\/uninavarra.edu.co\/en\/wp-json\/wp\/v2\/pages\/14806\/revisions"}],"wp:attachment":[{"href":"https:\/\/uninavarra.edu.co\/en\/wp-json\/wp\/v2\/media?parent=14806"}],"wp:term":[{"taxonomy":"category","embeddable":true,"href":"https:\/\/uninavarra.edu.co\/en\/wp-json\/wp\/v2\/categories?post=14806"},{"taxonomy":"post_tag","embeddable":true,"href":"https:\/\/uninavarra.edu.co\/en\/wp-json\/wp\/v2\/tags?post=14806"}],"curies":[{"name":"wp","href":"https:\/\/api.w.org\/{rel}","templated":true}]}}